{"id":187,"date":"2020-02-20T12:23:11","date_gmt":"2020-02-20T11:23:11","guid":{"rendered":"https:\/\/pans.krosno.pl\/zarzadzanie\/?page_id=187"},"modified":"2025-10-19T15:36:28","modified_gmt":"2025-10-19T13:36:28","slug":"strona-glowna","status":"publish","type":"page","link":"https:\/\/pans.krosno.pl\/zarzadzanie\/","title":{"rendered":"Strona g\u0142\u00f3wna"},"content":{"rendered":"\n<hr class=\"wp-block-separator has-alpha-channel-opacity\" \/>\n\n\n\n<div class=\"wp-block-columns is-layout-flex wp-container-core-columns-is-layout-28f84493 wp-block-columns-is-layout-flex\">\n<div class=\"wp-block-column is-layout-flow wp-block-column-is-layout-flow\" style=\"flex-basis:80%\">\n<p>Studia I stopnia (6-semestralne licencjackie) na kierunku <strong>Zarz\u0105dzanie,<\/strong> prowadzone w systemie studi\u00f3w stacjonarnych i studi\u00f3w w trybie niestacjonarnym, pozwalaj\u0105 na uzyskanie umiej\u0119tno\u015bci rozpoznawania, diagnozowania i&nbsp;rozwi\u0105zywania typowych problem\u00f3w zwi\u0105zanych z gospodarowaniem zasobami (ludzkimi, rzeczowymi, finansowymi i informacyjnymi), zarz\u0105dzania projektami i procesami, a&nbsp;tak\u017ce umiej\u0119tno\u015bci pracy w zespole. Po czwartym semestrze studenci wybieraj\u0105 jedn\u0105 ze specjalno\u015bci, tj.: Zarz\u0105dzanie finansami, Zarz\u0105dzanie w przedsi\u0119biorstwie, Zarz\u0105dzanie instytucjami publicznymi, Zarz\u0105dzanie logistyczne. W trakcie dw\u00f3ch ostatnich semestr\u00f3w ka\u017cdy student przygotowuje prac\u0119 licencjack\u0105. W toku studi\u00f3w przewa\u017caj\u0105 zaj\u0119cia praktyczne, realizowane w formach warsztatowych, projektowych i laboratoryjnych, by zapewni\u0107 wysok\u0105 jako\u015b\u0107 kszta\u0142cenia.<\/p>\n<\/div>\n\n\n\n<div class=\"wp-block-column is-layout-flow wp-block-column-is-layout-flow\" style=\"flex-basis:33.33%\">\n<div class=\"wp-block-buttons is-horizontal is-content-justification-center is-layout-flex wp-container-core-buttons-is-layout-6bd4d9d1 wp-block-buttons-is-layout-flex\">\n<div class=\"wp-block-button has-custom-width wp-block-button__width-100\"><a class=\"wp-block-button__link has-background wp-element-button\" href=\"https:\/\/irk.pans.krosno.pl\/pl\/offer\/R-1ST-2025-2026\/field\/ZRZ\/\" style=\"border-radius:13px;background-color:#e86c6c\" target=\"_blank\" rel=\"noreferrer noopener\">Zapisz si\u0119 ONLINE! <br><strong>Kierunek Zarz\u0105dzanie <\/strong><\/a><\/div>\n<\/div>\n\n\n\n<hr class=\"wp-block-separator has-alpha-channel-opacity\" \/>\n\n\n\n<div class=\"wp-block-buttons is-content-justification-center is-layout-flex wp-container-core-buttons-is-layout-a89b3969 wp-block-buttons-is-layout-flex\">\n<div class=\"wp-block-button\"><a class=\"wp-block-button__link has-background has-text-align-center wp-element-button\" href=\"https:\/\/www.youtube.com\/watch?v=nTgS3Qh3Zvo\" style=\"background-color:#257f89\"><strong>Instrukcja korzystania ze strony rekrutacji kandydata<\/strong><\/a><\/div>\n<\/div>\n<\/div>\n<\/div>\n\n\n\n<hr class=\"wp-block-separator has-css-opacity\" \/>\n\n\n\n<p class=\"has-text-align-center has-large-font-size\">Co nowego na kierunku<\/p>\n\n\n<ul class=\"wp-block-latest-posts__list is-grid columns-3 has-dates wp-block-latest-posts\"><li><div class=\"wp-block-latest-posts__featured-image alignleft\"><img loading=\"lazy\" decoding=\"async\" width=\"150\" height=\"150\" src=\"https:\/\/pans.krosno.pl\/zarzadzanie\/wp-content\/uploads\/sites\/31\/2026\/04\/image-2-150x150.png\" class=\"attachment-thumbnail size-thumbnail wp-post-image\" alt=\"\" style=\"max-width:150px;max-height:150px;\" \/><\/div><a class=\"wp-block-latest-posts__post-title\" href=\"https:\/\/pans.krosno.pl\/zarzadzanie\/zaklad-zarzadzania-pans-na-miedzynarodowej-konferencji-naukowej-radom-2026\/\">Zak\u0142ad Zarz\u0105dzania PANS na Mi\u0119dzynarodowej Konferencji Naukowej \u2013 Radom 2026<\/a><time datetime=\"2026-04-24T12:00:00+02:00\" class=\"wp-block-latest-posts__post-date\">24 kwietnia 2026<\/time><\/li>\n<li><div class=\"wp-block-latest-posts__featured-image alignleft\"><img loading=\"lazy\" decoding=\"async\" width=\"150\" height=\"150\" src=\"https:\/\/pans.krosno.pl\/zarzadzanie\/wp-content\/uploads\/sites\/31\/2026\/04\/PANS-Kartka-Wielkanocna-1-150x150.png\" class=\"attachment-thumbnail size-thumbnail wp-post-image\" alt=\"\" style=\"max-width:150px;max-height:150px;\" \/><\/div><a class=\"wp-block-latest-posts__post-title\" href=\"https:\/\/pans.krosno.pl\/zarzadzanie\/zyczenia-z-okazji-swiat-wielkanocnych\/\">\u017byczenia z okazji \u015awi\u0105t Wielkanocnych<\/a><time datetime=\"2026-04-02T12:33:00+02:00\" class=\"wp-block-latest-posts__post-date\">2 kwietnia 2026<\/time><\/li>\n<li><div class=\"wp-block-latest-posts__featured-image alignleft\"><img loading=\"lazy\" decoding=\"async\" width=\"150\" height=\"150\" src=\"https:\/\/pans.krosno.pl\/zarzadzanie\/wp-content\/uploads\/sites\/31\/2026\/03\/657390147_946900611029430_8572596609735164041_n-150x150.jpg\" class=\"attachment-thumbnail size-thumbnail wp-post-image\" alt=\"\" style=\"max-width:150px;max-height:150px;\" \/><\/div><a class=\"wp-block-latest-posts__post-title\" href=\"https:\/\/pans.krosno.pl\/zarzadzanie\/jak-wyglada-studiowanie\/\">Jak wygl\u0105da studiowanie?<\/a><time datetime=\"2026-03-28T12:00:00+01:00\" class=\"wp-block-latest-posts__post-date\">28 marca 2026<\/time><\/li>\n<\/ul>\n\n\n<p class=\"has-text-align-center has-medium-font-size\"><strong><a href=\"https:\/\/pans.krosno.pl\/zarzadzanie\/nowosci\/\">Zobacz wi\u0119cej<\/a><\/strong><\/p>\n\n\n\n<hr class=\"wp-block-separator has-alpha-channel-opacity\" \/>\n\n\n\n<p style=\"font-size:25px\"><strong>Informacje o kierunku<\/strong><\/p>\n\n\n\n<div class=\"wp-block-columns is-layout-flex wp-container-core-columns-is-layout-28f84493 wp-block-columns-is-layout-flex\">\n<div class=\"wp-block-column is-layout-flow wp-block-column-is-layout-flow\">\n<figure class=\"wp-block-table is-style-regular\"><table class=\"has-background\" style=\"background-color:#e7f5fe\"><tbody><tr><td><strong>NAZWA KIERUNKU:<\/strong>&nbsp; <\/td><\/tr><\/tbody><\/table><\/figure>\n\n\n\n<p><strong>Zarz\u0105dzanie<\/strong><\/p>\n\n\n\n<figure class=\"wp-block-table is-style-regular\"><table class=\"has-background\" style=\"background-color:#e7f5fe\"><tbody><tr><td><strong>POZIOM KSZTA\u0141CENIA:<\/strong><\/td><\/tr><\/tbody><\/table><\/figure>\n\n\n\n<p>studia licencjackie pierwszego stopnia o profilu praktycznym<\/p>\n\n\n\n<figure class=\"wp-block-table is-style-regular\"><table class=\"has-background\" style=\"background-color:#e7f5fe\"><tbody><tr><td><strong>CZAS TRWANIA STUDI\u00d3W: <\/strong><\/td><\/tr><\/tbody><\/table><\/figure>\n\n\n\n<p>6 semestr\u00f3w<\/p>\n<\/div>\n\n\n\n<div class=\"wp-block-column is-layout-flow wp-block-column-is-layout-flow\">\n<figure class=\"wp-block-table is-style-regular\"><table class=\"has-background\" style=\"background-color:#e7f5fe\"><tbody><tr><td><strong>TYTU\u0141 NADAWANY ABSOLWENTOM:<\/strong><\/td><\/tr><\/tbody><\/table><\/figure>\n\n\n\n<p>licencjat<\/p>\n\n\n\n<figure class=\"wp-block-table is-style-regular\"><table class=\"has-background\" style=\"background-color:#e7f5fe\"><tbody><tr><td><strong>FORMA STUDI\u00d3W:<\/strong><\/td><\/tr><\/tbody><\/table><\/figure>\n\n\n\n<p>stacjonarne i niestacjonarne<\/p>\n<\/div>\n<\/div>\n\n\n\n<hr class=\"wp-block-separator has-css-opacity\" \/>\n\n\n\n<div class=\"wp-block-columns is-layout-flex wp-container-core-columns-is-layout-28f84493 wp-block-columns-is-layout-flex\">\n<div class=\"wp-block-column is-layout-flow wp-block-column-is-layout-flow\">\n<p class=\"has-text-align-center has-medium-font-size\"><strong>Warunki rekrutacji<\/strong><\/p>\n\n\n\n<ul class=\"wp-block-list\">\n<li>Egzamin maturalny (nowa matura) &#8211; konkurs \u015bwiadectw z uwzgl\u0119dnieniem pisemnego egzaminu z trzech przedmiot\u00f3w obowi\u0105zkowych.<\/li>\n\n\n\n<li>Egzamin dojrza\u0142o\u015bci (stara matura) \u2013 konkurs \u015bwiadectw obejmuj\u0105cy wyniki uko\u0144czenia szko\u0142y \u015bredniej z j\u0119zyka polskiego, j\u0119zyka obcego i matematyki, albo geografii, albo wiedzy o spo\u0142ecze\u0144stwie.<\/li>\n\n\n\n<li>Kandydaci, kt\u00f3rzy osi\u0105gn\u0119li tytu\u0142 finalisty lub laureata stopnia centralnego <br>i okr\u0119gowego w konkursach takich jak olimpiady matematyczne, informatyczne, wiedzy ekonomicznej, wiedzy o Polsce i \u015bwiecie wsp\u00f3\u0142czesnym, mog\u0105 ubiega\u0107 si\u0119 <br>o przyj\u0119cie na studia bez konieczno\u015bci poddania si\u0119 procedurze rekrutacyjnej.<\/li>\n<\/ul>\n\n\n\n<p class=\"has-text-align-center has-medium-font-size\"><strong>Zakres kszta\u0142cenia<\/strong><\/p>\n\n\n\n<p>Po czwartym semestrze studi\u00f3w na kierunku <strong>Zarz\u0105dzanie<\/strong> studenci wybieraj\u0105 jedn\u0105 ze specjalno\u015bci:<\/p>\n\n\n\n<ul class=\"wp-block-list\">\n<li>Zarz\u0105dzanie finansami,<\/li>\n\n\n\n<li>Zarz\u0105dzanie w przedsi\u0119biorstwie,<\/li>\n\n\n\n<li>Zarz\u0105dzanie instytucjami publicznymi,<\/li>\n\n\n\n<li>Zarz\u0105dzanie logistyczne.<\/li>\n<\/ul>\n<\/div>\n\n\n\n<div class=\"wp-block-column is-layout-flow wp-block-column-is-layout-flow\">\n<p class=\"has-text-align-center has-medium-font-size\"><strong>Praktyki<\/strong><\/p>\n\n\n\n<p>Program studi\u00f3w I stopnia przewiduje \u0142\u0105cznie 24 tygodnie praktyk. Na drugim semestrze realizowane jest 6 tygodni praktyki zawodowej I, na trzecim i czwartym semestrze \u2013 12 tygodni praktyki zawodowej II, a na ostatnim roku \u2013 6 tygodni praktyki dyplomowej. Dzi\u0119ki praktykom studentom Zarz\u0105dzania \u0142atwiej jest zdoby\u0107 konieczne do\u015bwiadczenie i odnale\u017a\u0107 si\u0119 na rynku pracy.<\/p>\n<\/div>\n<\/div>\n\n\n\n<hr class=\"wp-block-separator has-css-opacity\" \/>\n\n\n\n<p class=\"has-text-align-center\" style=\"font-size:25px\"><strong>Galeria Kierunku<\/strong><\/p>\n\n\n\nngg_shortcode_0_placeholder\n\n\n\n<hr class=\"wp-block-separator has-css-opacity\" \/>\n\n\n\n<p class=\"has-text-align-center has-large-font-size\"><strong>Dom studenta<\/strong><br>ul. \u017bwirki i Wigury 9a<\/p>\n\n\n\n<div class=\"wp-block-buttons is-content-justification-center is-layout-flex wp-container-core-buttons-is-layout-a89b3969 wp-block-buttons-is-layout-flex\">\n<div class=\"wp-block-button\"><a class=\"wp-block-button__link has-background has-text-align-center wp-element-button\" href=\"https:\/\/pans.krosno.pl\/dom-studenta\/\" style=\"background-color:#257f89\">Wi\u0119cej o domach studenta<\/a><\/div>\n<\/div>\n\n\n\n<hr class=\"wp-block-separator has-css-opacity\" \/>\n\n\n\n<p class=\"has-text-align-center\" style=\"font-size:25px\"><strong>Najcz\u0119\u015bciej zadawane pytania:<\/strong><\/p>\n\n\n\n\t\t\t\t\t\t<style>\r\n\t\t\t\t<style>\r\n#wpsm_accordion_2978 .wpsm_panel-heading{\r\n\tpadding:0px !important;\r\n}\r\n#wpsm_accordion_2978 .wpsm_panel-title {\r\n\tmargin:0px !important; \r\n\ttext-transform:none !important;\r\n\tline-height: 1 !important;\r\n}\r\n#wpsm_accordion_2978 .wpsm_panel-title a{\r\n\ttext-decoration:none;\r\n\toverflow:hidden;\r\n\tdisplay:block;\r\n\tpadding:0px;\r\n\tfont-size: 16px !important;\r\n\tfont-family: Arial !important;\r\n\tcolor:#ffffff !important;\r\n\tborder-bottom:0px !important;\r\n}\r\n\r\n#wpsm_accordion_2978 .wpsm_panel-title a:focus {\r\noutline: 0px !important;\r\n}\r\n\r\n#wpsm_accordion_2978 .wpsm_panel-title a:hover, #wpsm_accordion_2978 .wpsm_panel-title a:focus {\r\n\tcolor:#ffffff !important;\r\n}\r\n#wpsm_accordion_2978 .acc-a{\r\n\tcolor: #ffffff !important;\r\n\tbackground-color:#1c7e87 !important;\r\n\tborder-color: #ddd;\r\n}\r\n#wpsm_accordion_2978 .wpsm_panel-default > .wpsm_panel-heading{\r\n\tcolor: #ffffff !important;\r\n\tbackground-color: #1c7e87 !important;\r\n\tborder-color: #1c7e87 !important;\r\n\tborder-top-left-radius: 0px;\r\n\tborder-top-right-radius: 0px;\r\n}\r\n#wpsm_accordion_2978 .wpsm_panel-default {\r\n\t\tborder:1px solid transparent !important;\r\n\t}\r\n#wpsm_accordion_2978 {\r\n\tmargin-bottom: 20px;\r\n\toverflow: hidden;\r\n\tfloat: none;\r\n\twidth: 100%;\r\n\tdisplay: block;\r\n}\r\n#wpsm_accordion_2978 .ac_title_class{\r\n\tdisplay: block;\r\n\tpadding-top: 12px;\r\n\tpadding-bottom: 12px;\r\n\tpadding-left: 15px;\r\n\tpadding-right: 15px;\r\n}\r\n#wpsm_accordion_2978  .wpsm_panel {\r\n\toverflow:hidden;\r\n\t-webkit-box-shadow: 0 0px 0px rgba(0, 0, 0, .05);\r\n\tbox-shadow: 0 0px 0px rgba(0, 0, 0, .05);\r\n\t\tborder-radius: 4px;\r\n\t}\r\n#wpsm_accordion_2978  .wpsm_panel + .wpsm_panel {\r\n\t\tmargin-top: 5px;\r\n\t}\r\n#wpsm_accordion_2978  .wpsm_panel-body{\r\n\tbackground-color:#ffffff !important;\r\n\tcolor:#000000 !important;\r\n\tborder-top-color: #1c7e87 !important;\r\n\tfont-size:16px !important;\r\n\tfont-family: Arial !important;\r\n\toverflow: hidden;\r\n\t\tborder: 2px solid #1c7e87 !important;\r\n\t}\r\n\r\n#wpsm_accordion_2978 .ac_open_cl_icon{\r\n\tbackground-color:#1c7e87 !important;\r\n\tcolor: #ffffff !important;\r\n\tfloat:right !important;\r\n\tpadding-top: 12px !important;\r\n\tpadding-bottom: 12px !important;\r\n\tline-height: 1.0 !important;\r\n\tpadding-left: 15px !important;\r\n\tpadding-right: 15px !important;\r\n\tdisplay: inline-block !important;\r\n}\r\n\r\n\t\t\t #wpsm_accordion_2978 .wpsm_panel-heading {\r\n\t\t\t\tbackground-image: url(https:\/\/pans.krosno.pl\/zarzadzanie\/wp-content\/plugins\/responsive-accordion-and-collapse\/img\/style-soft.png);\r\n\t\t\t\tbackground-position: 0 0;\r\n\t\t\t\tbackground-repeat: repeat-x;\r\n\t\t\t}\r\n\t\t\t#wpsm_accordion_2978 .ac_open_cl_icon{\r\n\t\t\t\tbackground-image: url(https:\/\/pans.krosno.pl\/zarzadzanie\/wp-content\/plugins\/responsive-accordion-and-collapse\/img\/style-soft.png);\r\n\t\t\t\tbackground-position: 0 0;\r\n\t\t\t\tbackground-repeat: repeat-x;\r\n\t\t\t}\r\n\t\t\t<\/style>\t\r\n\t\t\t<\/style>\r\n\t\t\t<div class=\"wpsm_panel-group\" id=\"wpsm_accordion_2978\" >\r\n\t\t\t\t\t\t\t\t\r\n\t\t\t\t\t<!-- Inner panel Start -->\r\n\t\t\t\t\t<div class=\"wpsm_panel wpsm_panel-default\">\r\n\t\t\t\t\t\t<div class=\"wpsm_panel-heading\" role=\"tab\" >\r\n\t\t\t\t\t\t  <h4 class=\"wpsm_panel-title\">\r\n\t\t\t\t\t\t\t<a  class=\"\"  data-toggle=\"collapse\" data-parent=\"#wpsm_accordion_2978 \" href=\"javascript:void(0)\" data-target=\"#ac_2978_collapse1\" onclick=\"do_resize()\">\r\n\t\t\t\t\t\t\t\t\t\t\t\t\t\t\t\t\t<span class=\"ac_open_cl_icon fa fa-plus\"><\/span>\r\n\t\t\t\t\t\t\t\t\t\r\n\t\t\t\t\t\t\t\t \r\n\t\t\t\t\t\t\t\t<span class=\"ac_title_class\">\r\n\t\t\t\t\t\t\t\t\t\t\t\t\t\t\t\t\t\t\t\t<span style=\"margin-right:6px;\" class=\"fa fa-check-circle\"><\/span>\r\n\t\t\t\t\t\t\t\t\t1. Dlaczego warto studiowa\u0107 na kierunku Zarz\u0105dzanie?\t\t\t\t\t\t\t\t<\/span>\r\n\t\t\t\t\t\t\t<\/a>\r\n\t\t\t\t\t\t  <\/h4>\r\n\t\t\t\t\t\t<\/div>\r\n\t\t\t\t\t\t<div id=\"ac_2978_collapse1\" class=\"wpsm_panel-collapse collapse \"  >\r\n\t\t\t\t\t\t  <div class=\"wpsm_panel-body\">\r\n\t\t\t\t\t\t\tStudia licencjackie na kierunku Zarz\u0105dzanie charakteryzuj\u0105 si\u0119 wysokim poziomem interdyscyplinarno\u015bci i pozwalaj\u0105 na kszta\u0142towanie kompetencji z r\u00f3\u017cnych obszar\u00f3w istotnych z punktu widzenia pe\u0142nienia funkcji kierowniczych, tj.: zarz\u0105dzanie, ekonomia, marketing, prawo, socjologia, czy psychologia. Absolwent studi\u00f3w jest dobrze zorientowany w wybranej przez siebie specjalno\u015bci, zna tak\u017ce j\u0119zyk angielski na poziomie bieg\u0142o\u015bci B2 Europejskiego Systemu Opisu Kszta\u0142cenia J\u0119zykowego Rady Europy, pos\u0142uguj\u0105c si\u0119 r\u00f3wnie\u017c s\u0142ownictwem specjalistycznym oraz posiada kwalifikacje Europejskiego Certyfikatu Umiej\u0119tno\u015bci Komputerowych (ECDL). Uko\u0144czone studia daj\u0105 absolwentowi dobre podstawy teoretyczne i metodyczne do kontynuowania studi\u00f3w na drugim stopniu oraz umiej\u0119tno\u015bci niezb\u0119dne do samodzielnego uczenia si\u0119 i aktualizowania wiedzy z zakresu zarz\u0105dzania, jak r\u00f3wnie\u017c do bezpo\u015bredniego sprawowania funkcji zarz\u0105dczych w r\u00f3\u017cnych typach i rodzajach organizacji. \r\n\t\t\t\t\t\t  <\/div>\r\n\t\t\t\t\t\t<\/div>\r\n\t\t\t\t\t<\/div>\r\n\t\t\t\t\t<!-- Inner panel End -->\r\n\t\t\t\t\t\r\n\t\t\t\t\t\t\t\t\r\n\t\t\t\t\t<!-- Inner panel Start -->\r\n\t\t\t\t\t<div class=\"wpsm_panel wpsm_panel-default\">\r\n\t\t\t\t\t\t<div class=\"wpsm_panel-heading\" role=\"tab\" >\r\n\t\t\t\t\t\t  <h4 class=\"wpsm_panel-title\">\r\n\t\t\t\t\t\t\t<a  class=\"collapsed\"  data-toggle=\"collapse\" data-parent=\"#wpsm_accordion_2978 \" href=\"javascript:void(0)\" data-target=\"#ac_2978_collapse2\" onclick=\"do_resize()\">\r\n\t\t\t\t\t\t\t\t\t\t\t\t\t\t\t\t\t<span class=\"ac_open_cl_icon fa fa-plus\"><\/span>\r\n\t\t\t\t\t\t\t\t\t\r\n\t\t\t\t\t\t\t\t \r\n\t\t\t\t\t\t\t\t<span class=\"ac_title_class\">\r\n\t\t\t\t\t\t\t\t\t\t\t\t\t\t\t\t\t\t\t\t<span style=\"margin-right:6px;\" class=\"fa fa-check-circle\"><\/span>\r\n\t\t\t\t\t\t\t\t\t2. Jakie uprawnienia mam po uko\u0144czeniu studi\u00f3w?\t\t\t\t\t\t\t\t<\/span>\r\n\t\t\t\t\t\t\t<\/a>\r\n\t\t\t\t\t\t  <\/h4>\r\n\t\t\t\t\t\t<\/div>\r\n\t\t\t\t\t\t<div id=\"ac_2978_collapse2\" class=\"wpsm_panel-collapse collapse \"  >\r\n\t\t\t\t\t\t  <div class=\"wpsm_panel-body\">\r\n\t\t\t\t\t\t\tAbsolwent studi\u00f3w kierunku Zarz\u0105dzanie zna j\u0119zyk angielski na poziomie bieg\u0142o\u015bci B2 Europejskiego Systemu Opisu Kszta\u0142cenia J\u0119zykowego Rady Europy, pos\u0142uguj\u0105c si\u0119 r\u00f3wnie\u017c s\u0142ownictwem specjalistycznym, posiada r\u00f3wnie\u017c kwalifikacje Europejskiego Certyfikatu Umiej\u0119tno\u015bci Komputerowych (ECDL). Ponadto ma mo\u017cliwo\u015bci zdobycia dodatkowych kwalifikacji m.in. tj.: IT Academy Asseco Wapro, IT Academy Microsoft czy Comarch ERP Optima. W ramach kierunku funkcjonuj\u0105 Studenckie Ko\u0142a Naukowe: \u201eOrganizacji i Zarz\u0105dzania\u201d, \u201eFinanse\u201d, \u201eTemida\u201d, pozwalaj\u0105ce na rozwijanie indywidualnych umiej\u0119tno\u015bci naukowych oraz praktycznych i aplikacyjnych. Dzi\u0119ki nim b\u0119dziesz przygotowany na wyzwania wsp\u00f3\u0142czesnego rynku.\t\t\t\t\t\t  <\/div>\r\n\t\t\t\t\t\t<\/div>\r\n\t\t\t\t\t<\/div>\r\n\t\t\t\t\t<!-- Inner panel End -->\r\n\t\t\t\t\t\r\n\t\t\t\t\t\t\t\t\r\n\t\t\t\t\t<!-- Inner panel Start -->\r\n\t\t\t\t\t<div class=\"wpsm_panel wpsm_panel-default\">\r\n\t\t\t\t\t\t<div class=\"wpsm_panel-heading\" role=\"tab\" >\r\n\t\t\t\t\t\t  <h4 class=\"wpsm_panel-title\">\r\n\t\t\t\t\t\t\t<a  class=\"collapsed\"  data-toggle=\"collapse\" data-parent=\"#wpsm_accordion_2978 \" href=\"javascript:void(0)\" data-target=\"#ac_2978_collapse3\" onclick=\"do_resize()\">\r\n\t\t\t\t\t\t\t\t\t\t\t\t\t\t\t\t\t<span class=\"ac_open_cl_icon fa fa-plus\"><\/span>\r\n\t\t\t\t\t\t\t\t\t\r\n\t\t\t\t\t\t\t\t \r\n\t\t\t\t\t\t\t\t<span class=\"ac_title_class\">\r\n\t\t\t\t\t\t\t\t\t\t\t\t\t\t\t\t\t\t\t\t<span style=\"margin-right:6px;\" class=\"fa fa-check-circle\"><\/span>\r\n\t\t\t\t\t\t\t\t\t3. Gdzie mog\u0119 znale\u017a\u0107 prac\u0119 po uko\u0144czeniu studi\u00f3w?\t\t\t\t\t\t\t\t<\/span>\r\n\t\t\t\t\t\t\t<\/a>\r\n\t\t\t\t\t\t  <\/h4>\r\n\t\t\t\t\t\t<\/div>\r\n\t\t\t\t\t\t<div id=\"ac_2978_collapse3\" class=\"wpsm_panel-collapse collapse \"  >\r\n\t\t\t\t\t\t  <div class=\"wpsm_panel-body\">\r\n\t\t\t\t\t\t\tStudia I stopnia na kierunku Zarz\u0105dzanie stwarzaj\u0105 perspektywy zatrudnienia we wszystkich dzia\u0142ach gospodarki. Rozwijaj\u0105 one bowiem kompetencje umo\u017cliwiaj\u0105ce podj\u0119cie pracy zawodowej w charakterze specjalisty oraz mened\u017cera\/kierownika ni\u017cszego i \u015bredniego szczebla zarz\u0105dzania w r\u00f3\u017cnorodnych organizacjach, m.in. w przedsi\u0119biorstwach, jednostkach sektora publicznego, w tym administracji publicznej, organizacjach non profit, a tak\u017ce na prowadzenie w\u0142asnej dzia\u0142alno\u015bci gospodarczej. Absolwenci kierunku zarz\u0105dzanie s\u0105 przygotowani do pracy w dzia\u0142ach HR, dzia\u0142ach finansowo-ksi\u0119gowych, obszarach logistyki i \u0142a\u0144cuch\u00f3w dostaw, czy te\u017c w firmach us\u0142ugowych.\r\n\t\t\t\t\t\t  <\/div>\r\n\t\t\t\t\t\t<\/div>\r\n\t\t\t\t\t<\/div>\r\n\t\t\t\t\t<!-- Inner panel End -->\r\n\t\t\t\t\t\r\n\t\t\t\t\t\t\t\t\r\n\t\t\t\t\t<!-- Inner panel Start -->\r\n\t\t\t\t\t<div class=\"wpsm_panel wpsm_panel-default\">\r\n\t\t\t\t\t\t<div class=\"wpsm_panel-heading\" role=\"tab\" >\r\n\t\t\t\t\t\t  <h4 class=\"wpsm_panel-title\">\r\n\t\t\t\t\t\t\t<a  class=\"collapsed\"  data-toggle=\"collapse\" data-parent=\"#wpsm_accordion_2978 \" href=\"javascript:void(0)\" data-target=\"#ac_2978_collapse4\" onclick=\"do_resize()\">\r\n\t\t\t\t\t\t\t\t\t\t\t\t\t\t\t\t\t<span class=\"ac_open_cl_icon fa fa-plus\"><\/span>\r\n\t\t\t\t\t\t\t\t\t\r\n\t\t\t\t\t\t\t\t \r\n\t\t\t\t\t\t\t\t<span class=\"ac_title_class\">\r\n\t\t\t\t\t\t\t\t\t\t\t\t\t\t\t\t\t\t\t\t<span style=\"margin-right:6px;\" class=\"fa fa-check-circle\"><\/span>\r\n\t\t\t\t\t\t\t\t\t4. Czy w ofercie s\u0105 studia 26+?\t\t\t\t\t\t\t\t<\/span>\r\n\t\t\t\t\t\t\t<\/a>\r\n\t\t\t\t\t\t  <\/h4>\r\n\t\t\t\t\t\t<\/div>\r\n\t\t\t\t\t\t<div id=\"ac_2978_collapse4\" class=\"wpsm_panel-collapse collapse \"  >\r\n\t\t\t\t\t\t  <div class=\"wpsm_panel-body\">\r\n\t\t\t\t\t\t\tTak, oferujemy r\u00f3wnie\u017c studia stacjonarne w trybie popo\u0142udniowym\t\t\t\t\t\t  <\/div>\r\n\t\t\t\t\t\t<\/div>\r\n\t\t\t\t\t<\/div>\r\n\t\t\t\t\t<!-- Inner panel End -->\r\n\t\t\t\t\t\r\n\t\t\t\t\t\t\t\t\r\n\t\t\t\t\t<!-- Inner panel Start -->\r\n\t\t\t\t\t<div class=\"wpsm_panel wpsm_panel-default\">\r\n\t\t\t\t\t\t<div class=\"wpsm_panel-heading\" role=\"tab\" >\r\n\t\t\t\t\t\t  <h4 class=\"wpsm_panel-title\">\r\n\t\t\t\t\t\t\t<a  class=\"collapsed\"  data-toggle=\"collapse\" data-parent=\"#wpsm_accordion_2978 \" href=\"javascript:void(0)\" data-target=\"#ac_2978_collapse5\" onclick=\"do_resize()\">\r\n\t\t\t\t\t\t\t\t\t\t\t\t\t\t\t\t\t<span class=\"ac_open_cl_icon fa fa-plus\"><\/span>\r\n\t\t\t\t\t\t\t\t\t\r\n\t\t\t\t\t\t\t\t \r\n\t\t\t\t\t\t\t\t<span class=\"ac_title_class\">\r\n\t\t\t\t\t\t\t\t\t\t\t\t\t\t\t\t\t\t\t\t<span style=\"margin-right:6px;\" class=\"fa fa-check-circle\"><\/span>\r\n\t\t\t\t\t\t\t\t\t5. O jakie formy wsparcia mog\u0119 si\u0119 ubiega\u0107 podczas studi\u00f3w?\t\t\t\t\t\t\t\t<\/span>\r\n\t\t\t\t\t\t\t<\/a>\r\n\t\t\t\t\t\t  <\/h4>\r\n\t\t\t\t\t\t<\/div>\r\n\t\t\t\t\t\t<div id=\"ac_2978_collapse5\" class=\"wpsm_panel-collapse collapse \"  >\r\n\t\t\t\t\t\t  <div class=\"wpsm_panel-body\">\r\n\t\t\t\t\t\t\tW trakcie studi\u00f3w po spe\u0142nieniu okre\u015blonych wymaga\u0144 student mo\u017ce stara\u0107 si\u0119 o liczne formy wsparcia. <strong>Pomoc materialna<\/strong> to: stypendium socjalne - przyznawane jest studentowi, kt\u00f3ry znajduje si\u0119 w trudnej sytuacji materialnej; wysoko\u015b\u0107 stypendium uzale\u017cniona jest od dochodu; stypendium dla os\u00f3b niepe\u0142nosprawnych - przyznawane jest bez wzgl\u0119du na wysoko\u015b\u0107 dochodu; stawka dofinansowania uzale\u017cniona jest od stopnia niepe\u0142nosprawno\u015bci osoby, kt\u00f3ra si\u0119 o nie ubiega; stypendium Rektora - mo\u017ce je otrzyma\u0107 osoba, kt\u00f3ra uzyska\u0142a w poprzednim roku akademickim wysok\u0105 \u015bredni\u0105 ocen b\u0105d\u017a posiada znacz\u0105ce osi\u0105gni\u0119cia naukowe, artystyczne lub sportowe; stypendium \u201ePigonia\u201d - stypendium przyznawane jest studentom za wyniki w nauce; zapomoga - jest to dora\u017ana, bezzwrotna pomoc finansowa, przyznawana na wniosek studenta, kt\u00f3ry znalaz\u0142 si\u0119 przej\u015bciowo w trudnej sytuacji \u017cyciowej. <strong>Urlop studencki <\/strong>\u2013 ka\u017cdy student mo\u017ce ubiega\u0107 si\u0119 o urlop kr\u00f3tkoterminowy (nieprzekraczaj\u0105cy jednego semestru) lub d\u0142ugoterminowy (roczny). <strong>Kredytu studenckiego<\/strong> udziela bank i sp\u00f3\u0142dzielcze kasy oszcz\u0119dno\u015bciowo-kredytowe. Kredyt mo\u017cna otrzyma\u0107 tylko raz w trakcie trwania studi\u00f3w, jednak na okres nie d\u0142u\u017cszy ni\u017c 6 lat. <strong>IOS<\/strong> - jest specjalnym trybem organizacji zaj\u0119\u0107 oraz sesji egzaminacyjnej ko\u0144cz\u0105cej semestr. Indywidualna Organizacja Studi\u00f3w zosta\u0142a przygotowana dla student\u00f3w, kt\u00f3rych sytuacja rodzinna czy zawodowa uniemo\u017cliwia kontynuowanie toku studi\u00f3w na og\u00f3lnych zasadach.\t\t\t\t\t\t  <\/div>\r\n\t\t\t\t\t\t<\/div>\r\n\t\t\t\t\t<\/div>\r\n\t\t\t\t\t<!-- Inner panel End -->\r\n\t\t\t\t\t\r\n\t\t\t\t\t\t\t\t\r\n\t\t\t\t\t<!-- Inner panel Start -->\r\n\t\t\t\t\t<div class=\"wpsm_panel wpsm_panel-default\">\r\n\t\t\t\t\t\t<div class=\"wpsm_panel-heading\" role=\"tab\" >\r\n\t\t\t\t\t\t  <h4 class=\"wpsm_panel-title\">\r\n\t\t\t\t\t\t\t<a  class=\"collapsed\"  data-toggle=\"collapse\" data-parent=\"#wpsm_accordion_2978 \" href=\"javascript:void(0)\" data-target=\"#ac_2978_collapse6\" onclick=\"do_resize()\">\r\n\t\t\t\t\t\t\t\t\t\t\t\t\t\t\t\t\t<span class=\"ac_open_cl_icon fa fa-plus\"><\/span>\r\n\t\t\t\t\t\t\t\t\t\r\n\t\t\t\t\t\t\t\t \r\n\t\t\t\t\t\t\t\t<span class=\"ac_title_class\">\r\n\t\t\t\t\t\t\t\t\t\t\t\t\t\t\t\t\t\t\t\t<span style=\"margin-right:6px;\" class=\"fa fa-check-circle\"><\/span>\r\n\t\t\t\t\t\t\t\t\t6. Jaki jest koszt studi\u00f3w?\t\t\t\t\t\t\t\t<\/span>\r\n\t\t\t\t\t\t\t<\/a>\r\n\t\t\t\t\t\t  <\/h4>\r\n\t\t\t\t\t\t<\/div>\r\n\t\t\t\t\t\t<div id=\"ac_2978_collapse6\" class=\"wpsm_panel-collapse collapse \"  >\r\n\t\t\t\t\t\t  <div class=\"wpsm_panel-body\">\r\n\t\t\t\t\t\t\t<strong>Studia stacjonarne oraz stacjonarne 26+ <\/strong>s\u0105 bezp\u0142atne; <strong>studia niestacjonarne<\/strong> \u2013 wysoko\u015b\u0107 op\u0142aty semestralnej na poszczeg\u00f3lnych kierunkach studi\u00f3w za us\u0142ugi edukacyjne zwi\u0105zane z kszta\u0142ceniem na studiach niestacjonarnych dost\u0119pna jest na stronie w zak\u0142adce <strong>\"Najwa\u017cniejsze informacje\"<\/strong>:\r\n<a href=\"https:\/\/pans.krosno.pl\/rekrutacja\/\">https:\/\/pans.krosno.pl\/rekrutacja\/<\/a>\t\t\t\t\t\t  <\/div>\r\n\t\t\t\t\t\t<\/div>\r\n\t\t\t\t\t<\/div>\r\n\t\t\t\t\t<!-- Inner panel End -->\r\n\t\t\t\t\t\r\n\t\t\t\t\t\t\t\t\r\n\t\t\t\t\t<!-- Inner panel Start -->\r\n\t\t\t\t\t<div class=\"wpsm_panel wpsm_panel-default\">\r\n\t\t\t\t\t\t<div class=\"wpsm_panel-heading\" role=\"tab\" >\r\n\t\t\t\t\t\t  <h4 class=\"wpsm_panel-title\">\r\n\t\t\t\t\t\t\t<a  class=\"collapsed\"  data-toggle=\"collapse\" data-parent=\"#wpsm_accordion_2978 \" href=\"javascript:void(0)\" data-target=\"#ac_2978_collapse7\" onclick=\"do_resize()\">\r\n\t\t\t\t\t\t\t\t\t\t\t\t\t\t\t\t\t<span class=\"ac_open_cl_icon fa fa-plus\"><\/span>\r\n\t\t\t\t\t\t\t\t\t\r\n\t\t\t\t\t\t\t\t \r\n\t\t\t\t\t\t\t\t<span class=\"ac_title_class\">\r\n\t\t\t\t\t\t\t\t\t\t\t\t\t\t\t\t\t\t\t\t<span style=\"margin-right:6px;\" class=\"fa fa-check-circle\"><\/span>\r\n\t\t\t\t\t\t\t\t\t7. W czym mog\u0119 uczestniczy\u0107 w trakcie studi\u00f3w?\t\t\t\t\t\t\t\t<\/span>\r\n\t\t\t\t\t\t\t<\/a>\r\n\t\t\t\t\t\t  <\/h4>\r\n\t\t\t\t\t\t<\/div>\r\n\t\t\t\t\t\t<div id=\"ac_2978_collapse7\" class=\"wpsm_panel-collapse collapse \"  >\r\n\t\t\t\t\t\t  <div class=\"wpsm_panel-body\">\r\n\t\t\t\t\t\t\tW czasie studi\u00f3w mo\u017cesz bra\u0107 udzia\u0142 w <strong>kursach i szkoleniach<\/strong> poszerzaj\u0105cych swoj\u0105 wiedz\u0119 i umiej\u0119tno\u015bci <a href=\"https:\/\/pans.krosno.pl\/studia-podyplomowe-i-kursy\/\">https:\/\/pans.krosno.pl\/studia-podyplomowe-i-kursy\/<\/a> <strong>Erasmus+ <\/strong>- to program unijny, kt\u00f3ry umo\u017cliwia studentom nauk\u0119 za granic\u0105. W programie uczestniczy ponad 70 uczelni. Dzi\u0119ki Erasmusowi masz okazj\u0119 nie tylko uczy\u0107 si\u0119 w innym kraju, ale tak\u017ce pozna\u0107 jego kultur\u0119, nauczy\u0107 si\u0119 nowych j\u0119zyk\u00f3w. <strong>Ko\u0142a naukowe<\/strong> - na uczelni funkcjonuje ponad 20 studenckich k\u00f3\u0142 naukowych, w kt\u00f3rych ka\u017cdy student mo\u017ce poszerza\u0107 swoje zainteresowania i zdobywa\u0107 do\u015bwiadczenie w wielu dziedzinach. Poza zaj\u0119ciami, cz\u0142onkowie k\u00f3\u0142 odbywaj\u0105 zaj\u0119cia w terenie, uczestnicz\u0105 w obozach naukowo-szkoleniowych, konferencjach, kursach i sympozjach. Realizuj\u0105 projekty naukowo-badawcze, nawi\u0105zuj\u0105 kontakty z przedstawicielami otoczenia spo\u0142eczno-gospodarczego, cz\u0119sto prowadz\u0105ce do podj\u0119cia pierwszej pracy.\t\t\t\t\t\t  <\/div>\r\n\t\t\t\t\t\t<\/div>\r\n\t\t\t\t\t<\/div>\r\n\t\t\t\t\t<!-- Inner panel End -->\r\n\t\t\t\t\t\r\n\t\t\t\t\t\t\t<\/div>\r\n\t\t\t\r\n<script type=\"text\/javascript\">\r\n\t\r\n\t\tfunction do_resize(){\r\n\r\n\t\t\tvar width=jQuery( '.wpsm_panel .wpsm_panel-body iframe' ).width();\r\n\t\t\tvar height=jQuery( '.wpsm_panel .wpsm_panel-body iframe' ).height();\r\n\r\n\t\t\tvar toggleSize = true;\r\n\t\t\tjQuery('iframe').animate({\r\n\t\t\t    width: toggleSize ? width : 640,\r\n\t\t\t    height: toggleSize ? height : 360\r\n\t\t\t  }, 250);\r\n\r\n\t\t\t  toggleSize = !toggleSize;\r\n\t\t}\r\n\t\t\r\n<\/script>\t\n\n\n\n<hr class=\"wp-block-separator has-css-opacity\" \/>\n\n\n\n<div class=\"wp-block-button has-custom-width wp-block-button__width-100 aligncenter\"><a class=\"wp-block-button__link has-background wp-element-button\" href=\"https:\/\/irk.pans.krosno.pl\/pl\/offer\/R-1ST-2025-2026\/field\/ZRZ\/\" style=\"border-radius:13px;background-color:#e86c6c\" target=\"_blank\" rel=\"noreferrer noopener\">Zapisz si\u0119 ONLINE! <br><strong>Kierunek Zarz\u0105dzanie  <\/strong><\/a><\/div>\n\n\n\n<h2 class=\"wp-block-heading\" id=\"h-zarzadzanie-studia\">Zarz\u0105dzanie studia<\/h2>\n\n\n\n<p>Zastanawiasz si\u0119, co studiowa\u0107? A mo\u017ce szukasz kierunku, kt\u00f3ry pozwoli Ci zdoby\u0107 praktyczne umiej\u0119tno\u015bci i przygotuje do pracy w r\u00f3\u017cnych bran\u017cach? Zapraszamy na studia na kierunku Zarz\u0105dzanie!<br>Studia na tym kierunku pozwalaj\u0105 na rozwijanie umiej\u0119tno\u015bci zarz\u0105dzania zasobami ludzkimi, rzeczowymi, finansowymi i informacyjnymi, a tak\u017ce pracy w zespole. Ju\u017c po czwartym semestrze studenci wybieraj\u0105 jedn\u0105 ze specjalno\u015bci, tak\u0105 jak Zarz\u0105dzanie finansami, Zarz\u0105dzanie w przedsi\u0119biorstwie, Zarz\u0105dzanie instytucjami publicznymi lub Zarz\u0105dzanie logistyczne.<\/p>\n\n\n\n<h2 class=\"wp-block-heading\">Studiowanie zarz\u0105dzania<\/h2>\n\n\n\n<p>Studia na kierunku Zarz\u0105dzanie to r\u00f3wnie\u017c bogaty program kszta\u0142cenia praktycznego, realizowany w formach warsztatowych, projektowych i laboratoryjnych. Dzi\u0119ki temu studenci zdobywaj\u0105 umiej\u0119tno\u015bci, kt\u00f3re przydadz\u0105 si\u0119 w pracy na r\u00f3\u017cnych stanowiskach w sektorze przedsi\u0119biorstw o charakterze gospodarczym, publicznym, a tak\u017ce non profit. Studenci ucz\u0105 si\u0119, jak zarz\u0105dza\u0107 organizacjami, analizowa\u0107 z\u0142o\u017cone procesy oraz wykorzystywa\u0107 narz\u0119dzia do pracy w wirtualnym \u015brodowisku.<br><\/p>\n\n\n\n<p>Wychodz\u0105c naprzeciw wymaganiom rynku pracy, program studi\u00f3w zosta\u0142 opracowany z my\u015bl\u0105 o nauce interdyscyplinarnej oraz zdobywaniu umiej\u0119tno\u015bci praktycznych. Absolwenci studi\u00f3w na kierunku Zarz\u0105dzanie posiadaj\u0105 wiedz\u0119 i umiej\u0119tno\u015bci potrzebne do rozwi\u0105zywania problem\u00f3w zwi\u0105zanych z zarz\u0105dzaniem przedsi\u0119biorstwem, instytucjami publicznymi, finansami i logistyk\u0105.<\/p>\n\n\n\n<h2 class=\"wp-block-heading\">Kierunek zarz\u0105dzanie<\/h2>\n\n\n\n<p>Je\u015bli chcesz zdoby\u0107 wykszta\u0142cenie, kt\u00f3re pozwoli Ci na rozw\u00f3j zawodowy, a tak\u017ce na zdobycie wiedzy i umiej\u0119tno\u015bci potrzebnych w pracy na stanowiskach mened\u017cerskich, zapraszamy na studia na kierunku Zarz\u0105dzanie! To kierunek, kt\u00f3ry odgrywa wa\u017cn\u0105 rol\u0119 we wsp\u00f3\u0142czesnym \u015bwiecie.<\/p>\n\n\n\n<p><\/p>\n","protected":false},"excerpt":{"rendered":"<p>Studia I stopnia (6-semestralne licencjackie) na kierunku Zarz\u0105dzanie, prowadzone w systemie studi\u00f3w stacjonarnych i studi\u00f3w w trybie niestacjonarnym, pozwalaj\u0105 na uzyskanie umiej\u0119tno\u015bci rozpoznawania, diagnozowania i&nbsp;rozwi\u0105zywania typowych problem\u00f3w zwi\u0105zanych z gospodarowaniem zasobami (ludzkimi, rzeczowymi, finansowymi i informacyjnymi), zarz\u0105dzania projektami i procesami, a&nbsp;tak\u017ce umiej\u0119tno\u015bci pracy w zespole. Po czwartym semestrze studenci wybieraj\u0105 [\u2026] <\/p>\n<div class=\"clear\"><\/div>\n<p><a class=\"more_link clearfix\" href=\"https:\/\/pans.krosno.pl\/zarzadzanie\/?p=2978\" rel=\"nofollow\">Read More<\/a><\/p>\n","protected":false},"author":27,"featured_media":0,"parent":0,"menu_order":0,"comment_status":"closed","ping_status":"closed","template":"page-templates\/template-full-width-without-breadcrumbs.php","meta":{"ngg_post_thumbnail":0,"footnotes":""},"class_list":["post-187","page","type-page","status-publish","hentry"],"yoast_head":"<!-- This site is optimized with the Yoast SEO Premium plugin v27.4 (Yoast SEO v27.4) - https:\/\/yoast.com\/product\/yoast-seo-premium-wordpress\/ -->\n<title>Zarz\u0105dzanie I Stopnia | PANS w Kro\u015bnie<\/title>\n<meta name=\"description\" content=\"Zarz\u0105dzanie I stopnia w PANS Krosno \u27a4 Praktyczne umiej\u0119tno\u015bci w zarz\u0105dzaniu zasobami ludzkimi, rzeczowymi, finansowymi i informacyjnymi. Sprawd\u017a!\" \/>\n<meta name=\"robots\" content=\"index, follow, max-snippet:-1, max-image-preview:large, max-video-preview:-1\" \/>\n<link rel=\"canonical\" href=\"https:\/\/pans.krosno.pl\/zarzadzanie\/\" \/>\n<meta property=\"og:locale\" content=\"pl_PL\" \/>\n<meta property=\"og:type\" content=\"article\" \/>\n<meta property=\"og:title\" content=\"Strona g\u0142\u00f3wna\" \/>\n<meta property=\"og:description\" content=\"Zarz\u0105dzanie I stopnia w PANS Krosno \u27a4 Praktyczne umiej\u0119tno\u015bci w zarz\u0105dzaniu zasobami ludzkimi, rzeczowymi, finansowymi i informacyjnymi. Sprawd\u017a!\" \/>\n<meta property=\"og:url\" content=\"https:\/\/pans.krosno.pl\/zarzadzanie\/\" \/>\n<meta property=\"og:site_name\" content=\"Zarz\u0105dzanie PANS w Kro\u015bnie\" \/>\n<meta property=\"article:modified_time\" content=\"2025-10-19T13:36:28+00:00\" \/>\n<meta name=\"twitter:card\" content=\"summary_large_image\" \/>\n<meta name=\"twitter:label1\" content=\"Szacowany czas czytania\" \/>\n\t<meta name=\"twitter:data1\" content=\"4 minuty\" \/>\n<script type=\"application\/ld+json\" class=\"yoast-schema-graph\">{\"@context\":\"https:\\\/\\\/schema.org\",\"@graph\":[{\"@type\":\"WebPage\",\"@id\":\"https:\\\/\\\/pans.krosno.pl\\\/zarzadzanie\\\/\",\"url\":\"https:\\\/\\\/pans.krosno.pl\\\/zarzadzanie\\\/\",\"name\":\"Zarz\u0105dzanie I Stopnia | PANS w Kro\u015bnie\",\"isPartOf\":{\"@id\":\"https:\\\/\\\/pans.krosno.pl\\\/zarzadzanie\\\/#website\"},\"datePublished\":\"2020-02-20T11:23:11+00:00\",\"dateModified\":\"2025-10-19T13:36:28+00:00\",\"description\":\"Zarz\u0105dzanie I stopnia w PANS Krosno \u27a4 Praktyczne umiej\u0119tno\u015bci w zarz\u0105dzaniu zasobami ludzkimi, rzeczowymi, finansowymi i informacyjnymi. Sprawd\u017a!\",\"breadcrumb\":{\"@id\":\"https:\\\/\\\/pans.krosno.pl\\\/zarzadzanie\\\/#breadcrumb\"},\"inLanguage\":\"pl-PL\",\"potentialAction\":[{\"@type\":\"ReadAction\",\"target\":[\"https:\\\/\\\/pans.krosno.pl\\\/zarzadzanie\\\/\"]}]},{\"@type\":\"BreadcrumbList\",\"@id\":\"https:\\\/\\\/pans.krosno.pl\\\/zarzadzanie\\\/#breadcrumb\",\"itemListElement\":[{\"@type\":\"ListItem\",\"position\":1,\"name\":\"Strona g\u0142\u00f3wna\",\"item\":\"https:\\\/\\\/pans.krosno.pl\\\/zarzadzanie\\\/\"},{\"@type\":\"ListItem\",\"position\":2,\"name\":\"Strona g\u0142\u00f3wna\"}]},{\"@type\":\"WebSite\",\"@id\":\"https:\\\/\\\/pans.krosno.pl\\\/zarzadzanie\\\/#website\",\"url\":\"https:\\\/\\\/pans.krosno.pl\\\/zarzadzanie\\\/\",\"name\":\"Zarz\u0105dzanie PANS w Kro\u015bnie\",\"description\":\"Zarz\u0105dzanie - Pa\u0144stwowa Akademia Nauk Stosowanych\",\"publisher\":{\"@id\":\"https:\\\/\\\/pans.krosno.pl\\\/zarzadzanie\\\/#organization\"},\"potentialAction\":[{\"@type\":\"SearchAction\",\"target\":{\"@type\":\"EntryPoint\",\"urlTemplate\":\"https:\\\/\\\/pans.krosno.pl\\\/zarzadzanie\\\/?s={search_term_string}\"},\"query-input\":{\"@type\":\"PropertyValueSpecification\",\"valueRequired\":true,\"valueName\":\"search_term_string\"}}],\"inLanguage\":\"pl-PL\"},{\"@type\":\"Organization\",\"@id\":\"https:\\\/\\\/pans.krosno.pl\\\/zarzadzanie\\\/#organization\",\"name\":\"Zarz\u0105dzanie PANS w Kro\u015bnie\",\"url\":\"https:\\\/\\\/pans.krosno.pl\\\/zarzadzanie\\\/\",\"logo\":{\"@type\":\"ImageObject\",\"inLanguage\":\"pl-PL\",\"@id\":\"https:\\\/\\\/pans.krosno.pl\\\/zarzadzanie\\\/#\\\/schema\\\/logo\\\/image\\\/\",\"url\":\"https:\\\/\\\/pans.krosno.pl\\\/zarzadzanie\\\/wp-content\\\/uploads\\\/sites\\\/31\\\/2023\\\/01\\\/Logo-PANS-2022-pelne.png\",\"contentUrl\":\"https:\\\/\\\/pans.krosno.pl\\\/zarzadzanie\\\/wp-content\\\/uploads\\\/sites\\\/31\\\/2023\\\/01\\\/Logo-PANS-2022-pelne.png\",\"width\":3096,\"height\":696,\"caption\":\"Zarz\u0105dzanie PANS w Kro\u015bnie\"},\"image\":{\"@id\":\"https:\\\/\\\/pans.krosno.pl\\\/zarzadzanie\\\/#\\\/schema\\\/logo\\\/image\\\/\"}}]}<\/script>\n<!-- \/ Yoast SEO Premium plugin. -->","yoast_head_json":{"title":"Zarz\u0105dzanie I Stopnia | PANS w Kro\u015bnie","description":"Zarz\u0105dzanie I stopnia w PANS Krosno \u27a4 Praktyczne umiej\u0119tno\u015bci w zarz\u0105dzaniu zasobami ludzkimi, rzeczowymi, finansowymi i informacyjnymi. Sprawd\u017a!","robots":{"index":"index","follow":"follow","max-snippet":"max-snippet:-1","max-image-preview":"max-image-preview:large","max-video-preview":"max-video-preview:-1"},"canonical":"https:\/\/pans.krosno.pl\/zarzadzanie\/","og_locale":"pl_PL","og_type":"article","og_title":"Strona g\u0142\u00f3wna","og_description":"Zarz\u0105dzanie I stopnia w PANS Krosno \u27a4 Praktyczne umiej\u0119tno\u015bci w zarz\u0105dzaniu zasobami ludzkimi, rzeczowymi, finansowymi i informacyjnymi. Sprawd\u017a!","og_url":"https:\/\/pans.krosno.pl\/zarzadzanie\/","og_site_name":"Zarz\u0105dzanie PANS w Kro\u015bnie","article_modified_time":"2025-10-19T13:36:28+00:00","twitter_card":"summary_large_image","twitter_misc":{"Szacowany czas czytania":"4 minuty"},"schema":{"@context":"https:\/\/schema.org","@graph":[{"@type":"WebPage","@id":"https:\/\/pans.krosno.pl\/zarzadzanie\/","url":"https:\/\/pans.krosno.pl\/zarzadzanie\/","name":"Zarz\u0105dzanie I Stopnia | PANS w Kro\u015bnie","isPartOf":{"@id":"https:\/\/pans.krosno.pl\/zarzadzanie\/#website"},"datePublished":"2020-02-20T11:23:11+00:00","dateModified":"2025-10-19T13:36:28+00:00","description":"Zarz\u0105dzanie I stopnia w PANS Krosno \u27a4 Praktyczne umiej\u0119tno\u015bci w zarz\u0105dzaniu zasobami ludzkimi, rzeczowymi, finansowymi i informacyjnymi. Sprawd\u017a!","breadcrumb":{"@id":"https:\/\/pans.krosno.pl\/zarzadzanie\/#breadcrumb"},"inLanguage":"pl-PL","potentialAction":[{"@type":"ReadAction","target":["https:\/\/pans.krosno.pl\/zarzadzanie\/"]}]},{"@type":"BreadcrumbList","@id":"https:\/\/pans.krosno.pl\/zarzadzanie\/#breadcrumb","itemListElement":[{"@type":"ListItem","position":1,"name":"Strona g\u0142\u00f3wna","item":"https:\/\/pans.krosno.pl\/zarzadzanie\/"},{"@type":"ListItem","position":2,"name":"Strona g\u0142\u00f3wna"}]},{"@type":"WebSite","@id":"https:\/\/pans.krosno.pl\/zarzadzanie\/#website","url":"https:\/\/pans.krosno.pl\/zarzadzanie\/","name":"Zarz\u0105dzanie PANS w Kro\u015bnie","description":"Zarz\u0105dzanie - Pa\u0144stwowa Akademia Nauk Stosowanych","publisher":{"@id":"https:\/\/pans.krosno.pl\/zarzadzanie\/#organization"},"potentialAction":[{"@type":"SearchAction","target":{"@type":"EntryPoint","urlTemplate":"https:\/\/pans.krosno.pl\/zarzadzanie\/?s={search_term_string}"},"query-input":{"@type":"PropertyValueSpecification","valueRequired":true,"valueName":"search_term_string"}}],"inLanguage":"pl-PL"},{"@type":"Organization","@id":"https:\/\/pans.krosno.pl\/zarzadzanie\/#organization","name":"Zarz\u0105dzanie PANS w Kro\u015bnie","url":"https:\/\/pans.krosno.pl\/zarzadzanie\/","logo":{"@type":"ImageObject","inLanguage":"pl-PL","@id":"https:\/\/pans.krosno.pl\/zarzadzanie\/#\/schema\/logo\/image\/","url":"https:\/\/pans.krosno.pl\/zarzadzanie\/wp-content\/uploads\/sites\/31\/2023\/01\/Logo-PANS-2022-pelne.png","contentUrl":"https:\/\/pans.krosno.pl\/zarzadzanie\/wp-content\/uploads\/sites\/31\/2023\/01\/Logo-PANS-2022-pelne.png","width":3096,"height":696,"caption":"Zarz\u0105dzanie PANS w Kro\u015bnie"},"image":{"@id":"https:\/\/pans.krosno.pl\/zarzadzanie\/#\/schema\/logo\/image\/"}}]}},"_links":{"self":[{"href":"https:\/\/pans.krosno.pl\/zarzadzanie\/wp-json\/wp\/v2\/pages\/187","targetHints":{"allow":["GET"]}}],"collection":[{"href":"https:\/\/pans.krosno.pl\/zarzadzanie\/wp-json\/wp\/v2\/pages"}],"about":[{"href":"https:\/\/pans.krosno.pl\/zarzadzanie\/wp-json\/wp\/v2\/types\/page"}],"author":[{"embeddable":true,"href":"https:\/\/pans.krosno.pl\/zarzadzanie\/wp-json\/wp\/v2\/users\/27"}],"replies":[{"embeddable":true,"href":"https:\/\/pans.krosno.pl\/zarzadzanie\/wp-json\/wp\/v2\/comments?post=187"}],"version-history":[{"count":16,"href":"https:\/\/pans.krosno.pl\/zarzadzanie\/wp-json\/wp\/v2\/pages\/187\/revisions"}],"predecessor-version":[{"id":3163,"href":"https:\/\/pans.krosno.pl\/zarzadzanie\/wp-json\/wp\/v2\/pages\/187\/revisions\/3163"}],"wp:attachment":[{"href":"https:\/\/pans.krosno.pl\/zarzadzanie\/wp-json\/wp\/v2\/media?parent=187"}],"curies":[{"name":"wp","href":"https:\/\/api.w.org\/{rel}","templated":true}]}}