{"id":159,"date":"2020-06-01T20:55:21","date_gmt":"2020-06-01T18:55:21","guid":{"rendered":"https:\/\/pans.krosno.pl\/zarzadzanie-magisterskie\/?page_id=159"},"modified":"2025-07-23T09:09:58","modified_gmt":"2025-07-23T07:09:58","slug":"aktualnosci-zarzadzanie-mgr","status":"publish","type":"page","link":"https:\/\/pans.krosno.pl\/zarzadzanie-magisterskie\/aktualnosci-zarzadzanie-mgr\/","title":{"rendered":"Aktualno\u015bci"},"content":{"rendered":"\n<hr class=\"wp-block-separator has-css-opacity is-style-default\" \/>\n\n\n<ul class=\"wp-block-latest-posts__list has-dates wp-block-latest-posts\"><li><div class=\"wp-block-latest-posts__featured-image alignleft\"><img loading=\"lazy\" decoding=\"async\" width=\"150\" height=\"150\" src=\"https:\/\/pans.krosno.pl\/zarzadzanie-magisterskie\/wp-content\/uploads\/sites\/42\/2026\/04\/678416865_968819692170855_8295680569160156673_n-150x150.jpg\" class=\"attachment-thumbnail size-thumbnail wp-post-image\" alt=\"\" style=\"max-width:150px;max-height:150px;\" \/><\/div><a class=\"wp-block-latest-posts__post-title\" href=\"https:\/\/pans.krosno.pl\/zarzadzanie-magisterskie\/zaklad-zarzadzania-pans-na-miedzynarodowej-konferencji-naukowej-radom-2026\/\">Zak\u0142ad Zarz\u0105dzania PANS na Mi\u0119dzynarodowej Konferencji Naukowej \u2013 Radom 2026<\/a><time datetime=\"2026-04-24T12:00:00+02:00\" class=\"wp-block-latest-posts__post-date\">24 kwietnia 2026<\/time><div class=\"wp-block-latest-posts__post-excerpt\">W dniu 17 kwietnia 2026 r. w Akademii Handlowej Nauk Stosowanych w Radomiu odby\u0142a si\u0119 Mi\u0119dzynarodowa Konferencja Naukowa pt. \u201eSpo\u0142ecze\u0144stwo Przysz\u0142o\u015bci \u2013 Interdyscyplinarne Scenariusze Rozwoju. Celem konferencji by\u0142a integracja \u015brodowisk naukowych i praktyk\u00f3w oraz wymiana wiedzy, a tak\u017ce wsparcie innowacji i rozwoju kompetencji m\u0142odych badaczy. Zak\u0142ad Zarz\u0105dzania PANS w Kro\u015bnie reprezentowa\u0142 mgr \u0141ukasz Szerl\u0105g, kt\u00f3ry [\u2026] <div class=\"clear\"><\/div><a class=\"more_link clearfix\" href=\"https:\/\/pans.krosno.pl\/zarzadzanie-magisterskie\/zaklad-zarzadzania-pans-na-miedzynarodowej-konferencji-naukowej-radom-2026\/\" rel=\"nofollow\">Read More<\/a><\/div><\/li>\n<li><div class=\"wp-block-latest-posts__featured-image alignleft\"><img loading=\"lazy\" decoding=\"async\" width=\"150\" height=\"150\" src=\"https:\/\/pans.krosno.pl\/zarzadzanie-magisterskie\/wp-content\/uploads\/sites\/42\/2026\/04\/PANS-Kartka-Wielkanocna-1-150x150.png\" class=\"attachment-thumbnail size-thumbnail wp-post-image\" alt=\"\" style=\"max-width:150px;max-height:150px;\" \/><\/div><a class=\"wp-block-latest-posts__post-title\" href=\"https:\/\/pans.krosno.pl\/zarzadzanie-magisterskie\/zyczenia-z-okazji-swiat-wielkanocnych\/\">\u017byczenia z okazji \u015awi\u0105t Wielkanocnych<\/a><time datetime=\"2026-04-02T12:00:00+02:00\" class=\"wp-block-latest-posts__post-date\">2 kwietnia 2026<\/time><div class=\"wp-block-latest-posts__post-excerpt\"><\/div><\/li>\n<li><div class=\"wp-block-latest-posts__featured-image alignleft\"><img loading=\"lazy\" decoding=\"async\" width=\"150\" height=\"150\" src=\"https:\/\/pans.krosno.pl\/zarzadzanie-magisterskie\/wp-content\/uploads\/sites\/42\/2026\/03\/657390147_946900611029430_8572596609735164041_n-150x150.jpg\" class=\"attachment-thumbnail size-thumbnail wp-post-image\" alt=\"\" style=\"max-width:150px;max-height:150px;\" \/><\/div><a class=\"wp-block-latest-posts__post-title\" href=\"https:\/\/pans.krosno.pl\/zarzadzanie-magisterskie\/jak-wyglada-studiowanie-pans-w-zsp-nr-1-im-jana-szczepanika-w-krosnie\/\">Jak wygl\u0105da studiowanie? PANS w ZSP Nr 1 im. Jana Szczepanika w Kro\u015bnie<\/a><time datetime=\"2026-03-28T12:00:00+01:00\" class=\"wp-block-latest-posts__post-date\">28 marca 2026<\/time><div class=\"wp-block-latest-posts__post-excerpt\">Jak wygl\u0105da studiowanie? PANS w ZSP Nr 1 im. Jana Szczepanika w Kro\u015bnie Pracownicy Zak\u0142adu Zarz\u0105dzania Pa\u0144stwowej Akademii Nauk Stosowanych w Kro\u015bnie odwiedzili Zesp\u00f3\u0142 Szk\u00f3\u0142 Ponadpodstawowych Nr 1 im. Jana Szczepanika w Kro\u015bnie, gdzie spotkali si\u0119 z uczniami klas ko\u0144cz\u0105cych szko\u0142\u0119. W spotkaniu uczestniczy\u0142a p.o. Kierownika Zak\u0142adu Zarz\u0105dzania dr in\u017c. Ma\u0142gorzata Szeliga, kt\u00f3ra przedstawi\u0142a ofert\u0119 [\u2026] <div class=\"clear\"><\/div><a class=\"more_link clearfix\" href=\"https:\/\/pans.krosno.pl\/zarzadzanie-magisterskie\/jak-wyglada-studiowanie-pans-w-zsp-nr-1-im-jana-szczepanika-w-krosnie\/\" rel=\"nofollow\">Read More<\/a><\/div><\/li>\n<li><div class=\"wp-block-latest-posts__featured-image alignleft\"><img loading=\"lazy\" decoding=\"async\" width=\"150\" height=\"150\" src=\"https:\/\/pans.krosno.pl\/zarzadzanie-magisterskie\/wp-content\/uploads\/sites\/42\/2026\/03\/image-14-768x512-1-150x150.png\" class=\"attachment-thumbnail size-thumbnail wp-post-image\" alt=\"\" style=\"max-width:150px;max-height:150px;\" \/><\/div><a class=\"wp-block-latest-posts__post-title\" href=\"https:\/\/pans.krosno.pl\/zarzadzanie-magisterskie\/final-viii-edycji-mloda-strefa-biznesu\/\">FINA\u0141 VIII edycji \u201eM\u0141ODA STREFA BIZNESU\u201d<\/a><time datetime=\"2026-03-24T12:00:00+01:00\" class=\"wp-block-latest-posts__post-date\">24 marca 2026<\/time><div class=\"wp-block-latest-posts__post-excerpt\">FINA\u0141 VIII edycji \u201eM\u0141ODA STREFA BIZNESU\u201d \u2013 KONKURSU&nbsp; NA NAJLEPSZY PROJEKT W\u0141ASNEJ DZIA\u0141NO\u015aCI GOSPODARCZEJ W dniu 20 marca 2026 roku w Pa\u0144stwowej Akademii Nauk Stosowanych w Kro\u015bnie podczas XIII Targ\u00f3w Pracy odby\u0142 si\u0119 II etap konkursu \u201eM\u0141ODA STREFA BIZNESU\u201d na najlepszy projekt w\u0142asnej dzia\u0142alno\u015bci gospodarczej, zorganizowanego przez Zak\u0142ad Zarz\u0105dzania. Wydarzenie mia\u0142o na celu promocj\u0119 przedsi\u0119biorczo\u015bci, [\u2026] <div class=\"clear\"><\/div><a class=\"more_link clearfix\" href=\"https:\/\/pans.krosno.pl\/zarzadzanie-magisterskie\/final-viii-edycji-mloda-strefa-biznesu\/\" rel=\"nofollow\">Read More<\/a><\/div><\/li>\n<li><div class=\"wp-block-latest-posts__featured-image alignleft\"><img loading=\"lazy\" decoding=\"async\" width=\"150\" height=\"150\" src=\"https:\/\/pans.krosno.pl\/zarzadzanie-magisterskie\/wp-content\/uploads\/sites\/42\/2022\/01\/Logotyp-KPU-w-Krosnie-150x150.jpg\" class=\"attachment-thumbnail size-thumbnail wp-post-image\" alt=\"Logotyp KPU w Kro\u015bnie\" style=\"max-width:150px;max-height:150px;\" srcset=\"https:\/\/pans.krosno.pl\/zarzadzanie-magisterskie\/wp-content\/uploads\/sites\/42\/2022\/01\/Logotyp-KPU-w-Krosnie-150x150.jpg 150w, https:\/\/pans.krosno.pl\/zarzadzanie-magisterskie\/wp-content\/uploads\/sites\/42\/2022\/01\/Logotyp-KPU-w-Krosnie-80x80.jpg 80w\" sizes=\"auto, (max-width: 150px) 100vw, 150px\" \/><\/div><a class=\"wp-block-latest-posts__post-title\" href=\"https:\/\/pans.krosno.pl\/zarzadzanie-magisterskie\/wyniki-i-etapu-viii-konkursu-mloda-strefa-biznesu\/\">WYNIKI I ETAPU VIII KONKURSU \u201eM\u0141ODA STREFA BIZNESU\u201d<\/a><time datetime=\"2026-03-17T12:00:00+01:00\" class=\"wp-block-latest-posts__post-date\">17 marca 2026<\/time><div class=\"wp-block-latest-posts__post-excerpt\">WYNIKI I ETAPU VIII KONKURSU \u201eM\u0141ODA STREFA BIZNESU\u201dNA NAJLEPSZY PROJEKT W\u0141ASNEJ DZIA\u0141ALNO\u015aCI GOSPODARCZEJ Z przyjemno\u015bci\u0105 informujemy, \u017ce spo\u015br\u00f3d 36 nades\u0142anych prac do II etapu Konkursu na najlepszy projekt w\u0142asnej dzia\u0142alno\u015bci gospodarczej zakwalifikowa\u0142y si\u0119 prace: &#8211; w kategorii: ucze\u0144 szko\u0142y \u015bredniej &#8211; w kategorii: student Serdecznie gratulujemy! Jednocze\u015bnie przypominamy, \u017ce II etap konkursu nast\u0105pi 20 marca [\u2026] <div class=\"clear\"><\/div><a class=\"more_link clearfix\" href=\"https:\/\/pans.krosno.pl\/zarzadzanie-magisterskie\/wyniki-i-etapu-viii-konkursu-mloda-strefa-biznesu\/\" rel=\"nofollow\">Read More<\/a><\/div><\/li>\n<li><div class=\"wp-block-latest-posts__featured-image alignleft\"><img loading=\"lazy\" decoding=\"async\" width=\"150\" height=\"150\" src=\"https:\/\/pans.krosno.pl\/zarzadzanie-magisterskie\/wp-content\/uploads\/sites\/42\/2026\/02\/Bez-nazwy-150x150.jpg\" class=\"attachment-thumbnail size-thumbnail wp-post-image\" alt=\"\" style=\"max-width:150px;max-height:150px;\" \/><\/div><a class=\"wp-block-latest-posts__post-title\" href=\"https:\/\/pans.krosno.pl\/zarzadzanie-magisterskie\/kolejna-edycja-szkolenia-z-obslugi-programu-platnik-za-nami\/\">KOLEJNA EDYCJA SZKOLENIA Z OBS\u0141UGI PROGRAMU P\u0141ATNIK ZA NAMI<\/a><time datetime=\"2026-02-13T12:00:00+01:00\" class=\"wp-block-latest-posts__post-date\">13 lutego 2026<\/time><div class=\"wp-block-latest-posts__post-excerpt\">W dniu 13 lutego 2026 roku odby\u0142a si\u0119 kolejna edycja szkolenia pt. \u201e Zasady podlegania ubezpieczeniom spo\u0142ecznym i podstawy obs\u0142ugi programu P\u0142atnik&#8221; organizowana cyklicznie przez Zak\u0142ad Zarz\u0105dzania . Serdecznie dzi\u0119kujemy pracownikom ZUS Jas\u0142o i ZUS Krosno za przeprowadzenie praktycznych warsztat\u00f3w , kt\u00f3re pozwoli\u0142y studentom naby\u0107 umiej\u0119tno\u015bci niezb\u0119dnych w pracy w dzia\u0142ach kadrowo-p\u0142acowych w r\u00f3\u017cnych organizacjach [\u2026] <div class=\"clear\"><\/div><a class=\"more_link clearfix\" href=\"https:\/\/pans.krosno.pl\/zarzadzanie-magisterskie\/kolejna-edycja-szkolenia-z-obslugi-programu-platnik-za-nami\/\" rel=\"nofollow\">Read More<\/a><\/div><\/li>\n<li><div class=\"wp-block-latest-posts__featured-image alignleft\"><img loading=\"lazy\" decoding=\"async\" width=\"150\" height=\"150\" src=\"https:\/\/pans.krosno.pl\/zarzadzanie-magisterskie\/wp-content\/uploads\/sites\/42\/2022\/01\/Logotyp-KPU-w-Krosnie-150x150.jpg\" class=\"attachment-thumbnail size-thumbnail wp-post-image\" alt=\"Logotyp KPU w Kro\u015bnie\" style=\"max-width:150px;max-height:150px;\" srcset=\"https:\/\/pans.krosno.pl\/zarzadzanie-magisterskie\/wp-content\/uploads\/sites\/42\/2022\/01\/Logotyp-KPU-w-Krosnie-150x150.jpg 150w, https:\/\/pans.krosno.pl\/zarzadzanie-magisterskie\/wp-content\/uploads\/sites\/42\/2022\/01\/Logotyp-KPU-w-Krosnie-80x80.jpg 80w\" sizes=\"auto, (max-width: 150px) 100vw, 150px\" \/><\/div><a class=\"wp-block-latest-posts__post-title\" href=\"https:\/\/pans.krosno.pl\/zarzadzanie-magisterskie\/zaproszenie-na-konkurs-mloda-strefa-biznesu\/\">Zaproszenie na Konkurs &#8222;M\u0142oda Strefa Biznesu&#8221;<\/a><time datetime=\"2026-02-11T12:00:00+01:00\" class=\"wp-block-latest-posts__post-date\">11 lutego 2026<\/time><div class=\"wp-block-latest-posts__post-excerpt\">\u201eM\u0141ODA STREFA BIZNESU\u201d \u2013 VIII Konkurs na najlepszy projekt w\u0142asnej dzia\u0142alno\u015bci gospodarczej dla uczni\u00f3w szk\u00f3\u0142 ponadpodstawowych i student\u00f3w &nbsp;&nbsp;&nbsp;&nbsp;&nbsp;&nbsp;&nbsp;&nbsp;&nbsp;&nbsp;&nbsp; Wydarzenie ma na celu promocj\u0119 przedsi\u0119biorczo\u015bci, upowszechnianie postaw przedsi\u0119biorczych w\u015br\u00f3d uczni\u00f3w szk\u00f3\u0142 \u015brednich i student\u00f3w, rozwijanie umiej\u0119tno\u015bci pisania biznesplan\u00f3w, prezentacji w\u0142asnych pomys\u0142\u00f3w oraz doskonalenie znajomo\u015bci&nbsp; potrzeb lokalnego \u015brodowiska pracy. Konkurs odb\u0119dzie si\u0119 w dw\u00f3ch etapach. &nbsp;&nbsp;&nbsp;&nbsp;&nbsp; [\u2026] <div class=\"clear\"><\/div><a class=\"more_link clearfix\" href=\"https:\/\/pans.krosno.pl\/zarzadzanie-magisterskie\/zaproszenie-na-konkurs-mloda-strefa-biznesu\/\" rel=\"nofollow\">Read More<\/a><\/div><\/li>\n<li><div class=\"wp-block-latest-posts__featured-image alignleft\"><img loading=\"lazy\" decoding=\"async\" width=\"150\" height=\"150\" src=\"https:\/\/pans.krosno.pl\/zarzadzanie-magisterskie\/wp-content\/uploads\/sites\/42\/2026\/01\/image-1-150x150.png\" class=\"attachment-thumbnail size-thumbnail wp-post-image\" alt=\"\" style=\"max-width:150px;max-height:150px;\" srcset=\"https:\/\/pans.krosno.pl\/zarzadzanie-magisterskie\/wp-content\/uploads\/sites\/42\/2026\/01\/image-1-150x150.png 150w, https:\/\/pans.krosno.pl\/zarzadzanie-magisterskie\/wp-content\/uploads\/sites\/42\/2026\/01\/image-1-300x300.png 300w, https:\/\/pans.krosno.pl\/zarzadzanie-magisterskie\/wp-content\/uploads\/sites\/42\/2026\/01\/image-1-768x768.png 768w, https:\/\/pans.krosno.pl\/zarzadzanie-magisterskie\/wp-content\/uploads\/sites\/42\/2026\/01\/image-1-800x800.png 800w, https:\/\/pans.krosno.pl\/zarzadzanie-magisterskie\/wp-content\/uploads\/sites\/42\/2026\/01\/image-1-580x580.png 580w, https:\/\/pans.krosno.pl\/zarzadzanie-magisterskie\/wp-content\/uploads\/sites\/42\/2026\/01\/image-1.png 1024w\" sizes=\"auto, (max-width: 150px) 100vw, 150px\" \/><\/div><a class=\"wp-block-latest-posts__post-title\" href=\"https:\/\/pans.krosno.pl\/zarzadzanie-magisterskie\/nowa-kierownik-zakladu-zarzadzania-pans-w-krosnie\/\">Nowa kierownik Zak\u0142adu Zarz\u0105dzania PANS w Kro\u015bnie!\u00a0<\/a><time datetime=\"2026-01-28T14:12:28+01:00\" class=\"wp-block-latest-posts__post-date\">28 stycznia 2026<\/time><div class=\"wp-block-latest-posts__post-excerpt\">Informujemy, \u017ce obowi\u0105zki kierownika Zak\u0142adu Zarz\u0105dzania PANS w Kro\u015bnie pe\u0142ni dr in\u017c. Ma\u0142gorzata Szeliga. Pani Kierownik \u017cyczymy wielu sukces\u00f3w, satysfakcji z pracy oraz owocnego kierowania zak\u0142adem!<\/div><\/li>\n<li><div class=\"wp-block-latest-posts__featured-image alignleft\"><img loading=\"lazy\" decoding=\"async\" width=\"150\" height=\"150\" src=\"https:\/\/pans.krosno.pl\/zarzadzanie-magisterskie\/wp-content\/uploads\/sites\/42\/2026\/01\/task_01kfejp7wxffrswm1zm63vamqf_1768942173_img_0-150x150.jpg\" class=\"attachment-thumbnail size-thumbnail wp-post-image\" alt=\"\" style=\"max-width:150px;max-height:150px;\" \/><\/div><a class=\"wp-block-latest-posts__post-title\" href=\"https:\/\/pans.krosno.pl\/zarzadzanie-magisterskie\/ostatnie-pozegnanie\/\">Ostatnie po\u017cegnanie&#8230;<\/a><time datetime=\"2026-01-20T19:00:00+01:00\" class=\"wp-block-latest-posts__post-date\">20 stycznia 2026<\/time><div class=\"wp-block-latest-posts__post-excerpt\"><\/div><\/li>\n<li><div class=\"wp-block-latest-posts__featured-image alignleft\"><img loading=\"lazy\" decoding=\"async\" width=\"150\" height=\"150\" src=\"https:\/\/pans.krosno.pl\/zarzadzanie-magisterskie\/wp-content\/uploads\/sites\/42\/2026\/01\/600356414_874433204942838_4339211503764506665_n-150x150.jpg\" class=\"attachment-thumbnail size-thumbnail wp-post-image\" alt=\"\" style=\"max-width:150px;max-height:150px;\" \/><\/div><a class=\"wp-block-latest-posts__post-title\" href=\"https:\/\/pans.krosno.pl\/zarzadzanie-magisterskie\/vii-edycja-konkursu-o-nagrode-prezesa-agencji-rozwoju-przemyslu-s-a-na-najlepsza-prace-licencjacka-inzynierska-i-magisterska-kadry-dla-przemyslu\/\">VII edycja Konkursu o Nagrod\u0119 Prezesa Agencji Rozwoju Przemys\u0142u S.A. na najlepsz\u0105 prac\u0119 licencjack\u0105, in\u017cyniersk\u0105 i magistersk\u0105 \u201eKadry dla Przemys\u0142u\u201d<\/a><time datetime=\"2025-12-22T07:00:00+01:00\" class=\"wp-block-latest-posts__post-date\">22 grudnia 2025<\/time><div class=\"wp-block-latest-posts__post-excerpt\">Znacz\u0105ce osi\u0105gni\u0119cie tegorocznej absolwentki kierunku Zarz\u0105dzanie PANS w Kro\u015bnie Mgr Yuliia Bereza \u2013 tegoroczna absolwentka PANS w Kro\u015bnie (studia drugiego stopnia kierunku Zarz\u0105dzanie), znalaz\u0142a si\u0119 w gronie laureat\u00f3w VII edycji Konkursu o Nagrod\u0119 Prezesa Agencji Rozwoju Przemys\u0142u S.A. na najlepsz\u0105 prac\u0119 licencjack\u0105, in\u017cyniersk\u0105, magistersk\u0105 \u201eKadry dla Przemys\u0142u\u201d. Praca zatytu\u0142owana \u201eWp\u0142yw cyfryzacji proces\u00f3w produkcyjnych na efektywno\u015b\u0107 [\u2026] <div class=\"clear\"><\/div><a class=\"more_link clearfix\" href=\"https:\/\/pans.krosno.pl\/zarzadzanie-magisterskie\/vii-edycja-konkursu-o-nagrode-prezesa-agencji-rozwoju-przemyslu-s-a-na-najlepsza-prace-licencjacka-inzynierska-i-magisterska-kadry-dla-przemyslu\/\" rel=\"nofollow\">Read More<\/a><\/div><\/li>\n<li><div class=\"wp-block-latest-posts__featured-image alignleft\"><img loading=\"lazy\" decoding=\"async\" width=\"150\" height=\"150\" src=\"https:\/\/pans.krosno.pl\/zarzadzanie-magisterskie\/wp-content\/uploads\/sites\/42\/2026\/01\/okladka-150x150.jpg\" class=\"attachment-thumbnail size-thumbnail wp-post-image\" alt=\"\" style=\"max-width:150px;max-height:150px;\" \/><\/div><a class=\"wp-block-latest-posts__post-title\" href=\"https:\/\/pans.krosno.pl\/zarzadzanie-magisterskie\/zarzadzanie-organizacja-praktyka-perspektywy-wyzwania\/\">Zarz\u0105dzanie organizacj\u0105. Praktyka- Perspektywy- Wyzwania<\/a><time datetime=\"2025-12-15T07:00:00+01:00\" class=\"wp-block-latest-posts__post-date\">15 grudnia 2025<\/time><div class=\"wp-block-latest-posts__post-excerpt\">W dniu 12.11. 2025 roku nak\u0142adem Instytutu Naukowo- Wydawniczego SPATIUM ukaza\u0142a si\u0119 monografia wieloautorska pt. &#8221; Zarz\u0105dzanie organizacj\u0105. Praktyka- Perspektywy- Wyzwania&#8221; pod redakcj\u0105 naukow\u0105 Liliany Mierzwi\u0144skiej i Beaty Ujdy-Dy\u0144ki, w kt\u00f3rej zawarte s\u0105 artyku\u0142y pracownik\u00f3w naszej Uczelni, student\u00f3w, a tak\u017ce przedstawicieli otoczenia spo\u0142eczno-gospodarczego. Zgromadzone w niej artyku\u0142y obrazuj\u0105 szerokie spektrum zagadnie\u0144 zarz\u0105dczych &#8211; od finansowania [\u2026] <div class=\"clear\"><\/div><a class=\"more_link clearfix\" href=\"https:\/\/pans.krosno.pl\/zarzadzanie-magisterskie\/zarzadzanie-organizacja-praktyka-perspektywy-wyzwania\/\" rel=\"nofollow\">Read More<\/a><\/div><\/li>\n<li><div class=\"wp-block-latest-posts__featured-image alignleft\"><img loading=\"lazy\" decoding=\"async\" width=\"150\" height=\"150\" src=\"https:\/\/pans.krosno.pl\/zarzadzanie-magisterskie\/wp-content\/uploads\/sites\/42\/2021\/10\/PTZP-logo-150x150.jpg\" class=\"attachment-thumbnail size-thumbnail wp-post-image\" alt=\"\" style=\"max-width:150px;max-height:150px;\" srcset=\"https:\/\/pans.krosno.pl\/zarzadzanie-magisterskie\/wp-content\/uploads\/sites\/42\/2021\/10\/PTZP-logo-150x150.jpg 150w, https:\/\/pans.krosno.pl\/zarzadzanie-magisterskie\/wp-content\/uploads\/sites\/42\/2021\/10\/PTZP-logo-80x80.jpg 80w\" sizes=\"auto, (max-width: 150px) 100vw, 150px\" \/><\/div><a class=\"wp-block-latest-posts__post-title\" href=\"https:\/\/pans.krosno.pl\/zarzadzanie-magisterskie\/wyniki-ogolnopolskiego-konkursu-na-najlepsze-prace-dyplomowe-ptzp-odzial-podkarpacki\/\">Wyniki Og\u00f3lnopolskiego Konkursu na Najlepsze Prace Dyplomowe PTZP \u2013 odzia\u0142 Podkarpacki<\/a><time datetime=\"2025-11-04T12:11:43+01:00\" class=\"wp-block-latest-posts__post-date\">4 listopada 2025<\/time><div class=\"wp-block-latest-posts__post-excerpt\">Pierwsze miejsce:Autor pracy: Mateusz NowakTytu\u0142 pracy: &#8222;Zarz\u0105dzanie jako\u015bci\u0105 w przedsi\u0119biorstwach produkcyjnych z zastosowaniem Total Quality Management w wybranych przedsi\u0119biorstwach wojew\u00f3dztwa podkarpackiego&#8221; Komisja, bazuj\u0105c na przygotowanych recenzjach, wyr\u00f3\u017cni\u0142a trzy prace dyplomowe: I wyr\u00f3\u017cnienieAutor pracy: Bartosz Wi\u015bniowskiTytu\u0142 pracy: &#8222;Znaczenie innowacji w doskonaleniu proces\u00f3w produkcyjnych na przyk\u0142adzie wdro\u017cenia systemu 5S&#8221; II wyr\u00f3\u017cnienieAutor pracy: Magdalena Zajchowska-GwizdakTytu\u0142 pracy&#8221; &#8222;Rola kapita\u0142u [\u2026] <div class=\"clear\"><\/div><a class=\"more_link clearfix\" href=\"https:\/\/pans.krosno.pl\/zarzadzanie-magisterskie\/wyniki-ogolnopolskiego-konkursu-na-najlepsze-prace-dyplomowe-ptzp-odzial-podkarpacki\/\" rel=\"nofollow\">Read More<\/a><\/div><\/li>\n<li><div class=\"wp-block-latest-posts__featured-image alignleft\"><img loading=\"lazy\" decoding=\"async\" width=\"150\" height=\"150\" src=\"https:\/\/pans.krosno.pl\/zarzadzanie-magisterskie\/wp-content\/uploads\/sites\/42\/2022\/01\/Logotyp-KPU-w-Krosnie-150x150.jpg\" class=\"attachment-thumbnail size-thumbnail wp-post-image\" alt=\"\" style=\"max-width:150px;max-height:150px;\" srcset=\"https:\/\/pans.krosno.pl\/zarzadzanie-magisterskie\/wp-content\/uploads\/sites\/42\/2022\/01\/Logotyp-KPU-w-Krosnie-150x150.jpg 150w, https:\/\/pans.krosno.pl\/zarzadzanie-magisterskie\/wp-content\/uploads\/sites\/42\/2022\/01\/Logotyp-KPU-w-Krosnie-80x80.jpg 80w\" sizes=\"auto, (max-width: 150px) 100vw, 150px\" \/><\/div><a class=\"wp-block-latest-posts__post-title\" href=\"https:\/\/pans.krosno.pl\/zarzadzanie-magisterskie\/zaproszenie-na-ogolnopolska-konferencje-naukowa-bezpieczenstwo-ekonomiczne-i-finansowe-podmiotow-gospodarczych\/\">Zaproszenie na Og\u00f3lnopolsk\u0105 Konferencj\u0119 Naukow\u0105 &#8222;Bezpiecze\u0144stwo ekonomiczne i finansowe podmiot\u00f3w gospodarczych&#8221;<\/a><time datetime=\"2025-07-14T21:39:55+02:00\" class=\"wp-block-latest-posts__post-date\">14 lipca 2025<\/time><div class=\"wp-block-latest-posts__post-excerpt\">Szanowni\u00a0Pa\u0144stwo,Zak\u0142ad Zarz\u0105dzania Instytutu Gospodarki \u00a0zaprasza do udzia\u0142u w Og\u00f3lnopolskiej Konferencji Naukowej &#8222;Bezpiecze\u0144stwo ekonomiczne i finansowe podmiot\u00f3w gospodarczych&#8221;Konferencja odb\u0119dzie si\u0119 w dniu 10.10.2025 r. (pi\u0105tek) w godz. 10.00 \u2013 13.30 w formie hybrydowej, w Kampusie Politechnicznym Pa\u0144stwowej Akademii Nauk Stosowanych w Kro\u015bnie, ul. Jerzego Dmochowskiego 12. Uczestnictwo\u00a0w\u00a0konferencji\u00a0oraz\u00a0publikacja\u00a0artyku\u0142u\u00a0s\u0105\u00a0bezp\u0142atne.Szczeg\u00f3\u0142owe informacje odno\u015bnie konferencji i rejestracji zamieszczone s\u0105 z za\u0142\u0105czonym [\u2026] <div class=\"clear\"><\/div><a class=\"more_link clearfix\" href=\"https:\/\/pans.krosno.pl\/zarzadzanie-magisterskie\/zaproszenie-na-ogolnopolska-konferencje-naukowa-bezpieczenstwo-ekonomiczne-i-finansowe-podmiotow-gospodarczych\/\" rel=\"nofollow\">Read More<\/a><\/div><\/li>\n<li><div class=\"wp-block-latest-posts__featured-image alignleft\"><img loading=\"lazy\" decoding=\"async\" width=\"150\" height=\"150\" src=\"https:\/\/pans.krosno.pl\/zarzadzanie-magisterskie\/wp-content\/uploads\/sites\/42\/2025\/05\/projekt-22-150x150.jpg\" class=\"attachment-thumbnail size-thumbnail wp-post-image\" alt=\"\" style=\"max-width:150px;max-height:150px;\" srcset=\"https:\/\/pans.krosno.pl\/zarzadzanie-magisterskie\/wp-content\/uploads\/sites\/42\/2025\/05\/projekt-22-150x150.jpg 150w, https:\/\/pans.krosno.pl\/zarzadzanie-magisterskie\/wp-content\/uploads\/sites\/42\/2025\/05\/projekt-22-300x300.jpg 300w, https:\/\/pans.krosno.pl\/zarzadzanie-magisterskie\/wp-content\/uploads\/sites\/42\/2025\/05\/projekt-22-1024x1024.jpg 1024w, https:\/\/pans.krosno.pl\/zarzadzanie-magisterskie\/wp-content\/uploads\/sites\/42\/2025\/05\/projekt-22-768x768.jpg 768w, https:\/\/pans.krosno.pl\/zarzadzanie-magisterskie\/wp-content\/uploads\/sites\/42\/2025\/05\/projekt-22-1536x1536.jpg 1536w, https:\/\/pans.krosno.pl\/zarzadzanie-magisterskie\/wp-content\/uploads\/sites\/42\/2025\/05\/projekt-22-2000x2000.jpg 2000w, https:\/\/pans.krosno.pl\/zarzadzanie-magisterskie\/wp-content\/uploads\/sites\/42\/2025\/05\/projekt-22-800x800.jpg 800w, https:\/\/pans.krosno.pl\/zarzadzanie-magisterskie\/wp-content\/uploads\/sites\/42\/2025\/05\/projekt-22-580x580.jpg 580w, https:\/\/pans.krosno.pl\/zarzadzanie-magisterskie\/wp-content\/uploads\/sites\/42\/2025\/05\/projekt-22-80x80.jpg 80w, https:\/\/pans.krosno.pl\/zarzadzanie-magisterskie\/wp-content\/uploads\/sites\/42\/2025\/05\/projekt-22.jpg 2048w\" sizes=\"auto, (max-width: 150px) 100vw, 150px\" \/><\/div><a class=\"wp-block-latest-posts__post-title\" href=\"https:\/\/pans.krosno.pl\/zarzadzanie-magisterskie\/zarzadzanie-logistyczne-nowa-specjalnosc-na-studiach-licencjackich\/\">ZARZ\u0104DZANIE LOGISTYCZNE \u2013 nowa specjalno\u015b\u0107 na studiach licencjackich<\/a><time datetime=\"2025-05-15T10:27:31+02:00\" class=\"wp-block-latest-posts__post-date\">15 maja 2025<\/time><div class=\"wp-block-latest-posts__post-excerpt\">Od roku akademickiego 2025\/2026 na kierunku Zarz\u0105dzanie w Pa\u0144stwowej Akademii Nauk Stosownych w Kro\u015bnie planowane jest uruchomienie nowej specjalno\u015bci: ZARZ\u0104DZANIE LOGISTYCZNE (studia I stopnia \u2013 licencjackie). Specjalno\u015b\u0107 ta umo\u017cliwia zdobycie kompetencji pozwalaj\u0105cych na uczestniczenie w r\u00f3\u017cnorodnych projektach logistycznych, w tym dotycz\u0105cych opracowywania, organizowania i funkcjonowania proces\u00f3w logistycznych w obszarze zaopatrzenia, produkcji, przep\u0142ywu materia\u0142owego, magazynowania, dystrybucji, [\u2026] <div class=\"clear\"><\/div><a class=\"more_link clearfix\" href=\"https:\/\/pans.krosno.pl\/zarzadzanie-magisterskie\/zarzadzanie-logistyczne-nowa-specjalnosc-na-studiach-licencjackich\/\" rel=\"nofollow\">Read More<\/a><\/div><\/li>\n<li><div class=\"wp-block-latest-posts__featured-image alignleft\"><img loading=\"lazy\" decoding=\"async\" width=\"150\" height=\"150\" src=\"https:\/\/pans.krosno.pl\/zarzadzanie-magisterskie\/wp-content\/uploads\/sites\/42\/2025\/05\/DSCF4118-scaled-1-150x150.jpg\" class=\"attachment-thumbnail size-thumbnail wp-post-image\" alt=\"\" style=\"max-width:150px;max-height:150px;\" srcset=\"https:\/\/pans.krosno.pl\/zarzadzanie-magisterskie\/wp-content\/uploads\/sites\/42\/2025\/05\/DSCF4118-scaled-1-150x150.jpg 150w, https:\/\/pans.krosno.pl\/zarzadzanie-magisterskie\/wp-content\/uploads\/sites\/42\/2025\/05\/DSCF4118-scaled-1-80x80.jpg 80w\" sizes=\"auto, (max-width: 150px) 100vw, 150px\" \/><\/div><a class=\"wp-block-latest-posts__post-title\" href=\"https:\/\/pans.krosno.pl\/zarzadzanie-magisterskie\/konkurs-business-medical-english-challenge-rozstrzygniety\/\">Konkurs Business &amp; Medical English Challenge rozstrzygni\u0119ty!<\/a><time datetime=\"2025-05-12T09:39:40+02:00\" class=\"wp-block-latest-posts__post-date\">12 maja 2025<\/time><div class=\"wp-block-latest-posts__post-excerpt\">W Studium J\u0119zyk\u00f3w Obcych PANS w Kro\u015bnie zako\u0144czy\u0142y si\u0119 lingwistyczne zmagania student\u00f3w, kt\u00f3rzy bardzo licznie wzi\u0119li udzia\u0142 w konkursie j\u0119zyka angielskiego medycznego i biznesowego.To edukacyjne wyzwanie testuj\u0105ce fachow\u0105 wiedz\u0119 i praktyczne kompetencje uczestnik\u00f3w stanowi zwie\u0144czenie nauki na lektoratach j\u0119zyk\u00f3w specjalistycznych, kt\u00f3re s\u0105 obowi\u0105zkowym elementem tre\u015bci kszta\u0142cenia na ka\u017cdym kierunku naszej uczelni.Wszyscy bior\u0105cy udzia\u0142 w tym [\u2026] <div class=\"clear\"><\/div><a class=\"more_link clearfix\" href=\"https:\/\/pans.krosno.pl\/zarzadzanie-magisterskie\/konkurs-business-medical-english-challenge-rozstrzygniety\/\" rel=\"nofollow\">Read More<\/a><\/div><\/li>\n<li><div class=\"wp-block-latest-posts__featured-image alignleft\"><img loading=\"lazy\" decoding=\"async\" width=\"150\" height=\"150\" src=\"https:\/\/pans.krosno.pl\/zarzadzanie-magisterskie\/wp-content\/uploads\/sites\/42\/2025\/05\/w3-150x150.jpg\" class=\"attachment-thumbnail size-thumbnail wp-post-image\" alt=\"\" style=\"max-width:150px;max-height:150px;\" srcset=\"https:\/\/pans.krosno.pl\/zarzadzanie-magisterskie\/wp-content\/uploads\/sites\/42\/2025\/05\/w3-150x150.jpg 150w, https:\/\/pans.krosno.pl\/zarzadzanie-magisterskie\/wp-content\/uploads\/sites\/42\/2025\/05\/w3-80x80.jpg 80w\" sizes=\"auto, (max-width: 150px) 100vw, 150px\" \/><\/div><a class=\"wp-block-latest-posts__post-title\" href=\"https:\/\/pans.krosno.pl\/zarzadzanie-magisterskie\/ogolnopolskie-igrzyska-zarzadzania-projektami-w-sgh-warszawa\/\">Og\u00f3lnopolskie Igrzyska Zarz\u0105dzania Projektami w SGH Warszawa<\/a><time datetime=\"2025-05-07T14:29:46+02:00\" class=\"wp-block-latest-posts__post-date\">7 maja 2025<\/time><div class=\"wp-block-latest-posts__post-excerpt\">Serdeczne gratulacje dla studentek kierunku Zarz\u0105dzanie: Kingi Szubry, Jessiki Orzechowskiej, Gabrieli P\u0142odzie\u0144, Natalii Szewczyk i Bernadety Turczyn, kt\u00f3re w dniu 26 kwietnia wzi\u0119\u0142y udzia\u0142 w \u015bcis\u0142ym finale Og\u00f3lnopolskich Igrzysk Zarz\u0105dzania Projektami w Szkole G\u0142\u00f3wnej Handlowej w Warszawie. W finale stratowa\u0142o 10 dru\u017cyn z uczelni z ca\u0142ej Polski: Politechnika Wroc\u0142awska, Wy\u017csza Szko\u0142a Informatyki i Zarz\u0105dzania w [\u2026] <div class=\"clear\"><\/div><a class=\"more_link clearfix\" href=\"https:\/\/pans.krosno.pl\/zarzadzanie-magisterskie\/ogolnopolskie-igrzyska-zarzadzania-projektami-w-sgh-warszawa\/\" rel=\"nofollow\">Read More<\/a><\/div><\/li>\n<li><div class=\"wp-block-latest-posts__featured-image alignleft\"><img loading=\"lazy\" decoding=\"async\" width=\"150\" height=\"150\" src=\"https:\/\/pans.krosno.pl\/zarzadzanie-magisterskie\/wp-content\/uploads\/sites\/42\/2025\/03\/Badge-Finalistka-150x150.png\" class=\"attachment-thumbnail size-thumbnail wp-post-image\" alt=\"\" style=\"max-width:150px;max-height:150px;\" srcset=\"https:\/\/pans.krosno.pl\/zarzadzanie-magisterskie\/wp-content\/uploads\/sites\/42\/2025\/03\/Badge-Finalistka-150x150.png 150w, https:\/\/pans.krosno.pl\/zarzadzanie-magisterskie\/wp-content\/uploads\/sites\/42\/2025\/03\/Badge-Finalistka-300x300.png 300w, https:\/\/pans.krosno.pl\/zarzadzanie-magisterskie\/wp-content\/uploads\/sites\/42\/2025\/03\/Badge-Finalistka-1024x1024.png 1024w, https:\/\/pans.krosno.pl\/zarzadzanie-magisterskie\/wp-content\/uploads\/sites\/42\/2025\/03\/Badge-Finalistka-768x768.png 768w, https:\/\/pans.krosno.pl\/zarzadzanie-magisterskie\/wp-content\/uploads\/sites\/42\/2025\/03\/Badge-Finalistka-1536x1536.png 1536w, https:\/\/pans.krosno.pl\/zarzadzanie-magisterskie\/wp-content\/uploads\/sites\/42\/2025\/03\/Badge-Finalistka-2048x2048.png 2048w, https:\/\/pans.krosno.pl\/zarzadzanie-magisterskie\/wp-content\/uploads\/sites\/42\/2025\/03\/Badge-Finalistka-2000x2000.png 2000w, https:\/\/pans.krosno.pl\/zarzadzanie-magisterskie\/wp-content\/uploads\/sites\/42\/2025\/03\/Badge-Finalistka-800x800.png 800w, https:\/\/pans.krosno.pl\/zarzadzanie-magisterskie\/wp-content\/uploads\/sites\/42\/2025\/03\/Badge-Finalistka-580x580.png 580w, https:\/\/pans.krosno.pl\/zarzadzanie-magisterskie\/wp-content\/uploads\/sites\/42\/2025\/03\/Badge-Finalistka-80x80.png 80w\" sizes=\"auto, (max-width: 150px) 100vw, 150px\" \/><\/div><a class=\"wp-block-latest-posts__post-title\" href=\"https:\/\/pans.krosno.pl\/zarzadzanie-magisterskie\/sukces-studentek-zarzadzania\/\">SUKCES STUDENTEK ZARZ\u0104DZANIA !!!<\/a><time datetime=\"2025-03-24T16:16:51+01:00\" class=\"wp-block-latest-posts__post-date\">24 marca 2025<\/time><div class=\"wp-block-latest-posts__post-excerpt\">Dru\u017cyna studentek studi\u00f3w I i II stopnia na kierunku Zarz\u0105dzanie o nazwie PI- emki w sk\u0142adzie: Kinga Szubra, Natalia Szewczyk, Bernadeta Turczyn, Gabriela P\u0142odzie\u0144 i Jessica Orzechowska zakwalifikowa\u0142y si\u0119 do \u015bcis\u0142ego fina\u0142u Og\u00f3lnopolskich Uczelnianych Igrzysk Zarz\u0105dzania Projektami PMI PC, kt\u00f3ry odb\u0119dzie si\u0119 w dniu 26 kwietnia w Szkole G\u0142\u00f3wnej Handlowej w Warszawie. W dniu 15 [\u2026] <div class=\"clear\"><\/div><a class=\"more_link clearfix\" href=\"https:\/\/pans.krosno.pl\/zarzadzanie-magisterskie\/sukces-studentek-zarzadzania\/\" rel=\"nofollow\">Read More<\/a><\/div><\/li>\n<li><div class=\"wp-block-latest-posts__featured-image alignleft\"><img loading=\"lazy\" decoding=\"async\" width=\"150\" height=\"150\" src=\"https:\/\/pans.krosno.pl\/zarzadzanie-magisterskie\/wp-content\/uploads\/sites\/42\/2022\/01\/Logotyp-KPU-w-Krosnie-150x150.jpg\" class=\"attachment-thumbnail size-thumbnail wp-post-image\" alt=\"\" style=\"max-width:150px;max-height:150px;\" srcset=\"https:\/\/pans.krosno.pl\/zarzadzanie-magisterskie\/wp-content\/uploads\/sites\/42\/2022\/01\/Logotyp-KPU-w-Krosnie-150x150.jpg 150w, https:\/\/pans.krosno.pl\/zarzadzanie-magisterskie\/wp-content\/uploads\/sites\/42\/2022\/01\/Logotyp-KPU-w-Krosnie-80x80.jpg 80w\" sizes=\"auto, (max-width: 150px) 100vw, 150px\" \/><\/div><a class=\"wp-block-latest-posts__post-title\" href=\"https:\/\/pans.krosno.pl\/zarzadzanie-magisterskie\/wyniki-i-etapu-vii-konkursu-mloda-strefa-biznesuna-najlepszy-projekt-wlasnej-dzialalnosci-gospodarczej\/\">WYNIKI I ETAPU VII KONKURSU \u201eM\u0141ODA STREFA BIZNESU\u201dNA NAJLEPSZY PROJEKT W\u0141ASNEJ DZIA\u0141ALNO\u015aCI GOSPODARCZEJ<\/a><time datetime=\"2025-03-18T14:16:44+01:00\" class=\"wp-block-latest-posts__post-date\">18 marca 2025<\/time><div class=\"wp-block-latest-posts__post-excerpt\">Z przyjemno\u015bci\u0105 informujemy, \u017ce spo\u015br\u00f3d 53 nades\u0142anych&nbsp; prac do II etapu Konkursu na najlepszy projekt w\u0142asnej dzia\u0142alno\u015bci gospodarczej zakwalifikowa\u0142y si\u0119 prace: &#8211; w kategorii: ucze\u0144 szko\u0142y \u015bredniej &#8211; w kategorii: student Serdecznie gratulujemy! Jednocze\u015bnie przypominamy, \u017ce II etap konkursu nast\u0105pi 21 marca 2025 r. o godz. 9.45 w Pa\u0144stwowej Akademii Nauk Stosowanych w Kro\u015bnie przy [\u2026] <div class=\"clear\"><\/div><a class=\"more_link clearfix\" href=\"https:\/\/pans.krosno.pl\/zarzadzanie-magisterskie\/wyniki-i-etapu-vii-konkursu-mloda-strefa-biznesuna-najlepszy-projekt-wlasnej-dzialalnosci-gospodarczej\/\" rel=\"nofollow\">Read More<\/a><\/div><\/li>\n<li><div class=\"wp-block-latest-posts__featured-image alignleft\"><img loading=\"lazy\" decoding=\"async\" width=\"150\" height=\"150\" src=\"https:\/\/pans.krosno.pl\/zarzadzanie-magisterskie\/wp-content\/uploads\/sites\/42\/2025\/03\/FA_logo-150x150.jpg\" class=\"attachment-thumbnail size-thumbnail wp-post-image\" alt=\"\" style=\"max-width:150px;max-height:150px;\" srcset=\"https:\/\/pans.krosno.pl\/zarzadzanie-magisterskie\/wp-content\/uploads\/sites\/42\/2025\/03\/FA_logo-150x150.jpg 150w, https:\/\/pans.krosno.pl\/zarzadzanie-magisterskie\/wp-content\/uploads\/sites\/42\/2025\/03\/FA_logo-80x80.jpg 80w\" sizes=\"auto, (max-width: 150px) 100vw, 150px\" \/><\/div><a class=\"wp-block-latest-posts__post-title\" href=\"https:\/\/pans.krosno.pl\/zarzadzanie-magisterskie\/fa-krosno-sponsorem-vii-edycji-konkursu-mloda-strefa-biznesu\/\">FA Krosno sponsorem VII edycji konkursu M\u0142oda Strefa Biznesu<\/a><time datetime=\"2025-03-07T12:28:28+01:00\" class=\"wp-block-latest-posts__post-date\">7 marca 2025<\/time><div class=\"wp-block-latest-posts__post-excerpt\">W dniu 21 marca&nbsp; odb\u0119dzie si\u0119 fina\u0142 VII edycji konkursu M\u0142oda Strefa Biznesu na najlepszy projekt dzia\u0142alno\u015bci gospodarczej w kategoriach: student i ucze\u0144. Z przyjemno\u015bci\u0105 przedstawiamy jednego z naszych sponsor\u00f3w. FA Krosno to firma z wieloletnim do\u015bwiadczeniem w produkcji spr\u0119\u017cyn gazowych. Nowoczesne metody produkcji i ci\u0105g\u0142e inwestycje w zautomatyzowane linie produkcyjne pozwoli\u0142y sprosta\u0107 oczekiwaniom nawet [\u2026] <div class=\"clear\"><\/div><a class=\"more_link clearfix\" href=\"https:\/\/pans.krosno.pl\/zarzadzanie-magisterskie\/fa-krosno-sponsorem-vii-edycji-konkursu-mloda-strefa-biznesu\/\" rel=\"nofollow\">Read More<\/a><\/div><\/li>\n<li><div class=\"wp-block-latest-posts__featured-image alignleft\"><img loading=\"lazy\" decoding=\"async\" width=\"150\" height=\"150\" src=\"https:\/\/pans.krosno.pl\/zarzadzanie-magisterskie\/wp-content\/uploads\/sites\/42\/2021\/10\/PTZP-logo-150x150.jpg\" class=\"attachment-thumbnail size-thumbnail wp-post-image\" alt=\"\" style=\"max-width:150px;max-height:150px;\" srcset=\"https:\/\/pans.krosno.pl\/zarzadzanie-magisterskie\/wp-content\/uploads\/sites\/42\/2021\/10\/PTZP-logo-150x150.jpg 150w, https:\/\/pans.krosno.pl\/zarzadzanie-magisterskie\/wp-content\/uploads\/sites\/42\/2021\/10\/PTZP-logo-80x80.jpg 80w\" sizes=\"auto, (max-width: 150px) 100vw, 150px\" \/><\/div><a class=\"wp-block-latest-posts__post-title\" href=\"https:\/\/pans.krosno.pl\/zarzadzanie-magisterskie\/1439-2\/\">Sukces absolwent\u00f3w kierunku Zarz\u0105dzanie PANS Krosno<\/a><time datetime=\"2025-02-06T17:43:59+01:00\" class=\"wp-block-latest-posts__post-date\">6 lutego 2025<\/time><div class=\"wp-block-latest-posts__post-excerpt\">W dniu 24.01.2025 r. odby\u0142a si\u0119 uroczysto\u015b\u0107 wr\u0119czenia dyplom\u00f3w Laureatom Og\u00f3lnopolskiego Konkursu Najlepszych Prac Dyplomowych p. Natalii Pietrasz \u2013 I Miejsce w konkursie i Wojciechowi Tkaczykowi \u2013 wyr\u00f3\u017cnienie I stopnia. W za\u0142\u0105czeniu zaprezentowana jest pe\u0142na lista laureat\u00f3w.<\/div><\/li>\n<li><div class=\"wp-block-latest-posts__featured-image alignleft\"><img loading=\"lazy\" decoding=\"async\" width=\"150\" height=\"150\" src=\"https:\/\/pans.krosno.pl\/zarzadzanie-magisterskie\/wp-content\/uploads\/sites\/42\/2022\/01\/Logotyp-KPU-w-Krosnie-150x150.jpg\" class=\"attachment-thumbnail size-thumbnail wp-post-image\" alt=\"Logotyp KPU w Kro\u015bnie\" style=\"max-width:150px;max-height:150px;\" srcset=\"https:\/\/pans.krosno.pl\/zarzadzanie-magisterskie\/wp-content\/uploads\/sites\/42\/2022\/01\/Logotyp-KPU-w-Krosnie-150x150.jpg 150w, https:\/\/pans.krosno.pl\/zarzadzanie-magisterskie\/wp-content\/uploads\/sites\/42\/2022\/01\/Logotyp-KPU-w-Krosnie-80x80.jpg 80w\" sizes=\"auto, (max-width: 150px) 100vw, 150px\" \/><\/div><a class=\"wp-block-latest-posts__post-title\" href=\"https:\/\/pans.krosno.pl\/zarzadzanie-magisterskie\/zapraszamy-uczniow-i-studentow-do-udzialu-w-vii-konkursie-mloda-strefa-biznesu-na-najlepszy-projekt-wlasnej-dzialalnosci-gospodarcze\/\">Zapraszamy uczni\u00f3w i student\u00f3w do udzia\u0142u w VII konkursie \u201eM\u0141ODA STREFA BIZNESU\u201d na najlepszy projekt w\u0142asnej dzia\u0142alno\u015bci gospodarcze<\/a><time datetime=\"2025-01-21T14:53:01+01:00\" class=\"wp-block-latest-posts__post-date\">21 stycznia 2025<\/time><div class=\"wp-block-latest-posts__post-excerpt\">Konkurs\u00a0odb\u0119dzie\u00a0si\u0119\u00a0w\u00a0dw\u00f3ch\u00a0etapach.ETAP\u00a0I\u00a0:a) \u00a0\u00a0\u00a0Przes\u0142anie zg\u0142oszenia do 5 marca 2025 r. (na adres: konkursMSB@pans.krosno.pl).b)\u00a0\u00a0\u00a0\u00a0Przesy\u0142anie\u00a0prac\u00a0konkursowych\u00a0do\u00a014\u00a0marca\u00a02025\u00a0r.\u00a0na\u00a0powy\u017cszy\u00a0adres.c) \u00a0\u00a0\u00a0Ocena merytoryczna prac przez zesp\u00f3\u0142 ekspert\u00f3w (kryteria oceny pracy: innowacyjno\u015b\u0107 pomys\u0142u, realno\u015b\u0107 przyj\u0119tych za\u0142o\u017ce\u0144, wiarygodno\u015b\u0107 parametr\u00f3w finansowych, umiej\u0119tno\u015b\u0107 prezentacji pomys\u0142u).d) \u00a0\u00a0\u00a0Wy\u0142onienie dziesi\u0119ciu najlepszych prac do etapu II \u2013 17 marca 2025 r. (pi\u0119\u0107 prac uczni\u00f3w szk\u00f3\u0142 \u015brednich oraz pi\u0119\u0107 prac student\u00f3w).ETAP\u00a0II\u00a0&#8211;\u00a021\u00a0marca\u00a02025\u00a0r.a) \u00a0\u00a0\u00a0Prezentacja 10 najlepszych [\u2026] <div class=\"clear\"><\/div><a class=\"more_link clearfix\" href=\"https:\/\/pans.krosno.pl\/zarzadzanie-magisterskie\/zapraszamy-uczniow-i-studentow-do-udzialu-w-vii-konkursie-mloda-strefa-biznesu-na-najlepszy-projekt-wlasnej-dzialalnosci-gospodarcze\/\" rel=\"nofollow\">Read More<\/a><\/div><\/li>\n<li><div class=\"wp-block-latest-posts__featured-image alignleft\"><img loading=\"lazy\" decoding=\"async\" width=\"150\" height=\"150\" src=\"https:\/\/pans.krosno.pl\/zarzadzanie-magisterskie\/wp-content\/uploads\/sites\/42\/2022\/01\/Logotyp-KPU-w-Krosnie-150x150.jpg\" class=\"attachment-thumbnail size-thumbnail wp-post-image\" alt=\"Logotyp KPU w Kro\u015bnie\" style=\"max-width:150px;max-height:150px;\" srcset=\"https:\/\/pans.krosno.pl\/zarzadzanie-magisterskie\/wp-content\/uploads\/sites\/42\/2022\/01\/Logotyp-KPU-w-Krosnie-150x150.jpg 150w, https:\/\/pans.krosno.pl\/zarzadzanie-magisterskie\/wp-content\/uploads\/sites\/42\/2022\/01\/Logotyp-KPU-w-Krosnie-80x80.jpg 80w\" sizes=\"auto, (max-width: 150px) 100vw, 150px\" \/><\/div><a class=\"wp-block-latest-posts__post-title\" href=\"https:\/\/pans.krosno.pl\/zarzadzanie-magisterskie\/spotkania-z-biznesem-w-pans-w-krosnie\/\">\u201eSPOTKANIA Z BIZNESEM W PANS W KRO\u015aNIE&#8221;<\/a><time datetime=\"2024-12-03T14:14:13+01:00\" class=\"wp-block-latest-posts__post-date\">3 grudnia 2024<\/time><div class=\"wp-block-latest-posts__post-excerpt\">W ramach \u015awiatowego Tygodnia Przedsi\u0119biorczo\u015bci odbywaj\u0105cego si\u0119 w tym roku pod has\u0142em \u201ePrzedsi\u0119biorczo\u015b\u0107 dla ka\u017cdego&#8221; w dniu 22 listopada Zak\u0142ad Zarz\u0105dzania go\u015bci\u0142 uczni\u00f3w Zespo\u0142u Szk\u00f3\u0142 Elektrycznych i Og\u00f3lnokszta\u0142c\u0105cych w Kro\u015bnie.\u00a0 W ramach dwudniowego wydarzenia organizowanego przez Zak\u0142ad Marketingu, SKN Medialni,\u00a0 Zak\u0142ad Zarz\u0105dzania oraz SKN Organizacji i Zarz\u0105dzania w ubieg\u0142y pi\u0105tek odby\u0142y si\u0119 zaj\u0119cia warsztatowe realizowane [\u2026] <div class=\"clear\"><\/div><a class=\"more_link clearfix\" href=\"https:\/\/pans.krosno.pl\/zarzadzanie-magisterskie\/spotkania-z-biznesem-w-pans-w-krosnie\/\" rel=\"nofollow\">Read More<\/a><\/div><\/li>\n<li><div class=\"wp-block-latest-posts__featured-image alignleft\"><img loading=\"lazy\" decoding=\"async\" width=\"150\" height=\"150\" src=\"https:\/\/pans.krosno.pl\/zarzadzanie-magisterskie\/wp-content\/uploads\/sites\/42\/2022\/01\/Logotyp-KPU-w-Krosnie-150x150.jpg\" class=\"attachment-thumbnail size-thumbnail wp-post-image\" alt=\"Logotyp KPU w Kro\u015bnie\" style=\"max-width:150px;max-height:150px;\" srcset=\"https:\/\/pans.krosno.pl\/zarzadzanie-magisterskie\/wp-content\/uploads\/sites\/42\/2022\/01\/Logotyp-KPU-w-Krosnie-150x150.jpg 150w, https:\/\/pans.krosno.pl\/zarzadzanie-magisterskie\/wp-content\/uploads\/sites\/42\/2022\/01\/Logotyp-KPU-w-Krosnie-80x80.jpg 80w\" sizes=\"auto, (max-width: 150px) 100vw, 150px\" \/><\/div><a class=\"wp-block-latest-posts__post-title\" href=\"https:\/\/pans.krosno.pl\/zarzadzanie-magisterskie\/podsumowanie-dzialalnosci-kola-naukowego-organizacji-i-zarzadzania-2023-2024\/\">PODSUMOWANIE DZIA\u0141ALNO\u015aCI KO\u0141A NAUKOWEGO ORGANIZACJI I ZARZ\u0104DZANIA 2023\/2024<\/a><time datetime=\"2024-07-11T15:16:07+02:00\" class=\"wp-block-latest-posts__post-date\">11 lipca 2024<\/time><div class=\"wp-block-latest-posts__post-excerpt\">Rok akademicki 2023\/2024 by\u0142 intensywny dla Ko\u0142a Naukowego Organizacji i Zarz\u0105dzania. W grudniu Cz\u0142onkowie Ko\u0142a Naukowego Organizacji i Zarz\u0105dzania wraz z innymi ko\u0142ami naukowymi zaanga\u017cowali si\u0119 w zbi\u00f3rk\u0119 na Schronisko dla Zwierz\u0105t &#8222;Weso\u0142y Kundelek&#8221; w Lesku. 13 stycznia 2024 roku Jessica Orzechowska wraz z Gabriel\u0105 P\u0142odzie\u0144 wzi\u0119\u0142y udzia\u0142 w II Og\u00f3lnopolskiej Konferencji Naukowej pt. \u201eProblemy [\u2026] <div class=\"clear\"><\/div><a class=\"more_link clearfix\" href=\"https:\/\/pans.krosno.pl\/zarzadzanie-magisterskie\/podsumowanie-dzialalnosci-kola-naukowego-organizacji-i-zarzadzania-2023-2024\/\" rel=\"nofollow\">Read More<\/a><\/div><\/li>\n<li><div class=\"wp-block-latest-posts__featured-image alignleft\"><img loading=\"lazy\" decoding=\"async\" width=\"150\" height=\"150\" src=\"https:\/\/pans.krosno.pl\/zarzadzanie-magisterskie\/wp-content\/uploads\/sites\/42\/2024\/07\/revas-1-150x150.jpg\" class=\"attachment-thumbnail size-thumbnail wp-post-image\" alt=\"\" style=\"max-width:150px;max-height:150px;\" srcset=\"https:\/\/pans.krosno.pl\/zarzadzanie-magisterskie\/wp-content\/uploads\/sites\/42\/2024\/07\/revas-1-150x150.jpg 150w, https:\/\/pans.krosno.pl\/zarzadzanie-magisterskie\/wp-content\/uploads\/sites\/42\/2024\/07\/revas-1-300x298.jpg 300w, https:\/\/pans.krosno.pl\/zarzadzanie-magisterskie\/wp-content\/uploads\/sites\/42\/2024\/07\/revas-1-580x576.jpg 580w, https:\/\/pans.krosno.pl\/zarzadzanie-magisterskie\/wp-content\/uploads\/sites\/42\/2024\/07\/revas-1-80x80.jpg 80w, https:\/\/pans.krosno.pl\/zarzadzanie-magisterskie\/wp-content\/uploads\/sites\/42\/2024\/07\/revas-1.jpg 638w\" sizes=\"auto, (max-width: 150px) 100vw, 150px\" \/><\/div><a class=\"wp-block-latest-posts__post-title\" href=\"https:\/\/pans.krosno.pl\/zarzadzanie-magisterskie\/nasz-zespol-travelpans-w-najlepszej-20-stce-w-polsce\/\">NASZ ZESP\u00d3\u0141 TRAVELPANS W NAJLEPSZEJ 20-STCE W POLSCE!<\/a><time datetime=\"2024-07-08T13:49:21+02:00\" class=\"wp-block-latest-posts__post-date\">8 lipca 2024<\/time><div class=\"wp-block-latest-posts__post-excerpt\">Po emocjonuj\u0105cych tygodniach rywalizacji w ramach Akademickich Mistrzostw Mened\u017cerskich zako\u0144czy\u0142a si\u0119 rozgrywka eliminacyjna. Jak wcze\u015bniej wspominali\u015bmy rozgrywkach online wzi\u0119\u0142o udzia\u0142 195 zespo\u0142\u00f3w z 86 uczelni z ca\u0142ej Polski. Studenci, wcielaj\u0105c si\u0119 w rol\u0119 w\u0142a\u015bcicieli wirtualnych biur podr\u00f3\u017cy, podejmowali realistyczne decyzje biznesowe, stawiaj\u0105c czo\u0142a dynamicznie zmieniaj\u0105cym si\u0119 warunkom rynkowym. Ponad miesi\u0105c, z ogromnym zaanga\u017cowaniem, dru\u017cyny zarz\u0105dza\u0142y [\u2026] <div class=\"clear\"><\/div><a class=\"more_link clearfix\" href=\"https:\/\/pans.krosno.pl\/zarzadzanie-magisterskie\/nasz-zespol-travelpans-w-najlepszej-20-stce-w-polsce\/\" rel=\"nofollow\">Read More<\/a><\/div><\/li>\n<li><div class=\"wp-block-latest-posts__featured-image alignleft\"><img loading=\"lazy\" decoding=\"async\" width=\"150\" height=\"150\" src=\"https:\/\/pans.krosno.pl\/zarzadzanie-magisterskie\/wp-content\/uploads\/sites\/42\/2024\/06\/plakat-2024-finalny-150x150.png\" class=\"attachment-thumbnail size-thumbnail wp-post-image\" alt=\"\" style=\"max-width:150px;max-height:150px;\" srcset=\"https:\/\/pans.krosno.pl\/zarzadzanie-magisterskie\/wp-content\/uploads\/sites\/42\/2024\/06\/plakat-2024-finalny-150x150.png 150w, https:\/\/pans.krosno.pl\/zarzadzanie-magisterskie\/wp-content\/uploads\/sites\/42\/2024\/06\/plakat-2024-finalny-80x80.png 80w\" sizes=\"auto, (max-width: 150px) 100vw, 150px\" \/><\/div><a class=\"wp-block-latest-posts__post-title\" href=\"https:\/\/pans.krosno.pl\/zarzadzanie-magisterskie\/studentka-kierunku-zarzadzanie-wykonala-projekty-promujace-kierunek\/\">Studentka kierunku Zarz\u0105dzanie wykona\u0142a projekty promuj\u0105ce kierunek<\/a><time datetime=\"2024-06-23T13:24:12+02:00\" class=\"wp-block-latest-posts__post-date\">23 czerwca 2024<\/time><div class=\"wp-block-latest-posts__post-excerpt\">Studentka II roku kierunku Zarz\u0105dzanie Natalia Szewczyk wykona\u0142a projekty plakat\u00f3w promuj\u0105cych kierunek. Projekty zosta\u0142y wykorzystane do promocji kierunku Zarz\u0105dzanie w mediach spo\u0142eczno\u015bciowych. Serdecznie dzi\u0119kujemy! Autorka plakat\u00f3w: Natalia Szewczyk &#8211; studentka II roku kierunku Zarz\u0105dzanie<\/div><\/li>\n<li><div class=\"wp-block-latest-posts__featured-image alignleft\"><img loading=\"lazy\" decoding=\"async\" width=\"150\" height=\"150\" src=\"https:\/\/pans.krosno.pl\/zarzadzanie-magisterskie\/wp-content\/uploads\/sites\/42\/2024\/04\/konkurs-150x150.png\" class=\"attachment-thumbnail size-thumbnail wp-post-image\" alt=\"\" style=\"max-width:150px;max-height:150px;\" srcset=\"https:\/\/pans.krosno.pl\/zarzadzanie-magisterskie\/wp-content\/uploads\/sites\/42\/2024\/04\/konkurs-150x150.png 150w, https:\/\/pans.krosno.pl\/zarzadzanie-magisterskie\/wp-content\/uploads\/sites\/42\/2024\/04\/konkurs-80x80.png 80w\" sizes=\"auto, (max-width: 150px) 100vw, 150px\" \/><\/div><a class=\"wp-block-latest-posts__post-title\" href=\"https:\/\/pans.krosno.pl\/zarzadzanie-magisterskie\/akademickie-mistrzostwa-menedzerskie\/\">Akademickie Mistrzostwa Mened\u017cerskie<\/a><time datetime=\"2024-04-22T12:35:20+02:00\" class=\"wp-block-latest-posts__post-date\">22 kwietnia 2024<\/time><div class=\"wp-block-latest-posts__post-excerpt\">Rozpocz\u0105\u0142 si\u0119 konkurs Akademickie Mistrzostwa Mened\u017cerskie. W rywalizacji online bierze udzia\u0142 195 zespo\u0142\u00f3w z 86 uczelni z ca\u0142ej Polski! Rozgrywka potrwa 5 tygodni. W tym czasie ka\u017cda dru\u017cyna zarz\u0105dza wirtualnym Biurem podr\u00f3\u017cy i walczy o miejsce w Wielkim Finale! Fina\u0142 Konkursu odb\u0119dzie si\u0119\u00a012 czerwca 2024 r.\u00a0w\u00a0Warszawie. Na najlepsze Zespo\u0142y czekaj\u0105 atrakcyjne nagrody pieni\u0119\u017cne: 6000 z\u0142 [\u2026] <div class=\"clear\"><\/div><a class=\"more_link clearfix\" href=\"https:\/\/pans.krosno.pl\/zarzadzanie-magisterskie\/akademickie-mistrzostwa-menedzerskie\/\" rel=\"nofollow\">Read More<\/a><\/div><\/li>\n<li><div class=\"wp-block-latest-posts__featured-image alignleft\"><img loading=\"lazy\" decoding=\"async\" width=\"150\" height=\"150\" src=\"https:\/\/pans.krosno.pl\/zarzadzanie-magisterskie\/wp-content\/uploads\/sites\/42\/2022\/01\/Logotyp-KPU-w-Krosnie-150x150.jpg\" class=\"attachment-thumbnail size-thumbnail wp-post-image\" alt=\"\" style=\"max-width:150px;max-height:150px;\" srcset=\"https:\/\/pans.krosno.pl\/zarzadzanie-magisterskie\/wp-content\/uploads\/sites\/42\/2022\/01\/Logotyp-KPU-w-Krosnie-150x150.jpg 150w, https:\/\/pans.krosno.pl\/zarzadzanie-magisterskie\/wp-content\/uploads\/sites\/42\/2022\/01\/Logotyp-KPU-w-Krosnie-80x80.jpg 80w\" sizes=\"auto, (max-width: 150px) 100vw, 150px\" \/><\/div><a class=\"wp-block-latest-posts__post-title\" href=\"https:\/\/pans.krosno.pl\/zarzadzanie-magisterskie\/final-vi-edycji-mloda-strefa-biznesu-konkursu-na-najlepszy-projekt-wlasnej-dzialalnosci-gospodarczej\/\">FINA\u0141 VI edycji \u201eM\u0141ODA STREFA BIZNESU\u201d \u2013KONKURSU\u00a0 NA NAJLEPSZY PROJEKT W\u0141ASNEJ DZIA\u0141ALNO\u015aCI GOSPODARCZEJ<\/a><time datetime=\"2024-03-14T12:05:45+01:00\" class=\"wp-block-latest-posts__post-date\">14 marca 2024<\/time><div class=\"wp-block-latest-posts__post-excerpt\">W dniu 8 marca 2024 roku w Pa\u0144stwowej Akademii Nauk Stosowanych w Kro\u015bnie podczas XI Targ\u00f3w Pracy odby\u0142 si\u0119 II etap konkursu \u201eM\u0141ODA STREFA BIZNESU\u201d na najlepszy projekt w\u0142asnej dzia\u0142alno\u015bci gospodarczej, zorganizowanego przez Zak\u0142ad Zarz\u0105dzania. Wydarzenie mia\u0142o na celu promocj\u0119 przedsi\u0119biorczo\u015bci, upowszechnianie postaw przedsi\u0119biorczych w\u015br\u00f3d uczni\u00f3w szk\u00f3\u0142 ponadpodstawowych i student\u00f3w, rozwijanie umiej\u0119tno\u015bci pisania biznesplan\u00f3w, prezentacji [\u2026] <div class=\"clear\"><\/div><a class=\"more_link clearfix\" href=\"https:\/\/pans.krosno.pl\/zarzadzanie-magisterskie\/final-vi-edycji-mloda-strefa-biznesu-konkursu-na-najlepszy-projekt-wlasnej-dzialalnosci-gospodarczej\/\" rel=\"nofollow\">Read More<\/a><\/div><\/li>\n<li><div class=\"wp-block-latest-posts__featured-image alignleft\"><img loading=\"lazy\" decoding=\"async\" width=\"150\" height=\"150\" src=\"https:\/\/pans.krosno.pl\/zarzadzanie-magisterskie\/wp-content\/uploads\/sites\/42\/2020\/05\/logo_2-150x150.jpg\" class=\"attachment-thumbnail size-thumbnail wp-post-image\" alt=\"\" style=\"max-width:150px;max-height:150px;\" srcset=\"https:\/\/pans.krosno.pl\/zarzadzanie-magisterskie\/wp-content\/uploads\/sites\/42\/2020\/05\/logo_2-150x150.jpg 150w, https:\/\/pans.krosno.pl\/zarzadzanie-magisterskie\/wp-content\/uploads\/sites\/42\/2020\/05\/logo_2-80x80.jpg 80w\" sizes=\"auto, (max-width: 150px) 100vw, 150px\" \/><\/div><a class=\"wp-block-latest-posts__post-title\" href=\"https:\/\/pans.krosno.pl\/zarzadzanie-magisterskie\/wyniki-i-etapu-vi-konkursu-mloda-strefa-biznesu\/\">WYNIKI I ETAPU VI KONKURSU \u201eM\u0141ODA STREFA BIZNESU\u201d<\/a><time datetime=\"2024-03-04T14:20:17+01:00\" class=\"wp-block-latest-posts__post-date\">4 marca 2024<\/time><div class=\"wp-block-latest-posts__post-excerpt\">WYNIKI I ETAPU VI KONKURSU \u201eM\u0141ODA STREFA BIZNESU\u201dNA NAJLEPSZY PROJEKT W\u0141ASNEJ DZIA\u0141NO\u015aCI GOSPODARCZEJ Z przyjemno\u015bci\u0105 informujemy, \u017ce do II etapu Konkursu na najlepszy projekt w\u0142asnej dzia\u0142alno\u015bci gospodarczej zakwalifikowa\u0142y si\u0119 prace: &#8211; w kategorii: ucze\u0144 szko\u0142y \u015bredniej: &#8211; w kategorii: student Serdecznie gratulujemy! Jednocze\u015bnie przypominamy, \u017ce II etap konkursu nast\u0105pi 8 marca 2024 r. o godz. [\u2026] <div class=\"clear\"><\/div><a class=\"more_link clearfix\" href=\"https:\/\/pans.krosno.pl\/zarzadzanie-magisterskie\/wyniki-i-etapu-vi-konkursu-mloda-strefa-biznesu\/\" rel=\"nofollow\">Read More<\/a><\/div><\/li>\n<li><div class=\"wp-block-latest-posts__featured-image alignleft\"><img loading=\"lazy\" decoding=\"async\" width=\"150\" height=\"150\" src=\"https:\/\/pans.krosno.pl\/zarzadzanie-magisterskie\/wp-content\/uploads\/sites\/42\/2024\/03\/426751916_855142603084710_6778895882418970514_n-150x150.jpg\" class=\"attachment-thumbnail size-thumbnail wp-post-image\" alt=\"\" style=\"max-width:150px;max-height:150px;\" srcset=\"https:\/\/pans.krosno.pl\/zarzadzanie-magisterskie\/wp-content\/uploads\/sites\/42\/2024\/03\/426751916_855142603084710_6778895882418970514_n-150x150.jpg 150w, https:\/\/pans.krosno.pl\/zarzadzanie-magisterskie\/wp-content\/uploads\/sites\/42\/2024\/03\/426751916_855142603084710_6778895882418970514_n-80x80.jpg 80w\" sizes=\"auto, (max-width: 150px) 100vw, 150px\" \/><\/div><a class=\"wp-block-latest-posts__post-title\" href=\"https:\/\/pans.krosno.pl\/zarzadzanie-magisterskie\/certyfikaty-it-academy-microsoft\/\">Certyfikaty IT Academy Microsoft<\/a><time datetime=\"2024-03-01T14:14:25+01:00\" class=\"wp-block-latest-posts__post-date\">1 marca 2024<\/time><div class=\"wp-block-latest-posts__post-excerpt\">W dniu 26.02.2024 roku w Campusie przy ulicy Wyspia\u0144skiego 20, w pracowni komputerowej nr 011A, z r\u0105k Kierownika Zak\u0142adu Zarzadzania PANS Krosno, Pana dr in\u017c. Piotra Lenika, kolejna grupa student\u00f3w z II roku z Kierunku Zarz\u0105dzanie (studia stacjonarne), otrzyma\u0142a Certyfikaty w ramach IT Academy Microsoft. Studenci realizowali program w ramach przedmiotu: Informatyka w zarz\u0105dzaniu. W [\u2026] <div class=\"clear\"><\/div><a class=\"more_link clearfix\" href=\"https:\/\/pans.krosno.pl\/zarzadzanie-magisterskie\/certyfikaty-it-academy-microsoft\/\" rel=\"nofollow\">Read More<\/a><\/div><\/li>\n<li><div class=\"wp-block-latest-posts__featured-image alignleft\"><img loading=\"lazy\" decoding=\"async\" width=\"150\" height=\"150\" src=\"https:\/\/pans.krosno.pl\/zarzadzanie-magisterskie\/wp-content\/uploads\/sites\/42\/2022\/01\/Logotyp-KPU-w-Krosnie-150x150.jpg\" class=\"attachment-thumbnail size-thumbnail wp-post-image\" alt=\"Logotyp KPU w Kro\u015bnie\" style=\"max-width:150px;max-height:150px;\" srcset=\"https:\/\/pans.krosno.pl\/zarzadzanie-magisterskie\/wp-content\/uploads\/sites\/42\/2022\/01\/Logotyp-KPU-w-Krosnie-150x150.jpg 150w, https:\/\/pans.krosno.pl\/zarzadzanie-magisterskie\/wp-content\/uploads\/sites\/42\/2022\/01\/Logotyp-KPU-w-Krosnie-80x80.jpg 80w\" sizes=\"auto, (max-width: 150px) 100vw, 150px\" \/><\/div><a class=\"wp-block-latest-posts__post-title\" href=\"https:\/\/pans.krosno.pl\/zarzadzanie-magisterskie\/zapraszamy-uczniow-i-studentow-do-udzialu-w-vi-konkursie-mloda-strefa-biznesu-na-najlepszy-projekt-wlasnej-dzialalnosci-gospodarczej\/\">Zapraszamy uczni\u00f3w i student\u00f3w do udzia\u0142u w VI konkursie \u201eM\u0141ODA STREFA BIZNESU\u201d na najlepszy projekt w\u0142asnej dzia\u0142alno\u015bci gospodarczej<\/a><time datetime=\"2024-01-16T11:24:29+01:00\" class=\"wp-block-latest-posts__post-date\">16 stycznia 2024<\/time><div class=\"wp-block-latest-posts__post-excerpt\">Konkurs\u00a0odb\u0119dzie\u00a0si\u0119\u00a0w\u00a0dw\u00f3ch\u00a0etapach.ETAP\u00a0I\u00a0:a) \u00a0\u00a0\u00a0Przes\u0142anie zg\u0142oszenia do 25 lutego 2024 r. (na adres: konkursMSB@pans.krosno.pl).b)\u00a0\u00a0\u00a0\u00a0Przesy\u0142anie\u00a0prac\u00a0konkursowych\u00a0do\u00a01\u00a0marca\u00a02024\u00a0r.\u00a0na\u00a0powy\u017cszy\u00a0adres.c) \u00a0\u00a0\u00a0Ocena merytoryczna prac przez zesp\u00f3\u0142 ekspert\u00f3w (kryteria oceny pracy: innowacyjno\u015b\u0107 pomys\u0142u, realno\u015b\u0107 przyj\u0119tych za\u0142o\u017ce\u0144, wiarygodno\u015b\u0107 parametr\u00f3w finansowych, umiej\u0119tno\u015b\u0107 prezentacji pomys\u0142u).d) \u00a0\u00a0\u00a0Wy\u0142onienie dziesi\u0119ciu najlepszych prac do etapu II \u2013 2 marca 2024 r. (pi\u0119\u0107 prac uczni\u00f3w szk\u00f3\u0142 \u015brednich oraz pi\u0119\u0107 prac student\u00f3w).ETAP\u00a0II\u00a0&#8211;\u00a08\u00a0marca\u00a02024\u00a0r.a) \u00a0\u00a0\u00a0Prezentacja 10 najlepszych [\u2026] <div class=\"clear\"><\/div><a class=\"more_link clearfix\" href=\"https:\/\/pans.krosno.pl\/zarzadzanie-magisterskie\/zapraszamy-uczniow-i-studentow-do-udzialu-w-vi-konkursie-mloda-strefa-biznesu-na-najlepszy-projekt-wlasnej-dzialalnosci-gospodarczej\/\" rel=\"nofollow\">Read More<\/a><\/div><\/li>\n<li><div class=\"wp-block-latest-posts__featured-image alignleft\"><img loading=\"lazy\" decoding=\"async\" width=\"150\" height=\"150\" src=\"https:\/\/pans.krosno.pl\/zarzadzanie-magisterskie\/wp-content\/uploads\/sites\/42\/2021\/10\/PTZP-logo-150x150.jpg\" class=\"attachment-thumbnail size-thumbnail wp-post-image\" alt=\"\" style=\"max-width:150px;max-height:150px;\" srcset=\"https:\/\/pans.krosno.pl\/zarzadzanie-magisterskie\/wp-content\/uploads\/sites\/42\/2021\/10\/PTZP-logo-150x150.jpg 150w, https:\/\/pans.krosno.pl\/zarzadzanie-magisterskie\/wp-content\/uploads\/sites\/42\/2021\/10\/PTZP-logo-80x80.jpg 80w\" sizes=\"auto, (max-width: 150px) 100vw, 150px\" \/><\/div><a class=\"wp-block-latest-posts__post-title\" href=\"https:\/\/pans.krosno.pl\/zarzadzanie-magisterskie\/konferencja-naukowa-wspolpraca-nauki-i-biznesu-w-inzynierii-produkcji-7-8-12-2023-r\/\">Konferencja Naukowa \u201eWsp\u00f3\u0142praca nauki i biznesu w In\u017cynierii produkcji\u201d 7-8.12.2023 r.<\/a><time datetime=\"2023-11-14T13:45:46+01:00\" class=\"wp-block-latest-posts__post-date\">14 listopada 2023<\/time><div class=\"wp-block-latest-posts__post-excerpt\">Szczeg\u00f3\u0142owe informacje w poni\u017cszym pliku.<\/div><\/li>\n<li><div class=\"wp-block-latest-posts__featured-image alignleft\"><img loading=\"lazy\" decoding=\"async\" width=\"150\" height=\"150\" src=\"https:\/\/pans.krosno.pl\/zarzadzanie-magisterskie\/wp-content\/uploads\/sites\/42\/2021\/10\/PTZP-logo-150x150.jpg\" class=\"attachment-thumbnail size-thumbnail wp-post-image\" alt=\"\" style=\"max-width:150px;max-height:150px;\" srcset=\"https:\/\/pans.krosno.pl\/zarzadzanie-magisterskie\/wp-content\/uploads\/sites\/42\/2021\/10\/PTZP-logo-150x150.jpg 150w, https:\/\/pans.krosno.pl\/zarzadzanie-magisterskie\/wp-content\/uploads\/sites\/42\/2021\/10\/PTZP-logo-80x80.jpg 80w\" sizes=\"auto, (max-width: 150px) 100vw, 150px\" \/><\/div><a class=\"wp-block-latest-posts__post-title\" href=\"https:\/\/pans.krosno.pl\/zarzadzanie-magisterskie\/studentki-zakladu-zarzadzania-pans-na-pierwszym-i-trzecim-miejscu-w-konkursie-polisch-association-for-production-management\/\">STUDENTKI ZAK\u0141ADU ZARZ\u0104DZANIA PANS NA 1 I 3 MIEJSCU W KONKURSIE POLISH ASSOCIATION FOR PRODUCTION MANAGEMENT<\/a><time datetime=\"2023-10-02T17:04:32+02:00\" class=\"wp-block-latest-posts__post-date\">2 pa\u017adziernika 2023<\/time><div class=\"wp-block-latest-posts__post-excerpt\">W\u00a0ostatnich\u00a0latach,\u00a0dzi\u0119ki\u00a0dzia\u0142aniom\u00a0prof.\u00a0Kazimierza\u00a0Krupy, propaguj\u0105cych\u00a0udzia\u0142\u00a0student\u00f3w\u00a0w\u00a0KONKURSIE\u00a0POLSKIEGO\u00a0STOWARZYSZENIAZARZ\u0104DZANIA\u00a0PRODUKCJ\u0104,\u00a0tak\u017ce\u00a0w\u00a02023\u00a0roku\u00a0&#8211;\u00a0przy\u00a0poparciu\u00a0promotora\u00a0prac magisterskich\u00a0&#8211;\u00a0dwie\u00a0studentki\u00a0Zak\u0142adu\u00a0Zarz\u0105dzania\u00a0otrzyma\u0142y\u00a0najwy\u017csze miejsca. Komisja\u00a0Konkursowa\u00a0przyzna\u0142a\u00a0mgr\u00a0Patrycji\u00a0Bober\u00a0I\u00a0miejsce\u00a0za\u00a0prac\u0119magistersk\u0105, pod tytu\u0142em: &#8222;Generacje pracownik\u00f3w w komunikacji wewn\u0119trznejna\u00a0przyk\u0142adzie\u00a0przedsi\u0119biorstwa\u00a0Goodyear\u00a0Aerospace\u00a0Poland\u00a0Sp.\u00a0z\u00a0o.o.&#8221;. Z\u00a0kolei,\u00a0II\u00a0wyr\u00f3\u017cnienie\u00a0otrzyma\u0142a\u00a0mgr\u00a0Magdalena\u00a0Mi\u015b\u00a0za\u00a0prac\u0119\u00a0magistersk\u0105pod\u00a0tytu\u0142em:\u00a0&#8222;Efektywno\u015b\u0107\u00a0kapita\u0142u\u00a0ludzkiego\u00a0w\u00a0administracji\u00a0publicznejw\u00a0czasie\u00a0pandemii\u00a0COVID-19\u00a0na\u00a0przyk\u0142adzie\u00a0wojew\u00f3dztwa\u00a0podkarpackiego&#8221;. Promotorem\u00a0tych\u00a0prac\u00a0jest\u00a0prof.\u00a0Leszek\u00a0Preisner. Prof.\u00a0Kazimierz\u00a0W.\u00a0Krupa\u00a0jest\u00a0cz\u0142onkiem\u00a0Polish\u00a0Associationfor\u00a0Production\u00a0Management,\u00a0Branch\u00a0Krosno\u00a0i\u00a0corocznie\u00a0popularyzujeten\u00a0Konkurs\u00a0w\u015br\u00f3d\u00a0student\u00f3w\u00a0PANS. W\u00a0zwi\u0105zku\u00a0z\u00a0rozpocz\u0119ciem\u00a0nowego\u00a0roku\u00a0akademickiego\u00a02023-2024\u00a0zach\u0119camystudent\u00f3w\u00a0II\u00a0roku\u00a0studi\u00f3w\u00a0magisterskich\u00a0o\u00a0zainteresowanie\u00a0si\u0119\u00a0warunkamitego\u00a0Konkursu.<\/div><\/li>\n<li><div class=\"wp-block-latest-posts__featured-image alignleft\"><img loading=\"lazy\" decoding=\"async\" width=\"150\" height=\"150\" src=\"https:\/\/pans.krosno.pl\/zarzadzanie-magisterskie\/wp-content\/uploads\/sites\/42\/2023\/07\/z01-150x150.jpg\" class=\"attachment-thumbnail size-thumbnail wp-post-image\" alt=\"\" style=\"max-width:150px;max-height:150px;\" srcset=\"https:\/\/pans.krosno.pl\/zarzadzanie-magisterskie\/wp-content\/uploads\/sites\/42\/2023\/07\/z01-150x150.jpg 150w, https:\/\/pans.krosno.pl\/zarzadzanie-magisterskie\/wp-content\/uploads\/sites\/42\/2023\/07\/z01-80x80.jpg 80w\" sizes=\"auto, (max-width: 150px) 100vw, 150px\" \/><\/div><a class=\"wp-block-latest-posts__post-title\" href=\"https:\/\/pans.krosno.pl\/zarzadzanie-magisterskie\/obrony-prac-dyplomowych\/\">Obrony prac dyplomowych<\/a><time datetime=\"2023-07-02T18:02:06+02:00\" class=\"wp-block-latest-posts__post-date\">2 lipca 2023<\/time><div class=\"wp-block-latest-posts__post-excerpt\">W dniach 29-30 czerwca na kierunku Zarz\u0105dzanie odby\u0142y si\u0119 obrony prac dyplomowych student\u00f3w studi\u00f3w licencjackich i magisterskich. Serdeczne gratulacje dla naszych absolwent\u00f3w. Zapraszamy naszych absolwent\u00f3w studi\u00f3w I stopnia do rekrutacji na studia magisterskie na kierunku Zarz\u0105dzanie https:\/\/pans.krosno.pl\/zarzadzanie-magisterskie\/ Przypominamy, \u017ce nadal trwa rekrutacja na studia I stopnia https:\/\/pans.krosno.pl\/zarzadzanie\/<\/div><\/li>\n<li><div class=\"wp-block-latest-posts__featured-image alignleft\"><img loading=\"lazy\" decoding=\"async\" width=\"150\" height=\"150\" src=\"https:\/\/pans.krosno.pl\/zarzadzanie-magisterskie\/wp-content\/uploads\/sites\/42\/2022\/01\/Logotyp-KPU-w-Krosnie-150x150.jpg\" class=\"attachment-thumbnail size-thumbnail wp-post-image\" alt=\"Logotyp KPU w Kro\u015bnie\" style=\"max-width:150px;max-height:150px;\" srcset=\"https:\/\/pans.krosno.pl\/zarzadzanie-magisterskie\/wp-content\/uploads\/sites\/42\/2022\/01\/Logotyp-KPU-w-Krosnie-150x150.jpg 150w, https:\/\/pans.krosno.pl\/zarzadzanie-magisterskie\/wp-content\/uploads\/sites\/42\/2022\/01\/Logotyp-KPU-w-Krosnie-80x80.jpg 80w\" sizes=\"auto, (max-width: 150px) 100vw, 150px\" \/><\/div><a class=\"wp-block-latest-posts__post-title\" href=\"https:\/\/pans.krosno.pl\/zarzadzanie-magisterskie\/zaproszenie-na-konferencje\/\">Zaproszenie\u00a0na\u00a0konferencj\u0119<\/a><time datetime=\"2023-05-19T15:09:53+02:00\" class=\"wp-block-latest-posts__post-date\">19 maja 2023<\/time><div class=\"wp-block-latest-posts__post-excerpt\">W imieniu organizator\u00f3w zapraszamy serdecznie do udzia\u0142u w Og\u00f3lnopolskiej Konferencji Naukowej &#8222;Efektywno\u015b\u0107 funkcjonowania sektora publicznego i prywatnego w obecnych czasach gospodarczych&#8221;, kt\u00f3ra odb\u0119dzie si\u0119 z dniu 26.05.2023 r. w godz. 10.00 &#8211; 15.45 w Kampusie Politechnicznym Pa\u0144stwowej Akademii Nauk Stosowanych w Kro\u015bnie, ul. Jerzego Dmochowskiego 12.Zaplanowano ciekawe wyst\u0105pienia prelegent\u00f3w, kt\u00f3re s\u0105 zwi\u0105zane z wieloma aspektami [\u2026] <div class=\"clear\"><\/div><a class=\"more_link clearfix\" href=\"https:\/\/pans.krosno.pl\/zarzadzanie-magisterskie\/zaproszenie-na-konferencje\/\" rel=\"nofollow\">Read More<\/a><\/div><\/li>\n<li><div class=\"wp-block-latest-posts__featured-image alignleft\"><img loading=\"lazy\" decoding=\"async\" width=\"150\" height=\"150\" src=\"https:\/\/pans.krosno.pl\/zarzadzanie-magisterskie\/wp-content\/uploads\/sites\/42\/2022\/01\/Logotyp-KPU-w-Krosnie-150x150.jpg\" class=\"attachment-thumbnail size-thumbnail wp-post-image\" alt=\"Logotyp KPU w Kro\u015bnie\" style=\"max-width:150px;max-height:150px;\" srcset=\"https:\/\/pans.krosno.pl\/zarzadzanie-magisterskie\/wp-content\/uploads\/sites\/42\/2022\/01\/Logotyp-KPU-w-Krosnie-150x150.jpg 150w, https:\/\/pans.krosno.pl\/zarzadzanie-magisterskie\/wp-content\/uploads\/sites\/42\/2022\/01\/Logotyp-KPU-w-Krosnie-80x80.jpg 80w\" sizes=\"auto, (max-width: 150px) 100vw, 150px\" \/><\/div><a class=\"wp-block-latest-posts__post-title\" href=\"https:\/\/pans.krosno.pl\/zarzadzanie-magisterskie\/zaproszenie-na-ogolnopolska-konferencje-naukowa-efektywnosc-funkcjonowania-sektora-publicznego-i-prywatnego-w-obecnych-czasach-gospodarczych\/\">Zaproszenie na Og\u00f3lnopolsk\u0105 Konferencj\u0119 Naukow\u0105 \u201eEfektywno\u015b\u0107 funkcjonowania sektora publicznego i prywatnego w obecnych czasach gospodarczych\u201d<\/a><time datetime=\"2023-04-12T13:05:15+02:00\" class=\"wp-block-latest-posts__post-date\">12 kwietnia 2023<\/time><div class=\"wp-block-latest-posts__post-excerpt\">Szanowni&nbsp;Pa\u0144stwo,Zak\u0142ad Zarz\u0105dzania Instytutu Zdrowia i Gospodarki wraz ze Studenckim Ko\u0142em Naukowym FINANSE Pa\u0144stwowej Akademii Nauk Stosowanych w Kro\u015bnie zapraszaj\u0105 do udzia\u0142u w Og\u00f3lnopolskiej Konferencji Naukowej \u201eEfektywno\u015b\u0107 funkcjonowania sektora publicznego i prywatnego w obecnych czasach gospodarczych\u201d. Konferencja odb\u0119dzie si\u0119 26 maja 2023 r. (pi\u0105tek) w godz. 10.00-15.00 w Kampusie Politechnicznym Pa\u0144stwowej Akademii Nauk Stosowanych w Kro\u015bnie, [\u2026] <div class=\"clear\"><\/div><a class=\"more_link clearfix\" href=\"https:\/\/pans.krosno.pl\/zarzadzanie-magisterskie\/zaproszenie-na-ogolnopolska-konferencje-naukowa-efektywnosc-funkcjonowania-sektora-publicznego-i-prywatnego-w-obecnych-czasach-gospodarczych\/\" rel=\"nofollow\">Read More<\/a><\/div><\/li>\n<li><div class=\"wp-block-latest-posts__featured-image alignleft\"><img loading=\"lazy\" decoding=\"async\" width=\"150\" height=\"150\" src=\"https:\/\/pans.krosno.pl\/zarzadzanie-magisterskie\/wp-content\/uploads\/sites\/42\/2022\/01\/Logotyp-KPU-w-Krosnie-150x150.jpg\" class=\"attachment-thumbnail size-thumbnail wp-post-image\" alt=\"Logotyp KPU w Kro\u015bnie\" style=\"max-width:150px;max-height:150px;\" srcset=\"https:\/\/pans.krosno.pl\/zarzadzanie-magisterskie\/wp-content\/uploads\/sites\/42\/2022\/01\/Logotyp-KPU-w-Krosnie-150x150.jpg 150w, https:\/\/pans.krosno.pl\/zarzadzanie-magisterskie\/wp-content\/uploads\/sites\/42\/2022\/01\/Logotyp-KPU-w-Krosnie-80x80.jpg 80w\" sizes=\"auto, (max-width: 150px) 100vw, 150px\" \/><\/div><a class=\"wp-block-latest-posts__post-title\" href=\"https:\/\/pans.krosno.pl\/zarzadzanie-magisterskie\/zarzadzenie-jm-rektora-pans-odnosnie-zajec-w-dniu-6-kwietnia\/\">Zarz\u0105dzenie JM Rektora PANS odno\u015bnie zaj\u0119\u0107 w dniu 6 kwietnia<\/a><time datetime=\"2023-04-04T14:29:09+02:00\" class=\"wp-block-latest-posts__post-date\">4 kwietnia 2023<\/time><div class=\"wp-block-latest-posts__post-excerpt\"><\/div><\/li>\n<li><div class=\"wp-block-latest-posts__featured-image alignleft\"><img loading=\"lazy\" decoding=\"async\" width=\"150\" height=\"150\" src=\"https:\/\/pans.krosno.pl\/zarzadzanie-magisterskie\/wp-content\/uploads\/sites\/42\/2022\/01\/Logotyp-KPU-w-Krosnie-150x150.jpg\" class=\"attachment-thumbnail size-thumbnail wp-post-image\" alt=\"Logotyp KPU w Kro\u015bnie\" style=\"max-width:150px;max-height:150px;\" srcset=\"https:\/\/pans.krosno.pl\/zarzadzanie-magisterskie\/wp-content\/uploads\/sites\/42\/2022\/01\/Logotyp-KPU-w-Krosnie-150x150.jpg 150w, https:\/\/pans.krosno.pl\/zarzadzanie-magisterskie\/wp-content\/uploads\/sites\/42\/2022\/01\/Logotyp-KPU-w-Krosnie-80x80.jpg 80w\" sizes=\"auto, (max-width: 150px) 100vw, 150px\" \/><\/div><a class=\"wp-block-latest-posts__post-title\" href=\"https:\/\/pans.krosno.pl\/zarzadzanie-magisterskie\/certyfikaty-w-ramach-it-academy-asseco-wapro-oraz-it-academy-microsoft-na-kierunku-zarzadzanie\/\">Certyfikaty w ramach IT Academy Asseco Wapro oraz IT Academy Microsoft na Kierunku Zarz\u0105dzanie<\/a><time datetime=\"2023-03-17T15:07:14+01:00\" class=\"wp-block-latest-posts__post-date\">17 marca 2023<\/time><div class=\"wp-block-latest-posts__post-excerpt\">W dniu 13.03.2023 r. w Campusie Turasz\u00f3wka KPU Krosno odby\u0142o si\u0119 wr\u0119czenie Certyfikat\u00f3w w ramach IT Academy Asseco Wapro studentom kierunku Zarz\u0105dzanie. Certyfikacja dotyczy\u0142a nabycia umiej\u0119tno\u015bci w systemie ERP Asseco Wapro. W uroczysto\u015bci uczestniczyli: Kierownik Zak\u0142adu Zarz\u0105dzanie Pan dr in\u017c. Piotr Lenik oraz Koordynator IT Academy Asseco Pan mgr Robert Rajs \u2013 inicjator tej\u017ce certyfikacji.Podczas [\u2026] <div class=\"clear\"><\/div><a class=\"more_link clearfix\" href=\"https:\/\/pans.krosno.pl\/zarzadzanie-magisterskie\/certyfikaty-w-ramach-it-academy-asseco-wapro-oraz-it-academy-microsoft-na-kierunku-zarzadzanie\/\" rel=\"nofollow\">Read More<\/a><\/div><\/li>\n<li><div class=\"wp-block-latest-posts__featured-image alignleft\"><img loading=\"lazy\" decoding=\"async\" width=\"150\" height=\"150\" src=\"https:\/\/pans.krosno.pl\/zarzadzanie-magisterskie\/wp-content\/uploads\/sites\/42\/2022\/01\/Logotyp-KPU-w-Krosnie-150x150.jpg\" class=\"attachment-thumbnail size-thumbnail wp-post-image\" alt=\"Logotyp KPU w Kro\u015bnie\" style=\"max-width:150px;max-height:150px;\" srcset=\"https:\/\/pans.krosno.pl\/zarzadzanie-magisterskie\/wp-content\/uploads\/sites\/42\/2022\/01\/Logotyp-KPU-w-Krosnie-150x150.jpg 150w, https:\/\/pans.krosno.pl\/zarzadzanie-magisterskie\/wp-content\/uploads\/sites\/42\/2022\/01\/Logotyp-KPU-w-Krosnie-80x80.jpg 80w\" sizes=\"auto, (max-width: 150px) 100vw, 150px\" \/><\/div><a class=\"wp-block-latest-posts__post-title\" href=\"https:\/\/pans.krosno.pl\/zarzadzanie-magisterskie\/konkurs-mloda-strefa-biznesu\/\">Konkurs M\u0142oda Strefa Biznesu<\/a><time datetime=\"2023-03-08T10:49:35+01:00\" class=\"wp-block-latest-posts__post-date\">8 marca 2023<\/time><div class=\"wp-block-latest-posts__post-excerpt\">Zapraszamy do udzia\u0142u w konkursie. Pod plakatem znajduje si\u0119 plik z Regulaminem konkursu.<\/div><\/li>\n<li><div class=\"wp-block-latest-posts__featured-image alignleft\"><img loading=\"lazy\" decoding=\"async\" width=\"150\" height=\"150\" src=\"https:\/\/pans.krosno.pl\/zarzadzanie-magisterskie\/wp-content\/uploads\/sites\/42\/2023\/02\/Ksiazka-forex-150x150.jpg\" class=\"attachment-thumbnail size-thumbnail wp-post-image\" alt=\"\" style=\"max-width:150px;max-height:150px;\" srcset=\"https:\/\/pans.krosno.pl\/zarzadzanie-magisterskie\/wp-content\/uploads\/sites\/42\/2023\/02\/Ksiazka-forex-150x150.jpg 150w, https:\/\/pans.krosno.pl\/zarzadzanie-magisterskie\/wp-content\/uploads\/sites\/42\/2023\/02\/Ksiazka-forex-scaled-80x80.jpg 80w\" sizes=\"auto, (max-width: 150px) 100vw, 150px\" \/><\/div><a class=\"wp-block-latest-posts__post-title\" href=\"https:\/\/pans.krosno.pl\/zarzadzanie-magisterskie\/nowa-monografia-skn-finanse\/\">Nowa\u00a0monografia\u00a0SKN\u00a0FINANSE<\/a><time datetime=\"2023-02-28T13:21:40+01:00\" class=\"wp-block-latest-posts__post-date\">28 lutego 2023<\/time><div class=\"wp-block-latest-posts__post-excerpt\">Mi\u0142o nam poinformowa\u0107, \u017ce w ramach wsp\u00f3\u0142pracy naukowej dr hab. \u0141ukasza Furmana (Opiekuna Ko\u0142a) oraz studentki Anny Ha\u0144czyk (Przewodnicz\u0105cej Ko\u0142a) powsta\u0142a monografia pt. &#8222;Aspekty funkcjonowania rynku FOREX w Polsce&#8221;, kt\u00f3ra w lutym 2023 r. zosta\u0142a wydana nak\u0142adem Wydawnictwa CeDeWu w Warszawie.Inwestycje na rynku FOREX stanowi\u0105 nowoczesn\u0105 form\u0119 lokowania kapita\u0142\u00f3w pieni\u0119\u017cnych. Inwestorzy dzia\u0142aj\u0105 na wirtualnym rynku, [\u2026] <div class=\"clear\"><\/div><a class=\"more_link clearfix\" href=\"https:\/\/pans.krosno.pl\/zarzadzanie-magisterskie\/nowa-monografia-skn-finanse\/\" rel=\"nofollow\">Read More<\/a><\/div><\/li>\n<li><div class=\"wp-block-latest-posts__featured-image alignleft\"><img loading=\"lazy\" decoding=\"async\" width=\"150\" height=\"150\" src=\"https:\/\/pans.krosno.pl\/zarzadzanie-magisterskie\/wp-content\/uploads\/sites\/42\/2023\/01\/pmi-poland-150x150.png\" class=\"attachment-thumbnail size-thumbnail wp-post-image\" alt=\"logo pmi\" style=\"max-width:150px;max-height:150px;\" srcset=\"https:\/\/pans.krosno.pl\/zarzadzanie-magisterskie\/wp-content\/uploads\/sites\/42\/2023\/01\/pmi-poland-150x150.png 150w, https:\/\/pans.krosno.pl\/zarzadzanie-magisterskie\/wp-content\/uploads\/sites\/42\/2023\/01\/pmi-poland-80x80.png 80w, https:\/\/pans.krosno.pl\/zarzadzanie-magisterskie\/wp-content\/uploads\/sites\/42\/2023\/01\/pmi-poland.png 156w\" sizes=\"auto, (max-width: 150px) 100vw, 150px\" \/><\/div><a class=\"wp-block-latest-posts__post-title\" href=\"https:\/\/pans.krosno.pl\/zarzadzanie-magisterskie\/i-uczelniane-igrzyska-zarzadzania-projektami-pmi-podkarpacie\/\">I Uczelniane Igrzyska Zarz\u0105dzania Projektami PMI Podkarpacie<\/a><time datetime=\"2023-01-30T22:02:53+01:00\" class=\"wp-block-latest-posts__post-date\">30 stycznia 2023<\/time><div class=\"wp-block-latest-posts__post-excerpt\">Project Management Institute Poland Chapter Oddzia\u0142 Podkarpacie organizuje &#8222;I Uczelniane Igrzyska Zarz\u0105dzania Projektami PMI Podkarpacie&#8221; &#8211; Zarz\u0105dzaj projektami z PMI. Oficjalny serwis internetowy Wydarzenia znajduje si\u0119 pod adresem: http:\/\/igrzyska.pmi.org.pl\/. Zapraszamy zainteresowanych student\u00f3w do zg\u0142aszania 5-osobowych dru\u017cyn do dnia 15.02.2023 do dr Liliany Mierzwi\u0144skiej na adres mailowy liliana.mierzwinska@pans.krosno.pl. W przypadku zg\u0142oszenia wi\u0119kszej ilo\u015bci dru\u017cyn odb\u0119d\u0105 si\u0119 [\u2026] <div class=\"clear\"><\/div><a class=\"more_link clearfix\" href=\"https:\/\/pans.krosno.pl\/zarzadzanie-magisterskie\/i-uczelniane-igrzyska-zarzadzania-projektami-pmi-podkarpacie\/\" rel=\"nofollow\">Read More<\/a><\/div><\/li>\n<li><div class=\"wp-block-latest-posts__featured-image alignleft\"><img loading=\"lazy\" decoding=\"async\" width=\"150\" height=\"150\" src=\"https:\/\/pans.krosno.pl\/zarzadzanie-magisterskie\/wp-content\/uploads\/sites\/42\/2022\/01\/Logotyp-KPU-w-Krosnie-150x150.jpg\" class=\"attachment-thumbnail size-thumbnail wp-post-image\" alt=\"Logotyp KPU w Kro\u015bnie\" style=\"max-width:150px;max-height:150px;\" srcset=\"https:\/\/pans.krosno.pl\/zarzadzanie-magisterskie\/wp-content\/uploads\/sites\/42\/2022\/01\/Logotyp-KPU-w-Krosnie-150x150.jpg 150w, https:\/\/pans.krosno.pl\/zarzadzanie-magisterskie\/wp-content\/uploads\/sites\/42\/2022\/01\/Logotyp-KPU-w-Krosnie-80x80.jpg 80w\" sizes=\"auto, (max-width: 150px) 100vw, 150px\" \/><\/div><a class=\"wp-block-latest-posts__post-title\" href=\"https:\/\/pans.krosno.pl\/zarzadzanie-magisterskie\/informacje-sesja-egzaminacyjna\/\">Informacje sesja egzaminacyjna<\/a><time datetime=\"2023-01-26T13:42:08+01:00\" class=\"wp-block-latest-posts__post-date\">26 stycznia 2023<\/time><div class=\"wp-block-latest-posts__post-excerpt\">W zak\u0142adce \u201eSesja egzaminacyjna\u201d zosta\u0142 umieszczony harmonogram zbli\u017caj\u0105cej si\u0119 sesji w semestrze zimowym.<\/div><\/li>\n<li><div class=\"wp-block-latest-posts__featured-image alignleft\"><img loading=\"lazy\" decoding=\"async\" width=\"150\" height=\"150\" src=\"https:\/\/pans.krosno.pl\/zarzadzanie-magisterskie\/wp-content\/uploads\/sites\/42\/2022\/11\/1-1-1024x1024-1-150x150.png\" class=\"attachment-thumbnail size-thumbnail wp-post-image\" alt=\"\" style=\"max-width:150px;max-height:150px;\" srcset=\"https:\/\/pans.krosno.pl\/zarzadzanie-magisterskie\/wp-content\/uploads\/sites\/42\/2022\/11\/1-1-1024x1024-1-150x150.png 150w, https:\/\/pans.krosno.pl\/zarzadzanie-magisterskie\/wp-content\/uploads\/sites\/42\/2022\/11\/1-1-1024x1024-1-300x300.png 300w, https:\/\/pans.krosno.pl\/zarzadzanie-magisterskie\/wp-content\/uploads\/sites\/42\/2022\/11\/1-1-1024x1024-1.png 1024w, https:\/\/pans.krosno.pl\/zarzadzanie-magisterskie\/wp-content\/uploads\/sites\/42\/2022\/11\/1-1-1024x1024-1-768x768.png 768w, https:\/\/pans.krosno.pl\/zarzadzanie-magisterskie\/wp-content\/uploads\/sites\/42\/2022\/11\/1-1-1024x1024-1-800x800.png 800w, https:\/\/pans.krosno.pl\/zarzadzanie-magisterskie\/wp-content\/uploads\/sites\/42\/2022\/11\/1-1-1024x1024-1-580x580.png 580w, https:\/\/pans.krosno.pl\/zarzadzanie-magisterskie\/wp-content\/uploads\/sites\/42\/2022\/11\/1-1-1024x1024-1-80x80.png 80w\" sizes=\"auto, (max-width: 150px) 100vw, 150px\" \/><\/div><a class=\"wp-block-latest-posts__post-title\" href=\"https:\/\/pans.krosno.pl\/zarzadzanie-magisterskie\/swiatowy-tydzien-przedsiebiorczosci-2022\/\">\u015awiatowy Tydzie\u0144 Przedsi\u0119biorczo\u015bci 2022<\/a><time datetime=\"2022-11-23T12:44:26+01:00\" class=\"wp-block-latest-posts__post-date\">23 listopada 2022<\/time><div class=\"wp-block-latest-posts__post-excerpt\">W dniu 18 listopada 2022 roku na kierunku Zarz\u0105dzanie Karpackiej Pa\u0144stwowej Uczelni w Kro\u015bnie zorganizowano w ramach \u015awiatowego Tygodnia Przedsi\u0119biorczo\u015bci zaj\u0119cia dla uczni\u00f3w Liceum Og\u00f3lnokszta\u0142c\u0105cego im. A. Mickiewicza w Strzy\u017cowie oraz dla uczni\u00f3w Zespo\u0142u Szk\u00f3\u0142 Elektrycznych i Og\u00f3lnokszta\u0142c\u0105cych w Kro\u015bnie. Uczniowie wzi\u0119li udzia\u0142 w:\u2013 grze szkoleniowej pt. \u201eMiasto przedsi\u0119biorczo\u015bci\u201d- prowadz\u0105ca dr Beata Ujda-Dy\u0144ka,\u2013 warsztatach z [\u2026] <div class=\"clear\"><\/div><a class=\"more_link clearfix\" href=\"https:\/\/pans.krosno.pl\/zarzadzanie-magisterskie\/swiatowy-tydzien-przedsiebiorczosci-2022\/\" rel=\"nofollow\">Read More<\/a><\/div><\/li>\n<li><div class=\"wp-block-latest-posts__featured-image alignleft\"><img loading=\"lazy\" decoding=\"async\" width=\"150\" height=\"150\" src=\"https:\/\/pans.krosno.pl\/zarzadzanie-magisterskie\/wp-content\/uploads\/sites\/42\/2022\/01\/Logotyp-KPU-w-Krosnie-150x150.jpg\" class=\"attachment-thumbnail size-thumbnail wp-post-image\" alt=\"Logotyp KPU w Kro\u015bnie\" style=\"max-width:150px;max-height:150px;\" srcset=\"https:\/\/pans.krosno.pl\/zarzadzanie-magisterskie\/wp-content\/uploads\/sites\/42\/2022\/01\/Logotyp-KPU-w-Krosnie-150x150.jpg 150w, https:\/\/pans.krosno.pl\/zarzadzanie-magisterskie\/wp-content\/uploads\/sites\/42\/2022\/01\/Logotyp-KPU-w-Krosnie-80x80.jpg 80w\" sizes=\"auto, (max-width: 150px) 100vw, 150px\" \/><\/div><a class=\"wp-block-latest-posts__post-title\" href=\"https:\/\/pans.krosno.pl\/zarzadzanie-magisterskie\/rekrutacja-na-studia-magisterskie-rozmowa-kwalifikacyjna-dla-absolwentow-innych-kierunkow\/\">Rekrutacja na studia magisterskie \u2013 rozmowa kwalifikacyjna dla absolwent\u00f3w innych kierunk\u00f3w<\/a><time datetime=\"2022-08-02T20:00:00+02:00\" class=\"wp-block-latest-posts__post-date\">2 sierpnia 2022<\/time><div class=\"wp-block-latest-posts__post-excerpt\">Rozmowy odb\u0119d\u0105 si\u0119 12 sierpnia. Og\u00f3lne zagadnienia rozmowy kwalifikacyjnej dla kandydat\u00f3w ubiegaj\u0105cych si\u0119 o przyj\u0119cie na studia drugiego stopnia (magisterskich) na kierunku Zarz\u0105dzanie (dotyczy kandydat\u00f3w \u2013 absolwent\u00f3w innych kierunk\u00f3w studi\u00f3w ni\u017c Zarz\u0105dzanie). Poszczeg\u00f3lne funkcje zarz\u0105dzania, z uwzgl\u0119dnieniem ewolucji w tym zakresie (od koncepcji H. Fayola do czas\u00f3w wsp\u00f3\u0142czesnych) R\u00f3\u017cnice wyst\u0119puj\u0105ce pomi\u0119dzy zarz\u0105dzaniem operacyjnym, taktycznym oraz [\u2026] <div class=\"clear\"><\/div><a class=\"more_link clearfix\" href=\"https:\/\/pans.krosno.pl\/zarzadzanie-magisterskie\/rekrutacja-na-studia-magisterskie-rozmowa-kwalifikacyjna-dla-absolwentow-innych-kierunkow\/\" rel=\"nofollow\">Read More<\/a><\/div><\/li>\n<li><div class=\"wp-block-latest-posts__featured-image alignleft\"><img loading=\"lazy\" decoding=\"async\" width=\"150\" height=\"150\" src=\"https:\/\/pans.krosno.pl\/zarzadzanie-magisterskie\/wp-content\/uploads\/sites\/42\/2022\/01\/Logotyp-KPU-w-Krosnie-150x150.jpg\" class=\"attachment-thumbnail size-thumbnail wp-post-image\" alt=\"Logotyp KPU w Kro\u015bnie\" style=\"max-width:150px;max-height:150px;\" srcset=\"https:\/\/pans.krosno.pl\/zarzadzanie-magisterskie\/wp-content\/uploads\/sites\/42\/2022\/01\/Logotyp-KPU-w-Krosnie-150x150.jpg 150w, https:\/\/pans.krosno.pl\/zarzadzanie-magisterskie\/wp-content\/uploads\/sites\/42\/2022\/01\/Logotyp-KPU-w-Krosnie-80x80.jpg 80w\" sizes=\"auto, (max-width: 150px) 100vw, 150px\" \/><\/div><a class=\"wp-block-latest-posts__post-title\" href=\"https:\/\/pans.krosno.pl\/zarzadzanie-magisterskie\/spotkanie-online-z-kierownikiem-studiow-podyplomowych\/\">Spotkanie online z Kierownikiem studi\u00f3w podyplomowych<\/a><time datetime=\"2022-07-06T18:01:37+02:00\" class=\"wp-block-latest-posts__post-date\">6 lipca 2022<\/time><div class=\"wp-block-latest-posts__post-excerpt\">W nadchodz\u0105cym roku akademickim 2022\/23 planowane jest uruchomieniekolejnej edycji studi\u00f3w podyplomowych z zakresu zarz\u0105dzania BHiP.Ruszy\u0142a r\u00f3wnie\u017c rekrutacja na inne studia podyplomowe tj.:&#8211; zarz\u0105dzanie podatkami,&#8211; zarz\u0105dzanie kadrami i p\u0142acami,&#8211; zarz\u0105dzanie ochron\u0105 danych osobowych i informacji niejawnych.Kierownik studi\u00f3w podyplomowych dr hab. \u0141ukasz Furman, prof KPU zapraszana spotkanie online w dniu 10.07.2022, godz. 17.00 &#8211; 17.30 w trakciekt\u00f3rego [\u2026] <div class=\"clear\"><\/div><a class=\"more_link clearfix\" href=\"https:\/\/pans.krosno.pl\/zarzadzanie-magisterskie\/spotkanie-online-z-kierownikiem-studiow-podyplomowych\/\" rel=\"nofollow\">Read More<\/a><\/div><\/li>\n<li><div class=\"wp-block-latest-posts__featured-image alignleft\"><img loading=\"lazy\" decoding=\"async\" width=\"150\" height=\"150\" src=\"https:\/\/pans.krosno.pl\/zarzadzanie-magisterskie\/wp-content\/uploads\/sites\/42\/2022\/07\/z1-150x150.jpg\" class=\"attachment-thumbnail size-thumbnail wp-post-image\" alt=\"\" style=\"max-width:150px;max-height:150px;\" srcset=\"https:\/\/pans.krosno.pl\/zarzadzanie-magisterskie\/wp-content\/uploads\/sites\/42\/2022\/07\/z1-150x150.jpg 150w, https:\/\/pans.krosno.pl\/zarzadzanie-magisterskie\/wp-content\/uploads\/sites\/42\/2022\/07\/z1-scaled-80x80.jpg 80w\" sizes=\"auto, (max-width: 150px) 100vw, 150px\" \/><\/div><a class=\"wp-block-latest-posts__post-title\" href=\"https:\/\/pans.krosno.pl\/zarzadzanie-magisterskie\/obrony-praca-dyplomowych-2022\/\">Obrony praca dyplomowych 2022<\/a><time datetime=\"2022-06-30T22:47:00+02:00\" class=\"wp-block-latest-posts__post-date\">30 czerwca 2022<\/time><div class=\"wp-block-latest-posts__post-excerpt\">W dniu 30 czerwca 2022 roku odby\u0142 si\u0119 pierwszy z trzech dni obron prac licencjackich i magisterskich na kierunku Zarz\u0105dzanie. Podczas tych trzech dni (30.06.2022.-02.07.2022.) do obron przyst\u0105pi 110 student\u00f3w studi\u00f3w licencjackich i magisterskich, zar\u00f3wno stacjonarnych jak i niestacjonarnych. \u017byczymy powodzenia wszystkim Dyplomantom.<\/div><\/li>\n<li><div class=\"wp-block-latest-posts__featured-image alignleft\"><img loading=\"lazy\" decoding=\"async\" width=\"150\" height=\"150\" src=\"https:\/\/pans.krosno.pl\/zarzadzanie-magisterskie\/wp-content\/uploads\/sites\/42\/2022\/07\/zd5-150x150.jpg\" class=\"attachment-thumbnail size-thumbnail wp-post-image\" alt=\"\" style=\"max-width:150px;max-height:150px;\" srcset=\"https:\/\/pans.krosno.pl\/zarzadzanie-magisterskie\/wp-content\/uploads\/sites\/42\/2022\/07\/zd5-150x150.jpg 150w, https:\/\/pans.krosno.pl\/zarzadzanie-magisterskie\/wp-content\/uploads\/sites\/42\/2022\/07\/zd5-scaled-80x80.jpg 80w\" sizes=\"auto, (max-width: 150px) 100vw, 150px\" \/><\/div><a class=\"wp-block-latest-posts__post-title\" href=\"https:\/\/pans.krosno.pl\/zarzadzanie-magisterskie\/szkolenie-z-programu-platnik\/\">Szkolenie z programu &#8222;P\u0142atnik&#8221;<\/a><time datetime=\"2022-06-23T11:09:00+02:00\" class=\"wp-block-latest-posts__post-date\">23 czerwca 2022<\/time><div class=\"wp-block-latest-posts__post-excerpt\">W dniu 21 czerwca grupa student\u00f3w Zarz\u0105dzania wzi\u0119\u0142a udzia\u0142 w szkoleniu z obs\u0142ugi programu \u201eP\u0142atnik\u201d prowadzonego przez pracownik\u00f3w ZUS z Jas\u0142a. Studenci w trakcie warsztat\u00f3w komputerowych zdobyli cenne umiej\u0119tno\u015bci zwi\u0105zane z rozliczaniem wynagrodze\u0144 i otrzymali certyfikaty uko\u0144czenia szkolenia.<\/div><\/li>\n<li><div class=\"wp-block-latest-posts__featured-image alignleft\"><img loading=\"lazy\" decoding=\"async\" width=\"150\" height=\"150\" src=\"https:\/\/pans.krosno.pl\/zarzadzanie-magisterskie\/wp-content\/uploads\/sites\/42\/2022\/01\/Logotyp-KPU-w-Krosnie-150x150.jpg\" class=\"attachment-thumbnail size-thumbnail wp-post-image\" alt=\"Logotyp KPU w Kro\u015bnie\" style=\"max-width:150px;max-height:150px;\" srcset=\"https:\/\/pans.krosno.pl\/zarzadzanie-magisterskie\/wp-content\/uploads\/sites\/42\/2022\/01\/Logotyp-KPU-w-Krosnie-150x150.jpg 150w, https:\/\/pans.krosno.pl\/zarzadzanie-magisterskie\/wp-content\/uploads\/sites\/42\/2022\/01\/Logotyp-KPU-w-Krosnie-80x80.jpg 80w\" sizes=\"auto, (max-width: 150px) 100vw, 150px\" \/><\/div><a class=\"wp-block-latest-posts__post-title\" href=\"https:\/\/pans.krosno.pl\/zarzadzanie-magisterskie\/i-edycja-studiow-podyplomowych-zarzadzanie-bhip-zakonczona-sukcesem\/\">I edycja studi\u00f3w podyplomowych Zarz\u0105dzanie BHiP zako\u0144czona sukcesem<\/a><time datetime=\"2022-05-26T15:12:16+02:00\" class=\"wp-block-latest-posts__post-date\">26 maja 2022<\/time><div class=\"wp-block-latest-posts__post-excerpt\">W dniu 21.05.2022 r. odby\u0142 si\u0119 egzamin dyplomowy dla os\u00f3b ko\u0144cz\u0105cych studia podyplomowe Zarz\u0105dzanie bezpiecze\u0144stwem i higien\u0105 pracy przed komisj\u0105 egzaminacyjn\u0105 w sk\u0142adzie:Przewodnicz\u0105cy\u00a0\u2013\u00a0dr\u00a0hab.\u00a0\u0141ukasz\u00a0Furman,\u00a0prof.\u00a0KPU,Cz\u0142onek\u00a0komisji\u00a0\u2013\u00a0dr\u00a0Dariusz\u00a0\u017bak,Cz\u0142onek\u00a0komisji\u00a0\u2013\u00a0dr\u00a0Agata\u00a0Jakie\u0142a.W egzaminie bra\u0142o udzia\u0142 12 os\u00f3b, kt\u00f3re musia\u0142y odpowiedzie\u0107 na 3 pytania z tematyki realizowanych przedmiot\u00f3w. Wszystkie zdaj\u0105ce osoby otrzyma\u0142y pozytywne wyniki egzaminu, uzyskuj\u0105c tym samym kwalifikacje starszego inspektora bhp. Wszystkim osobom, kt\u00f3re [\u2026] <div class=\"clear\"><\/div><a class=\"more_link clearfix\" href=\"https:\/\/pans.krosno.pl\/zarzadzanie-magisterskie\/i-edycja-studiow-podyplomowych-zarzadzanie-bhip-zakonczona-sukcesem\/\" rel=\"nofollow\">Read More<\/a><\/div><\/li>\n<li><div class=\"wp-block-latest-posts__featured-image alignleft\"><img loading=\"lazy\" decoding=\"async\" width=\"150\" height=\"150\" src=\"https:\/\/pans.krosno.pl\/zarzadzanie-magisterskie\/wp-content\/uploads\/sites\/42\/2022\/06\/konferencja-WSIZ-150x150.jpg\" class=\"attachment-thumbnail size-thumbnail wp-post-image\" alt=\"\" style=\"max-width:150px;max-height:150px;\" srcset=\"https:\/\/pans.krosno.pl\/zarzadzanie-magisterskie\/wp-content\/uploads\/sites\/42\/2022\/06\/konferencja-WSIZ-150x150.jpg 150w, https:\/\/pans.krosno.pl\/zarzadzanie-magisterskie\/wp-content\/uploads\/sites\/42\/2022\/06\/konferencja-WSIZ-80x80.jpg 80w\" sizes=\"auto, (max-width: 150px) 100vw, 150px\" \/><\/div><a class=\"wp-block-latest-posts__post-title\" href=\"https:\/\/pans.krosno.pl\/zarzadzanie-magisterskie\/prelegenci-z-kierunku-zarzadzanie-na-xiii-ogolnopolskiej-konferencji-naukowej-nauka-i-pasja-kluczem-do-sukcesu\/\">Prelegenci z kierunku Zarz\u0105dzanie na XIII Og\u00f3lnopolskiej Konferencji Naukowej- &#8222;Nauka i pasja kluczem do sukcesu&#8221;<\/a><time datetime=\"2022-05-25T15:11:00+02:00\" class=\"wp-block-latest-posts__post-date\">25 maja 2022<\/time><div class=\"wp-block-latest-posts__post-excerpt\">W dniu dzisiejszym studenci ISKN &#8222;Temida&#8221; oraz SKN &#8222;Finanse&#8221; wyg\u0142osili referaty na XIII Og\u00f3lnopolskiej Konferencji Naukowej pt. &#8222;Nauka i pasja kluczem do sukcesu&#8221; organizowanej przez WSIZ Rzesz\u00f3w. Podczas konferencji referaty wyg\u0142osi\u0142y :Jessica Orzechowska (II rok, studia licencjackie), Sylwia Nowak, Gabriela P\u0142odzie\u0144, Anna Roma\u0144ska (I rok, studia licencjackie)- &#8222;Content marketing uczelni wy\u017cszych. Co wp\u0142ywa na wyb\u00f3r [\u2026] <div class=\"clear\"><\/div><a class=\"more_link clearfix\" href=\"https:\/\/pans.krosno.pl\/zarzadzanie-magisterskie\/prelegenci-z-kierunku-zarzadzanie-na-xiii-ogolnopolskiej-konferencji-naukowej-nauka-i-pasja-kluczem-do-sukcesu\/\" rel=\"nofollow\">Read More<\/a><\/div><\/li>\n<li><div class=\"wp-block-latest-posts__featured-image alignleft\"><img loading=\"lazy\" decoding=\"async\" width=\"150\" height=\"150\" src=\"https:\/\/pans.krosno.pl\/zarzadzanie-magisterskie\/wp-content\/uploads\/sites\/42\/2022\/06\/zdjecie-150x150.jpg\" class=\"attachment-thumbnail size-thumbnail wp-post-image\" alt=\"\" style=\"max-width:150px;max-height:150px;\" srcset=\"https:\/\/pans.krosno.pl\/zarzadzanie-magisterskie\/wp-content\/uploads\/sites\/42\/2022\/06\/zdjecie-150x150.jpg 150w, https:\/\/pans.krosno.pl\/zarzadzanie-magisterskie\/wp-content\/uploads\/sites\/42\/2022\/06\/zdjecie-80x80.jpg 80w\" sizes=\"auto, (max-width: 150px) 100vw, 150px\" \/><\/div><a class=\"wp-block-latest-posts__post-title\" href=\"https:\/\/pans.krosno.pl\/zarzadzanie-magisterskie\/studenci-zarzadzania-przygotowali-gre-dla-szkol-ponadpodstawowych-lamiglowki-z-labiryntu\/\">Studenci Zarz\u0105dzania przygotowali gr\u0119 dla szk\u00f3\u0142 ponadpodstawowych- &#8222;\u0141amig\u0142\u00f3wki z labiryntu&#8221;<\/a><time datetime=\"2022-05-20T14:57:00+02:00\" class=\"wp-block-latest-posts__post-date\">20 maja 2022<\/time><div class=\"wp-block-latest-posts__post-excerpt\">W dniu 20 maja 2022 roku odby\u0142 si\u0119 na Kampusie Zdrowia i Gospodarki w Suchodole konkurs dla szk\u00f3\u0142 ponadpodstawowych &#8222;Pokoje zagadek&#8221;. W konkursie nale\u017ca\u0142o rozwi\u0105za\u0107 jak najwi\u0119ksz\u0105 liczb\u0119 zada\u0144 w jak najkr\u00f3tszym czasie zdobywaj\u0105c numery kodu do k\u0142\u00f3dki otwieraj\u0105cej skrzynk\u0119 z kluczem do pokoju. Pok\u00f3j zagadek dla kierunku Zarz\u0105dzanie zosta\u0142 przygotowany przez dr Ann\u0119 S\u0142owik-Ciekli\u0144sk\u0105 [\u2026] <div class=\"clear\"><\/div><a class=\"more_link clearfix\" href=\"https:\/\/pans.krosno.pl\/zarzadzanie-magisterskie\/studenci-zarzadzania-przygotowali-gre-dla-szkol-ponadpodstawowych-lamiglowki-z-labiryntu\/\" rel=\"nofollow\">Read More<\/a><\/div><\/li>\n<li><div class=\"wp-block-latest-posts__featured-image alignleft\"><img loading=\"lazy\" decoding=\"async\" width=\"150\" height=\"150\" src=\"https:\/\/pans.krosno.pl\/zarzadzanie-magisterskie\/wp-content\/uploads\/sites\/42\/2022\/05\/baner-Zarzadzanie-150x150.jpg\" class=\"attachment-thumbnail size-thumbnail wp-post-image\" alt=\"\" style=\"max-width:150px;max-height:150px;\" srcset=\"https:\/\/pans.krosno.pl\/zarzadzanie-magisterskie\/wp-content\/uploads\/sites\/42\/2022\/05\/baner-Zarzadzanie-150x150.jpg 150w, https:\/\/pans.krosno.pl\/zarzadzanie-magisterskie\/wp-content\/uploads\/sites\/42\/2022\/05\/baner-Zarzadzanie-80x80.jpg 80w\" sizes=\"auto, (max-width: 150px) 100vw, 150px\" \/><\/div><a class=\"wp-block-latest-posts__post-title\" href=\"https:\/\/pans.krosno.pl\/zarzadzanie-magisterskie\/nowa-specjalnosc-na-kierunku-zarzadzanie-studia-i-stopnia-licencjackie-w-karpackiej-panstwowej-uczelni-w-krosnie-nabor-na-rok-akademicki-2022-2023\/\">NOWA SPECJALNO\u015a\u0106 NA KIERUNKU ZARZ\u0104DZANIE (STUDIA I STOPNIA LICENCJACKIE) W KARPACKIEJ PA\u0143STWOWEJ UCZELNI W KRO\u015aNIE- NAB\u00d3R NA ROK AKADEMICKI 2022\/2023:<\/a><time datetime=\"2022-05-06T10:49:26+02:00\" class=\"wp-block-latest-posts__post-date\">6 maja 2022<\/time><div class=\"wp-block-latest-posts__post-excerpt\">NOWO\u015a\u0106!!! Zarz\u0105dzanie bezpiecze\u0144stwem w sektorze publicznym i biznesie \u2013 kszta\u0142cenie w tym zakresie pozwala na uzyskanie wiedzy oraz kompetencji mened\u017cerskich z zakresu zarz\u0105dzania bezpiecze\u0144stwem w kom\u00f3rkach r\u00f3\u017cnych typ\u00f3w organizacji sektora prywatnego i publicznego, odpowiedzialnych za dzia\u0142ania w sytuacjach zagro\u017cenia, wyst\u0119powania zjawisk niepo\u017c\u0105danych lub kryzysowych, a tak\u017ce bezpiecze\u0144stwo wewn\u0119trzne oraz bezpiecze\u0144stwo pracy w sektorze przedsi\u0119biorstw oraz [\u2026] <div class=\"clear\"><\/div><a class=\"more_link clearfix\" href=\"https:\/\/pans.krosno.pl\/zarzadzanie-magisterskie\/nowa-specjalnosc-na-kierunku-zarzadzanie-studia-i-stopnia-licencjackie-w-karpackiej-panstwowej-uczelni-w-krosnie-nabor-na-rok-akademicki-2022-2023\/\" rel=\"nofollow\">Read More<\/a><\/div><\/li>\n<li><div class=\"wp-block-latest-posts__featured-image alignleft\"><img loading=\"lazy\" decoding=\"async\" width=\"150\" height=\"150\" src=\"https:\/\/pans.krosno.pl\/zarzadzanie-magisterskie\/wp-content\/uploads\/sites\/42\/2022\/05\/279655599_725505048881541_8990477216390597919_n-150x150.jpg\" class=\"attachment-thumbnail size-thumbnail wp-post-image\" alt=\"\" style=\"max-width:150px;max-height:150px;\" srcset=\"https:\/\/pans.krosno.pl\/zarzadzanie-magisterskie\/wp-content\/uploads\/sites\/42\/2022\/05\/279655599_725505048881541_8990477216390597919_n-150x150.jpg 150w, https:\/\/pans.krosno.pl\/zarzadzanie-magisterskie\/wp-content\/uploads\/sites\/42\/2022\/05\/279655599_725505048881541_8990477216390597919_n-80x80.jpg 80w\" sizes=\"auto, (max-width: 150px) 100vw, 150px\" \/><\/div><a class=\"wp-block-latest-posts__post-title\" href=\"https:\/\/pans.krosno.pl\/zarzadzanie-magisterskie\/zaklad-zarzadzania-wspolorganizatorem-ix-miedzynarodowej-konferencji-naukowej-aktualne-problemy-nowoczesnej-nauki\/\">Zak\u0142ad Zarz\u0105dzania wsp\u00f3\u0142organizatorem \u201eIX Mi\u0119dzynarodowej Konferencji Naukowej -Aktualne problemy nowoczesnej nauki\u201d<\/a><time datetime=\"2022-05-05T23:44:28+02:00\" class=\"wp-block-latest-posts__post-date\">5 maja 2022<\/time><div class=\"wp-block-latest-posts__post-excerpt\">W dniu 29 kwietnia 2022 roku odby\u0142a si\u0119 \u201eIX Mi\u0119dzynarodowa Konferencja Naukowa-Aktualne problemy nowoczesnej nauki\u201d wsp\u00f3\u0142organizowana przez Uniwersytet Pedagogiczny im. Iwana Franko w Drohobyczu, Uniwersytet Nauk Stosowanych w VIVES w Belgi oraz Zak\u0142ad Zarz\u0105dzania Karpackiej Pa\u0144stwowej Uczelni w Kro\u015bnie (\u0406X International Scientific and Practical Conference of the Institute of Physics, Mathematics, Economics and Innovative Technologies [\u2026] <div class=\"clear\"><\/div><a class=\"more_link clearfix\" href=\"https:\/\/pans.krosno.pl\/zarzadzanie-magisterskie\/zaklad-zarzadzania-wspolorganizatorem-ix-miedzynarodowej-konferencji-naukowej-aktualne-problemy-nowoczesnej-nauki\/\" rel=\"nofollow\">Read More<\/a><\/div><\/li>\n<li><div class=\"wp-block-latest-posts__featured-image alignleft\"><img loading=\"lazy\" decoding=\"async\" width=\"150\" height=\"150\" src=\"https:\/\/pans.krosno.pl\/zarzadzanie-magisterskie\/wp-content\/uploads\/sites\/42\/2022\/01\/Logotyp-KPU-w-Krosnie-150x150.jpg\" class=\"attachment-thumbnail size-thumbnail wp-post-image\" alt=\"Logotyp KPU w Kro\u015bnie\" style=\"max-width:150px;max-height:150px;\" srcset=\"https:\/\/pans.krosno.pl\/zarzadzanie-magisterskie\/wp-content\/uploads\/sites\/42\/2022\/01\/Logotyp-KPU-w-Krosnie-150x150.jpg 150w, https:\/\/pans.krosno.pl\/zarzadzanie-magisterskie\/wp-content\/uploads\/sites\/42\/2022\/01\/Logotyp-KPU-w-Krosnie-80x80.jpg 80w\" sizes=\"auto, (max-width: 150px) 100vw, 150px\" \/><\/div><a class=\"wp-block-latest-posts__post-title\" href=\"https:\/\/pans.krosno.pl\/zarzadzanie-magisterskie\/zajecia-w-ramach-krosnienskiej-akademii-przyszlosci-w-kpu\/\">Zaj\u0119cia w ramach \u201eKro\u015bnie\u0144skiej Akademii Przysz\u0142o\u015bci w KPU\u201d<\/a><time datetime=\"2022-04-26T13:56:00+02:00\" class=\"wp-block-latest-posts__post-date\">26 kwietnia 2022<\/time><div class=\"wp-block-latest-posts__post-excerpt\">W dniu 22 kwietnia odbywa\u0142y si\u0119 kolejne zaj\u0119cia dla uczni\u00f3w szk\u00f3\u0142 podstawowych w ramach \u201eKro\u015bnie\u0144skiej Akademii Przysz\u0142o\u015bci w KPU\u201d. S\u0105 to warsztaty organizowane s\u0105 przez Karpack\u0105 Pa\u0144stwow\u0105 Uczelni\u0119 w Kro\u015bnie oraz Miasto Krosno w budynkach naszej Uczelni. Dr Liliana Mierzwi\u0144ska z Zak\u0142adu Zarzadzania KPU w Kro\u015bnie powadzi\u0142a warsztaty: \u201eGdzie dwie firmy si\u0119 bij\u0105 tam&#8230;klient korzysta! [\u2026] <div class=\"clear\"><\/div><a class=\"more_link clearfix\" href=\"https:\/\/pans.krosno.pl\/zarzadzanie-magisterskie\/zajecia-w-ramach-krosnienskiej-akademii-przyszlosci-w-kpu\/\" rel=\"nofollow\">Read More<\/a><\/div><\/li>\n<li><div class=\"wp-block-latest-posts__featured-image alignleft\"><img loading=\"lazy\" decoding=\"async\" width=\"131\" height=\"132\" src=\"https:\/\/pans.krosno.pl\/zarzadzanie-magisterskie\/wp-content\/uploads\/sites\/42\/2022\/04\/logo-pfp.png\" class=\"attachment-thumbnail size-thumbnail wp-post-image\" alt=\"\" style=\"max-width:150px;max-height:150px;\" srcset=\"https:\/\/pans.krosno.pl\/zarzadzanie-magisterskie\/wp-content\/uploads\/sites\/42\/2022\/04\/logo-pfp.png 131w, https:\/\/pans.krosno.pl\/zarzadzanie-magisterskie\/wp-content\/uploads\/sites\/42\/2022\/04\/logo-pfp-80x80.png 80w\" sizes=\"auto, (max-width: 131px) 100vw, 131px\" \/><\/div><a class=\"wp-block-latest-posts__post-title\" href=\"https:\/\/pans.krosno.pl\/zarzadzanie-magisterskie\/szkolenie-autentyczna-marka-osobista\/\">Szkolenie Autentyczna Marka Osobista<\/a><time datetime=\"2022-04-15T14:33:00+02:00\" class=\"wp-block-latest-posts__post-date\">15 kwietnia 2022<\/time><div class=\"wp-block-latest-posts__post-excerpt\">W dniu 12 kwietnia 2022 r. odby\u0142o si\u0119 szkolenie \u201eAutentyczna Marka Osobista\u201d prowadzone przez pani\u0105 Agnieszk\u0119 \u0141atkowsk\u0105 z Polskiej Fundacji Przedsi\u0119biorczo\u015bci. W\u015br\u00f3d uczestnik\u00f3w byli studenci kierunku Zarz\u0105dzanie, zar\u00f3wno studi\u00f3w licencjackich jak i magisterskich uzupe\u0142niaj\u0105cych.<\/div><\/li>\n<li><div class=\"wp-block-latest-posts__featured-image alignleft\"><img loading=\"lazy\" decoding=\"async\" width=\"150\" height=\"150\" src=\"https:\/\/pans.krosno.pl\/zarzadzanie-magisterskie\/wp-content\/uploads\/sites\/42\/2022\/03\/Zawadka-150x150.jpg\" class=\"attachment-thumbnail size-thumbnail wp-post-image\" alt=\"\" style=\"max-width:150px;max-height:150px;\" srcset=\"https:\/\/pans.krosno.pl\/zarzadzanie-magisterskie\/wp-content\/uploads\/sites\/42\/2022\/03\/Zawadka-150x150.jpg 150w, https:\/\/pans.krosno.pl\/zarzadzanie-magisterskie\/wp-content\/uploads\/sites\/42\/2022\/03\/Zawadka-80x80.jpg 80w\" sizes=\"auto, (max-width: 150px) 100vw, 150px\" \/><\/div><a class=\"wp-block-latest-posts__post-title\" href=\"https:\/\/pans.krosno.pl\/zarzadzanie-magisterskie\/wyklad-motywacyjny-michala-zawadki-pt-najwazniejszy-czlowiek-swiata\/\">Wyk\u0142ad motywacyjny Micha\u0142a Zawadki pt. &#8222;Najwa\u017cniejszy cz\u0142owiek \u015bwiata&#8221;<\/a><time datetime=\"2022-03-30T15:16:00+02:00\" class=\"wp-block-latest-posts__post-date\">30 marca 2022<\/time><div class=\"wp-block-latest-posts__post-excerpt\">Wyk\u0142ad motywacyjny Micha\u0142a Zawadki pt. \u201eNajwa\u017cniejszy cz\u0142owiek \u015bwiata\u201d ju\u017c za nami. T\u0142um ch\u0119tnych, komplet na \u201ewidowi\u201d, pe\u0142ne zaanga\u017cowanie w czasie trwania i moc refleksji po, mimo, \u017ce trwa\u0142 2,5 godziny. Na auli KPU w Kro\u015bnie go\u015bcili\u015bmy uczni\u00f3w szk\u00f3\u0142 \u015brednich: Zesp\u00f3\u0142 Szk\u00f3\u0142 Ponadpodstawowych Nr 1 im. Jana Szczepanika w Kro\u015bnie i I Liceum Og\u00f3lnokszta\u0142c\u0105ce im. Miko\u0142aja [\u2026] <div class=\"clear\"><\/div><a class=\"more_link clearfix\" href=\"https:\/\/pans.krosno.pl\/zarzadzanie-magisterskie\/wyklad-motywacyjny-michala-zawadki-pt-najwazniejszy-czlowiek-swiata\/\" rel=\"nofollow\">Read More<\/a><\/div><\/li>\n<li><div class=\"wp-block-latest-posts__featured-image alignleft\"><img loading=\"lazy\" decoding=\"async\" width=\"150\" height=\"150\" src=\"https:\/\/pans.krosno.pl\/zarzadzanie-magisterskie\/wp-content\/uploads\/sites\/42\/2022\/01\/Logotyp-KPU-w-Krosnie-150x150.jpg\" class=\"attachment-thumbnail size-thumbnail wp-post-image\" alt=\"Logotyp KPU w Kro\u015bnie\" style=\"max-width:150px;max-height:150px;\" srcset=\"https:\/\/pans.krosno.pl\/zarzadzanie-magisterskie\/wp-content\/uploads\/sites\/42\/2022\/01\/Logotyp-KPU-w-Krosnie-150x150.jpg 150w, https:\/\/pans.krosno.pl\/zarzadzanie-magisterskie\/wp-content\/uploads\/sites\/42\/2022\/01\/Logotyp-KPU-w-Krosnie-80x80.jpg 80w\" sizes=\"auto, (max-width: 150px) 100vw, 150px\" \/><\/div><a class=\"wp-block-latest-posts__post-title\" href=\"https:\/\/pans.krosno.pl\/zarzadzanie-magisterskie\/zajecia-pozaprogramowe-dla-studentow-przedluzenie-terminu-zapisow-do-21-marca\/\">Zaj\u0119cia pozaprogramowe dla student\u00f3w \u2013 przed\u0142u\u017cenie terminu zapis\u00f3w do 21 marca<\/a><time datetime=\"2022-03-18T16:37:00+01:00\" class=\"wp-block-latest-posts__post-date\">18 marca 2022<\/time><div class=\"wp-block-latest-posts__post-excerpt\">Informujemy, \u017ce ruszy\u0142y zapisy na zaj\u0119cia pozaprogramowe.Po zrealizowaniu i zaliczeniu zaj\u0119\u0107 student otrzyma dodatkowo 1 pkt. ECTS nieuj\u0119ty w planie studi\u00f3w. Tematyka zaj\u0119\u0107: Bezpiecze\u0144stwo w sieci. Dietetyka i zdrowy styl \u017cycia. Filozofia poznania, logika, etyka. Media, weryfikacja fakt\u00f3w i bezpiecze\u0144stwo informacyjne. Mikroekonomia. Pierwsza pomoc przedmedyczna. Podstawy analizy danych (podstawy statystyki). Podstawy projektowania w programie AutoCad. [\u2026] <div class=\"clear\"><\/div><a class=\"more_link clearfix\" href=\"https:\/\/pans.krosno.pl\/zarzadzanie-magisterskie\/zajecia-pozaprogramowe-dla-studentow-przedluzenie-terminu-zapisow-do-21-marca\/\" rel=\"nofollow\">Read More<\/a><\/div><\/li>\n<li><div class=\"wp-block-latest-posts__featured-image alignleft\"><img loading=\"lazy\" decoding=\"async\" width=\"150\" height=\"150\" src=\"https:\/\/pans.krosno.pl\/zarzadzanie-magisterskie\/wp-content\/uploads\/sites\/42\/2022\/03\/received_698098124878135-150x150.jpeg\" class=\"attachment-thumbnail size-thumbnail wp-post-image\" alt=\"\" style=\"max-width:150px;max-height:150px;\" srcset=\"https:\/\/pans.krosno.pl\/zarzadzanie-magisterskie\/wp-content\/uploads\/sites\/42\/2022\/03\/received_698098124878135-150x150.jpeg 150w, https:\/\/pans.krosno.pl\/zarzadzanie-magisterskie\/wp-content\/uploads\/sites\/42\/2022\/03\/received_698098124878135-80x80.jpeg 80w\" sizes=\"auto, (max-width: 150px) 100vw, 150px\" \/><\/div><a class=\"wp-block-latest-posts__post-title\" href=\"https:\/\/pans.krosno.pl\/zarzadzanie-magisterskie\/certyfikaty-it-academy-asseco\/\">Certyfikaty IT Academy Asseco<\/a><time datetime=\"2022-03-14T09:39:00+01:00\" class=\"wp-block-latest-posts__post-date\">14 marca 2022<\/time><div class=\"wp-block-latest-posts__post-excerpt\">W dniu 11.03.2022 r. w Campusie Turasz\u00f3wka KPU Krosno odby\u0142o si\u0119 wr\u0119czenie Certyfikat\u00f3w w ramach IT Academy Asseco studentom kierunku Zarz\u0105dzanie. Certyfikacja dotyczy\u0142a nabycie umiej\u0119tno\u015bci w systemie ERP Asseco Wapro. W uroczysto\u015bci uczestniczyli: Prorektor ds Rozwoju KPU Krosno Pani dr Agnieszka Wo\u017aniak, Kierownik Zak\u0142adu Zarz\u0105dzanie Pan dr in\u017c. Piotr Lenik oraz Koordynator IT Academy Asseco [\u2026] <div class=\"clear\"><\/div><a class=\"more_link clearfix\" href=\"https:\/\/pans.krosno.pl\/zarzadzanie-magisterskie\/certyfikaty-it-academy-asseco\/\" rel=\"nofollow\">Read More<\/a><\/div><\/li>\n<li><div class=\"wp-block-latest-posts__featured-image alignleft\"><img loading=\"lazy\" decoding=\"async\" width=\"150\" height=\"150\" src=\"https:\/\/pans.krosno.pl\/zarzadzanie-magisterskie\/wp-content\/uploads\/sites\/42\/2022\/01\/Logotyp-KPU-w-Krosnie-150x150.jpg\" class=\"attachment-thumbnail size-thumbnail wp-post-image\" alt=\"Logotyp KPU w Kro\u015bnie\" style=\"max-width:150px;max-height:150px;\" srcset=\"https:\/\/pans.krosno.pl\/zarzadzanie-magisterskie\/wp-content\/uploads\/sites\/42\/2022\/01\/Logotyp-KPU-w-Krosnie-150x150.jpg 150w, https:\/\/pans.krosno.pl\/zarzadzanie-magisterskie\/wp-content\/uploads\/sites\/42\/2022\/01\/Logotyp-KPU-w-Krosnie-80x80.jpg 80w\" sizes=\"auto, (max-width: 150px) 100vw, 150px\" \/><\/div><a class=\"wp-block-latest-posts__post-title\" href=\"https:\/\/pans.krosno.pl\/zarzadzanie-magisterskie\/zajecia-pozaprogramowe-dla-studentow\/\">Zaj\u0119cia pozaprogramowe dla student\u00f3w<\/a><time datetime=\"2022-03-08T12:38:17+01:00\" class=\"wp-block-latest-posts__post-date\">8 marca 2022<\/time><div class=\"wp-block-latest-posts__post-excerpt\">Informujemy, \u017ce ruszy\u0142y zapisy na zaj\u0119cia pozaprogramowe.Po zrealizowaniu i zaliczeniu zaj\u0119\u0107 student otrzyma dodatkowo 1 pkt. ECTS nieuj\u0119ty w planie studi\u00f3w. Tematyka zaj\u0119\u0107: Bezpiecze\u0144stwo w sieci. Dietetyka i zdrowy styl \u017cycia. Filozofia poznania, logika, etyka. Media, weryfikacja fakt\u00f3w i bezpiecze\u0144stwo informacyjne. Mikroekonomia. Pierwsza pomoc przedmedyczna. Podstawy analizy danych (podstawy statystyki). Podstawy projektowania w programie AutoCad. [\u2026] <div class=\"clear\"><\/div><a class=\"more_link clearfix\" href=\"https:\/\/pans.krosno.pl\/zarzadzanie-magisterskie\/zajecia-pozaprogramowe-dla-studentow\/\" rel=\"nofollow\">Read More<\/a><\/div><\/li>\n<li><div class=\"wp-block-latest-posts__featured-image alignleft\"><img loading=\"lazy\" decoding=\"async\" width=\"150\" height=\"150\" src=\"https:\/\/pans.krosno.pl\/zarzadzanie-magisterskie\/wp-content\/uploads\/sites\/42\/2022\/03\/zdjecie-1-1024x768-1-150x150.jpg\" class=\"attachment-thumbnail size-thumbnail wp-post-image\" alt=\"\" style=\"max-width:150px;max-height:150px;\" \/><\/div><a class=\"wp-block-latest-posts__post-title\" href=\"https:\/\/pans.krosno.pl\/zarzadzanie-magisterskie\/studenci-zarzadzania-zorganizowali-zbiorke-na-rzecz-uchodzcow-z-ukrainy\/\">Studenci Zarz\u0105dzania zorganizowali zbi\u00f3rk\u0119 na rzecz uchod\u017ac\u00f3w z Ukrainy<\/a><time datetime=\"2022-03-04T14:27:00+01:00\" class=\"wp-block-latest-posts__post-date\">4 marca 2022<\/time><div class=\"wp-block-latest-posts__post-excerpt\">W dniu 4 marca 2022 roku odby\u0142 si\u0119 fina\u0142 zbi\u00f3rki rzeczowej zorganizowanej przez Interdyscyplinarne Ko\u0142o Naukowe Temida oraz Rad\u0119 Samorz\u0105du Studenckiego dla uchod\u017ac\u00f3w z Ukrainy. Studenci i pracownicy KPU w Kro\u015bnie od 28 lutego 2022 roku do 3 marca 2022 roku zbierali dary rzeczowe przeznaczone na pomoc przyjacio\u0142om z Ukrainy. W ci\u0105gu zaledwie kilku dni [\u2026] <div class=\"clear\"><\/div><a class=\"more_link clearfix\" href=\"https:\/\/pans.krosno.pl\/zarzadzanie-magisterskie\/studenci-zarzadzania-zorganizowali-zbiorke-na-rzecz-uchodzcow-z-ukrainy\/\" rel=\"nofollow\">Read More<\/a><\/div><\/li>\n<li><div class=\"wp-block-latest-posts__featured-image alignleft\"><img loading=\"lazy\" decoding=\"async\" width=\"150\" height=\"150\" src=\"https:\/\/pans.krosno.pl\/zarzadzanie-magisterskie\/wp-content\/uploads\/sites\/42\/2022\/03\/PFP-150x150.png\" class=\"attachment-thumbnail size-thumbnail wp-post-image\" alt=\"\" style=\"max-width:150px;max-height:150px;\" \/><\/div><a class=\"wp-block-latest-posts__post-title\" href=\"https:\/\/pans.krosno.pl\/zarzadzanie-magisterskie\/szkolenia-z-polska-fundacja-przedsiebiorczosci\/\">Szkolenia z Polsk\u0105 Fundacj\u0105 Przedsi\u0119biorczo\u015bci<\/a><time datetime=\"2022-03-01T14:50:00+01:00\" class=\"wp-block-latest-posts__post-date\">1 marca 2022<\/time><div class=\"wp-block-latest-posts__post-excerpt\">Studenci kierunku Zarz\u0105dzanie uczestniczyli w szkoleniach on-line oferowanych przez Polsk\u0105 Fundacj\u0119 Przedsi\u0119biorczo\u015bci. PFP oferuje BEZP\u0141ATNE szkolenia w formie zdalnej z zakresu finans\u00f3w i ksi\u0119gowo\u015bci, marketingu i sprzeda\u017cy, technologii i infrastruktury, zarz\u0105dzania, prawa, za\u0142o\u017cenia pierwszego biznesu, umiej\u0119tno\u015bci mi\u0119kkich i samo\u015bwiadomo\u015bci. Uczestnik mo\u017ce wci\u0105\u0107 udzia\u0142 w kursie on-line (za pomoc\u0105 aplikacji Zoom), w takcie kt\u00f3rego uzyskuje dost\u0119p [\u2026] <div class=\"clear\"><\/div><a class=\"more_link clearfix\" href=\"https:\/\/pans.krosno.pl\/zarzadzanie-magisterskie\/szkolenia-z-polska-fundacja-przedsiebiorczosci\/\" rel=\"nofollow\">Read More<\/a><\/div><\/li>\n<li><div class=\"wp-block-latest-posts__featured-image alignleft\"><img loading=\"lazy\" decoding=\"async\" width=\"150\" height=\"150\" src=\"https:\/\/pans.krosno.pl\/zarzadzanie-magisterskie\/wp-content\/uploads\/sites\/42\/2022\/01\/Logotyp-KPU-w-Krosnie-150x150.jpg\" class=\"attachment-thumbnail size-thumbnail wp-post-image\" alt=\"Logotyp KPU w Kro\u015bnie\" style=\"max-width:150px;max-height:150px;\" srcset=\"https:\/\/pans.krosno.pl\/zarzadzanie-magisterskie\/wp-content\/uploads\/sites\/42\/2022\/01\/Logotyp-KPU-w-Krosnie-150x150.jpg 150w, https:\/\/pans.krosno.pl\/zarzadzanie-magisterskie\/wp-content\/uploads\/sites\/42\/2022\/01\/Logotyp-KPU-w-Krosnie-80x80.jpg 80w\" sizes=\"auto, (max-width: 150px) 100vw, 150px\" \/><\/div><a class=\"wp-block-latest-posts__post-title\" href=\"https:\/\/pans.krosno.pl\/zarzadzanie-magisterskie\/obowiazek-noszenia-maseczek\/\">Obowi\u0105zek noszenia maseczek<\/a><time datetime=\"2022-02-28T12:05:00+01:00\" class=\"wp-block-latest-posts__post-date\">28 lutego 2022<\/time><div class=\"wp-block-latest-posts__post-excerpt\">Szanowni Pa\u0144stwo, studenci kierunku Zarz\u0105dzanie na terenie uczelni obowi\u0105zuje noszenie maseczek zakrywaj\u0105cych usta i nos. Obowi\u0105zek ten nie zosta\u0142 zniesiony.<\/div><\/li>\n<li><div class=\"wp-block-latest-posts__featured-image alignleft\"><img loading=\"lazy\" decoding=\"async\" width=\"150\" height=\"150\" src=\"https:\/\/pans.krosno.pl\/zarzadzanie-magisterskie\/wp-content\/uploads\/sites\/42\/2022\/01\/Logotyp-KPU-w-Krosnie-150x150.jpg\" class=\"attachment-thumbnail size-thumbnail wp-post-image\" alt=\"Logotyp KPU w Kro\u015bnie\" style=\"max-width:150px;max-height:150px;\" srcset=\"https:\/\/pans.krosno.pl\/zarzadzanie-magisterskie\/wp-content\/uploads\/sites\/42\/2022\/01\/Logotyp-KPU-w-Krosnie-150x150.jpg 150w, https:\/\/pans.krosno.pl\/zarzadzanie-magisterskie\/wp-content\/uploads\/sites\/42\/2022\/01\/Logotyp-KPU-w-Krosnie-80x80.jpg 80w\" sizes=\"auto, (max-width: 150px) 100vw, 150px\" \/><\/div><a class=\"wp-block-latest-posts__post-title\" href=\"https:\/\/pans.krosno.pl\/zarzadzanie-magisterskie\/informacja-drugi-tydzien-semestru-letniego\/\">Informacja drugi tydzie\u0144 semestru letniego<\/a><time datetime=\"2022-02-27T13:17:41+01:00\" class=\"wp-block-latest-posts__post-date\">27 lutego 2022<\/time><div class=\"wp-block-latest-posts__post-excerpt\">Zgodnie z Komunikatem Rektora KPU nr 4\/2022 od dnia 28 lutego br. zaj\u0119cia b\u0119d\u0105 odbywa\u0107 si\u0119 w trybie tradycyjnym. Prosz\u0119 zapozna\u0107 si\u0119 z zaleceniami odno\u015bnie bezpiecze\u0144stwa cyfrowego.<\/div><\/li>\n<li><div class=\"wp-block-latest-posts__featured-image alignleft\"><img loading=\"lazy\" decoding=\"async\" width=\"150\" height=\"150\" src=\"https:\/\/pans.krosno.pl\/zarzadzanie-magisterskie\/wp-content\/uploads\/sites\/42\/2022\/01\/Logotyp-KPU-w-Krosnie-150x150.jpg\" class=\"attachment-thumbnail size-thumbnail wp-post-image\" alt=\"Logotyp KPU w Kro\u015bnie\" style=\"max-width:150px;max-height:150px;\" srcset=\"https:\/\/pans.krosno.pl\/zarzadzanie-magisterskie\/wp-content\/uploads\/sites\/42\/2022\/01\/Logotyp-KPU-w-Krosnie-150x150.jpg 150w, https:\/\/pans.krosno.pl\/zarzadzanie-magisterskie\/wp-content\/uploads\/sites\/42\/2022\/01\/Logotyp-KPU-w-Krosnie-80x80.jpg 80w\" sizes=\"auto, (max-width: 150px) 100vw, 150px\" \/><\/div><a class=\"wp-block-latest-posts__post-title\" href=\"https:\/\/pans.krosno.pl\/zarzadzanie-magisterskie\/zajecia-zdalne-w-pierwszym-tygodniu-semestru-letniego\/\">Zaj\u0119cia zdalne w pierwszym tygodniu semestru letniego<\/a><time datetime=\"2022-01-31T18:12:06+01:00\" class=\"wp-block-latest-posts__post-date\">31 stycznia 2022<\/time><div class=\"wp-block-latest-posts__post-excerpt\">Zgodnie z Komunikatem nr 3\/22 z dnia 28 stycznia Rektora Karpackiej Pa\u0144stwowej Uczelni w Kro\u015bnie zaj\u0119cia w terminie od 19 do 27 lutego semestru letniego 2021\/2022, b\u0119d\u0105 odbywa\u0107 si\u0119 zdalnie, zgodnie z trybem realizacji zaj\u0119\u0107 dydaktycznych okre\u015blonym w Komunikacie Rektora nr 9\/21 z dnia 3 grudnia 2021 roku.<\/div><\/li>\n<li><div class=\"wp-block-latest-posts__featured-image alignleft\"><img loading=\"lazy\" decoding=\"async\" width=\"150\" height=\"150\" src=\"https:\/\/pans.krosno.pl\/zarzadzanie-magisterskie\/wp-content\/uploads\/sites\/42\/2022\/01\/Logotyp-KPU-w-Krosnie-150x150.jpg\" class=\"attachment-thumbnail size-thumbnail wp-post-image\" alt=\"Logotyp KPU w Kro\u015bnie\" style=\"max-width:150px;max-height:150px;\" srcset=\"https:\/\/pans.krosno.pl\/zarzadzanie-magisterskie\/wp-content\/uploads\/sites\/42\/2022\/01\/Logotyp-KPU-w-Krosnie-150x150.jpg 150w, https:\/\/pans.krosno.pl\/zarzadzanie-magisterskie\/wp-content\/uploads\/sites\/42\/2022\/01\/Logotyp-KPU-w-Krosnie-80x80.jpg 80w\" sizes=\"auto, (max-width: 150px) 100vw, 150px\" \/><\/div><a class=\"wp-block-latest-posts__post-title\" href=\"https:\/\/pans.krosno.pl\/zarzadzanie-magisterskie\/terminy-zjazdow-studia-niestacjonarne\/\">Terminy zjazd\u00f3w \u2013 studia niestacjonarne<\/a><time datetime=\"2022-01-14T16:04:19+01:00\" class=\"wp-block-latest-posts__post-date\">14 stycznia 2022<\/time><div class=\"wp-block-latest-posts__post-excerpt\">W semestrze letnim 2021\/22 realizowane b\u0119dzie 10 zjazd\u00f3w z podzia\u0142em na zjazdy A oraz B. A \u2013 Terminy zjazd\u00f3w: 18-20.02, 18-20.03, 01-03.04, 13-15.05, 27-29.05 B \u2013 Terminy zjazd\u00f3w: 25-27.02, 25-27.03, 08-10.04, 20-22.05, 03-05.06<\/div><\/li>\n<li><div class=\"wp-block-latest-posts__featured-image alignleft\"><img loading=\"lazy\" decoding=\"async\" width=\"150\" height=\"150\" src=\"https:\/\/pans.krosno.pl\/zarzadzanie-magisterskie\/wp-content\/uploads\/sites\/42\/2022\/01\/zdjecie-2-150x150.jpg\" class=\"attachment-thumbnail size-thumbnail wp-post-image\" alt=\"\" style=\"max-width:150px;max-height:150px;\" srcset=\"https:\/\/pans.krosno.pl\/zarzadzanie-magisterskie\/wp-content\/uploads\/sites\/42\/2022\/01\/zdjecie-2-150x150.jpg 150w, https:\/\/pans.krosno.pl\/zarzadzanie-magisterskie\/wp-content\/uploads\/sites\/42\/2022\/01\/zdjecie-2-80x80.jpg 80w\" sizes=\"auto, (max-width: 150px) 100vw, 150px\" \/><\/div><a class=\"wp-block-latest-posts__post-title\" href=\"https:\/\/pans.krosno.pl\/zarzadzanie-magisterskie\/studentki-zarzadzania-otrzymaly-stypendium-im-s-pigonia\/\">Studentki Zarz\u0105dzania otrzyma\u0142y stypendium im. S. Pigonia<\/a><time datetime=\"2021-12-15T18:41:00+01:00\" class=\"wp-block-latest-posts__post-date\">15 grudnia 2021<\/time><div class=\"wp-block-latest-posts__post-excerpt\">14 grudnia br. Rektor Karpackiej Pa\u0144stwowej Uczelni w Kro\u015bnie, dr hab. Zbigniew Barabasz, prof. KPU, wr\u0119czy\u0142 dyplomy studentom i pracownikom Uczelni, kt\u00f3rym w roku akademickim 2021\/2022 zosta\u0142o przyznane stypendium z Funduszu stypendialnego im. Stanis\u0142awa Pigonia w Kro\u015bnie. Z kierunku Zarz\u0105dzanie stypendium uzyska\u0142o a\u017c 5 studentek. Panie: Monika Nowak Karolina Dryga\u015b, Katarzyna Jucha, Kinga Uliasz (studia [\u2026] <div class=\"clear\"><\/div><a class=\"more_link clearfix\" href=\"https:\/\/pans.krosno.pl\/zarzadzanie-magisterskie\/studentki-zarzadzania-otrzymaly-stypendium-im-s-pigonia\/\" rel=\"nofollow\">Read More<\/a><\/div><\/li>\n<li><div class=\"wp-block-latest-posts__featured-image alignleft\"><img loading=\"lazy\" decoding=\"async\" width=\"150\" height=\"150\" src=\"https:\/\/pans.krosno.pl\/zarzadzanie-magisterskie\/wp-content\/uploads\/sites\/42\/2022\/01\/263676028_180292334304008_1039443733914537767_n-150x150.jpg\" class=\"attachment-thumbnail size-thumbnail wp-post-image\" alt=\"\" style=\"max-width:150px;max-height:150px;\" srcset=\"https:\/\/pans.krosno.pl\/zarzadzanie-magisterskie\/wp-content\/uploads\/sites\/42\/2022\/01\/263676028_180292334304008_1039443733914537767_n-150x150.jpg 150w, https:\/\/pans.krosno.pl\/zarzadzanie-magisterskie\/wp-content\/uploads\/sites\/42\/2022\/01\/263676028_180292334304008_1039443733914537767_n-80x80.jpg 80w\" sizes=\"auto, (max-width: 150px) 100vw, 150px\" \/><\/div><a class=\"wp-block-latest-posts__post-title\" href=\"https:\/\/pans.krosno.pl\/zarzadzanie-magisterskie\/studenci-zarzadzania-zorganizowali-zbiorke-na-rzecz-domu-dziecka\/\">Studenci Zarz\u0105dzania zorganizowali zbi\u00f3rk\u0119 na rzecz Domu Dziecka<\/a><time datetime=\"2021-12-13T18:36:00+01:00\" class=\"wp-block-latest-posts__post-date\">13 grudnia 2021<\/time><div class=\"wp-block-latest-posts__post-excerpt\">Studenci z Interdyscyplinarnego Studenckiego Ko\u0142a Naukowego \u201eTemida\u201d zorganizowali zbi\u00f3rk\u0119 na rzecz Domu Dziecka w D\u0142ugiem. Dzi\u0119ki zaanga\u017cowaniu cz\u0142onk\u00f3w k\u00f3\u0142a naukowego, student\u00f3w uczelni oraz jej pracownik\u00f3w uda\u0142o si\u0119 zebra\u0107 ca\u0142y van potrzebnych rzeczy dla dzieci. Pracownicy i&nbsp;studenci KPU wykazali si\u0119 wspania\u0142ym sercem, zaanga\u017cowaniem oraz ochoczo promowali akcj\u0119 w\u015br\u00f3d r\u00f3wie\u015bnik\u00f3w. Efektem tego by\u0142a ogromna liczba zebranych artyku\u0142\u00f3w [\u2026] <div class=\"clear\"><\/div><a class=\"more_link clearfix\" href=\"https:\/\/pans.krosno.pl\/zarzadzanie-magisterskie\/studenci-zarzadzania-zorganizowali-zbiorke-na-rzecz-domu-dziecka\/\" rel=\"nofollow\">Read More<\/a><\/div><\/li>\n<li><div class=\"wp-block-latest-posts__featured-image alignleft\"><img loading=\"lazy\" decoding=\"async\" width=\"150\" height=\"150\" src=\"https:\/\/pans.krosno.pl\/zarzadzanie-magisterskie\/wp-content\/uploads\/sites\/42\/2021\/12\/IMG_8054-1-150x150.jpg\" class=\"attachment-thumbnail size-thumbnail wp-post-image\" alt=\"\" style=\"max-width:150px;max-height:150px;\" srcset=\"https:\/\/pans.krosno.pl\/zarzadzanie-magisterskie\/wp-content\/uploads\/sites\/42\/2021\/12\/IMG_8054-1-150x150.jpg 150w, https:\/\/pans.krosno.pl\/zarzadzanie-magisterskie\/wp-content\/uploads\/sites\/42\/2021\/12\/IMG_8054-1-80x80.jpg 80w\" sizes=\"auto, (max-width: 150px) 100vw, 150px\" \/><\/div><a class=\"wp-block-latest-posts__post-title\" href=\"https:\/\/pans.krosno.pl\/zarzadzanie-magisterskie\/dlaczego-oszczedzamy-i-pozyczamy-pieniadze-warsztaty-akademii-mlodych\/\">Dlaczego oszcz\u0119dzamy i po\u017cyczamy pieni\u0105dze? Warsztaty Akademii M\u0142odych<\/a><time datetime=\"2021-12-10T10:33:05+01:00\" class=\"wp-block-latest-posts__post-date\">10 grudnia 2021<\/time><div class=\"wp-block-latest-posts__post-excerpt\">W dniu 4 grudnia 2021 r. odby\u0142y si\u0119 kolejne warsztaty w ramach Akademii M\u0142odych,&nbsp; tym razem z zakresu finans\u00f3w i zarz\u0105dzania. M\u0142odsza grupa uczestnik\u00f3w wzi\u0119\u0142a udzia\u0142 w warsztatach pt. Dlaczego oszcz\u0119dzamy i po\u017cyczamy pieni\u0105dze? w trakcie kt\u00f3rych poznali oni funkcje bank\u00f3w i banku centralnego, a tak\u017ce rozwijali swoje kompetencje analityczne por\u00f3wnuj\u0105c zalety i wady r\u00f3\u017cnych [\u2026] <div class=\"clear\"><\/div><a class=\"more_link clearfix\" href=\"https:\/\/pans.krosno.pl\/zarzadzanie-magisterskie\/dlaczego-oszczedzamy-i-pozyczamy-pieniadze-warsztaty-akademii-mlodych\/\" rel=\"nofollow\">Read More<\/a><\/div><\/li>\n<li><div class=\"wp-block-latest-posts__featured-image alignleft\"><img loading=\"lazy\" decoding=\"async\" width=\"150\" height=\"150\" src=\"https:\/\/pans.krosno.pl\/zarzadzanie-magisterskie\/wp-content\/uploads\/sites\/42\/2021\/11\/logo-150x150.png\" class=\"attachment-thumbnail size-thumbnail wp-post-image\" alt=\"\" style=\"max-width:150px;max-height:150px;\" srcset=\"https:\/\/pans.krosno.pl\/zarzadzanie-magisterskie\/wp-content\/uploads\/sites\/42\/2021\/11\/logo-150x150.png 150w, https:\/\/pans.krosno.pl\/zarzadzanie-magisterskie\/wp-content\/uploads\/sites\/42\/2021\/11\/logo-80x80.png 80w\" sizes=\"auto, (max-width: 150px) 100vw, 150px\" \/><\/div><a class=\"wp-block-latest-posts__post-title\" href=\"https:\/\/pans.krosno.pl\/zarzadzanie-magisterskie\/myslec-ekonomicznie-czyli-jak-warsztaty-akademii-mlodych\/\">My\u015ble\u0107 ekonomicznie \u2013 czyli jak? Warsztaty Akademii M\u0142odych<\/a><time datetime=\"2021-11-26T20:42:01+01:00\" class=\"wp-block-latest-posts__post-date\">26 listopada 2021<\/time><div class=\"wp-block-latest-posts__post-excerpt\">20 listopada 2021 r. Zak\u0142ad Zarz\u0105dzania zorganizowa\u0142 warsztaty: My\u015ble\u0107 ekonomicznie \u2013czyli jak? , dla student\u00f3w Akademii M\u0142odych przy KPU w Kro\u015bnie. Celem warsztat\u00f3w by\u0142o zapoznanie z istot\u0105 my\u015blenia ekonomicznego, kszta\u0142towanie umiej\u0119tno\u015bci rozpoznawania podstawowych element\u00f3w rynku oraz rozwijanie kreatywno\u015bci poprzez gr\u0119, w kt\u00f3rej uczestnicy wcielali si\u0119 w rol\u0119 przedsi\u0119biorc\u00f3w prowadz\u0105cych ma\u0142e firmy.<\/div><\/li>\n<li><div class=\"wp-block-latest-posts__featured-image alignleft\"><img loading=\"lazy\" decoding=\"async\" width=\"150\" height=\"150\" src=\"https:\/\/pans.krosno.pl\/zarzadzanie-magisterskie\/wp-content\/uploads\/sites\/42\/2021\/11\/logo-ikona-2021-150x150.jpg\" class=\"attachment-thumbnail size-thumbnail wp-post-image\" alt=\"\" style=\"max-width:150px;max-height:150px;\" \/><\/div><a class=\"wp-block-latest-posts__post-title\" href=\"https:\/\/pans.krosno.pl\/zarzadzanie-magisterskie\/ogolnopolski-kongres-kol-naukowych-ikona-2021\/\">Og\u00f3lnopolski Kongres K\u00f3\u0142 Naukowych IKONA 2021<\/a><time datetime=\"2021-11-16T14:40:12+01:00\" class=\"wp-block-latest-posts__post-date\">16 listopada 2021<\/time><div class=\"wp-block-latest-posts__post-excerpt\">W dniach 11-14 listopada cz\u0142onkowie Ko\u0142a Naukowego Organizacji i Zarz\u0105dzania wzi\u0119li udzia\u0142 w Og\u00f3lnopolskim Kongresie K\u00f3\u0142 Naukowych IKONA. W go\u015bcinnych progach Akademii Sztuk Pi\u0119knych w Warszawie Kinga Uliasz, Marlena \u0141apka i Jessica Orzechowska uczestniczy\u0142y w serii certyfikowanych szkole\u0144 pt. &#8222;Profesjonalna Promocja Projekt\u00f3w Naukowych&#8221; . W trakcie szkole\u0144 uczestniczki uczy\u0142y si\u0119 m.in. jak prezentowa\u0107 wyniki bada\u0144 [\u2026] <div class=\"clear\"><\/div><a class=\"more_link clearfix\" href=\"https:\/\/pans.krosno.pl\/zarzadzanie-magisterskie\/ogolnopolski-kongres-kol-naukowych-ikona-2021\/\" rel=\"nofollow\">Read More<\/a><\/div><\/li>\n<li><div class=\"wp-block-latest-posts__featured-image alignleft\"><img loading=\"lazy\" decoding=\"async\" width=\"150\" height=\"150\" src=\"https:\/\/pans.krosno.pl\/zarzadzanie-magisterskie\/wp-content\/uploads\/sites\/42\/2021\/10\/PTZP-logo-150x150.jpg\" class=\"attachment-thumbnail size-thumbnail wp-post-image\" alt=\"\" style=\"max-width:150px;max-height:150px;\" srcset=\"https:\/\/pans.krosno.pl\/zarzadzanie-magisterskie\/wp-content\/uploads\/sites\/42\/2021\/10\/PTZP-logo-150x150.jpg 150w, https:\/\/pans.krosno.pl\/zarzadzanie-magisterskie\/wp-content\/uploads\/sites\/42\/2021\/10\/PTZP-logo-80x80.jpg 80w\" sizes=\"auto, (max-width: 150px) 100vw, 150px\" \/><\/div><a class=\"wp-block-latest-posts__post-title\" href=\"https:\/\/pans.krosno.pl\/zarzadzanie-magisterskie\/sukcesy-absolwentow-kierunku-zarzadzanie\/\">Sukcesy absolwent\u00f3w kierunku Zarz\u0105dzanie<\/a><time datetime=\"2021-11-10T14:17:36+01:00\" class=\"wp-block-latest-posts__post-date\">10 listopada 2021<\/time><div class=\"wp-block-latest-posts__post-excerpt\">W dniu 30 pa\u017adziernika 2021 roku zosta\u0142y wr\u0119czone dyplomy Laureatom Og\u00f3lnopolskiego Konkursu Najlepszych Prac Dyplomowych. Konkurs zosta\u0142 przeprowadzony przez podkarpacki oddzia\u0142 Polskiego Towarzystwa Zarz\u0105dzania Produkcj\u0105. &nbsp;Komisja konkursowa pracowa\u0142a pod przewodnictwem pani prof. Agaty Pier\u015bcieniak&nbsp; z Politechniki Gda\u0144skiej. Pierwsze miejsce uzyska\u0142a praca pani mgr Anny PRUCNAL pt. \u201eZastosowanie controllingu podatkowego na przyk\u0142adzie wybranych przedsi\u0119biorstw&#8221; napisana w [\u2026] <div class=\"clear\"><\/div><a class=\"more_link clearfix\" href=\"https:\/\/pans.krosno.pl\/zarzadzanie-magisterskie\/sukcesy-absolwentow-kierunku-zarzadzanie\/\" rel=\"nofollow\">Read More<\/a><\/div><\/li>\n<li><div class=\"wp-block-latest-posts__featured-image alignleft\"><img loading=\"lazy\" decoding=\"async\" width=\"150\" height=\"150\" src=\"https:\/\/pans.krosno.pl\/zarzadzanie-magisterskie\/wp-content\/uploads\/sites\/42\/2021\/10\/3-150x150.jpg\" class=\"attachment-thumbnail size-thumbnail wp-post-image\" alt=\"\" style=\"max-width:150px;max-height:150px;\" \/><\/div><a class=\"wp-block-latest-posts__post-title\" href=\"https:\/\/pans.krosno.pl\/zarzadzanie-magisterskie\/wyklad-managerial-economics\/\">Wyk\u0142ad Managerial Economics<\/a><time datetime=\"2021-11-04T23:51:59+01:00\" class=\"wp-block-latest-posts__post-date\">4 listopada 2021<\/time><div class=\"wp-block-latest-posts__post-excerpt\">W dniu 30.10.2021 Dziekan WNTiE PUZ Pan Aleksander KASPRZYK \u00a0zaprezentowa\u0142 wyk\u0142ad na temat eksperckich rozwi\u0105za\u0144 \u00a0MANAGERIAL ECONOMICS.W\u00a0wydarzeniu\u00a0uczestniczyli:1. Studentki i studenci studi\u00f3w niestacjonarnych II roku studi\u00f3w licencjackich oraz II roku studi\u00f3w magisterskich.2. Laureaci Og\u00f3lnopolskiego Konkursu Najlepszych Prac Dyplomowych (PTZP) wraz z osobami towarzysz\u0105cymi.3.\u00a0Profesorowie:\u00a0M.\u00a0Kwieci\u0144ski\u00a0i\u00a0L.\u00a0Preisner Po spotkaniu wymieniano uwagi na w\/w temat oraz wskazywano na perspektywy aplikacyjnego wykorzystania [\u2026] <div class=\"clear\"><\/div><a class=\"more_link clearfix\" href=\"https:\/\/pans.krosno.pl\/zarzadzanie-magisterskie\/wyklad-managerial-economics\/\" rel=\"nofollow\">Read More<\/a><\/div><\/li>\n<li><div class=\"wp-block-latest-posts__featured-image alignleft\"><img loading=\"lazy\" decoding=\"async\" width=\"150\" height=\"150\" src=\"https:\/\/pans.krosno.pl\/zarzadzanie-magisterskie\/wp-content\/uploads\/sites\/42\/2021\/11\/zeszyt-79-150x150.jpg\" class=\"attachment-thumbnail size-thumbnail wp-post-image\" alt=\"\" style=\"max-width:150px;max-height:150px;\" \/><\/div><a class=\"wp-block-latest-posts__post-title\" href=\"https:\/\/pans.krosno.pl\/zarzadzanie-magisterskie\/nowa-publikacja-naukowo-dydaktyczna\/\">Nowa publikacja naukowo-dydaktyczna<\/a><time datetime=\"2021-11-03T10:20:32+01:00\" class=\"wp-block-latest-posts__post-date\">3 listopada 2021<\/time><div class=\"wp-block-latest-posts__post-excerpt\">Zapraszamy do lektury i korzystania z wersji elektronicznej Prac Naukowo-Dydaktycznych \u201eWsp\u00f3\u0142czesne organizacje. Zarz\u0105dzanie-innowacje-rozw\u00f3j\u201d pod redakcj\u0105 naukow\u0105 Liliany Mierzwi\u0144skiej oraz Beaty Ujdy-Dy\u0144ki, kt\u00f3re ukaza\u0142y si\u0119 we wrze\u015bniu br. https:\/\/pans.krosno.pl\/zarzadzanie\/monografia-wspolczesne-organizacje-zarzadzanie-innowacje-rozwoj\/<\/div><\/li>\n<li><div class=\"wp-block-latest-posts__featured-image alignleft\"><img loading=\"lazy\" decoding=\"async\" width=\"150\" height=\"150\" src=\"https:\/\/pans.krosno.pl\/zarzadzanie-magisterskie\/wp-content\/uploads\/sites\/42\/2021\/10\/PTZP-logo-150x150.jpg\" class=\"attachment-thumbnail size-thumbnail wp-post-image\" alt=\"\" style=\"max-width:150px;max-height:150px;\" srcset=\"https:\/\/pans.krosno.pl\/zarzadzanie-magisterskie\/wp-content\/uploads\/sites\/42\/2021\/10\/PTZP-logo-150x150.jpg 150w, https:\/\/pans.krosno.pl\/zarzadzanie-magisterskie\/wp-content\/uploads\/sites\/42\/2021\/10\/PTZP-logo-80x80.jpg 80w\" sizes=\"auto, (max-width: 150px) 100vw, 150px\" \/><\/div><a class=\"wp-block-latest-posts__post-title\" href=\"https:\/\/pans.krosno.pl\/zarzadzanie-magisterskie\/wyniki-konkursu-podkarpackiego-oddzialu-ptzp-na-najlepsza-prace-dyplomowa\/\">Wyniki konkursu podkarpackiego oddzia\u0142u PTZP na najlepsz\u0105 prac\u0119 dyplomow\u0105<\/a><time datetime=\"2021-10-18T17:09:34+02:00\" class=\"wp-block-latest-posts__post-date\">18 pa\u017adziernika 2021<\/time><div class=\"wp-block-latest-posts__post-excerpt\">Komisja Og\u00f3lnopolskiego Konkursu Najlepszych Prac Dyplomowych, organizowanego przez Polskie Towarzystwo Zarz\u0105dzania Produkcj\u0105, obraduj\u0105ca pod przewodnictwem prof. Agaty Pier\u015bcieniak \u2013 Politechnika Gda\u0144ska zdecydowa\u0142a, i\u017c I miejsce uzyska\u0142a praca mgr Anny PRUCNAL napisana w Zak\u0142adzie Zarz\u0105dzania KPU pod przewodnictwem prof. L. Preisnera. Komisja konkursowa wyr\u00f3\u017cni\u0142a r\u00f3wnie\u017c prace:\u2013 Justyny GURGACZ, napisanej pod przewodnictwem prof. B. \u015alusarczyka i prof. [\u2026] <div class=\"clear\"><\/div><a class=\"more_link clearfix\" href=\"https:\/\/pans.krosno.pl\/zarzadzanie-magisterskie\/wyniki-konkursu-podkarpackiego-oddzialu-ptzp-na-najlepsza-prace-dyplomowa\/\" rel=\"nofollow\">Read More<\/a><\/div><\/li>\n<li><div class=\"wp-block-latest-posts__featured-image alignleft\"><img loading=\"lazy\" decoding=\"async\" width=\"150\" height=\"150\" src=\"https:\/\/pans.krosno.pl\/zarzadzanie-magisterskie\/wp-content\/uploads\/sites\/42\/2021\/10\/3-150x150.jpg\" class=\"attachment-thumbnail size-thumbnail wp-post-image\" alt=\"\" style=\"max-width:150px;max-height:150px;\" \/><\/div><a class=\"wp-block-latest-posts__post-title\" href=\"https:\/\/pans.krosno.pl\/zarzadzanie-magisterskie\/wyklady-dla-studentow-kpu-w-krosnie\/\">Wyk\u0142ady dla student\u00f3w KPU w Kro\u015bnie<\/a><time datetime=\"2021-10-12T12:23:41+02:00\" class=\"wp-block-latest-posts__post-date\">12 pa\u017adziernika 2021<\/time><div class=\"wp-block-latest-posts__post-excerpt\">W pa\u017adzierniku przeprowadzone b\u0119d\u0105 wyk\u0142ady dla student\u00f3w KPU w Kro\u015bnie. Nasz\u0105 uczelni\u0119 odwiedz\u0105 prof. doc. Pavlo Skotnny z Uniwersytetu w Drochobyczu oraz prof.&nbsp;dr&nbsp;in\u017c. Aleksander Kasprzyk z Pa\u0144stwowej Uczelni Zawodowej w Tarnobrzegu. I&nbsp;wyk\u0142ad:1. &nbsp;&nbsp;&nbsp;Tytu\u0142 wyk\u0142adu: THE MULTICHANNEL WORLD: Customer Interaction in Today\u2019s Financial Services Sector2.&nbsp;&nbsp;&nbsp;&nbsp;Termin:&nbsp;II&nbsp;po\u0142owa&nbsp;pa\u017adziernika&nbsp;20213. &nbsp;&nbsp;&nbsp;Wyk\u0142adowca: prof. doc. Pavlo Skotnny Prodziekan Wydzia\u0142u Matematyki i Ekonomii Uniwersytet [\u2026] <div class=\"clear\"><\/div><a class=\"more_link clearfix\" href=\"https:\/\/pans.krosno.pl\/zarzadzanie-magisterskie\/wyklady-dla-studentow-kpu-w-krosnie\/\" rel=\"nofollow\">Read More<\/a><\/div><\/li>\n<li><div class=\"wp-block-latest-posts__featured-image alignleft\"><img loading=\"lazy\" decoding=\"async\" width=\"150\" height=\"150\" src=\"https:\/\/pans.krosno.pl\/zarzadzanie-magisterskie\/wp-content\/uploads\/sites\/42\/2020\/05\/logo_2-150x150.jpg\" class=\"attachment-thumbnail size-thumbnail wp-post-image\" alt=\"\" style=\"max-width:150px;max-height:150px;\" srcset=\"https:\/\/pans.krosno.pl\/zarzadzanie-magisterskie\/wp-content\/uploads\/sites\/42\/2020\/05\/logo_2-150x150.jpg 150w, https:\/\/pans.krosno.pl\/zarzadzanie-magisterskie\/wp-content\/uploads\/sites\/42\/2020\/05\/logo_2-80x80.jpg 80w\" sizes=\"auto, (max-width: 150px) 100vw, 150px\" \/><\/div><a class=\"wp-block-latest-posts__post-title\" href=\"https:\/\/pans.krosno.pl\/zarzadzanie-magisterskie\/monografia-wspolczesne-organizacje-zarzadzanie-innowacje-rozwoj\/\">Monografia &#8222;Wsp\u00f3\u0142czesne organizacje. Zarz\u0105dzanie-innowacje-rozw\u00f3j&#8221;<\/a><time datetime=\"2021-09-17T14:59:47+02:00\" class=\"wp-block-latest-posts__post-date\">17 wrze\u015bnia 2021<\/time><div class=\"wp-block-latest-posts__post-excerpt\">Nak\u0142adem Wydawnictwa Karpackiej Pa\u0144stwowej Uczelni w Kro\u015bnie ukaza\u0142y si\u0119 Prace Naukowo-Dydaktyczne &#8222;Wsp\u00f3\u0142czesne organizacje. Zarz\u0105dzanie-innowacje-rozw\u00f3j&#8221; pod redakcj\u0105 naukow\u0105 Liliany Mierzwi\u0144skiej oraz Beaty Ujdy-Dy\u0144ki. Monografia zawiera prace Autor\u00f3w reprezentuj\u0105cych nast\u0119puj\u0105ce o\u015brodki zagraniczne i polskie: Uniwersytet w Drohobyczu, Narodowy Instytut Iwana Franki we Lwowie, Instytut Ekonomiki Rolnictwa i Gospodarki \u017bywno\u015bciowej- Pa\u0144stwowy Instytut Badawczy, Instytut Nauk Ekonomicznych Polskiej Akademii [\u2026] <div class=\"clear\"><\/div><a class=\"more_link clearfix\" href=\"https:\/\/pans.krosno.pl\/zarzadzanie-magisterskie\/monografia-wspolczesne-organizacje-zarzadzanie-innowacje-rozwoj\/\" rel=\"nofollow\">Read More<\/a><\/div><\/li>\n<li><div class=\"wp-block-latest-posts__featured-image alignleft\"><img loading=\"lazy\" decoding=\"async\" width=\"150\" height=\"150\" src=\"https:\/\/pans.krosno.pl\/zarzadzanie-magisterskie\/wp-content\/uploads\/sites\/42\/2020\/05\/logo_2-150x150.jpg\" class=\"attachment-thumbnail size-thumbnail wp-post-image\" alt=\"\" style=\"max-width:150px;max-height:150px;\" srcset=\"https:\/\/pans.krosno.pl\/zarzadzanie-magisterskie\/wp-content\/uploads\/sites\/42\/2020\/05\/logo_2-150x150.jpg 150w, https:\/\/pans.krosno.pl\/zarzadzanie-magisterskie\/wp-content\/uploads\/sites\/42\/2020\/05\/logo_2-80x80.jpg 80w\" sizes=\"auto, (max-width: 150px) 100vw, 150px\" \/><\/div><a class=\"wp-block-latest-posts__post-title\" href=\"https:\/\/pans.krosno.pl\/zarzadzanie-magisterskie\/zagadnienia-rozmowy-kwalifikacyjnej-dla-absolwentow-innych-kierunkow-studiow-niz-zarzadzanie\/\">Zagadnienia rozmowy kwalifikacyjnej dla absolwent\u00f3w innych kierunk\u00f3w studi\u00f3w<\/a><time datetime=\"2021-09-16T14:10:52+02:00\" class=\"wp-block-latest-posts__post-date\">16 wrze\u015bnia 2021<\/time><div class=\"wp-block-latest-posts__post-excerpt\">Og\u00f3lne zagadnienia rozmowy kwalifikacyjnej dla kandydat\u00f3w ubiegaj\u0105cych si\u0119 o przyj\u0119cie na studia drugiego stopnia&nbsp; na kierunku Zarz\u0105dzanie (dotyczy kandydat\u00f3w \u2013 absolwent\u00f3w innych kierunk\u00f3w studi\u00f3w ni\u017c Zarz\u0105dzanie) Poszczeg\u00f3lne funkcje zarz\u0105dzania, z uwzgl\u0119dnieniem ewolucji w tym zakresie (od koncepcji H. Fayola do czas\u00f3w wsp\u00f3\u0142czesnych) R\u00f3\u017cnice wyst\u0119puj\u0105ce pomi\u0119dzy zarz\u0105dzaniem operacyjnym, taktycznym oraz strategicznym Poj\u0119cie stylu kierowania oraz om\u00f3wienie [\u2026] <div class=\"clear\"><\/div><a class=\"more_link clearfix\" href=\"https:\/\/pans.krosno.pl\/zarzadzanie-magisterskie\/zagadnienia-rozmowy-kwalifikacyjnej-dla-absolwentow-innych-kierunkow-studiow-niz-zarzadzanie\/\" rel=\"nofollow\">Read More<\/a><\/div><\/li>\n<li><div class=\"wp-block-latest-posts__featured-image alignleft\"><img loading=\"lazy\" decoding=\"async\" width=\"150\" height=\"150\" src=\"https:\/\/pans.krosno.pl\/zarzadzanie-magisterskie\/wp-content\/uploads\/sites\/42\/2020\/05\/logo_2-150x150.jpg\" class=\"attachment-thumbnail size-thumbnail wp-post-image\" alt=\"\" style=\"max-width:150px;max-height:150px;\" srcset=\"https:\/\/pans.krosno.pl\/zarzadzanie-magisterskie\/wp-content\/uploads\/sites\/42\/2020\/05\/logo_2-150x150.jpg 150w, https:\/\/pans.krosno.pl\/zarzadzanie-magisterskie\/wp-content\/uploads\/sites\/42\/2020\/05\/logo_2-80x80.jpg 80w\" sizes=\"auto, (max-width: 150px) 100vw, 150px\" \/><\/div><a class=\"wp-block-latest-posts__post-title\" href=\"https:\/\/pans.krosno.pl\/zarzadzanie-magisterskie\/harmonogram-zjazdow-semestr-zimowy-2021-22\/\">Harmonogram zjazd\u00f3w \u2013 semestr zimowy 2021\/22<\/a><time datetime=\"2021-09-15T14:41:27+02:00\" class=\"wp-block-latest-posts__post-date\">15 wrze\u015bnia 2021<\/time><div class=\"wp-block-latest-posts__post-excerpt\">Zjazdy: 02-03.10.2021, 09-10.10.2021, 30-31.10.2021, 06-07.11.2021, 27-28.11.2021, 04-05.12.2021, 11-12.12.2021, 18-19.12.2021, 15-16.01.2022, 22-23.01.2022gdzie:Zjazd\/tydzie\u0144 A: 02-03.10.2021, 30-31.10.2021, 27-28.11.2021, 11-12.12.2021, 15-16.01.2022Zjazd\/tydzie\u0144 B: 09-10.10.2021, 06-07.11.2021, 04-05.12.2021, 18-19.12.2021, 22-23.01.2022<\/div><\/li>\n<li><div class=\"wp-block-latest-posts__featured-image alignleft\"><img loading=\"lazy\" decoding=\"async\" width=\"150\" height=\"150\" src=\"https:\/\/pans.krosno.pl\/zarzadzanie-magisterskie\/wp-content\/uploads\/sites\/42\/2021\/06\/altkom-150x150.png\" class=\"attachment-thumbnail size-thumbnail wp-post-image\" alt=\"\" style=\"max-width:150px;max-height:150px;\" srcset=\"https:\/\/pans.krosno.pl\/zarzadzanie-magisterskie\/wp-content\/uploads\/sites\/42\/2021\/06\/altkom-150x150.png 150w, https:\/\/pans.krosno.pl\/zarzadzanie-magisterskie\/wp-content\/uploads\/sites\/42\/2021\/06\/altkom.png 225w\" sizes=\"auto, (max-width: 150px) 100vw, 150px\" \/><\/div><a class=\"wp-block-latest-posts__post-title\" href=\"https:\/\/pans.krosno.pl\/zarzadzanie-magisterskie\/szkolenie-w-altkom-akademia\/\">Szkolenie w Altkom Akademia<\/a><time datetime=\"2021-06-16T12:34:25+02:00\" class=\"wp-block-latest-posts__post-date\">16 czerwca 2021<\/time><div class=\"wp-block-latest-posts__post-excerpt\">W dniu 31.05. 2021 studenci I roku studi\u00f3w magisterskich zg\u0142\u0119biaj\u0105cy tajniki zarz\u0105dzania procesowego wzi\u0119li udzia\u0142 w webinarium pt.&#8221; Doskonalenie proces\u00f3w i redukcja koszt\u00f3w metod\u0105 Lean Management&#8221; organizowanym przez Altkom Akademia. Podczas webinarium studenci poznali zastosowanie metodyki zarz\u0105dzania Lean Management oraz dowiedzieli si\u0119, w jaki spos\u00f3b mo\u017ce ona s\u0142u\u017cy\u0107 do doskonalenia proces\u00f3w i redukcji koszt\u00f3w. Webinar [\u2026] <div class=\"clear\"><\/div><a class=\"more_link clearfix\" href=\"https:\/\/pans.krosno.pl\/zarzadzanie-magisterskie\/szkolenie-w-altkom-akademia\/\" rel=\"nofollow\">Read More<\/a><\/div><\/li>\n<li><div class=\"wp-block-latest-posts__featured-image alignleft\"><img loading=\"lazy\" decoding=\"async\" width=\"150\" height=\"150\" src=\"https:\/\/pans.krosno.pl\/zarzadzanie-magisterskie\/wp-content\/uploads\/sites\/42\/2021\/05\/Plakat_1-1-150x150.jpg\" class=\"attachment-thumbnail size-thumbnail wp-post-image\" alt=\"\" style=\"max-width:150px;max-height:150px;\" \/><\/div><a class=\"wp-block-latest-posts__post-title\" href=\"https:\/\/pans.krosno.pl\/zarzadzanie-magisterskie\/studia-podyplomowe\/\">Studia podyplomowe<\/a><time datetime=\"2021-05-11T13:56:57+02:00\" class=\"wp-block-latest-posts__post-date\">11 maja 2021<\/time><div class=\"wp-block-latest-posts__post-excerpt\"><\/div><\/li>\n<li><div class=\"wp-block-latest-posts__featured-image alignleft\"><img loading=\"lazy\" decoding=\"async\" width=\"150\" height=\"150\" src=\"https:\/\/pans.krosno.pl\/zarzadzanie-magisterskie\/wp-content\/uploads\/sites\/42\/2021\/03\/logo-min-150x150.jpg\" class=\"attachment-thumbnail size-thumbnail wp-post-image\" alt=\"\" style=\"max-width:150px;max-height:150px;\" srcset=\"https:\/\/pans.krosno.pl\/zarzadzanie-magisterskie\/wp-content\/uploads\/sites\/42\/2021\/03\/logo-min-150x150.jpg 150w, https:\/\/pans.krosno.pl\/zarzadzanie-magisterskie\/wp-content\/uploads\/sites\/42\/2021\/03\/logo-min-300x300.jpg 300w, https:\/\/pans.krosno.pl\/zarzadzanie-magisterskie\/wp-content\/uploads\/sites\/42\/2021\/03\/logo-min-768x768.jpg 768w, https:\/\/pans.krosno.pl\/zarzadzanie-magisterskie\/wp-content\/uploads\/sites\/42\/2021\/03\/logo-min-800x800.jpg 800w, https:\/\/pans.krosno.pl\/zarzadzanie-magisterskie\/wp-content\/uploads\/sites\/42\/2021\/03\/logo-min-580x580.jpg 580w, https:\/\/pans.krosno.pl\/zarzadzanie-magisterskie\/wp-content\/uploads\/sites\/42\/2021\/03\/logo-min.jpg 900w\" sizes=\"auto, (max-width: 150px) 100vw, 150px\" \/><\/div><a class=\"wp-block-latest-posts__post-title\" href=\"https:\/\/pans.krosno.pl\/zarzadzanie-magisterskie\/studentka-zarzadzania-stypendystka-mein\/\">Studentka Zarz\u0105dzania stypendystk\u0105 MEiN<\/a><time datetime=\"2021-03-01T23:58:28+01:00\" class=\"wp-block-latest-posts__post-date\">1 marca 2021<\/time><div class=\"wp-block-latest-posts__post-excerpt\">Anna Rysz-Szymbara \u2013 studentka II roku studi\u00f3w II stopnia na kierunku Zarz\u0105dzanie zosta\u0142a stypendystk\u0105 Ministra Edukacji i Nauki za znacz\u0105ce osi\u0105gni\u0119cia naukowe. Rektorzy przedstawili ministrowi 890 wniosk\u00f3w o przyznanie stypendium ministra za znacz\u0105ce osi\u0105gni\u0119cia na rok akademicki 2020\/2021. By\u0142y one oceniane przez Zesp\u00f3\u0142 doradczy do oceny wniosk\u00f3w o przyznanie stypendi\u00f3w ministra w\u0142a\u015bciwego do spraw szkolnictwa [\u2026] <div class=\"clear\"><\/div><a class=\"more_link clearfix\" href=\"https:\/\/pans.krosno.pl\/zarzadzanie-magisterskie\/studentka-zarzadzania-stypendystka-mein\/\" rel=\"nofollow\">Read More<\/a><\/div><\/li>\n<li><div class=\"wp-block-latest-posts__featured-image alignleft\"><img loading=\"lazy\" decoding=\"async\" width=\"150\" height=\"150\" src=\"https:\/\/pans.krosno.pl\/zarzadzanie-magisterskie\/wp-content\/uploads\/sites\/42\/2021\/02\/rys6-150x150.jpg\" class=\"attachment-thumbnail size-thumbnail wp-post-image\" alt=\"\" style=\"max-width:150px;max-height:150px;\" \/><\/div><a class=\"wp-block-latest-posts__post-title\" href=\"https:\/\/pans.krosno.pl\/zarzadzanie-magisterskie\/it-academy-microsoft-w-kpu-krosno\/\">IT Academy Microsoft w KPU Krosno<\/a><time datetime=\"2021-02-25T17:24:20+01:00\" class=\"wp-block-latest-posts__post-date\">25 lutego 2021<\/time><div class=\"wp-block-latest-posts__post-excerpt\">Kierunek Zarz\u0105dzanie w ramach IT Academy Microsoft Studenci II-go roku na Kierunku&nbsp;Zarz\u0105dzanie (studia licencjackie) oraz I roku studi\u00f3w magisterskich uzyskali nowe kompetencje informatyczne potwierdzone Certyfikatami w ramach IT Academy Microsoft w KPU Krosno.&nbsp;&nbsp;&nbsp;&nbsp;&nbsp;&nbsp;&nbsp;&nbsp;&nbsp;&nbsp;&nbsp; W lutym br. w Campusie KPU Krosno w Turasz\u00f3wce wyr\u00f3\u017cnieni studenci I-go roku studia magisterskie oraz &nbsp;II-go roku \u2013 studia licencjackie (stacjonarne [\u2026] <div class=\"clear\"><\/div><a class=\"more_link clearfix\" href=\"https:\/\/pans.krosno.pl\/zarzadzanie-magisterskie\/it-academy-microsoft-w-kpu-krosno\/\" rel=\"nofollow\">Read More<\/a><\/div><\/li>\n<li><div class=\"wp-block-latest-posts__featured-image alignleft\"><img loading=\"lazy\" decoding=\"async\" width=\"150\" height=\"150\" src=\"https:\/\/pans.krosno.pl\/zarzadzanie-magisterskie\/wp-content\/uploads\/sites\/42\/2020\/12\/ns2-150x150.jpg\" class=\"attachment-thumbnail size-thumbnail wp-post-image\" alt=\"\" style=\"max-width:150px;max-height:150px;\" \/><\/div><a class=\"wp-block-latest-posts__post-title\" href=\"https:\/\/pans.krosno.pl\/zarzadzanie-magisterskie\/wyklad-online-nie-stoj-inwestuj\/\">Wyk\u0142ad online \u201eNie st\u00f3j \u2013 inwestuj!\u201d<\/a><time datetime=\"2020-12-02T14:26:09+01:00\" class=\"wp-block-latest-posts__post-date\">2 grudnia 2020<\/time><div class=\"wp-block-latest-posts__post-excerpt\">W dniu 27.11.2020 odby\u0142 si\u0119 wyk\u0142ad online&nbsp; pt. \u201eNie st\u00f3j \u2013 inwestuj\u201d przeprowadzony przez dr Romana Asyngiera, pracownika naukowego UMCS w Lublinie oraz&nbsp; Koordynatora Szko\u0142y Gie\u0142dowej o\u015brodka lubelskiego.&nbsp; Wyk\u0142ad przeprowadzono w ramach programu Bankowcy dla Edukacji (BdE) realizowanego przez Fundacj\u0119 Warszawski Instytut Bankowo\u015bci&nbsp; we wsp\u00f3\u0142pracy ze Zwi\u0105zkiem Bank\u00f3w Polskich. W trakcie wyk\u0142adu zosta\u0142y poruszone m.in. [\u2026] <div class=\"clear\"><\/div><a class=\"more_link clearfix\" href=\"https:\/\/pans.krosno.pl\/zarzadzanie-magisterskie\/wyklad-online-nie-stoj-inwestuj\/\" rel=\"nofollow\">Read More<\/a><\/div><\/li>\n<li><div class=\"wp-block-latest-posts__featured-image alignleft\"><img loading=\"lazy\" decoding=\"async\" width=\"150\" height=\"150\" src=\"https:\/\/pans.krosno.pl\/zarzadzanie-magisterskie\/wp-content\/uploads\/sites\/42\/2020\/12\/ikona-2020-150x150.png\" class=\"attachment-thumbnail size-thumbnail wp-post-image\" alt=\"\" style=\"max-width:150px;max-height:150px;\" \/><\/div><a class=\"wp-block-latest-posts__post-title\" href=\"https:\/\/pans.krosno.pl\/zarzadzanie-magisterskie\/4-kongres-kol-naukowych-ikona-2020\/\">4 Kongres K\u00f3\u0142 Naukowych IKONA 2020<\/a><time datetime=\"2020-12-01T11:42:55+01:00\" class=\"wp-block-latest-posts__post-date\">1 grudnia 2020<\/time><div class=\"wp-block-latest-posts__post-excerpt\">W dniach 12- 15 listopada 2020 roku odby\u0142 si\u0119 w formule online Kongres Ikona 2020, czyli czwarte og\u00f3lnokrajowe spotkanie k\u00f3\u0142 naukowych. Wydarzenie odby\u0142o si\u0119 pod has\u0142em \u201eZdalnie Profesjonalnie\u201d. Korzystaj\u0105c z sytuacji, w kt\u00f3rej wybitni eksperci i szkoleniowcy s\u0105 z uwagi na pandemi\u0119 bardziej dost\u0119pni ni\u017c zwykle, organizatorzy wyd\u0142u\u017cyli Kongres o jeden dzie\u0144 w stosunku do [\u2026] <div class=\"clear\"><\/div><a class=\"more_link clearfix\" href=\"https:\/\/pans.krosno.pl\/zarzadzanie-magisterskie\/4-kongres-kol-naukowych-ikona-2020\/\" rel=\"nofollow\">Read More<\/a><\/div><\/li>\n<li><div class=\"wp-block-latest-posts__featured-image alignleft\"><img loading=\"lazy\" decoding=\"async\" width=\"150\" height=\"150\" src=\"https:\/\/pans.krosno.pl\/zarzadzanie-magisterskie\/wp-content\/uploads\/sites\/42\/2020\/10\/MSB4-150x150.jpg\" class=\"attachment-thumbnail size-thumbnail wp-post-image\" alt=\"\" style=\"max-width:150px;max-height:150px;\" \/><\/div><a class=\"wp-block-latest-posts__post-title\" href=\"https:\/\/pans.krosno.pl\/zarzadzanie-magisterskie\/final-iii-edycji-konkursu-mlodej-strefy-biznesu\/\">Fina\u0142 III edycji konkursu M\u0141ODEJ STREFY BIZNESU<\/a><time datetime=\"2020-10-30T15:08:36+01:00\" class=\"wp-block-latest-posts__post-date\">30 pa\u017adziernika 2020<\/time><div class=\"wp-block-latest-posts__post-excerpt\">W dniu 23 pa\u017adziernika 2020 roku w Karpackiej Pa\u0144stwowej Uczelni w Kro\u015bnie odby\u0142 si\u0119 II etap konkursu \u201eM\u0141ODA STREFA BIZNESU\u201d 9 (III edycja) na najlepszy projekt w\u0142asnej dzia\u0142alno\u015bci gospodarczej. Projekt zosta\u0142 realizowany z Narodowym Bankiem Polskim w ramach programu edukacji ekonomicznej. Wszystkie prace oceniane by\u0142y wed\u0142ug kryterium: innowacyjno\u015bci pomys\u0142u, realno\u015bci za\u0142o\u017ce\u0144 i wiarygodno\u015bci danych. Na [\u2026] <div class=\"clear\"><\/div><a class=\"more_link clearfix\" href=\"https:\/\/pans.krosno.pl\/zarzadzanie-magisterskie\/final-iii-edycji-konkursu-mlodej-strefy-biznesu\/\" rel=\"nofollow\">Read More<\/a><\/div><\/li>\n<li><div class=\"wp-block-latest-posts__featured-image alignleft\"><img loading=\"lazy\" decoding=\"async\" width=\"150\" height=\"150\" src=\"https:\/\/pans.krosno.pl\/zarzadzanie-magisterskie\/wp-content\/uploads\/sites\/42\/2020\/05\/logo_2-150x150.jpg\" class=\"attachment-thumbnail size-thumbnail wp-post-image\" alt=\"\" style=\"max-width:150px;max-height:150px;\" srcset=\"https:\/\/pans.krosno.pl\/zarzadzanie-magisterskie\/wp-content\/uploads\/sites\/42\/2020\/05\/logo_2-150x150.jpg 150w, https:\/\/pans.krosno.pl\/zarzadzanie-magisterskie\/wp-content\/uploads\/sites\/42\/2020\/05\/logo_2-80x80.jpg 80w\" sizes=\"auto, (max-width: 150px) 100vw, 150px\" \/><\/div><a class=\"wp-block-latest-posts__post-title\" href=\"https:\/\/pans.krosno.pl\/zarzadzanie-magisterskie\/zajecia-w-formie-zdalnej\/\">Zaj\u0119cia w formie zdalnej<\/a><time datetime=\"2020-10-26T13:07:04+01:00\" class=\"wp-block-latest-posts__post-date\">26 pa\u017adziernika 2020<\/time><div class=\"wp-block-latest-posts__post-excerpt\">Wszystkie zaj\u0119cia na kierunku Zarz\u0105dzanie w ci\u0105gu najbli\u017cszych dw\u00f3ch tygodni (od soboty 24 pa\u017adziernika do niedzieli 8 listopada) odbywa\u0107 si\u0119 b\u0119d\u0105 w formie zdalnej. Dotyczy to tak\u017ce zjazdu studi\u00f3w niestacjonarnych w dniach 6-8 pa\u017adziernika.<\/div><\/li>\n<li><div class=\"wp-block-latest-posts__featured-image alignleft\"><img loading=\"lazy\" decoding=\"async\" width=\"150\" height=\"150\" src=\"https:\/\/pans.krosno.pl\/zarzadzanie-magisterskie\/wp-content\/uploads\/sites\/42\/2020\/03\/gold-2640316_1920-150x150.jpg\" class=\"attachment-thumbnail size-thumbnail wp-post-image\" alt=\"\" style=\"max-width:150px;max-height:150px;\" \/><\/div><a class=\"wp-block-latest-posts__post-title\" href=\"https:\/\/pans.krosno.pl\/zarzadzanie-magisterskie\/absolwentka-kierunku-zarzadzanie-stypendystka-ministra-nauki-i-szkolnictwa-wyzszego\/\">ABSOLWENTKA KIERUNKU ZARZ\u0104DZANIE STYPENDYSTK\u0104 MINISTRA NAUKI I SZKOLNICTWA WY\u017bSZEGO<\/a><time datetime=\"2020-01-01T14:18:02+01:00\" class=\"wp-block-latest-posts__post-date\">1 stycznia 2020<\/time><div class=\"wp-block-latest-posts__post-excerpt\">Z przyjemno\u015bci\u0105 informujemy, \u017ce absolwentka studi\u00f3w I stopnia na kierunku Zarz\u0105dzanie, p. Joanna Le\u0144-Mamot, zdoby\u0142a stypendium Ministra Nauki i Szkolnictwa Wy\u017cszego za znacz\u0105ce osi\u0105gni\u0119cia naukowe. Pani Joanna Le\u0144-Mamot jest aktualnie studentk\u0105 II roku studi\u00f3w drugiego stopnia na kierunku Zarz\u0105dzanie Uniwersytetu Jagiello\u0144skiego ale ocenie Komisji podlega\u0142 jej dorobek naukowy, kt\u00f3ry obejmowa\u0142 drugi i trzeci rok studi\u00f3w [\u2026] <div class=\"clear\"><\/div><a class=\"more_link clearfix\" href=\"https:\/\/pans.krosno.pl\/zarzadzanie-magisterskie\/absolwentka-kierunku-zarzadzanie-stypendystka-ministra-nauki-i-szkolnictwa-wyzszego\/\" rel=\"nofollow\">Read More<\/a><\/div><\/li>\n<li><div class=\"wp-block-latest-posts__featured-image alignleft\"><img loading=\"lazy\" decoding=\"async\" width=\"134\" height=\"90\" src=\"https:\/\/pans.krosno.pl\/zarzadzanie-magisterskie\/wp-content\/uploads\/sites\/42\/2020\/03\/l3uW3JumZVWqkYlkZAksiazki.jpg\" class=\"attachment-thumbnail size-thumbnail wp-post-image\" alt=\"\" style=\"max-width:150px;max-height:150px;\" \/><\/div><a class=\"wp-block-latest-posts__post-title\" href=\"https:\/\/pans.krosno.pl\/zarzadzanie-magisterskie\/magisterskie-studia-menedzerskie-juz-od-pazdziernika-2019-roku-w-krosnie\/\">Magisterskie studia mened\u017cerskie ju\u017c od pa\u017adziernika 2019 roku w Kro\u015bnie<\/a><time datetime=\"2019-10-01T14:20:51+02:00\" class=\"wp-block-latest-posts__post-date\">1 pa\u017adziernika 2019<\/time><div class=\"wp-block-latest-posts__post-excerpt\">Od pa\u017adziernika 2019 roku w Pa\u0144stwowej Wy\u017cszej Szkole Zawodowej im. S. Pigonia w Kro\u015bnie, na podstawie pozytywnej decyzji Ministerstwa Nauki i Szkolnictwa Wy\u017cszego, uruchamiane s\u0105 4-semestralne magisterskie studia drugiego stopnia na kierunku Zarz\u0105dzanie (zar\u00f3wno w systemie nieodp\u0142atnych studi\u00f3w stacjonarnych, jak i p\u0142atnych studi\u00f3w niestacjonarnych). &nbsp;&nbsp;&nbsp; Studia adresowane s\u0105 do absolwent\u00f3w studi\u00f3w pierwszego stopnia kierunku zarz\u0105dzanie [\u2026] <div class=\"clear\"><\/div><a class=\"more_link clearfix\" href=\"https:\/\/pans.krosno.pl\/zarzadzanie-magisterskie\/magisterskie-studia-menedzerskie-juz-od-pazdziernika-2019-roku-w-krosnie\/\" rel=\"nofollow\">Read More<\/a><\/div><\/li>\n<\/ul>","protected":false},"excerpt":{"rendered":"","protected":false},"author":27,"featured_media":0,"parent":0,"menu_order":0,"comment_status":"closed","ping_status":"closed","template":"page-templates\/template-full-width.php","meta":{"ngg_post_thumbnail":0,"footnotes":""},"class_list":["post-159","page","type-page","status-publish","hentry"],"yoast_head":"<!-- This site is optimized with the Yoast SEO Premium plugin v27.4 (Yoast SEO v27.4) - https:\/\/yoast.com\/product\/yoast-seo-premium-wordpress\/ -->\n<title>Aktualno\u015bci - Zarz\u0105dzanie - Studia II Stopnia PANS w Kro\u015bnie<\/title>\n<meta name=\"robots\" content=\"index, follow, max-snippet:-1, max-image-preview:large, max-video-preview:-1\" \/>\n<link rel=\"canonical\" href=\"https:\/\/pans.krosno.pl\/zarzadzanie-magisterskie\/aktualnosci-zarzadzanie-mgr\/\" \/>\n<meta property=\"og:locale\" content=\"pl_PL\" \/>\n<meta property=\"og:type\" content=\"article\" \/>\n<meta property=\"og:title\" content=\"Aktualno\u015bci\" \/>\n<meta property=\"og:url\" content=\"https:\/\/pans.krosno.pl\/zarzadzanie-magisterskie\/aktualnosci-zarzadzanie-mgr\/\" \/>\n<meta property=\"og:site_name\" content=\"Zarz\u0105dzanie - Studia II Stopnia PANS w Kro\u015bnie\" \/>\n<meta property=\"article:modified_time\" content=\"2025-07-23T07:09:58+00:00\" \/>\n<meta name=\"twitter:card\" content=\"summary_large_image\" \/>\n<script type=\"application\/ld+json\" class=\"yoast-schema-graph\">{\"@context\":\"https:\\\/\\\/schema.org\",\"@graph\":[{\"@type\":\"WebPage\",\"@id\":\"https:\\\/\\\/pans.krosno.pl\\\/zarzadzanie-magisterskie\\\/aktualnosci-zarzadzanie-mgr\\\/\",\"url\":\"https:\\\/\\\/pans.krosno.pl\\\/zarzadzanie-magisterskie\\\/aktualnosci-zarzadzanie-mgr\\\/\",\"name\":\"Aktualno\u015bci - Zarz\u0105dzanie - Studia II Stopnia PANS w Kro\u015bnie\",\"isPartOf\":{\"@id\":\"https:\\\/\\\/pans.krosno.pl\\\/zarzadzanie-magisterskie\\\/#website\"},\"datePublished\":\"2020-06-01T18:55:21+00:00\",\"dateModified\":\"2025-07-23T07:09:58+00:00\",\"breadcrumb\":{\"@id\":\"https:\\\/\\\/pans.krosno.pl\\\/zarzadzanie-magisterskie\\\/aktualnosci-zarzadzanie-mgr\\\/#breadcrumb\"},\"inLanguage\":\"pl-PL\",\"potentialAction\":[{\"@type\":\"ReadAction\",\"target\":[\"https:\\\/\\\/pans.krosno.pl\\\/zarzadzanie-magisterskie\\\/aktualnosci-zarzadzanie-mgr\\\/\"]}]},{\"@type\":\"BreadcrumbList\",\"@id\":\"https:\\\/\\\/pans.krosno.pl\\\/zarzadzanie-magisterskie\\\/aktualnosci-zarzadzanie-mgr\\\/#breadcrumb\",\"itemListElement\":[{\"@type\":\"ListItem\",\"position\":1,\"name\":\"Strona g\u0142\u00f3wna\",\"item\":\"https:\\\/\\\/pans.krosno.pl\\\/zarzadzanie-magisterskie\\\/\"},{\"@type\":\"ListItem\",\"position\":2,\"name\":\"Aktualno\u015bci\"}]},{\"@type\":\"WebSite\",\"@id\":\"https:\\\/\\\/pans.krosno.pl\\\/zarzadzanie-magisterskie\\\/#website\",\"url\":\"https:\\\/\\\/pans.krosno.pl\\\/zarzadzanie-magisterskie\\\/\",\"name\":\"Zarz\u0105dzanie - Studia II Stopnia PANS w Kro\u015bnie\",\"description\":\"Zarz\u0105dzanie - Studia II Stopnia - Pa\u0144stwowa Akademia Nauk Stosowanych\",\"publisher\":{\"@id\":\"https:\\\/\\\/pans.krosno.pl\\\/zarzadzanie-magisterskie\\\/#organization\"},\"potentialAction\":[{\"@type\":\"SearchAction\",\"target\":{\"@type\":\"EntryPoint\",\"urlTemplate\":\"https:\\\/\\\/pans.krosno.pl\\\/zarzadzanie-magisterskie\\\/?s={search_term_string}\"},\"query-input\":{\"@type\":\"PropertyValueSpecification\",\"valueRequired\":true,\"valueName\":\"search_term_string\"}}],\"inLanguage\":\"pl-PL\"},{\"@type\":\"Organization\",\"@id\":\"https:\\\/\\\/pans.krosno.pl\\\/zarzadzanie-magisterskie\\\/#organization\",\"name\":\"Zarz\u0105dzanie - Studia II Stopnia PANS w Kro\u015bnie\",\"url\":\"https:\\\/\\\/pans.krosno.pl\\\/zarzadzanie-magisterskie\\\/\",\"logo\":{\"@type\":\"ImageObject\",\"inLanguage\":\"pl-PL\",\"@id\":\"https:\\\/\\\/pans.krosno.pl\\\/zarzadzanie-magisterskie\\\/#\\\/schema\\\/logo\\\/image\\\/\",\"url\":\"https:\\\/\\\/pans.krosno.pl\\\/zarzadzanie-magisterskie\\\/wp-content\\\/uploads\\\/sites\\\/42\\\/2023\\\/01\\\/Logo-PANS-2022-pelne.png\",\"contentUrl\":\"https:\\\/\\\/pans.krosno.pl\\\/zarzadzanie-magisterskie\\\/wp-content\\\/uploads\\\/sites\\\/42\\\/2023\\\/01\\\/Logo-PANS-2022-pelne.png\",\"width\":3096,\"height\":696,\"caption\":\"Zarz\u0105dzanie - Studia II Stopnia PANS w Kro\u015bnie\"},\"image\":{\"@id\":\"https:\\\/\\\/pans.krosno.pl\\\/zarzadzanie-magisterskie\\\/#\\\/schema\\\/logo\\\/image\\\/\"}}]}<\/script>\n<!-- \/ Yoast SEO Premium plugin. -->","yoast_head_json":{"title":"Aktualno\u015bci - Zarz\u0105dzanie - Studia II Stopnia PANS w Kro\u015bnie","robots":{"index":"index","follow":"follow","max-snippet":"max-snippet:-1","max-image-preview":"max-image-preview:large","max-video-preview":"max-video-preview:-1"},"canonical":"https:\/\/pans.krosno.pl\/zarzadzanie-magisterskie\/aktualnosci-zarzadzanie-mgr\/","og_locale":"pl_PL","og_type":"article","og_title":"Aktualno\u015bci","og_url":"https:\/\/pans.krosno.pl\/zarzadzanie-magisterskie\/aktualnosci-zarzadzanie-mgr\/","og_site_name":"Zarz\u0105dzanie - Studia II Stopnia PANS w Kro\u015bnie","article_modified_time":"2025-07-23T07:09:58+00:00","twitter_card":"summary_large_image","schema":{"@context":"https:\/\/schema.org","@graph":[{"@type":"WebPage","@id":"https:\/\/pans.krosno.pl\/zarzadzanie-magisterskie\/aktualnosci-zarzadzanie-mgr\/","url":"https:\/\/pans.krosno.pl\/zarzadzanie-magisterskie\/aktualnosci-zarzadzanie-mgr\/","name":"Aktualno\u015bci - Zarz\u0105dzanie - Studia II Stopnia PANS w Kro\u015bnie","isPartOf":{"@id":"https:\/\/pans.krosno.pl\/zarzadzanie-magisterskie\/#website"},"datePublished":"2020-06-01T18:55:21+00:00","dateModified":"2025-07-23T07:09:58+00:00","breadcrumb":{"@id":"https:\/\/pans.krosno.pl\/zarzadzanie-magisterskie\/aktualnosci-zarzadzanie-mgr\/#breadcrumb"},"inLanguage":"pl-PL","potentialAction":[{"@type":"ReadAction","target":["https:\/\/pans.krosno.pl\/zarzadzanie-magisterskie\/aktualnosci-zarzadzanie-mgr\/"]}]},{"@type":"BreadcrumbList","@id":"https:\/\/pans.krosno.pl\/zarzadzanie-magisterskie\/aktualnosci-zarzadzanie-mgr\/#breadcrumb","itemListElement":[{"@type":"ListItem","position":1,"name":"Strona g\u0142\u00f3wna","item":"https:\/\/pans.krosno.pl\/zarzadzanie-magisterskie\/"},{"@type":"ListItem","position":2,"name":"Aktualno\u015bci"}]},{"@type":"WebSite","@id":"https:\/\/pans.krosno.pl\/zarzadzanie-magisterskie\/#website","url":"https:\/\/pans.krosno.pl\/zarzadzanie-magisterskie\/","name":"Zarz\u0105dzanie - Studia II Stopnia PANS w Kro\u015bnie","description":"Zarz\u0105dzanie - Studia II Stopnia - Pa\u0144stwowa Akademia Nauk Stosowanych","publisher":{"@id":"https:\/\/pans.krosno.pl\/zarzadzanie-magisterskie\/#organization"},"potentialAction":[{"@type":"SearchAction","target":{"@type":"EntryPoint","urlTemplate":"https:\/\/pans.krosno.pl\/zarzadzanie-magisterskie\/?s={search_term_string}"},"query-input":{"@type":"PropertyValueSpecification","valueRequired":true,"valueName":"search_term_string"}}],"inLanguage":"pl-PL"},{"@type":"Organization","@id":"https:\/\/pans.krosno.pl\/zarzadzanie-magisterskie\/#organization","name":"Zarz\u0105dzanie - Studia II Stopnia PANS w Kro\u015bnie","url":"https:\/\/pans.krosno.pl\/zarzadzanie-magisterskie\/","logo":{"@type":"ImageObject","inLanguage":"pl-PL","@id":"https:\/\/pans.krosno.pl\/zarzadzanie-magisterskie\/#\/schema\/logo\/image\/","url":"https:\/\/pans.krosno.pl\/zarzadzanie-magisterskie\/wp-content\/uploads\/sites\/42\/2023\/01\/Logo-PANS-2022-pelne.png","contentUrl":"https:\/\/pans.krosno.pl\/zarzadzanie-magisterskie\/wp-content\/uploads\/sites\/42\/2023\/01\/Logo-PANS-2022-pelne.png","width":3096,"height":696,"caption":"Zarz\u0105dzanie - Studia II Stopnia PANS w Kro\u015bnie"},"image":{"@id":"https:\/\/pans.krosno.pl\/zarzadzanie-magisterskie\/#\/schema\/logo\/image\/"}}]}},"_links":{"self":[{"href":"https:\/\/pans.krosno.pl\/zarzadzanie-magisterskie\/wp-json\/wp\/v2\/pages\/159","targetHints":{"allow":["GET"]}}],"collection":[{"href":"https:\/\/pans.krosno.pl\/zarzadzanie-magisterskie\/wp-json\/wp\/v2\/pages"}],"about":[{"href":"https:\/\/pans.krosno.pl\/zarzadzanie-magisterskie\/wp-json\/wp\/v2\/types\/page"}],"author":[{"embeddable":true,"href":"https:\/\/pans.krosno.pl\/zarzadzanie-magisterskie\/wp-json\/wp\/v2\/users\/27"}],"replies":[{"embeddable":true,"href":"https:\/\/pans.krosno.pl\/zarzadzanie-magisterskie\/wp-json\/wp\/v2\/comments?post=159"}],"version-history":[{"count":2,"href":"https:\/\/pans.krosno.pl\/zarzadzanie-magisterskie\/wp-json\/wp\/v2\/pages\/159\/revisions"}],"predecessor-version":[{"id":1527,"href":"https:\/\/pans.krosno.pl\/zarzadzanie-magisterskie\/wp-json\/wp\/v2\/pages\/159\/revisions\/1527"}],"wp:attachment":[{"href":"https:\/\/pans.krosno.pl\/zarzadzanie-magisterskie\/wp-json\/wp\/v2\/media?parent=159"}],"curies":[{"name":"wp","href":"https:\/\/api.w.org\/{rel}","templated":true}]}}