{"id":110,"date":"2025-06-12T08:34:08","date_gmt":"2025-06-12T06:34:08","guid":{"rendered":"https:\/\/pans.krosno.pl\/sjo\/?page_id=110"},"modified":"2026-04-13T11:11:29","modified_gmt":"2026-04-13T09:11:29","slug":"dyzury","status":"publish","type":"page","link":"https:\/\/pans.krosno.pl\/sjo\/dyzury\/","title":{"rendered":"Dy\u017cury lektor\u00f3w"},"content":{"rendered":"\n<p>Semestr letni 2025\/2026<\/p>\n\n\n\n<p>Dy\u017cury odbywaj\u0105 si\u0119 w sali 23 przy ul. Kazimierza Wielkiego 8, o ile nie zaznaczono inaczej.<\/p>\n\n\n\n<figure class=\"wp-block-table\"><table><tbody><tr><td><strong>Kierownik Studium J\u0119zyk\u00f3w Obcych<\/strong><br><strong>mgr Joanna Krochmal<\/strong><\/td><td> wtorek 10:00-14:00<\/td><\/tr><tr><td><strong>mgr Katarzyna Albrycht- B\u0142ahut<\/strong><\/td><td> czwartek 13:30-15:30<\/td><\/tr><tr><td><strong>mgr Agnieszka Antosz-Kasprzyk<\/strong><\/td><td> wtorek 13:00-14:00<br>\u015broda 14:45-15:45<\/td><\/tr><tr><td><strong> mgr Sylwia Bro\u0144ska<\/strong>&#8211;<strong>Putzig<\/strong><\/td><td> wtorek 11:30-13:30<\/td><\/tr><tr><td><strong>mgr Sylwia K\u0105tna<\/strong><\/td><td>\u015broda 9:30-10:30<\/td><\/tr><tr><td><strong> mgr Kamila Kurdziel<\/strong><\/td><td>pi\u0105tek 9:30-11:30<\/td><\/tr><tr><td><strong>mgr El\u017cbieta Pawlik<\/strong><\/td><td>poniedzia\u0142ek 14:30-15:30 <br> \u015broda 12:15-13:15 (ul. Wyspia\u0144skiego 20)<\/td><\/tr><tr><td><\/td><td><\/td><\/tr><\/tbody><\/table><\/figure>\n\n\n\n<p class=\"has-text-align-center\"><\/p>\n\n\n\n<p><\/p>\n\n\n\n<p><\/p>\n\n\n\n<p><strong> <\/strong>         <strong> <\/strong><\/p>\n\n\n\n<p><\/p>\n\n\n\n<p>                                               <strong> <\/strong><\/p>\n\n\n\n<p>                                                               <strong> <\/strong>  <\/p>\n\n\n\n<p><\/p>\n\n\n\n<p><\/p>\n\n\n\n<p><\/p>\n\n\n\n<p><\/p>\n\n\n\n<p><\/p>\n","protected":false},"excerpt":{"rendered":"<p>Semestr letni 2025\/2026 Dy\u017cury odbywaj\u0105 si\u0119 w sali 23 przy ul. Kazimierza Wielkiego 8, o ile nie zaznaczono inaczej. Kierownik Studium J\u0119zyk\u00f3w Obcychmgr Joanna Krochmal wtorek 10:00-14:00 mgr Katarzyna Albrycht- B\u0142ahut czwartek 13:30-15:30 mgr Agnieszka Antosz-Kasprzyk wtorek 13:00-14:00\u015broda 14:45-15:45 mgr Sylwia Bro\u0144ska&#8211;Putzig wtorek 11:30-13:30 mgr Sylwia K\u0105tna \u015broda 9:30-10:30 mgr [\u2026] <\/p>\n<div class=\"clear\"><\/div>\n<p><a class=\"more_link clearfix\" href=\"https:\/\/pans.krosno.pl\/sjo\/dyzury\/\" rel=\"nofollow\">Read More<\/a><\/p>\n","protected":false},"author":27,"featured_media":1171,"parent":0,"menu_order":0,"comment_status":"closed","ping_status":"closed","template":"page-templates\/template-full-width.php","meta":{"ngg_post_thumbnail":0,"footnotes":""},"class_list":["post-110","page","type-page","status-publish","has-post-thumbnail","hentry"],"yoast_head":"<!-- This site is optimized with the Yoast SEO Premium plugin v27.4 (Yoast SEO v27.4) - https:\/\/yoast.com\/product\/yoast-seo-premium-wordpress\/ -->\n<title>Dy\u017cury lektor\u00f3w - Studium J\u0119zyk\u00f3w Obcych PANS w Kro\u015bnie<\/title>\n<meta name=\"description\" content=\"STUDIUM J\u0118ZYK\u00d3W OBCYCHDY\u017bURY LEKTOR\u00d3WW SEMESTRZE LETNIM\u00a0 2019\/2020\" \/>\n<meta name=\"robots\" content=\"index, follow, max-snippet:-1, max-image-preview:large, max-video-preview:-1\" \/>\n<link rel=\"canonical\" href=\"https:\/\/pans.krosno.pl\/sjo\/dyzury\/\" \/>\n<meta property=\"og:locale\" content=\"pl_PL\" \/>\n<meta property=\"og:type\" content=\"article\" \/>\n<meta property=\"og:title\" content=\"Dy\u017cury lektor\u00f3w\" \/>\n<meta property=\"og:description\" content=\"STUDIUM J\u0118ZYK\u00d3W OBCYCHDY\u017bURY LEKTOR\u00d3WW SEMESTRZE LETNIM\u00a0 2019\/2020\" \/>\n<meta property=\"og:url\" content=\"https:\/\/pans.krosno.pl\/sjo\/dyzury\/\" \/>\n<meta property=\"og:site_name\" content=\"Studium J\u0119zyk\u00f3w Obcych PANS w Kro\u015bnie\" \/>\n<meta property=\"article:modified_time\" content=\"2026-04-13T09:11:29+00:00\" \/>\n<meta property=\"og:image\" content=\"https:\/\/pans.krosno.pl\/sjo\/wp-content\/uploads\/sites\/25\/2020\/09\/Haryana-government.jpg\" \/>\n\t<meta property=\"og:image:width\" content=\"1200\" \/>\n\t<meta property=\"og:image:height\" content=\"800\" \/>\n\t<meta property=\"og:image:type\" content=\"image\/jpeg\" \/>\n<meta name=\"twitter:card\" content=\"summary_large_image\" \/>\n<meta name=\"twitter:label1\" content=\"Szacowany czas czytania\" \/>\n\t<meta name=\"twitter:data1\" content=\"1 minuta\" \/>\n<script type=\"application\/ld+json\" class=\"yoast-schema-graph\">{\"@context\":\"https:\\\/\\\/schema.org\",\"@graph\":[{\"@type\":\"WebPage\",\"@id\":\"https:\\\/\\\/pans.krosno.pl\\\/sjo\\\/dyzury\\\/\",\"url\":\"https:\\\/\\\/pans.krosno.pl\\\/sjo\\\/dyzury\\\/\",\"name\":\"Dy\u017cury lektor\u00f3w - Studium J\u0119zyk\u00f3w Obcych PANS w Kro\u015bnie\",\"isPartOf\":{\"@id\":\"https:\\\/\\\/pans.krosno.pl\\\/sjo\\\/#website\"},\"primaryImageOfPage\":{\"@id\":\"https:\\\/\\\/pans.krosno.pl\\\/sjo\\\/dyzury\\\/#primaryimage\"},\"image\":{\"@id\":\"https:\\\/\\\/pans.krosno.pl\\\/sjo\\\/dyzury\\\/#primaryimage\"},\"thumbnailUrl\":\"https:\\\/\\\/pans.krosno.pl\\\/sjo\\\/wp-content\\\/uploads\\\/sites\\\/25\\\/2020\\\/09\\\/Haryana-government.jpg\",\"datePublished\":\"2025-06-12T06:34:08+00:00\",\"dateModified\":\"2026-04-13T09:11:29+00:00\",\"description\":\"STUDIUM J\u0118ZYK\u00d3W OBCYCHDY\u017bURY LEKTOR\u00d3WW SEMESTRZE LETNIM\u00a0 2019\\\/2020\",\"breadcrumb\":{\"@id\":\"https:\\\/\\\/pans.krosno.pl\\\/sjo\\\/dyzury\\\/#breadcrumb\"},\"inLanguage\":\"pl-PL\",\"potentialAction\":[{\"@type\":\"ReadAction\",\"target\":[\"https:\\\/\\\/pans.krosno.pl\\\/sjo\\\/dyzury\\\/\"]}]},{\"@type\":\"ImageObject\",\"inLanguage\":\"pl-PL\",\"@id\":\"https:\\\/\\\/pans.krosno.pl\\\/sjo\\\/dyzury\\\/#primaryimage\",\"url\":\"https:\\\/\\\/pans.krosno.pl\\\/sjo\\\/wp-content\\\/uploads\\\/sites\\\/25\\\/2020\\\/09\\\/Haryana-government.jpg\",\"contentUrl\":\"https:\\\/\\\/pans.krosno.pl\\\/sjo\\\/wp-content\\\/uploads\\\/sites\\\/25\\\/2020\\\/09\\\/Haryana-government.jpg\",\"width\":1200,\"height\":800,\"caption\":\"492198113\"},{\"@type\":\"BreadcrumbList\",\"@id\":\"https:\\\/\\\/pans.krosno.pl\\\/sjo\\\/dyzury\\\/#breadcrumb\",\"itemListElement\":[{\"@type\":\"ListItem\",\"position\":1,\"name\":\"Strona g\u0142\u00f3wna\",\"item\":\"https:\\\/\\\/pans.krosno.pl\\\/sjo\\\/\"},{\"@type\":\"ListItem\",\"position\":2,\"name\":\"Dy\u017cury lektor\u00f3w\"}]},{\"@type\":\"WebSite\",\"@id\":\"https:\\\/\\\/pans.krosno.pl\\\/sjo\\\/#website\",\"url\":\"https:\\\/\\\/pans.krosno.pl\\\/sjo\\\/\",\"name\":\"Studium J\u0119zyk\u00f3w Obcych PANS w Kro\u015bnie\",\"description\":\"Studium J\u0119zyk\u00f3w Obcych  - Pa\u0144stwowa Akademia Nauk Stosowanych\",\"publisher\":{\"@id\":\"https:\\\/\\\/pans.krosno.pl\\\/sjo\\\/#organization\"},\"potentialAction\":[{\"@type\":\"SearchAction\",\"target\":{\"@type\":\"EntryPoint\",\"urlTemplate\":\"https:\\\/\\\/pans.krosno.pl\\\/sjo\\\/?s={search_term_string}\"},\"query-input\":{\"@type\":\"PropertyValueSpecification\",\"valueRequired\":true,\"valueName\":\"search_term_string\"}}],\"inLanguage\":\"pl-PL\"},{\"@type\":\"Organization\",\"@id\":\"https:\\\/\\\/pans.krosno.pl\\\/sjo\\\/#organization\",\"name\":\"Studium J\u0119zyk\u00f3w Obcych PANS w Kro\u015bnie\",\"url\":\"https:\\\/\\\/pans.krosno.pl\\\/sjo\\\/\",\"logo\":{\"@type\":\"ImageObject\",\"inLanguage\":\"pl-PL\",\"@id\":\"https:\\\/\\\/pans.krosno.pl\\\/sjo\\\/#\\\/schema\\\/logo\\\/image\\\/\",\"url\":\"https:\\\/\\\/pans.krosno.pl\\\/sjo\\\/wp-content\\\/uploads\\\/sites\\\/25\\\/2023\\\/01\\\/Logo-PANS-2022-pelne.png\",\"contentUrl\":\"https:\\\/\\\/pans.krosno.pl\\\/sjo\\\/wp-content\\\/uploads\\\/sites\\\/25\\\/2023\\\/01\\\/Logo-PANS-2022-pelne.png\",\"width\":3096,\"height\":696,\"caption\":\"Studium J\u0119zyk\u00f3w Obcych PANS w Kro\u015bnie\"},\"image\":{\"@id\":\"https:\\\/\\\/pans.krosno.pl\\\/sjo\\\/#\\\/schema\\\/logo\\\/image\\\/\"}}]}<\/script>\n<!-- \/ Yoast SEO Premium plugin. -->","yoast_head_json":{"title":"Dy\u017cury lektor\u00f3w - Studium J\u0119zyk\u00f3w Obcych PANS w Kro\u015bnie","description":"STUDIUM J\u0118ZYK\u00d3W OBCYCHDY\u017bURY LEKTOR\u00d3WW SEMESTRZE LETNIM\u00a0 2019\/2020","robots":{"index":"index","follow":"follow","max-snippet":"max-snippet:-1","max-image-preview":"max-image-preview:large","max-video-preview":"max-video-preview:-1"},"canonical":"https:\/\/pans.krosno.pl\/sjo\/dyzury\/","og_locale":"pl_PL","og_type":"article","og_title":"Dy\u017cury lektor\u00f3w","og_description":"STUDIUM J\u0118ZYK\u00d3W OBCYCHDY\u017bURY LEKTOR\u00d3WW SEMESTRZE LETNIM\u00a0 2019\/2020","og_url":"https:\/\/pans.krosno.pl\/sjo\/dyzury\/","og_site_name":"Studium J\u0119zyk\u00f3w Obcych PANS w Kro\u015bnie","article_modified_time":"2026-04-13T09:11:29+00:00","og_image":[{"width":1200,"height":800,"url":"https:\/\/pans.krosno.pl\/sjo\/wp-content\/uploads\/sites\/25\/2020\/09\/Haryana-government.jpg","type":"image\/jpeg"}],"twitter_card":"summary_large_image","twitter_misc":{"Szacowany czas czytania":"1 minuta"},"schema":{"@context":"https:\/\/schema.org","@graph":[{"@type":"WebPage","@id":"https:\/\/pans.krosno.pl\/sjo\/dyzury\/","url":"https:\/\/pans.krosno.pl\/sjo\/dyzury\/","name":"Dy\u017cury lektor\u00f3w - Studium J\u0119zyk\u00f3w Obcych PANS w Kro\u015bnie","isPartOf":{"@id":"https:\/\/pans.krosno.pl\/sjo\/#website"},"primaryImageOfPage":{"@id":"https:\/\/pans.krosno.pl\/sjo\/dyzury\/#primaryimage"},"image":{"@id":"https:\/\/pans.krosno.pl\/sjo\/dyzury\/#primaryimage"},"thumbnailUrl":"https:\/\/pans.krosno.pl\/sjo\/wp-content\/uploads\/sites\/25\/2020\/09\/Haryana-government.jpg","datePublished":"2025-06-12T06:34:08+00:00","dateModified":"2026-04-13T09:11:29+00:00","description":"STUDIUM J\u0118ZYK\u00d3W OBCYCHDY\u017bURY LEKTOR\u00d3WW SEMESTRZE LETNIM\u00a0 2019\/2020","breadcrumb":{"@id":"https:\/\/pans.krosno.pl\/sjo\/dyzury\/#breadcrumb"},"inLanguage":"pl-PL","potentialAction":[{"@type":"ReadAction","target":["https:\/\/pans.krosno.pl\/sjo\/dyzury\/"]}]},{"@type":"ImageObject","inLanguage":"pl-PL","@id":"https:\/\/pans.krosno.pl\/sjo\/dyzury\/#primaryimage","url":"https:\/\/pans.krosno.pl\/sjo\/wp-content\/uploads\/sites\/25\/2020\/09\/Haryana-government.jpg","contentUrl":"https:\/\/pans.krosno.pl\/sjo\/wp-content\/uploads\/sites\/25\/2020\/09\/Haryana-government.jpg","width":1200,"height":800,"caption":"492198113"},{"@type":"BreadcrumbList","@id":"https:\/\/pans.krosno.pl\/sjo\/dyzury\/#breadcrumb","itemListElement":[{"@type":"ListItem","position":1,"name":"Strona g\u0142\u00f3wna","item":"https:\/\/pans.krosno.pl\/sjo\/"},{"@type":"ListItem","position":2,"name":"Dy\u017cury lektor\u00f3w"}]},{"@type":"WebSite","@id":"https:\/\/pans.krosno.pl\/sjo\/#website","url":"https:\/\/pans.krosno.pl\/sjo\/","name":"Studium J\u0119zyk\u00f3w Obcych PANS w Kro\u015bnie","description":"Studium J\u0119zyk\u00f3w Obcych  - Pa\u0144stwowa Akademia Nauk Stosowanych","publisher":{"@id":"https:\/\/pans.krosno.pl\/sjo\/#organization"},"potentialAction":[{"@type":"SearchAction","target":{"@type":"EntryPoint","urlTemplate":"https:\/\/pans.krosno.pl\/sjo\/?s={search_term_string}"},"query-input":{"@type":"PropertyValueSpecification","valueRequired":true,"valueName":"search_term_string"}}],"inLanguage":"pl-PL"},{"@type":"Organization","@id":"https:\/\/pans.krosno.pl\/sjo\/#organization","name":"Studium J\u0119zyk\u00f3w Obcych PANS w Kro\u015bnie","url":"https:\/\/pans.krosno.pl\/sjo\/","logo":{"@type":"ImageObject","inLanguage":"pl-PL","@id":"https:\/\/pans.krosno.pl\/sjo\/#\/schema\/logo\/image\/","url":"https:\/\/pans.krosno.pl\/sjo\/wp-content\/uploads\/sites\/25\/2023\/01\/Logo-PANS-2022-pelne.png","contentUrl":"https:\/\/pans.krosno.pl\/sjo\/wp-content\/uploads\/sites\/25\/2023\/01\/Logo-PANS-2022-pelne.png","width":3096,"height":696,"caption":"Studium J\u0119zyk\u00f3w Obcych PANS w Kro\u015bnie"},"image":{"@id":"https:\/\/pans.krosno.pl\/sjo\/#\/schema\/logo\/image\/"}}]}},"_links":{"self":[{"href":"https:\/\/pans.krosno.pl\/sjo\/wp-json\/wp\/v2\/pages\/110","targetHints":{"allow":["GET"]}}],"collection":[{"href":"https:\/\/pans.krosno.pl\/sjo\/wp-json\/wp\/v2\/pages"}],"about":[{"href":"https:\/\/pans.krosno.pl\/sjo\/wp-json\/wp\/v2\/types\/page"}],"author":[{"embeddable":true,"href":"https:\/\/pans.krosno.pl\/sjo\/wp-json\/wp\/v2\/users\/27"}],"replies":[{"embeddable":true,"href":"https:\/\/pans.krosno.pl\/sjo\/wp-json\/wp\/v2\/comments?post=110"}],"version-history":[{"count":191,"href":"https:\/\/pans.krosno.pl\/sjo\/wp-json\/wp\/v2\/pages\/110\/revisions"}],"predecessor-version":[{"id":2855,"href":"https:\/\/pans.krosno.pl\/sjo\/wp-json\/wp\/v2\/pages\/110\/revisions\/2855"}],"wp:featuredmedia":[{"embeddable":true,"href":"https:\/\/pans.krosno.pl\/sjo\/wp-json\/wp\/v2\/media\/1171"}],"wp:attachment":[{"href":"https:\/\/pans.krosno.pl\/sjo\/wp-json\/wp\/v2\/media?parent=110"}],"curies":[{"name":"wp","href":"https:\/\/api.w.org\/{rel}","templated":true}]}}