{"id":156,"date":"2022-11-28T13:36:15","date_gmt":"2022-11-28T12:36:15","guid":{"rendered":"https:\/\/pans.krosno.pl\/rotor\/?page_id=156"},"modified":"2022-11-28T14:55:07","modified_gmt":"2022-11-28T13:55:07","slug":"zespol-2015-16","status":"publish","type":"page","link":"https:\/\/pans.krosno.pl\/rotor\/zespol-2015-16\/","title":{"rendered":"Zesp\u00f3\u0142 2015\/16"},"content":{"rendered":"\n<h2 class=\"wp-block-heading\" id=\"h-czlonkowie-studenckiego-kola-naukowego-rotor-pwsz-krosno-w-latach-2015-2016\">Cz\u0142onkowie Studenckiego Ko\u0142a Naukowego Rotor\u00a0PWSZ\u00a0Krosno, w\u00a0latach 2015\/2016<\/h2>\n\n\n\n<div class=\"wp-block-columns is-layout-flex wp-container-core-columns-is-layout-28f84493 wp-block-columns-is-layout-flex\">\n<div class=\"wp-block-column is-layout-flow wp-block-column-is-layout-flow\">\n<ul class=\"has-large-font-size wp-block-list\"><li>Adamik Pawe\u0142<\/li><li>Fugiel Pawe\u0142<\/li><li>Grochowski \u0141ukasz<\/li><li>Jab\u0142ecki Jakub<\/li><li>Janasiak Mateusz<\/li><li>Karamus Kacper<\/li><li>Lach Jagoda<\/li><li>Mastej Monika<\/li><li>Michalski Bart\u0142omiej<\/li><\/ul>\n<\/div>\n\n\n\n<div class=\"wp-block-column is-layout-flow wp-block-column-is-layout-flow\">\n<ul class=\"has-large-font-size wp-block-list\"><li><span style=\"color: initial;\">Michnowicz Kamil<\/span><\/li><li>Ocha\u0142ek Krzysztof<\/li><li>Papiernik Grzegorz<\/li><li>Radecki Kamil<\/li><li>Radzi\u0119ciak Micha\u0142<\/li><li>Sarata Ula<\/li><li>Wojtasik Dawid<\/li><li>Zajdel Gabriel<\/li><\/ul>\n<\/div>\n<\/div>\n\n\n\n<h3 class=\"wp-block-heading\" id=\"h-w-pracach-wspomagali-nas-takze-czlonkowie-studenckiego-kola-lotnikow-tworzyli-oni-nadwozie-do-naszego-pojazdu-byli-to\">W pracach wspomagali nas tak\u017ce cz\u0142onkowie studenckiego ko\u0142a lotnik\u00f3w. Tworzyli oni nadwozie do naszego pojazdu.Byli to:<\/h3>\n\n\n\n<ul class=\"has-large-font-size wp-block-list\"><li>Muchowski Rafa\u0142<\/li><li>Szaro Marcin<\/li><\/ul>\n","protected":false},"excerpt":{"rendered":"<p>Cz\u0142onkowie Studenckiego Ko\u0142a Naukowego Rotor\u00a0PWSZ\u00a0Krosno, w\u00a0latach 2015\/2016 Adamik Pawe\u0142 Fugiel Pawe\u0142 Grochowski \u0141ukasz Jab\u0142ecki Jakub Janasiak Mateusz Karamus Kacper Lach Jagoda Mastej Monika Michalski Bart\u0142omiej Michnowicz Kamil Ocha\u0142ek Krzysztof Papiernik Grzegorz Radecki Kamil Radzi\u0119ciak Micha\u0142 Sarata Ula Wojtasik Dawid Zajdel Gabriel W pracach wspomagali nas tak\u017ce cz\u0142onkowie studenckiego ko\u0142a lotnik\u00f3w. [\u2026] <\/p>\n<div class=\"clear\"><\/div>\n<p><a class=\"more_link clearfix\" href=\"https:\/\/pans.krosno.pl\/rotor\/zespol-2015-16\/\" rel=\"nofollow\">Read More<\/a><\/p>\n","protected":false},"author":27,"featured_media":0,"parent":0,"menu_order":0,"comment_status":"closed","ping_status":"closed","template":"page-templates\/template-full-width.php","meta":{"ngg_post_thumbnail":0,"footnotes":""},"class_list":["post-156","page","type-page","status-publish","hentry"],"yoast_head":"<!-- This site is optimized with the Yoast SEO Premium plugin v27.4 (Yoast SEO v27.4) - https:\/\/yoast.com\/product\/yoast-seo-premium-wordpress\/ -->\n<title>Zesp\u00f3\u0142 2015\/16 - Rotor - Ko\u0142o naukowe PANS w Kro\u015bnie<\/title>\n<meta name=\"robots\" content=\"index, follow, max-snippet:-1, max-image-preview:large, max-video-preview:-1\" \/>\n<link rel=\"canonical\" href=\"https:\/\/pans.krosno.pl\/rotor\/zespol-2015-16\/\" \/>\n<meta property=\"og:locale\" content=\"pl_PL\" \/>\n<meta property=\"og:type\" content=\"article\" \/>\n<meta property=\"og:title\" content=\"Zesp\u00f3\u0142 2015\/16\" \/>\n<meta property=\"og:description\" content=\"Cz\u0142onkowie Studenckiego Ko\u0142a Naukowego Rotor\u00a0PWSZ\u00a0Krosno, w\u00a0latach 2015\/2016 Adamik Pawe\u0142 Fugiel Pawe\u0142 Grochowski \u0141ukasz Jab\u0142ecki Jakub Janasiak Mateusz Karamus Kacper Lach Jagoda Mastej Monika Michalski Bart\u0142omiej Michnowicz Kamil Ocha\u0142ek Krzysztof Papiernik Grzegorz Radecki Kamil Radzi\u0119ciak Micha\u0142 Sarata Ula Wojtasik Dawid Zajdel Gabriel W pracach wspomagali nas tak\u017ce cz\u0142onkowie studenckiego ko\u0142a lotnik\u00f3w. [\u2026] Read More\" \/>\n<meta property=\"og:url\" content=\"https:\/\/pans.krosno.pl\/rotor\/zespol-2015-16\/\" \/>\n<meta property=\"og:site_name\" content=\"Rotor - Ko\u0142o naukowe PANS w Kro\u015bnie\" \/>\n<meta property=\"article:publisher\" content=\"https:\/\/www.facebook.com\/StudiaKrosno\/\" \/>\n<meta property=\"article:modified_time\" content=\"2022-11-28T13:55:07+00:00\" \/>\n<meta name=\"twitter:card\" content=\"summary_large_image\" \/>\n<meta name=\"twitter:label1\" content=\"Szacowany czas czytania\" \/>\n\t<meta name=\"twitter:data1\" content=\"1 minuta\" \/>\n<script type=\"application\/ld+json\" class=\"yoast-schema-graph\">{\"@context\":\"https:\\\/\\\/schema.org\",\"@graph\":[{\"@type\":\"WebPage\",\"@id\":\"https:\\\/\\\/pans.krosno.pl\\\/rotor\\\/zespol-2015-16\\\/\",\"url\":\"https:\\\/\\\/pans.krosno.pl\\\/rotor\\\/zespol-2015-16\\\/\",\"name\":\"Zesp\u00f3\u0142 2015\\\/16 - Rotor - Ko\u0142o naukowe PANS w Kro\u015bnie\",\"isPartOf\":{\"@id\":\"https:\\\/\\\/pans.krosno.pl\\\/rotor\\\/#website\"},\"datePublished\":\"2022-11-28T12:36:15+00:00\",\"dateModified\":\"2022-11-28T13:55:07+00:00\",\"breadcrumb\":{\"@id\":\"https:\\\/\\\/pans.krosno.pl\\\/rotor\\\/zespol-2015-16\\\/#breadcrumb\"},\"inLanguage\":\"pl-PL\",\"potentialAction\":[{\"@type\":\"ReadAction\",\"target\":[\"https:\\\/\\\/pans.krosno.pl\\\/rotor\\\/zespol-2015-16\\\/\"]}]},{\"@type\":\"BreadcrumbList\",\"@id\":\"https:\\\/\\\/pans.krosno.pl\\\/rotor\\\/zespol-2015-16\\\/#breadcrumb\",\"itemListElement\":[{\"@type\":\"ListItem\",\"position\":1,\"name\":\"Strona g\u0142\u00f3wna\",\"item\":\"https:\\\/\\\/pans.krosno.pl\\\/rotor\\\/\"},{\"@type\":\"ListItem\",\"position\":2,\"name\":\"Zesp\u00f3\u0142 2015\\\/16\"}]},{\"@type\":\"WebSite\",\"@id\":\"https:\\\/\\\/pans.krosno.pl\\\/rotor\\\/#website\",\"url\":\"https:\\\/\\\/pans.krosno.pl\\\/rotor\\\/\",\"name\":\"KPU w Kro\u015bnie\",\"description\":\"\",\"publisher\":{\"@id\":\"https:\\\/\\\/pans.krosno.pl\\\/rotor\\\/#organization\"},\"potentialAction\":[{\"@type\":\"SearchAction\",\"target\":{\"@type\":\"EntryPoint\",\"urlTemplate\":\"https:\\\/\\\/pans.krosno.pl\\\/rotor\\\/?s={search_term_string}\"},\"query-input\":{\"@type\":\"PropertyValueSpecification\",\"valueRequired\":true,\"valueName\":\"search_term_string\"}}],\"inLanguage\":\"pl-PL\"},{\"@type\":\"Organization\",\"@id\":\"https:\\\/\\\/pans.krosno.pl\\\/rotor\\\/#organization\",\"name\":\"Karpacka Pa\u0144stwowa Uczelnia w Kro\u015bnie\",\"url\":\"https:\\\/\\\/pans.krosno.pl\\\/rotor\\\/\",\"logo\":{\"@type\":\"ImageObject\",\"inLanguage\":\"pl-PL\",\"@id\":\"https:\\\/\\\/pans.krosno.pl\\\/rotor\\\/#\\\/schema\\\/logo\\\/image\\\/\",\"url\":\"https:\\\/\\\/pans.krosno.pl\\\/wp-content\\\/uploads\\\/2020\\\/04\\\/unnamed-1.png\",\"contentUrl\":\"https:\\\/\\\/pans.krosno.pl\\\/wp-content\\\/uploads\\\/2020\\\/04\\\/unnamed-1.png\",\"width\":2238,\"height\":372,\"caption\":\"Karpacka Pa\u0144stwowa Uczelnia w Kro\u015bnie\"},\"image\":{\"@id\":\"https:\\\/\\\/pans.krosno.pl\\\/rotor\\\/#\\\/schema\\\/logo\\\/image\\\/\"},\"sameAs\":[\"https:\\\/\\\/www.facebook.com\\\/StudiaKrosno\\\/\",\"https:\\\/\\\/www.instagram.com\\\/studia.krosno\",\"https:\\\/\\\/pl.linkedin.com\\\/company\\\/pwsz-krosno\",\"https:\\\/\\\/www.youtube.com\\\/user\\\/pwszkrosno\\\/\",\"https:\\\/\\\/pl.wikipedia.org\\\/wiki\\\/Pa\u0144stwowa_Wy\u017csza_Szko\u0142a_Zawodowa_im._Stanis\u0142awa_Pigonia_w_Kro\u015bnie\"]}]}<\/script>\n<!-- \/ Yoast SEO Premium plugin. -->","yoast_head_json":{"title":"Zesp\u00f3\u0142 2015\/16 - Rotor - Ko\u0142o naukowe PANS w Kro\u015bnie","robots":{"index":"index","follow":"follow","max-snippet":"max-snippet:-1","max-image-preview":"max-image-preview:large","max-video-preview":"max-video-preview:-1"},"canonical":"https:\/\/pans.krosno.pl\/rotor\/zespol-2015-16\/","og_locale":"pl_PL","og_type":"article","og_title":"Zesp\u00f3\u0142 2015\/16","og_description":"Cz\u0142onkowie Studenckiego Ko\u0142a Naukowego Rotor\u00a0PWSZ\u00a0Krosno, w\u00a0latach 2015\/2016 Adamik Pawe\u0142 Fugiel Pawe\u0142 Grochowski \u0141ukasz Jab\u0142ecki Jakub Janasiak Mateusz Karamus Kacper Lach Jagoda Mastej Monika Michalski Bart\u0142omiej Michnowicz Kamil Ocha\u0142ek Krzysztof Papiernik Grzegorz Radecki Kamil Radzi\u0119ciak Micha\u0142 Sarata Ula Wojtasik Dawid Zajdel Gabriel W pracach wspomagali nas tak\u017ce cz\u0142onkowie studenckiego ko\u0142a lotnik\u00f3w. [\u2026] Read More","og_url":"https:\/\/pans.krosno.pl\/rotor\/zespol-2015-16\/","og_site_name":"Rotor - Ko\u0142o naukowe PANS w Kro\u015bnie","article_publisher":"https:\/\/www.facebook.com\/StudiaKrosno\/","article_modified_time":"2022-11-28T13:55:07+00:00","twitter_card":"summary_large_image","twitter_misc":{"Szacowany czas czytania":"1 minuta"},"schema":{"@context":"https:\/\/schema.org","@graph":[{"@type":"WebPage","@id":"https:\/\/pans.krosno.pl\/rotor\/zespol-2015-16\/","url":"https:\/\/pans.krosno.pl\/rotor\/zespol-2015-16\/","name":"Zesp\u00f3\u0142 2015\/16 - Rotor - Ko\u0142o naukowe PANS w Kro\u015bnie","isPartOf":{"@id":"https:\/\/pans.krosno.pl\/rotor\/#website"},"datePublished":"2022-11-28T12:36:15+00:00","dateModified":"2022-11-28T13:55:07+00:00","breadcrumb":{"@id":"https:\/\/pans.krosno.pl\/rotor\/zespol-2015-16\/#breadcrumb"},"inLanguage":"pl-PL","potentialAction":[{"@type":"ReadAction","target":["https:\/\/pans.krosno.pl\/rotor\/zespol-2015-16\/"]}]},{"@type":"BreadcrumbList","@id":"https:\/\/pans.krosno.pl\/rotor\/zespol-2015-16\/#breadcrumb","itemListElement":[{"@type":"ListItem","position":1,"name":"Strona g\u0142\u00f3wna","item":"https:\/\/pans.krosno.pl\/rotor\/"},{"@type":"ListItem","position":2,"name":"Zesp\u00f3\u0142 2015\/16"}]},{"@type":"WebSite","@id":"https:\/\/pans.krosno.pl\/rotor\/#website","url":"https:\/\/pans.krosno.pl\/rotor\/","name":"KPU w Kro\u015bnie","description":"","publisher":{"@id":"https:\/\/pans.krosno.pl\/rotor\/#organization"},"potentialAction":[{"@type":"SearchAction","target":{"@type":"EntryPoint","urlTemplate":"https:\/\/pans.krosno.pl\/rotor\/?s={search_term_string}"},"query-input":{"@type":"PropertyValueSpecification","valueRequired":true,"valueName":"search_term_string"}}],"inLanguage":"pl-PL"},{"@type":"Organization","@id":"https:\/\/pans.krosno.pl\/rotor\/#organization","name":"Karpacka Pa\u0144stwowa Uczelnia w Kro\u015bnie","url":"https:\/\/pans.krosno.pl\/rotor\/","logo":{"@type":"ImageObject","inLanguage":"pl-PL","@id":"https:\/\/pans.krosno.pl\/rotor\/#\/schema\/logo\/image\/","url":"https:\/\/pans.krosno.pl\/wp-content\/uploads\/2020\/04\/unnamed-1.png","contentUrl":"https:\/\/pans.krosno.pl\/wp-content\/uploads\/2020\/04\/unnamed-1.png","width":2238,"height":372,"caption":"Karpacka Pa\u0144stwowa Uczelnia w Kro\u015bnie"},"image":{"@id":"https:\/\/pans.krosno.pl\/rotor\/#\/schema\/logo\/image\/"},"sameAs":["https:\/\/www.facebook.com\/StudiaKrosno\/","https:\/\/www.instagram.com\/studia.krosno","https:\/\/pl.linkedin.com\/company\/pwsz-krosno","https:\/\/www.youtube.com\/user\/pwszkrosno\/","https:\/\/pl.wikipedia.org\/wiki\/Pa\u0144stwowa_Wy\u017csza_Szko\u0142a_Zawodowa_im._Stanis\u0142awa_Pigonia_w_Kro\u015bnie"]}]}},"_links":{"self":[{"href":"https:\/\/pans.krosno.pl\/rotor\/wp-json\/wp\/v2\/pages\/156","targetHints":{"allow":["GET"]}}],"collection":[{"href":"https:\/\/pans.krosno.pl\/rotor\/wp-json\/wp\/v2\/pages"}],"about":[{"href":"https:\/\/pans.krosno.pl\/rotor\/wp-json\/wp\/v2\/types\/page"}],"author":[{"embeddable":true,"href":"https:\/\/pans.krosno.pl\/rotor\/wp-json\/wp\/v2\/users\/27"}],"replies":[{"embeddable":true,"href":"https:\/\/pans.krosno.pl\/rotor\/wp-json\/wp\/v2\/comments?post=156"}],"version-history":[{"count":3,"href":"https:\/\/pans.krosno.pl\/rotor\/wp-json\/wp\/v2\/pages\/156\/revisions"}],"predecessor-version":[{"id":227,"href":"https:\/\/pans.krosno.pl\/rotor\/wp-json\/wp\/v2\/pages\/156\/revisions\/227"}],"wp:attachment":[{"href":"https:\/\/pans.krosno.pl\/rotor\/wp-json\/wp\/v2\/media?parent=156"}],"curies":[{"name":"wp","href":"https:\/\/api.w.org\/{rel}","templated":true}]}}