{"id":22,"date":"2021-09-30T13:04:46","date_gmt":"2021-09-30T11:04:46","guid":{"rendered":"https:\/\/pans.krosno.pl\/poloznictwo\/?page_id=22"},"modified":"2025-06-06T10:55:57","modified_gmt":"2025-06-06T08:55:57","slug":"aktualnosci","status":"publish","type":"page","link":"https:\/\/pans.krosno.pl\/poloznictwo\/aktualnosci\/","title":{"rendered":"Aktualno\u015bci"},"content":{"rendered":"\n<hr class=\"wp-block-separator has-css-opacity\" \/>\n\n\n<ul class=\"wp-block-latest-posts__list has-dates wp-block-latest-posts\"><li><div class=\"wp-block-latest-posts__featured-image alignleft\"><img loading=\"lazy\" decoding=\"async\" width=\"80\" height=\"80\" src=\"https:\/\/pans.krosno.pl\/poloznictwo\/wp-content\/uploads\/sites\/59\/2025\/11\/l3uW3JumZVWqkYlkZAscopus2-80x80-1.jpg\" class=\"attachment-thumbnail size-thumbnail wp-post-image\" alt=\"\" style=\"max-width:150px;max-height:150px;\" \/><\/div><a class=\"wp-block-latest-posts__post-title\" href=\"https:\/\/pans.krosno.pl\/poloznictwo\/2025\/11\/26\/scopus-ai-inteligentne-wsparcie-dla-naukowcow-i-studentow\/\">Scopus AI &#8211; inteligentne wsparcie dla naukowc\u00f3w i student\u00f3w<\/a><time datetime=\"2025-11-26T17:23:55+01:00\" class=\"wp-block-latest-posts__post-date\">26 listopada 2025<\/time><div class=\"wp-block-latest-posts__post-excerpt\">Biblioteka Pa\u0144stwowej Akademii Naukowej w Kro\u015bnie udost\u0119pnia Scopus AI \u2013 nowoczesne narz\u0119dzie oparte na sztucznej inteligencji, zintegrowane z baz\u0105 Scopus i stworzone z my\u015bl\u0105 o wsparciu bada\u0144 naukowych. Dzi\u0119ki\u00a0Scopus\u00a0AI\u00a0u\u017cytkownicy\u00a0mog\u0105:&#8211; generowa\u0107 przejrzyste, syntetyczne podsumowania publikacji wraz z ich najwa\u017cniejszymi kontekstami badawczymi,&#8211; korzysta\u0107 z interaktywnych map poj\u0119\u0107 oraz trend\u00f3w naukowych, aby odkrywa\u0107 nowe kierunki bada\u0144 i zale\u017cno\u015bci [\u2026] <div class=\"clear\"><\/div><a class=\"more_link clearfix\" href=\"https:\/\/pans.krosno.pl\/poloznictwo\/2025\/11\/26\/scopus-ai-inteligentne-wsparcie-dla-naukowcow-i-studentow\/\" rel=\"nofollow\">Read More<\/a><\/div><\/li>\n<li><div class=\"wp-block-latest-posts__featured-image alignleft\"><img loading=\"lazy\" decoding=\"async\" width=\"150\" height=\"150\" src=\"https:\/\/pans.krosno.pl\/poloznictwo\/wp-content\/uploads\/sites\/59\/2025\/10\/image-3-150x150.png\" class=\"attachment-thumbnail size-thumbnail wp-post-image\" alt=\"\" style=\"max-width:150px;max-height:150px;\" \/><\/div><a class=\"wp-block-latest-posts__post-title\" href=\"https:\/\/pans.krosno.pl\/poloznictwo\/2025\/09\/22\/uroczyste-dyplomatorium-wraz-z-tradycyjnym-czepkowaniem-pielegniarek-i-poloznych\/\">Uroczyste Dyplomatorium wraz z tradycyjnym czepkowaniem Piel\u0119gniarek i Po\u0142o\u017cnych<\/a><time datetime=\"2025-09-22T11:43:12+02:00\" class=\"wp-block-latest-posts__post-date\">22 wrze\u015bnia 2025<\/time><div class=\"wp-block-latest-posts__post-excerpt\">W dniu 19.10.2025r. w Pa\u0144stwowej Akademii Nauk Stosowanych w Kro\u015bnie odby\u0142a si\u0119 wyj\u0105tkowa uroczysto\u015b\u0107 \u2013 dyplomatorium i czepkowanie absolwentek kierunku Po\u0142o\u017cnictwo oraz absolwent\u00f3w kierunku Piel\u0119gniarstwo W wydarzeniu uczestniczy\u0142y w\u0142adze uczelni, przedstawiciele Instytutu Zdrowia, kadra dydaktyczna, zaproszeni go\u015bcie oraz najbli\u017csi absolwentek. Uroczyste \u015blubowanie piel\u0119gniarek i po\u0142o\u017cnych, pe\u0142ne wzrusze\u0144 i dumy, przypomnia\u0142o o warto\u015bciach wpisanych w ten [\u2026] <div class=\"clear\"><\/div><a class=\"more_link clearfix\" href=\"https:\/\/pans.krosno.pl\/poloznictwo\/2025\/09\/22\/uroczyste-dyplomatorium-wraz-z-tradycyjnym-czepkowaniem-pielegniarek-i-poloznych\/\" rel=\"nofollow\">Read More<\/a><\/div><\/li>\n<li><div class=\"wp-block-latest-posts__featured-image alignleft\"><img loading=\"lazy\" decoding=\"async\" width=\"150\" height=\"150\" src=\"https:\/\/pans.krosno.pl\/poloznictwo\/wp-content\/uploads\/sites\/59\/2025\/07\/image-150x150.png\" class=\"attachment-thumbnail size-thumbnail wp-post-image\" alt=\"\" style=\"max-width:150px;max-height:150px;\" \/><\/div><a class=\"wp-block-latest-posts__post-title\" href=\"https:\/\/pans.krosno.pl\/poloznictwo\/2025\/07\/28\/sekretariat-nieczynny-2\/\">Sekretariat &#8211; nieczynny<\/a><time datetime=\"2025-07-28T10:31:17+02:00\" class=\"wp-block-latest-posts__post-date\">28 lipca 2025<\/time><div class=\"wp-block-latest-posts__post-excerpt\">W dniach od 4 sierpnia (poniedzia\u0142ek) do 29 sierpnia (pi\u0105tek) 2025r. sekretariat Zak\u0142ad\u00f3w: Piel\u0119gniarstwa, Po\u0142o\u017cnictwa, Ratownictwa medycznego b\u0119dzie nieczynny.<\/div><\/li>\n<li><div class=\"wp-block-latest-posts__featured-image alignleft\"><img loading=\"lazy\" decoding=\"async\" width=\"150\" height=\"150\" src=\"https:\/\/pans.krosno.pl\/poloznictwo\/wp-content\/uploads\/sites\/59\/2025\/09\/obchody-dnia-poloznej-z-kobieta-trzymajaca-dziecko-150x150.jpg\" class=\"attachment-thumbnail size-thumbnail wp-post-image\" alt=\"\" style=\"max-width:150px;max-height:150px;\" \/><\/div><a class=\"wp-block-latest-posts__post-title\" href=\"https:\/\/pans.krosno.pl\/poloznictwo\/2025\/07\/11\/z-duma-witamy-nowe-absolwentki-poloznictwa\/\">Z dum\u0105 witamy nowe Absolwentki Po\u0142o\u017cnictwa<\/a><time datetime=\"2025-07-11T10:10:30+02:00\" class=\"wp-block-latest-posts__post-date\">11 lipca 2025<\/time><div class=\"wp-block-latest-posts__post-excerpt\">Drogie Absolwentki! Serdecznie gratulujemy Wam uko\u0144czenia studi\u00f3w oraz zdobycia dyplomu! Za Wami lata intensywnej nauki, wymagaj\u0105cych praktyk, dy\u017cur\u00f3w i nie\u0142atwych pyta\u0144 \u2013 a dzi\u015b mo\u017cecie z dum\u0105 powiedzie\u0107: \u201eUda\u0142o si\u0119!\u201d. Jeste\u015bmy z Was ogromnie dumni. Niech zdobyta wiedza i umiej\u0119tno\u015bci s\u0142u\u017c\u0105 Wam ka\u017cdego dnia, a praca z kobietami, mamami i noworodkami daje satysfakcj\u0119 i rado\u015b\u0107. [\u2026] <div class=\"clear\"><\/div><a class=\"more_link clearfix\" href=\"https:\/\/pans.krosno.pl\/poloznictwo\/2025\/07\/11\/z-duma-witamy-nowe-absolwentki-poloznictwa\/\" rel=\"nofollow\">Read More<\/a><\/div><\/li>\n<li><div class=\"wp-block-latest-posts__featured-image alignleft\"><img loading=\"lazy\" decoding=\"async\" width=\"150\" height=\"150\" src=\"https:\/\/pans.krosno.pl\/poloznictwo\/wp-content\/uploads\/sites\/59\/2025\/04\/Swiatowy-dzien-zdrowia_3-1086x1536-1-150x150.jpg\" class=\"attachment-thumbnail size-thumbnail wp-post-image\" alt=\"\" style=\"max-width:150px;max-height:150px;\" srcset=\"https:\/\/pans.krosno.pl\/poloznictwo\/wp-content\/uploads\/sites\/59\/2025\/04\/Swiatowy-dzien-zdrowia_3-1086x1536-1-150x150.jpg 150w, https:\/\/pans.krosno.pl\/poloznictwo\/wp-content\/uploads\/sites\/59\/2025\/04\/Swiatowy-dzien-zdrowia_3-1086x1536-1-80x80.jpg 80w\" sizes=\"auto, (max-width: 150px) 100vw, 150px\" \/><\/div><a class=\"wp-block-latest-posts__post-title\" href=\"https:\/\/pans.krosno.pl\/poloznictwo\/2025\/04\/15\/swiatowy-dzien-zdrowia-2025-zdrowe-poczatki-pelna-nadziei-przyszlosc\/\">\u015awiatowy Dzie\u0144 Zdrowia 2025 \u2013 \u201eZdrowe pocz\u0105tki, pe\u0142na nadziei przysz\u0142o\u015b\u0107\u201d<\/a><time datetime=\"2025-04-15T10:00:00+02:00\" class=\"wp-block-latest-posts__post-date\">15 kwietnia 2025<\/time><div class=\"wp-block-latest-posts__post-excerpt\">Co roku, 7 kwietnia, w rocznic\u0119 powstania \u015awiatowej Organizacji Zdrowia (WHO), obchodzony jest \u015awiatowy Dzie\u0144 Zdrowia. Tematem przewodnim w 2025 roku jest has\u0142o: \u201eZdrowe pocz\u0105tki, pe\u0142na nadziei przysz\u0142o\u015b\u0107\u201d, kt\u00f3re podkre\u015bla znaczenie zdrowego startu w \u017cycie jako fundamentu dla przysz\u0142ego dobrostanu jednostek i spo\u0142ecze\u0144stw. Z tej okazji w pi\u0105tek, 11 kwietnia, w Pa\u0144stwowej Akademii Nauk Stosowanych [\u2026] <div class=\"clear\"><\/div><a class=\"more_link clearfix\" href=\"https:\/\/pans.krosno.pl\/poloznictwo\/2025\/04\/15\/swiatowy-dzien-zdrowia-2025-zdrowe-poczatki-pelna-nadziei-przyszlosc\/\" rel=\"nofollow\">Read More<\/a><\/div><\/li>\n<li><div class=\"wp-block-latest-posts__featured-image alignleft\"><img loading=\"lazy\" decoding=\"async\" width=\"150\" height=\"150\" src=\"https:\/\/pans.krosno.pl\/poloznictwo\/wp-content\/uploads\/sites\/59\/2025\/03\/ChatBox_image-150x150.jpg\" class=\"attachment-thumbnail size-thumbnail wp-post-image\" alt=\"\" style=\"max-width:150px;max-height:150px;\" srcset=\"https:\/\/pans.krosno.pl\/poloznictwo\/wp-content\/uploads\/sites\/59\/2025\/03\/ChatBox_image-150x150.jpg 150w, https:\/\/pans.krosno.pl\/poloznictwo\/wp-content\/uploads\/sites\/59\/2025\/03\/ChatBox_image-300x300.jpg 300w, https:\/\/pans.krosno.pl\/poloznictwo\/wp-content\/uploads\/sites\/59\/2025\/03\/ChatBox_image-768x768.jpg 768w, https:\/\/pans.krosno.pl\/poloznictwo\/wp-content\/uploads\/sites\/59\/2025\/03\/ChatBox_image-800x800.jpg 800w, https:\/\/pans.krosno.pl\/poloznictwo\/wp-content\/uploads\/sites\/59\/2025\/03\/ChatBox_image-580x580.jpg 580w, https:\/\/pans.krosno.pl\/poloznictwo\/wp-content\/uploads\/sites\/59\/2025\/03\/ChatBox_image-80x80.jpg 80w, https:\/\/pans.krosno.pl\/poloznictwo\/wp-content\/uploads\/sites\/59\/2025\/03\/ChatBox_image.jpg 1024w\" sizes=\"auto, (max-width: 150px) 100vw, 150px\" \/><\/div><a class=\"wp-block-latest-posts__post-title\" href=\"https:\/\/pans.krosno.pl\/poloznictwo\/2025\/03\/31\/amazonki-jestescie-dla-nas-wzorem%f0%9f%92%97\/\">Amazonki- Jeste\u015bcie dla nas wzorem\ud83d\udc97<\/a><time datetime=\"2025-03-31T10:06:00+02:00\" class=\"wp-block-latest-posts__post-date\">31 marca 2025<\/time><div class=\"wp-block-latest-posts__post-excerpt\">Stowarzyszenie Amazonek to niezwyk\u0142a spo\u0142eczno\u015b\u0107 kobiet, kt\u00f3re \u0142\u0105czy jedno \u2013 walka z rakiem piersi. To miejsce pe\u0142ne si\u0142y, ciep\u0142a i wzajemnego wsparcia, gdzie ka\u017cda kobieta mo\u017ce znale\u017a\u0107 zrozumienie, otuch\u0119 i pomoc w najtrudniejszych chwilach. To nie tylko grupa wsparcia \u2013 to tak\u017ce przyja\u017anie na ca\u0142e \u017cycie, spotkania pe\u0142ne u\u015bmiechu, odwagi, pi\u0119kna i s\u0142odko-gorzkich wspomnie\u0144. W [\u2026] <div class=\"clear\"><\/div><a class=\"more_link clearfix\" href=\"https:\/\/pans.krosno.pl\/poloznictwo\/2025\/03\/31\/amazonki-jestescie-dla-nas-wzorem%f0%9f%92%97\/\" rel=\"nofollow\">Read More<\/a><\/div><\/li>\n<li><div class=\"wp-block-latest-posts__featured-image alignleft\"><img loading=\"lazy\" decoding=\"async\" width=\"150\" height=\"150\" src=\"https:\/\/pans.krosno.pl\/poloznictwo\/wp-content\/uploads\/sites\/59\/2025\/03\/image-150x150.png\" class=\"attachment-thumbnail size-thumbnail wp-post-image\" alt=\"\" style=\"max-width:150px;max-height:150px;\" srcset=\"https:\/\/pans.krosno.pl\/poloznictwo\/wp-content\/uploads\/sites\/59\/2025\/03\/image-150x150.png 150w, https:\/\/pans.krosno.pl\/poloznictwo\/wp-content\/uploads\/sites\/59\/2025\/03\/image-80x80.png 80w\" sizes=\"auto, (max-width: 150px) 100vw, 150px\" \/><\/div><a class=\"wp-block-latest-posts__post-title\" href=\"https:\/\/pans.krosno.pl\/poloznictwo\/2025\/03\/30\/30-marca-swiatowy-dzien-endometriozy\/\">30 marca \u2013 \u015awiatowy Dzie\u0144 Endometriozy<\/a><time datetime=\"2025-03-30T10:56:00+02:00\" class=\"wp-block-latest-posts__post-date\">30 marca 2025<\/time><div class=\"wp-block-latest-posts__post-excerpt\">Endometrioza to przewlek\u0142a choroba, kt\u00f3ra dotyka miliony kobiet na ca\u0142ym \u015bwiecie, powoduj\u0105c dotkliwy b\u00f3l, zm\u0119czenie oraz trudno\u015bci z zaj\u015bciem w ci\u0105\u017c\u0119. Polega na nieprawid\u0142owym rozro\u015bcie b\u0142ony \u015bluzowej macicy (endometrium) poza jej naturalnym miejscem, co prowadzi do stan\u00f3w zapalnych i zrost\u00f3w w organizmie. Objawy endometriozy mog\u0105 obejmowa\u0107:\u2714\ufe0f Silne b\u00f3le menstruacyjne i przewlek\u0142e b\u00f3le miednicy\u2714\ufe0f Problemy trawienne [\u2026] <div class=\"clear\"><\/div><a class=\"more_link clearfix\" href=\"https:\/\/pans.krosno.pl\/poloznictwo\/2025\/03\/30\/30-marca-swiatowy-dzien-endometriozy\/\" rel=\"nofollow\">Read More<\/a><\/div><\/li>\n<li><div class=\"wp-block-latest-posts__featured-image alignleft\"><img loading=\"lazy\" decoding=\"async\" width=\"150\" height=\"150\" src=\"https:\/\/pans.krosno.pl\/poloznictwo\/wp-content\/uploads\/sites\/59\/2025\/03\/received_1035715194572868-150x150.jpeg\" class=\"attachment-thumbnail size-thumbnail wp-post-image\" alt=\"\" style=\"max-width:150px;max-height:150px;\" srcset=\"https:\/\/pans.krosno.pl\/poloznictwo\/wp-content\/uploads\/sites\/59\/2025\/03\/received_1035715194572868-150x150.jpeg 150w, https:\/\/pans.krosno.pl\/poloznictwo\/wp-content\/uploads\/sites\/59\/2025\/03\/received_1035715194572868-80x80.jpeg 80w\" sizes=\"auto, (max-width: 150px) 100vw, 150px\" \/><\/div><a class=\"wp-block-latest-posts__post-title\" href=\"https:\/\/pans.krosno.pl\/poloznictwo\/2025\/03\/28\/juz-po-xii-targach-pracy-pans-w-krosnie-i-akademickim-dniu-nauki-bylo-fantastycznie\/\">Ju\u017c po XII Targach pracy PANS w Kro\u015bnie i Akademickim Dniu Nauki- by\u0142o fantastycznie!<\/a><time datetime=\"2025-03-28T09:38:28+01:00\" class=\"wp-block-latest-posts__post-date\">28 marca 2025<\/time><div class=\"wp-block-latest-posts__post-excerpt\">21 marca 2025 roku w Kampusie Techniczno-Sportowym Pa\u0144stwowej Akademii Nauk Stosowanych w Kro\u015bnie odby\u0142y si\u0119 XII Targi Pracy oraz Akademicki Dzie\u0144 Nauki. Wydarzenie przyci\u0105gn\u0119\u0142o 40 wystawc\u00f3w oraz ponad 2000 uczestnik\u00f3w, w tym uczni\u00f3w szk\u00f3\u0142 ponadpodstawowych, student\u00f3w i absolwent\u00f3w. Dla naszych student\u00f3w kluczowym punktem targ\u00f3w by\u0142y spotkania z potencjalnymi pracodawcami, kt\u00f3rzy przedstawili ofert\u0119 zatrudnienia oraz mo\u017cliwo\u015bci [\u2026] <div class=\"clear\"><\/div><a class=\"more_link clearfix\" href=\"https:\/\/pans.krosno.pl\/poloznictwo\/2025\/03\/28\/juz-po-xii-targach-pracy-pans-w-krosnie-i-akademickim-dniu-nauki-bylo-fantastycznie\/\" rel=\"nofollow\">Read More<\/a><\/div><\/li>\n<li><div class=\"wp-block-latest-posts__featured-image alignleft\"><img loading=\"lazy\" decoding=\"async\" width=\"150\" height=\"150\" src=\"https:\/\/pans.krosno.pl\/poloznictwo\/wp-content\/uploads\/sites\/59\/2023\/05\/puchar-150x150.jpg\" class=\"attachment-thumbnail size-thumbnail wp-post-image\" alt=\"\" style=\"max-width:150px;max-height:150px;\" srcset=\"https:\/\/pans.krosno.pl\/poloznictwo\/wp-content\/uploads\/sites\/59\/2023\/05\/puchar-150x150.jpg 150w, https:\/\/pans.krosno.pl\/poloznictwo\/wp-content\/uploads\/sites\/59\/2023\/05\/puchar-300x300.jpg 300w, https:\/\/pans.krosno.pl\/poloznictwo\/wp-content\/uploads\/sites\/59\/2023\/05\/puchar-1024x1024.jpg 1024w, https:\/\/pans.krosno.pl\/poloznictwo\/wp-content\/uploads\/sites\/59\/2023\/05\/puchar-768x768.jpg 768w, https:\/\/pans.krosno.pl\/poloznictwo\/wp-content\/uploads\/sites\/59\/2023\/05\/puchar-1536x1536.jpg 1536w, https:\/\/pans.krosno.pl\/poloznictwo\/wp-content\/uploads\/sites\/59\/2023\/05\/puchar-800x800.jpg 800w, https:\/\/pans.krosno.pl\/poloznictwo\/wp-content\/uploads\/sites\/59\/2023\/05\/puchar-580x580.jpg 580w, https:\/\/pans.krosno.pl\/poloznictwo\/wp-content\/uploads\/sites\/59\/2023\/05\/puchar-80x80.jpg 80w, https:\/\/pans.krosno.pl\/poloznictwo\/wp-content\/uploads\/sites\/59\/2023\/05\/puchar.jpg 2000w\" sizes=\"auto, (max-width: 150px) 100vw, 150px\" \/><\/div><a class=\"wp-block-latest-posts__post-title\" href=\"https:\/\/pans.krosno.pl\/poloznictwo\/2025\/03\/24\/przyszla-polozna-w-druzynie\/\">Przysz\u0142a Po\u0142o\u017cna w Dru\u017cynie!<\/a><time datetime=\"2025-03-24T13:26:00+01:00\" class=\"wp-block-latest-posts__post-date\">24 marca 2025<\/time><div class=\"wp-block-latest-posts__post-excerpt\">Anna Krygowska, studentka drugiego roku po\u0142o\u017cnictwa w Pa\u0144stwowej Uczelni Nauk Stosowanych w Kro\u015bnie, jako cz\u0142onek dru\u017cyn osi\u0105gn\u0119\u0142a ostatnio znacz\u0105ce sukcesy sportowe. \u26f9\ufe0f\u200d\u2640\ufe0f\ud83c\udfc015 marca wraz z dru\u017cyn\u0105 zdoby\u0142a wymarzone pierwsze miejsce w akademickich mistrzostwach wojew\u00f3dztwa podkarpackiego w koszyk\u00f3wce. \ud83c\udfd2\ud83e\udd4523 marca wraz z dru\u017cyn\u0105 zaj\u0119\u0142a drugie miejsce w akademickich mistrzostwach wojew\u00f3dztwa podkarpackiego w unihokeja. Jej osi\u0105gni\u0119cia s\u0105 [\u2026] <div class=\"clear\"><\/div><a class=\"more_link clearfix\" href=\"https:\/\/pans.krosno.pl\/poloznictwo\/2025\/03\/24\/przyszla-polozna-w-druzynie\/\" rel=\"nofollow\">Read More<\/a><\/div><\/li>\n<li><div class=\"wp-block-latest-posts__featured-image alignleft\"><img loading=\"lazy\" decoding=\"async\" width=\"150\" height=\"150\" src=\"https:\/\/pans.krosno.pl\/poloznictwo\/wp-content\/uploads\/sites\/59\/2025\/03\/freepic-wczesniak-150x150.jpg\" class=\"attachment-thumbnail size-thumbnail wp-post-image\" alt=\"\" style=\"max-width:150px;max-height:150px;\" srcset=\"https:\/\/pans.krosno.pl\/poloznictwo\/wp-content\/uploads\/sites\/59\/2025\/03\/freepic-wczesniak-150x150.jpg 150w, https:\/\/pans.krosno.pl\/poloznictwo\/wp-content\/uploads\/sites\/59\/2025\/03\/freepic-wczesniak-80x80.jpg 80w\" sizes=\"auto, (max-width: 150px) 100vw, 150px\" \/><\/div><a class=\"wp-block-latest-posts__post-title\" href=\"https:\/\/pans.krosno.pl\/poloznictwo\/2024\/11\/17\/swiatowy-dzien-wczesniaka-swieto-najmlodszych-wojownikow\/\">\u015awiatowy Dzie\u0144 Wcze\u015bniaka \u2013 \u015awi\u0119to Najm\u0142odszych Wojownik\u00f3w<\/a><time datetime=\"2024-11-17T08:02:00+01:00\" class=\"wp-block-latest-posts__post-date\">17 listopada 2024<\/time><div class=\"wp-block-latest-posts__post-excerpt\">Ka\u017cdego roku 17 listopada obchodzimy \u015awiatowy Dzie\u0144 Wcze\u015bniaka \u2013 dzie\u0144 po\u015bwi\u0119cony najmniejszym i najbardziej walecznym noworodkom. Przedwczesne narodziny, definiowane jako por\u00f3d przed uko\u0144czeniem 37 tygodnia ci\u0105\u017cy, stanowi\u0105 istotny problem zdrowia publicznego na ca\u0142ym \u015bwiecie. \u015awiatowy Dzie\u0144 Wcze\u015bniaka, ustanowiony 17 listopada, ma na celu zwr\u00f3cenie uwagi na wyzwania zwi\u0105zane z opiek\u0105 nad wcze\u015bniakami oraz promowanie dzia\u0142a\u0144 [\u2026] <div class=\"clear\"><\/div><a class=\"more_link clearfix\" href=\"https:\/\/pans.krosno.pl\/poloznictwo\/2024\/11\/17\/swiatowy-dzien-wczesniaka-swieto-najmlodszych-wojownikow\/\" rel=\"nofollow\">Read More<\/a><\/div><\/li>\n<li><div class=\"wp-block-latest-posts__featured-image alignleft\"><img loading=\"lazy\" decoding=\"async\" width=\"150\" height=\"150\" src=\"https:\/\/pans.krosno.pl\/poloznictwo\/wp-content\/uploads\/sites\/59\/2025\/02\/5823519-150x150.jpg\" class=\"attachment-thumbnail size-thumbnail wp-post-image\" alt=\"\" style=\"max-width:150px;max-height:150px;\" srcset=\"https:\/\/pans.krosno.pl\/poloznictwo\/wp-content\/uploads\/sites\/59\/2025\/02\/5823519-150x150.jpg 150w, https:\/\/pans.krosno.pl\/poloznictwo\/wp-content\/uploads\/sites\/59\/2025\/02\/5823519-scaled-80x80.jpg 80w\" sizes=\"auto, (max-width: 150px) 100vw, 150px\" \/><\/div><a class=\"wp-block-latest-posts__post-title\" href=\"https:\/\/pans.krosno.pl\/poloznictwo\/2024\/10\/22\/swietujemy-rozowy-pazdziernik-miesiac-walki-z-rakiem-piersi\/\">\u015aWI\u0118TUJEMY R\u00d3\u017bOWY PA\u0179DZIERNIK MIESI\u0104C WALKI Z RAKIEM PIERSI<\/a><time datetime=\"2024-10-22T13:33:00+02:00\" class=\"wp-block-latest-posts__post-date\">22 pa\u017adziernika 2024<\/time><div class=\"wp-block-latest-posts__post-excerpt\">Pa\u017adziernik jest od\u00a0wielu lat uznawanym na\u00a0ca\u0142ym \u015bwiecie za\u00a0Miesi\u0105c \u015awiadomo\u015bci Raka Piersi (ang.\u00a0Breast Cancer Awareness Month). W\u00a0tym szczeg\u00f3lnym okresie podejmujemy tematy zwi\u0105zane z\u00a0profilaktyk\u0105, diagnostyk\u0105 oraz\u00a0nowoczesnym leczeniem nowotwor\u00f3w piersi. W\u00a0ramach kampanii, 15 pa\u017adziernika 2024 roku przypada Europejski Dzie\u0144 Walki z\u00a0Rakiem Piersi, kt\u00f3rego\u00a0symbolem jest r\u00f3\u017cowa wst\u0105\u017cka. Poznajmy kilka Fakt\u00f3w: Samobadanie piersi ma kluczowe znaczenie we wczesnych stadiach wykrywalno\u015bci [\u2026] <div class=\"clear\"><\/div><a class=\"more_link clearfix\" href=\"https:\/\/pans.krosno.pl\/poloznictwo\/2024\/10\/22\/swietujemy-rozowy-pazdziernik-miesiac-walki-z-rakiem-piersi\/\" rel=\"nofollow\">Read More<\/a><\/div><\/li>\n<li><div class=\"wp-block-latest-posts__featured-image alignleft\"><img loading=\"lazy\" decoding=\"async\" width=\"150\" height=\"150\" src=\"https:\/\/pans.krosno.pl\/poloznictwo\/wp-content\/uploads\/sites\/59\/2024\/07\/studentka-e1724854193751-150x150.jpg\" class=\"attachment-thumbnail size-thumbnail wp-post-image\" alt=\"\" style=\"max-width:150px;max-height:150px;\" srcset=\"https:\/\/pans.krosno.pl\/poloznictwo\/wp-content\/uploads\/sites\/59\/2024\/07\/studentka-e1724854193751-150x150.jpg 150w, https:\/\/pans.krosno.pl\/poloznictwo\/wp-content\/uploads\/sites\/59\/2024\/07\/studentka-e1724854193751-80x80.jpg 80w\" sizes=\"auto, (max-width: 150px) 100vw, 150px\" \/><\/div><a class=\"wp-block-latest-posts__post-title\" href=\"https:\/\/pans.krosno.pl\/poloznictwo\/2024\/07\/15\/pierwszy-egzamin-dyplomowy-studentow-poloznictwa\/\">Pierwszy egzamin dyplomowy student\u00f3w Po\u0142o\u017cnictwa<\/a><time datetime=\"2024-07-15T15:47:00+02:00\" class=\"wp-block-latest-posts__post-date\">15 lipca 2024<\/time><div class=\"wp-block-latest-posts__post-excerpt\">W dniach 08-09 lipca br., po raz pierwszy w historii kro\u015bnie\u0144skiej uczelni odby\u0142 si\u0119 egzamin dyplomowy na studiach I stopnia na kierunku Po\u0142o\u017cnictwo. Celem egzaminu dyplomowego jest okre\u015blenie stopnia opanowania przez student\u00f3w wiedzy i umiej\u0119tno\u015bci w zakresie okre\u015blonym charakterystyk\u0105 kwalifikacyjn\u0105 absolwenta studi\u00f3w pierwszego stopnia na kierunku po\u0142o\u017cnictwo. Egzamin dyplomowy odby\u0142 si\u0119 po z\u0142o\u017ceniu przez student\u00f3w [\u2026] <div class=\"clear\"><\/div><a class=\"more_link clearfix\" href=\"https:\/\/pans.krosno.pl\/poloznictwo\/2024\/07\/15\/pierwszy-egzamin-dyplomowy-studentow-poloznictwa\/\" rel=\"nofollow\">Read More<\/a><\/div><\/li>\n<li><div class=\"wp-block-latest-posts__featured-image alignleft\"><img loading=\"lazy\" decoding=\"async\" width=\"150\" height=\"150\" src=\"https:\/\/pans.krosno.pl\/poloznictwo\/wp-content\/uploads\/sites\/59\/2024\/08\/stud_juwe-e1724855245384-150x150.avif\" class=\"attachment-thumbnail size-thumbnail wp-post-image\" alt=\"\" style=\"max-width:150px;max-height:150px;\" srcset=\"https:\/\/pans.krosno.pl\/poloznictwo\/wp-content\/uploads\/sites\/59\/2024\/08\/stud_juwe-e1724855245384-150x150.avif 150w, https:\/\/pans.krosno.pl\/poloznictwo\/wp-content\/uploads\/sites\/59\/2024\/08\/stud_juwe-e1724855245384-80x80.avif 80w\" sizes=\"auto, (max-width: 150px) 100vw, 150px\" \/><\/div><a class=\"wp-block-latest-posts__post-title\" href=\"https:\/\/pans.krosno.pl\/poloznictwo\/2024\/06\/10\/poloznictwo-na-xxiv-krosnienskich-juwenaliach\/\">Po\u0142o\u017cnictwo na XXIV Kro\u015bnie\u0144skich Juwenaliach<\/a><time datetime=\"2024-06-10T16:21:48+02:00\" class=\"wp-block-latest-posts__post-date\">10 czerwca 2024<\/time><div class=\"wp-block-latest-posts__post-excerpt\">Kro\u015bnie\u0144skie Juwenalia odbywa\u0142y si\u0119 XXIV raz w historii naszej Uczelni i s\u0105 one wydarzeniem wyj\u0105tkowym, poniewa\u017c w tym roku przypada jubileusz 25-lecia Pa\u0144stwowej Akademii Nauk Stosowanych w Kro\u015bnie. W czwartek, 6 czerwca, ulicami Krosna przeszed\u0142 barwny poch\u00f3d juwenaliowy, na kt\u00f3rym nie zabrak\u0142o reprezentacji studentek Po\u0142o\u017cnictwa. Wi\u0119cej informacji i relacje zdj\u0119ciowe z najwi\u0119kszego \u015bwi\u0119ta student\u00f3w pod [\u2026] <div class=\"clear\"><\/div><a class=\"more_link clearfix\" href=\"https:\/\/pans.krosno.pl\/poloznictwo\/2024\/06\/10\/poloznictwo-na-xxiv-krosnienskich-juwenaliach\/\" rel=\"nofollow\">Read More<\/a><\/div><\/li>\n<li><div class=\"wp-block-latest-posts__featured-image alignleft\"><img loading=\"lazy\" decoding=\"async\" width=\"150\" height=\"150\" src=\"https:\/\/pans.krosno.pl\/poloznictwo\/wp-content\/uploads\/sites\/59\/2024\/07\/porod-do-wody1-e1721126721442-150x150.png\" class=\"attachment-thumbnail size-thumbnail wp-post-image\" alt=\"\" style=\"max-width:150px;max-height:150px;\" srcset=\"https:\/\/pans.krosno.pl\/poloznictwo\/wp-content\/uploads\/sites\/59\/2024\/07\/porod-do-wody1-e1721126721442-150x150.png 150w, https:\/\/pans.krosno.pl\/poloznictwo\/wp-content\/uploads\/sites\/59\/2024\/07\/porod-do-wody1-e1721126721442-80x80.png 80w\" sizes=\"auto, (max-width: 150px) 100vw, 150px\" \/><\/div><a class=\"wp-block-latest-posts__post-title\" href=\"https:\/\/pans.krosno.pl\/poloznictwo\/2024\/04\/29\/porod-do-wody-szkolenie-dla-poloznych\/\">Por\u00f3d do wody &#8211; szkolenie dla po\u0142o\u017cnych<\/a><time datetime=\"2024-04-29T11:57:00+02:00\" class=\"wp-block-latest-posts__post-date\">29 kwietnia 2024<\/time><div class=\"wp-block-latest-posts__post-excerpt\">25 i 26 kwietnia br. w oddziale ginekologiczno-po\u0142o\u017cniczym Wojew\u00f3dzkiego Szpitala Podkarpackiego w Kro\u015bnie oraz w Zak\u0142adzie Po\u0142o\u017cnictwa Pa\u0144stwowej Akademii Nauk Stosowanych w Kro\u015bnie odby\u0142y si\u0119 warsztaty z prowadzenia porodu w wodzie. Warsztaty dedykowane by\u0142y dla po\u0142o\u017cnych z Krosna i okolic oraz dla studentek po\u0142o\u017cnictwa. Inicjatorem szkolenia by\u0142a \u00a0dr Krystyna Krygowska, po\u0142o\u017cna oddzia\u0142owa oddzia\u0142u ginekologiczno-po\u0142o\u017cniczego oraz [\u2026] <div class=\"clear\"><\/div><a class=\"more_link clearfix\" href=\"https:\/\/pans.krosno.pl\/poloznictwo\/2024\/04\/29\/porod-do-wody-szkolenie-dla-poloznych\/\" rel=\"nofollow\">Read More<\/a><\/div><\/li>\n<li><div class=\"wp-block-latest-posts__featured-image alignleft\"><img loading=\"lazy\" decoding=\"async\" width=\"150\" height=\"150\" src=\"https:\/\/pans.krosno.pl\/poloznictwo\/wp-content\/uploads\/sites\/59\/2024\/03\/ang-150x150.jpg\" class=\"attachment-thumbnail size-thumbnail wp-post-image\" alt=\"\" style=\"max-width:150px;max-height:150px;\" srcset=\"https:\/\/pans.krosno.pl\/poloznictwo\/wp-content\/uploads\/sites\/59\/2024\/03\/ang-150x150.jpg 150w, https:\/\/pans.krosno.pl\/poloznictwo\/wp-content\/uploads\/sites\/59\/2024\/03\/ang-80x80.jpg 80w\" sizes=\"auto, (max-width: 150px) 100vw, 150px\" \/><\/div><a class=\"wp-block-latest-posts__post-title\" href=\"https:\/\/pans.krosno.pl\/poloznictwo\/2024\/03\/27\/studentka-poloznictwa-finalistka-x-konkursu-jezyka-angielskiego-dla-studentow-pans\/\">Studentka po\u0142o\u017cnictwa finalistk\u0105 X Konkursu J\u0119zyka Angielskiego dla Student\u00f3w PANS<\/a><time datetime=\"2024-03-27T12:22:00+01:00\" class=\"wp-block-latest-posts__post-date\">27 marca 2024<\/time><div class=\"wp-block-latest-posts__post-excerpt\">W dniu 22 marca 2024 roku odby\u0142 si\u0119 fina\u0142 X Konkursu J\u0119zyka Angielskiego dla Student\u00f3w organizowany przez Studium J\u0119zyk\u00f3w Obcych naszej Uczelni. W finale bra\u0142a udzia\u0142 studentka pierwszego roku Po\u0142o\u017cnictwa pani Kinga Winiarska, kt\u00f3ra zdoby\u0142a 2 miejsce -etowy Jest to zaszczyt, \u017ce mo\u017cemy promowa\u0107 naszych student\u00f3w podczas rozwijania pasji i talent\u00f3w j\u0119zykowych. Gratulujemy! Wi\u0119cej informacji [\u2026] <div class=\"clear\"><\/div><a class=\"more_link clearfix\" href=\"https:\/\/pans.krosno.pl\/poloznictwo\/2024\/03\/27\/studentka-poloznictwa-finalistka-x-konkursu-jezyka-angielskiego-dla-studentow-pans\/\" rel=\"nofollow\">Read More<\/a><\/div><\/li>\n<li><div class=\"wp-block-latest-posts__featured-image alignleft\"><img loading=\"lazy\" decoding=\"async\" width=\"150\" height=\"150\" src=\"https:\/\/pans.krosno.pl\/poloznictwo\/wp-content\/uploads\/sites\/59\/2022\/01\/bitmapa-150x150.png\" class=\"attachment-thumbnail size-thumbnail wp-post-image\" alt=\"\" style=\"max-width:150px;max-height:150px;\" srcset=\"https:\/\/pans.krosno.pl\/poloznictwo\/wp-content\/uploads\/sites\/59\/2022\/01\/bitmapa-150x150.png 150w, https:\/\/pans.krosno.pl\/poloznictwo\/wp-content\/uploads\/sites\/59\/2022\/01\/bitmapa-80x80.png 80w, https:\/\/pans.krosno.pl\/poloznictwo\/wp-content\/uploads\/sites\/59\/2022\/01\/bitmapa.png 250w\" sizes=\"auto, (max-width: 150px) 100vw, 150px\" \/><\/div><a class=\"wp-block-latest-posts__post-title\" href=\"https:\/\/pans.krosno.pl\/poloznictwo\/2023\/09\/18\/harmonogram-dni-adaptacyjnych\/\">Harmonogram dni adaptacyjnych<\/a><time datetime=\"2023-09-18T13:48:30+02:00\" class=\"wp-block-latest-posts__post-date\">18 wrze\u015bnia 2023<\/time><div class=\"wp-block-latest-posts__post-excerpt\">Drodzy Studenci I roku studi\u00f3w!W dniach 2 i 3 pa\u017adziernika zapraszamy na Dni Adaptacyjne wed\u0142ug poni\u017cszego harmonogramu.Ponadto na wszystkich kierunkach studi\u00f3w poza godzinami zaj\u0119\u0107 w ramach Dni Adaptacyjnych odbywa\u0107 si\u0119 b\u0119d\u0105 zaj\u0119cia dydaktyczne zgodnie z harmonogramem zaj\u0119\u0107 umieszczonym na stronach internetowych poszczeg\u00f3lnych kierunk\u00f3w. Automatyka i robotyka 2.10.2023 (poniedzia\u0142ek)16.15 \u2013 18.30 Pedagogika studiowania \u2013 Turasz\u00f3wka, ul [\u2026] <div class=\"clear\"><\/div><a class=\"more_link clearfix\" href=\"https:\/\/pans.krosno.pl\/poloznictwo\/2023\/09\/18\/harmonogram-dni-adaptacyjnych\/\" rel=\"nofollow\">Read More<\/a><\/div><\/li>\n<li><div class=\"wp-block-latest-posts__featured-image alignleft\"><img loading=\"lazy\" decoding=\"async\" width=\"150\" height=\"150\" src=\"https:\/\/pans.krosno.pl\/poloznictwo\/wp-content\/uploads\/sites\/59\/2023\/09\/konf-kielce-1-150x150.jpg\" class=\"attachment-thumbnail size-thumbnail wp-post-image\" alt=\"\" style=\"max-width:150px;max-height:150px;\" srcset=\"https:\/\/pans.krosno.pl\/poloznictwo\/wp-content\/uploads\/sites\/59\/2023\/09\/konf-kielce-1-150x150.jpg 150w, https:\/\/pans.krosno.pl\/poloznictwo\/wp-content\/uploads\/sites\/59\/2023\/09\/konf-kielce-1-80x80.jpg 80w\" sizes=\"auto, (max-width: 150px) 100vw, 150px\" \/><\/div><a class=\"wp-block-latest-posts__post-title\" href=\"https:\/\/pans.krosno.pl\/poloznictwo\/2023\/06\/23\/kolejny-sukces-studentki-poloznictwa\/\">Kolejny sukces studentki Po\u0142o\u017cnictwa<\/a><time datetime=\"2023-06-23T13:44:36+02:00\" class=\"wp-block-latest-posts__post-date\">23 czerwca 2023<\/time><div class=\"wp-block-latest-posts__post-excerpt\">W dniu 13 czerwca 2023 roku odby\u0142a si\u0119 VII Og\u00f3lnopolska Konferencja studencko-doktorancka pt.: \u201eNauki o Zdrowiu w Teorii i Praktyce\u201d na Wydziale Collegium Medicum Uniwersytetu Jana Kochanowskiego w Kielcach. Organizatorami konferencji by\u0142o Studenckie Ko\u0142o Naukowe \u201eMedyk\u201d. Wydarzenie mia\u0142o charakter interdyscyplinarny, jej g\u0142\u00f3wnym celem by\u0142o szerzenie informacji dotycz\u0105cych zdrowia oraz zachowa\u0144 prozdrowotnych. Podczas konferencji studenci oraz [\u2026] <div class=\"clear\"><\/div><a class=\"more_link clearfix\" href=\"https:\/\/pans.krosno.pl\/poloznictwo\/2023\/06\/23\/kolejny-sukces-studentki-poloznictwa\/\" rel=\"nofollow\">Read More<\/a><\/div><\/li>\n<li><div class=\"wp-block-latest-posts__featured-image alignleft\"><img loading=\"lazy\" decoding=\"async\" width=\"150\" height=\"150\" src=\"https:\/\/pans.krosno.pl\/poloznictwo\/wp-content\/uploads\/sites\/59\/2023\/05\/konf-krosno-150x150.jpg\" class=\"attachment-thumbnail size-thumbnail wp-post-image\" alt=\"\" style=\"max-width:150px;max-height:150px;\" srcset=\"https:\/\/pans.krosno.pl\/poloznictwo\/wp-content\/uploads\/sites\/59\/2023\/05\/konf-krosno-150x150.jpg 150w, https:\/\/pans.krosno.pl\/poloznictwo\/wp-content\/uploads\/sites\/59\/2023\/05\/konf-krosno-80x80.jpg 80w\" sizes=\"auto, (max-width: 150px) 100vw, 150px\" \/><\/div><a class=\"wp-block-latest-posts__post-title\" href=\"https:\/\/pans.krosno.pl\/poloznictwo\/2023\/05\/18\/sukces-studentki-pierwszego-roku-poloznictwa\/\">Sukces studentki pierwszego roku Po\u0142o\u017cnictwa<\/a><time datetime=\"2023-05-18T18:42:59+02:00\" class=\"wp-block-latest-posts__post-date\">18 maja 2023<\/time><div class=\"wp-block-latest-posts__post-excerpt\">W dniu 18 maja 2023 r. odby\u0142a si\u0119 VI Og\u00f3lnopolska Konferencja Studenckich K\u00f3\u0142 Naukowych &#8211; Badania, innowacje i pasje z perspektywy m\u0142odego naukowca, kt\u00f3rej organizatorem by\u0142a Pa\u0144stwowa Akademia Nauk Stosowanych w Kro\u015bnie. W\u015br\u00f3d prelegent\u00f3w znale\u017ali si\u0119 studenci z Lublina, Krakowa, Warszawy oraz Kielc. Nie zabrak\u0142o solidnej reprezentacji student\u00f3w z naszej uczelni. Studenckie Ko\u0142o Naukowe &#8222;Po\u0142o\u017cnictwo&#8221; [\u2026] <div class=\"clear\"><\/div><a class=\"more_link clearfix\" href=\"https:\/\/pans.krosno.pl\/poloznictwo\/2023\/05\/18\/sukces-studentki-pierwszego-roku-poloznictwa\/\" rel=\"nofollow\">Read More<\/a><\/div><\/li>\n<li><div class=\"wp-block-latest-posts__featured-image alignleft\"><img loading=\"lazy\" decoding=\"async\" width=\"150\" height=\"150\" src=\"https:\/\/pans.krosno.pl\/poloznictwo\/wp-content\/uploads\/sites\/59\/2023\/04\/1682412996682-2-150x150.jpg\" class=\"attachment-thumbnail size-thumbnail wp-post-image\" alt=\"\" style=\"max-width:150px;max-height:150px;\" srcset=\"https:\/\/pans.krosno.pl\/poloznictwo\/wp-content\/uploads\/sites\/59\/2023\/04\/1682412996682-2-150x150.jpg 150w, https:\/\/pans.krosno.pl\/poloznictwo\/wp-content\/uploads\/sites\/59\/2023\/04\/1682412996682-2-scaled-80x80.jpg 80w\" sizes=\"auto, (max-width: 150px) 100vw, 150px\" \/><\/div><a class=\"wp-block-latest-posts__post-title\" href=\"https:\/\/pans.krosno.pl\/poloznictwo\/2023\/04\/25\/aktywny-porod-relacja-ze-szkolenia-dla-poloznych\/\">Aktywny por\u00f3d &#8211; relacja ze szkolenia dla po\u0142o\u017cnych<\/a><time datetime=\"2023-04-25T12:43:35+02:00\" class=\"wp-block-latest-posts__post-date\">25 kwietnia 2023<\/time><div class=\"wp-block-latest-posts__post-excerpt\">22 kwietnia po\u0142o\u017cne pracuj\u0105ce w sali porodowej w szpitalu w Kro\u015bnie, po\u0142o\u017cne z Rzeszowa oraz studentki wzi\u0119\u0142y udzia\u0142 w szkoleniu z prowadzenia porodu w pozycjach wertykalnych. Wydarzenie by\u0142o zwie\u0144czeniem trzydniowego cyklu szkole\u0144 dla lokalnej kadry sprawuj\u0105cej opiek\u0119 nad kobietami ci\u0119\u017carnymi i rodz\u0105cymi &#8211; po\u0142o\u017cnych pracuj\u0105cych w \u015brodowisku, lekarzy-po\u0142o\u017cnik\u00f3w z kro\u015bnie\u0144skiego szpitala oraz studentek po\u0142o\u017cnictwa. Kobieta [\u2026] <div class=\"clear\"><\/div><a class=\"more_link clearfix\" href=\"https:\/\/pans.krosno.pl\/poloznictwo\/2023\/04\/25\/aktywny-porod-relacja-ze-szkolenia-dla-poloznych\/\" rel=\"nofollow\">Read More<\/a><\/div><\/li>\n<li><div class=\"wp-block-latest-posts__featured-image alignleft\"><img loading=\"lazy\" decoding=\"async\" width=\"150\" height=\"150\" src=\"https:\/\/pans.krosno.pl\/poloznictwo\/wp-content\/uploads\/sites\/59\/2023\/03\/Akademicki-Dzien-Nauki-772x1024-1-e1682410655517-150x150.jpg\" class=\"attachment-thumbnail size-thumbnail wp-post-image\" alt=\"\" style=\"max-width:150px;max-height:150px;\" \/><\/div><a class=\"wp-block-latest-posts__post-title\" href=\"https:\/\/pans.krosno.pl\/poloznictwo\/2023\/03\/20\/poloznictwo-na-targach-pracy-w-krosnie\/\">Po\u0142o\u017cnictwo na Targach Pracy w Kro\u015bnie<\/a><time datetime=\"2023-03-20T15:08:00+01:00\" class=\"wp-block-latest-posts__post-date\">20 marca 2023<\/time><div class=\"wp-block-latest-posts__post-excerpt\">Dnia 17 marca 2023 roku ju\u017c po raz dziesi\u0105ty odby\u0142y si\u0119 Targi Pracy organizowane przez Biuro Karier i Praktyk Pa\u0144stwowej Akademii Nauk Stosowanych w Kro\u015bnie. Zgodnie z za\u0142o\u017ceniami organizator\u00f3w wydarzenie mia\u0142o na celu u\u0142atwienie nawi\u0105zania kontakt\u00f3w z pracodawcami, umo\u017cliwienie uzyskania informacji na temat specyfiki pracy w danej firmie czy stworzenie okazji do bezpo\u015bredniego aplikowania na [\u2026] <div class=\"clear\"><\/div><a class=\"more_link clearfix\" href=\"https:\/\/pans.krosno.pl\/poloznictwo\/2023\/03\/20\/poloznictwo-na-targach-pracy-w-krosnie\/\" rel=\"nofollow\">Read More<\/a><\/div><\/li>\n<li><div class=\"wp-block-latest-posts__featured-image alignleft\"><img loading=\"lazy\" decoding=\"async\" width=\"150\" height=\"150\" src=\"https:\/\/pans.krosno.pl\/poloznictwo\/wp-content\/uploads\/sites\/59\/2023\/04\/1680612667380-scaled-e1680613322386-150x150.jpg\" class=\"attachment-thumbnail size-thumbnail wp-post-image\" alt=\"\" style=\"max-width:150px;max-height:150px;\" srcset=\"https:\/\/pans.krosno.pl\/poloznictwo\/wp-content\/uploads\/sites\/59\/2023\/04\/1680612667380-scaled-e1680613322386-150x150.jpg 150w, https:\/\/pans.krosno.pl\/poloznictwo\/wp-content\/uploads\/sites\/59\/2023\/04\/1680612667380-scaled-e1680613322386-80x80.jpg 80w\" sizes=\"auto, (max-width: 150px) 100vw, 150px\" \/><\/div><a class=\"wp-block-latest-posts__post-title\" href=\"https:\/\/pans.krosno.pl\/poloznictwo\/2023\/03\/06\/skn-poloznictwo-na-konferencji-zdrowa-polka\/\">SKN Po\u0142o\u017cnictwo na konferencji \u201eZdrowa Polka\u201d<\/a><time datetime=\"2023-03-06T15:05:00+01:00\" class=\"wp-block-latest-posts__post-date\">6 marca 2023<\/time><div class=\"wp-block-latest-posts__post-excerpt\">3 marca 2023r. w naszej uczelni mia\u0142a miejsce konferencja \u201eZdrowa Polka\u201d. Wydarzenie po\u015bwi\u0119cone by\u0142o zdrowiu kobiet od wieku dojrzewania do wieku pomenopauzalnego. W organizacji wydarzenia bra\u0142y udzia\u0142 fundacje \u201eR\u00f3\u017cowa Skrzyneczka\u201d oraz \u201ePokona\u0107 endometrioz\u0119\u201d. Nie zabra\u0142o tak\u017ce przedstawicieli Zak\u0142adu Po\u0142o\u017cnictwa. Pani mgr Krystyna Krygowska wyg\u0142osi\u0142a wyk\u0142ad na niezwykle wa\u017cny temat profilaktyki chor\u00f3b nowotworowych u kobiet. Podczas [\u2026] <div class=\"clear\"><\/div><a class=\"more_link clearfix\" href=\"https:\/\/pans.krosno.pl\/poloznictwo\/2023\/03\/06\/skn-poloznictwo-na-konferencji-zdrowa-polka\/\" rel=\"nofollow\">Read More<\/a><\/div><\/li>\n<li><div class=\"wp-block-latest-posts__featured-image alignleft\"><img loading=\"lazy\" decoding=\"async\" width=\"150\" height=\"150\" src=\"https:\/\/pans.krosno.pl\/poloznictwo\/wp-content\/uploads\/sites\/59\/2022\/01\/bitmapa-150x150.png\" class=\"attachment-thumbnail size-thumbnail wp-post-image\" alt=\"\" style=\"max-width:150px;max-height:150px;\" srcset=\"https:\/\/pans.krosno.pl\/poloznictwo\/wp-content\/uploads\/sites\/59\/2022\/01\/bitmapa-150x150.png 150w, https:\/\/pans.krosno.pl\/poloznictwo\/wp-content\/uploads\/sites\/59\/2022\/01\/bitmapa-80x80.png 80w, https:\/\/pans.krosno.pl\/poloznictwo\/wp-content\/uploads\/sites\/59\/2022\/01\/bitmapa.png 250w\" sizes=\"auto, (max-width: 150px) 100vw, 150px\" \/><\/div><a class=\"wp-block-latest-posts__post-title\" href=\"https:\/\/pans.krosno.pl\/poloznictwo\/2022\/09\/29\/uwaga-studenci-i-roku-poloznictwa\/\">UWAGA\u00a0STUDENCI I ROKU PO\u0141O\u017bNICTWA<\/a><time datetime=\"2022-09-29T11:43:45+02:00\" class=\"wp-block-latest-posts__post-date\">29 wrze\u015bnia 2022<\/time><div class=\"wp-block-latest-posts__post-excerpt\">Ju\u017c 30 wrze\u015bnia rozpoczynaj\u0105 si\u0119 dni adaptacyjne dla nowoprzyj\u0119tych student\u00f3w KPU w Kro\u015bnie.Udzia\u0142 w dniach jest obowi\u0105zkowy. Dla student\u00f3w kierunku Po\u0142o\u017cnictwo zaplanowano nast\u0119puj\u0105ce zaj\u0119cia: 30.09.2022 (pi\u0105tek)9.00 \u2013 11.15 Spotkanie z kierownikiem zak\u0142adu i opiekunem roku \u2013 Krosno, ul. Kazimierza Wielkiego 6A, s.25 11.30 \u2013 13.00 Spotkanie z samorz\u0105dem studenckim oraz spotkanie w sprawie zaj\u0119\u0107 WF [\u2026] <div class=\"clear\"><\/div><a class=\"more_link clearfix\" href=\"https:\/\/pans.krosno.pl\/poloznictwo\/2022\/09\/29\/uwaga-studenci-i-roku-poloznictwa\/\" rel=\"nofollow\">Read More<\/a><\/div><\/li>\n<li><div class=\"wp-block-latest-posts__featured-image alignleft\"><img loading=\"lazy\" decoding=\"async\" width=\"150\" height=\"150\" src=\"https:\/\/pans.krosno.pl\/poloznictwo\/wp-content\/uploads\/sites\/59\/2022\/01\/bitmapa-150x150.png\" class=\"attachment-thumbnail size-thumbnail wp-post-image\" alt=\"\" style=\"max-width:150px;max-height:150px;\" srcset=\"https:\/\/pans.krosno.pl\/poloznictwo\/wp-content\/uploads\/sites\/59\/2022\/01\/bitmapa-150x150.png 150w, https:\/\/pans.krosno.pl\/poloznictwo\/wp-content\/uploads\/sites\/59\/2022\/01\/bitmapa-80x80.png 80w, https:\/\/pans.krosno.pl\/poloznictwo\/wp-content\/uploads\/sites\/59\/2022\/01\/bitmapa.png 250w\" sizes=\"auto, (max-width: 150px) 100vw, 150px\" \/><\/div><a class=\"wp-block-latest-posts__post-title\" href=\"https:\/\/pans.krosno.pl\/poloznictwo\/2022\/07\/29\/sekretariat-nieczynny\/\">Sekretariat nieczynny<\/a><time datetime=\"2022-07-29T10:55:51+02:00\" class=\"wp-block-latest-posts__post-date\">29 lipca 2022<\/time><div class=\"wp-block-latest-posts__post-excerpt\">W dniach 1.08 \u2013 2.09. 2022r. sekretariat &nbsp;Zak\u0142ad\u00f3w Piel\u0119gniarstwa i Po\u0142o\u017cnictwa b\u0119dzie nieczynny<\/div><\/li>\n<li><div class=\"wp-block-latest-posts__featured-image alignleft\"><img loading=\"lazy\" decoding=\"async\" width=\"150\" height=\"150\" src=\"https:\/\/pans.krosno.pl\/poloznictwo\/wp-content\/uploads\/sites\/59\/2022\/06\/287059596_5421296554571674_3617672222677833751_n-150x150.jpg\" class=\"attachment-thumbnail size-thumbnail wp-post-image\" alt=\"\" style=\"max-width:150px;max-height:150px;\" srcset=\"https:\/\/pans.krosno.pl\/poloznictwo\/wp-content\/uploads\/sites\/59\/2022\/06\/287059596_5421296554571674_3617672222677833751_n-150x150.jpg 150w, https:\/\/pans.krosno.pl\/poloznictwo\/wp-content\/uploads\/sites\/59\/2022\/06\/287059596_5421296554571674_3617672222677833751_n-80x80.jpg 80w\" sizes=\"auto, (max-width: 150px) 100vw, 150px\" \/><\/div><a class=\"wp-block-latest-posts__post-title\" href=\"https:\/\/pans.krosno.pl\/poloznictwo\/2022\/06\/09\/porod-w-pozycjach-wertykalnych-warsztaty-dla-poloznych\/\">Por\u00f3d w pozycjach wertykalnych &#8211; warsztaty dla Po\u0142o\u017cnych<\/a><time datetime=\"2022-06-09T17:52:42+02:00\" class=\"wp-block-latest-posts__post-date\">9 czerwca 2022<\/time><div class=\"wp-block-latest-posts__post-excerpt\">W dniu 08 czerwca 2022 r. w Centrum Symulacji Medycznej odby\u0142y si\u0119 warsztaty z prowadzenia porodu w pozycjach wertykalnych i ochrony krocza. Warsztaty zosta\u0142y zorganizowane przez Okr\u0119gow\u0105 Izb\u0119 Piel\u0119gniarek i Po\u0142o\u017cnych w Kro\u015bnie, a w\u015br\u00f3d uczestnik\u00f3w by\u0142y po\u0142o\u017cne pracuj\u0105ce w salach porodowych ze szpitali z Krosna, Jas\u0142a, Brzozowa i Leska oraz po\u0142o\u017cne pracuj\u0105ce w KPU [\u2026] <div class=\"clear\"><\/div><a class=\"more_link clearfix\" href=\"https:\/\/pans.krosno.pl\/poloznictwo\/2022\/06\/09\/porod-w-pozycjach-wertykalnych-warsztaty-dla-poloznych\/\" rel=\"nofollow\">Read More<\/a><\/div><\/li>\n<li><div class=\"wp-block-latest-posts__featured-image alignleft\"><img loading=\"lazy\" decoding=\"async\" width=\"150\" height=\"150\" src=\"https:\/\/pans.krosno.pl\/poloznictwo\/wp-content\/uploads\/sites\/59\/2022\/05\/DSCF0687-scaled-e1653757785617-150x150.jpg\" class=\"attachment-thumbnail size-thumbnail wp-post-image\" alt=\"\" style=\"max-width:150px;max-height:150px;\" srcset=\"https:\/\/pans.krosno.pl\/poloznictwo\/wp-content\/uploads\/sites\/59\/2022\/05\/DSCF0687-scaled-e1653757785617-150x150.jpg 150w, https:\/\/pans.krosno.pl\/poloznictwo\/wp-content\/uploads\/sites\/59\/2022\/05\/DSCF0687-scaled-e1653757785617-80x80.jpg 80w\" sizes=\"auto, (max-width: 150px) 100vw, 150px\" \/><\/div><a class=\"wp-block-latest-posts__post-title\" href=\"https:\/\/pans.krosno.pl\/poloznictwo\/2022\/05\/21\/iii-sympozjum-symulacji-medycznej\/\">III Sympozjum Symulacji Medycznej<\/a><time datetime=\"2022-05-21T19:00:27+02:00\" class=\"wp-block-latest-posts__post-date\">21 maja 2022<\/time><div class=\"wp-block-latest-posts__post-excerpt\">W dniach 19-20 maja 2022r. odby\u0142o si\u0119\u00a0III SYMPOZJUM SYMULACJI MEDYCZNEJ\u00a0Wsp\u00f3\u0142czesne trendyw kszta\u0142ceniu na kierunkach medycznych organizowane przez pracownik\u00f3w Zak\u0142adu Piel\u0119gniarstwa. Konferencja mia\u0142a charakter mi\u0119dzynarodowy i by\u0142a finansowana ze \u015brodk\u00f3w bud\u017cetu pa\u0144stwaw ramach programu&nbsp;Doskona\u0142a nauka &#8211; wsparcie konferencji naukowych. Pierwszy dzie\u0144 konferencji oferowa\u0142 seri\u0119 ciekawych wyk\u0142ad\u00f3w. W\u015br\u00f3d prelegent\u00f3w znalaz\u0142y si\u0119 osoby z Wielkiej Brytanii i Hiszpanii [\u2026] <div class=\"clear\"><\/div><a class=\"more_link clearfix\" href=\"https:\/\/pans.krosno.pl\/poloznictwo\/2022\/05\/21\/iii-sympozjum-symulacji-medycznej\/\" rel=\"nofollow\">Read More<\/a><\/div><\/li>\n<li><div class=\"wp-block-latest-posts__featured-image alignleft\"><img loading=\"lazy\" decoding=\"async\" width=\"150\" height=\"150\" src=\"https:\/\/pans.krosno.pl\/poloznictwo\/wp-content\/uploads\/sites\/59\/2022\/01\/bitmapa-150x150.png\" class=\"attachment-thumbnail size-thumbnail wp-post-image\" alt=\"\" style=\"max-width:150px;max-height:150px;\" srcset=\"https:\/\/pans.krosno.pl\/poloznictwo\/wp-content\/uploads\/sites\/59\/2022\/01\/bitmapa-150x150.png 150w, https:\/\/pans.krosno.pl\/poloznictwo\/wp-content\/uploads\/sites\/59\/2022\/01\/bitmapa-80x80.png 80w, https:\/\/pans.krosno.pl\/poloznictwo\/wp-content\/uploads\/sites\/59\/2022\/01\/bitmapa.png 250w\" sizes=\"auto, (max-width: 150px) 100vw, 150px\" \/><\/div><a class=\"wp-block-latest-posts__post-title\" href=\"https:\/\/pans.krosno.pl\/poloznictwo\/2022\/05\/13\/iii-sympozjum-symulacji-medycznej-19-20-maja\/\">III Sympozjum Symulacji Medycznej \u2013 19-20 maja<\/a><time datetime=\"2022-05-13T14:28:55+02:00\" class=\"wp-block-latest-posts__post-date\">13 maja 2022<\/time><div class=\"wp-block-latest-posts__post-excerpt\">Szanowni Pa\u0144stwo, przypominamy ju\u017c tylko 6 dni dzieli nas od III Sympozjum Symulacji Medycznej&nbsp;\u201eWsp\u00f3\u0142czesne trendy w kszta\u0142ceniu na kierunkach medycznych\u201d, kt\u00f3re odb\u0119dzie si\u0119 19-20 maja 2022 r. w Karpackiej Pa\u0144stwowej Uczelni w Kro\u015bnie. Serdecznie zapraszamy do czynnego uczestnictwa w sympozjum, w sesji plakatowej \u2013 szczeg\u00f3\u0142y pod linkiem sesja posterowa oraz do czynnego uczestnictwa w konferencji [\u2026] <div class=\"clear\"><\/div><a class=\"more_link clearfix\" href=\"https:\/\/pans.krosno.pl\/poloznictwo\/2022\/05\/13\/iii-sympozjum-symulacji-medycznej-19-20-maja\/\" rel=\"nofollow\">Read More<\/a><\/div><\/li>\n<li><div class=\"wp-block-latest-posts__featured-image alignleft\"><img loading=\"lazy\" decoding=\"async\" width=\"150\" height=\"150\" src=\"https:\/\/pans.krosno.pl\/poloznictwo\/wp-content\/uploads\/sites\/59\/2022\/05\/8-150x150.jpg\" class=\"attachment-thumbnail size-thumbnail wp-post-image\" alt=\"\" style=\"max-width:150px;max-height:150px;\" srcset=\"https:\/\/pans.krosno.pl\/poloznictwo\/wp-content\/uploads\/sites\/59\/2022\/05\/8-150x150.jpg 150w, https:\/\/pans.krosno.pl\/poloznictwo\/wp-content\/uploads\/sites\/59\/2022\/05\/8-scaled-80x80.jpg 80w\" sizes=\"auto, (max-width: 150px) 100vw, 150px\" \/><\/div><a class=\"wp-block-latest-posts__post-title\" href=\"https:\/\/pans.krosno.pl\/poloznictwo\/2022\/04\/24\/warsztaty-dla-klas-iii-szkol-podstawowych-w-zakladzie-poloznictwa-2\/\">Warsztaty dla klas III szk\u00f3\u0142 podstawowych w Zak\u0142adzie Po\u0142o\u017cnictwa<\/a><time datetime=\"2022-04-24T18:38:26+02:00\" class=\"wp-block-latest-posts__post-date\">24 kwietnia 2022<\/time><div class=\"wp-block-latest-posts__post-excerpt\">W ramach cyklu zaj\u0119\u0107 &#8222;Kro\u015bnie\u0144ska Akademia Przysz\u0142o\u015bci w KPU&#8221; w Zak\u0142adzie Po\u0142o\u017cnictwa oby\u0142 si\u0119 kolejny warsztat dedykowany uczniom szko\u0142y podstawowej. Uczestnikami warsztat\u00f3w byli uczniowie klas III Szko\u0142y Podstawowej nr 10 w Kro\u015bnie. Studentki kierunku Po\u0142o\u017cnictwo: Katarzyna Cyran, Adrianna Fruga, Zuzanna Janowska, Zuzanna Motkowicz oraz Agnieszka Pi\u0119ko\u015b. przygotowa\u0142y zaj\u0119cia pod tytu\u0142em \u201eJak funkcjonuje tw\u00f3j organizm?\u201d. Warsztat [\u2026] <div class=\"clear\"><\/div><a class=\"more_link clearfix\" href=\"https:\/\/pans.krosno.pl\/poloznictwo\/2022\/04\/24\/warsztaty-dla-klas-iii-szkol-podstawowych-w-zakladzie-poloznictwa-2\/\" rel=\"nofollow\">Read More<\/a><\/div><\/li>\n<li><div class=\"wp-block-latest-posts__featured-image alignleft\"><img loading=\"lazy\" decoding=\"async\" width=\"150\" height=\"132\" src=\"https:\/\/pans.krosno.pl\/poloznictwo\/wp-content\/uploads\/sites\/59\/2022\/03\/111111aaaa.jpg\" class=\"attachment-thumbnail size-thumbnail wp-post-image\" alt=\"\" style=\"max-width:150px;max-height:150px;\" \/><\/div><a class=\"wp-block-latest-posts__post-title\" href=\"https:\/\/pans.krosno.pl\/poloznictwo\/2022\/03\/21\/warsztaty-dla-klas-iii-szkol-podstawowych-w-zakladzie-poloznictwa\/\">Warsztaty dla klas III szk\u00f3\u0142 podstawowych w Zak\u0142adzie Po\u0142o\u017cnictwa<\/a><time datetime=\"2022-03-21T14:10:24+01:00\" class=\"wp-block-latest-posts__post-date\">21 marca 2022<\/time><div class=\"wp-block-latest-posts__post-excerpt\">W dniu 18 marca 2022r. odby\u0142y si\u0119 zaj\u0119cia dla uczni\u00f3w szk\u00f3\u0142 podstawowych w ramach cyklu zaj\u0119\u0107 &#8222;Kro\u015bnie\u0144ska Akademia Przysz\u0142o\u015bci w KPU&#8221;. Uczniowie klas III Szko\u0142y Podstawowej nr 14 w Kro\u015bnie uczestniczyli w warsztatach \u201eLepsza higiena, lepsze zdrowie\u201d przygotowanych przez studentki kierunku Po\u0142o\u017cnictwo: Katarzyn\u0119 Cyran, Adriann\u0119 Frug\u0119, Zuzann\u0119 Janowsk\u0105, Zuzann\u0119 Motkowicz oraz Agnieszk\u0119 Pi\u0119ko\u015b. Warsztat mia\u0142 [\u2026] <div class=\"clear\"><\/div><a class=\"more_link clearfix\" href=\"https:\/\/pans.krosno.pl\/poloznictwo\/2022\/03\/21\/warsztaty-dla-klas-iii-szkol-podstawowych-w-zakladzie-poloznictwa\/\" rel=\"nofollow\">Read More<\/a><\/div><\/li>\n<li><div class=\"wp-block-latest-posts__featured-image alignleft\"><img loading=\"lazy\" decoding=\"async\" width=\"150\" height=\"150\" src=\"https:\/\/pans.krosno.pl\/poloznictwo\/wp-content\/uploads\/sites\/59\/2022\/01\/bitmapa-150x150.png\" class=\"attachment-thumbnail size-thumbnail wp-post-image\" alt=\"\" style=\"max-width:150px;max-height:150px;\" srcset=\"https:\/\/pans.krosno.pl\/poloznictwo\/wp-content\/uploads\/sites\/59\/2022\/01\/bitmapa-150x150.png 150w, https:\/\/pans.krosno.pl\/poloznictwo\/wp-content\/uploads\/sites\/59\/2022\/01\/bitmapa-80x80.png 80w, https:\/\/pans.krosno.pl\/poloznictwo\/wp-content\/uploads\/sites\/59\/2022\/01\/bitmapa.png 250w\" sizes=\"auto, (max-width: 150px) 100vw, 150px\" \/><\/div><a class=\"wp-block-latest-posts__post-title\" href=\"https:\/\/pans.krosno.pl\/poloznictwo\/2022\/03\/14\/uwaga-studenci\/\">Uwaga studenci!<\/a><time datetime=\"2022-03-14T18:03:00+01:00\" class=\"wp-block-latest-posts__post-date\">14 marca 2022<\/time><div class=\"wp-block-latest-posts__post-excerpt\">Przed\u0142u\u017camy termin zapis\u00f3w na zaj\u0119cia pozaprogramowe do 21 marca 2022 r. Tematyka zaj\u0119\u0107: Bezpiecze\u0144stwo w sieci. Dietetyka i zdrowy styl \u017cycia. Filozofia poznania, logika, etyka. Media, weryfikacja fakt\u00f3w i bezpiecze\u0144stwo informacyjne. Mikroekonomia Pierwsza pomoc przedmedyczna Podstawy analizy danych (podstawy statystyki). Podstawy projektowania w programie Auto Cad. Tworzenie tre\u015bci na potrzeby medi\u00f3w internetowych. Walory krajoznawcze regionu [\u2026] <div class=\"clear\"><\/div><a class=\"more_link clearfix\" href=\"https:\/\/pans.krosno.pl\/poloznictwo\/2022\/03\/14\/uwaga-studenci\/\" rel=\"nofollow\">Read More<\/a><\/div><\/li>\n<li><div class=\"wp-block-latest-posts__featured-image alignleft\"><img loading=\"lazy\" decoding=\"async\" width=\"150\" height=\"150\" src=\"https:\/\/pans.krosno.pl\/poloznictwo\/wp-content\/uploads\/sites\/59\/2022\/01\/szczepienia-150x150-1-150x150.jpg\" class=\"attachment-thumbnail size-thumbnail wp-post-image\" alt=\"\" style=\"max-width:150px;max-height:150px;\" \/><\/div><a class=\"wp-block-latest-posts__post-title\" href=\"https:\/\/pans.krosno.pl\/poloznictwo\/2022\/01\/25\/komunikat-rektora-w-sprawie-obowiazku-szczepien-przeciwko-covid-19-dla-studentow-pielegniarstwa-i-poloznictwa\/\">Komunikat Rektora w sprawie obowi\u0105zku szczepie\u0144 przeciwko COVID-19 dla student\u00f3w Piel\u0119gniarstwa i Po\u0142o\u017cnictwa<\/a><time datetime=\"2022-01-25T11:16:08+01:00\" class=\"wp-block-latest-posts__post-date\">25 stycznia 2022<\/time><div class=\"wp-block-latest-posts__post-excerpt\">Komunikat nr 2\/22Rektora Karpackiej Pa\u0144stwowej Uczelni w Kro\u015bniez dnia 20 stycznia 2022 roku w sprawie obowi\u0105zku szczepie\u0144 przeciwko COVID-19 dla student\u00f3w kierunk\u00f3w Piel\u0119gniarstwo i Po\u0142o\u017cnictwo, wynikaj\u0105cego z rozporz\u0105dzenia Ministra Zdrowia z dnia 22.12.2021 roku zmieniaj\u0105cego rozporz\u0105dzenie w sprawie og\u0142oszenia na obszarze Rzeczypospolitej Polskiej stanu epidemii (Dz.U. 2021, poz. 2398) Szanowni Pa\u0144stwoStudenci kierunk\u00f3w Piel\u0119gniarstwo i Po\u0142o\u017cnictwooraz [\u2026] <div class=\"clear\"><\/div><a class=\"more_link clearfix\" href=\"https:\/\/pans.krosno.pl\/poloznictwo\/2022\/01\/25\/komunikat-rektora-w-sprawie-obowiazku-szczepien-przeciwko-covid-19-dla-studentow-pielegniarstwa-i-poloznictwa\/\" rel=\"nofollow\">Read More<\/a><\/div><\/li>\n<li><div class=\"wp-block-latest-posts__featured-image alignleft\"><img loading=\"lazy\" decoding=\"async\" width=\"150\" height=\"150\" src=\"https:\/\/pans.krosno.pl\/poloznictwo\/wp-content\/uploads\/sites\/59\/2022\/01\/bitmapa-150x150.png\" class=\"attachment-thumbnail size-thumbnail wp-post-image\" alt=\"\" style=\"max-width:150px;max-height:150px;\" srcset=\"https:\/\/pans.krosno.pl\/poloznictwo\/wp-content\/uploads\/sites\/59\/2022\/01\/bitmapa-150x150.png 150w, https:\/\/pans.krosno.pl\/poloznictwo\/wp-content\/uploads\/sites\/59\/2022\/01\/bitmapa-80x80.png 80w, https:\/\/pans.krosno.pl\/poloznictwo\/wp-content\/uploads\/sites\/59\/2022\/01\/bitmapa.png 250w\" sizes=\"auto, (max-width: 150px) 100vw, 150px\" \/><\/div><a class=\"wp-block-latest-posts__post-title\" href=\"https:\/\/pans.krosno.pl\/poloznictwo\/2021\/10\/03\/informacja-dla-studentow-i-roku-kierunku-poloznictwo\/\">Informacja dla student\u00f3w I roku kierunku Po\u0142o\u017cnictwo<\/a><time datetime=\"2021-10-03T10:19:55+02:00\" class=\"wp-block-latest-posts__post-date\">3 pa\u017adziernika 2021<\/time><div class=\"wp-block-latest-posts__post-excerpt\">Zaj\u0119cia na kierunku Po\u0142o\u017cnictwo rozpoczn\u0105 si\u0119 4 pa\u017adziernika. Na \u0107wiczenia z przedmiotu Podstawy Opieki Po\u0142o\u017cniczej prosimy pami\u0119ta\u0107 o obuwiu zmienym. Harmonogram zaj\u0119\u0107 dost\u0119pny tutaj.<\/div><\/li>\n<li><a class=\"wp-block-latest-posts__post-title\" href=\"https:\/\/pans.krosno.pl\/poloznictwo\/2021\/09\/30\/poloznictwo\/\">Po\u0142o\u017cnictwo<\/a><time datetime=\"2021-09-30T13:03:53+02:00\" class=\"wp-block-latest-posts__post-date\">30 wrze\u015bnia 2021<\/time><div class=\"wp-block-latest-posts__post-excerpt\">POZIOM KSZTA\u0141CENIA:&nbsp;Studia licencjackie pierwszego stopnia o profilu praktycznym CZAS TRWANIA STUDI\u00d3W:&nbsp;6 semestr\u00f3w TYTU\u0141 NADAWANY ABSOLWENTOM:&nbsp;Licencjat po\u0142o\u017cnictwa FORMA STUDI\u00d3W:&nbsp;Stacjonarne SYLWETKA ABSOLWENTA:\u00a0Absolwenci studi\u00f3w pierwszego stopnia na kierunku Po\u0142o\u017cnictwo, b\u0119d\u0105 posiada\u0107 szczeg\u00f3\u0142ow\u0105 wiedz\u0119 z zakresu po\u0142o\u017cnictwa, ginekologii i neonatologii, a tak\u017ce znajomo\u015bci etyki zawodowej i przepis\u00f3w prawnych dotycz\u0105cych wykonywania zawodu po\u0142o\u017cnej. Uzyskany tytu\u0142 zawodowy b\u0119dzie potwierdzeniem umiej\u0119tno\u015bci wykonania [\u2026] <div class=\"clear\"><\/div><a class=\"more_link clearfix\" href=\"https:\/\/pans.krosno.pl\/poloznictwo\/2021\/09\/30\/poloznictwo\/\" rel=\"nofollow\">Read More<\/a><\/div><\/li>\n<\/ul>\n\n\n<p><\/p>\n\n\n\n<p><\/p>\n\n\n\n<h3 class=\"wp-block-heading\" id=\"h-\"><\/h3>\n","protected":false},"excerpt":{"rendered":"","protected":false},"author":27,"featured_media":0,"parent":0,"menu_order":0,"comment_status":"closed","ping_status":"closed","template":"page-templates\/template-full-width.php","meta":{"ngg_post_thumbnail":0,"footnotes":""},"class_list":["post-22","page","type-page","status-publish","hentry"],"yoast_head":"<!-- This site is optimized with the Yoast SEO Premium plugin v27.4 (Yoast SEO v27.4) - https:\/\/yoast.com\/product\/yoast-seo-premium-wordpress\/ -->\n<title>Aktualno\u015bci - Po\u0142o\u017cnictwo PANS w Kro\u015bnie<\/title>\n<meta name=\"robots\" content=\"index, follow, max-snippet:-1, max-image-preview:large, max-video-preview:-1\" \/>\n<link rel=\"canonical\" href=\"https:\/\/pans.krosno.pl\/poloznictwo\/aktualnosci\/\" \/>\n<meta property=\"og:locale\" content=\"pl_PL\" \/>\n<meta property=\"og:type\" content=\"article\" \/>\n<meta property=\"og:title\" content=\"Aktualno\u015bci\" \/>\n<meta property=\"og:url\" content=\"https:\/\/pans.krosno.pl\/poloznictwo\/aktualnosci\/\" \/>\n<meta property=\"og:site_name\" content=\"Po\u0142o\u017cnictwo PANS w Kro\u015bnie\" \/>\n<meta property=\"article:publisher\" content=\"https:\/\/www.facebook.com\/StudiaKrosno\/\" \/>\n<meta property=\"article:modified_time\" content=\"2025-06-06T08:55:57+00:00\" \/>\n<meta name=\"twitter:card\" content=\"summary_large_image\" \/>\n<script type=\"application\/ld+json\" class=\"yoast-schema-graph\">{\"@context\":\"https:\\\/\\\/schema.org\",\"@graph\":[{\"@type\":\"WebPage\",\"@id\":\"https:\\\/\\\/pans.krosno.pl\\\/poloznictwo\\\/aktualnosci\\\/\",\"url\":\"https:\\\/\\\/pans.krosno.pl\\\/poloznictwo\\\/aktualnosci\\\/\",\"name\":\"Aktualno\u015bci - Po\u0142o\u017cnictwo PANS w Kro\u015bnie\",\"isPartOf\":{\"@id\":\"https:\\\/\\\/pans.krosno.pl\\\/poloznictwo\\\/#website\"},\"datePublished\":\"2021-09-30T11:04:46+00:00\",\"dateModified\":\"2025-06-06T08:55:57+00:00\",\"breadcrumb\":{\"@id\":\"https:\\\/\\\/pans.krosno.pl\\\/poloznictwo\\\/aktualnosci\\\/#breadcrumb\"},\"inLanguage\":\"pl-PL\",\"potentialAction\":[{\"@type\":\"ReadAction\",\"target\":[\"https:\\\/\\\/pans.krosno.pl\\\/poloznictwo\\\/aktualnosci\\\/\"]}]},{\"@type\":\"BreadcrumbList\",\"@id\":\"https:\\\/\\\/pans.krosno.pl\\\/poloznictwo\\\/aktualnosci\\\/#breadcrumb\",\"itemListElement\":[{\"@type\":\"ListItem\",\"position\":1,\"name\":\"Strona g\u0142\u00f3wna\",\"item\":\"https:\\\/\\\/pans.krosno.pl\\\/poloznictwo\\\/\"},{\"@type\":\"ListItem\",\"position\":2,\"name\":\"Aktualno\u015bci\"}]},{\"@type\":\"WebSite\",\"@id\":\"https:\\\/\\\/pans.krosno.pl\\\/poloznictwo\\\/#website\",\"url\":\"https:\\\/\\\/pans.krosno.pl\\\/poloznictwo\\\/\",\"name\":\"KPU w Kro\u015bnie\",\"description\":\"Po\u0142o\u017cnictwo - Pa\u0144stwowa Akademia Nauk Stosowanych\",\"publisher\":{\"@id\":\"https:\\\/\\\/pans.krosno.pl\\\/poloznictwo\\\/#organization\"},\"potentialAction\":[{\"@type\":\"SearchAction\",\"target\":{\"@type\":\"EntryPoint\",\"urlTemplate\":\"https:\\\/\\\/pans.krosno.pl\\\/poloznictwo\\\/?s={search_term_string}\"},\"query-input\":{\"@type\":\"PropertyValueSpecification\",\"valueRequired\":true,\"valueName\":\"search_term_string\"}}],\"inLanguage\":\"pl-PL\"},{\"@type\":\"Organization\",\"@id\":\"https:\\\/\\\/pans.krosno.pl\\\/poloznictwo\\\/#organization\",\"name\":\"Karpacka Pa\u0144stwowa Uczelnia w Kro\u015bnie\",\"url\":\"https:\\\/\\\/pans.krosno.pl\\\/poloznictwo\\\/\",\"logo\":{\"@type\":\"ImageObject\",\"inLanguage\":\"pl-PL\",\"@id\":\"https:\\\/\\\/pans.krosno.pl\\\/poloznictwo\\\/#\\\/schema\\\/logo\\\/image\\\/\",\"url\":\"https:\\\/\\\/pans.krosno.pl\\\/wp-content\\\/uploads\\\/2020\\\/04\\\/unnamed-1.png\",\"contentUrl\":\"https:\\\/\\\/pans.krosno.pl\\\/wp-content\\\/uploads\\\/2020\\\/04\\\/unnamed-1.png\",\"width\":2238,\"height\":372,\"caption\":\"Karpacka Pa\u0144stwowa Uczelnia w Kro\u015bnie\"},\"image\":{\"@id\":\"https:\\\/\\\/pans.krosno.pl\\\/poloznictwo\\\/#\\\/schema\\\/logo\\\/image\\\/\"},\"sameAs\":[\"https:\\\/\\\/www.facebook.com\\\/StudiaKrosno\\\/\",\"https:\\\/\\\/www.instagram.com\\\/studia.krosno\",\"https:\\\/\\\/pl.linkedin.com\\\/company\\\/pwsz-krosno\",\"https:\\\/\\\/www.youtube.com\\\/user\\\/pwszkrosno\\\/\",\"https:\\\/\\\/pl.wikipedia.org\\\/wiki\\\/Pa\u0144stwowa_Wy\u017csza_Szko\u0142a_Zawodowa_im._Stanis\u0142awa_Pigonia_w_Kro\u015bnie\"]}]}<\/script>\n<!-- \/ Yoast SEO Premium plugin. -->","yoast_head_json":{"title":"Aktualno\u015bci - Po\u0142o\u017cnictwo PANS w Kro\u015bnie","robots":{"index":"index","follow":"follow","max-snippet":"max-snippet:-1","max-image-preview":"max-image-preview:large","max-video-preview":"max-video-preview:-1"},"canonical":"https:\/\/pans.krosno.pl\/poloznictwo\/aktualnosci\/","og_locale":"pl_PL","og_type":"article","og_title":"Aktualno\u015bci","og_url":"https:\/\/pans.krosno.pl\/poloznictwo\/aktualnosci\/","og_site_name":"Po\u0142o\u017cnictwo PANS w Kro\u015bnie","article_publisher":"https:\/\/www.facebook.com\/StudiaKrosno\/","article_modified_time":"2025-06-06T08:55:57+00:00","twitter_card":"summary_large_image","schema":{"@context":"https:\/\/schema.org","@graph":[{"@type":"WebPage","@id":"https:\/\/pans.krosno.pl\/poloznictwo\/aktualnosci\/","url":"https:\/\/pans.krosno.pl\/poloznictwo\/aktualnosci\/","name":"Aktualno\u015bci - Po\u0142o\u017cnictwo PANS w Kro\u015bnie","isPartOf":{"@id":"https:\/\/pans.krosno.pl\/poloznictwo\/#website"},"datePublished":"2021-09-30T11:04:46+00:00","dateModified":"2025-06-06T08:55:57+00:00","breadcrumb":{"@id":"https:\/\/pans.krosno.pl\/poloznictwo\/aktualnosci\/#breadcrumb"},"inLanguage":"pl-PL","potentialAction":[{"@type":"ReadAction","target":["https:\/\/pans.krosno.pl\/poloznictwo\/aktualnosci\/"]}]},{"@type":"BreadcrumbList","@id":"https:\/\/pans.krosno.pl\/poloznictwo\/aktualnosci\/#breadcrumb","itemListElement":[{"@type":"ListItem","position":1,"name":"Strona g\u0142\u00f3wna","item":"https:\/\/pans.krosno.pl\/poloznictwo\/"},{"@type":"ListItem","position":2,"name":"Aktualno\u015bci"}]},{"@type":"WebSite","@id":"https:\/\/pans.krosno.pl\/poloznictwo\/#website","url":"https:\/\/pans.krosno.pl\/poloznictwo\/","name":"KPU w Kro\u015bnie","description":"Po\u0142o\u017cnictwo - Pa\u0144stwowa Akademia Nauk Stosowanych","publisher":{"@id":"https:\/\/pans.krosno.pl\/poloznictwo\/#organization"},"potentialAction":[{"@type":"SearchAction","target":{"@type":"EntryPoint","urlTemplate":"https:\/\/pans.krosno.pl\/poloznictwo\/?s={search_term_string}"},"query-input":{"@type":"PropertyValueSpecification","valueRequired":true,"valueName":"search_term_string"}}],"inLanguage":"pl-PL"},{"@type":"Organization","@id":"https:\/\/pans.krosno.pl\/poloznictwo\/#organization","name":"Karpacka Pa\u0144stwowa Uczelnia w Kro\u015bnie","url":"https:\/\/pans.krosno.pl\/poloznictwo\/","logo":{"@type":"ImageObject","inLanguage":"pl-PL","@id":"https:\/\/pans.krosno.pl\/poloznictwo\/#\/schema\/logo\/image\/","url":"https:\/\/pans.krosno.pl\/wp-content\/uploads\/2020\/04\/unnamed-1.png","contentUrl":"https:\/\/pans.krosno.pl\/wp-content\/uploads\/2020\/04\/unnamed-1.png","width":2238,"height":372,"caption":"Karpacka Pa\u0144stwowa Uczelnia w Kro\u015bnie"},"image":{"@id":"https:\/\/pans.krosno.pl\/poloznictwo\/#\/schema\/logo\/image\/"},"sameAs":["https:\/\/www.facebook.com\/StudiaKrosno\/","https:\/\/www.instagram.com\/studia.krosno","https:\/\/pl.linkedin.com\/company\/pwsz-krosno","https:\/\/www.youtube.com\/user\/pwszkrosno\/","https:\/\/pl.wikipedia.org\/wiki\/Pa\u0144stwowa_Wy\u017csza_Szko\u0142a_Zawodowa_im._Stanis\u0142awa_Pigonia_w_Kro\u015bnie"]}]}},"_links":{"self":[{"href":"https:\/\/pans.krosno.pl\/poloznictwo\/wp-json\/wp\/v2\/pages\/22","targetHints":{"allow":["GET"]}}],"collection":[{"href":"https:\/\/pans.krosno.pl\/poloznictwo\/wp-json\/wp\/v2\/pages"}],"about":[{"href":"https:\/\/pans.krosno.pl\/poloznictwo\/wp-json\/wp\/v2\/types\/page"}],"author":[{"embeddable":true,"href":"https:\/\/pans.krosno.pl\/poloznictwo\/wp-json\/wp\/v2\/users\/27"}],"replies":[{"embeddable":true,"href":"https:\/\/pans.krosno.pl\/poloznictwo\/wp-json\/wp\/v2\/comments?post=22"}],"version-history":[{"count":10,"href":"https:\/\/pans.krosno.pl\/poloznictwo\/wp-json\/wp\/v2\/pages\/22\/revisions"}],"predecessor-version":[{"id":938,"href":"https:\/\/pans.krosno.pl\/poloznictwo\/wp-json\/wp\/v2\/pages\/22\/revisions\/938"}],"wp:attachment":[{"href":"https:\/\/pans.krosno.pl\/poloznictwo\/wp-json\/wp\/v2\/media?parent=22"}],"curies":[{"name":"wp","href":"https:\/\/api.w.org\/{rel}","templated":true}]}}