{"id":4569,"date":"2023-04-21T15:58:27","date_gmt":"2023-04-21T13:58:27","guid":{"rendered":"https:\/\/pans.krosno.pl\/pielegniarstwo\/?page_id=4569"},"modified":"2026-04-07T16:38:07","modified_gmt":"2026-04-07T14:38:07","slug":"zajecia-praktyczne-i-praktyki-zawodowe-i-stopien-3-rok","status":"publish","type":"page","link":"https:\/\/pans.krosno.pl\/pielegniarstwo\/ksztalcenie-praktyczne\/zajecia-praktyczne-i-praktyki-zawodowe-i-stopien\/zajecia-praktyczne-i-praktyki-zawodowe-i-stopien-3-rok\/","title":{"rendered":"Zaj\u0119cia praktyczne i Praktyki zawodowe &#8211; I stopie\u0144 &#8211; III Rok"},"content":{"rendered":"\n<hr class=\"wp-block-separator has-alpha-channel-opacity\" \/>\n\n\n\n<p>Program zaj\u0119\u0107 praktycznych&nbsp;i praktyk zawodowych<\/p>\n\n\n\n<p><a href=\"https:\/\/pans.krosno.pl\/pielegniarstwo-magisterskie\/wp-content\/uploads\/sites\/54\/2022\/08\/Program-zajec-praktycznych-i-praktyk-zawodowych.pdf\">Program zaj\u0119\u0107 praktycznych i praktyk zawodowych &#8211; III Rok<\/a><\/p>\n\n\n\n<hr class=\"wp-block-separator has-alpha-channel-opacity\" \/>\n\n\n\n<p><strong>Semestr letni 2025\/2026<\/strong><\/p>\n\n\n\n<p><em><a href=\"https:\/\/pans.krosno.pl\/pielegniarstwo\/wp-content\/uploads\/sites\/8\/2026\/04\/Harmonogram-III-rok-2025-2026-sem.-letni-30.03.2026.xlsx\">aktualizacja: 07\/04\/2026<\/a><\/em><\/p>\n\n\n\n<hr class=\"wp-block-separator has-alpha-channel-opacity\" \/>\n\n\n\n<p><\/p>\n","protected":false},"excerpt":{"rendered":"<p>Program zaj\u0119\u0107 praktycznych&nbsp;i praktyk zawodowych Program zaj\u0119\u0107 praktycznych i praktyk zawodowych &#8211; III Rok Semestr letni 2025\/2026 aktualizacja: 07\/04\/2026<\/p>\n","protected":false},"author":27,"featured_media":0,"parent":4544,"menu_order":0,"comment_status":"closed","ping_status":"closed","template":"","meta":{"ngg_post_thumbnail":0,"footnotes":""},"class_list":["post-4569","page","type-page","status-publish","hentry"],"yoast_head":"<!-- This site is optimized with the Yoast SEO Premium plugin v27.4 (Yoast SEO v27.4) - https:\/\/yoast.com\/product\/yoast-seo-premium-wordpress\/ -->\n<title>Zaj\u0119cia praktyczne i Praktyki zawodowe - I stopie\u0144 - III Rok - Piel\u0119gniarstwo PANS w Kro\u015bnie<\/title>\n<meta name=\"robots\" content=\"index, follow, max-snippet:-1, max-image-preview:large, max-video-preview:-1\" \/>\n<link rel=\"canonical\" href=\"https:\/\/pans.krosno.pl\/pielegniarstwo\/ksztalcenie-praktyczne\/zajecia-praktyczne-i-praktyki-zawodowe-i-stopien\/zajecia-praktyczne-i-praktyki-zawodowe-i-stopien-3-rok\/\" \/>\n<meta property=\"og:locale\" content=\"pl_PL\" \/>\n<meta property=\"og:type\" content=\"article\" \/>\n<meta property=\"og:title\" content=\"Zaj\u0119cia praktyczne i Praktyki zawodowe - I stopie\u0144 - III Rok\" \/>\n<meta property=\"og:description\" content=\"Program zaj\u0119\u0107 praktycznych&nbsp;i praktyk zawodowych Program zaj\u0119\u0107 praktycznych i praktyk zawodowych &#8211; III Rok Semestr letni 2025\/2026 aktualizacja: 07\/04\/2026\" \/>\n<meta property=\"og:url\" content=\"https:\/\/pans.krosno.pl\/pielegniarstwo\/ksztalcenie-praktyczne\/zajecia-praktyczne-i-praktyki-zawodowe-i-stopien\/zajecia-praktyczne-i-praktyki-zawodowe-i-stopien-3-rok\/\" \/>\n<meta property=\"og:site_name\" content=\"Piel\u0119gniarstwo PANS w Kro\u015bnie\" \/>\n<meta property=\"article:modified_time\" content=\"2026-04-07T14:38:07+00:00\" \/>\n<meta name=\"twitter:card\" content=\"summary_large_image\" \/>\n<meta name=\"twitter:label1\" content=\"Szacowany czas czytania\" \/>\n\t<meta name=\"twitter:data1\" content=\"1 minuta\" \/>\n<script type=\"application\/ld+json\" class=\"yoast-schema-graph\">{\"@context\":\"https:\\\/\\\/schema.org\",\"@graph\":[{\"@type\":\"WebPage\",\"@id\":\"https:\\\/\\\/pans.krosno.pl\\\/pielegniarstwo\\\/ksztalcenie-praktyczne\\\/zajecia-praktyczne-i-praktyki-zawodowe-i-stopien\\\/zajecia-praktyczne-i-praktyki-zawodowe-i-stopien-3-rok\\\/\",\"url\":\"https:\\\/\\\/pans.krosno.pl\\\/pielegniarstwo\\\/ksztalcenie-praktyczne\\\/zajecia-praktyczne-i-praktyki-zawodowe-i-stopien\\\/zajecia-praktyczne-i-praktyki-zawodowe-i-stopien-3-rok\\\/\",\"name\":\"Zaj\u0119cia praktyczne i Praktyki zawodowe - I stopie\u0144 - III Rok - Piel\u0119gniarstwo PANS w Kro\u015bnie\",\"isPartOf\":{\"@id\":\"https:\\\/\\\/pans.krosno.pl\\\/pielegniarstwo\\\/#website\"},\"datePublished\":\"2023-04-21T13:58:27+00:00\",\"dateModified\":\"2026-04-07T14:38:07+00:00\",\"breadcrumb\":{\"@id\":\"https:\\\/\\\/pans.krosno.pl\\\/pielegniarstwo\\\/ksztalcenie-praktyczne\\\/zajecia-praktyczne-i-praktyki-zawodowe-i-stopien\\\/zajecia-praktyczne-i-praktyki-zawodowe-i-stopien-3-rok\\\/#breadcrumb\"},\"inLanguage\":\"pl-PL\",\"potentialAction\":[{\"@type\":\"ReadAction\",\"target\":[\"https:\\\/\\\/pans.krosno.pl\\\/pielegniarstwo\\\/ksztalcenie-praktyczne\\\/zajecia-praktyczne-i-praktyki-zawodowe-i-stopien\\\/zajecia-praktyczne-i-praktyki-zawodowe-i-stopien-3-rok\\\/\"]}]},{\"@type\":\"BreadcrumbList\",\"@id\":\"https:\\\/\\\/pans.krosno.pl\\\/pielegniarstwo\\\/ksztalcenie-praktyczne\\\/zajecia-praktyczne-i-praktyki-zawodowe-i-stopien\\\/zajecia-praktyczne-i-praktyki-zawodowe-i-stopien-3-rok\\\/#breadcrumb\",\"itemListElement\":[{\"@type\":\"ListItem\",\"position\":1,\"name\":\"Strona g\u0142\u00f3wna\",\"item\":\"https:\\\/\\\/pans.krosno.pl\\\/pielegniarstwo\\\/\"},{\"@type\":\"ListItem\",\"position\":2,\"name\":\"Kszta\u0142cenie praktyczne\",\"item\":\"https:\\\/\\\/pans.krosno.pl\\\/pielegniarstwo\\\/ksztalcenie-praktyczne\\\/\"},{\"@type\":\"ListItem\",\"position\":3,\"name\":\"Zaj\u0119cia praktyczne i Praktyki zawodowe &#8211; I stopie\u0144\",\"item\":\"https:\\\/\\\/pans.krosno.pl\\\/pielegniarstwo\\\/ksztalcenie-praktyczne\\\/zajecia-praktyczne-i-praktyki-zawodowe-i-stopien\\\/\"},{\"@type\":\"ListItem\",\"position\":4,\"name\":\"Zaj\u0119cia praktyczne i Praktyki zawodowe &#8211; I stopie\u0144 &#8211; III Rok\"}]},{\"@type\":\"WebSite\",\"@id\":\"https:\\\/\\\/pans.krosno.pl\\\/pielegniarstwo\\\/#website\",\"url\":\"https:\\\/\\\/pans.krosno.pl\\\/pielegniarstwo\\\/\",\"name\":\"Piel\u0119gniarstwo PANS w Kro\u015bnie\",\"description\":\"Piel\u0119gniarstwo - Pa\u0144stwowa Akademia Nauk Stosowanych\",\"publisher\":{\"@id\":\"https:\\\/\\\/pans.krosno.pl\\\/pielegniarstwo\\\/#organization\"},\"potentialAction\":[{\"@type\":\"SearchAction\",\"target\":{\"@type\":\"EntryPoint\",\"urlTemplate\":\"https:\\\/\\\/pans.krosno.pl\\\/pielegniarstwo\\\/?s={search_term_string}\"},\"query-input\":{\"@type\":\"PropertyValueSpecification\",\"valueRequired\":true,\"valueName\":\"search_term_string\"}}],\"inLanguage\":\"pl-PL\"},{\"@type\":\"Organization\",\"@id\":\"https:\\\/\\\/pans.krosno.pl\\\/pielegniarstwo\\\/#organization\",\"name\":\"Piel\u0119gniarstwo PANS w Kro\u015bnie\",\"url\":\"https:\\\/\\\/pans.krosno.pl\\\/pielegniarstwo\\\/\",\"logo\":{\"@type\":\"ImageObject\",\"inLanguage\":\"pl-PL\",\"@id\":\"https:\\\/\\\/pans.krosno.pl\\\/pielegniarstwo\\\/#\\\/schema\\\/logo\\\/image\\\/\",\"url\":\"https:\\\/\\\/pans.krosno.pl\\\/pielegniarstwo\\\/wp-content\\\/uploads\\\/sites\\\/8\\\/2023\\\/01\\\/Logo-PANS-2022-pelne.png\",\"contentUrl\":\"https:\\\/\\\/pans.krosno.pl\\\/pielegniarstwo\\\/wp-content\\\/uploads\\\/sites\\\/8\\\/2023\\\/01\\\/Logo-PANS-2022-pelne.png\",\"width\":3096,\"height\":696,\"caption\":\"Piel\u0119gniarstwo PANS w Kro\u015bnie\"},\"image\":{\"@id\":\"https:\\\/\\\/pans.krosno.pl\\\/pielegniarstwo\\\/#\\\/schema\\\/logo\\\/image\\\/\"}}]}<\/script>\n<!-- \/ Yoast SEO Premium plugin. -->","yoast_head_json":{"title":"Zaj\u0119cia praktyczne i Praktyki zawodowe - I stopie\u0144 - III Rok - Piel\u0119gniarstwo PANS w Kro\u015bnie","robots":{"index":"index","follow":"follow","max-snippet":"max-snippet:-1","max-image-preview":"max-image-preview:large","max-video-preview":"max-video-preview:-1"},"canonical":"https:\/\/pans.krosno.pl\/pielegniarstwo\/ksztalcenie-praktyczne\/zajecia-praktyczne-i-praktyki-zawodowe-i-stopien\/zajecia-praktyczne-i-praktyki-zawodowe-i-stopien-3-rok\/","og_locale":"pl_PL","og_type":"article","og_title":"Zaj\u0119cia praktyczne i Praktyki zawodowe - I stopie\u0144 - III Rok","og_description":"Program zaj\u0119\u0107 praktycznych&nbsp;i praktyk zawodowych Program zaj\u0119\u0107 praktycznych i praktyk zawodowych &#8211; III Rok Semestr letni 2025\/2026 aktualizacja: 07\/04\/2026","og_url":"https:\/\/pans.krosno.pl\/pielegniarstwo\/ksztalcenie-praktyczne\/zajecia-praktyczne-i-praktyki-zawodowe-i-stopien\/zajecia-praktyczne-i-praktyki-zawodowe-i-stopien-3-rok\/","og_site_name":"Piel\u0119gniarstwo PANS w Kro\u015bnie","article_modified_time":"2026-04-07T14:38:07+00:00","twitter_card":"summary_large_image","twitter_misc":{"Szacowany czas czytania":"1 minuta"},"schema":{"@context":"https:\/\/schema.org","@graph":[{"@type":"WebPage","@id":"https:\/\/pans.krosno.pl\/pielegniarstwo\/ksztalcenie-praktyczne\/zajecia-praktyczne-i-praktyki-zawodowe-i-stopien\/zajecia-praktyczne-i-praktyki-zawodowe-i-stopien-3-rok\/","url":"https:\/\/pans.krosno.pl\/pielegniarstwo\/ksztalcenie-praktyczne\/zajecia-praktyczne-i-praktyki-zawodowe-i-stopien\/zajecia-praktyczne-i-praktyki-zawodowe-i-stopien-3-rok\/","name":"Zaj\u0119cia praktyczne i Praktyki zawodowe - I stopie\u0144 - III Rok - Piel\u0119gniarstwo PANS w Kro\u015bnie","isPartOf":{"@id":"https:\/\/pans.krosno.pl\/pielegniarstwo\/#website"},"datePublished":"2023-04-21T13:58:27+00:00","dateModified":"2026-04-07T14:38:07+00:00","breadcrumb":{"@id":"https:\/\/pans.krosno.pl\/pielegniarstwo\/ksztalcenie-praktyczne\/zajecia-praktyczne-i-praktyki-zawodowe-i-stopien\/zajecia-praktyczne-i-praktyki-zawodowe-i-stopien-3-rok\/#breadcrumb"},"inLanguage":"pl-PL","potentialAction":[{"@type":"ReadAction","target":["https:\/\/pans.krosno.pl\/pielegniarstwo\/ksztalcenie-praktyczne\/zajecia-praktyczne-i-praktyki-zawodowe-i-stopien\/zajecia-praktyczne-i-praktyki-zawodowe-i-stopien-3-rok\/"]}]},{"@type":"BreadcrumbList","@id":"https:\/\/pans.krosno.pl\/pielegniarstwo\/ksztalcenie-praktyczne\/zajecia-praktyczne-i-praktyki-zawodowe-i-stopien\/zajecia-praktyczne-i-praktyki-zawodowe-i-stopien-3-rok\/#breadcrumb","itemListElement":[{"@type":"ListItem","position":1,"name":"Strona g\u0142\u00f3wna","item":"https:\/\/pans.krosno.pl\/pielegniarstwo\/"},{"@type":"ListItem","position":2,"name":"Kszta\u0142cenie praktyczne","item":"https:\/\/pans.krosno.pl\/pielegniarstwo\/ksztalcenie-praktyczne\/"},{"@type":"ListItem","position":3,"name":"Zaj\u0119cia praktyczne i Praktyki zawodowe &#8211; I stopie\u0144","item":"https:\/\/pans.krosno.pl\/pielegniarstwo\/ksztalcenie-praktyczne\/zajecia-praktyczne-i-praktyki-zawodowe-i-stopien\/"},{"@type":"ListItem","position":4,"name":"Zaj\u0119cia praktyczne i Praktyki zawodowe &#8211; I stopie\u0144 &#8211; III Rok"}]},{"@type":"WebSite","@id":"https:\/\/pans.krosno.pl\/pielegniarstwo\/#website","url":"https:\/\/pans.krosno.pl\/pielegniarstwo\/","name":"Piel\u0119gniarstwo PANS w Kro\u015bnie","description":"Piel\u0119gniarstwo - Pa\u0144stwowa Akademia Nauk Stosowanych","publisher":{"@id":"https:\/\/pans.krosno.pl\/pielegniarstwo\/#organization"},"potentialAction":[{"@type":"SearchAction","target":{"@type":"EntryPoint","urlTemplate":"https:\/\/pans.krosno.pl\/pielegniarstwo\/?s={search_term_string}"},"query-input":{"@type":"PropertyValueSpecification","valueRequired":true,"valueName":"search_term_string"}}],"inLanguage":"pl-PL"},{"@type":"Organization","@id":"https:\/\/pans.krosno.pl\/pielegniarstwo\/#organization","name":"Piel\u0119gniarstwo PANS w Kro\u015bnie","url":"https:\/\/pans.krosno.pl\/pielegniarstwo\/","logo":{"@type":"ImageObject","inLanguage":"pl-PL","@id":"https:\/\/pans.krosno.pl\/pielegniarstwo\/#\/schema\/logo\/image\/","url":"https:\/\/pans.krosno.pl\/pielegniarstwo\/wp-content\/uploads\/sites\/8\/2023\/01\/Logo-PANS-2022-pelne.png","contentUrl":"https:\/\/pans.krosno.pl\/pielegniarstwo\/wp-content\/uploads\/sites\/8\/2023\/01\/Logo-PANS-2022-pelne.png","width":3096,"height":696,"caption":"Piel\u0119gniarstwo PANS w Kro\u015bnie"},"image":{"@id":"https:\/\/pans.krosno.pl\/pielegniarstwo\/#\/schema\/logo\/image\/"}}]}},"_links":{"self":[{"href":"https:\/\/pans.krosno.pl\/pielegniarstwo\/wp-json\/wp\/v2\/pages\/4569","targetHints":{"allow":["GET"]}}],"collection":[{"href":"https:\/\/pans.krosno.pl\/pielegniarstwo\/wp-json\/wp\/v2\/pages"}],"about":[{"href":"https:\/\/pans.krosno.pl\/pielegniarstwo\/wp-json\/wp\/v2\/types\/page"}],"author":[{"embeddable":true,"href":"https:\/\/pans.krosno.pl\/pielegniarstwo\/wp-json\/wp\/v2\/users\/27"}],"replies":[{"embeddable":true,"href":"https:\/\/pans.krosno.pl\/pielegniarstwo\/wp-json\/wp\/v2\/comments?post=4569"}],"version-history":[{"count":28,"href":"https:\/\/pans.krosno.pl\/pielegniarstwo\/wp-json\/wp\/v2\/pages\/4569\/revisions"}],"predecessor-version":[{"id":6234,"href":"https:\/\/pans.krosno.pl\/pielegniarstwo\/wp-json\/wp\/v2\/pages\/4569\/revisions\/6234"}],"up":[{"embeddable":true,"href":"https:\/\/pans.krosno.pl\/pielegniarstwo\/wp-json\/wp\/v2\/pages\/4544"}],"wp:attachment":[{"href":"https:\/\/pans.krosno.pl\/pielegniarstwo\/wp-json\/wp\/v2\/media?parent=4569"}],"curies":[{"name":"wp","href":"https:\/\/api.w.org\/{rel}","templated":true}]}}