{"id":226,"date":"2019-12-12T11:48:43","date_gmt":"2019-12-12T10:48:43","guid":{"rendered":"https:\/\/pans.krosno.pl\/pielegniarstwo\/?page_id=226"},"modified":"2025-09-19T00:08:22","modified_gmt":"2025-09-18T22:08:22","slug":"pracownicy","status":"publish","type":"page","link":"https:\/\/pans.krosno.pl\/pielegniarstwo\/pracownicy\/","title":{"rendered":"Pracownicy"},"content":{"rendered":"\n<p><a href=\"https:\/\/pans.krosno.pl\/pracownicy\/renata-dziubaszewska\/\">dr n. med. Renata Dziubaszewska<\/a> \u2013 Dyrektor Instytutu Zdrowia<\/p>\n\n\n\n<p><a href=\"https:\/\/pans.krosno.pl\/pracownicy\/malgorzata-dziura\/\">mgr Ma\u0142gorzata Dziura<\/a> \u2013 Kierownik Zak\u0142adu Piel\u0119gniarstwa<\/p>\n\n\n\n<p><a href=\"https:\/\/pans.krosno.pl\/pracownicy\/jozef-ryzko\/\">prof. dr hab. n. med. J\u00f3zef Ry\u017cko<\/a><\/p>\n\n\n\n<p><a href=\"https:\/\/pans.krosno.pl\/pracownicy\/danuta-zarzycka\/\">dr hab. n. o zdr.\u00a0Danuta Zarzycka, prof. PANS<\/a><\/p>\n\n\n\n<p><a href=\"https:\/\/pans.krosno.pl\/pracownicy\/dariusz-jaloza\/\">dr n. farm. Dariusz Ja\u0142oza<\/a><\/p>\n\n\n\n<p><a href=\"https:\/\/pans.krosno.pl\/pracownicy\/hanna-kachaniuk\/\">dr n. med. Hanna Kachaniuk<\/a><\/p>\n\n\n\n<p><a href=\"https:\/\/pans.krosno.pl\/pracownicy\/agnieszka-kijowska\/\">dr n. o zdr. Agnieszka Kijowska<\/a><\/p>\n\n\n\n<p><a href=\"https:\/\/pans.krosno.pl\/pracownicy\/krystyna-krygowska\/\">dr n. med. Krystyna Krygowska<\/a><\/p>\n\n\n\n<p><a href=\"https:\/\/pans.krosno.pl\/pracownicy\/beata-kumiega\/\">dr n. med. Beata Kumiega<\/a><\/p>\n\n\n\n<p><a href=\"https:\/\/pans.krosno.pl\/pracownicy\/edyta-kwilosz\/\">dr n. o zdr. Edyta Kwilosz<\/a><\/p>\n\n\n\n<p><a href=\"https:\/\/pans.krosno.pl\/pracownicy\/malgorzata-marc-mgr-pielegniarstwa-pielegniarka-psychoterapeuta\/\">dr. n. med. Ma\u0142gorzata Mar\u0107<\/a><\/p>\n\n\n\n<p><a href=\"https:\/\/pans.krosno.pl\/pracownicy\/beata-nieweglowska-guzik\/\">dr n. biol. Beata Niew\u0119g\u0142owska-Guzik<\/a><\/p>\n\n\n\n<p><a href=\"https:\/\/pans.krosno.pl\/pracownicy\/ewa-smolen\/\">dr&nbsp;n. o zdr. Ewa Smole\u0144<\/a><\/p>\n\n\n\n<p><a href=\"https:\/\/pans.krosno.pl\/pracownicy\/edyta-szydlo\/\">dr n. o zdr. Edyta Szyd\u0142o<\/a><\/p>\n\n\n\n<p><a href=\"https:\/\/pans.krosno.pl\/pracownicy\/katarzyna-zalewska\/\">dr n. o zdr. Katarzyna Zalewska<\/a><\/p>\n\n\n\n<p><a href=\"https:\/\/pans.krosno.pl\/pracownicy\/andrzej-guzik\/\">lek. med. Andrzej Guzik<\/a><\/p>\n\n\n\n<p><a href=\"https:\/\/pans.krosno.pl\/pracownicy\/barbara-baran\/\">mgr Barbara Baran<\/a><\/p>\n\n\n\n<p>mgr Iwona Dudzik<\/p>\n\n\n\n<p><a href=\"https:\/\/pans.krosno.pl\/pracownicy\/hajduk-lukasz\/\">mgr \u0141ukasz Hajduk<\/a><\/p>\n\n\n\n<p><a href=\"https:\/\/pans.krosno.pl\/pracownicy\/lucyna-krzysztyniak\/\">mgr Lucyna Krzysztyniak<\/a><\/p>\n\n\n\n<p><a href=\"https:\/\/pans.krosno.pl\/pracownicy\/anna-ksiazkiewicz\/\">mgr Anna Ksi\u0105\u017ckiewicz<\/a><\/p>\n\n\n\n<p><a href=\"https:\/\/pans.krosno.pl\/pracownicy\/joanna-kubik\/\">mgr Joanna Kubik<\/a><\/p>\n\n\n\n<p><a href=\"https:\/\/pans.krosno.pl\/pracownicy\/katarzyna-lisowicz\/\">mgr Katarzyna Lisowicz<\/a><\/p>\n\n\n\n<p><a href=\"https:\/\/pans.krosno.pl\/pracownicy\/beata-lorenc\/\">mgr Beata Lorenc<\/a><\/p>\n\n\n\n<p><a href=\"https:\/\/pans.krosno.pl\/pracownicy\/jolanta-lubas\/\">mgr Jolanta Luba\u015b<\/a><\/p>\n\n\n\n<p><a href=\"https:\/\/pans.krosno.pl\/pracownicy\/dawid-makowicz\/\">mgr Dawid Makowicz<\/a><\/p>\n\n\n\n<p><a href=\"https:\/\/pans.krosno.pl\/pracownicy\/malgorzata-moskal-szybka\/\">mgr Ma\u0142gorzata Moskal-Szybka<\/a><\/p>\n\n\n\n<p><a href=\"https:\/\/pans.krosno.pl\/pracownicy\/stanislawa-olszyk\/\">mgr Stanis\u0142awa Olszyk<\/a><\/p>\n\n\n\n<p><a href=\"https:\/\/pans.krosno.pl\/pracownicy\/lukasz-szarek\/\">mgr \u0141ukasz Szarek<\/a><\/p>\n\n\n\n<p><a href=\"https:\/\/pans.krosno.pl\/pracownicy\/alicja-sniezek\/\">mgr Alicja \u015anie\u017cek&nbsp;<\/a><\/p>\n\n\n\n<p><a href=\"https:\/\/pans.krosno.pl\/pracownicy\/klaudia-topolska\/\">mgr Klaudia Topolska<\/a><\/p>\n\n\n\n<p><a href=\"https:\/\/pans.krosno.pl\/pracownicy\/jolanta-twardosz\/\">mgr Jolanta Twardosz<\/a><\/p>\n\n\n\n<p><a href=\"https:\/\/pans.krosno.pl\/pracownicy\/michal-wojnar\/\">mgr Micha\u0142 Wojnar<\/a><\/p>\n\n\n\n<p><a href=\"https:\/\/pans.krosno.pl\/pracownicy\/agata-zbylut\/\">mgr Agata Zbylut<\/a><\/p>\n\n\n\n<hr class=\"wp-block-separator has-css-opacity\" \/>\n\n\n\n<h3 class=\"wp-block-heading\" id=\"h-kadra-wspomagajaca\"><strong>Kadra wspomagaj\u0105ca<\/strong><\/h3>\n\n\n\n<p>prof.&nbsp;dr&nbsp;hab. n. med. Teresa Bernadetta Kulik<\/p>\n\n\n\n<p>prof. ndzw. dr hab. n. med. Romuald Krajewski<\/p>\n\n\n\n<p>dr Magdalena Materniak<\/p>\n\n\n\n<p>mgr Zenona Radwa\u0144ska<\/p>\n","protected":false},"excerpt":{"rendered":"<p>dr n. med. Renata Dziubaszewska \u2013 Dyrektor Instytutu Zdrowia mgr Ma\u0142gorzata Dziura \u2013 Kierownik Zak\u0142adu Piel\u0119gniarstwa prof. dr hab. n. med. J\u00f3zef Ry\u017cko dr hab. n. o zdr.\u00a0Danuta Zarzycka, prof. PANS dr n. farm. Dariusz Ja\u0142oza dr n. med. Hanna Kachaniuk dr n. o zdr. Agnieszka Kijowska dr n. med. [\u2026] <\/p>\n<div class=\"clear\"><\/div>\n<p><a class=\"more_link clearfix\" href=\"https:\/\/pans.krosno.pl\/pielegniarstwo\/pracownicy\/\" rel=\"nofollow\">Read More<\/a><\/p>\n","protected":false},"author":7,"featured_media":0,"parent":0,"menu_order":0,"comment_status":"closed","ping_status":"closed","template":"page-templates\/template-full-width.php","meta":{"ngg_post_thumbnail":0,"footnotes":""},"class_list":["post-226","page","type-page","status-publish","hentry"],"yoast_head":"<!-- This site is optimized with the Yoast SEO Premium plugin v27.4 (Yoast SEO v27.4) - https:\/\/yoast.com\/product\/yoast-seo-premium-wordpress\/ -->\n<title>Pracownicy - Piel\u0119gniarstwo PANS w Kro\u015bnie<\/title>\n<meta name=\"robots\" content=\"index, follow, max-snippet:-1, max-image-preview:large, max-video-preview:-1\" \/>\n<link rel=\"canonical\" href=\"https:\/\/pans.krosno.pl\/pielegniarstwo\/pracownicy\/\" \/>\n<meta property=\"og:locale\" content=\"pl_PL\" \/>\n<meta property=\"og:type\" content=\"article\" \/>\n<meta property=\"og:title\" content=\"Pracownicy\" \/>\n<meta property=\"og:description\" content=\"dr n. med. Renata Dziubaszewska \u2013 Dyrektor Instytutu Zdrowia mgr Ma\u0142gorzata Dziura \u2013 Kierownik Zak\u0142adu Piel\u0119gniarstwa prof. dr hab. n. med. J\u00f3zef Ry\u017cko dr hab. n. o zdr.\u00a0Danuta Zarzycka, prof. PANS dr n. farm. Dariusz Ja\u0142oza dr n. med. Hanna Kachaniuk dr n. o zdr. Agnieszka Kijowska dr n. med. [\u2026] Read More\" \/>\n<meta property=\"og:url\" content=\"https:\/\/pans.krosno.pl\/pielegniarstwo\/pracownicy\/\" \/>\n<meta property=\"og:site_name\" content=\"Piel\u0119gniarstwo PANS w Kro\u015bnie\" \/>\n<meta property=\"article:modified_time\" content=\"2025-09-18T22:08:22+00:00\" \/>\n<meta name=\"twitter:card\" content=\"summary_large_image\" \/>\n<meta name=\"twitter:label1\" content=\"Szacowany czas czytania\" \/>\n\t<meta name=\"twitter:data1\" content=\"2 minuty\" \/>\n<script type=\"application\/ld+json\" class=\"yoast-schema-graph\">{\"@context\":\"https:\\\/\\\/schema.org\",\"@graph\":[{\"@type\":\"WebPage\",\"@id\":\"https:\\\/\\\/pans.krosno.pl\\\/pielegniarstwo\\\/pracownicy\\\/\",\"url\":\"https:\\\/\\\/pans.krosno.pl\\\/pielegniarstwo\\\/pracownicy\\\/\",\"name\":\"Pracownicy - Piel\u0119gniarstwo PANS w Kro\u015bnie\",\"isPartOf\":{\"@id\":\"https:\\\/\\\/pans.krosno.pl\\\/pielegniarstwo\\\/#website\"},\"datePublished\":\"2019-12-12T10:48:43+00:00\",\"dateModified\":\"2025-09-18T22:08:22+00:00\",\"breadcrumb\":{\"@id\":\"https:\\\/\\\/pans.krosno.pl\\\/pielegniarstwo\\\/pracownicy\\\/#breadcrumb\"},\"inLanguage\":\"pl-PL\",\"potentialAction\":[{\"@type\":\"ReadAction\",\"target\":[\"https:\\\/\\\/pans.krosno.pl\\\/pielegniarstwo\\\/pracownicy\\\/\"]}]},{\"@type\":\"BreadcrumbList\",\"@id\":\"https:\\\/\\\/pans.krosno.pl\\\/pielegniarstwo\\\/pracownicy\\\/#breadcrumb\",\"itemListElement\":[{\"@type\":\"ListItem\",\"position\":1,\"name\":\"Strona g\u0142\u00f3wna\",\"item\":\"https:\\\/\\\/pans.krosno.pl\\\/pielegniarstwo\\\/\"},{\"@type\":\"ListItem\",\"position\":2,\"name\":\"Pracownicy\"}]},{\"@type\":\"WebSite\",\"@id\":\"https:\\\/\\\/pans.krosno.pl\\\/pielegniarstwo\\\/#website\",\"url\":\"https:\\\/\\\/pans.krosno.pl\\\/pielegniarstwo\\\/\",\"name\":\"Piel\u0119gniarstwo PANS w Kro\u015bnie\",\"description\":\"Piel\u0119gniarstwo - Pa\u0144stwowa Akademia Nauk Stosowanych\",\"publisher\":{\"@id\":\"https:\\\/\\\/pans.krosno.pl\\\/pielegniarstwo\\\/#organization\"},\"potentialAction\":[{\"@type\":\"SearchAction\",\"target\":{\"@type\":\"EntryPoint\",\"urlTemplate\":\"https:\\\/\\\/pans.krosno.pl\\\/pielegniarstwo\\\/?s={search_term_string}\"},\"query-input\":{\"@type\":\"PropertyValueSpecification\",\"valueRequired\":true,\"valueName\":\"search_term_string\"}}],\"inLanguage\":\"pl-PL\"},{\"@type\":\"Organization\",\"@id\":\"https:\\\/\\\/pans.krosno.pl\\\/pielegniarstwo\\\/#organization\",\"name\":\"Piel\u0119gniarstwo PANS w Kro\u015bnie\",\"url\":\"https:\\\/\\\/pans.krosno.pl\\\/pielegniarstwo\\\/\",\"logo\":{\"@type\":\"ImageObject\",\"inLanguage\":\"pl-PL\",\"@id\":\"https:\\\/\\\/pans.krosno.pl\\\/pielegniarstwo\\\/#\\\/schema\\\/logo\\\/image\\\/\",\"url\":\"https:\\\/\\\/pans.krosno.pl\\\/pielegniarstwo\\\/wp-content\\\/uploads\\\/sites\\\/8\\\/2023\\\/01\\\/Logo-PANS-2022-pelne.png\",\"contentUrl\":\"https:\\\/\\\/pans.krosno.pl\\\/pielegniarstwo\\\/wp-content\\\/uploads\\\/sites\\\/8\\\/2023\\\/01\\\/Logo-PANS-2022-pelne.png\",\"width\":3096,\"height\":696,\"caption\":\"Piel\u0119gniarstwo PANS w Kro\u015bnie\"},\"image\":{\"@id\":\"https:\\\/\\\/pans.krosno.pl\\\/pielegniarstwo\\\/#\\\/schema\\\/logo\\\/image\\\/\"}}]}<\/script>\n<!-- \/ Yoast SEO Premium plugin. -->","yoast_head_json":{"title":"Pracownicy - Piel\u0119gniarstwo PANS w Kro\u015bnie","robots":{"index":"index","follow":"follow","max-snippet":"max-snippet:-1","max-image-preview":"max-image-preview:large","max-video-preview":"max-video-preview:-1"},"canonical":"https:\/\/pans.krosno.pl\/pielegniarstwo\/pracownicy\/","og_locale":"pl_PL","og_type":"article","og_title":"Pracownicy","og_description":"dr n. med. Renata Dziubaszewska \u2013 Dyrektor Instytutu Zdrowia mgr Ma\u0142gorzata Dziura \u2013 Kierownik Zak\u0142adu Piel\u0119gniarstwa prof. dr hab. n. med. J\u00f3zef Ry\u017cko dr hab. n. o zdr.\u00a0Danuta Zarzycka, prof. PANS dr n. farm. Dariusz Ja\u0142oza dr n. med. Hanna Kachaniuk dr n. o zdr. Agnieszka Kijowska dr n. med. [\u2026] Read More","og_url":"https:\/\/pans.krosno.pl\/pielegniarstwo\/pracownicy\/","og_site_name":"Piel\u0119gniarstwo PANS w Kro\u015bnie","article_modified_time":"2025-09-18T22:08:22+00:00","twitter_card":"summary_large_image","twitter_misc":{"Szacowany czas czytania":"2 minuty"},"schema":{"@context":"https:\/\/schema.org","@graph":[{"@type":"WebPage","@id":"https:\/\/pans.krosno.pl\/pielegniarstwo\/pracownicy\/","url":"https:\/\/pans.krosno.pl\/pielegniarstwo\/pracownicy\/","name":"Pracownicy - Piel\u0119gniarstwo PANS w Kro\u015bnie","isPartOf":{"@id":"https:\/\/pans.krosno.pl\/pielegniarstwo\/#website"},"datePublished":"2019-12-12T10:48:43+00:00","dateModified":"2025-09-18T22:08:22+00:00","breadcrumb":{"@id":"https:\/\/pans.krosno.pl\/pielegniarstwo\/pracownicy\/#breadcrumb"},"inLanguage":"pl-PL","potentialAction":[{"@type":"ReadAction","target":["https:\/\/pans.krosno.pl\/pielegniarstwo\/pracownicy\/"]}]},{"@type":"BreadcrumbList","@id":"https:\/\/pans.krosno.pl\/pielegniarstwo\/pracownicy\/#breadcrumb","itemListElement":[{"@type":"ListItem","position":1,"name":"Strona g\u0142\u00f3wna","item":"https:\/\/pans.krosno.pl\/pielegniarstwo\/"},{"@type":"ListItem","position":2,"name":"Pracownicy"}]},{"@type":"WebSite","@id":"https:\/\/pans.krosno.pl\/pielegniarstwo\/#website","url":"https:\/\/pans.krosno.pl\/pielegniarstwo\/","name":"Piel\u0119gniarstwo PANS w Kro\u015bnie","description":"Piel\u0119gniarstwo - Pa\u0144stwowa Akademia Nauk Stosowanych","publisher":{"@id":"https:\/\/pans.krosno.pl\/pielegniarstwo\/#organization"},"potentialAction":[{"@type":"SearchAction","target":{"@type":"EntryPoint","urlTemplate":"https:\/\/pans.krosno.pl\/pielegniarstwo\/?s={search_term_string}"},"query-input":{"@type":"PropertyValueSpecification","valueRequired":true,"valueName":"search_term_string"}}],"inLanguage":"pl-PL"},{"@type":"Organization","@id":"https:\/\/pans.krosno.pl\/pielegniarstwo\/#organization","name":"Piel\u0119gniarstwo PANS w Kro\u015bnie","url":"https:\/\/pans.krosno.pl\/pielegniarstwo\/","logo":{"@type":"ImageObject","inLanguage":"pl-PL","@id":"https:\/\/pans.krosno.pl\/pielegniarstwo\/#\/schema\/logo\/image\/","url":"https:\/\/pans.krosno.pl\/pielegniarstwo\/wp-content\/uploads\/sites\/8\/2023\/01\/Logo-PANS-2022-pelne.png","contentUrl":"https:\/\/pans.krosno.pl\/pielegniarstwo\/wp-content\/uploads\/sites\/8\/2023\/01\/Logo-PANS-2022-pelne.png","width":3096,"height":696,"caption":"Piel\u0119gniarstwo PANS w Kro\u015bnie"},"image":{"@id":"https:\/\/pans.krosno.pl\/pielegniarstwo\/#\/schema\/logo\/image\/"}}]}},"_links":{"self":[{"href":"https:\/\/pans.krosno.pl\/pielegniarstwo\/wp-json\/wp\/v2\/pages\/226","targetHints":{"allow":["GET"]}}],"collection":[{"href":"https:\/\/pans.krosno.pl\/pielegniarstwo\/wp-json\/wp\/v2\/pages"}],"about":[{"href":"https:\/\/pans.krosno.pl\/pielegniarstwo\/wp-json\/wp\/v2\/types\/page"}],"author":[{"embeddable":true,"href":"https:\/\/pans.krosno.pl\/pielegniarstwo\/wp-json\/wp\/v2\/users\/7"}],"replies":[{"embeddable":true,"href":"https:\/\/pans.krosno.pl\/pielegniarstwo\/wp-json\/wp\/v2\/comments?post=226"}],"version-history":[{"count":31,"href":"https:\/\/pans.krosno.pl\/pielegniarstwo\/wp-json\/wp\/v2\/pages\/226\/revisions"}],"predecessor-version":[{"id":6055,"href":"https:\/\/pans.krosno.pl\/pielegniarstwo\/wp-json\/wp\/v2\/pages\/226\/revisions\/6055"}],"wp:attachment":[{"href":"https:\/\/pans.krosno.pl\/pielegniarstwo\/wp-json\/wp\/v2\/media?parent=226"}],"curies":[{"name":"wp","href":"https:\/\/api.w.org\/{rel}","templated":true}]}}