{"id":1251,"date":"2020-06-02T20:00:29","date_gmt":"2020-06-02T18:00:29","guid":{"rendered":"https:\/\/pans.krosno.pl\/pielegniarstwo\/?page_id=1251"},"modified":"2025-07-25T10:58:51","modified_gmt":"2025-07-25T08:58:51","slug":"aktualnosci-pielegniarstwo-lic","status":"publish","type":"page","link":"https:\/\/pans.krosno.pl\/pielegniarstwo\/aktualnosci-pielegniarstwo-lic\/","title":{"rendered":"Aktualno\u015bci"},"content":{"rendered":"\n<hr class=\"wp-block-separator has-css-opacity is-style-default\" \/>\n\n\n<ul class=\"wp-block-latest-posts__list has-dates wp-block-latest-posts\"><li><div class=\"wp-block-latest-posts__featured-image alignleft\"><img loading=\"lazy\" decoding=\"async\" width=\"150\" height=\"150\" src=\"https:\/\/pans.krosno.pl\/pielegniarstwo\/wp-content\/uploads\/sites\/8\/2026\/04\/image-150x150.png\" class=\"attachment-thumbnail size-thumbnail wp-post-image\" alt=\"\" style=\"max-width:150px;max-height:150px;\" \/><\/div><a class=\"wp-block-latest-posts__post-title\" href=\"https:\/\/pans.krosno.pl\/pielegniarstwo\/miedzynarodowy-wymiar-symulacji-medycznej-pans-krosno-podczas-simulation-trip-2026\/\">Mi\u0119dzynarodowy wymiar symulacji medycznej \u2013 PANS Krosno podczas Simulation Trip 2026<\/a><time datetime=\"2026-04-23T21:50:41+02:00\" class=\"wp-block-latest-posts__post-date\">23 kwietnia 2026<\/time><div class=\"wp-block-latest-posts__post-excerpt\">Pa\u0144stwowa Akademia Nauk Stosowanych w Kro\u015bnie by\u0142a wsp\u00f3\u0142organizatorem i aktywnym uczestnikiem mi\u0119dzynarodowego wydarzenia Simulation Trip 2026, kt\u00f3re odby\u0142o si\u0119 w dniach 20-24 kwietnia 2026 roku. Program przedsi\u0119wzi\u0119cia obejmowa\u0142 konferencj\u0119 naukowo-dydaktyczn\u0105, warsztaty praktyczne i spotkania integracyjne. Wydarzenie zgromadzi\u0142o przedstawicieli o\u015brodk\u00f3w akademickich z Litwy, Czech, S\u0142owacji, W\u0119gier oraz Polski, a jego celem by\u0142a wymiana do\u015bwiadcze\u0144, prezentacja dobrych [\u2026] <div class=\"clear\"><\/div><a class=\"more_link clearfix\" href=\"https:\/\/pans.krosno.pl\/pielegniarstwo\/miedzynarodowy-wymiar-symulacji-medycznej-pans-krosno-podczas-simulation-trip-2026\/\" rel=\"nofollow\">Read More<\/a><\/div><\/li>\n<li><div class=\"wp-block-latest-posts__featured-image alignleft\"><img loading=\"lazy\" decoding=\"async\" width=\"150\" height=\"150\" src=\"https:\/\/pans.krosno.pl\/pielegniarstwo\/wp-content\/uploads\/sites\/8\/2026\/04\/672677257_1507745447809472_9157305388338076058_n-150x150.jpg\" class=\"attachment-thumbnail size-thumbnail wp-post-image\" alt=\"\" style=\"max-width:150px;max-height:150px;\" \/><\/div><a class=\"wp-block-latest-posts__post-title\" href=\"https:\/\/pans.krosno.pl\/pielegniarstwo\/ii-etap-xvi-miedzyuczelnianej-olimpiady-pielegniarskiej\/\">II etap XVI Mi\u0119dzyuczelnianej Olimpiady Piel\u0119gniarskiej<\/a><time datetime=\"2026-04-16T11:46:47+02:00\" class=\"wp-block-latest-posts__post-date\">16 kwietnia 2026<\/time><div class=\"wp-block-latest-posts__post-excerpt\">Dnia 14 kwietnia 2026 r. odby\u0142 si\u0119 drugi etap XVI Mi\u0119dzyuczelnianej Olimpiady Piel\u0119gniarskiej im. dr Janiny Fetli\u0144skiej. Do tej rywalizacji przyst\u0105pi\u0142o pi\u0119\u0107 studentek, spo\u015br\u00f3d kt\u00f3rych wy\u0142oniono jedn\u0105 zwyci\u0119\u017cczyni\u0119 i finalistk\u0119. Uczestniczki za zadanie mia\u0142y wykona\u0107 czynno\u015bci piel\u0119gniarskie wynikaj\u0105ce z wylosowanego opisu przypadku klinicznego pacjenta oraz sformu\u0142owa\u0107 adekwatne diagnozy piel\u0119gniarskie, jak te\u017c zaplanowa\u0107 odpowiednie dzia\u0142ania piel\u0119gniarskie. [\u2026] <div class=\"clear\"><\/div><a class=\"more_link clearfix\" href=\"https:\/\/pans.krosno.pl\/pielegniarstwo\/ii-etap-xvi-miedzyuczelnianej-olimpiady-pielegniarskiej\/\" rel=\"nofollow\">Read More<\/a><\/div><\/li>\n<li><div class=\"wp-block-latest-posts__featured-image alignleft\"><img loading=\"lazy\" decoding=\"async\" width=\"150\" height=\"150\" src=\"https:\/\/pans.krosno.pl\/pielegniarstwo\/wp-content\/uploads\/sites\/8\/2026\/04\/trnava-university-BBPaF51enAY-unsplash-150x150.jpg\" class=\"attachment-thumbnail size-thumbnail wp-post-image\" alt=\"\" style=\"max-width:150px;max-height:150px;\" \/><\/div><a class=\"wp-block-latest-posts__post-title\" href=\"https:\/\/pans.krosno.pl\/pielegniarstwo\/simulation-trip-2026-miedzynarodowa-wymiana-doswiadczen-w-symulacji-medycznej\/\">Simulation Trip 2026 \u2013 mi\u0119dzynarodowa wymiana do\u015bwiadcze\u0144 w symulacji medycznej<\/a><time datetime=\"2026-04-15T20:02:33+02:00\" class=\"wp-block-latest-posts__post-date\">15 kwietnia 2026<\/time><div class=\"wp-block-latest-posts__post-excerpt\">W dniach 20\u201324 kwietnia 2026 roku odb\u0119dzie si\u0119 Simulation Trip 2026 \u2013 mi\u0119dzynarodowe wydarzenie po\u015bwi\u0119cone nowym perspektywom w symulacji medycznej oraz wymianie do\u015bwiadcze\u0144 student\u00f3w kierunk\u00f3w piel\u0119gniarskich. Projekt realizowany jest wsp\u00f3lnie przez trzy o\u015brodki akademickie regionu: Uniwersytet Rzeszowski, Pa\u0144stwow\u0105 Akademi\u0119 Nauk Stosowanych w Kro\u015bnie oraz Uczelni\u0119 Pa\u0144stwow\u0105 im. Jana Grodka w Sanoku. Inicjatywa stanowi kontynuacj\u0119 wcze\u015bniejszych [\u2026] <div class=\"clear\"><\/div><a class=\"more_link clearfix\" href=\"https:\/\/pans.krosno.pl\/pielegniarstwo\/simulation-trip-2026-miedzynarodowa-wymiana-doswiadczen-w-symulacji-medycznej\/\" rel=\"nofollow\">Read More<\/a><\/div><\/li>\n<li><div class=\"wp-block-latest-posts__featured-image alignleft\"><img loading=\"lazy\" decoding=\"async\" width=\"150\" height=\"150\" src=\"https:\/\/pans.krosno.pl\/pielegniarstwo\/wp-content\/uploads\/sites\/8\/2026\/03\/659479525_1496040995646584_8026254475499114945_n-150x150.jpg\" class=\"attachment-thumbnail size-thumbnail wp-post-image\" alt=\"\" style=\"max-width:150px;max-height:150px;\" \/><\/div><a class=\"wp-block-latest-posts__post-title\" href=\"https:\/\/pans.krosno.pl\/pielegniarstwo\/symulacja-ktora-przygotowuje-do-realnych-decyzji-iv-uczelniane-zawody-symulacji-medycznej\/\">Symulacja, kt\u00f3ra przygotowuje do realnych decyzji \u2013 IV Uczelniane Zawody Symulacji Medycznej<\/a><time datetime=\"2026-03-30T20:33:50+02:00\" class=\"wp-block-latest-posts__post-date\">30 marca 2026<\/time><div class=\"wp-block-latest-posts__post-excerpt\">W dniu dzisiejszym w Centrum Symulacji Medycznej Pa\u0144stwowej Akademii Nauk Stosowanych w Kro\u015bnie odby\u0142y si\u0119 IV Uczelniane Zawody Symulacji Medycznej. W wydarzeniu wzi\u0119\u0142y udzia\u0142 trzy pi\u0119cioosobowe zespo\u0142y student\u00f3w, kt\u00f3re rywalizowa\u0142y w realistycznych scenariuszach medycznych, wymagaj\u0105cych nie tylko szerokiej wiedzy teoretycznej, ale przede wszystkim umiej\u0119tno\u015bci praktycznych oraz efektywnej wsp\u00f3\u0142pracy w zespole. Dwie dru\u017cyny reprezentowa\u0142y student\u00f3w III [\u2026] <div class=\"clear\"><\/div><a class=\"more_link clearfix\" href=\"https:\/\/pans.krosno.pl\/pielegniarstwo\/symulacja-ktora-przygotowuje-do-realnych-decyzji-iv-uczelniane-zawody-symulacji-medycznej\/\" rel=\"nofollow\">Read More<\/a><\/div><\/li>\n<li><div class=\"wp-block-latest-posts__featured-image alignleft\"><img loading=\"lazy\" decoding=\"async\" width=\"150\" height=\"150\" src=\"https:\/\/pans.krosno.pl\/pielegniarstwo\/wp-content\/uploads\/sites\/8\/2026\/03\/653907202_1484881133429237_3849998179786895053_n_upscayl_1x_upscayl-standard-4x-150x150.png\" class=\"attachment-thumbnail size-thumbnail wp-post-image\" alt=\"\" style=\"max-width:150px;max-height:150px;\" \/><\/div><a class=\"wp-block-latest-posts__post-title\" href=\"https:\/\/pans.krosno.pl\/pielegniarstwo\/erasmus-w-praktyce-profesor-mustafa-kara-odwiedzil-pans-krosno\/\">Erasmus+ w praktyce: profesor Mustafa Kara odwiedzi\u0142 PANS Krosno<\/a><time datetime=\"2026-03-17T19:15:24+01:00\" class=\"wp-block-latest-posts__post-date\">17 marca 2026<\/time><div class=\"wp-block-latest-posts__post-excerpt\">W bie\u017c\u0105cym tygodniu Zak\u0142ad Piel\u0119gniarstwa Pa\u0144stwowej Akademii Nauk Stosowanych w Kro\u015bnie go\u015bci prof. Mustaf\u0119 Kar\u0119 z Osmaniye Korkut Ata University w Turcji, specjalist\u0119 w dziedzinie piel\u0119gniarstwa pediatrycznego, kt\u00f3ry przebywa w naszej Uczelni w ramach programu Erasmus+. Wizyta profesora stanowi element rozwijaj\u0105cej si\u0119 wsp\u00f3\u0142pracy mi\u0119dzynarodowej oraz wymiany do\u015bwiadcze\u0144 dydaktycznych i naukowych pomi\u0119dzy uczelniami. W trakcie pobytu, [\u2026] <div class=\"clear\"><\/div><a class=\"more_link clearfix\" href=\"https:\/\/pans.krosno.pl\/pielegniarstwo\/erasmus-w-praktyce-profesor-mustafa-kara-odwiedzil-pans-krosno\/\" rel=\"nofollow\">Read More<\/a><\/div><\/li>\n<li><div class=\"wp-block-latest-posts__featured-image alignleft\"><img loading=\"lazy\" decoding=\"async\" width=\"150\" height=\"150\" src=\"https:\/\/pans.krosno.pl\/pielegniarstwo\/wp-content\/uploads\/sites\/8\/2026\/03\/fb075cf7-78a3-4ec9-9c6a-37626bc9f81c-150x150.jpg\" class=\"attachment-thumbnail size-thumbnail wp-post-image\" alt=\"\" style=\"max-width:150px;max-height:150px;\" \/><\/div><a class=\"wp-block-latest-posts__post-title\" href=\"https:\/\/pans.krosno.pl\/pielegniarstwo\/eliminacje-uczelniane-xvi-olimpiady-pielegniarskiej-za-nami\/\">Eliminacje uczelniane XVI Olimpiady Piel\u0119gniarskiej za nami<\/a><time datetime=\"2026-03-15T22:25:27+01:00\" class=\"wp-block-latest-posts__post-date\">15 marca 2026<\/time><div class=\"wp-block-latest-posts__post-excerpt\">W dniu 10 marca 2026 roku w Instytucie Zdrowia na kierunku Piel\u0119gniarstwo Pa\u0144stwowej Akademii Nauk Stosowanych w Kro\u015bnie odby\u0142y si\u0119 eliminacje uczelniane w ramach XVI Mi\u0119dzyuczelnianej i Og\u00f3lnopolskiej Olimpiady Piel\u0119gniarskiej im. dr Janiny Fetli\u0144skiej. Punktualnie o godzinie 8:30 studenci 3 roku piel\u0119gniarstwa przyst\u0105pili do rozwi\u0105zywania testu, sk\u0142adaj\u0105cego si\u0119 z 60 pyta\u0144 zamkni\u0119tych. Test wymaga\u0142 od [\u2026] <div class=\"clear\"><\/div><a class=\"more_link clearfix\" href=\"https:\/\/pans.krosno.pl\/pielegniarstwo\/eliminacje-uczelniane-xvi-olimpiady-pielegniarskiej-za-nami\/\" rel=\"nofollow\">Read More<\/a><\/div><\/li>\n<li><div class=\"wp-block-latest-posts__featured-image alignleft\"><img loading=\"lazy\" decoding=\"async\" width=\"150\" height=\"150\" src=\"https:\/\/pans.krosno.pl\/pielegniarstwo\/wp-content\/uploads\/sites\/8\/2026\/01\/Rekawiczki-150x150-1.jpg\" class=\"attachment-thumbnail size-thumbnail wp-post-image\" alt=\"\" style=\"max-width:150px;max-height:150px;\" \/><\/div><a class=\"wp-block-latest-posts__post-title\" href=\"https:\/\/pans.krosno.pl\/pielegniarstwo\/wsparcie-w-ksztalceniu-pielegniarek-nowy-skrypt-malgorzaty-moskal-szybki\/\">Wsparcie w kszta\u0142ceniu piel\u0119gniarek \u2013 nowy skrypt Ma\u0142gorzaty Moskal-Szybki<\/a><time datetime=\"2026-01-30T12:48:55+01:00\" class=\"wp-block-latest-posts__post-date\">30 stycznia 2026<\/time><div class=\"wp-block-latest-posts__post-excerpt\">Informujemy, \u017ce ukaza\u0142 si\u0119 skrypt autorstwa Ma\u0142gorzaty Moskal-Szybki pt. Wybrane zagadnienia z piel\u0119gniarstwa chirurgicznego. Publikacja zosta\u0142a przygotowana z my\u015bl\u0105 o piel\u0119gniarkach oraz studentach kierunku Piel\u0119gniarstwo i stanowi uporz\u0105dkowane opracowanie wybranych zagadnie\u0144 z zakresu piel\u0119gniarstwa chirurgicznego. Tre\u015bci zawarte w skrypcie odpowiadaj\u0105 na potrzeby kszta\u0142cenia zawodowego oraz mog\u0105 stanowi\u0107 wsparcie w doskonaleniu kompetencji praktycznych.Zach\u0119camy osoby kszta\u0142c\u0105ce si\u0119 [\u2026] <div class=\"clear\"><\/div><a class=\"more_link clearfix\" href=\"https:\/\/pans.krosno.pl\/pielegniarstwo\/wsparcie-w-ksztalceniu-pielegniarek-nowy-skrypt-malgorzaty-moskal-szybki\/\" rel=\"nofollow\">Read More<\/a><\/div><\/li>\n<li><div class=\"wp-block-latest-posts__featured-image alignleft\"><img loading=\"lazy\" decoding=\"async\" width=\"80\" height=\"80\" src=\"https:\/\/pans.krosno.pl\/pielegniarstwo\/wp-content\/uploads\/sites\/8\/2025\/11\/l3uW3JumZVWqkYlkZAscopus2-80x80-1.jpg\" class=\"attachment-thumbnail size-thumbnail wp-post-image\" alt=\"\" style=\"max-width:150px;max-height:150px;\" \/><\/div><a class=\"wp-block-latest-posts__post-title\" href=\"https:\/\/pans.krosno.pl\/pielegniarstwo\/scopus-ai-inteligentne-wsparcie-dla-naukowcow-i-studentow\/\">Scopus AI &#8211; inteligentne wsparcie dla naukowc\u00f3w i student\u00f3w<\/a><time datetime=\"2025-11-26T17:23:58+01:00\" class=\"wp-block-latest-posts__post-date\">26 listopada 2025<\/time><div class=\"wp-block-latest-posts__post-excerpt\">Biblioteka Pa\u0144stwowej Akademii Naukowej w Kro\u015bnie udost\u0119pnia Scopus AI \u2013 nowoczesne narz\u0119dzie oparte na sztucznej inteligencji, zintegrowane z baz\u0105 Scopus i stworzone z my\u015bl\u0105 o wsparciu bada\u0144 naukowych. Dzi\u0119ki\u00a0Scopus\u00a0AI\u00a0u\u017cytkownicy\u00a0mog\u0105:&#8211; generowa\u0107 przejrzyste, syntetyczne podsumowania publikacji wraz z ich najwa\u017cniejszymi kontekstami badawczymi,&#8211; korzysta\u0107 z interaktywnych map poj\u0119\u0107 oraz trend\u00f3w naukowych, aby odkrywa\u0107 nowe kierunki bada\u0144 i zale\u017cno\u015bci [\u2026] <div class=\"clear\"><\/div><a class=\"more_link clearfix\" href=\"https:\/\/pans.krosno.pl\/pielegniarstwo\/scopus-ai-inteligentne-wsparcie-dla-naukowcow-i-studentow\/\" rel=\"nofollow\">Read More<\/a><\/div><\/li>\n<li><div class=\"wp-block-latest-posts__featured-image alignleft\"><img loading=\"lazy\" decoding=\"async\" width=\"150\" height=\"150\" src=\"https:\/\/pans.krosno.pl\/pielegniarstwo\/wp-content\/uploads\/sites\/8\/2025\/11\/maxresdefault-150x150.jpg\" class=\"attachment-thumbnail size-thumbnail wp-post-image\" alt=\"\" style=\"max-width:150px;max-height:150px;\" \/><\/div><a class=\"wp-block-latest-posts__post-title\" href=\"https:\/\/pans.krosno.pl\/pielegniarstwo\/uroczysta-inauguracja-roku-akademickiego-2025-2026\/\">Uroczysta inauguracja roku akademickiego 2025\/2026<\/a><time datetime=\"2025-10-15T16:08:36+02:00\" class=\"wp-block-latest-posts__post-date\">15 pa\u017adziernika 2025<\/time><div class=\"wp-block-latest-posts__post-excerpt\">Dnia 14 pa\u017adziernika 2025 roku odby\u0142a si\u0119 uroczysta inauguracja roku akademickiego 2025\/2026 w Pa\u0144stwowej Akademii Nauk Stosowanych w Kro\u015bnie. Inauguracja roku akademickiego to jedno z najwa\u017cniejszych wydarze\u0144 w \u017cyciu uczelni wy\u017cszej. Jest to oficjalne rozpocz\u0119cie nowego roku akademickiego, podczas kt\u00f3rego zar\u00f3wno pracownicy naukowi, jak i studenci wsp\u00f3lnie \u015bwi\u0119tuj\u0105 pocz\u0105tek kolejnych miesi\u0119cy pracy dydaktycznej i badawczej. [\u2026] <div class=\"clear\"><\/div><a class=\"more_link clearfix\" href=\"https:\/\/pans.krosno.pl\/pielegniarstwo\/uroczysta-inauguracja-roku-akademickiego-2025-2026\/\" rel=\"nofollow\">Read More<\/a><\/div><\/li>\n<li><div class=\"wp-block-latest-posts__featured-image alignleft\"><img loading=\"lazy\" decoding=\"async\" width=\"150\" height=\"150\" src=\"https:\/\/pans.krosno.pl\/pielegniarstwo\/wp-content\/uploads\/sites\/8\/2025\/09\/549205507_1433696018763102_6876280591607129728_n-150x150.jpg\" class=\"attachment-thumbnail size-thumbnail wp-post-image\" alt=\"\" style=\"max-width:150px;max-height:150px;\" \/><\/div><a class=\"wp-block-latest-posts__post-title\" href=\"https:\/\/pans.krosno.pl\/pielegniarstwo\/nowe-pokolenie-pielegniarek-i-poloznych-uroczyste-dyplomatorium-i-czepkowanie-absolwentow\/\">Nowe pokolenie piel\u0119gniarek i po\u0142o\u017cnych \u2013 uroczyste dyplomatorium i czepkowanie absolwent\u00f3w<\/a><time datetime=\"2025-09-30T17:21:32+02:00\" class=\"wp-block-latest-posts__post-date\">30 wrze\u015bnia 2025<\/time><div class=\"wp-block-latest-posts__post-excerpt\">W dniu 19 wrze\u015bnia 2025 r. odby\u0142o si\u0119 uroczyste rozdanie dyplom\u00f3w oraz nadanie symboli zawodowych absolwentom kierunku Piel\u0119gniarstwo i Po\u0142o\u017cnictwo w Pa\u0144stwowej Akademii Nauk Stosowanych w Kro\u015bnie Uroczysto\u015b\u0107 poprowadzili mgr Ma\u0142gorzata Dziura, kierownik Zak\u0142adu Piel\u0119gniarstwa oraz mgr Micha\u0142 Wojnar, opiekun tegorocznych absolwent\u00f3w kierunku Piel\u0119gniarstwo. W uroczysto\u015bci uczestniczy\u0142y W\u0142adze Uczelni i Instytut\u00f3w, W\u0142adze Miasta Krosna, Przedstawiciele [\u2026] <div class=\"clear\"><\/div><a class=\"more_link clearfix\" href=\"https:\/\/pans.krosno.pl\/pielegniarstwo\/nowe-pokolenie-pielegniarek-i-poloznych-uroczyste-dyplomatorium-i-czepkowanie-absolwentow\/\" rel=\"nofollow\">Read More<\/a><\/div><\/li>\n<li><div class=\"wp-block-latest-posts__featured-image alignleft\"><img loading=\"lazy\" decoding=\"async\" width=\"150\" height=\"150\" src=\"https:\/\/pans.krosno.pl\/pielegniarstwo\/wp-content\/uploads\/sites\/8\/2025\/07\/image-150x150.png\" class=\"attachment-thumbnail size-thumbnail wp-post-image\" alt=\"\" style=\"max-width:150px;max-height:150px;\" \/><\/div><a class=\"wp-block-latest-posts__post-title\" href=\"https:\/\/pans.krosno.pl\/pielegniarstwo\/sekretariat-nieczynny-2\/\">Sekretariat &#8211; nieczynny<\/a><time datetime=\"2025-07-28T10:31:27+02:00\" class=\"wp-block-latest-posts__post-date\">28 lipca 2025<\/time><div class=\"wp-block-latest-posts__post-excerpt\">W dniach od 4 sierpnia (poniedzia\u0142ek) do 29 sierpnia (pi\u0105tek) 2025r. sekretariat Zak\u0142ad\u00f3w: Piel\u0119gniarstwa, Po\u0142o\u017cnictwa, Ratownictwa medycznego b\u0119dzie nieczynny.<\/div><\/li>\n<li><div class=\"wp-block-latest-posts__featured-image alignleft\"><img loading=\"lazy\" decoding=\"async\" width=\"150\" height=\"150\" src=\"https:\/\/pans.krosno.pl\/pielegniarstwo\/wp-content\/uploads\/sites\/8\/2025\/06\/ChatGPT-Image-18-wrz-20125-18_53_27-150x150.png\" class=\"attachment-thumbnail size-thumbnail wp-post-image\" alt=\"\" style=\"max-width:150px;max-height:150px;\" \/><\/div><a class=\"wp-block-latest-posts__post-title\" href=\"https:\/\/pans.krosno.pl\/pielegniarstwo\/wspomnienie-o-jacku-lali-wieloletnim-wykladowcy-naszej-uczelni\/\">Wspomnienie o Jacku Lali \u2013 wieloletnim wyk\u0142adowcy naszej Uczelni<\/a><time datetime=\"2025-06-10T00:30:24+02:00\" class=\"wp-block-latest-posts__post-date\">10 czerwca 2025<\/time><div class=\"wp-block-latest-posts__post-excerpt\">Jack Lala III, MA &#8211; wieloletni nauczyciel akademicki, mentor i przyjaciel m\u0142odzie\u017cy ameryka\u0144skiej, polskiej i s\u0142owackiej. Filolog, anglista, od ponad 20 lat zwi\u0105zany z kro\u015bnie\u0144skim \u015brodowiskiem akademickim. Do\u015b\u0107 niespodziewanie odszed\u0142 na zawsze, pozostawiaj\u0105c smutek w wielu m\u0142odych duszach i w\u015br\u00f3d przyjaci\u00f3\u0142. By\u0142 synem Barbary Bradford-Lala, z kt\u00f3r\u0105 \u0142\u0105czy\u0142y go niezwykle bliskie wi\u0119zi rodzinne. To w\u0142a\u015bnie [\u2026] <div class=\"clear\"><\/div><a class=\"more_link clearfix\" href=\"https:\/\/pans.krosno.pl\/pielegniarstwo\/wspomnienie-o-jacku-lali-wieloletnim-wykladowcy-naszej-uczelni\/\" rel=\"nofollow\">Read More<\/a><\/div><\/li>\n<li><div class=\"wp-block-latest-posts__featured-image alignleft\"><img loading=\"lazy\" decoding=\"async\" width=\"150\" height=\"150\" src=\"https:\/\/pans.krosno.pl\/pielegniarstwo\/wp-content\/uploads\/sites\/8\/2025\/06\/503995180_1485528452841200_1999480038978768450_n-150x150.jpg\" class=\"attachment-thumbnail size-thumbnail wp-post-image\" alt=\"\" style=\"max-width:150px;max-height:150px;\" srcset=\"https:\/\/pans.krosno.pl\/pielegniarstwo\/wp-content\/uploads\/sites\/8\/2025\/06\/503995180_1485528452841200_1999480038978768450_n-150x150.jpg 150w, https:\/\/pans.krosno.pl\/pielegniarstwo\/wp-content\/uploads\/sites\/8\/2025\/06\/503995180_1485528452841200_1999480038978768450_n-80x80.jpg 80w\" sizes=\"auto, (max-width: 150px) 100vw, 150px\" \/><\/div><a class=\"wp-block-latest-posts__post-title\" href=\"https:\/\/pans.krosno.pl\/pielegniarstwo\/precyzja-wiedza-i-profesjonalizm-srebro-w-olimpiadzie-badan-fizykalnych\/\">Precyzja, wiedza i profesjonalizm \u2013 srebro w Olimpiadzie Bada\u0144 Fizykalnych<\/a><time datetime=\"2025-06-06T16:57:57+02:00\" class=\"wp-block-latest-posts__post-date\">6 czerwca 2025<\/time><div class=\"wp-block-latest-posts__post-excerpt\">6 czerwca 2025 r. Michalina Miezin, studentka III roku kierunku Piel\u0119gniarstwo, zaj\u0119\u0142a 2. miejsce podczas IV Olimpiady wiedzy i umiej\u0119tno\u015bci z zakresu bada\u0144 fizykalnych i chor\u00f3b cywilizacyjnych. Olimpiada sk\u0142ada\u0142a si\u0119 z trzech etap\u00f3w: II etap odbywa\u0142 si\u0119 w formie pisemnego testu. Pi\u0119\u0107 os\u00f3b z najwi\u0119ksz\u0105&nbsp;liczb\u0105 punkt\u00f3w zosta\u0142o zakwalifikowanych do fina\u0142u. Do fina\u0142u zosta\u0142a zakwalifikowana&nbsp;Michalina, kt\u00f3ra [\u2026] <div class=\"clear\"><\/div><a class=\"more_link clearfix\" href=\"https:\/\/pans.krosno.pl\/pielegniarstwo\/precyzja-wiedza-i-profesjonalizm-srebro-w-olimpiadzie-badan-fizykalnych\/\" rel=\"nofollow\">Read More<\/a><\/div><\/li>\n<li><div class=\"wp-block-latest-posts__featured-image alignleft\"><img loading=\"lazy\" decoding=\"async\" width=\"150\" height=\"150\" src=\"https:\/\/pans.krosno.pl\/pielegniarstwo\/wp-content\/uploads\/sites\/8\/2025\/06\/54532611668_75be347404_o-150x150.jpg\" class=\"attachment-thumbnail size-thumbnail wp-post-image\" alt=\"\" style=\"max-width:150px;max-height:150px;\" srcset=\"https:\/\/pans.krosno.pl\/pielegniarstwo\/wp-content\/uploads\/sites\/8\/2025\/06\/54532611668_75be347404_o-150x150.jpg 150w, https:\/\/pans.krosno.pl\/pielegniarstwo\/wp-content\/uploads\/sites\/8\/2025\/06\/54532611668_75be347404_o-scaled-80x80.jpg 80w\" sizes=\"auto, (max-width: 150px) 100vw, 150px\" \/><\/div><a class=\"wp-block-latest-posts__post-title\" href=\"https:\/\/pans.krosno.pl\/pielegniarstwo\/z-krosna-do-opola-po-srebro-wielki-sukces-w-olimpiadzie-pielegniarskiej\/\">Z Krosna do Opola po srebro \u2013 wielki sukces w Olimpiadzie Piel\u0119gniarskiej<\/a><time datetime=\"2025-06-03T18:41:25+02:00\" class=\"wp-block-latest-posts__post-date\">3 czerwca 2025<\/time><div class=\"wp-block-latest-posts__post-excerpt\">Z ogromn\u0105 rado\u015bci\u0105 informujemy, \u017ce Sabina Z\u0105bik \u2013 studentka III roku kierunku Piel\u0119gniarstwo z Pa\u0144stwowej Akademii Nauk Stosowanych w Kro\u015bnie \u2013 zdoby\u0142a II miejsce w Jubileuszowej XV Mi\u0119dzyuczelnianej Olimpiadzie Piel\u0119gniarskiej im. dr Janiny Fetli\u0144skiej! Fina\u0142 wydarzenia odby\u0142 si\u0119 w dniu 16 maja 2025 roku na Uniwersytecie Opolskim i zgromadzi\u0142 kilkunastu student\u00f3w kierunku Piel\u0119gniarstwo reprezentuj\u0105cych uczelnie [\u2026] <div class=\"clear\"><\/div><a class=\"more_link clearfix\" href=\"https:\/\/pans.krosno.pl\/pielegniarstwo\/z-krosna-do-opola-po-srebro-wielki-sukces-w-olimpiadzie-pielegniarskiej\/\" rel=\"nofollow\">Read More<\/a><\/div><\/li>\n<li><div class=\"wp-block-latest-posts__featured-image alignleft\"><img loading=\"lazy\" decoding=\"async\" width=\"150\" height=\"150\" src=\"https:\/\/pans.krosno.pl\/pielegniarstwo\/wp-content\/uploads\/sites\/8\/2025\/05\/494424137_1509708933520485_559864523585163459_n-150x150.jpg\" class=\"attachment-thumbnail size-thumbnail wp-post-image\" alt=\"\" style=\"max-width:150px;max-height:150px;\" srcset=\"https:\/\/pans.krosno.pl\/pielegniarstwo\/wp-content\/uploads\/sites\/8\/2025\/05\/494424137_1509708933520485_559864523585163459_n-150x150.jpg 150w, https:\/\/pans.krosno.pl\/pielegniarstwo\/wp-content\/uploads\/sites\/8\/2025\/05\/494424137_1509708933520485_559864523585163459_n-80x80.jpg 80w\" sizes=\"auto, (max-width: 150px) 100vw, 150px\" \/><\/div><a class=\"wp-block-latest-posts__post-title\" href=\"https:\/\/pans.krosno.pl\/pielegniarstwo\/centrum-symulacji-medycznej-otwarte-na-swiat-delegacja-z-nankin-z-wizyta\/\">Centrum Symulacji Medycznej otwarte na \u015bwiat \u2013 delegacja z Nankin z wizyt\u0105<\/a><time datetime=\"2025-05-09T21:14:54+02:00\" class=\"wp-block-latest-posts__post-date\">9 maja 2025<\/time><div class=\"wp-block-latest-posts__post-excerpt\">W dniu 28 kwietnia 2025 r. Pa\u0144stwowa Akademia Nauk Stosowanych w Kro\u015bnie mia\u0142a zaszczyt go\u015bci\u0107 delegacj\u0119 z Nanjing University of the Arts &#8211; jednej z czo\u0142owych uczelni artystycznych w Chinach. Wizyta stanowi\u0142a element wsp\u00f3\u0142pracy zagranicznej realizowanej we wsp\u00f3\u0142pracy z Muzeum Rzemios\u0142a w Kro\u015bnie, a jej cz\u0119\u015bci\u0105 by\u0142o r\u00f3wnie\u017c zwiedzanie naszej Uczelni oraz wyg\u0142oszenie wyk\u0142adu przez [\u2026] <div class=\"clear\"><\/div><a class=\"more_link clearfix\" href=\"https:\/\/pans.krosno.pl\/pielegniarstwo\/centrum-symulacji-medycznej-otwarte-na-swiat-delegacja-z-nankin-z-wizyta\/\" rel=\"nofollow\">Read More<\/a><\/div><\/li>\n<li><div class=\"wp-block-latest-posts__featured-image alignleft\"><img loading=\"lazy\" decoding=\"async\" width=\"150\" height=\"150\" src=\"https:\/\/pans.krosno.pl\/pielegniarstwo\/wp-content\/uploads\/sites\/8\/2025\/05\/20250416_123158-1-150x150.jpg\" class=\"attachment-thumbnail size-thumbnail wp-post-image\" alt=\"\" style=\"max-width:150px;max-height:150px;\" srcset=\"https:\/\/pans.krosno.pl\/pielegniarstwo\/wp-content\/uploads\/sites\/8\/2025\/05\/20250416_123158-1-150x150.jpg 150w, https:\/\/pans.krosno.pl\/pielegniarstwo\/wp-content\/uploads\/sites\/8\/2025\/05\/20250416_123158-1-80x80.jpg 80w\" sizes=\"auto, (max-width: 150px) 100vw, 150px\" \/><\/div><a class=\"wp-block-latest-posts__post-title\" href=\"https:\/\/pans.krosno.pl\/pielegniarstwo\/wizyta-studyjna-w-san-francisco-nowe-doswiadczenia-globalne-perspektywy\/\">Wizyta studyjna w San Francisco \u2013 nowe do\u015bwiadczenia, globalne perspektywy<\/a><time datetime=\"2025-05-09T21:01:14+02:00\" class=\"wp-block-latest-posts__post-date\">9 maja 2025<\/time><div class=\"wp-block-latest-posts__post-excerpt\">Dr n. o zdr. Edyta Kwilosz, kierownik Centrum Symulacji Medycznej Pa\u0144stwowej Akademii Nauk Stosowanych w Kro\u015bnie w dniach 15-25 kwietnia przebywa\u0142a w Stanach Zjednoczonych, gdzie mia\u0142a okazj\u0119 uczestniczy\u0107 w wizycie studyjnej w Centrum Symulacji Medycznej dzia\u0142aj\u0105cym przy University of San Francisco. Relacja z wyjazdu Kampus University of San Francisco (USF) po\u0142o\u017cony jest na wzg\u00f3rzach dzielnicy [\u2026] <div class=\"clear\"><\/div><a class=\"more_link clearfix\" href=\"https:\/\/pans.krosno.pl\/pielegniarstwo\/wizyta-studyjna-w-san-francisco-nowe-doswiadczenia-globalne-perspektywy\/\" rel=\"nofollow\">Read More<\/a><\/div><\/li>\n<li><div class=\"wp-block-latest-posts__featured-image alignleft\"><img loading=\"lazy\" decoding=\"async\" width=\"150\" height=\"150\" src=\"https:\/\/pans.krosno.pl\/pielegniarstwo\/wp-content\/uploads\/sites\/8\/2025\/04\/Zawody-symulacja-med.-2025_026-150x150.jpg\" class=\"attachment-thumbnail size-thumbnail wp-post-image\" alt=\"\" style=\"max-width:150px;max-height:150px;\" srcset=\"https:\/\/pans.krosno.pl\/pielegniarstwo\/wp-content\/uploads\/sites\/8\/2025\/04\/Zawody-symulacja-med.-2025_026-150x150.jpg 150w, https:\/\/pans.krosno.pl\/pielegniarstwo\/wp-content\/uploads\/sites\/8\/2025\/04\/Zawody-symulacja-med.-2025_026-scaled-80x80.jpg 80w\" sizes=\"auto, (max-width: 150px) 100vw, 150px\" \/><\/div><a class=\"wp-block-latest-posts__post-title\" href=\"https:\/\/pans.krosno.pl\/pielegniarstwo\/studenci-pans-krosno-w-akcji-iii-podkarpackie-zawody-symulacji-medycznej-w-jaroslawiu\/\">Studenci PANS Krosno w akcji &#8211; III Podkarpackie Zawody Symulacji Medycznej w Jaros\u0142awiu<\/a><time datetime=\"2025-04-30T00:01:55+02:00\" class=\"wp-block-latest-posts__post-date\">30 kwietnia 2025<\/time><div class=\"wp-block-latest-posts__post-excerpt\">W czwartek, 24 kwietnia 2025 roku, studenci kierunku Piel\u0119gniarstwo z Instytutu Zdrowia Pa\u0144stwowej Akademii Nauk Stosowanych w Kro\u015bnie reprezentowali uczelni\u0119 podczas III Podkarpackich Zawod\u00f3w Symulacji Medycznej, kt\u00f3re odby\u0142y si\u0119 w Pa\u0144stwowej Akademii Nauk Stosowanych w Jaros\u0142awiu. W tegorocznej edycji zawod\u00f3w wzi\u0119\u0142o udzia\u0142 sze\u015b\u0107 zespo\u0142\u00f3w reprezentuj\u0105cych nast\u0119puj\u0105ce Uczelnie: Zesp\u00f3\u0142 z Krosna tworzy\u0142y studentki III roku kierunku [\u2026] <div class=\"clear\"><\/div><a class=\"more_link clearfix\" href=\"https:\/\/pans.krosno.pl\/pielegniarstwo\/studenci-pans-krosno-w-akcji-iii-podkarpackie-zawody-symulacji-medycznej-w-jaroslawiu\/\" rel=\"nofollow\">Read More<\/a><\/div><\/li>\n<li><div class=\"wp-block-latest-posts__featured-image alignleft\"><img loading=\"lazy\" decoding=\"async\" width=\"150\" height=\"150\" src=\"https:\/\/pans.krosno.pl\/pielegniarstwo\/wp-content\/uploads\/sites\/8\/2025\/04\/1-150x150.jpg\" class=\"attachment-thumbnail size-thumbnail wp-post-image\" alt=\"\" style=\"max-width:150px;max-height:150px;\" srcset=\"https:\/\/pans.krosno.pl\/pielegniarstwo\/wp-content\/uploads\/sites\/8\/2025\/04\/1-150x150.jpg 150w, https:\/\/pans.krosno.pl\/pielegniarstwo\/wp-content\/uploads\/sites\/8\/2025\/04\/1-300x300.jpg 300w, https:\/\/pans.krosno.pl\/pielegniarstwo\/wp-content\/uploads\/sites\/8\/2025\/04\/1-1024x1024.jpg 1024w, https:\/\/pans.krosno.pl\/pielegniarstwo\/wp-content\/uploads\/sites\/8\/2025\/04\/1-768x768.jpg 768w, https:\/\/pans.krosno.pl\/pielegniarstwo\/wp-content\/uploads\/sites\/8\/2025\/04\/1-1536x1536.jpg 1536w, https:\/\/pans.krosno.pl\/pielegniarstwo\/wp-content\/uploads\/sites\/8\/2025\/04\/1-2048x2048.jpg 2048w, https:\/\/pans.krosno.pl\/pielegniarstwo\/wp-content\/uploads\/sites\/8\/2025\/04\/1-2000x2000.jpg 2000w, https:\/\/pans.krosno.pl\/pielegniarstwo\/wp-content\/uploads\/sites\/8\/2025\/04\/1-800x800.jpg 800w, https:\/\/pans.krosno.pl\/pielegniarstwo\/wp-content\/uploads\/sites\/8\/2025\/04\/1-580x580.jpg 580w, https:\/\/pans.krosno.pl\/pielegniarstwo\/wp-content\/uploads\/sites\/8\/2025\/04\/1-80x80.jpg 80w\" sizes=\"auto, (max-width: 150px) 100vw, 150px\" \/><\/div><a class=\"wp-block-latest-posts__post-title\" href=\"https:\/\/pans.krosno.pl\/pielegniarstwo\/zdrowie-zaczyna-sie-dzis-relacja-z-obchodow-swiatowego-dnia-zdrowia-2025\/\">Zdrowie zaczyna si\u0119 dzi\u015b \u2013 relacja z obchod\u00f3w \u015awiatowego Dnia Zdrowia 2025<\/a><time datetime=\"2025-04-17T10:43:50+02:00\" class=\"wp-block-latest-posts__post-date\">17 kwietnia 2025<\/time><div class=\"wp-block-latest-posts__post-excerpt\">Dnia 11 kwietnia 2025 roku, w auli KW4 przy ul. Kazimierza Wielkiego w Kro\u015bnie, odby\u0142y si\u0119 obchody \u015awiatowego Dnia Zdrowia organizowane przez Instytut Zdrowia Pa\u0144stwowej Akademii Nauk Stosowanych w Kro\u015bnie. Wydarzenie mia\u0142o na celu podniesienie \u015bwiadomo\u015bci zdrowotnej, szczeg\u00f3lnie w kontek\u015bcie tegorocznego has\u0142a WHO: Zdrowe pocz\u0105tki, pe\u0142na nadziei przysz\u0142o\u015b\u0107. \u015awiatowy Dzie\u0144 Zdrowia obchodzony jest w naszej [\u2026] <div class=\"clear\"><\/div><a class=\"more_link clearfix\" href=\"https:\/\/pans.krosno.pl\/pielegniarstwo\/zdrowie-zaczyna-sie-dzis-relacja-z-obchodow-swiatowego-dnia-zdrowia-2025\/\" rel=\"nofollow\">Read More<\/a><\/div><\/li>\n<li><div class=\"wp-block-latest-posts__featured-image alignleft\"><img loading=\"lazy\" decoding=\"async\" width=\"150\" height=\"150\" src=\"https:\/\/pans.krosno.pl\/pielegniarstwo\/wp-content\/uploads\/sites\/8\/2025\/04\/Bez-tytulu-1-150x150.png\" class=\"attachment-thumbnail size-thumbnail wp-post-image\" alt=\"\" style=\"max-width:150px;max-height:150px;\" srcset=\"https:\/\/pans.krosno.pl\/pielegniarstwo\/wp-content\/uploads\/sites\/8\/2025\/04\/Bez-tytulu-1-150x150.png 150w, https:\/\/pans.krosno.pl\/pielegniarstwo\/wp-content\/uploads\/sites\/8\/2025\/04\/Bez-tytulu-1-300x300.png 300w, https:\/\/pans.krosno.pl\/pielegniarstwo\/wp-content\/uploads\/sites\/8\/2025\/04\/Bez-tytulu-1-1024x1024.png 1024w, https:\/\/pans.krosno.pl\/pielegniarstwo\/wp-content\/uploads\/sites\/8\/2025\/04\/Bez-tytulu-1-768x768.png 768w, https:\/\/pans.krosno.pl\/pielegniarstwo\/wp-content\/uploads\/sites\/8\/2025\/04\/Bez-tytulu-1-800x800.png 800w, https:\/\/pans.krosno.pl\/pielegniarstwo\/wp-content\/uploads\/sites\/8\/2025\/04\/Bez-tytulu-1-580x580.png 580w, https:\/\/pans.krosno.pl\/pielegniarstwo\/wp-content\/uploads\/sites\/8\/2025\/04\/Bez-tytulu-1-80x80.png 80w, https:\/\/pans.krosno.pl\/pielegniarstwo\/wp-content\/uploads\/sites\/8\/2025\/04\/Bez-tytulu-1.png 1078w\" sizes=\"auto, (max-width: 150px) 100vw, 150px\" \/><\/div><a class=\"wp-block-latest-posts__post-title\" href=\"https:\/\/pans.krosno.pl\/pielegniarstwo\/pans-krosno-wspiera-mlodych-ratownikow-relacja-z-xvii-regionalnych-mistrzostw-pierwszej-pomocy\/\">PANS Krosno wspiera m\u0142odych ratownik\u00f3w \u2013 relacja z XVII Regionalnych Mistrzostw Pierwszej Pomocy<\/a><time datetime=\"2025-04-14T20:45:41+02:00\" class=\"wp-block-latest-posts__post-date\">14 kwietnia 2025<\/time><div class=\"wp-block-latest-posts__post-excerpt\">W dniu 10 kwietnia br.\u00a0w Zespole Szk\u00f3\u0142 Naftowo-Gazowniczych w Kro\u015bnie odby\u0142y si\u0119 XVII Regionalne Mistrzostwa Pierwszej Pomocy, skierowane do uczni\u00f3w szk\u00f3\u0142 podstawowych. W wydarzeniu uczestniczyli tak\u017ce przedstawiciele Instytutu Zdrowia Pa\u0144stwowej Akademii Nauk Stosowanych w Kro\u015bnie. Kierownikiem stanowiska &#8222;Wypadek komunikacyjny&#8221; by\u0142 mgr Micha\u0142 Wojnar \u2013 pracownik Zak\u0142adu Piel\u0119gniarstwa, a rol\u0119 s\u0119dzi\u00f3w pe\u0142ni\u0142y studentki Instytutu Zdrowia: Daria [\u2026] <div class=\"clear\"><\/div><a class=\"more_link clearfix\" href=\"https:\/\/pans.krosno.pl\/pielegniarstwo\/pans-krosno-wspiera-mlodych-ratownikow-relacja-z-xvii-regionalnych-mistrzostw-pierwszej-pomocy\/\" rel=\"nofollow\">Read More<\/a><\/div><\/li>\n<li><div class=\"wp-block-latest-posts__featured-image alignleft\"><img loading=\"lazy\" decoding=\"async\" width=\"150\" height=\"150\" src=\"https:\/\/pans.krosno.pl\/pielegniarstwo\/wp-content\/uploads\/sites\/8\/2025\/04\/1744383722978-scaled-e1744655753943-150x150.jpg\" class=\"attachment-thumbnail size-thumbnail wp-post-image\" alt=\"\" style=\"max-width:150px;max-height:150px;\" srcset=\"https:\/\/pans.krosno.pl\/pielegniarstwo\/wp-content\/uploads\/sites\/8\/2025\/04\/1744383722978-scaled-e1744655753943-150x150.jpg 150w, https:\/\/pans.krosno.pl\/pielegniarstwo\/wp-content\/uploads\/sites\/8\/2025\/04\/1744383722978-scaled-e1744655753943-300x300.jpg 300w, https:\/\/pans.krosno.pl\/pielegniarstwo\/wp-content\/uploads\/sites\/8\/2025\/04\/1744383722978-scaled-e1744655753943-1024x1024.jpg 1024w, https:\/\/pans.krosno.pl\/pielegniarstwo\/wp-content\/uploads\/sites\/8\/2025\/04\/1744383722978-scaled-e1744655753943-768x768.jpg 768w, https:\/\/pans.krosno.pl\/pielegniarstwo\/wp-content\/uploads\/sites\/8\/2025\/04\/1744383722978-scaled-e1744655753943-800x800.jpg 800w, https:\/\/pans.krosno.pl\/pielegniarstwo\/wp-content\/uploads\/sites\/8\/2025\/04\/1744383722978-scaled-e1744655753943-580x580.jpg 580w, https:\/\/pans.krosno.pl\/pielegniarstwo\/wp-content\/uploads\/sites\/8\/2025\/04\/1744383722978-scaled-e1744655753943-80x80.jpg 80w, https:\/\/pans.krosno.pl\/pielegniarstwo\/wp-content\/uploads\/sites\/8\/2025\/04\/1744383722978-scaled-e1744655753943.jpg 1442w\" sizes=\"auto, (max-width: 150px) 100vw, 150px\" \/><\/div><a class=\"wp-block-latest-posts__post-title\" href=\"https:\/\/pans.krosno.pl\/pielegniarstwo\/zaklad-pielegniarstwa-na-elektrosukcesie\/\">Zdrowie i technologia rami\u0119 w rami\u0119 \u2013 PANS Krosno na Elektrosukcesie 2025<\/a><time datetime=\"2025-04-14T20:36:06+02:00\" class=\"wp-block-latest-posts__post-date\">14 kwietnia 2025<\/time><div class=\"wp-block-latest-posts__post-excerpt\">W dniu 9 kwietnia br. przedstawiciele Instytutu Zdrowia Pa\u0144stwowej Akademii Nauk Stosowanych w Kro\u015bnie uczestniczyli w wydarzeniu Elektrosukces, zorganizowanym przez Zesp\u00f3\u0142 Szk\u00f3\u0142 Elektrycznych i Og\u00f3lnokszta\u0142c\u0105cych w Kro\u015bnie. W ramach wydarzenia studenci kierunku Piel\u0119gniarstwo zaprezentowali szereg praktycznych umiej\u0119tno\u015bci medycznych, m.in.: Stoisko student\u00f3w Piel\u0119gniarstwa cieszy\u0142o si\u0119 niezwyk\u0142ym zainteresowaniem i by\u0142o jednym z najcz\u0119\u015bciej odwiedzanych podczas wydarzenia. Pokazy [\u2026] <div class=\"clear\"><\/div><a class=\"more_link clearfix\" href=\"https:\/\/pans.krosno.pl\/pielegniarstwo\/zaklad-pielegniarstwa-na-elektrosukcesie\/\" rel=\"nofollow\">Read More<\/a><\/div><\/li>\n<li><div class=\"wp-block-latest-posts__featured-image alignleft\"><img loading=\"lazy\" decoding=\"async\" width=\"150\" height=\"150\" src=\"https:\/\/pans.krosno.pl\/pielegniarstwo\/wp-content\/uploads\/sites\/8\/2025\/04\/Bez-tytulu-150x150.png\" class=\"attachment-thumbnail size-thumbnail wp-post-image\" alt=\"\" style=\"max-width:150px;max-height:150px;\" srcset=\"https:\/\/pans.krosno.pl\/pielegniarstwo\/wp-content\/uploads\/sites\/8\/2025\/04\/Bez-tytulu-150x150.png 150w, https:\/\/pans.krosno.pl\/pielegniarstwo\/wp-content\/uploads\/sites\/8\/2025\/04\/Bez-tytulu-300x300.png 300w, https:\/\/pans.krosno.pl\/pielegniarstwo\/wp-content\/uploads\/sites\/8\/2025\/04\/Bez-tytulu-768x768.png 768w, https:\/\/pans.krosno.pl\/pielegniarstwo\/wp-content\/uploads\/sites\/8\/2025\/04\/Bez-tytulu-800x800.png 800w, https:\/\/pans.krosno.pl\/pielegniarstwo\/wp-content\/uploads\/sites\/8\/2025\/04\/Bez-tytulu-580x580.png 580w, https:\/\/pans.krosno.pl\/pielegniarstwo\/wp-content\/uploads\/sites\/8\/2025\/04\/Bez-tytulu-80x80.png 80w, https:\/\/pans.krosno.pl\/pielegniarstwo\/wp-content\/uploads\/sites\/8\/2025\/04\/Bez-tytulu.png 1005w\" sizes=\"auto, (max-width: 150px) 100vw, 150px\" \/><\/div><a class=\"wp-block-latest-posts__post-title\" href=\"https:\/\/pans.krosno.pl\/pielegniarstwo\/wspolnie-o-wyzwaniach-w-onkologii-udzial-pans-krosno-w-konferencji-w-sanoku\/\">Wsp\u00f3lnie o wyzwaniach w onkologii \u2013 udzia\u0142 PANS Krosno w konferencji w Sanoku<\/a><time datetime=\"2025-04-14T20:31:03+02:00\" class=\"wp-block-latest-posts__post-date\">14 kwietnia 2025<\/time><div class=\"wp-block-latest-posts__post-excerpt\">Delegacja z Pa\u0144stwowej Akademii Nauk Stosowanych w Kro\u015bnie wzi\u0119\u0142a udzia\u0142 w 10. Mi\u0119dzynarodowej Onkologicznej Konferencji Naukowej, kt\u00f3ra odbywa\u0142a si\u0119 w dniach 7-9 kwietnia 2025 roku w Uczelni Pa\u0144stwowej im. Jana Grodka w Sanoku. Celem Konferencji by\u0142a wymiana wiedzy i do\u015bwiadcze\u0144 w zakresie chor\u00f3b nowotworowych z uwzgl\u0119dnieniem czynnik\u00f3w ryzyka, profilaktyki, diagnozowania, profesjonalnej opieki, leczenia, rehabilitacji i [\u2026] <div class=\"clear\"><\/div><a class=\"more_link clearfix\" href=\"https:\/\/pans.krosno.pl\/pielegniarstwo\/wspolnie-o-wyzwaniach-w-onkologii-udzial-pans-krosno-w-konferencji-w-sanoku\/\" rel=\"nofollow\">Read More<\/a><\/div><\/li>\n<li><div class=\"wp-block-latest-posts__featured-image alignleft\"><img loading=\"lazy\" decoding=\"async\" width=\"150\" height=\"150\" src=\"https:\/\/pans.krosno.pl\/pielegniarstwo\/wp-content\/uploads\/sites\/8\/2025\/04\/5575186585959448839-150x150.jpg\" class=\"attachment-thumbnail size-thumbnail wp-post-image\" alt=\"\" style=\"max-width:150px;max-height:150px;\" srcset=\"https:\/\/pans.krosno.pl\/pielegniarstwo\/wp-content\/uploads\/sites\/8\/2025\/04\/5575186585959448839-150x150.jpg 150w, https:\/\/pans.krosno.pl\/pielegniarstwo\/wp-content\/uploads\/sites\/8\/2025\/04\/5575186585959448839-300x300.jpg 300w, https:\/\/pans.krosno.pl\/pielegniarstwo\/wp-content\/uploads\/sites\/8\/2025\/04\/5575186585959448839-768x768.jpg 768w, https:\/\/pans.krosno.pl\/pielegniarstwo\/wp-content\/uploads\/sites\/8\/2025\/04\/5575186585959448839-800x800.jpg 800w, https:\/\/pans.krosno.pl\/pielegniarstwo\/wp-content\/uploads\/sites\/8\/2025\/04\/5575186585959448839-580x580.jpg 580w, https:\/\/pans.krosno.pl\/pielegniarstwo\/wp-content\/uploads\/sites\/8\/2025\/04\/5575186585959448839-80x80.jpg 80w, https:\/\/pans.krosno.pl\/pielegniarstwo\/wp-content\/uploads\/sites\/8\/2025\/04\/5575186585959448839.jpg 831w\" sizes=\"auto, (max-width: 150px) 100vw, 150px\" \/><\/div><a class=\"wp-block-latest-posts__post-title\" href=\"https:\/\/pans.krosno.pl\/pielegniarstwo\/pracownicy-zakladu-pielegniarstwa-na-konferencji-w-rzeszowie\/\">Zak\u0142ad Piel\u0119gniarstwa na konferencji w Rzeszowie<\/a><time datetime=\"2025-04-04T12:44:03+02:00\" class=\"wp-block-latest-posts__post-date\">4 kwietnia 2025<\/time><div class=\"wp-block-latest-posts__post-excerpt\">W dniu 2 kwietnia br. pracownicy Pa\u0144stwowej Akademii Nauk Stosowanych w Kro\u015bnie uczestniczyli w konferencji naukowo-szkoleniowej Nowe wyzwania etyczne w dobie przemian spo\u0142eczno-demograficznych, organizowanej przez Okr\u0119gow\u0105 Izb\u0119 Piel\u0119gniarek i Po\u0142o\u017cnych w Rzeszowie. Wydarzenie to by\u0142o okazj\u0105 do pog\u0142\u0119bienia wiedzy i wymiany do\u015bwiadcze\u0144 w zakresie etyki zawodowej. Tematyka wyk\u0142ad\u00f3w obejmowa\u0142a zagadnienia zwi\u0105zane z m.in.: Jednym z [\u2026] <div class=\"clear\"><\/div><a class=\"more_link clearfix\" href=\"https:\/\/pans.krosno.pl\/pielegniarstwo\/pracownicy-zakladu-pielegniarstwa-na-konferencji-w-rzeszowie\/\" rel=\"nofollow\">Read More<\/a><\/div><\/li>\n<li><div class=\"wp-block-latest-posts__featured-image alignleft\"><img loading=\"lazy\" decoding=\"async\" width=\"150\" height=\"150\" src=\"https:\/\/pans.krosno.pl\/pielegniarstwo\/wp-content\/uploads\/sites\/8\/2025\/03\/Messenger_creation_75BD4547-ACE4-4383-B507-D2154158DF4A-150x150.jpeg\" class=\"attachment-thumbnail size-thumbnail wp-post-image\" alt=\"\" style=\"max-width:150px;max-height:150px;\" srcset=\"https:\/\/pans.krosno.pl\/pielegniarstwo\/wp-content\/uploads\/sites\/8\/2025\/03\/Messenger_creation_75BD4547-ACE4-4383-B507-D2154158DF4A-150x150.jpeg 150w, https:\/\/pans.krosno.pl\/pielegniarstwo\/wp-content\/uploads\/sites\/8\/2025\/03\/Messenger_creation_75BD4547-ACE4-4383-B507-D2154158DF4A-80x80.jpeg 80w\" sizes=\"auto, (max-width: 150px) 100vw, 150px\" \/><\/div><a class=\"wp-block-latest-posts__post-title\" href=\"https:\/\/pans.krosno.pl\/pielegniarstwo\/zaklad-pielegniarstwa-na-konferencji-w-katowicach\/\">Zak\u0142ad Piel\u0119gniarstwa na konferencji w Katowicach<\/a><time datetime=\"2025-03-31T15:59:30+02:00\" class=\"wp-block-latest-posts__post-date\">31 marca 2025<\/time><div class=\"wp-block-latest-posts__post-excerpt\">W dniu 28 marca br. pracownicy Zak\u0142adu Piel\u0119gniarstwa z Pa\u0144stwowej Akademii Nauk Stosowanych w Kro\u015bnie uczestniczyli w Konferencji pt. &#8222;Przysz\u0142o\u015b\u0107 nauczania piel\u0119gniarstwa &#8211; wyzwania i mo\u017cliwo\u015bci&#8221;. Organizatorami konferencji byli \u015al\u0105ski Uniwersytet Medyczny, OIPiP w Katowicach oraz Polskie Towarzystwo Piel\u0119gniarskie w Katowicach. Wydarzenie zgromadzi\u0142o ekspert\u00f3w, wyk\u0142adowc\u00f3w oraz praktyk\u00f3w zawodu, kt\u00f3rzy wsp\u00f3lnie omawiali kluczowe zagadnienia zwi\u0105zane z [\u2026] <div class=\"clear\"><\/div><a class=\"more_link clearfix\" href=\"https:\/\/pans.krosno.pl\/pielegniarstwo\/zaklad-pielegniarstwa-na-konferencji-w-katowicach\/\" rel=\"nofollow\">Read More<\/a><\/div><\/li>\n<li><div class=\"wp-block-latest-posts__featured-image alignleft\"><img loading=\"lazy\" decoding=\"async\" width=\"150\" height=\"150\" src=\"https:\/\/pans.krosno.pl\/pielegniarstwo\/wp-content\/uploads\/sites\/8\/2025\/03\/1743413147295-150x150.jpg\" class=\"attachment-thumbnail size-thumbnail wp-post-image\" alt=\"\" style=\"max-width:150px;max-height:150px;\" srcset=\"https:\/\/pans.krosno.pl\/pielegniarstwo\/wp-content\/uploads\/sites\/8\/2025\/03\/1743413147295-150x150.jpg 150w, https:\/\/pans.krosno.pl\/pielegniarstwo\/wp-content\/uploads\/sites\/8\/2025\/03\/1743413147295-scaled-80x80.jpg 80w\" sizes=\"auto, (max-width: 150px) 100vw, 150px\" \/><\/div><a class=\"wp-block-latest-posts__post-title\" href=\"https:\/\/pans.krosno.pl\/pielegniarstwo\/seria-wykladow-dla-krosnienskich-amazonek\/\">Seria wyk\u0142ad\u00f3w dla kro\u015bnie\u0144skich Amazonek<\/a><time datetime=\"2025-03-31T15:52:14+02:00\" class=\"wp-block-latest-posts__post-date\">31 marca 2025<\/time><div class=\"wp-block-latest-posts__post-excerpt\">Dnia 27 marca br. w Pa\u0144stwowej Akademii Nauk Stosowanych w Kro\u015bnie odby\u0142 si\u0119 podw\u00f3jny wyk\u0142ad zorganizowany dla Stowarzyszenia Amazonek w Kro\u015bnie. Spotkanie poprowadzi\u0142a mgr Ma\u0142gorzata Dziura, kierownik Zak\u0142adu Piel\u0119gniarstwa. Uczestniczki mia\u0142y okazj\u0119 wys\u0142ucha\u0107 dw\u00f3ch interesuj\u0105cych prelekcji na temat zdrowia kobiet i os\u00f3b starszych. Pierwszy wyk\u0142ad pt. &#8222;Menopauza &#8211; Twoje zdrowie w twoich r\u0119kach&#8221; wyg\u0142osi\u0142y studentki [\u2026] <div class=\"clear\"><\/div><a class=\"more_link clearfix\" href=\"https:\/\/pans.krosno.pl\/pielegniarstwo\/seria-wykladow-dla-krosnienskich-amazonek\/\" rel=\"nofollow\">Read More<\/a><\/div><\/li>\n<li><div class=\"wp-block-latest-posts__featured-image alignleft\"><img loading=\"lazy\" decoding=\"async\" width=\"150\" height=\"150\" src=\"https:\/\/pans.krosno.pl\/pielegniarstwo\/wp-content\/uploads\/sites\/8\/2025\/03\/image00020001_upscayl_2x_remacri-4x-4-150x150.png\" class=\"attachment-thumbnail size-thumbnail wp-post-image\" alt=\"\" style=\"max-width:150px;max-height:150px;\" srcset=\"https:\/\/pans.krosno.pl\/pielegniarstwo\/wp-content\/uploads\/sites\/8\/2025\/03\/image00020001_upscayl_2x_remacri-4x-4-150x150.png 150w, https:\/\/pans.krosno.pl\/pielegniarstwo\/wp-content\/uploads\/sites\/8\/2025\/03\/image00020001_upscayl_2x_remacri-4x-4-80x80.png 80w\" sizes=\"auto, (max-width: 150px) 100vw, 150px\" \/><\/div><a class=\"wp-block-latest-posts__post-title\" href=\"https:\/\/pans.krosno.pl\/pielegniarstwo\/swiatowy-dzien-konsumenta-w-pans-krosno\/\">\u015awiatowy Dzie\u0144 Konsumenta w PANS Krosno<\/a><time datetime=\"2025-03-18T16:36:31+01:00\" class=\"wp-block-latest-posts__post-date\">18 marca 2025<\/time><div class=\"wp-block-latest-posts__post-excerpt\">W ramach obchod\u00f3w \u015awiatowego Dnia Konsumenta, w dniu 17 marca 2025 r. Pa\u0144stwowa Akademia Nauk Stosowanych w Kro\u015bnie go\u015bci\u0142a Powiatowego Rzecznika Konsument\u00f3w &#8211; dr El\u017cbiet\u0119 S\u0142ugock\u0105-Krup\u0119, kt\u00f3ra wyg\u0142osi\u0142a wyk\u0142ad na temat praw konsument\u00f3w, skierowany do student\u00f3w II i III roku kierunk\u00f3w medycznych. Z uwagi na to, \u017ce prawo do bezpiecze\u0144stwa i ochrony zdrowia jest jednym [\u2026] <div class=\"clear\"><\/div><a class=\"more_link clearfix\" href=\"https:\/\/pans.krosno.pl\/pielegniarstwo\/swiatowy-dzien-konsumenta-w-pans-krosno\/\" rel=\"nofollow\">Read More<\/a><\/div><\/li>\n<li><div class=\"wp-block-latest-posts__featured-image alignleft\"><img loading=\"lazy\" decoding=\"async\" width=\"150\" height=\"150\" src=\"https:\/\/pans.krosno.pl\/pielegniarstwo\/wp-content\/uploads\/sites\/8\/2025\/03\/67f8d49d-2102-4bd1-9e26-99f5381ef881-150x150.jpeg\" class=\"attachment-thumbnail size-thumbnail wp-post-image\" alt=\"\" style=\"max-width:150px;max-height:150px;\" srcset=\"https:\/\/pans.krosno.pl\/pielegniarstwo\/wp-content\/uploads\/sites\/8\/2025\/03\/67f8d49d-2102-4bd1-9e26-99f5381ef881-150x150.jpeg 150w, https:\/\/pans.krosno.pl\/pielegniarstwo\/wp-content\/uploads\/sites\/8\/2025\/03\/67f8d49d-2102-4bd1-9e26-99f5381ef881-80x80.jpeg 80w\" sizes=\"auto, (max-width: 150px) 100vw, 150px\" \/><\/div><a class=\"wp-block-latest-posts__post-title\" href=\"https:\/\/pans.krosno.pl\/pielegniarstwo\/szkolenia-dla-jasielskiego-uniwersytetu-dzieciecego\/\">Szkolenia dla Jasielskiego Uniwersytetu Dzieci\u0119cego<\/a><time datetime=\"2025-03-18T16:07:11+01:00\" class=\"wp-block-latest-posts__post-date\">18 marca 2025<\/time><div class=\"wp-block-latest-posts__post-excerpt\">W dniach 8 lutego oraz 8 i 15 marca pracownicy oraz studenci Kierunku Piel\u0119gniarstwo mieli przyjemno\u015b\u0107 przeprowadzi\u0107 warsztaty z zakresu udzielania pierwszej pomocy przedmedycznej dla grup dzieci w wieku od siedmiu do dziewi\u0119ciu lat nale\u017c\u0105cych do Jasielskiego Uniwersytetu Dzieci\u0119cego. Podczas prowadzonych szkole\u0144 zaprezentowano m\u0142odym adeptom nauki podstawowe zasady resuscytacji kr\u0105\u017ceniowo-oddechowej, u\u0142o\u017cenie w pozycji ustalonej, post\u0119powanie [\u2026] <div class=\"clear\"><\/div><a class=\"more_link clearfix\" href=\"https:\/\/pans.krosno.pl\/pielegniarstwo\/szkolenia-dla-jasielskiego-uniwersytetu-dzieciecego\/\" rel=\"nofollow\">Read More<\/a><\/div><\/li>\n<li><div class=\"wp-block-latest-posts__featured-image alignleft\"><img loading=\"lazy\" decoding=\"async\" width=\"150\" height=\"150\" src=\"https:\/\/pans.krosno.pl\/pielegniarstwo\/wp-content\/uploads\/sites\/8\/2025\/03\/4c3b6f07-5cc4-4ae3-99fe-a0bbdc5671cf_upscayl_4x_digital-art-4x1-2-150x150.png\" class=\"attachment-thumbnail size-thumbnail wp-post-image\" alt=\"\" style=\"max-width:150px;max-height:150px;\" srcset=\"https:\/\/pans.krosno.pl\/pielegniarstwo\/wp-content\/uploads\/sites\/8\/2025\/03\/4c3b6f07-5cc4-4ae3-99fe-a0bbdc5671cf_upscayl_4x_digital-art-4x1-2-150x150.png 150w, https:\/\/pans.krosno.pl\/pielegniarstwo\/wp-content\/uploads\/sites\/8\/2025\/03\/4c3b6f07-5cc4-4ae3-99fe-a0bbdc5671cf_upscayl_4x_digital-art-4x1-2-80x80.png 80w\" sizes=\"auto, (max-width: 150px) 100vw, 150px\" \/><\/div><a class=\"wp-block-latest-posts__post-title\" href=\"https:\/\/pans.krosno.pl\/pielegniarstwo\/i-etap-olimpiady-pielegniarskiej-im-janiny-fetlinskiej-za-nami\/\">I etap Olimpiady Piel\u0119gniarskiej im. Janiny Fetli\u0144skiej za nami<\/a><time datetime=\"2025-03-13T23:39:40+01:00\" class=\"wp-block-latest-posts__post-date\">13 marca 2025<\/time><div class=\"wp-block-latest-posts__post-excerpt\">Dnia 4 marca 2025 r. w naszej uczelni odby\u0142 si\u0119 I etap XV Mi\u0119dzyuczelnianej Olimpiady Piel\u0119gniarskiej im. dr Janiny Fetli\u0144skiej. W bie\u017c\u0105cym roku do olimpiady piel\u0119gniarskiej przyst\u0105pi\u0142o 14 uczelni. Olimpiada skierowana jest do student\u00f3w III roku piel\u0119gniarstwa. I etap Olimpiady polega\u0142 na napisaniu testu sk\u0142adaj\u0105cego si\u0119 z 60 pyta\u0144 zamkni\u0119tych z obszaru tematycznego odpowiadaj\u0105cego efektom [\u2026] <div class=\"clear\"><\/div><a class=\"more_link clearfix\" href=\"https:\/\/pans.krosno.pl\/pielegniarstwo\/i-etap-olimpiady-pielegniarskiej-im-janiny-fetlinskiej-za-nami\/\" rel=\"nofollow\">Read More<\/a><\/div><\/li>\n<li><div class=\"wp-block-latest-posts__featured-image alignleft\"><img loading=\"lazy\" decoding=\"async\" width=\"150\" height=\"150\" src=\"https:\/\/pans.krosno.pl\/pielegniarstwo\/wp-content\/uploads\/sites\/8\/2025\/03\/IMG-20250305-WA0003-1024x768-1-e1741854888379-150x150.jpg\" class=\"attachment-thumbnail size-thumbnail wp-post-image\" alt=\"\" style=\"max-width:150px;max-height:150px;\" srcset=\"https:\/\/pans.krosno.pl\/pielegniarstwo\/wp-content\/uploads\/sites\/8\/2025\/03\/IMG-20250305-WA0003-1024x768-1-e1741854888379-150x150.jpg 150w, https:\/\/pans.krosno.pl\/pielegniarstwo\/wp-content\/uploads\/sites\/8\/2025\/03\/IMG-20250305-WA0003-1024x768-1-e1741854888379-80x80.jpg 80w\" sizes=\"auto, (max-width: 150px) 100vw, 150px\" \/><\/div><a class=\"wp-block-latest-posts__post-title\" href=\"https:\/\/pans.krosno.pl\/pielegniarstwo\/pracownicy-pans-w-krosnie-uczestnikami-konferencji-uprzedz-depresje\/\">Pracownicy PANS w Kro\u015bnie uczestnikami konferencji \u201eUprzed\u017a depresj\u0119\u201d<\/a><time datetime=\"2025-03-13T09:37:41+01:00\" class=\"wp-block-latest-posts__post-date\">13 marca 2025<\/time><div class=\"wp-block-latest-posts__post-excerpt\">26 lutego 2025 r. nauczyciele PANS w Kro\u015bnie z kierunk\u00f3w Piel\u0119gniarstwo i Pedagogika oraz pracownicy Biura ds. Os\u00f3b z Niepe\u0142nosprawno\u015bciami wzi\u0119li udzia\u0142 w konferencji popularnonaukowej \u201eUprzed\u017a depresj\u0119\u201d organizowanej w Akademii Nauk Stosowanych w Nowym Targu. Konferencja odby\u0142a si\u0119 z okazji Og\u00f3lnopolskiego Dnia Walki z\u00a0Depresj\u0105. Organizatorem konferencji by\u0142 Podhala\u0144ski Szpital Specjalistyczny im. Jana Paw\u0142a II \u2013 [\u2026] <div class=\"clear\"><\/div><a class=\"more_link clearfix\" href=\"https:\/\/pans.krosno.pl\/pielegniarstwo\/pracownicy-pans-w-krosnie-uczestnikami-konferencji-uprzedz-depresje\/\" rel=\"nofollow\">Read More<\/a><\/div><\/li>\n<li><div class=\"wp-block-latest-posts__featured-image alignleft\"><img loading=\"lazy\" decoding=\"async\" width=\"150\" height=\"150\" src=\"https:\/\/pans.krosno.pl\/pielegniarstwo\/wp-content\/uploads\/sites\/8\/2025\/02\/478409308_1222601116539261_2071216433303364994_n-150x150.jpg\" class=\"attachment-thumbnail size-thumbnail wp-post-image\" alt=\"\" style=\"max-width:150px;max-height:150px;\" srcset=\"https:\/\/pans.krosno.pl\/pielegniarstwo\/wp-content\/uploads\/sites\/8\/2025\/02\/478409308_1222601116539261_2071216433303364994_n-150x150.jpg 150w, https:\/\/pans.krosno.pl\/pielegniarstwo\/wp-content\/uploads\/sites\/8\/2025\/02\/478409308_1222601116539261_2071216433303364994_n-80x80.jpg 80w\" sizes=\"auto, (max-width: 150px) 100vw, 150px\" \/><\/div><a class=\"wp-block-latest-posts__post-title\" href=\"https:\/\/pans.krosno.pl\/pielegniarstwo\/warsztaty-medyczne-dla-uczniow-michalickiego-zespolu-szkol-ponadpodstawowych-w-centrum-symulacji-medycznej\/\">Warsztaty medyczne dla uczni\u00f3w MZSP w Centrum Symulacji Medycznej<\/a><time datetime=\"2025-02-14T14:46:47+01:00\" class=\"wp-block-latest-posts__post-date\">14 lutego 2025<\/time><div class=\"wp-block-latest-posts__post-excerpt\">W poniedzia\u0142ek, 10 lutego 2025 roku, uczniowie klas III i IV z Michalickiego Zespo\u0142u Szk\u00f3\u0142 Ponadpodstawowych im. ks. Bronis\u0142awa Markiewicza w Miejscu Piastowym mieli okazj\u0119 uczestniczy\u0107 w praktycznych warsztatach w Centrum Symulacji Medycznej. Ju\u017c od pierwszych minut wizyty atmosfera by\u0142a pe\u0142na zaanga\u017cowania i ciekawo\u015bci. M\u0142odzie\u017c z zainteresowaniem zwiedza\u0142a centrum, zapoznaj\u0105c si\u0119 z profesjonalnym sprz\u0119tem i [\u2026] <div class=\"clear\"><\/div><a class=\"more_link clearfix\" href=\"https:\/\/pans.krosno.pl\/pielegniarstwo\/warsztaty-medyczne-dla-uczniow-michalickiego-zespolu-szkol-ponadpodstawowych-w-centrum-symulacji-medycznej\/\" rel=\"nofollow\">Read More<\/a><\/div><\/li>\n<li><div class=\"wp-block-latest-posts__featured-image alignleft\"><img loading=\"lazy\" decoding=\"async\" width=\"150\" height=\"150\" src=\"https:\/\/pans.krosno.pl\/pielegniarstwo\/wp-content\/uploads\/sites\/8\/2025\/02\/20250203_132322-150x150.jpg\" class=\"attachment-thumbnail size-thumbnail wp-post-image\" alt=\"\" style=\"max-width:150px;max-height:150px;\" srcset=\"https:\/\/pans.krosno.pl\/pielegniarstwo\/wp-content\/uploads\/sites\/8\/2025\/02\/20250203_132322-150x150.jpg 150w, https:\/\/pans.krosno.pl\/pielegniarstwo\/wp-content\/uploads\/sites\/8\/2025\/02\/20250203_132322-scaled-80x80.jpg 80w\" sizes=\"auto, (max-width: 150px) 100vw, 150px\" \/><\/div><a class=\"wp-block-latest-posts__post-title\" href=\"https:\/\/pans.krosno.pl\/pielegniarstwo\/warsztaty-z-zsku-w-centrum-symulacji-medycznej\/\">Warsztaty medyczne dla uczni\u00f3w ZSKU w Centrum Symulacji Medycznej<\/a><time datetime=\"2025-02-04T11:21:33+01:00\" class=\"wp-block-latest-posts__post-date\">4 lutego 2025<\/time><div class=\"wp-block-latest-posts__post-excerpt\">W poniedzia\u0142ek, 03 lutego 2025 roku w Centrum Symulacji Medycznej odby\u0142y si\u0119 warsztaty dla klasy III i IV technikum Zespo\u0142u Szk\u00f3\u0142 Kszta\u0142cenia Ustawicznego w Kro\u015bnie. Uczniowie ch\u0119tnie korzystali z zaplanowanych aktywno\u015bci, kt\u00f3rymi by\u0142y m. in.: monitorowanie poziomu glikemii, prowadzenie resuscytacji kr\u0105\u017ceniowo-oddechowej, zak\u0142adanie rurki ustno-gard\u0142owej, piel\u0119gnowanie noworodka, samobadanie piersi, czy badanie zewn\u0119trzne kobiety rodz\u0105cej. Ciekawym wyzwaniem [\u2026] <div class=\"clear\"><\/div><a class=\"more_link clearfix\" href=\"https:\/\/pans.krosno.pl\/pielegniarstwo\/warsztaty-z-zsku-w-centrum-symulacji-medycznej\/\" rel=\"nofollow\">Read More<\/a><\/div><\/li>\n<li><div class=\"wp-block-latest-posts__featured-image alignleft\"><img loading=\"lazy\" decoding=\"async\" width=\"150\" height=\"150\" src=\"https:\/\/pans.krosno.pl\/pielegniarstwo\/wp-content\/uploads\/sites\/8\/2025\/01\/Picture44_upscayl_3x_upscayl-standard-4x-150x150.png\" class=\"attachment-thumbnail size-thumbnail wp-post-image\" alt=\"\" style=\"max-width:150px;max-height:150px;\" srcset=\"https:\/\/pans.krosno.pl\/pielegniarstwo\/wp-content\/uploads\/sites\/8\/2025\/01\/Picture44_upscayl_3x_upscayl-standard-4x-150x150.png 150w, https:\/\/pans.krosno.pl\/pielegniarstwo\/wp-content\/uploads\/sites\/8\/2025\/01\/Picture44_upscayl_3x_upscayl-standard-4x-80x80.png 80w\" sizes=\"auto, (max-width: 150px) 100vw, 150px\" \/><\/div><a class=\"wp-block-latest-posts__post-title\" href=\"https:\/\/pans.krosno.pl\/pielegniarstwo\/podsumowanie-roku-2024\/\">Podsumowanie roku 2024<\/a><time datetime=\"2025-01-30T19:45:14+01:00\" class=\"wp-block-latest-posts__post-date\">30 stycznia 2025<\/time><div class=\"wp-block-latest-posts__post-excerpt\">Rok 2024 by\u0142 dla kierunku Piel\u0119gniarstwo czasem dynamicznego rozwoju i znacz\u0105cych osi\u0105gni\u0119\u0107. To okres, w kt\u00f3rym jako zesp\u00f3\u0142 nie tylko zdobywali\u015bmy nowe do\u015bwiadczenia, ale tak\u017ce rozwijali\u015bmy si\u0119 naukowo, sukcesywnie podnosili\u015bmy swoje kompetencje i zdobywali\u015bmy nowe do\u015bwiadczenia, o czym \u015bwiadcz\u0105 zaliczone pozytywnie specjalizacje, rozpocz\u0119te studia podyplomowe, a tak\u017ce inne zrealizowane formy doskonalenia zawodowego. Pracownicy uczestniczyli czynnie [\u2026] <div class=\"clear\"><\/div><a class=\"more_link clearfix\" href=\"https:\/\/pans.krosno.pl\/pielegniarstwo\/podsumowanie-roku-2024\/\" rel=\"nofollow\">Read More<\/a><\/div><\/li>\n<li><div class=\"wp-block-latest-posts__featured-image alignleft\"><img loading=\"lazy\" decoding=\"async\" width=\"150\" height=\"150\" src=\"https:\/\/pans.krosno.pl\/pielegniarstwo\/wp-content\/uploads\/sites\/8\/2025\/01\/PLAKAT_Olimpiada-Pielegniarska-2025_page-0001-150x150.jpg\" class=\"attachment-thumbnail size-thumbnail wp-post-image\" alt=\"\" style=\"max-width:150px;max-height:150px;\" srcset=\"https:\/\/pans.krosno.pl\/pielegniarstwo\/wp-content\/uploads\/sites\/8\/2025\/01\/PLAKAT_Olimpiada-Pielegniarska-2025_page-0001-150x150.jpg 150w, https:\/\/pans.krosno.pl\/pielegniarstwo\/wp-content\/uploads\/sites\/8\/2025\/01\/PLAKAT_Olimpiada-Pielegniarska-2025_page-0001-80x80.jpg 80w\" sizes=\"auto, (max-width: 150px) 100vw, 150px\" \/><\/div><a class=\"wp-block-latest-posts__post-title\" href=\"https:\/\/pans.krosno.pl\/pielegniarstwo\/xv-olimpiada-pielegniarska-im-dr-janiny-fetlinskiej\/\">XV Olimpiada Piel\u0119gniarska im. dr Janiny Fetli\u0144skiej<\/a><time datetime=\"2025-01-29T20:41:21+01:00\" class=\"wp-block-latest-posts__post-date\">29 stycznia 2025<\/time><div class=\"wp-block-latest-posts__post-excerpt\">Serdecznie zapraszamy student\u00f3w III roku piel\u0119gniarstwa, studi\u00f3w stacjonarnych pierwszego stopnia, do udzia\u0142u w XV Olimpiadzie Piel\u0119gniarskiej im. dr Janiny Fetli\u0144skiej. Olimpiada Piel\u0119gniarska przebiega w trzech etapach: I etap Olimpiady Piel\u0119gniarskiej odbywa si\u0119 r\u00f3wnocze\u015bnie we wszystkich uczelniach bior\u0105cych udzia\u0142 w XV Jubileuszowej Olimpiadzie Piel\u0119gniarskiej w dniu 04.03.2025 r., godz. 8.30 \u2013 9.30. Test sk\u0142ada si\u0119 z [\u2026] <div class=\"clear\"><\/div><a class=\"more_link clearfix\" href=\"https:\/\/pans.krosno.pl\/pielegniarstwo\/xv-olimpiada-pielegniarska-im-dr-janiny-fetlinskiej\/\" rel=\"nofollow\">Read More<\/a><\/div><\/li>\n<li><div class=\"wp-block-latest-posts__featured-image alignleft\"><img loading=\"lazy\" decoding=\"async\" width=\"150\" height=\"150\" src=\"https:\/\/pans.krosno.pl\/pielegniarstwo\/wp-content\/uploads\/sites\/8\/2025\/01\/certyfikat-Ministra-Zdrowia_page-0001-150x150.jpg\" class=\"attachment-thumbnail size-thumbnail wp-post-image\" alt=\"\" style=\"max-width:150px;max-height:150px;\" srcset=\"https:\/\/pans.krosno.pl\/pielegniarstwo\/wp-content\/uploads\/sites\/8\/2025\/01\/certyfikat-Ministra-Zdrowia_page-0001-150x150.jpg 150w, https:\/\/pans.krosno.pl\/pielegniarstwo\/wp-content\/uploads\/sites\/8\/2025\/01\/certyfikat-Ministra-Zdrowia_page-0001-scaled-80x80.jpg 80w\" sizes=\"auto, (max-width: 150px) 100vw, 150px\" \/><\/div><a class=\"wp-block-latest-posts__post-title\" href=\"https:\/\/pans.krosno.pl\/pielegniarstwo\/uzyskanie-akredytacji-na-studiach-drugiego-stopnia\/\">Uzyskanie akredytacji na studiach drugiego stopnia<\/a><time datetime=\"2025-01-28T14:46:43+01:00\" class=\"wp-block-latest-posts__post-date\">28 stycznia 2025<\/time><div class=\"wp-block-latest-posts__post-excerpt\">Mi\u0142o nam poinformowa\u0107, \u017ce na podstawie decyzji Ministra Zdrowia nr 3\/VI\/2025 z dnia 14 stycznia 2025 r., Pa\u0144stwowa Akademia Nauk Stosowanych w Kro\u015bnie uzyska\u0142a akredytacj\u0119\u00a0dla kierunku Piel\u0119gniarstwo, studia drugiego stopnia na okres\u00a05 lat. Studia drugiego stopnia na kierunku Piel\u0119gniarstwo zosta\u0142y uruchomione w Pa\u0144stwowej Akademii Nauk Stosowanych w Kro\u015bnie w roku akademickim 2020\/2021. W dniu 21 [\u2026] <div class=\"clear\"><\/div><a class=\"more_link clearfix\" href=\"https:\/\/pans.krosno.pl\/pielegniarstwo\/uzyskanie-akredytacji-na-studiach-drugiego-stopnia\/\" rel=\"nofollow\">Read More<\/a><\/div><\/li>\n<li><div class=\"wp-block-latest-posts__featured-image alignleft\"><img loading=\"lazy\" decoding=\"async\" width=\"150\" height=\"150\" src=\"https:\/\/pans.krosno.pl\/pielegniarstwo\/wp-content\/uploads\/sites\/8\/2025\/01\/Messenger_creation_8109D84B-A2A9-48BC-A2ED-499839651C71_upscayl_2x_ultramix-balanced-4x-1-150x150.png\" class=\"attachment-thumbnail size-thumbnail wp-post-image\" alt=\"\" style=\"max-width:150px;max-height:150px;\" srcset=\"https:\/\/pans.krosno.pl\/pielegniarstwo\/wp-content\/uploads\/sites\/8\/2025\/01\/Messenger_creation_8109D84B-A2A9-48BC-A2ED-499839651C71_upscayl_2x_ultramix-balanced-4x-1-150x150.png 150w, https:\/\/pans.krosno.pl\/pielegniarstwo\/wp-content\/uploads\/sites\/8\/2025\/01\/Messenger_creation_8109D84B-A2A9-48BC-A2ED-499839651C71_upscayl_2x_ultramix-balanced-4x-1-300x300.png 300w, https:\/\/pans.krosno.pl\/pielegniarstwo\/wp-content\/uploads\/sites\/8\/2025\/01\/Messenger_creation_8109D84B-A2A9-48BC-A2ED-499839651C71_upscayl_2x_ultramix-balanced-4x-1-1024x1024.png 1024w, https:\/\/pans.krosno.pl\/pielegniarstwo\/wp-content\/uploads\/sites\/8\/2025\/01\/Messenger_creation_8109D84B-A2A9-48BC-A2ED-499839651C71_upscayl_2x_ultramix-balanced-4x-1-768x768.png 768w, https:\/\/pans.krosno.pl\/pielegniarstwo\/wp-content\/uploads\/sites\/8\/2025\/01\/Messenger_creation_8109D84B-A2A9-48BC-A2ED-499839651C71_upscayl_2x_ultramix-balanced-4x-1-800x800.png 800w, https:\/\/pans.krosno.pl\/pielegniarstwo\/wp-content\/uploads\/sites\/8\/2025\/01\/Messenger_creation_8109D84B-A2A9-48BC-A2ED-499839651C71_upscayl_2x_ultramix-balanced-4x-1-580x580.png 580w, https:\/\/pans.krosno.pl\/pielegniarstwo\/wp-content\/uploads\/sites\/8\/2025\/01\/Messenger_creation_8109D84B-A2A9-48BC-A2ED-499839651C71_upscayl_2x_ultramix-balanced-4x-1-80x80.png 80w, https:\/\/pans.krosno.pl\/pielegniarstwo\/wp-content\/uploads\/sites\/8\/2025\/01\/Messenger_creation_8109D84B-A2A9-48BC-A2ED-499839651C71_upscayl_2x_ultramix-balanced-4x-1.png 1222w\" sizes=\"auto, (max-width: 150px) 100vw, 150px\" \/><\/div><a class=\"wp-block-latest-posts__post-title\" href=\"https:\/\/pans.krosno.pl\/pielegniarstwo\/ostatnie-pozegnanie\/\">Ostatnie po\u017cegnanie<\/a><time datetime=\"2025-01-22T13:52:57+01:00\" class=\"wp-block-latest-posts__post-date\">22 stycznia 2025<\/time><div class=\"wp-block-latest-posts__post-excerpt\">W ostatnich dniach po\u017cegnali\u015bmy studenta kierunku Piel\u0119gniarstwo, Kacpra Musia\u0142a. Serce jest pe\u0142ne smutku, a umys\u0142 zadaje pytania, na kt\u00f3re nadal nie znajdujemy odpowiedzi. Jak ka\u017cdy m\u0142ody cz\u0142owiek, Kacper mia\u0142 swoje marzenia i cele. Z pasj\u0105 i zaanga\u017cowaniem d\u0105\u017cy\u0142 do ich realizacji. Za kilka miesi\u0119cy mia\u0142 otrzyma\u0107 dyplom piel\u0119gniarza, mia\u0142a by\u0107 wymarzona praca, studia magisterskie\u2026\u015amier\u0107 przekre\u015bli\u0142a [\u2026] <div class=\"clear\"><\/div><a class=\"more_link clearfix\" href=\"https:\/\/pans.krosno.pl\/pielegniarstwo\/ostatnie-pozegnanie\/\" rel=\"nofollow\">Read More<\/a><\/div><\/li>\n<li><div class=\"wp-block-latest-posts__featured-image alignleft\"><img loading=\"lazy\" decoding=\"async\" width=\"150\" height=\"150\" src=\"https:\/\/pans.krosno.pl\/pielegniarstwo\/wp-content\/uploads\/sites\/8\/2025\/01\/facebook_1736511497397_72834571195821713851-150x150.jpg\" class=\"attachment-thumbnail size-thumbnail wp-post-image\" alt=\"\" style=\"max-width:150px;max-height:150px;\" srcset=\"https:\/\/pans.krosno.pl\/pielegniarstwo\/wp-content\/uploads\/sites\/8\/2025\/01\/facebook_1736511497397_72834571195821713851-150x150.jpg 150w, https:\/\/pans.krosno.pl\/pielegniarstwo\/wp-content\/uploads\/sites\/8\/2025\/01\/facebook_1736511497397_72834571195821713851-80x80.jpg 80w\" sizes=\"auto, (max-width: 150px) 100vw, 150px\" \/><\/div><a class=\"wp-block-latest-posts__post-title\" href=\"https:\/\/pans.krosno.pl\/pielegniarstwo\/z-glebokim-smutkiem-zawiadamiamy\/\">Z g\u0142\u0119bokim smutkiem zawiadamiamy\u2026<\/a><time datetime=\"2025-01-10T13:17:09+01:00\" class=\"wp-block-latest-posts__post-date\">10 stycznia 2025<\/time><div class=\"wp-block-latest-posts__post-excerpt\">Z\u00a0ogromnym\u00a0smutkiem\u00a0przekazujemy\u00a0informacj\u0119,\u00a0\u017ce\u00a07\u00a0stycznia\u00a02025 r.\u00a0zmar\u0142 \u015bp. Kacper\u00a0Musia\u0142, student III roku kierunku Piel\u0119gniarstwo Pa\u0144stwowej Akademii Nauk Stosowanych w Kro\u015bnie. Ta&nbsp;\u015bmier\u0107&nbsp;przysz\u0142a&nbsp;za&nbsp;szybko,&nbsp;zbyt&nbsp;nagle.&nbsp;Mia\u0142&nbsp;zaledwie&nbsp;21&nbsp;lat\u2026Da\u0142 si\u0119 zapami\u0119ta\u0107 jako wyj\u0105tkowy cz\u0142owiek o dobrym sercu, niezwyk\u0142ej wra\u017cliwo\u015bci &nbsp;i ogromnej empatii. Jako starosta roku by\u0142 nie tylko liderem, ale i prawdziwym przyjacielem, na kt\u00f3rego zawsze mo\u017cna by\u0142o liczy\u0107. Zawsze rzetelnie i z po\u015bwi\u0119ceniem \u00a0wywi\u0105zywa\u0142 si\u0119 ze swoich [\u2026] <div class=\"clear\"><\/div><a class=\"more_link clearfix\" href=\"https:\/\/pans.krosno.pl\/pielegniarstwo\/z-glebokim-smutkiem-zawiadamiamy\/\" rel=\"nofollow\">Read More<\/a><\/div><\/li>\n<li><div class=\"wp-block-latest-posts__featured-image alignleft\"><img loading=\"lazy\" decoding=\"async\" width=\"150\" height=\"150\" src=\"https:\/\/pans.krosno.pl\/pielegniarstwo\/wp-content\/uploads\/sites\/8\/2025\/01\/267222884o_upscayl_2x_realesrgan-x4plus-150x150.png\" class=\"attachment-thumbnail size-thumbnail wp-post-image\" alt=\"\" style=\"max-width:150px;max-height:150px;\" srcset=\"https:\/\/pans.krosno.pl\/pielegniarstwo\/wp-content\/uploads\/sites\/8\/2025\/01\/267222884o_upscayl_2x_realesrgan-x4plus-150x150.png 150w, https:\/\/pans.krosno.pl\/pielegniarstwo\/wp-content\/uploads\/sites\/8\/2025\/01\/267222884o_upscayl_2x_realesrgan-x4plus-80x80.png 80w\" sizes=\"auto, (max-width: 150px) 100vw, 150px\" \/><\/div><a class=\"wp-block-latest-posts__post-title\" href=\"https:\/\/pans.krosno.pl\/pielegniarstwo\/procedury-i-checklisty-w-praktyce-symulacji-medycznej-kompetencje-pielegniarskie\/\">Dr Katarzyna Zalewska wsp\u00f3\u0142autork\u0105 kompendium wiedzy<\/a><time datetime=\"2025-01-09T13:44:34+01:00\" class=\"wp-block-latest-posts__post-date\">9 stycznia 2025<\/time><div class=\"wp-block-latest-posts__post-excerpt\">Mi\u0142o nam og\u0142osi\u0107, \u017ce ukaza\u0142a si\u0119 pierwsza cz\u0119\u015b\u0107\u00a0trzytomowego kompendium wiedzy \u201eProcedury\u00a0i checklisty w praktyce symulacji medycznej. Kompetencje piel\u0119gniarskie\u201d pod redakcj\u0105 naukow\u0105 Kazimiery Hebel, Aleksandry Steligi i\u00a0Katarzyny Lewandowskiej. Wsp\u00f3\u0142autork\u0105 kilku rozdzia\u0142\u00f3w jest Pani dr Katarzyna Zalewska, pracownik Zak\u0142adu Piel\u0119gniarstwa PANS w Kro\u015bnie. Tom I zawiera pi\u0119\u0107 cz\u0119\u015bci: Autorzy w spos\u00f3b zrozumia\u0142y przedstawiaj\u0105 podstawowe procedury medyczne, opieraj\u0105c [\u2026] <div class=\"clear\"><\/div><a class=\"more_link clearfix\" href=\"https:\/\/pans.krosno.pl\/pielegniarstwo\/procedury-i-checklisty-w-praktyce-symulacji-medycznej-kompetencje-pielegniarskie\/\" rel=\"nofollow\">Read More<\/a><\/div><\/li>\n<li><div class=\"wp-block-latest-posts__featured-image alignleft\"><img loading=\"lazy\" decoding=\"async\" width=\"150\" height=\"150\" src=\"https:\/\/pans.krosno.pl\/pielegniarstwo\/wp-content\/uploads\/sites\/8\/2024\/12\/Piel_1-724x1024-1-150x150.jpg\" class=\"attachment-thumbnail size-thumbnail wp-post-image\" alt=\"\" style=\"max-width:150px;max-height:150px;\" srcset=\"https:\/\/pans.krosno.pl\/pielegniarstwo\/wp-content\/uploads\/sites\/8\/2024\/12\/Piel_1-724x1024-1-150x150.jpg 150w, https:\/\/pans.krosno.pl\/pielegniarstwo\/wp-content\/uploads\/sites\/8\/2024\/12\/Piel_1-724x1024-1-80x80.jpg 80w\" sizes=\"auto, (max-width: 150px) 100vw, 150px\" \/><\/div><a class=\"wp-block-latest-posts__post-title\" href=\"https:\/\/pans.krosno.pl\/pielegniarstwo\/podaruj-dzieciom-usmiech-zbiorka\/\">Podaruj dzieciom u\u015bmiech \u2013 zbi\u00f3rka<\/a><time datetime=\"2024-11-25T16:35:27+01:00\" class=\"wp-block-latest-posts__post-date\">25 listopada 2024<\/time><div class=\"wp-block-latest-posts__post-excerpt\">Studenckie Ko\u0142o Naukowe \u201eFlorencja\u201d organizuje zbi\u00f3rk\u0119 zabawek, puzzli i kolorowanek dla dzieci z oddzia\u0142u dzieci\u0119cego szpitala w Kro\u015bnie. Podarujmy dzieciom u\u015bmiech!<\/div><\/li>\n<li><div class=\"wp-block-latest-posts__featured-image alignleft\"><img loading=\"lazy\" decoding=\"async\" width=\"150\" height=\"150\" src=\"https:\/\/pans.krosno.pl\/pielegniarstwo\/wp-content\/uploads\/sites\/8\/2024\/12\/17-150x150.jpg\" class=\"attachment-thumbnail size-thumbnail wp-post-image\" alt=\"\" style=\"max-width:150px;max-height:150px;\" srcset=\"https:\/\/pans.krosno.pl\/pielegniarstwo\/wp-content\/uploads\/sites\/8\/2024\/12\/17-150x150.jpg 150w, https:\/\/pans.krosno.pl\/pielegniarstwo\/wp-content\/uploads\/sites\/8\/2024\/12\/17-80x80.jpg 80w\" sizes=\"auto, (max-width: 150px) 100vw, 150px\" \/><\/div><a class=\"wp-block-latest-posts__post-title\" href=\"https:\/\/pans.krosno.pl\/pielegniarstwo\/komisja-bioetyczna-zainaugurowala-swoja-dzialalnosc\/\">Komisja Bioetyczna zainaugurowa\u0142a swoj\u0105 dzia\u0142alno\u015b\u0107<\/a><time datetime=\"2024-11-20T16:32:52+01:00\" class=\"wp-block-latest-posts__post-date\">20 listopada 2024<\/time><div class=\"wp-block-latest-posts__post-excerpt\">15 listopada 2024 roku odby\u0142o si\u0119 pierwsze posiedzenie Komisji Bioetycznej dzia\u0142aj\u0105cej przy Pa\u0144stwowej Akademii Nauk Stosowanych w Kro\u015bnie. Przed rozpocz\u0119ciem obrad, JM Rektor Uczelni powita\u0142 cz\u0142on\u00f3w Komisji i wr\u0119czy\u0142 im uroczyste po\u015bwiadczenia powo\u0142ania do Komisji Bioetycznej. &nbsp;W sk\u0142adzie Komisji Bioetycznej zasiadaj\u0105: W czasie obrad wybrano przewodnicz\u0105cego Komisji Bioetycznej, pani\u0105 dr n. med. i n. o [\u2026] <div class=\"clear\"><\/div><a class=\"more_link clearfix\" href=\"https:\/\/pans.krosno.pl\/pielegniarstwo\/komisja-bioetyczna-zainaugurowala-swoja-dzialalnosc\/\" rel=\"nofollow\">Read More<\/a><\/div><\/li>\n<li><div class=\"wp-block-latest-posts__featured-image alignleft\"><img loading=\"lazy\" decoding=\"async\" width=\"150\" height=\"150\" src=\"https:\/\/pans.krosno.pl\/pielegniarstwo\/wp-content\/uploads\/sites\/8\/2024\/10\/brett-jordan-kuEMUoDZepY-unsplash-150x150.jpg\" class=\"attachment-thumbnail size-thumbnail wp-post-image\" alt=\"\" style=\"max-width:150px;max-height:150px;\" srcset=\"https:\/\/pans.krosno.pl\/pielegniarstwo\/wp-content\/uploads\/sites\/8\/2024\/10\/brett-jordan-kuEMUoDZepY-unsplash-150x150.jpg 150w, https:\/\/pans.krosno.pl\/pielegniarstwo\/wp-content\/uploads\/sites\/8\/2024\/10\/brett-jordan-kuEMUoDZepY-unsplash-80x80.jpg 80w\" sizes=\"auto, (max-width: 150px) 100vw, 150px\" \/><\/div><a class=\"wp-block-latest-posts__post-title\" href=\"https:\/\/pans.krosno.pl\/pielegniarstwo\/dyplomatorium-2024\/\">Dyplomatorium 2024<\/a><time datetime=\"2024-10-23T11:54:07+02:00\" class=\"wp-block-latest-posts__post-date\">23 pa\u017adziernika 2024<\/time><div class=\"wp-block-latest-posts__post-excerpt\">W dniu 27 wrze\u015bnia 2024 r. w auli Pa\u0144stwowej Akademii Nauk Stosowanych w Kro\u015bnie odby\u0142o si\u0119 uroczyste Dyplomatorium absolwent\u00f3w pierwszego i drugiego stopnia na kierunku Piel\u0119gniarstwo i Po\u0142o\u017cnictwo. Wydarzenie poprowadzi\u0142y kierownik Zak\u0142adu Piel\u0119gniarstwa \u2013 mgr Ma\u0142gorzata Dziura oraz kierownik Zak\u0142adu Po\u0142o\u017cnictwa \u2013 dr Joanna Grzesik-G\u0105sior. W uroczysto\u015bci uczestniczyli: Obecni byli tak\u017ce profesorowie oraz nauczyciele akademiccy [\u2026] <div class=\"clear\"><\/div><a class=\"more_link clearfix\" href=\"https:\/\/pans.krosno.pl\/pielegniarstwo\/dyplomatorium-2024\/\" rel=\"nofollow\">Read More<\/a><\/div><\/li>\n<li><div class=\"wp-block-latest-posts__featured-image alignleft\"><img loading=\"lazy\" decoding=\"async\" width=\"150\" height=\"150\" src=\"https:\/\/pans.krosno.pl\/pielegniarstwo\/wp-content\/uploads\/sites\/8\/2024\/10\/462455287_1116634227135951_8605970258741413061_n-150x150.jpg\" class=\"attachment-thumbnail size-thumbnail wp-post-image\" alt=\"\" style=\"max-width:150px;max-height:150px;\" srcset=\"https:\/\/pans.krosno.pl\/pielegniarstwo\/wp-content\/uploads\/sites\/8\/2024\/10\/462455287_1116634227135951_8605970258741413061_n-150x150.jpg 150w, https:\/\/pans.krosno.pl\/pielegniarstwo\/wp-content\/uploads\/sites\/8\/2024\/10\/462455287_1116634227135951_8605970258741413061_n-80x80.jpg 80w\" sizes=\"auto, (max-width: 150px) 100vw, 150px\" \/><\/div><a class=\"wp-block-latest-posts__post-title\" href=\"https:\/\/pans.krosno.pl\/pielegniarstwo\/inauguracja-roku-akademickiego-2024\/\">Inauguracja roku akademickiego 2024<\/a><time datetime=\"2024-10-22T19:29:18+02:00\" class=\"wp-block-latest-posts__post-date\">22 pa\u017adziernika 2024<\/time><div class=\"wp-block-latest-posts__post-excerpt\">15 pa\u017adziernika 2024 roku odby\u0142a si\u0119 uroczysta inauguracja roku akademickiego w Pa\u0144stwowej Akademii Nauk Stosowanych w Kro\u015bnie. Wa\u017cnym punktem uroczysto\u015bci by\u0142a immatrykulacja student\u00f3w pierwszego roku. Przedstawicielka kierunku Piel\u0119gniarstwo pani Klaudia Bry\u015b wraz z przedstawicielami innych kierunk\u00f3w z\u0142o\u017cy\u0142a uroczyste \u015blubowanie, przyrzekaj\u0105c sumiennie wype\u0142nia\u0107 obowi\u0105zki studenta i godnie reprezentowa\u0107 Uczelni\u0119. Mi\u0142o nam poinformowa\u0107, i\u017c podczas tegorocznej inauguracji [\u2026] <div class=\"clear\"><\/div><a class=\"more_link clearfix\" href=\"https:\/\/pans.krosno.pl\/pielegniarstwo\/inauguracja-roku-akademickiego-2024\/\" rel=\"nofollow\">Read More<\/a><\/div><\/li>\n<li><div class=\"wp-block-latest-posts__featured-image alignleft\"><img loading=\"lazy\" decoding=\"async\" width=\"150\" height=\"150\" src=\"https:\/\/pans.krosno.pl\/pielegniarstwo\/wp-content\/uploads\/sites\/8\/2024\/09\/20240922_140955pop-150x150.jpg\" class=\"attachment-thumbnail size-thumbnail wp-post-image\" alt=\"\" style=\"max-width:150px;max-height:150px;\" srcset=\"https:\/\/pans.krosno.pl\/pielegniarstwo\/wp-content\/uploads\/sites\/8\/2024\/09\/20240922_140955pop-150x150.jpg 150w, https:\/\/pans.krosno.pl\/pielegniarstwo\/wp-content\/uploads\/sites\/8\/2024\/09\/20240922_140955pop-scaled-80x80.jpg 80w\" sizes=\"auto, (max-width: 150px) 100vw, 150px\" \/><\/div><a class=\"wp-block-latest-posts__post-title\" href=\"https:\/\/pans.krosno.pl\/pielegniarstwo\/wyjazd-do-huelvy-w-ramach-erasmus\/\">Wyjazd do Huelvy w ramach Erasmus+ \ud83c\uddea\ud83c\uddf8<\/a><time datetime=\"2024-09-30T09:27:39+02:00\" class=\"wp-block-latest-posts__post-date\">30 wrze\u015bnia 2024<\/time><div class=\"wp-block-latest-posts__post-excerpt\">W dniach 17.09 \u2013 23.09 2024 kierownik Zak\u0142adu Piel\u0119gniarstwa mgr Ma\u0142gorzata Dziura oraz pracownicy: dr Edyta Kwilosz, dr Agnieszka Kijowska oraz mgr Agata Zbylut uczestniczyli w wyje\u017adzie zagranicznym do Universidad de Huelva w Hiszpanii w ramach programu Erasmus+ (Staff Mobility for Teaching). Relacj\u0119 z wyjazdu przedstawi\u0142a dr Edyta Kwilosz: \u201eM\u00f3j drugi pobyt w Universidad de [\u2026] <div class=\"clear\"><\/div><a class=\"more_link clearfix\" href=\"https:\/\/pans.krosno.pl\/pielegniarstwo\/wyjazd-do-huelvy-w-ramach-erasmus\/\" rel=\"nofollow\">Read More<\/a><\/div><\/li>\n<li><div class=\"wp-block-latest-posts__featured-image alignleft\"><img loading=\"lazy\" decoding=\"async\" width=\"150\" height=\"150\" src=\"https:\/\/pans.krosno.pl\/pielegniarstwo\/wp-content\/uploads\/sites\/8\/2024\/07\/engin-akyurt-EH7rn7YIzK8-unsplash-150x150.jpg\" class=\"attachment-thumbnail size-thumbnail wp-post-image\" alt=\"\" style=\"max-width:150px;max-height:150px;\" srcset=\"https:\/\/pans.krosno.pl\/pielegniarstwo\/wp-content\/uploads\/sites\/8\/2024\/07\/engin-akyurt-EH7rn7YIzK8-unsplash-150x150.jpg 150w, https:\/\/pans.krosno.pl\/pielegniarstwo\/wp-content\/uploads\/sites\/8\/2024\/07\/engin-akyurt-EH7rn7YIzK8-unsplash-80x80.jpg 80w\" sizes=\"auto, (max-width: 150px) 100vw, 150px\" \/><\/div><a class=\"wp-block-latest-posts__post-title\" href=\"https:\/\/pans.krosno.pl\/pielegniarstwo\/pozdrowienia-z-rumunii-%f0%9f%87%b7%f0%9f%87%b4\/\">Pozdrowienia z Rumunii! \ud83c\uddf7\ud83c\uddf4<\/a><time datetime=\"2024-07-12T15:00:32+02:00\" class=\"wp-block-latest-posts__post-date\">12 lipca 2024<\/time><div class=\"wp-block-latest-posts__post-excerpt\">Pani Anna Kowalczyk, pracownik sekretariatu Zak\u0142ad\u00f3w Piel\u0119gniarstwa, Po\u0142o\u017cnictwa i Ratownictwa Medycznego odby\u0142a w zesz\u0142ym miesi\u0105cu pi\u0119ciodniowe szkolenie w Uniwersytecie Oradejskim w Rumunii. Mobilno\u015b\u0107 pozwoli\u0142a jej na rozw\u00f3j oraz poszerzenie horyzont\u00f3w, a czas wolny sp\u0119dza\u0142a, zwiedzaj\u0105c pi\u0119kn\u0105 Orade\u0119. Zobaczcie sami, co pani Anna m\u00f3wi o swoim wyje\u017adzie. Jako pracownik administracyjny naszej uczelni, mam mo\u017cliwo\u015b\u0107 korzystania z [\u2026] <div class=\"clear\"><\/div><a class=\"more_link clearfix\" href=\"https:\/\/pans.krosno.pl\/pielegniarstwo\/pozdrowienia-z-rumunii-%f0%9f%87%b7%f0%9f%87%b4\/\" rel=\"nofollow\">Read More<\/a><\/div><\/li>\n<li><div class=\"wp-block-latest-posts__featured-image alignleft\"><img loading=\"lazy\" decoding=\"async\" width=\"150\" height=\"150\" src=\"https:\/\/pans.krosno.pl\/pielegniarstwo\/wp-content\/uploads\/sites\/8\/2024\/06\/Obraz3-150x150.jpg\" class=\"attachment-thumbnail size-thumbnail wp-post-image\" alt=\"\" style=\"max-width:150px;max-height:150px;\" srcset=\"https:\/\/pans.krosno.pl\/pielegniarstwo\/wp-content\/uploads\/sites\/8\/2024\/06\/Obraz3-150x150.jpg 150w, https:\/\/pans.krosno.pl\/pielegniarstwo\/wp-content\/uploads\/sites\/8\/2024\/06\/Obraz3-80x80.jpg 80w\" sizes=\"auto, (max-width: 150px) 100vw, 150px\" \/><\/div><a class=\"wp-block-latest-posts__post-title\" href=\"https:\/\/pans.krosno.pl\/pielegniarstwo\/konferencja-symulacji-medycznej-sesam-w-pradze\/\">Konferencja symulacji medycznej SESAM w Pradze<\/a><time datetime=\"2024-06-28T13:39:23+02:00\" class=\"wp-block-latest-posts__post-date\">28 czerwca 2024<\/time><div class=\"wp-block-latest-posts__post-excerpt\">W dniach 19-21 czerwca 2024 w Pradze odby\u0142a si\u0119 najwi\u0119ksza konferencja symulacyjna w Europie organizowana przez Society for Simulation in Europe (SESAM), w kt\u00f3rej udzia\u0142 wzi\u0119li dr n. o zdr. Edyta Kwilosz \u2013 pracownik Zak\u0142adu Piel\u0119gniarstwa oraz mgr Jakub Zalewski \u2013 kierownik Zak\u0142adu Ratownictwa Medycznego. Konferencja mia\u0142a na celu prezentacj\u0119 oraz wymian\u0119 najnowszej wiedzy i [\u2026] <div class=\"clear\"><\/div><a class=\"more_link clearfix\" href=\"https:\/\/pans.krosno.pl\/pielegniarstwo\/konferencja-symulacji-medycznej-sesam-w-pradze\/\" rel=\"nofollow\">Read More<\/a><\/div><\/li>\n<li><div class=\"wp-block-latest-posts__featured-image alignleft\"><img loading=\"lazy\" decoding=\"async\" width=\"150\" height=\"150\" src=\"https:\/\/pans.krosno.pl\/pielegniarstwo\/wp-content\/uploads\/sites\/8\/2024\/06\/pixelcut-export-150x150.png\" class=\"attachment-thumbnail size-thumbnail wp-post-image\" alt=\"\" style=\"max-width:150px;max-height:150px;\" srcset=\"https:\/\/pans.krosno.pl\/pielegniarstwo\/wp-content\/uploads\/sites\/8\/2024\/06\/pixelcut-export-150x150.png 150w, https:\/\/pans.krosno.pl\/pielegniarstwo\/wp-content\/uploads\/sites\/8\/2024\/06\/pixelcut-export-300x300.png 300w, https:\/\/pans.krosno.pl\/pielegniarstwo\/wp-content\/uploads\/sites\/8\/2024\/06\/pixelcut-export-1024x1024.png 1024w, https:\/\/pans.krosno.pl\/pielegniarstwo\/wp-content\/uploads\/sites\/8\/2024\/06\/pixelcut-export-768x768.png 768w, https:\/\/pans.krosno.pl\/pielegniarstwo\/wp-content\/uploads\/sites\/8\/2024\/06\/pixelcut-export-800x800.png 800w, https:\/\/pans.krosno.pl\/pielegniarstwo\/wp-content\/uploads\/sites\/8\/2024\/06\/pixelcut-export-580x580.png 580w, https:\/\/pans.krosno.pl\/pielegniarstwo\/wp-content\/uploads\/sites\/8\/2024\/06\/pixelcut-export-80x80.png 80w, https:\/\/pans.krosno.pl\/pielegniarstwo\/wp-content\/uploads\/sites\/8\/2024\/06\/pixelcut-export.png 1200w\" sizes=\"auto, (max-width: 150px) 100vw, 150px\" \/><\/div><a class=\"wp-block-latest-posts__post-title\" href=\"https:\/\/pans.krosno.pl\/pielegniarstwo\/dawid-makowicz-w-plebiscycie-osobowosc-roku-2023\/\">Dawid Makowicz w plebiscycie Osobowo\u015b\u0107 Roku 2023<\/a><time datetime=\"2024-06-24T14:00:56+02:00\" class=\"wp-block-latest-posts__post-date\">24 czerwca 2024<\/time><div class=\"wp-block-latest-posts__post-excerpt\">Z przyjemno\u015bci\u0105 pragniemy poinformowa\u0107, \u017ce mgr Dawid Makowicz &#8211; pracownik Zak\u0142adu Piel\u0119gniarstwa Pa\u0144stwowej Akademii Nauk Stosowanych w Kro\u015bnie &#8211; zdoby\u0142 1 116 g\u0142os\u00f3w, a tym samym zaj\u0105\u0142 II miejsce w kategorii Dzia\u0142alno\u015b\u0107 spo\u0142eczna i charytatywna w plebiscycie Osobowo\u015b\u0107 Roku 2023, organizowanym przez redakcj\u0119 portalu Nowiny24. Redakcja nominowa\u0142a mgr. Makowicza za organizacj\u0119 akcji honorowego krwiodawstwa oraz [\u2026] <div class=\"clear\"><\/div><a class=\"more_link clearfix\" href=\"https:\/\/pans.krosno.pl\/pielegniarstwo\/dawid-makowicz-w-plebiscycie-osobowosc-roku-2023\/\" rel=\"nofollow\">Read More<\/a><\/div><\/li>\n<li><div class=\"wp-block-latest-posts__featured-image alignleft\"><img loading=\"lazy\" decoding=\"async\" width=\"150\" height=\"150\" src=\"https:\/\/pans.krosno.pl\/pielegniarstwo\/wp-content\/uploads\/sites\/8\/2024\/06\/dillon-groves-uVkBBJbbkho-unsplash-150x150.jpg\" class=\"attachment-thumbnail size-thumbnail wp-post-image\" alt=\"\" style=\"max-width:150px;max-height:150px;\" srcset=\"https:\/\/pans.krosno.pl\/pielegniarstwo\/wp-content\/uploads\/sites\/8\/2024\/06\/dillon-groves-uVkBBJbbkho-unsplash-150x150.jpg 150w, https:\/\/pans.krosno.pl\/pielegniarstwo\/wp-content\/uploads\/sites\/8\/2024\/06\/dillon-groves-uVkBBJbbkho-unsplash-scaled-80x80.jpg 80w\" sizes=\"auto, (max-width: 150px) 100vw, 150px\" \/><\/div><a class=\"wp-block-latest-posts__post-title\" href=\"https:\/\/pans.krosno.pl\/pielegniarstwo\/wyjazd-studyjny-studentow-i-roku\/\">Wyjazd studyjny student\u00f3w I roku kierunku Piel\u0119gniarstwo studi\u00f3w drugiego stopnia<\/a><time datetime=\"2024-06-24T09:00:00+02:00\" class=\"wp-block-latest-posts__post-date\">24 czerwca 2024<\/time><div class=\"wp-block-latest-posts__post-excerpt\">W dniu 20 czerwca br. studenci I roku kierunku Piel\u0119gniarstwo studi\u00f3w drugiego stopnia mieli mo\u017cliwo\u015b\u0107 uczestniczenia w wyje\u017adzie studyjnym do Muszyny i Ropy wraz ze studentami kierunku Zielarstwo i Zarz\u0105dzania Pa\u0144stwowej Akademii Nauk Stosowanych w Kro\u015bnie. Podczas wyjazdu realizowano tematy zgodne\u00a0z tre\u015bciami\u00a0przyporz\u0105dkowanymi do przedmiotu Terapia ogrodowa w pracy z pacjentem, kt\u00f3ry zaproponowany jest jako jeden [\u2026] <div class=\"clear\"><\/div><a class=\"more_link clearfix\" href=\"https:\/\/pans.krosno.pl\/pielegniarstwo\/wyjazd-studyjny-studentow-i-roku\/\" rel=\"nofollow\">Read More<\/a><\/div><\/li>\n<li><div class=\"wp-block-latest-posts__featured-image alignleft\"><img loading=\"lazy\" decoding=\"async\" width=\"150\" height=\"150\" src=\"https:\/\/pans.krosno.pl\/pielegniarstwo\/wp-content\/uploads\/sites\/8\/2024\/06\/1718365085027-edited-150x150.jpeg\" class=\"attachment-thumbnail size-thumbnail wp-post-image\" alt=\"\" style=\"max-width:150px;max-height:150px;\" srcset=\"https:\/\/pans.krosno.pl\/pielegniarstwo\/wp-content\/uploads\/sites\/8\/2024\/06\/1718365085027-edited-150x150.jpeg 150w, https:\/\/pans.krosno.pl\/pielegniarstwo\/wp-content\/uploads\/sites\/8\/2024\/06\/1718365085027-edited-80x80.jpeg 80w\" sizes=\"auto, (max-width: 150px) 100vw, 150px\" \/><\/div><a class=\"wp-block-latest-posts__post-title\" href=\"https:\/\/pans.krosno.pl\/pielegniarstwo\/wreczenie-nagrod-za-zdobycie-ii-miejsca-w-iii-ogolnopolskich-zawodach-symulacji-medycznej-sim_challenge-2024\/\">Wr\u0119czenie nagr\u00f3d za zdobycie II miejsca w III Og\u00f3lnopolskich Zawodach Symulacji Medycznej Sim_Challenge 2024<\/a><time datetime=\"2024-06-14T13:59:21+02:00\" class=\"wp-block-latest-posts__post-date\">14 czerwca 2024<\/time><div class=\"wp-block-latest-posts__post-excerpt\">W dniu dzisiejszym studentki III roku kierunku Piel\u0119gniarstwo bior\u0105ce udzia\u0142 w III Og\u00f3lnopolskich Zawodach Symulacji Medycznej Sim_Challenge 2024 odebra\u0142y gratulacje i nagrody. Zesp\u00f3\u0142 w sk\u0142adzie: Wiktoria Kukuli\u0144ska (lider), Izabela Gorczyca, Julia Michna, Kinga Ostalecka, Joanna Pabian oraz mgr Dawid Makowicz \u2013 opiekun zespo\u0142u podczas zawod\u00f3w\u00a0otrzymali nagrody za zdobycie II miejsca w III Og\u00f3lnopolskich Zawodach Symulacji [\u2026] <div class=\"clear\"><\/div><a class=\"more_link clearfix\" href=\"https:\/\/pans.krosno.pl\/pielegniarstwo\/wreczenie-nagrod-za-zdobycie-ii-miejsca-w-iii-ogolnopolskich-zawodach-symulacji-medycznej-sim_challenge-2024\/\" rel=\"nofollow\">Read More<\/a><\/div><\/li>\n<li><div class=\"wp-block-latest-posts__featured-image alignleft\"><img loading=\"lazy\" decoding=\"async\" width=\"150\" height=\"150\" src=\"https:\/\/pans.krosno.pl\/pielegniarstwo\/wp-content\/uploads\/sites\/8\/2024\/06\/rut-miit-oTglG1D4hRA-unsplash-150x150.jpg\" class=\"attachment-thumbnail size-thumbnail wp-post-image\" alt=\"\" style=\"max-width:150px;max-height:150px;\" srcset=\"https:\/\/pans.krosno.pl\/pielegniarstwo\/wp-content\/uploads\/sites\/8\/2024\/06\/rut-miit-oTglG1D4hRA-unsplash-150x150.jpg 150w, https:\/\/pans.krosno.pl\/pielegniarstwo\/wp-content\/uploads\/sites\/8\/2024\/06\/rut-miit-oTglG1D4hRA-unsplash-scaled-80x80.jpg 80w\" sizes=\"auto, (max-width: 150px) 100vw, 150px\" \/><\/div><a class=\"wp-block-latest-posts__post-title\" href=\"https:\/\/pans.krosno.pl\/pielegniarstwo\/promocje-doktorskie-p-katarzyny-zalewskiej-i-p-agnieszki-kijowskiej\/\">Promocje doktorskie p. Katarzyny Zalewskiej i p. Agnieszki Kijowskiej<\/a><time datetime=\"2024-06-13T15:27:03+02:00\" class=\"wp-block-latest-posts__post-date\">13 czerwca 2024<\/time><div class=\"wp-block-latest-posts__post-excerpt\">W ostatnim czasie odby\u0142y si\u0119 dwie promocje doktorskie, podczas kt\u00f3rych wr\u0119czono uroczy\u015bcie dyplomy doktora dw\u00f3m pracownikom Pa\u0144stwowej Akademii Nauk Stosowanych w Kro\u015bnie. Pierwsza promocja odby\u0142a si\u0119 w dniu 25 kwietnia 2024 r. w Auli Collegium Maius Uniwersytetu Medycznego w Lublinie. Uroczysto\u015b\u0107 ta by\u0142a okazj\u0105 do wr\u0119czenia pami\u0105tkowych dyplom\u00f3w oraz z\u0142o\u017cenia \u015blubowania przez nowo promowanych doktor\u00f3w [\u2026] <div class=\"clear\"><\/div><a class=\"more_link clearfix\" href=\"https:\/\/pans.krosno.pl\/pielegniarstwo\/promocje-doktorskie-p-katarzyny-zalewskiej-i-p-agnieszki-kijowskiej\/\" rel=\"nofollow\">Read More<\/a><\/div><\/li>\n<li><div class=\"wp-block-latest-posts__featured-image alignleft\"><img loading=\"lazy\" decoding=\"async\" width=\"150\" height=\"150\" src=\"https:\/\/pans.krosno.pl\/pielegniarstwo\/wp-content\/uploads\/sites\/8\/2024\/06\/facebook_1718285761944_7207012844466052419-150x150.jpg\" class=\"attachment-thumbnail size-thumbnail wp-post-image\" alt=\"\" style=\"max-width:150px;max-height:150px;\" srcset=\"https:\/\/pans.krosno.pl\/pielegniarstwo\/wp-content\/uploads\/sites\/8\/2024\/06\/facebook_1718285761944_7207012844466052419-150x150.jpg 150w, https:\/\/pans.krosno.pl\/pielegniarstwo\/wp-content\/uploads\/sites\/8\/2024\/06\/facebook_1718285761944_7207012844466052419-80x80.jpg 80w\" sizes=\"auto, (max-width: 150px) 100vw, 150px\" \/><\/div><a class=\"wp-block-latest-posts__post-title\" href=\"https:\/\/pans.krosno.pl\/pielegniarstwo\/final-xiv-miedzynarodowej-olimpiady-pielegniarskiej-im-dr-janiny-fetlinskiej\/\">Fina\u0142 XIV Mi\u0119dzynarodowej Olimpiady Piel\u0119gniarskiej im. dr Janiny Fetli\u0144skiej<\/a><time datetime=\"2024-06-13T15:00:00+02:00\" class=\"wp-block-latest-posts__post-date\">13 czerwca 2024<\/time><div class=\"wp-block-latest-posts__post-excerpt\">10 maja 2024 roku w Pa\u0144stwowej Akademii Nauk Stosowanych w Przemy\u015blu odby\u0142 si\u0119 Fina\u0142 XIV Mi\u0119dzyuczelnianej Olimpiady Piel\u0119gniarskiej im. dr Janiny Fetli\u0144skiej, w kt\u00f3rym wzi\u0119li udzia\u0142 studenci z r\u00f3\u017cnych uczelni. Pa\u0144stwow\u0105 Akademi\u0119 Nauk Stosowanych w Kro\u015bnie reprezentowa\u0142y studentki III roku kierunku Piel\u0119gniarstwo pierwszego stopnia, Izabela Gorczyca i Wiktoria Kukuli\u0144ska pod opiek\u0105 dr n. o zdr. [\u2026] <div class=\"clear\"><\/div><a class=\"more_link clearfix\" href=\"https:\/\/pans.krosno.pl\/pielegniarstwo\/final-xiv-miedzynarodowej-olimpiady-pielegniarskiej-im-dr-janiny-fetlinskiej\/\" rel=\"nofollow\">Read More<\/a><\/div><\/li>\n<li><div class=\"wp-block-latest-posts__featured-image alignleft\"><img loading=\"lazy\" decoding=\"async\" width=\"150\" height=\"150\" src=\"https:\/\/pans.krosno.pl\/pielegniarstwo\/wp-content\/uploads\/sites\/8\/2024\/06\/20240607_1308211-1-1536x1152-1-e1718281076841-150x150.jpg\" class=\"attachment-thumbnail size-thumbnail wp-post-image\" alt=\"\" style=\"max-width:150px;max-height:150px;\" srcset=\"https:\/\/pans.krosno.pl\/pielegniarstwo\/wp-content\/uploads\/sites\/8\/2024\/06\/20240607_1308211-1-1536x1152-1-e1718281076841-150x150.jpg 150w, https:\/\/pans.krosno.pl\/pielegniarstwo\/wp-content\/uploads\/sites\/8\/2024\/06\/20240607_1308211-1-1536x1152-1-e1718281076841-80x80.jpg 80w\" sizes=\"auto, (max-width: 150px) 100vw, 150px\" \/><\/div><a class=\"wp-block-latest-posts__post-title\" href=\"https:\/\/pans.krosno.pl\/pielegniarstwo\/ii-miejsce-studentek-pielegniarstwa-podczas-zawodow-symulacji-medycznej-sim_challenge\/\">II miejsce studentek Piel\u0119gniarstwa podczas Zawod\u00f3w Symulacji Medycznej Sim_Challenge<\/a><time datetime=\"2024-06-13T14:16:33+02:00\" class=\"wp-block-latest-posts__post-date\">13 czerwca 2024<\/time><div class=\"wp-block-latest-posts__post-excerpt\">W dniach 6-7 czerwca br. na Wydziale Nauk o Zdrowiu Uniwersytetu Opolskiego odby\u0142y si\u0119 III Og\u00f3lnopolskie Zawody Symulacji Medycznej Sim_Challenge, w kt\u00f3rych studentki reprezentuj\u0105ce Zak\u0142ad Piel\u0119gniarstwa Pa\u0144stwowej Akademii Nauk Stosowanych w Kro\u015bnie zaj\u0119\u0142y II miejsce, zdobywaj\u0105c srebrne medale. Pierwszy dzie\u0144 zawod\u00f3w obejmowa\u0142 cztery pozorowane scenki, z kt\u00f3rymi personel piel\u0119gniarski mo\u017ce niejednokrotnie spotyka\u0107 si\u0119 podczas swojej [\u2026] <div class=\"clear\"><\/div><a class=\"more_link clearfix\" href=\"https:\/\/pans.krosno.pl\/pielegniarstwo\/ii-miejsce-studentek-pielegniarstwa-podczas-zawodow-symulacji-medycznej-sim_challenge\/\" rel=\"nofollow\">Read More<\/a><\/div><\/li>\n<li><div class=\"wp-block-latest-posts__featured-image alignleft\"><img loading=\"lazy\" decoding=\"async\" width=\"150\" height=\"150\" src=\"https:\/\/pans.krosno.pl\/pielegniarstwo\/wp-content\/uploads\/sites\/8\/2024\/06\/foto-7-scaled-e1718048903155-150x150.jpg\" class=\"attachment-thumbnail size-thumbnail wp-post-image\" alt=\"\" style=\"max-width:150px;max-height:150px;\" srcset=\"https:\/\/pans.krosno.pl\/pielegniarstwo\/wp-content\/uploads\/sites\/8\/2024\/06\/foto-7-scaled-e1718048903155-150x150.jpg 150w, https:\/\/pans.krosno.pl\/pielegniarstwo\/wp-content\/uploads\/sites\/8\/2024\/06\/foto-7-scaled-e1718048903155-80x80.jpg 80w\" sizes=\"auto, (max-width: 150px) 100vw, 150px\" \/><\/div><a class=\"wp-block-latest-posts__post-title\" href=\"https:\/\/pans.krosno.pl\/pielegniarstwo\/certyfikaty-umiejetnosci-praktycznych-na-kierunku-pielegniarstwo\/\">Certyfikaty umiej\u0119tno\u015bci praktycznych na kierunku Piel\u0119gniarstwo<\/a><time datetime=\"2024-06-10T21:48:38+02:00\" class=\"wp-block-latest-posts__post-date\">10 czerwca 2024<\/time><div class=\"wp-block-latest-posts__post-excerpt\">6 czerwca 2024 r. w pracowni nr 4 Zak\u0142adu Piel\u0119gniarstwa przy ulicy Kazimierza Wielkiego nast\u0105pi\u0142o wr\u0119czenie Certyfikat\u00f3w studentom drugiego roku przez Prorektora ds. Studi\u00f3w \u2013 Pana dr Krzysztofa Fr\u0105czka. Uroczysto\u015b\u0107 u\u015bwietni\u0142a Dyrektor Instytutu Zdrowia i Gospodarki \u2013 Pani dr Renata Dziubaszewska. W tym wydarzeniu uczestniczyli r\u00f3wnie\u017c Pan mgr Robert Rajs \u2013 wyk\u0142adowca PANS Krosno, prowadz\u0105cy [\u2026] <div class=\"clear\"><\/div><a class=\"more_link clearfix\" href=\"https:\/\/pans.krosno.pl\/pielegniarstwo\/certyfikaty-umiejetnosci-praktycznych-na-kierunku-pielegniarstwo\/\" rel=\"nofollow\">Read More<\/a><\/div><\/li>\n<li><div class=\"wp-block-latest-posts__featured-image alignleft\"><img loading=\"lazy\" decoding=\"async\" width=\"150\" height=\"150\" src=\"https:\/\/pans.krosno.pl\/pielegniarstwo\/wp-content\/uploads\/sites\/8\/2024\/05\/tim-cooper-pr_0PX1b6ZM-unsplash-150x150.jpg\" class=\"attachment-thumbnail size-thumbnail wp-post-image\" alt=\"\" style=\"max-width:150px;max-height:150px;\" srcset=\"https:\/\/pans.krosno.pl\/pielegniarstwo\/wp-content\/uploads\/sites\/8\/2024\/05\/tim-cooper-pr_0PX1b6ZM-unsplash-150x150.jpg 150w, https:\/\/pans.krosno.pl\/pielegniarstwo\/wp-content\/uploads\/sites\/8\/2024\/05\/tim-cooper-pr_0PX1b6ZM-unsplash-scaled-80x80.jpg 80w\" sizes=\"auto, (max-width: 150px) 100vw, 150px\" \/><\/div><a class=\"wp-block-latest-posts__post-title\" href=\"https:\/\/pans.krosno.pl\/pielegniarstwo\/ii-wojewodzkie-zawody-symulacji-medycznej\/\">II Wojew\u00f3dzkie Zawody Symulacji Medycznej<\/a><time datetime=\"2024-05-16T12:24:27+02:00\" class=\"wp-block-latest-posts__post-date\">16 maja 2024<\/time><div class=\"wp-block-latest-posts__post-excerpt\">Dnia 25 kwietnia 2024 roku zesp\u00f3\u0142 reprezentuj\u0105cy Pa\u0144stwow\u0105 Akademi\u0119 Nauk Stosowanych w Kro\u015bnie wzi\u0105\u0142 udzia\u0142 w II Wojew\u00f3dzkich Zawodach Symulacji Medycznej, zorganizowanych przez Pa\u0144stwow\u0105 Akademi\u0119 Nauk Stosowanych w Jaros\u0142awiu. Sk\u0142ad zespo\u0142u stanowili studenci drugiego roku kierunku Piel\u0119gniarstwo studi\u00f3w pierwszego stopnia, na czele z Magdalen\u0105 Bilsk\u0105, liderk\u0105 zespo\u0142u. Opr\u00f3cz niej, w sk\u0142adzie znalaz\u0142y si\u0119 r\u00f3wnie\u017c Katarzyna [\u2026] <div class=\"clear\"><\/div><a class=\"more_link clearfix\" href=\"https:\/\/pans.krosno.pl\/pielegniarstwo\/ii-wojewodzkie-zawody-symulacji-medycznej\/\" rel=\"nofollow\">Read More<\/a><\/div><\/li>\n<li><div class=\"wp-block-latest-posts__featured-image alignleft\"><img loading=\"lazy\" decoding=\"async\" width=\"150\" height=\"150\" src=\"https:\/\/pans.krosno.pl\/pielegniarstwo\/wp-content\/uploads\/sites\/8\/2024\/04\/ilya-chunin-NWAnvRx5x3o-unsplash-150x150.jpg\" class=\"attachment-thumbnail size-thumbnail wp-post-image\" alt=\"\" style=\"max-width:150px;max-height:150px;\" srcset=\"https:\/\/pans.krosno.pl\/pielegniarstwo\/wp-content\/uploads\/sites\/8\/2024\/04\/ilya-chunin-NWAnvRx5x3o-unsplash-150x150.jpg 150w, https:\/\/pans.krosno.pl\/pielegniarstwo\/wp-content\/uploads\/sites\/8\/2024\/04\/ilya-chunin-NWAnvRx5x3o-unsplash-scaled-80x80.jpg 80w\" sizes=\"auto, (max-width: 150px) 100vw, 150px\" \/><\/div><a class=\"wp-block-latest-posts__post-title\" href=\"https:\/\/pans.krosno.pl\/pielegniarstwo\/xxx-ogolnopolskie-mistrzostwa-pierwszej-pomocy-pck-w-krosnienskiej-uczelni\/\">XXX Og\u00f3lnopolskie Mistrzostwa Pierwszej Pomocy PCK w kro\u015bnie\u0144skiej uczelni<\/a><time datetime=\"2024-04-29T18:33:56+02:00\" class=\"wp-block-latest-posts__post-date\">29 kwietnia 2024<\/time><div class=\"wp-block-latest-posts__post-excerpt\">Ju\u017c po raz sz\u00f3sty, w dniu 22 kwietnia br., Zak\u0142ad Piel\u0119gniarstwa Pa\u0144stwowej Akademii Nauk Stosowanych w Kro\u015bnie mia\u0142 przyjemno\u015b\u0107 wsp\u00f3\u0142organizowa\u0107 XXX&nbsp;Mistrzostwa Pierwszej Pomocy PCK. Pracownicy Zak\u0142adu Piel\u0119gniarstwa byli odpowiedzialni za opracowanie scenek, logistyczn\u0105 organizacj\u0119 zawod\u00f3w oraz pe\u0142nili funkcj\u0119 s\u0119dzi\u00f3w.&nbsp; Studenci oceniali test, zliczali wyniki, charakteryzowali pozorant\u00f3w oraz prowadzili zespo\u0142y na poszczeg\u00f3lne stanowiska. Podczas realizacji symulowanych [\u2026] <div class=\"clear\"><\/div><a class=\"more_link clearfix\" href=\"https:\/\/pans.krosno.pl\/pielegniarstwo\/xxx-ogolnopolskie-mistrzostwa-pierwszej-pomocy-pck-w-krosnienskiej-uczelni\/\" rel=\"nofollow\">Read More<\/a><\/div><\/li>\n<li><div class=\"wp-block-latest-posts__featured-image alignleft\"><img loading=\"lazy\" decoding=\"async\" width=\"150\" height=\"150\" src=\"https:\/\/pans.krosno.pl\/pielegniarstwo\/wp-content\/uploads\/sites\/8\/2024\/04\/unnamed-150x150.png\" class=\"attachment-thumbnail size-thumbnail wp-post-image\" alt=\"\" style=\"max-width:150px;max-height:150px;\" srcset=\"https:\/\/pans.krosno.pl\/pielegniarstwo\/wp-content\/uploads\/sites\/8\/2024\/04\/unnamed-150x150.png 150w, https:\/\/pans.krosno.pl\/pielegniarstwo\/wp-content\/uploads\/sites\/8\/2024\/04\/unnamed-80x80.png 80w\" sizes=\"auto, (max-width: 150px) 100vw, 150px\" \/><\/div><a class=\"wp-block-latest-posts__post-title\" href=\"https:\/\/pans.krosno.pl\/pielegniarstwo\/zajecia-dla-stowarzyszenia-amazonek-w-krosnie\/\">Zaj\u0119cia dla Stowarzyszenia Amazonek w Kro\u015bnie<\/a><time datetime=\"2024-04-15T10:19:34+02:00\" class=\"wp-block-latest-posts__post-date\">15 kwietnia 2024<\/time><div class=\"wp-block-latest-posts__post-excerpt\">\u201eChoroba pokazuje nam, kim jeste\u015bmy\u201dAlessandro Manzoni W ramach wsp\u00f3\u0142pracy pomi\u0119dzy Uczelni\u0105 a kro\u015bnie\u0144skim Stowarzyszeniem Amazonek w dniu 11 kwietnia 2024 roku odby\u0142o si\u0119 spotkanie edukacyjne dotycz\u0105ce zdrowia. Wyk\u0142ad, kt\u00f3ry odby\u0142 si\u0119 w siedzibie Amazonek dotycz\u0105cy profilaktyki upadk\u00f3w u os\u00f3b starszych zaprezentowa\u0142a dr n. med. Ewa Smole\u0144 przy wsparciu mgr Micha\u0142a Wojnara. Uczestnicy spotkania wykazali wysoki [\u2026] <div class=\"clear\"><\/div><a class=\"more_link clearfix\" href=\"https:\/\/pans.krosno.pl\/pielegniarstwo\/zajecia-dla-stowarzyszenia-amazonek-w-krosnie\/\" rel=\"nofollow\">Read More<\/a><\/div><\/li>\n<li><div class=\"wp-block-latest-posts__featured-image alignleft\"><img loading=\"lazy\" decoding=\"async\" width=\"150\" height=\"150\" src=\"https:\/\/pans.krosno.pl\/pielegniarstwo\/wp-content\/uploads\/sites\/8\/2024\/04\/World-Health-Day-e1680641603624-1024x840-1-150x150.webp\" class=\"attachment-thumbnail size-thumbnail wp-post-image\" alt=\"\" style=\"max-width:150px;max-height:150px;\" srcset=\"https:\/\/pans.krosno.pl\/pielegniarstwo\/wp-content\/uploads\/sites\/8\/2024\/04\/World-Health-Day-e1680641603624-1024x840-1-150x150.webp 150w, https:\/\/pans.krosno.pl\/pielegniarstwo\/wp-content\/uploads\/sites\/8\/2024\/04\/World-Health-Day-e1680641603624-1024x840-1-80x80.webp 80w\" sizes=\"auto, (max-width: 150px) 100vw, 150px\" \/><\/div><a class=\"wp-block-latest-posts__post-title\" href=\"https:\/\/pans.krosno.pl\/pielegniarstwo\/swiatowy-dzien-zdrowia-2024\/\">\u015awiatowy Dzie\u0144 Zdrowia 2024<\/a><time datetime=\"2024-04-15T09:30:25+02:00\" class=\"wp-block-latest-posts__post-date\">15 kwietnia 2024<\/time><div class=\"wp-block-latest-posts__post-excerpt\">7 kwietnia corocznie obchodzimy \u015awiatowy Dzie\u0144 Zdrowia, ustanowiony przez \u015awiatow\u0105 Organizacj\u0119 Zdrowia (WHO) aby mobilizowa\u0107 ludzi na ca\u0142ym \u015bwiecie do podejmowania dzia\u0142a\u0144 zmierzaj\u0105cych do poprawy zdrowia. Ten dzie\u0144, to r\u00f3wnie\u017c \u015bwi\u0119to wszystkich Pracownik\u00f3w Ochrony Zdrowia. W ramach obchod\u00f3w \u015awiatowego Dnia Zdrowia 2024, kt\u00f3rego has\u0142o brzmi\u00a0Moje zdrowie, moje prawo, w dniu 8 kwietnia br. Pa\u0144stwowa Akademia [\u2026] <div class=\"clear\"><\/div><a class=\"more_link clearfix\" href=\"https:\/\/pans.krosno.pl\/pielegniarstwo\/swiatowy-dzien-zdrowia-2024\/\" rel=\"nofollow\">Read More<\/a><\/div><\/li>\n<li><div class=\"wp-block-latest-posts__featured-image alignleft\"><img loading=\"lazy\" decoding=\"async\" width=\"150\" height=\"150\" src=\"https:\/\/pans.krosno.pl\/pielegniarstwo\/wp-content\/uploads\/sites\/8\/2024\/04\/giorgio-trovato-_XTY6lD8jgM-unsplash-150x150.jpg\" class=\"attachment-thumbnail size-thumbnail wp-post-image\" alt=\"\" style=\"max-width:150px;max-height:150px;\" srcset=\"https:\/\/pans.krosno.pl\/pielegniarstwo\/wp-content\/uploads\/sites\/8\/2024\/04\/giorgio-trovato-_XTY6lD8jgM-unsplash-150x150.jpg 150w, https:\/\/pans.krosno.pl\/pielegniarstwo\/wp-content\/uploads\/sites\/8\/2024\/04\/giorgio-trovato-_XTY6lD8jgM-unsplash-scaled-80x80.jpg 80w\" sizes=\"auto, (max-width: 150px) 100vw, 150px\" \/><\/div><a class=\"wp-block-latest-posts__post-title\" href=\"https:\/\/pans.krosno.pl\/pielegniarstwo\/wyniki-ii-etapu-miedzyuczelnianej-olimpiady-pielegniarskiej-im-dr-janiny-fetlinskiej\/\">Wyniki II etapu Mi\u0119dzyuczelnianej Olimpiady Piel\u0119gniarskiej im. dr Janiny Fetli\u0144skiej<\/a><time datetime=\"2024-04-11T10:40:47+02:00\" class=\"wp-block-latest-posts__post-date\">11 kwietnia 2024<\/time><div class=\"wp-block-latest-posts__post-excerpt\">W dniu 9 kwietnia 2024 r. o godzinie 10:00 we wszystkich Uczelniach bior\u0105cych udzia\u0142 w tegorocznej edycji mia\u0142 miejsce II etap XIV Olimpiady Piel\u0119gniarskiej im. dr Janiny Fetli\u0144skiej. Do II etapu Olimpiady przyst\u0105pi\u0142o pi\u0119\u0107 studentek III roku kierunku Piel\u0119gniarstwo. Etap ten odbywa\u0142 si\u0119 w Centrum Symulacji Medycznej i polega\u0142 na: Studentki zakwalifikowane do II etapu [\u2026] <div class=\"clear\"><\/div><a class=\"more_link clearfix\" href=\"https:\/\/pans.krosno.pl\/pielegniarstwo\/wyniki-ii-etapu-miedzyuczelnianej-olimpiady-pielegniarskiej-im-dr-janiny-fetlinskiej\/\" rel=\"nofollow\">Read More<\/a><\/div><\/li>\n<li><div class=\"wp-block-latest-posts__featured-image alignleft\"><img loading=\"lazy\" decoding=\"async\" width=\"150\" height=\"150\" src=\"https:\/\/pans.krosno.pl\/pielegniarstwo\/wp-content\/uploads\/sites\/8\/2024\/04\/Dzien-Zdrowia-150x150.png\" class=\"attachment-thumbnail size-thumbnail wp-post-image\" alt=\"\" style=\"max-width:150px;max-height:150px;\" srcset=\"https:\/\/pans.krosno.pl\/pielegniarstwo\/wp-content\/uploads\/sites\/8\/2024\/04\/Dzien-Zdrowia-150x150.png 150w, https:\/\/pans.krosno.pl\/pielegniarstwo\/wp-content\/uploads\/sites\/8\/2024\/04\/Dzien-Zdrowia-80x80.png 80w\" sizes=\"auto, (max-width: 150px) 100vw, 150px\" \/><\/div><a class=\"wp-block-latest-posts__post-title\" href=\"https:\/\/pans.krosno.pl\/pielegniarstwo\/swiatowy-dzien-zdrowia-2024-moje-zdrowie-moje-prawo\/\">\u015awiatowy Dzie\u0144 Zdrowia 2024 &#8211; Moje zdrowie, moje prawo<\/a><time datetime=\"2024-04-04T11:58:14+02:00\" class=\"wp-block-latest-posts__post-date\">4 kwietnia 2024<\/time><div class=\"wp-block-latest-posts__post-excerpt\">Co roku 7 kwietnia, w rocznic\u0119 powstania \u015awiatowej Organizacji Zdrowia (WHO), obchodzony jest \u015awiatowy Dzie\u0144 Zdrowia. W 2024 roku jego has\u0142o przewodnie brzmi &#8222;Moje zdrowie, moje prawo&#8221;. Z tej okazji w najbli\u017cszy poniedzia\u0142ek, 8 kwietnia od godz. 10:30, w Pa\u0144stwowej Akademii Nauk Stosowanych w Kro\u015bnie odb\u0119d\u0105 si\u0119 wyk\u0142ady i warsztaty organizowane przez Zak\u0142ady Piel\u0119gniarstwa, Po\u0142o\u017cnictwa, [\u2026] <div class=\"clear\"><\/div><a class=\"more_link clearfix\" href=\"https:\/\/pans.krosno.pl\/pielegniarstwo\/swiatowy-dzien-zdrowia-2024-moje-zdrowie-moje-prawo\/\" rel=\"nofollow\">Read More<\/a><\/div><\/li>\n<li><div class=\"wp-block-latest-posts__featured-image alignleft\"><img loading=\"lazy\" decoding=\"async\" width=\"150\" height=\"150\" src=\"https:\/\/pans.krosno.pl\/pielegniarstwo\/wp-content\/uploads\/sites\/8\/2024\/03\/432058424_817932273707572_6402018051870689511_n-150x150.jpg\" class=\"attachment-thumbnail size-thumbnail wp-post-image\" alt=\"\" style=\"max-width:150px;max-height:150px;\" srcset=\"https:\/\/pans.krosno.pl\/pielegniarstwo\/wp-content\/uploads\/sites\/8\/2024\/03\/432058424_817932273707572_6402018051870689511_n-150x150.jpg 150w, https:\/\/pans.krosno.pl\/pielegniarstwo\/wp-content\/uploads\/sites\/8\/2024\/03\/432058424_817932273707572_6402018051870689511_n-80x80.jpg 80w\" sizes=\"auto, (max-width: 150px) 100vw, 150px\" \/><\/div><a class=\"wp-block-latest-posts__post-title\" href=\"https:\/\/pans.krosno.pl\/pielegniarstwo\/wykladowcy-zakladu-pielegniarstwa-w-ramach-wydarzenia-zdrowy-i-swiadomy-senior\/\">Wyk\u0142adowcy Zak\u0142adu Piel\u0119gniarstwa w ramach wydarzenia &#8222;Zdrowy i \u015awiadomy Senior&#8221;<\/a><time datetime=\"2024-03-21T14:05:48+01:00\" class=\"wp-block-latest-posts__post-date\">21 marca 2024<\/time><div class=\"wp-block-latest-posts__post-excerpt\">W dniu 19 marca br. w siedzibie Miejskiego O\u015brodka Pomocy Rodzinie w Kro\u015bnie w ramach cyklicznego projektu socjalnego Zdrowy i \u015awiadomy Senior odby\u0142a si\u0119 seria wyk\u0142ad\u00f3w, w ramach kt\u00f3rych udzia\u0142 wzi\u0119li pracownicy Zak\u0142adu Piel\u0119gniarstwa Pa\u0144stwowej Akademii Nauk Stosowanych w Kro\u015bnie: dr Ewa Smole\u0144 i mgr Jakub Zalewski. W trakcie spotkania wyk\u0142adowcy om\u00f3wili istotne aspekty zdrowia [\u2026] <div class=\"clear\"><\/div><a class=\"more_link clearfix\" href=\"https:\/\/pans.krosno.pl\/pielegniarstwo\/wykladowcy-zakladu-pielegniarstwa-w-ramach-wydarzenia-zdrowy-i-swiadomy-senior\/\" rel=\"nofollow\">Read More<\/a><\/div><\/li>\n<li><div class=\"wp-block-latest-posts__featured-image alignleft\"><img loading=\"lazy\" decoding=\"async\" width=\"150\" height=\"150\" src=\"https:\/\/pans.krosno.pl\/pielegniarstwo\/wp-content\/uploads\/sites\/8\/2024\/03\/diana-polekhina-F68HtpYHu_w-unsplash-150x150.jpg\" class=\"attachment-thumbnail size-thumbnail wp-post-image\" alt=\"\" style=\"max-width:150px;max-height:150px;\" srcset=\"https:\/\/pans.krosno.pl\/pielegniarstwo\/wp-content\/uploads\/sites\/8\/2024\/03\/diana-polekhina-F68HtpYHu_w-unsplash-150x150.jpg 150w, https:\/\/pans.krosno.pl\/pielegniarstwo\/wp-content\/uploads\/sites\/8\/2024\/03\/diana-polekhina-F68HtpYHu_w-unsplash-scaled-80x80.jpg 80w\" sizes=\"auto, (max-width: 150px) 100vw, 150px\" \/><\/div><a class=\"wp-block-latest-posts__post-title\" href=\"https:\/\/pans.krosno.pl\/pielegniarstwo\/wyniki-i-etapu-xiv-olimpiady-pielegniarskiej-im-dr-janiny-fetlinskiej\/\">Wyniki I etapu XIV Olimpiady Piel\u0119gniarskiej im. dr Janiny Fetli\u0144skiej<\/a><time datetime=\"2024-03-09T23:46:12+01:00\" class=\"wp-block-latest-posts__post-date\">9 marca 2024<\/time><div class=\"wp-block-latest-posts__post-excerpt\">Dnia 8 marca 2024 r. w naszej uczelni odby\u0142 si\u0119 I etap XIV&nbsp;Mi\u0119dzyuczelnianej Olimpiady Piel\u0119gniarskiej im. dr Janiny Fetli\u0144skiej. Spo\u015br\u00f3d uczestnik\u00f3w olimpiady &#8211; student\u00f3w III roku piel\u0119gniarstwa &#8211; do II etapu olimpiady zakwalifikowa\u0142o si\u0119 5 os\u00f3b, kt\u00f3re uzyska\u0142y najwy\u017csz\u0105 liczb\u0119 punkt\u00f3w z I etapu, tj. testu. Serdecznie gratulujemy. II etap Olimpiady Piel\u0119gniarskiej odbywa\u0142 si\u0119 b\u0119dzie [\u2026] <div class=\"clear\"><\/div><a class=\"more_link clearfix\" href=\"https:\/\/pans.krosno.pl\/pielegniarstwo\/wyniki-i-etapu-xiv-olimpiady-pielegniarskiej-im-dr-janiny-fetlinskiej\/\" rel=\"nofollow\">Read More<\/a><\/div><\/li>\n<li><div class=\"wp-block-latest-posts__featured-image alignleft\"><img loading=\"lazy\" decoding=\"async\" width=\"150\" height=\"150\" src=\"https:\/\/pans.krosno.pl\/pielegniarstwo\/wp-content\/uploads\/sites\/8\/2024\/03\/derek-finch-zkrPU_1AwdU-unsplash-150x150.jpg\" class=\"attachment-thumbnail size-thumbnail wp-post-image\" alt=\"\" style=\"max-width:150px;max-height:150px;\" srcset=\"https:\/\/pans.krosno.pl\/pielegniarstwo\/wp-content\/uploads\/sites\/8\/2024\/03\/derek-finch-zkrPU_1AwdU-unsplash-150x150.jpg 150w, https:\/\/pans.krosno.pl\/pielegniarstwo\/wp-content\/uploads\/sites\/8\/2024\/03\/derek-finch-zkrPU_1AwdU-unsplash-scaled-80x80.jpg 80w\" sizes=\"auto, (max-width: 150px) 100vw, 150px\" \/><\/div><a class=\"wp-block-latest-posts__post-title\" href=\"https:\/\/pans.krosno.pl\/pielegniarstwo\/xiv-olimpiada-pielegniarska-im-dr-janiny-fetlinskiej\/\">XIV Olimpiada Piel\u0119gniarska im. dr Janiny Fetli\u0144skiej<\/a><time datetime=\"2024-03-07T21:52:00+01:00\" class=\"wp-block-latest-posts__post-date\">7 marca 2024<\/time><div class=\"wp-block-latest-posts__post-excerpt\">Serdecznie zapraszamy student\u00f3w III roku piel\u0119gniarstwa do udzia\u0142u w XIV Mi\u0119dzyuczelnianej Olimpiadzie Piel\u0119gniarskiej im. dr Janiny Fetli\u0144skiej. Olimpiada Piel\u0119gniarska przebiega w\u00a0trzech etapach: Zach\u0119camy do zapoznania si\u0119 z regulaminem Olimpiady.<\/div><\/li>\n<li><div class=\"wp-block-latest-posts__featured-image alignleft\"><img loading=\"lazy\" decoding=\"async\" width=\"150\" height=\"150\" src=\"https:\/\/pans.krosno.pl\/pielegniarstwo\/wp-content\/uploads\/sites\/8\/2024\/01\/34-150x150.jpg\" class=\"attachment-thumbnail size-thumbnail wp-post-image\" alt=\"\" style=\"max-width:150px;max-height:150px;\" srcset=\"https:\/\/pans.krosno.pl\/pielegniarstwo\/wp-content\/uploads\/sites\/8\/2024\/01\/34-150x150.jpg 150w, https:\/\/pans.krosno.pl\/pielegniarstwo\/wp-content\/uploads\/sites\/8\/2024\/01\/34-80x80.jpg 80w\" sizes=\"auto, (max-width: 150px) 100vw, 150px\" \/><\/div><a class=\"wp-block-latest-posts__post-title\" href=\"https:\/\/pans.krosno.pl\/pielegniarstwo\/podsumowanie-roku-2023-w-zakladzie-pielegniarstwa\/\">Podsumowanie roku 2023 w Zak\u0142adzie Piel\u0119gniarstwa<\/a><time datetime=\"2024-01-07T16:43:31+01:00\" class=\"wp-block-latest-posts__post-date\">7 stycznia 2024<\/time><div class=\"wp-block-latest-posts__post-excerpt\">Mo\u017cna \u015bmia\u0142o powiedzie\u0107, \u017ce rok 2023 obfitowa\u0142 w Zak\u0142adzie Piel\u0119gniarstwa w wiele wydarze\u0144, spotka\u0144 oraz w rozw\u00f3j naukowy pracownik\u00f3w.&nbsp;By\u0142 to czas intensywnej pracy, ale tak\u017ce czas sukces\u00f3w i osi\u0105gni\u0119\u0107. Promocja doktorska Pocz\u0105tek roku 2023 rozpocz\u0105\u0142 si\u0119 od promocji doktorskiej dr n. o zdr. Edyty Szyd\u0142o, kt\u00f3ra odby\u0142a si\u0119 na Wydziale Nauk o Zdrowiu Uniwersytetu Jagiello\u0144skiego. [\u2026] <div class=\"clear\"><\/div><a class=\"more_link clearfix\" href=\"https:\/\/pans.krosno.pl\/pielegniarstwo\/podsumowanie-roku-2023-w-zakladzie-pielegniarstwa\/\" rel=\"nofollow\">Read More<\/a><\/div><\/li>\n<li><div class=\"wp-block-latest-posts__featured-image alignleft\"><img loading=\"lazy\" decoding=\"async\" width=\"150\" height=\"150\" src=\"https:\/\/pans.krosno.pl\/pielegniarstwo\/wp-content\/uploads\/sites\/8\/2024\/01\/Zyczenia-noworoczne-1-150x150.jpg\" class=\"attachment-thumbnail size-thumbnail wp-post-image\" alt=\"\" style=\"max-width:150px;max-height:150px;\" srcset=\"https:\/\/pans.krosno.pl\/pielegniarstwo\/wp-content\/uploads\/sites\/8\/2024\/01\/Zyczenia-noworoczne-1-150x150.jpg 150w, https:\/\/pans.krosno.pl\/pielegniarstwo\/wp-content\/uploads\/sites\/8\/2024\/01\/Zyczenia-noworoczne-1-80x80.jpg 80w\" sizes=\"auto, (max-width: 150px) 100vw, 150px\" \/><\/div><a class=\"wp-block-latest-posts__post-title\" href=\"https:\/\/pans.krosno.pl\/pielegniarstwo\/zyczenia-na-nowy-rok-2024\/\">\u017byczenia na Nowy Rok 2024<\/a><time datetime=\"2024-01-02T13:46:51+01:00\" class=\"wp-block-latest-posts__post-date\">2 stycznia 2024<\/time><div class=\"wp-block-latest-posts__post-excerpt\"><\/div><\/li>\n<li><div class=\"wp-block-latest-posts__featured-image alignleft\"><img loading=\"lazy\" decoding=\"async\" width=\"150\" height=\"150\" src=\"https:\/\/pans.krosno.pl\/pielegniarstwo\/wp-content\/uploads\/sites\/8\/2023\/12\/s-150x150.jpg\" class=\"attachment-thumbnail size-thumbnail wp-post-image\" alt=\"\" style=\"max-width:150px;max-height:150px;\" srcset=\"https:\/\/pans.krosno.pl\/pielegniarstwo\/wp-content\/uploads\/sites\/8\/2023\/12\/s-150x150.jpg 150w, https:\/\/pans.krosno.pl\/pielegniarstwo\/wp-content\/uploads\/sites\/8\/2023\/12\/s-300x300.jpg 300w, https:\/\/pans.krosno.pl\/pielegniarstwo\/wp-content\/uploads\/sites\/8\/2023\/12\/s-1024x1024.jpg 1024w, https:\/\/pans.krosno.pl\/pielegniarstwo\/wp-content\/uploads\/sites\/8\/2023\/12\/s-768x768.jpg 768w, https:\/\/pans.krosno.pl\/pielegniarstwo\/wp-content\/uploads\/sites\/8\/2023\/12\/s-800x800.jpg 800w, https:\/\/pans.krosno.pl\/pielegniarstwo\/wp-content\/uploads\/sites\/8\/2023\/12\/s-580x580.jpg 580w, https:\/\/pans.krosno.pl\/pielegniarstwo\/wp-content\/uploads\/sites\/8\/2023\/12\/s-80x80.jpg 80w, https:\/\/pans.krosno.pl\/pielegniarstwo\/wp-content\/uploads\/sites\/8\/2023\/12\/s.jpg 1080w\" sizes=\"auto, (max-width: 150px) 100vw, 150px\" \/><\/div><a class=\"wp-block-latest-posts__post-title\" href=\"https:\/\/pans.krosno.pl\/pielegniarstwo\/mikolajki-2023-z-skn-florencja\/\">Miko\u0142ajki 2023 z SKN Florencj\u0105<\/a><time datetime=\"2023-12-18T21:30:00+01:00\" class=\"wp-block-latest-posts__post-date\">18 grudnia 2023<\/time><div class=\"wp-block-latest-posts__post-excerpt\">W dniu 6 grudnia br. w Dzie\u0144 Anio\u0142a \u015awi\u0119ty Miko\u0142aj wraz z pomocnikami odwiedzi\u0142 Oddzia\u0142 Dzieci\u0119cy i Oddzia\u0142 Otorynolaryngologii Dzieci\u0119cej Wojew\u00f3dzkiego Szpitala Podkarpackiego w Kro\u015bnie oraz Dom Dziecka w D\u0142ugiem. Dzi\u0119ki wsparciu student\u00f3w i pracownik\u00f3w Pa\u0144stwowej Akademii Nauk Stosowanych w Kro\u015bnie oraz Szkole Podstawowej w Rymanowie, kt\u00f3rzy podarowali pi\u0119kne, w\u0142asnor\u0119cznie wykonane prezenty, mogli\u015bmy wsp\u00f3lnie obdarowa\u0107 [\u2026] <div class=\"clear\"><\/div><a class=\"more_link clearfix\" href=\"https:\/\/pans.krosno.pl\/pielegniarstwo\/mikolajki-2023-z-skn-florencja\/\" rel=\"nofollow\">Read More<\/a><\/div><\/li>\n<li><div class=\"wp-block-latest-posts__featured-image alignleft\"><img loading=\"lazy\" decoding=\"async\" width=\"150\" height=\"150\" src=\"https:\/\/pans.krosno.pl\/pielegniarstwo\/wp-content\/uploads\/sites\/8\/2023\/12\/body-1024x576-1-150x150.jpg\" class=\"attachment-thumbnail size-thumbnail wp-post-image\" alt=\"\" style=\"max-width:150px;max-height:150px;\" srcset=\"https:\/\/pans.krosno.pl\/pielegniarstwo\/wp-content\/uploads\/sites\/8\/2023\/12\/body-1024x576-1-150x150.jpg 150w, https:\/\/pans.krosno.pl\/pielegniarstwo\/wp-content\/uploads\/sites\/8\/2023\/12\/body-1024x576-1-80x80.jpg 80w\" sizes=\"auto, (max-width: 150px) 100vw, 150px\" \/><\/div><a class=\"wp-block-latest-posts__post-title\" href=\"https:\/\/pans.krosno.pl\/pielegniarstwo\/bodys-worlds-wystawa-inna-niz-wszystkie\/\">BODY\u2019S WORLDS \u2013 Wystawa inna ni\u017c wszystkie<\/a><time datetime=\"2023-12-08T16:00:22+01:00\" class=\"wp-block-latest-posts__post-date\">8 grudnia 2023<\/time><div class=\"wp-block-latest-posts__post-excerpt\">W dniu 24 listopada br. 42 student\u00f3w z kierunk\u00f3w medycznych tj. Piel\u0119gniarstwo, Po\u0142o\u017cnictwo i Ratownictwo medyczne wraz z nauczycielami akademickimi i prorektorem ds. studi\u00f3w&nbsp;uda\u0142o si\u0119 do Katowic na wystaw\u0119 anatomii cia\u0142 ludzkich \u2013 BODY\u2019S WORLDS. Wycieczka mia\u0142a by\u0107 form\u0105 nagrody dla student\u00f3w&nbsp; aktywnie dzia\u0142aj\u0105cych w&nbsp; Studenckich Ko\u0142ach Naukowych. Niestety nie uda\u0142o si\u0119 dotrze\u0107 do celu. [\u2026] <div class=\"clear\"><\/div><a class=\"more_link clearfix\" href=\"https:\/\/pans.krosno.pl\/pielegniarstwo\/bodys-worlds-wystawa-inna-niz-wszystkie\/\" rel=\"nofollow\">Read More<\/a><\/div><\/li>\n<li><div class=\"wp-block-latest-posts__featured-image alignleft\"><img loading=\"lazy\" decoding=\"async\" width=\"150\" height=\"150\" src=\"https:\/\/pans.krosno.pl\/pielegniarstwo\/wp-content\/uploads\/sites\/8\/2023\/12\/DSCF0972-1024x683-1-150x150.jpg\" class=\"attachment-thumbnail size-thumbnail wp-post-image\" alt=\"\" style=\"max-width:150px;max-height:150px;\" srcset=\"https:\/\/pans.krosno.pl\/pielegniarstwo\/wp-content\/uploads\/sites\/8\/2023\/12\/DSCF0972-1024x683-1-150x150.jpg 150w, https:\/\/pans.krosno.pl\/pielegniarstwo\/wp-content\/uploads\/sites\/8\/2023\/12\/DSCF0972-1024x683-1-80x80.jpg 80w\" sizes=\"auto, (max-width: 150px) 100vw, 150px\" \/><\/div><a class=\"wp-block-latest-posts__post-title\" href=\"https:\/\/pans.krosno.pl\/pielegniarstwo\/jestes-meski-daj-sie-zbadac-konferencja-naukowa-na-temat-profilaktyki-raka-jader-i-prostaty\/\">\u201eJeste\u015b m\u0119ski \u2013 Daj si\u0119 zbada\u0107\u201d konferencja naukowa na temat profilaktyki raka j\u0105der i prostaty<\/a><time datetime=\"2023-12-08T15:54:39+01:00\" class=\"wp-block-latest-posts__post-date\">8 grudnia 2023<\/time><div class=\"wp-block-latest-posts__post-excerpt\">Pod has\u0142em \u201eJeste\u015b m\u0119ski \u2013 Daj si\u0119 zbada\u0107\u201d 5 grudnia w auli Pa\u0144stwowej Akademii Nauk Stosowanych w Kro\u015bnie odby\u0142a si\u0119 konferencja naukowa na temat profilaktyki raka j\u0105der i prostaty. Patronat nad konferencj\u0105 obj\u0119li dr hab. Zbigniew Barabasz, prof. PANS \u2013 Rektor Pa\u0144stwowej Akademii Nauk Stosowanych w Kro\u015bnie, Piotr Przytocki Prezydent Miasta Krosna i dr n. [\u2026] <div class=\"clear\"><\/div><a class=\"more_link clearfix\" href=\"https:\/\/pans.krosno.pl\/pielegniarstwo\/jestes-meski-daj-sie-zbadac-konferencja-naukowa-na-temat-profilaktyki-raka-jader-i-prostaty\/\" rel=\"nofollow\">Read More<\/a><\/div><\/li>\n<li><div class=\"wp-block-latest-posts__featured-image alignleft\"><img loading=\"lazy\" decoding=\"async\" width=\"150\" height=\"150\" src=\"https:\/\/pans.krosno.pl\/pielegniarstwo\/wp-content\/uploads\/sites\/8\/2023\/12\/resized_20231023_125821001s-150x150.jpg\" class=\"attachment-thumbnail size-thumbnail wp-post-image\" alt=\"\" style=\"max-width:150px;max-height:150px;\" srcset=\"https:\/\/pans.krosno.pl\/pielegniarstwo\/wp-content\/uploads\/sites\/8\/2023\/12\/resized_20231023_125821001s-150x150.jpg 150w, https:\/\/pans.krosno.pl\/pielegniarstwo\/wp-content\/uploads\/sites\/8\/2023\/12\/resized_20231023_125821001s-80x80.jpg 80w\" sizes=\"auto, (max-width: 150px) 100vw, 150px\" \/><\/div><a class=\"wp-block-latest-posts__post-title\" href=\"https:\/\/pans.krosno.pl\/pielegniarstwo\/spotkanie-z-dr-kim-larson\/\">Spotkanie z dr Kim Larson<\/a><time datetime=\"2023-12-04T13:10:29+01:00\" class=\"wp-block-latest-posts__post-date\">4 grudnia 2023<\/time><div class=\"wp-block-latest-posts__post-excerpt\">W dniu 13 wrze\u015bnia br. Zak\u0142ady Piel\u0119gniarstwa i Po\u0142o\u017cnictwa go\u015bci\u0142y dr Kim Larson, kt\u00f3ra przebywa na semestralnym stypendium Fundacji Fulbrighta w Collegium Medicum UJ w Krakowie. Kim Larson na co dzie\u0144 jest profesorem w College of Nursing East Carolina University. Jej wiedza kliniczna i praktyczna w zakresie zdrowia populacji na \u015bwiecie obejmuje prac\u0119 w Hondurasie, [\u2026] <div class=\"clear\"><\/div><a class=\"more_link clearfix\" href=\"https:\/\/pans.krosno.pl\/pielegniarstwo\/spotkanie-z-dr-kim-larson\/\" rel=\"nofollow\">Read More<\/a><\/div><\/li>\n<li><div class=\"wp-block-latest-posts__featured-image alignleft\"><img loading=\"lazy\" decoding=\"async\" width=\"150\" height=\"150\" src=\"https:\/\/pans.krosno.pl\/pielegniarstwo\/wp-content\/uploads\/sites\/8\/2023\/09\/obraz-27-150x150-1.png\" class=\"attachment-thumbnail size-thumbnail wp-post-image\" alt=\"\" style=\"max-width:150px;max-height:150px;\" srcset=\"https:\/\/pans.krosno.pl\/pielegniarstwo\/wp-content\/uploads\/sites\/8\/2023\/09\/obraz-27-150x150-1.png 150w, https:\/\/pans.krosno.pl\/pielegniarstwo\/wp-content\/uploads\/sites\/8\/2023\/09\/obraz-27-150x150-1-80x80.png 80w\" sizes=\"auto, (max-width: 150px) 100vw, 150px\" \/><\/div><a class=\"wp-block-latest-posts__post-title\" href=\"https:\/\/pans.krosno.pl\/pielegniarstwo\/dyplomatorium-absolwentow-pierwszego-stopnia-kierunku-pielegniarstwo-2023\/\">Dyplomatorium absolwent\u00f3w pierwszego stopnia kierunku Piel\u0119gniarstwo 2023<\/a><time datetime=\"2023-07-28T09:37:07+02:00\" class=\"wp-block-latest-posts__post-date\">28 lipca 2023<\/time><div class=\"wp-block-latest-posts__post-excerpt\">W dniu 24 lipca 2023 r. w Auli Pa\u0144stwowej Akademii Nauk Stosowanych w Kro\u015bnie odby\u0142o si\u0119 uroczyste&nbsp;Dyplomatorium absolwent\u00f3w pierwszego stopnia na kierunku Piel\u0119gniarstwo&nbsp;po\u0142\u0105czone z nadaniem symbolu czepka zawodowego. Wydarzenie poprowadzi\u0142a Kierownik Zak\u0142adu Piel\u0119gniarstwa \u2013 Ma\u0142gorzata Dziura, kt\u00f3ra powita\u0142a w\u0142adze uczelni, przyby\u0142ych go\u015bci oraz absolwent\u00f3w. Uroczysto\u015b\u0107 rozpocz\u0119li swoimi przem\u00f3wieniami Prorektor ds. rozwoju \u2013 dr Agnieszka Wo\u017aniak [\u2026] <div class=\"clear\"><\/div><a class=\"more_link clearfix\" href=\"https:\/\/pans.krosno.pl\/pielegniarstwo\/dyplomatorium-absolwentow-pierwszego-stopnia-kierunku-pielegniarstwo-2023\/\" rel=\"nofollow\">Read More<\/a><\/div><\/li>\n<li><div class=\"wp-block-latest-posts__featured-image alignleft\"><img loading=\"lazy\" decoding=\"async\" width=\"150\" height=\"150\" src=\"https:\/\/pans.krosno.pl\/pielegniarstwo\/wp-content\/uploads\/sites\/8\/2023\/07\/356810984_758817796250931_2772147011919608319_n-150x150.jpg\" class=\"attachment-thumbnail size-thumbnail wp-post-image\" alt=\"\" style=\"max-width:150px;max-height:150px;\" srcset=\"https:\/\/pans.krosno.pl\/pielegniarstwo\/wp-content\/uploads\/sites\/8\/2023\/07\/356810984_758817796250931_2772147011919608319_n-150x150.jpg 150w, https:\/\/pans.krosno.pl\/pielegniarstwo\/wp-content\/uploads\/sites\/8\/2023\/07\/356810984_758817796250931_2772147011919608319_n-80x80.jpg 80w\" sizes=\"auto, (max-width: 150px) 100vw, 150px\" \/><\/div><a class=\"wp-block-latest-posts__post-title\" href=\"https:\/\/pans.krosno.pl\/pielegniarstwo\/20-lecie-ksztalcenia-na-kierunku-pielegniarstwo\/\">20-lecie kszta\u0142cenia na kierunku Piel\u0119gniarstwo<\/a><time datetime=\"2023-07-03T11:36:18+02:00\" class=\"wp-block-latest-posts__post-date\">3 lipca 2023<\/time><div class=\"wp-block-latest-posts__post-excerpt\">W dniu 28 czerwca 2023r. w Auli Pa\u0144stwowej Akademii Nauk Stosowanych w Kro\u015bnie odby\u0142a si\u0119 wyj\u0105tkowa Uroczysto\u015b\u0107, podczas kt\u00f3rej wr\u0119czono dyplomy pierwszym magistrom piel\u0119gniarstwa &nbsp;w kro\u015bnie\u0144skiej Uczelni a tak\u017ce \u015bwi\u0119towano Jubileusz 20- lecia kszta\u0142cenia na kierunku Piel\u0119gniarstwo. Uroczysto\u015b\u0107 prowadzi\u0142a Ma\u0142gorzata Dziura- kierownik Zak\u0142adu Piel\u0119gniarstwa oraz Piotr Bazentkiewicz- student III roku kierunku Piel\u0119gniarstwo. Uroczysto\u015b\u0107 zaszczyci\u0142y swoj\u0105 [\u2026] <div class=\"clear\"><\/div><a class=\"more_link clearfix\" href=\"https:\/\/pans.krosno.pl\/pielegniarstwo\/20-lecie-ksztalcenia-na-kierunku-pielegniarstwo\/\" rel=\"nofollow\">Read More<\/a><\/div><\/li>\n<li><div class=\"wp-block-latest-posts__featured-image alignleft\"><img loading=\"lazy\" decoding=\"async\" width=\"150\" height=\"150\" src=\"https:\/\/pans.krosno.pl\/pielegniarstwo\/wp-content\/uploads\/sites\/8\/2023\/05\/received_245204918160860-150x150.jpeg\" class=\"attachment-thumbnail size-thumbnail wp-post-image\" alt=\"\" style=\"max-width:150px;max-height:150px;\" srcset=\"https:\/\/pans.krosno.pl\/pielegniarstwo\/wp-content\/uploads\/sites\/8\/2023\/05\/received_245204918160860-150x150.jpeg 150w, https:\/\/pans.krosno.pl\/pielegniarstwo\/wp-content\/uploads\/sites\/8\/2023\/05\/received_245204918160860-80x80.jpeg 80w\" sizes=\"auto, (max-width: 150px) 100vw, 150px\" \/><\/div><a class=\"wp-block-latest-posts__post-title\" href=\"https:\/\/pans.krosno.pl\/pielegniarstwo\/final-xiii-miedzyuczelnianej-olimpiady-pielegniarskiej-im-dr-janiny-fetlinskiej\/\">Fina\u0142 XIII Mi\u0119dzyuczelnianej Olimpiady Piel\u0119gniarskiej im. dr Janiny Fetli\u0144skiej<\/a><time datetime=\"2023-05-24T18:44:20+02:00\" class=\"wp-block-latest-posts__post-date\">24 maja 2023<\/time><div class=\"wp-block-latest-posts__post-excerpt\">W dniu 22.05.2023 r. w Collegium Witelona w Legnicy odby\u0142 si\u0119 Fina\u0142 XIII Mi\u0119dzyuczelnianej Olimpiady Piel\u0119gniarskiej im. dr Janiny Fetli\u0144skiej, w kt\u00f3rej wzi\u0119\u0142o udzia\u0142 28 student\u00f3w z 14 Uczelni. Pa\u0144stwow\u0105 Akademi\u0119 Nauk Stosowanych w Kro\u015bnie reprezentowa\u0142y studentki III roku kierunku Piel\u0119gniarstwo studi\u00f3w pierwszego stopnia Sabina Hejnar i Adrianna Gudyka, wraz z nauczycielami akademickimi: mgr Stanis\u0142aw\u0105 [\u2026] <div class=\"clear\"><\/div><a class=\"more_link clearfix\" href=\"https:\/\/pans.krosno.pl\/pielegniarstwo\/final-xiii-miedzyuczelnianej-olimpiady-pielegniarskiej-im-dr-janiny-fetlinskiej\/\" rel=\"nofollow\">Read More<\/a><\/div><\/li>\n<li><div class=\"wp-block-latest-posts__featured-image alignleft\"><img loading=\"lazy\" decoding=\"async\" width=\"150\" height=\"150\" src=\"https:\/\/pans.krosno.pl\/pielegniarstwo\/wp-content\/uploads\/sites\/8\/2023\/05\/zycze-nia-la-la-la-150x150.gif\" class=\"attachment-thumbnail size-thumbnail wp-post-image\" alt=\"\" style=\"max-width:150px;max-height:150px;\" srcset=\"https:\/\/pans.krosno.pl\/pielegniarstwo\/wp-content\/uploads\/sites\/8\/2023\/05\/zycze-nia-la-la-la-150x150.gif 150w, https:\/\/pans.krosno.pl\/pielegniarstwo\/wp-content\/uploads\/sites\/8\/2023\/05\/zycze-nia-la-la-la-80x80.gif 80w\" sizes=\"auto, (max-width: 150px) 100vw, 150px\" \/><\/div><a class=\"wp-block-latest-posts__post-title\" href=\"https:\/\/pans.krosno.pl\/pielegniarstwo\/miedzynarodowy-dzien-pielegniarki\/\">Mi\u0119dzynarodowy Dzie\u0144 Piel\u0119gniarki<\/a><time datetime=\"2023-05-12T07:00:00+02:00\" class=\"wp-block-latest-posts__post-date\">12 maja 2023<\/time><div class=\"wp-block-latest-posts__post-excerpt\"><\/div><\/li>\n<li><div class=\"wp-block-latest-posts__featured-image alignleft\"><img loading=\"lazy\" decoding=\"async\" width=\"150\" height=\"150\" src=\"https:\/\/pans.krosno.pl\/pielegniarstwo\/wp-content\/uploads\/sites\/8\/2023\/04\/Plakat_Olimpiada-Pielegniarska-2023-1-800x1132-2-150x150.png\" class=\"attachment-thumbnail size-thumbnail wp-post-image\" alt=\"\" style=\"max-width:150px;max-height:150px;\" srcset=\"https:\/\/pans.krosno.pl\/pielegniarstwo\/wp-content\/uploads\/sites\/8\/2023\/04\/Plakat_Olimpiada-Pielegniarska-2023-1-800x1132-2-150x150.png 150w, https:\/\/pans.krosno.pl\/pielegniarstwo\/wp-content\/uploads\/sites\/8\/2023\/04\/Plakat_Olimpiada-Pielegniarska-2023-1-800x1132-2-80x80.png 80w\" sizes=\"auto, (max-width: 150px) 100vw, 150px\" \/><\/div><a class=\"wp-block-latest-posts__post-title\" href=\"https:\/\/pans.krosno.pl\/pielegniarstwo\/ii-etap-xiii-miedzyuczelnianej-olimpiady-pielegniarskiej-im-dr-janiny-fetlinskiej\/\">II etap XIII Mi\u0119dzyuczelnianej Olimpiady Piel\u0119gniarskiej im. dr Janiny Fetli\u0144skiej<\/a><time datetime=\"2023-04-21T21:03:00+02:00\" class=\"wp-block-latest-posts__post-date\">21 kwietnia 2023<\/time><div class=\"wp-block-latest-posts__post-excerpt\">Mi\u0142o nam poinformowa\u0107, \u017ce do fina\u0142u XIII Mi\u0119dzyuczelnianej Olimpiady Piel\u0119gniarskiej im. dr Janiny Fetli\u0144skiej zakwalifikowa\u0142y si\u0119 dwie studentki III roku kierunku piel\u0119gniarstwo PANS w Kro\u015bnie \u2013 Adrianna Gudyka i Sabina Hejnar. Studentki otrzyma\u0142y najwy\u017csz\u0105 liczb\u0119 punkt\u00f3w w II etapie olimpiady, kt\u00f3ry mia\u0142 miejsce 18 kwietnia w murach naszej Uczelni i&nbsp;polega\u0142 na pisemnym opracowaniu procesu piel\u0119gnowania [\u2026] <div class=\"clear\"><\/div><a class=\"more_link clearfix\" href=\"https:\/\/pans.krosno.pl\/pielegniarstwo\/ii-etap-xiii-miedzyuczelnianej-olimpiady-pielegniarskiej-im-dr-janiny-fetlinskiej\/\" rel=\"nofollow\">Read More<\/a><\/div><\/li>\n<li><div class=\"wp-block-latest-posts__featured-image alignleft\"><img loading=\"lazy\" decoding=\"async\" width=\"150\" height=\"150\" src=\"https:\/\/pans.krosno.pl\/pielegniarstwo\/wp-content\/uploads\/sites\/8\/2023\/05\/DSC_0631-150x150.jpg\" class=\"attachment-thumbnail size-thumbnail wp-post-image\" alt=\"\" style=\"max-width:150px;max-height:150px;\" srcset=\"https:\/\/pans.krosno.pl\/pielegniarstwo\/wp-content\/uploads\/sites\/8\/2023\/05\/DSC_0631-150x150.jpg 150w, https:\/\/pans.krosno.pl\/pielegniarstwo\/wp-content\/uploads\/sites\/8\/2023\/05\/DSC_0631-scaled-80x80.jpg 80w\" sizes=\"auto, (max-width: 150px) 100vw, 150px\" \/><\/div><a class=\"wp-block-latest-posts__post-title\" href=\"https:\/\/pans.krosno.pl\/pielegniarstwo\/i-wojewodzkie-zawody-symulacji-medycznej\/\">I Wojew\u00f3dzkie Zawody Symulacji Medycznej<\/a><time datetime=\"2023-04-20T08:41:00+02:00\" class=\"wp-block-latest-posts__post-date\">20 kwietnia 2023<\/time><div class=\"wp-block-latest-posts__post-excerpt\">W dniu 17 kwietnia 2023 r. reprezentacja Pa\u0144stwowej Akademii Nauk Stosowanych w Kro\u015bnie wzi\u0119\u0142a udzia\u0142 w I Wojew\u00f3dzkich Zawodach Symulacji Medycznej zorganizowanych przez Pa\u0144stwow\u0105 Wy\u017csz\u0105 Szko\u0142\u0119 Techniczno-Ekonomiczn\u0105 w Jaros\u0142awiu. W sk\u0142ad zespo\u0142u wchodzi\u0142y studentki II roku kierunku Piel\u0119gniarstwo studi\u00f3w pierwszego stopnia: W zawodach udzia\u0142 wzi\u0119\u0142o pi\u0119\u0107 zespo\u0142\u00f3w, kt\u00f3re reprezentowa\u0142y nast\u0119puj\u0105ce Uczelnie: Studenci mieli za zadanie [\u2026] <div class=\"clear\"><\/div><a class=\"more_link clearfix\" href=\"https:\/\/pans.krosno.pl\/pielegniarstwo\/i-wojewodzkie-zawody-symulacji-medycznej\/\" rel=\"nofollow\">Read More<\/a><\/div><\/li>\n<li><div class=\"wp-block-latest-posts__featured-image alignleft\"><img loading=\"lazy\" decoding=\"async\" width=\"150\" height=\"150\" src=\"https:\/\/pans.krosno.pl\/pielegniarstwo\/wp-content\/uploads\/sites\/8\/2023\/03\/334194603_1272638253356253_8013885188436314830_n-150x150.jpg\" class=\"attachment-thumbnail size-thumbnail wp-post-image\" alt=\"\" style=\"max-width:150px;max-height:150px;\" srcset=\"https:\/\/pans.krosno.pl\/pielegniarstwo\/wp-content\/uploads\/sites\/8\/2023\/03\/334194603_1272638253356253_8013885188436314830_n-150x150.jpg 150w, https:\/\/pans.krosno.pl\/pielegniarstwo\/wp-content\/uploads\/sites\/8\/2023\/03\/334194603_1272638253356253_8013885188436314830_n-80x80.jpg 80w\" sizes=\"auto, (max-width: 150px) 100vw, 150px\" \/><\/div><a class=\"wp-block-latest-posts__post-title\" href=\"https:\/\/pans.krosno.pl\/pielegniarstwo\/i-etap-xiii-miedzyuczelnianej-olimpiady-pielegniarskiej-im-dr-janiny-fetlinskiej-2023-r\/\">I etap XIII Mi\u0119dzyuczelnianej Olimpiady Piel\u0119gniarskiej im. dr Janiny Fetli\u0144skiej<\/a><time datetime=\"2023-03-23T09:16:46+01:00\" class=\"wp-block-latest-posts__post-date\">23 marca 2023<\/time><div class=\"wp-block-latest-posts__post-excerpt\">Dnia 21 marca 2023 r. o godzinie 8.30 studenci III roku kierunku piel\u0119gniarstwo Pa\u0144stwowej Akademii Nauk Stosowanych w Kro\u015bnie przyst\u0105pili do I etapu XIII Mi\u0119dzyuczelnianej Olimpiady Piel\u0119gniarskiej im. dr Janiny Fetli\u0144skiej. &nbsp;&nbsp;&nbsp;&nbsp;&nbsp;&nbsp; I etap odbywa si\u0119 r\u00f3wnocze\u015bnie we wszystkich uczelniach bior\u0105cych udzia\u0142 w XIII Olimpiadzie Piel\u0119gniarskiej i polega na napisaniu testu. Test rozpoczyna si\u0119 w [\u2026] <div class=\"clear\"><\/div><a class=\"more_link clearfix\" href=\"https:\/\/pans.krosno.pl\/pielegniarstwo\/i-etap-xiii-miedzyuczelnianej-olimpiady-pielegniarskiej-im-dr-janiny-fetlinskiej-2023-r\/\" rel=\"nofollow\">Read More<\/a><\/div><\/li>\n<li><div class=\"wp-block-latest-posts__featured-image alignleft\"><img loading=\"lazy\" decoding=\"async\" width=\"150\" height=\"150\" src=\"https:\/\/pans.krosno.pl\/pielegniarstwo\/wp-content\/uploads\/sites\/8\/2023\/03\/Bez-nazwy-1-2-150x150.jpg\" class=\"attachment-thumbnail size-thumbnail wp-post-image\" alt=\"\" style=\"max-width:150px;max-height:150px;\" srcset=\"https:\/\/pans.krosno.pl\/pielegniarstwo\/wp-content\/uploads\/sites\/8\/2023\/03\/Bez-nazwy-1-2-150x150.jpg 150w, https:\/\/pans.krosno.pl\/pielegniarstwo\/wp-content\/uploads\/sites\/8\/2023\/03\/Bez-nazwy-1-2-scaled-80x80.jpg 80w\" sizes=\"auto, (max-width: 150px) 100vw, 150px\" \/><\/div><a class=\"wp-block-latest-posts__post-title\" href=\"https:\/\/pans.krosno.pl\/pielegniarstwo\/kierunek-pielegniarstwo-uzyskal-akredytacje-ministra-zdrowia-na-prowadzenie-studiow-pierwszego-stopnia\/\">Kierunek Piel\u0119gniarstwo uzyska\u0142 akredytacj\u0119 Ministra Zdrowia na prowadzenie studi\u00f3w pierwszego stopnia<\/a><time datetime=\"2023-03-15T08:49:34+01:00\" class=\"wp-block-latest-posts__post-date\">15 marca 2023<\/time><div class=\"wp-block-latest-posts__post-excerpt\">Mi\u0142o nam poinformowa\u0107, \u017ce kierunek Piel\u0119gniarstwo, prowadzony w Pa\u0144stwowej Akademii Nauk Stosowanych w Kro\u015bnie, Decyzj\u0105 nr 3\/VI\/2023 z dnia 6 marca 2023 r. uzyska\u0142 akredytacj\u0119\u00a0Ministra Zdrowia\u00a0na prowadzenie studi\u00f3w pierwszego stopnia\u00a0 na okres\u00a05 lat.<\/div><\/li>\n<li><div class=\"wp-block-latest-posts__featured-image alignleft\"><img loading=\"lazy\" decoding=\"async\" width=\"150\" height=\"150\" src=\"https:\/\/pans.krosno.pl\/pielegniarstwo\/wp-content\/uploads\/sites\/8\/2023\/02\/Plakat_Olimpiada-Pielegniarska-2023-150x150.png\" class=\"attachment-thumbnail size-thumbnail wp-post-image\" alt=\"\" style=\"max-width:150px;max-height:150px;\" srcset=\"https:\/\/pans.krosno.pl\/pielegniarstwo\/wp-content\/uploads\/sites\/8\/2023\/02\/Plakat_Olimpiada-Pielegniarska-2023-150x150.png 150w, https:\/\/pans.krosno.pl\/pielegniarstwo\/wp-content\/uploads\/sites\/8\/2023\/02\/Plakat_Olimpiada-Pielegniarska-2023-80x80.png 80w\" sizes=\"auto, (max-width: 150px) 100vw, 150px\" \/><\/div><a class=\"wp-block-latest-posts__post-title\" href=\"https:\/\/pans.krosno.pl\/pielegniarstwo\/xiii-olimpiada-pielegniarska-im-dr-j-fetlinskiej\/\">XIII Olimpiada Piel\u0119gniarska im. dr. J. Fetli\u0144skiej<\/a><time datetime=\"2023-02-22T18:14:23+01:00\" class=\"wp-block-latest-posts__post-date\">22 lutego 2023<\/time><div class=\"wp-block-latest-posts__post-excerpt\">Serdecznie zapraszamy student\u00f3w do udzia\u0142u w XIII Olimpiadzie Piel\u0119gniarskiej im. dr. J. Fetli\u0144skiej. Olimpiada Piel\u0119gniarska przebiega w&nbsp; trzech etapach: I etap w formie pisemnej (test jednokrotnego wyboru) &#8211; 21.03.2023 r. II etap w formie pisemnej i ustnej (proces piel\u0119gnowania) &#8211; 18.04.2023 r. III etap &#8211;&nbsp; prezentacja multimedialna &#8211; 22.05.2023 r. Zch\u0119camy do zapoznania si\u0119 z [\u2026] <div class=\"clear\"><\/div><a class=\"more_link clearfix\" href=\"https:\/\/pans.krosno.pl\/pielegniarstwo\/xiii-olimpiada-pielegniarska-im-dr-j-fetlinskiej\/\" rel=\"nofollow\">Read More<\/a><\/div><\/li>\n<li><div class=\"wp-block-latest-posts__featured-image alignleft\"><img loading=\"lazy\" decoding=\"async\" width=\"110\" height=\"90\" src=\"https:\/\/pans.krosno.pl\/pielegniarstwo\/wp-content\/uploads\/sites\/8\/2023\/02\/nekrolog-110x90-1.png\" class=\"attachment-thumbnail size-thumbnail wp-post-image\" alt=\"\" style=\"max-width:150px;max-height:150px;\" \/><\/div><a class=\"wp-block-latest-posts__post-title\" href=\"https:\/\/pans.krosno.pl\/pielegniarstwo\/z-glebokim-zalem-zawiadamiamy-3\/\">Z g\u0142\u0119bokim \u017calem zawiadamiamy\u2026<\/a><time datetime=\"2023-02-17T07:23:51+01:00\" class=\"wp-block-latest-posts__post-date\">17 lutego 2023<\/time><div class=\"wp-block-latest-posts__post-excerpt\"><\/div><\/li>\n<li><div class=\"wp-block-latest-posts__featured-image alignleft\"><img loading=\"lazy\" decoding=\"async\" width=\"150\" height=\"150\" src=\"https:\/\/pans.krosno.pl\/pielegniarstwo\/wp-content\/uploads\/sites\/8\/2023\/02\/konferencja_first_aid_responder_1-150x150.png\" class=\"attachment-thumbnail size-thumbnail wp-post-image\" alt=\"\" style=\"max-width:150px;max-height:150px;\" srcset=\"https:\/\/pans.krosno.pl\/pielegniarstwo\/wp-content\/uploads\/sites\/8\/2023\/02\/konferencja_first_aid_responder_1-150x150.png 150w, https:\/\/pans.krosno.pl\/pielegniarstwo\/wp-content\/uploads\/sites\/8\/2023\/02\/konferencja_first_aid_responder_1-80x80.png 80w\" sizes=\"auto, (max-width: 150px) 100vw, 150px\" \/><\/div><a class=\"wp-block-latest-posts__post-title\" href=\"https:\/\/pans.krosno.pl\/pielegniarstwo\/studencka-konferencja-naukowo-dydaktyczna-first-aid-responder\/\"><strong><em>Studencka Konferencja Naukowo- Dydaktyczna \u201eFIRST AID RESPONDER<\/em><\/strong><\/a><time datetime=\"2023-02-03T09:32:58+01:00\" class=\"wp-block-latest-posts__post-date\">3 lutego 2023<\/time><div class=\"wp-block-latest-posts__post-excerpt\">W dniu 28 stycznia 2023 roku odby\u0142a si\u0119 Studencka Konferencja Naukowo- Dydaktyczna \u201eFIRST AID RESPONDER\u201d. Organizatorami wydarzenia by\u0142o Studenckie Ko\u0142o Naukowe Pierwszej Pomocy Uniwersytetu Medycznego w Lublinie.\u00a0 Spotkanie zosta\u0142o przeprowadzone w formie zdalnej na platformie Zoom. Zaprezentowano 18 prac o tematyce pierwszej pomocy. W konferencji wzi\u0119\u0142y udzia\u0142 m.in. Uniwersytet Medyczny w Lublinie, Warszawski Uniwersytet Medyczny, [\u2026] <div class=\"clear\"><\/div><a class=\"more_link clearfix\" href=\"https:\/\/pans.krosno.pl\/pielegniarstwo\/studencka-konferencja-naukowo-dydaktyczna-first-aid-responder\/\" rel=\"nofollow\">Read More<\/a><\/div><\/li>\n<li><div class=\"wp-block-latest-posts__featured-image alignleft\"><img loading=\"lazy\" decoding=\"async\" width=\"150\" height=\"150\" src=\"https:\/\/pans.krosno.pl\/pielegniarstwo\/wp-content\/uploads\/sites\/8\/2023\/04\/DSC4420-150x150.jpg\" class=\"attachment-thumbnail size-thumbnail wp-post-image\" alt=\"\" style=\"max-width:150px;max-height:150px;\" \/><\/div><a class=\"wp-block-latest-posts__post-title\" href=\"https:\/\/pans.krosno.pl\/pielegniarstwo\/promocja-doktorska\/\">Promocja doktorska p. Edyty Szyd\u0142o<\/a><time datetime=\"2023-01-20T17:28:00+01:00\" class=\"wp-block-latest-posts__post-date\">20 stycznia 2023<\/time><div class=\"wp-block-latest-posts__post-excerpt\">W dniu 13.01.2023 r. w Sali Senackiej Collegium Novum Uniwersytetu Jagiello\u0144skiego odby\u0142y si\u0119 promocje doktorskie na Wydziale Nauk o Zdrowiu. Uroczysto\u015b\u0107 ta by\u0142a okazj\u0105 do wr\u0119czenia pami\u0105tkowych dyplom\u00f3w osobom, kt\u00f3re uzyska\u0142y stopnie naukowe oraz do z\u0142o\u017cenia\u00a0\u015blubowania\u00a0przez doktor\u00f3w.\u00a0 Uroczysto\u015bci przewodniczy\u0142 Prorektor Uniwersytetu Jagiello\u0144skiego ds. Collegium Medicum prof. Tomasz Grodzicki oraz dziekan Wydzia\u0142u Nauk o Zdrowiu dr [\u2026] <div class=\"clear\"><\/div><a class=\"more_link clearfix\" href=\"https:\/\/pans.krosno.pl\/pielegniarstwo\/promocja-doktorska\/\" rel=\"nofollow\">Read More<\/a><\/div><\/li>\n<li><div class=\"wp-block-latest-posts__featured-image alignleft\"><img loading=\"lazy\" decoding=\"async\" width=\"150\" height=\"150\" src=\"https:\/\/pans.krosno.pl\/pielegniarstwo\/wp-content\/uploads\/sites\/8\/2022\/12\/image000000003-150x150.jpg\" class=\"attachment-thumbnail size-thumbnail wp-post-image\" alt=\"\" style=\"max-width:150px;max-height:150px;\" srcset=\"https:\/\/pans.krosno.pl\/pielegniarstwo\/wp-content\/uploads\/sites\/8\/2022\/12\/image000000003-150x150.jpg 150w, https:\/\/pans.krosno.pl\/pielegniarstwo\/wp-content\/uploads\/sites\/8\/2022\/12\/image000000003-321x320.jpg 321w, https:\/\/pans.krosno.pl\/pielegniarstwo\/wp-content\/uploads\/sites\/8\/2022\/12\/image000000003-80x80.jpg 80w\" sizes=\"auto, (max-width: 150px) 100vw, 150px\" \/><\/div><a class=\"wp-block-latest-posts__post-title\" href=\"https:\/\/pans.krosno.pl\/pielegniarstwo\/szkolenie-pracownikow-z-komunikacji-interpersonalnej\/\">Szkolenie pracownik\u00f3w z komunikacji interpersonalnej<\/a><time datetime=\"2022-12-05T19:10:00+01:00\" class=\"wp-block-latest-posts__post-date\">5 grudnia 2022<\/time><div class=\"wp-block-latest-posts__post-excerpt\">W terminie od 29 wrze\u015bnia&nbsp; do 28 listopada 2022r. pracownicy Zak\u0142adu Piel\u0119gniarstwa i Zak\u0142adu Po\u0142o\u017cnictwa tj.: uczestniczyli w kursie specjalistycznym Komunikowanie interpersonalne w piel\u0119gniarstwie dla piel\u0119gniarek i po\u0142o\u017cnych realizowanego w ramach projektu nr POWR.07.01.00-00-0004\/22 pn. Wsparcie kszta\u0142cenia podyplomowego piel\u0119gniarek i po\u0142o\u017cnych w&nbsp;ramach Dzia\u0142ania 7.1 O\u015b priorytetowa VII Wsparcie REACT-EU dla obszaru zdrowia Programu Operacyjnego Wiedza [\u2026] <div class=\"clear\"><\/div><a class=\"more_link clearfix\" href=\"https:\/\/pans.krosno.pl\/pielegniarstwo\/szkolenie-pracownikow-z-komunikacji-interpersonalnej\/\" rel=\"nofollow\">Read More<\/a><\/div><\/li>\n<li><div class=\"wp-block-latest-posts__featured-image alignleft\"><img loading=\"lazy\" decoding=\"async\" width=\"150\" height=\"150\" src=\"https:\/\/pans.krosno.pl\/pielegniarstwo\/wp-content\/uploads\/sites\/8\/2022\/12\/311111208_598021422115217_8546783349794643122_n-150x150.jpg\" class=\"attachment-thumbnail size-thumbnail wp-post-image\" alt=\"\" style=\"max-width:150px;max-height:150px;\" srcset=\"https:\/\/pans.krosno.pl\/pielegniarstwo\/wp-content\/uploads\/sites\/8\/2022\/12\/311111208_598021422115217_8546783349794643122_n-150x150.jpg 150w, https:\/\/pans.krosno.pl\/pielegniarstwo\/wp-content\/uploads\/sites\/8\/2022\/12\/311111208_598021422115217_8546783349794643122_n-80x80.jpg 80w\" sizes=\"auto, (max-width: 150px) 100vw, 150px\" \/><\/div><a class=\"wp-block-latest-posts__post-title\" href=\"https:\/\/pans.krosno.pl\/pielegniarstwo\/warsztaty-w-centrum-symulacji-medycznej\/\">Warsztaty w Centrum Symulacji Medycznej<\/a><time datetime=\"2022-11-13T15:54:00+01:00\" class=\"wp-block-latest-posts__post-date\">13 listopada 2022<\/time><div class=\"wp-block-latest-posts__post-excerpt\">W dniu 7 pa\u017adziernika oraz 7 listopada br. w Centrum Symulacji Medycznej odby\u0142y si\u0119 warsztaty dla uczni\u00f3w szk\u00f3\u0142 partnerskich: Szko\u0142y Podstawowej nr 15 w Kro\u015bnie oraz II Liceum Og\u00f3lnokszta\u0142c\u0105cego im. Konstytucji 3 maja w Kro\u015bnie. Oko\u0142o 74 uczni\u00f3w szko\u0142y podstawowej oraz 34 uczni\u00f3w klasy maturalnej o profilu promedycznym mia\u0142o szans\u0119 uczestniczy\u0107 w zaj\u0119ciach doskonal\u0105cych umiej\u0119tno\u015bci [\u2026] <div class=\"clear\"><\/div><a class=\"more_link clearfix\" href=\"https:\/\/pans.krosno.pl\/pielegniarstwo\/warsztaty-w-centrum-symulacji-medycznej\/\" rel=\"nofollow\">Read More<\/a><\/div><\/li>\n<li><div class=\"wp-block-latest-posts__featured-image alignleft\"><img loading=\"lazy\" decoding=\"async\" width=\"150\" height=\"150\" src=\"https:\/\/pans.krosno.pl\/pielegniarstwo\/wp-content\/uploads\/sites\/8\/2022\/12\/Zdjecie-nr-1-150x150.jpg\" class=\"attachment-thumbnail size-thumbnail wp-post-image\" alt=\"\" style=\"max-width:150px;max-height:150px;\" srcset=\"https:\/\/pans.krosno.pl\/pielegniarstwo\/wp-content\/uploads\/sites\/8\/2022\/12\/Zdjecie-nr-1-150x150.jpg 150w, https:\/\/pans.krosno.pl\/pielegniarstwo\/wp-content\/uploads\/sites\/8\/2022\/12\/Zdjecie-nr-1-80x80.jpg 80w\" sizes=\"auto, (max-width: 150px) 100vw, 150px\" \/><\/div><a class=\"wp-block-latest-posts__post-title\" href=\"https:\/\/pans.krosno.pl\/pielegniarstwo\/wyroznienia-za-uzyskanie-stopni-naukowych\/\">Uzyskanie stopni naukowych przez pracownik\u00f3w Zak\u0142adu Piel\u0119gniarstwa i Zak\u0142adu Po\u0142o\u017cnictwa<\/a><time datetime=\"2022-10-17T12:01:48+02:00\" class=\"wp-block-latest-posts__post-date\">17 pa\u017adziernika 2022<\/time><div class=\"wp-block-latest-posts__post-excerpt\">W dniu 11 pa\u017adziernika 2022r.&nbsp; podczas&nbsp; uroczystej 23. inauguracji tegorocznego roku akademickiego W\u0142adze Karpackiej Pa\u0144stwowej Uczelni w Kro\u015bnie wr\u0119czy\u0142y pracownikom naukowo-dydaktycznym wyr\u00f3\u017cnienia za uzyskanie stopni naukowych. W\u015br\u00f3d wyr\u00f3\u017cnionych znale\u017ali si\u0119 tak\u017ce&nbsp; pracownicy Zak\u0142adu Piel\u0119gniarstwa i Zak\u0142adu Po\u0142o\u017cnictwa. Dr n.o zdr. Edyta Szyd\u0142o Wyk\u0142adowca w&nbsp; Zak\u0142adzie Piel\u0119gniarstwa Tytu\u0142 rozprawy doktorskiej: Obci\u0105\u017cenie&nbsp;opiekun\u00f3w&nbsp;os\u00f3b&nbsp;chorych na&nbsp;stwardnienie&nbsp;rozsiane. Promotor:&nbsp;dr&nbsp;hab.&nbsp;n.&nbsp;o&nbsp;zdr.&nbsp;Agnieszka&nbsp;Gniadek,&nbsp;prof.&nbsp;UJPromotor&nbsp;pomocniczy:&nbsp;dr&nbsp;n.&nbsp;med.&nbsp;Katarzyna&nbsp;Wojtas Obrona&nbsp;odby\u0142a&nbsp;si\u0119&nbsp;11&nbsp;marca&nbsp;2022&nbsp;r. w Uniwersytecie&nbsp;Jagiello\u0144skim, [\u2026] <div class=\"clear\"><\/div><a class=\"more_link clearfix\" href=\"https:\/\/pans.krosno.pl\/pielegniarstwo\/wyroznienia-za-uzyskanie-stopni-naukowych\/\" rel=\"nofollow\">Read More<\/a><\/div><\/li>\n<li><div class=\"wp-block-latest-posts__featured-image alignleft\"><img loading=\"lazy\" decoding=\"async\" width=\"150\" height=\"150\" src=\"https:\/\/pans.krosno.pl\/pielegniarstwo\/wp-content\/uploads\/sites\/8\/2023\/01\/zespol-1-150x150.jpg\" class=\"attachment-thumbnail size-thumbnail wp-post-image\" alt=\"\" style=\"max-width:150px;max-height:150px;\" srcset=\"https:\/\/pans.krosno.pl\/pielegniarstwo\/wp-content\/uploads\/sites\/8\/2023\/01\/zespol-1-150x150.jpg 150w, https:\/\/pans.krosno.pl\/pielegniarstwo\/wp-content\/uploads\/sites\/8\/2023\/01\/zespol-1-scaled-80x80.jpg 80w\" sizes=\"auto, (max-width: 150px) 100vw, 150px\" \/><\/div><a class=\"wp-block-latest-posts__post-title\" href=\"https:\/\/pans.krosno.pl\/pielegniarstwo\/relacje-z-wyjazdu-w-ramach-programu-erasmus\/\"><strong>Relacje z wyjazdu w ramach programu Erasmus+<\/strong><\/a><time datetime=\"2022-08-31T16:53:58+02:00\" class=\"wp-block-latest-posts__post-date\">31 sierpnia 2022<\/time><div class=\"wp-block-latest-posts__post-excerpt\">W pierwszych dniach gor\u0105cego lipca 2022 roku, w nadmorskim mie\u015bcie Rimini we W\u0142oszech, rozpocz\u0105\u0142em piel\u0119gniarskie praktyki zawodowe Erasmus realizowane we wsp\u00f3\u0142pracy z Uniwersytetem w Bolonii. Na wst\u0119pie zosta\u0142em powitany przez mojego w\u0142oskiego koordynatora, z ramienia uczelni, a nast\u0119pnie zosta\u0142a mi przekazana indywidualna specjalistyczna karta szpitalna.\u00a0 Dzi\u0119ki niej: odnotowywane by\u0142o moje ka\u017cdorazowe wej\u015bcie i wyj\u015bcie ze [\u2026] <div class=\"clear\"><\/div><a class=\"more_link clearfix\" href=\"https:\/\/pans.krosno.pl\/pielegniarstwo\/relacje-z-wyjazdu-w-ramach-programu-erasmus\/\" rel=\"nofollow\">Read More<\/a><\/div><\/li>\n<li><div class=\"wp-block-latest-posts__featured-image alignleft\"><img loading=\"lazy\" decoding=\"async\" width=\"150\" height=\"150\" src=\"https:\/\/pans.krosno.pl\/pielegniarstwo\/wp-content\/uploads\/sites\/8\/2020\/08\/bitmapa-150x150.png\" class=\"attachment-thumbnail size-thumbnail wp-post-image\" alt=\"\" style=\"max-width:150px;max-height:150px;\" srcset=\"https:\/\/pans.krosno.pl\/pielegniarstwo\/wp-content\/uploads\/sites\/8\/2020\/08\/bitmapa-150x150.png 150w, https:\/\/pans.krosno.pl\/pielegniarstwo\/wp-content\/uploads\/sites\/8\/2020\/08\/bitmapa-80x80.png 80w, https:\/\/pans.krosno.pl\/pielegniarstwo\/wp-content\/uploads\/sites\/8\/2020\/08\/bitmapa.png 250w\" sizes=\"auto, (max-width: 150px) 100vw, 150px\" \/><\/div><a class=\"wp-block-latest-posts__post-title\" href=\"https:\/\/pans.krosno.pl\/pielegniarstwo\/sekretariat-nieczynny\/\">Sekretariat nieczynny<\/a><time datetime=\"2022-07-29T10:55:52+02:00\" class=\"wp-block-latest-posts__post-date\">29 lipca 2022<\/time><div class=\"wp-block-latest-posts__post-excerpt\">W dniach 1.08 \u2013 2.09. 2022r. sekretariat &nbsp;Zak\u0142ad\u00f3w Piel\u0119gniarstwa i Po\u0142o\u017cnictwa b\u0119dzie nieczynny<\/div><\/li>\n<li><div class=\"wp-block-latest-posts__featured-image alignleft\"><img loading=\"lazy\" decoding=\"async\" width=\"150\" height=\"150\" src=\"https:\/\/pans.krosno.pl\/pielegniarstwo\/wp-content\/uploads\/sites\/8\/2022\/10\/294952668_765212001560817_6806094256045182820_n-150x150.jpg\" class=\"attachment-thumbnail size-thumbnail wp-post-image\" alt=\"\" style=\"max-width:150px;max-height:150px;\" srcset=\"https:\/\/pans.krosno.pl\/pielegniarstwo\/wp-content\/uploads\/sites\/8\/2022\/10\/294952668_765212001560817_6806094256045182820_n-150x150.jpg 150w, https:\/\/pans.krosno.pl\/pielegniarstwo\/wp-content\/uploads\/sites\/8\/2022\/10\/294952668_765212001560817_6806094256045182820_n-80x80.jpg 80w\" sizes=\"auto, (max-width: 150px) 100vw, 150px\" \/><\/div><a class=\"wp-block-latest-posts__post-title\" href=\"https:\/\/pans.krosno.pl\/pielegniarstwo\/dyplomatorium-2022\/\">Dyplomatorium 2022<\/a><time datetime=\"2022-07-22T17:06:00+02:00\" class=\"wp-block-latest-posts__post-date\">22 lipca 2022<\/time><div class=\"wp-block-latest-posts__post-excerpt\">Dnia 20 lipca 2022 r. na auli na ul. Kazimierza Wielkiego 4, odby\u0142o si\u0119 dyplomatorium absolwent\u00f3w Kierunku Piel\u0119gniarstwo. Mia\u0142o ono niezwyk\u0142y charakter, gdy\u017c zosta\u0142o zorganizowane po dwuletniej przerwie spowodowanej pandemi\u0105 COVID-19. Wydarzenie poprowadzi\u0142a Kierownik Zak\u0142adu Piel\u0119gniarstwa \u2013 mgr Ma\u0142gorzata Dziura. Uroczysto\u015bci rozpocz\u0119\u0142y si\u0119 od przem\u00f3w w\u0142adz Uczelni J. M. Rektora Karpackiej Pa\u0144stwowej Uczelni w Kro\u015bnie [\u2026] <div class=\"clear\"><\/div><a class=\"more_link clearfix\" href=\"https:\/\/pans.krosno.pl\/pielegniarstwo\/dyplomatorium-2022\/\" rel=\"nofollow\">Read More<\/a><\/div><\/li>\n<li><div class=\"wp-block-latest-posts__featured-image alignleft\"><img loading=\"lazy\" decoding=\"async\" width=\"150\" height=\"150\" src=\"https:\/\/pans.krosno.pl\/pielegniarstwo\/wp-content\/uploads\/sites\/8\/2022\/07\/IMG_20220610_123601-150x150.jpg\" class=\"attachment-thumbnail size-thumbnail wp-post-image\" alt=\"\" style=\"max-width:150px;max-height:150px;\" srcset=\"https:\/\/pans.krosno.pl\/pielegniarstwo\/wp-content\/uploads\/sites\/8\/2022\/07\/IMG_20220610_123601-150x150.jpg 150w, https:\/\/pans.krosno.pl\/pielegniarstwo\/wp-content\/uploads\/sites\/8\/2022\/07\/IMG_20220610_123601-scaled-80x80.jpg 80w\" sizes=\"auto, (max-width: 150px) 100vw, 150px\" \/><\/div><a class=\"wp-block-latest-posts__post-title\" href=\"https:\/\/pans.krosno.pl\/pielegniarstwo\/iii-miejsce-studentow-pielegniarstwa-podczas-ii-ogolnopolskich-zawodow-symulacji-medycznej-sim_challenge-2022\/\">III miejsce student\u00f3w piel\u0119gniarstwa podczas II Og\u00f3lnopolskich Zawod\u00f3w Symulacji Medycznej Sim_Challenge 2022<\/a><time datetime=\"2022-06-18T08:39:00+02:00\" class=\"wp-block-latest-posts__post-date\">18 czerwca 2022<\/time><div class=\"wp-block-latest-posts__post-excerpt\">W dniach 09-10 czerwca 2022 roku odby\u0142y si\u0119 II Og\u00f3lnopolskie Zawody Symulacji Medycznej Sim_Challenge 2022 zorganizowane przez Uniwersytet Opolski, podczas kt\u00f3rych studenci Karpackiej Pa\u0144stwowej Uczelni w Kro\u015bnie zaj\u0119li III miejsce. Nasz\u0105 Uczelni\u0119 reprezentowali studenci III roku Piel\u0119gniarstwa: Jakub Kluska (lider), Agata Sitar, Aleksandra K\u0119dra, Gabriela Gerlach i Izabela Zygarowicz oraz opiekunowie: Ma\u0142gorzata Sieniawska i Micha\u0142 [\u2026] <div class=\"clear\"><\/div><a class=\"more_link clearfix\" href=\"https:\/\/pans.krosno.pl\/pielegniarstwo\/iii-miejsce-studentow-pielegniarstwa-podczas-ii-ogolnopolskich-zawodow-symulacji-medycznej-sim_challenge-2022\/\" rel=\"nofollow\">Read More<\/a><\/div><\/li>\n<li><div class=\"wp-block-latest-posts__featured-image alignleft\"><img loading=\"lazy\" decoding=\"async\" width=\"150\" height=\"150\" src=\"https:\/\/pans.krosno.pl\/pielegniarstwo\/wp-content\/uploads\/sites\/8\/2022\/06\/8-2-150x150.jpg\" class=\"attachment-thumbnail size-thumbnail wp-post-image\" alt=\"\" style=\"max-width:150px;max-height:150px;\" srcset=\"https:\/\/pans.krosno.pl\/pielegniarstwo\/wp-content\/uploads\/sites\/8\/2022\/06\/8-2-150x150.jpg 150w, https:\/\/pans.krosno.pl\/pielegniarstwo\/wp-content\/uploads\/sites\/8\/2022\/06\/8-2-scaled-80x80.jpg 80w\" sizes=\"auto, (max-width: 150px) 100vw, 150px\" \/><\/div><a class=\"wp-block-latest-posts__post-title\" href=\"https:\/\/pans.krosno.pl\/pielegniarstwo\/wyjazd-pracownikow-zakladu-pielegniarstwa-w-ramach-programu-erasmus\/\">Wyjazd pracownik\u00f3w Zak\u0142adu Piel\u0119gniarstwa w ramach programu Erasmus +<\/a><time datetime=\"2022-06-09T07:05:00+02:00\" class=\"wp-block-latest-posts__post-date\">9 czerwca 2022<\/time><div class=\"wp-block-latest-posts__post-excerpt\">W dniach 30. 05 &#8211; 03. 06. 2022 pracownicy Zak\u0142adu Piel\u0119gniarstwa Karpackiej Pa\u0144stwowej Uczelni w Kro\u015bnie: dr n. o zdr. Edyta Kwilosz, mgr Agata Zbylut oraz mgr Agnieszka Kijowska uczestniczyli w wyje\u017adzie zagranicznym do Universidad de Huelva w Hiszpanii w ramach programu Erasmus +. Podczas pobytu poznano funkcjonowanie uczelni, zapoznano si\u0119 z baz\u0105 dydaktyczn\u0105 (pracowniami [\u2026] <div class=\"clear\"><\/div><a class=\"more_link clearfix\" href=\"https:\/\/pans.krosno.pl\/pielegniarstwo\/wyjazd-pracownikow-zakladu-pielegniarstwa-w-ramach-programu-erasmus\/\" rel=\"nofollow\">Read More<\/a><\/div><\/li>\n<li><div class=\"wp-block-latest-posts__featured-image alignleft\"><img loading=\"lazy\" decoding=\"async\" width=\"150\" height=\"150\" src=\"https:\/\/pans.krosno.pl\/pielegniarstwo\/wp-content\/uploads\/sites\/8\/2022\/06\/1Olimpiada1-1-150x150.jpg\" class=\"attachment-thumbnail size-thumbnail wp-post-image\" alt=\"\" style=\"max-width:150px;max-height:150px;\" srcset=\"https:\/\/pans.krosno.pl\/pielegniarstwo\/wp-content\/uploads\/sites\/8\/2022\/06\/1Olimpiada1-1-150x150.jpg 150w, https:\/\/pans.krosno.pl\/pielegniarstwo\/wp-content\/uploads\/sites\/8\/2022\/06\/1Olimpiada1-1-scaled-80x80.jpg 80w\" sizes=\"auto, (max-width: 150px) 100vw, 150px\" \/><\/div><a class=\"wp-block-latest-posts__post-title\" href=\"https:\/\/pans.krosno.pl\/pielegniarstwo\/final-xii-olimpiady-pielegniarskiej-im-dr-janiny-fetlinskiej\/\">Fina\u0142 XII Olimpiady Piel\u0119gniarskiej im. dr Janiny Fetli\u0144skiej<\/a><time datetime=\"2022-05-25T15:05:00+02:00\" class=\"wp-block-latest-posts__post-date\">25 maja 2022<\/time><div class=\"wp-block-latest-posts__post-excerpt\">W dniu 20 maja 2022 roku odby\u0142 si\u0119 fina\u0142 XII Mi\u0119dzyuczelnianej Olimpiady Piel\u0119gniarskiej im. dr Janiny Fetli\u0144skiej, kt\u00f3rego gospodarzem by\u0142a Pa\u0144stwowa Uczelnia Zawodowa im. Ignacego Mo\u015bcickiego w Ciechanowie. Karpack\u0105 Pa\u0144stwowa Uczelni\u0119 w Kro\u015bnie reprezentowa\u0142y dwie studentki trzeciego roku kierunku piel\u0119gniarstwo, kt\u00f3re uzyska\u0142y najwy\u017csz\u0105 liczb\u0119 punkt\u00f3w w drugim etapie Olimpiady: Filak Aleksandra i Mandela Kamila. Wraz [\u2026] <div class=\"clear\"><\/div><a class=\"more_link clearfix\" href=\"https:\/\/pans.krosno.pl\/pielegniarstwo\/final-xii-olimpiady-pielegniarskiej-im-dr-janiny-fetlinskiej\/\" rel=\"nofollow\">Read More<\/a><\/div><\/li>\n<li><div class=\"wp-block-latest-posts__featured-image alignleft\"><img loading=\"lazy\" decoding=\"async\" width=\"150\" height=\"150\" src=\"https:\/\/pans.krosno.pl\/pielegniarstwo\/wp-content\/uploads\/sites\/8\/2022\/06\/nggallery_import\/DSCF0018-150x150.jpg\" class=\"attachment-thumbnail size-thumbnail wp-post-image\" alt=\"\" style=\"max-width:150px;max-height:150px;\" srcset=\"https:\/\/pans.krosno.pl\/pielegniarstwo\/wp-content\/uploads\/sites\/8\/2022\/06\/nggallery_import\/DSCF0018-150x150.jpg 150w, https:\/\/pans.krosno.pl\/pielegniarstwo\/wp-content\/uploads\/sites\/8\/2022\/06\/nggallery_import\/DSCF0018-300x300.jpg 300w, https:\/\/pans.krosno.pl\/pielegniarstwo\/wp-content\/uploads\/sites\/8\/2022\/06\/nggallery_import\/DSCF0018-1024x1024.jpg 1024w, https:\/\/pans.krosno.pl\/pielegniarstwo\/wp-content\/uploads\/sites\/8\/2022\/06\/nggallery_import\/DSCF0018-768x768.jpg 768w, https:\/\/pans.krosno.pl\/pielegniarstwo\/wp-content\/uploads\/sites\/8\/2022\/06\/nggallery_import\/DSCF0018-800x800.jpg 800w, https:\/\/pans.krosno.pl\/pielegniarstwo\/wp-content\/uploads\/sites\/8\/2022\/06\/nggallery_import\/DSCF0018-580x580.jpg 580w, https:\/\/pans.krosno.pl\/pielegniarstwo\/wp-content\/uploads\/sites\/8\/2022\/06\/nggallery_import\/DSCF0018-80x80.jpg 80w, https:\/\/pans.krosno.pl\/pielegniarstwo\/wp-content\/uploads\/sites\/8\/2022\/06\/nggallery_import\/DSCF0018.jpg 1200w\" sizes=\"auto, (max-width: 150px) 100vw, 150px\" \/><\/div><a class=\"wp-block-latest-posts__post-title\" href=\"https:\/\/pans.krosno.pl\/pielegniarstwo\/iii-sympozjum-symulacji-medycznej\/\">III Sympozjum Symulacji Medycznej za nami<\/a><time datetime=\"2022-05-24T10:27:00+02:00\" class=\"wp-block-latest-posts__post-date\">24 maja 2022<\/time><div class=\"wp-block-latest-posts__post-excerpt\">W dniach 19- 20 maja br.&nbsp; Odby\u0142o si\u0119 III SYMPOZJUM SYMULACJI MEDYCZNEJ Wsp\u00f3\u0142czesne trendyw kszta\u0142ceniu na kierunkach medycznych. Konferencja mia\u0142a charakter mi\u0119dzynarodowy i by\u0142a finansowana ze \u015brodk\u00f3w bud\u017cetu pa\u0144stwaw ramach programu Doskona\u0142a nauka- wsparcie konferencji naukowych. Cz\u0119\u015b\u0107 prelegent\u00f3w \u0142\u0105czy\u0142a si\u0119 zdalnie z Wielkiej Brytanii i Hiszpanii, ale tak\u017ce z Poznania, P\u0142ocka i Zielonej G\u00f3ry, na [\u2026] <div class=\"clear\"><\/div><a class=\"more_link clearfix\" href=\"https:\/\/pans.krosno.pl\/pielegniarstwo\/iii-sympozjum-symulacji-medycznej\/\" rel=\"nofollow\">Read More<\/a><\/div><\/li>\n<li><div class=\"wp-block-latest-posts__featured-image alignleft\"><img loading=\"lazy\" decoding=\"async\" width=\"150\" height=\"150\" src=\"https:\/\/pans.krosno.pl\/pielegniarstwo\/wp-content\/uploads\/sites\/8\/2021\/01\/DSC_1027-1024x512-1-150x150.jpg\" class=\"attachment-thumbnail size-thumbnail wp-post-image\" alt=\"\" style=\"max-width:150px;max-height:150px;\" srcset=\"https:\/\/pans.krosno.pl\/pielegniarstwo\/wp-content\/uploads\/sites\/8\/2021\/01\/DSC_1027-1024x512-1-150x150.jpg 150w, https:\/\/pans.krosno.pl\/pielegniarstwo\/wp-content\/uploads\/sites\/8\/2021\/01\/DSC_1027-1024x512-1-80x80.jpg 80w\" sizes=\"auto, (max-width: 150px) 100vw, 150px\" \/><\/div><a class=\"wp-block-latest-posts__post-title\" href=\"https:\/\/pans.krosno.pl\/pielegniarstwo\/iii-sympozjum-symulacji-medycznej-19-20-maja\/\">III Sympozjum Symulacji Medycznej \u2013 19-20 maja<\/a><time datetime=\"2022-05-13T14:24:19+02:00\" class=\"wp-block-latest-posts__post-date\">13 maja 2022<\/time><div class=\"wp-block-latest-posts__post-excerpt\">Szanowni Pa\u0144stwo, przypominamy ju\u017c tylko 6 dni dzieli nas od III Sympozjum Symulacji Medycznej&nbsp;\u201eWsp\u00f3\u0142czesne trendy w kszta\u0142ceniu na kierunkach medycznych\u201d, kt\u00f3re odb\u0119dzie si\u0119 19-20 maja 2022 r. w Karpackiej Pa\u0144stwowej Uczelni w Kro\u015bnie. Serdecznie zapraszamy do czynnego uczestnictwa w sympozjum, w sesji plakatowej \u2013 szczeg\u00f3\u0142y pod linkiem sesja posterowa oraz do czynnego uczestnictwa w konferencji [\u2026] <div class=\"clear\"><\/div><a class=\"more_link clearfix\" href=\"https:\/\/pans.krosno.pl\/pielegniarstwo\/iii-sympozjum-symulacji-medycznej-19-20-maja\/\" rel=\"nofollow\">Read More<\/a><\/div><\/li>\n<li><div class=\"wp-block-latest-posts__featured-image alignleft\"><img loading=\"lazy\" decoding=\"async\" width=\"150\" height=\"150\" src=\"https:\/\/pans.krosno.pl\/pielegniarstwo\/wp-content\/uploads\/sites\/8\/2022\/04\/20220401_104538-150x150.jpg\" class=\"attachment-thumbnail size-thumbnail wp-post-image\" alt=\"\" style=\"max-width:150px;max-height:150px;\" srcset=\"https:\/\/pans.krosno.pl\/pielegniarstwo\/wp-content\/uploads\/sites\/8\/2022\/04\/20220401_104538-150x150.jpg 150w, https:\/\/pans.krosno.pl\/pielegniarstwo\/wp-content\/uploads\/sites\/8\/2022\/04\/20220401_104538-scaled-80x80.jpg 80w\" sizes=\"auto, (max-width: 150px) 100vw, 150px\" \/><\/div><a class=\"wp-block-latest-posts__post-title\" href=\"https:\/\/pans.krosno.pl\/pielegniarstwo\/warsztaty-dla-uczniow-klas-promedycznych\/\">Warsztaty dla uczni\u00f3w klas promedycznych !!!<\/a><time datetime=\"2022-04-06T11:32:10+02:00\" class=\"wp-block-latest-posts__post-date\">6 kwietnia 2022<\/time><div class=\"wp-block-latest-posts__post-excerpt\">Dnia 1 kwietnia 2022 r. Zak\u0142ad Piel\u0119gniarstwa wsp\u00f3lnie z Zak\u0142adem Po\u0142o\u017cnictwa zorganizowa\u0142y warsztaty dla uczni\u00f3w klas promedycznych z I Liceum Og\u00f3lnokszta\u0142c\u0105cego z Oddzia\u0142ami Dwuj\u0119zycznymi im. Miko\u0142aja Kopernika w Kro\u015bnie. Za organizacj\u0119 ww. wydarzenia oraz za jego logistyk\u0119 odpowiedzialna by\u0142a dr Edyta Kwilosz &#8211; p. o. Kierownika Centrum Symulacji Medycznej. Pierwszy warsztat: Pomiar\u00f3w wykonywanie &#8211; stanu [\u2026] <div class=\"clear\"><\/div><a class=\"more_link clearfix\" href=\"https:\/\/pans.krosno.pl\/pielegniarstwo\/warsztaty-dla-uczniow-klas-promedycznych\/\" rel=\"nofollow\">Read More<\/a><\/div><\/li>\n<li><div class=\"wp-block-latest-posts__featured-image alignleft\"><img loading=\"lazy\" decoding=\"async\" width=\"150\" height=\"150\" src=\"https:\/\/pans.krosno.pl\/pielegniarstwo\/wp-content\/uploads\/sites\/8\/2022\/02\/Olimpiada_promo-e1648276095605-150x150.png\" class=\"attachment-thumbnail size-thumbnail wp-post-image\" alt=\"\" style=\"max-width:150px;max-height:150px;\" \/><\/div><a class=\"wp-block-latest-posts__post-title\" href=\"https:\/\/pans.krosno.pl\/pielegniarstwo\/wyniki-ii-etapu-xii-miedzyuczelnianej-olimpiady-pielegniarskiej-im-dr-janiny-fetlinskiej\/\">Wyniki II Etapu XII Mi\u0119dzyuczelnianej Olimpiady Piel\u0119gniarskiej im. dr Janiny Fetli\u0144skiej<\/a><time datetime=\"2022-03-25T07:25:00+01:00\" class=\"wp-block-latest-posts__post-date\">25 marca 2022<\/time><div class=\"wp-block-latest-posts__post-excerpt\">Wyniki II Etapu XII Mi\u0119dzyuczelnianej Olimpiady Piel\u0119gniarskiej im. dr Janiny Fetli\u0144skiej zorganizowanej w Karpackiej Pa\u0144stwowej Uczelni w Kro\u015bnie w dniu 24 marca 2022 roku. Najwy\u017csza liczba uzyskanych punkt\u00f3w: 20 pkt. Liczba student\u00f3w z najwy\u017csz\u0105 liczb\u0105 uzyskanych punkt\u00f3w, zakwalifikowanych do III etapu Olimpiady: 1. Nr albumu 24025&nbsp; \u2013&nbsp; 18 pkt. 2. Nr albumu 22025&nbsp; \u2013&nbsp; 18 [\u2026] <div class=\"clear\"><\/div><a class=\"more_link clearfix\" href=\"https:\/\/pans.krosno.pl\/pielegniarstwo\/wyniki-ii-etapu-xii-miedzyuczelnianej-olimpiady-pielegniarskiej-im-dr-janiny-fetlinskiej\/\" rel=\"nofollow\">Read More<\/a><\/div><\/li>\n<li><div class=\"wp-block-latest-posts__featured-image alignleft\"><img loading=\"lazy\" decoding=\"async\" width=\"150\" height=\"150\" src=\"https:\/\/pans.krosno.pl\/pielegniarstwo\/wp-content\/uploads\/sites\/8\/2022\/04\/275515471_289202683325424_4963676039555469814_n-150x150.jpg\" class=\"attachment-thumbnail size-thumbnail wp-post-image\" alt=\"\" style=\"max-width:150px;max-height:150px;\" srcset=\"https:\/\/pans.krosno.pl\/pielegniarstwo\/wp-content\/uploads\/sites\/8\/2022\/04\/275515471_289202683325424_4963676039555469814_n-150x150.jpg 150w, https:\/\/pans.krosno.pl\/pielegniarstwo\/wp-content\/uploads\/sites\/8\/2022\/04\/275515471_289202683325424_4963676039555469814_n-scaled-80x80.jpg 80w\" sizes=\"auto, (max-width: 150px) 100vw, 150px\" \/><\/div><a class=\"wp-block-latest-posts__post-title\" href=\"https:\/\/pans.krosno.pl\/pielegniarstwo\/ii-miedzynarodowa-konferencja-symulacja-medyczna-praktyczne-zastosowania-i-technologie\/\">II Mi\u0119dzynarodowa Konferencja \u201eSymulacja medyczna \u2013 praktyczne zastosowania i technologie\u201d<\/a><time datetime=\"2022-03-20T10:59:00+01:00\" class=\"wp-block-latest-posts__post-date\">20 marca 2022<\/time><div class=\"wp-block-latest-posts__post-excerpt\">W dniu 11 marca 2022 roku 8 pracownik\u00f3w Zak\u0142adu Piel\u0119gniarstwa wzi\u0119\u0142o udzia\u0142 w II Mi\u0119dzynarodowej Konferencji \u201eSymulacja medyczna \u2013 praktyczne zastosowania i technologie\u201d zorganizowanej przez Uniwersytet Medyczny im. Karola Marcinkowskiego w Poznaniu. Konferencja mia\u0142a na celu wsp\u00f3\u0142dzielenie si\u0119 zdobytym do\u015bwiadczeniem z zakresu symulacji medycznej oraz odkrycie nowych zastosowa\u0144 dla tej metody nauczania, tak by mo\u017cliwe [\u2026] <div class=\"clear\"><\/div><a class=\"more_link clearfix\" href=\"https:\/\/pans.krosno.pl\/pielegniarstwo\/ii-miedzynarodowa-konferencja-symulacja-medyczna-praktyczne-zastosowania-i-technologie\/\" rel=\"nofollow\">Read More<\/a><\/div><\/li>\n<li><div class=\"wp-block-latest-posts__featured-image alignleft\"><img loading=\"lazy\" decoding=\"async\" width=\"150\" height=\"150\" src=\"https:\/\/pans.krosno.pl\/pielegniarstwo\/wp-content\/uploads\/sites\/8\/2022\/03\/Florencja-150x150.jpg\" class=\"attachment-thumbnail size-thumbnail wp-post-image\" alt=\"\" style=\"max-width:150px;max-height:150px;\" srcset=\"https:\/\/pans.krosno.pl\/pielegniarstwo\/wp-content\/uploads\/sites\/8\/2022\/03\/Florencja-150x150.jpg 150w, https:\/\/pans.krosno.pl\/pielegniarstwo\/wp-content\/uploads\/sites\/8\/2022\/03\/Florencja-80x80.jpg 80w\" sizes=\"auto, (max-width: 150px) 100vw, 150px\" \/><\/div><a class=\"wp-block-latest-posts__post-title\" href=\"https:\/\/pans.krosno.pl\/pielegniarstwo\/arteterapia-niesamowita-terapia-przez-sztuke-szkolenie-23-marca\/\">\u201eArteterapia \u2013 niesamowita terapia przez sztuk\u0119\u201d \u2013 szkolenie \u2013 23 marca<\/a><time datetime=\"2022-03-18T09:15:18+01:00\" class=\"wp-block-latest-posts__post-date\">18 marca 2022<\/time><div class=\"wp-block-latest-posts__post-excerpt\">Studenckie Ko\u0142o Naukowe \u201eFlorencja\u201d serdecznie zaprasza wszystkie ch\u0119tne osoby do wzi\u0119cia udzia\u0142u w bezp\u0142atnym szkoleniu on-line na temat \u201eWp\u0142ywu arteterapii na dobrostan cz\u0142owieka&nbsp; \u2013 wykorzystanie potencja\u0142u sztuki w opiece piel\u0119gniarskiej nad pacjentem.\u201dGo\u015bciem naszego spotkania b\u0119dzie Pani Katarzyna Borkowska. Pani Kasia jest nie tylko arteterapeutk\u0105, zajmuje si\u0119 tak\u017ce muzykoterapi\u0105, fotografi\u0105 oraz aktorstwem. Posiada do\u015bwiadczenie w pracy [\u2026] <div class=\"clear\"><\/div><a class=\"more_link clearfix\" href=\"https:\/\/pans.krosno.pl\/pielegniarstwo\/arteterapia-niesamowita-terapia-przez-sztuke-szkolenie-23-marca\/\" rel=\"nofollow\">Read More<\/a><\/div><\/li>\n<li><div class=\"wp-block-latest-posts__featured-image alignleft\"><img loading=\"lazy\" decoding=\"async\" width=\"150\" height=\"150\" src=\"https:\/\/pans.krosno.pl\/pielegniarstwo\/wp-content\/uploads\/sites\/8\/2022\/03\/Fot.-Olimpiada-150x150.jpg\" class=\"attachment-thumbnail size-thumbnail wp-post-image\" alt=\"\" style=\"max-width:150px;max-height:150px;\" srcset=\"https:\/\/pans.krosno.pl\/pielegniarstwo\/wp-content\/uploads\/sites\/8\/2022\/03\/Fot.-Olimpiada-150x150.jpg 150w, https:\/\/pans.krosno.pl\/pielegniarstwo\/wp-content\/uploads\/sites\/8\/2022\/03\/Fot.-Olimpiada-80x80.jpg 80w\" sizes=\"auto, (max-width: 150px) 100vw, 150px\" \/><\/div><a class=\"wp-block-latest-posts__post-title\" href=\"https:\/\/pans.krosno.pl\/pielegniarstwo\/i-etap-xii-miedzyuczelnianej-olimpiady-pielegniarskiej-im-dr-janiny-fetlinskiej\/\">I etap XII Mi\u0119dzyuczelnianej Olimpiady Piel\u0119gniarskiej im. dr Janiny Fetli\u0144skiej<\/a><time datetime=\"2022-03-02T19:00:00+01:00\" class=\"wp-block-latest-posts__post-date\">2 marca 2022<\/time><div class=\"wp-block-latest-posts__post-excerpt\">Dnia 1 marca 2022r. studenci III roku kierunku piel\u0119gniarstwo Karpackiej Pa\u0144stwowej Uczelni w Kro\u015bnie przyst\u0105pili do I etapu XII Mi\u0119dzyuczelnianej Olimpiady Piel\u0119gniarskiej im. dr Janiny Fetli\u0144skiej. Etap I odbywa\u0142 si\u0119 jednoczasowo we wszystkich Uczelniach bior\u0105cych udzia\u0142 w Olimpiadzie. Test jednokrotnego wyboru zawiera\u0142 60 pyta\u0144 zamkni\u0119tych, jednakowych we wszystkich Uczelniach. Zakres tematyczny testu odpowiada\u0142 efektom uczenia [\u2026] <div class=\"clear\"><\/div><a class=\"more_link clearfix\" href=\"https:\/\/pans.krosno.pl\/pielegniarstwo\/i-etap-xii-miedzyuczelnianej-olimpiady-pielegniarskiej-im-dr-janiny-fetlinskiej\/\" rel=\"nofollow\">Read More<\/a><\/div><\/li>\n<li><div class=\"wp-block-latest-posts__featured-image alignleft\"><img loading=\"lazy\" decoding=\"async\" width=\"150\" height=\"150\" src=\"https:\/\/pans.krosno.pl\/pielegniarstwo\/wp-content\/uploads\/sites\/8\/2022\/02\/Olimpiada_promo-e1648276095605-150x150.png\" class=\"attachment-thumbnail size-thumbnail wp-post-image\" alt=\"\" style=\"max-width:150px;max-height:150px;\" \/><\/div><a class=\"wp-block-latest-posts__post-title\" href=\"https:\/\/pans.krosno.pl\/pielegniarstwo\/xii-olimpiada-pielegniarska-im-dr-j-fetlinskiej-etap-i\/\">XII Olimpiada Piel\u0119gniarska im. dr. J. Fetli\u0144skiej &#8211; etap I<\/a><time datetime=\"2022-02-24T20:30:29+01:00\" class=\"wp-block-latest-posts__post-date\">24 lutego 2022<\/time><div class=\"wp-block-latest-posts__post-excerpt\">Serdecznie zapraszamy student\u00f3w do udzia\u0142u w XII Olimpiadzie Piel\u0119gniarskiej im. dr. J. Fetli\u0144skiej. I etap&nbsp; odbywa si\u0119&nbsp; r\u00f3wnocze\u015bnie we wszystkich uczelniach bior\u0105cych udzia\u0142 w XII Olimpiadzie Piel\u0119gniarskiej&nbsp; w dniu&nbsp; 01 marca 2022 roku w godz. 8.30 \u2013 9.30. W zwi\u0105zku z sytuacj\u0105 epidemiologiczn\u0105 COVID-19 decyzj\u0119 o formie przeprowadzenia testu (w kontakcie bezpo\u015brednim z zachowaniem re\u017cimu [\u2026] <div class=\"clear\"><\/div><a class=\"more_link clearfix\" href=\"https:\/\/pans.krosno.pl\/pielegniarstwo\/xii-olimpiada-pielegniarska-im-dr-j-fetlinskiej-etap-i\/\" rel=\"nofollow\">Read More<\/a><\/div><\/li>\n<li><div class=\"wp-block-latest-posts__featured-image alignleft\"><img loading=\"lazy\" decoding=\"async\" width=\"150\" height=\"150\" src=\"https:\/\/pans.krosno.pl\/pielegniarstwo\/wp-content\/uploads\/sites\/8\/2022\/01\/istockphoto-1317080423-612x612-1-150x150.jpg\" class=\"attachment-thumbnail size-thumbnail wp-post-image\" alt=\"\" style=\"max-width:150px;max-height:150px;\" srcset=\"https:\/\/pans.krosno.pl\/pielegniarstwo\/wp-content\/uploads\/sites\/8\/2022\/01\/istockphoto-1317080423-612x612-1-150x150.jpg 150w, https:\/\/pans.krosno.pl\/pielegniarstwo\/wp-content\/uploads\/sites\/8\/2022\/01\/istockphoto-1317080423-612x612-1-300x300.jpg 300w, https:\/\/pans.krosno.pl\/pielegniarstwo\/wp-content\/uploads\/sites\/8\/2022\/01\/istockphoto-1317080423-612x612-1-580x580.jpg 580w, https:\/\/pans.krosno.pl\/pielegniarstwo\/wp-content\/uploads\/sites\/8\/2022\/01\/istockphoto-1317080423-612x612-1-80x80.jpg 80w, https:\/\/pans.krosno.pl\/pielegniarstwo\/wp-content\/uploads\/sites\/8\/2022\/01\/istockphoto-1317080423-612x612-1.jpg 612w\" sizes=\"auto, (max-width: 150px) 100vw, 150px\" \/><\/div><a class=\"wp-block-latest-posts__post-title\" href=\"https:\/\/pans.krosno.pl\/pielegniarstwo\/komunikat-rektora-w-sprawie-obowiazku-szczepien-przeciwko-covid-19-dla-studentow-pielegniarstwa-i-poloznictwa\/\">Komunikat Rektora w sprawie obowi\u0105zku szczepie\u0144 przeciwko COVID-19 dla student\u00f3w Piel\u0119gniarstwa i Po\u0142o\u017cnictwa<\/a><time datetime=\"2022-01-24T15:48:03+01:00\" class=\"wp-block-latest-posts__post-date\">24 stycznia 2022<\/time><div class=\"wp-block-latest-posts__post-excerpt\">Komunikat nr 2\/22Rektora Karpackiej Pa\u0144stwowej Uczelni w Kro\u015bniez dnia 20 stycznia 2022 roku w sprawie obowi\u0105zku szczepie\u0144 przeciwko COVID-19 dla student\u00f3w kierunk\u00f3w Piel\u0119gniarstwo i Po\u0142o\u017cnictwo, wynikaj\u0105cego z rozporz\u0105dzenia Ministra Zdrowia z dnia 22.12.2021 roku zmieniaj\u0105cego rozporz\u0105dzenie w sprawie og\u0142oszenia na obszarze Rzeczypospolitej Polskiej stanu epidemii (Dz.U. 2021, poz. 2398) Szanowni Pa\u0144stwoStudenci kierunk\u00f3w Piel\u0119gniarstwo i Po\u0142o\u017cnictwooraz [\u2026] <div class=\"clear\"><\/div><a class=\"more_link clearfix\" href=\"https:\/\/pans.krosno.pl\/pielegniarstwo\/komunikat-rektora-w-sprawie-obowiazku-szczepien-przeciwko-covid-19-dla-studentow-pielegniarstwa-i-poloznictwa\/\" rel=\"nofollow\">Read More<\/a><\/div><\/li>\n<li><div class=\"wp-block-latest-posts__featured-image alignleft\"><img loading=\"lazy\" decoding=\"async\" width=\"150\" height=\"150\" src=\"https:\/\/pans.krosno.pl\/pielegniarstwo\/wp-content\/uploads\/sites\/8\/2022\/02\/IMG_7274-150x150.jpg\" class=\"attachment-thumbnail size-thumbnail wp-post-image\" alt=\"\" style=\"max-width:150px;max-height:150px;\" srcset=\"https:\/\/pans.krosno.pl\/pielegniarstwo\/wp-content\/uploads\/sites\/8\/2022\/02\/IMG_7274-150x150.jpg 150w, https:\/\/pans.krosno.pl\/pielegniarstwo\/wp-content\/uploads\/sites\/8\/2022\/02\/IMG_7274-scaled-80x80.jpg 80w\" sizes=\"auto, (max-width: 150px) 100vw, 150px\" \/><\/div><a class=\"wp-block-latest-posts__post-title\" href=\"https:\/\/pans.krosno.pl\/pielegniarstwo\/noc-biologow-z-zakladem-pielegniarstwa\/\">NOC BIOLOG\u00d3W Z ZAK\u0141ADEM PIEL\u0118GNIARSTWA<\/a><time datetime=\"2022-01-16T18:08:00+01:00\" class=\"wp-block-latest-posts__post-date\">16 stycznia 2022<\/time><div class=\"wp-block-latest-posts__post-excerpt\">Og\u00f3lnopolska \u201eNoc Biolog\u00f3w\u201d to wydarzenie cykliczne, organizowane przez o\u015brodki naukowe w ca\u0142ym kraju od 2012 r. W tej edycji po raz kolejny udzia\u0142 wzi\u0119\u0142a Karpacka Pa\u0144stwowa Uczelnia w Kro\u015bnie. Celem przedsi\u0119wzi\u0119cia jest popularyzowanie nauki zajmuj\u0105cej si\u0119 problematyk\u0105 przyrodnicz\u0105, zdrowia ludzkiego oraz biogospodarki poprzez prezentacj\u0119 ciekawych wyk\u0142ad\u00f3w, warsztat\u00f3w, pokaz\u00f3w naukowych, laboratori\u00f3w oraz wystaw tematycznych. Tegoroczna edycja&nbsp;\u201eNocy [\u2026] <div class=\"clear\"><\/div><a class=\"more_link clearfix\" href=\"https:\/\/pans.krosno.pl\/pielegniarstwo\/noc-biologow-z-zakladem-pielegniarstwa\/\" rel=\"nofollow\">Read More<\/a><\/div><\/li>\n<li><div class=\"wp-block-latest-posts__featured-image alignleft\"><img loading=\"lazy\" decoding=\"async\" width=\"150\" height=\"150\" src=\"https:\/\/pans.krosno.pl\/pielegniarstwo\/wp-content\/uploads\/sites\/8\/2021\/12\/264572461_322511939558387_6941920756613133227_n-1-150x150.jpg\" class=\"attachment-thumbnail size-thumbnail wp-post-image\" alt=\"\" style=\"max-width:150px;max-height:150px;\" srcset=\"https:\/\/pans.krosno.pl\/pielegniarstwo\/wp-content\/uploads\/sites\/8\/2021\/12\/264572461_322511939558387_6941920756613133227_n-1-150x150.jpg 150w, https:\/\/pans.krosno.pl\/pielegniarstwo\/wp-content\/uploads\/sites\/8\/2021\/12\/264572461_322511939558387_6941920756613133227_n-1-80x80.jpg 80w\" sizes=\"auto, (max-width: 150px) 100vw, 150px\" \/><\/div><a class=\"wp-block-latest-posts__post-title\" href=\"https:\/\/pans.krosno.pl\/pielegniarstwo\/upominki-dla-dzieci\/\">Upominki dla dzieci<\/a><time datetime=\"2021-12-10T09:04:00+01:00\" class=\"wp-block-latest-posts__post-date\">10 grudnia 2021<\/time><div class=\"wp-block-latest-posts__post-excerpt\">Dnia 7 grudnia studentki 2 roku piel\u0119gniarstwa z naszej Uczelni pod opiek\u0105 mgr Joanny Kubik zorganizowa\u0142y akcj\u0119 miko\u0142ajkow\u0105, w trakcie kt\u00f3rej rozdawa\u0142y prezenty ma\u0142ym pacjentom na oddziale dzieci\u0119cym w Wojew\u00f3dzkim Szpitalu Podkarpackim w Kro\u015bnie. Upominki dla pacjent\u00f3w zosta\u0142y zebrane dzi\u0119ki dobremu sercu student\u00f3w podczas akcji \u201eMi\u015b\u201d.<\/div><\/li>\n<li><div class=\"wp-block-latest-posts__featured-image alignleft\"><img loading=\"lazy\" decoding=\"async\" width=\"150\" height=\"150\" src=\"https:\/\/pans.krosno.pl\/pielegniarstwo\/wp-content\/uploads\/sites\/8\/2021\/11\/AKCJA-MIS-1-150x150.png\" class=\"attachment-thumbnail size-thumbnail wp-post-image\" alt=\"\" style=\"max-width:150px;max-height:150px;\" srcset=\"https:\/\/pans.krosno.pl\/pielegniarstwo\/wp-content\/uploads\/sites\/8\/2021\/11\/AKCJA-MIS-1-150x150.png 150w, https:\/\/pans.krosno.pl\/pielegniarstwo\/wp-content\/uploads\/sites\/8\/2021\/11\/AKCJA-MIS-1-80x80.png 80w\" sizes=\"auto, (max-width: 150px) 100vw, 150px\" \/><\/div><a class=\"wp-block-latest-posts__post-title\" href=\"https:\/\/pans.krosno.pl\/pielegniarstwo\/podaruj-dzieciom-usmiech\/\">Podaruj dzieciom u\u015bmiech<\/a><time datetime=\"2021-11-22T09:15:00+01:00\" class=\"wp-block-latest-posts__post-date\">22 listopada 2021<\/time><div class=\"wp-block-latest-posts__post-excerpt\">Zapraszamy do wzi\u0119cia udzia\u0142u w akcji !!! Rzeczy zebrane w zbi\u00f3rce zostan\u0105 przekazane na Oddzia\u0142 Dzieci\u0119cy Szpitala Wojew\u00f3dzkiego w Kro\u015bnie.<\/div><\/li>\n<li><div class=\"wp-block-latest-posts__featured-image alignleft\"><img loading=\"lazy\" decoding=\"async\" width=\"150\" height=\"150\" src=\"https:\/\/pans.krosno.pl\/pielegniarstwo\/wp-content\/uploads\/sites\/8\/2021\/11\/indeks-150x150.jpg\" class=\"attachment-thumbnail size-thumbnail wp-post-image\" alt=\"\" style=\"max-width:150px;max-height:150px;\" srcset=\"https:\/\/pans.krosno.pl\/pielegniarstwo\/wp-content\/uploads\/sites\/8\/2021\/11\/indeks-150x150.jpg 150w, https:\/\/pans.krosno.pl\/pielegniarstwo\/wp-content\/uploads\/sites\/8\/2021\/11\/indeks-80x80.jpg 80w\" sizes=\"auto, (max-width: 150px) 100vw, 150px\" \/><\/div><a class=\"wp-block-latest-posts__post-title\" href=\"https:\/\/pans.krosno.pl\/pielegniarstwo\/czas-zadumy-refleksji-i-wspomnien-o-tych-ktorzy-odeszli\/\">Czas zadumy, refleksji i wspomnie\u0144 o tych, kt\u00f3rzy odeszli\u2026<\/a><time datetime=\"2021-11-01T08:32:00+01:00\" class=\"wp-block-latest-posts__post-date\">1 listopada 2021<\/time><div class=\"wp-block-latest-posts__post-excerpt\">Pierwsze dni listopada to szczeg\u00f3lne chwile. Przed nami dni pe\u0142ne ciszy, przemy\u015ble\u0144 i t\u0119sknoty za tymi, kt\u00f3rych z nami nie ma. Uroczysto\u015b\u0107 Wszystkich \u015awi\u0119tych i Dzie\u0144 Zaduszny pozwalaj\u0105 zatrzyma\u0107 si\u0119 cho\u0107by na moment, a pochylenie si\u0119 nad miejscem poch\u00f3wku zmar\u0142ych wzbudza w nas refleksje nad sensem istnienia i czasem odchodzenia. W ten trudny i zarazem [\u2026] <div class=\"clear\"><\/div><a class=\"more_link clearfix\" href=\"https:\/\/pans.krosno.pl\/pielegniarstwo\/czas-zadumy-refleksji-i-wspomnien-o-tych-ktorzy-odeszli\/\" rel=\"nofollow\">Read More<\/a><\/div><\/li>\n<li><div class=\"wp-block-latest-posts__featured-image alignleft\"><img loading=\"lazy\" decoding=\"async\" width=\"150\" height=\"150\" src=\"https:\/\/pans.krosno.pl\/pielegniarstwo\/wp-content\/uploads\/sites\/8\/2021\/10\/W_2-150x150.jpg\" class=\"attachment-thumbnail size-thumbnail wp-post-image\" alt=\"\" style=\"max-width:150px;max-height:150px;\" srcset=\"https:\/\/pans.krosno.pl\/pielegniarstwo\/wp-content\/uploads\/sites\/8\/2021\/10\/W_2-150x150.jpg 150w, https:\/\/pans.krosno.pl\/pielegniarstwo\/wp-content\/uploads\/sites\/8\/2021\/10\/W_2-80x80.jpg 80w\" sizes=\"auto, (max-width: 150px) 100vw, 150px\" \/><\/div><a class=\"wp-block-latest-posts__post-title\" href=\"https:\/\/pans.krosno.pl\/pielegniarstwo\/z-glebokim-zalem-zawiadamiamy-2\/\">Z g\u0142\u0119bokim \u017calem zawiadamiamy\u2026<\/a><time datetime=\"2021-10-25T18:15:04+02:00\" class=\"wp-block-latest-posts__post-date\">25 pa\u017adziernika 2021<\/time><div class=\"wp-block-latest-posts__post-excerpt\">Wasilewski Tadeusz Pawe\u0142 urodzi\u0142 si\u0119 2 grudnia 1967 roku w Soko\u0142owie Podlaskim w rodzinie inteligenckiej Boles\u0142awa i Anny z Sitnickich zamieszka\u0142ej w nieodleg\u0142ej miejscowo\u015bci W\u0119gr\u00f3w, gdzie z\u0142o\u017cy\u0142 egzamin dojrza\u0142o\u015bci w jednym z najstarszych lice\u00f3w im. Adama Mickiewicza. Od najm\u0142odszych lat wdra\u017cany do benedykty\u0144skiej dok\u0142adno\u015bci przez obserwacj\u0119 i podziwianie pracy ojca projektanta wybra\u0142 odmienn\u0105 drog\u0119 kariery, [\u2026] <div class=\"clear\"><\/div><a class=\"more_link clearfix\" href=\"https:\/\/pans.krosno.pl\/pielegniarstwo\/z-glebokim-zalem-zawiadamiamy-2\/\" rel=\"nofollow\">Read More<\/a><\/div><\/li>\n<\/ul>","protected":false},"excerpt":{"rendered":"","protected":false},"author":27,"featured_media":0,"parent":0,"menu_order":0,"comment_status":"closed","ping_status":"closed","template":"page-templates\/template-full-width.php","meta":{"ngg_post_thumbnail":0,"footnotes":""},"class_list":["post-1251","page","type-page","status-publish","hentry"],"yoast_head":"<!-- This site is optimized with the Yoast SEO Premium plugin v27.4 (Yoast SEO v27.4) - https:\/\/yoast.com\/product\/yoast-seo-premium-wordpress\/ -->\n<title>Aktualno\u015bci - Piel\u0119gniarstwo PANS w Kro\u015bnie<\/title>\n<meta name=\"description\" content=\"Po dwu i p\u00f3\u0142 miesi\u0119cznej przerwie studenci kierunku Piel\u0119gniarstwo powr\u00f3cili na zaj\u0119cia do Uczelni. Piel\u0119gniarstwo PANS w Kro\u015bnie - Aktualno\u015bci\" \/>\n<meta name=\"robots\" content=\"index, follow, max-snippet:-1, max-image-preview:large, max-video-preview:-1\" \/>\n<link rel=\"canonical\" href=\"https:\/\/pans.krosno.pl\/pielegniarstwo\/aktualnosci-pielegniarstwo-lic\/\" \/>\n<meta property=\"og:locale\" content=\"pl_PL\" \/>\n<meta property=\"og:type\" content=\"article\" \/>\n<meta property=\"og:title\" content=\"Aktualno\u015bci\" \/>\n<meta property=\"og:description\" content=\"Po dwu i p\u00f3\u0142 miesi\u0119cznej przerwie studenci kierunku Piel\u0119gniarstwo powr\u00f3cili na zaj\u0119cia do Uczelni. Piel\u0119gniarstwo PANS w Kro\u015bnie - Aktualno\u015bci\" \/>\n<meta property=\"og:url\" content=\"https:\/\/pans.krosno.pl\/pielegniarstwo\/aktualnosci-pielegniarstwo-lic\/\" \/>\n<meta property=\"og:site_name\" content=\"Piel\u0119gniarstwo PANS w Kro\u015bnie\" \/>\n<meta property=\"article:modified_time\" content=\"2025-07-25T08:58:51+00:00\" \/>\n<meta name=\"twitter:card\" content=\"summary_large_image\" \/>\n<script type=\"application\/ld+json\" class=\"yoast-schema-graph\">{\"@context\":\"https:\\\/\\\/schema.org\",\"@graph\":[{\"@type\":\"WebPage\",\"@id\":\"https:\\\/\\\/pans.krosno.pl\\\/pielegniarstwo\\\/aktualnosci-pielegniarstwo-lic\\\/\",\"url\":\"https:\\\/\\\/pans.krosno.pl\\\/pielegniarstwo\\\/aktualnosci-pielegniarstwo-lic\\\/\",\"name\":\"Aktualno\u015bci - Piel\u0119gniarstwo PANS w Kro\u015bnie\",\"isPartOf\":{\"@id\":\"https:\\\/\\\/pans.krosno.pl\\\/pielegniarstwo\\\/#website\"},\"datePublished\":\"2020-06-02T18:00:29+00:00\",\"dateModified\":\"2025-07-25T08:58:51+00:00\",\"description\":\"Po dwu i p\u00f3\u0142 miesi\u0119cznej przerwie studenci kierunku Piel\u0119gniarstwo powr\u00f3cili na zaj\u0119cia do Uczelni. Piel\u0119gniarstwo PANS w Kro\u015bnie - Aktualno\u015bci\",\"breadcrumb\":{\"@id\":\"https:\\\/\\\/pans.krosno.pl\\\/pielegniarstwo\\\/aktualnosci-pielegniarstwo-lic\\\/#breadcrumb\"},\"inLanguage\":\"pl-PL\",\"potentialAction\":[{\"@type\":\"ReadAction\",\"target\":[\"https:\\\/\\\/pans.krosno.pl\\\/pielegniarstwo\\\/aktualnosci-pielegniarstwo-lic\\\/\"]}]},{\"@type\":\"BreadcrumbList\",\"@id\":\"https:\\\/\\\/pans.krosno.pl\\\/pielegniarstwo\\\/aktualnosci-pielegniarstwo-lic\\\/#breadcrumb\",\"itemListElement\":[{\"@type\":\"ListItem\",\"position\":1,\"name\":\"Strona g\u0142\u00f3wna\",\"item\":\"https:\\\/\\\/pans.krosno.pl\\\/pielegniarstwo\\\/\"},{\"@type\":\"ListItem\",\"position\":2,\"name\":\"Aktualno\u015bci\"}]},{\"@type\":\"WebSite\",\"@id\":\"https:\\\/\\\/pans.krosno.pl\\\/pielegniarstwo\\\/#website\",\"url\":\"https:\\\/\\\/pans.krosno.pl\\\/pielegniarstwo\\\/\",\"name\":\"Piel\u0119gniarstwo PANS w Kro\u015bnie\",\"description\":\"Piel\u0119gniarstwo - Pa\u0144stwowa Akademia Nauk Stosowanych\",\"publisher\":{\"@id\":\"https:\\\/\\\/pans.krosno.pl\\\/pielegniarstwo\\\/#organization\"},\"potentialAction\":[{\"@type\":\"SearchAction\",\"target\":{\"@type\":\"EntryPoint\",\"urlTemplate\":\"https:\\\/\\\/pans.krosno.pl\\\/pielegniarstwo\\\/?s={search_term_string}\"},\"query-input\":{\"@type\":\"PropertyValueSpecification\",\"valueRequired\":true,\"valueName\":\"search_term_string\"}}],\"inLanguage\":\"pl-PL\"},{\"@type\":\"Organization\",\"@id\":\"https:\\\/\\\/pans.krosno.pl\\\/pielegniarstwo\\\/#organization\",\"name\":\"Piel\u0119gniarstwo PANS w Kro\u015bnie\",\"url\":\"https:\\\/\\\/pans.krosno.pl\\\/pielegniarstwo\\\/\",\"logo\":{\"@type\":\"ImageObject\",\"inLanguage\":\"pl-PL\",\"@id\":\"https:\\\/\\\/pans.krosno.pl\\\/pielegniarstwo\\\/#\\\/schema\\\/logo\\\/image\\\/\",\"url\":\"https:\\\/\\\/pans.krosno.pl\\\/pielegniarstwo\\\/wp-content\\\/uploads\\\/sites\\\/8\\\/2023\\\/01\\\/Logo-PANS-2022-pelne.png\",\"contentUrl\":\"https:\\\/\\\/pans.krosno.pl\\\/pielegniarstwo\\\/wp-content\\\/uploads\\\/sites\\\/8\\\/2023\\\/01\\\/Logo-PANS-2022-pelne.png\",\"width\":3096,\"height\":696,\"caption\":\"Piel\u0119gniarstwo PANS w Kro\u015bnie\"},\"image\":{\"@id\":\"https:\\\/\\\/pans.krosno.pl\\\/pielegniarstwo\\\/#\\\/schema\\\/logo\\\/image\\\/\"}}]}<\/script>\n<!-- \/ Yoast SEO Premium plugin. -->","yoast_head_json":{"title":"Aktualno\u015bci - Piel\u0119gniarstwo PANS w Kro\u015bnie","description":"Po dwu i p\u00f3\u0142 miesi\u0119cznej przerwie studenci kierunku Piel\u0119gniarstwo powr\u00f3cili na zaj\u0119cia do Uczelni. Piel\u0119gniarstwo PANS w Kro\u015bnie - Aktualno\u015bci","robots":{"index":"index","follow":"follow","max-snippet":"max-snippet:-1","max-image-preview":"max-image-preview:large","max-video-preview":"max-video-preview:-1"},"canonical":"https:\/\/pans.krosno.pl\/pielegniarstwo\/aktualnosci-pielegniarstwo-lic\/","og_locale":"pl_PL","og_type":"article","og_title":"Aktualno\u015bci","og_description":"Po dwu i p\u00f3\u0142 miesi\u0119cznej przerwie studenci kierunku Piel\u0119gniarstwo powr\u00f3cili na zaj\u0119cia do Uczelni. Piel\u0119gniarstwo PANS w Kro\u015bnie - Aktualno\u015bci","og_url":"https:\/\/pans.krosno.pl\/pielegniarstwo\/aktualnosci-pielegniarstwo-lic\/","og_site_name":"Piel\u0119gniarstwo PANS w Kro\u015bnie","article_modified_time":"2025-07-25T08:58:51+00:00","twitter_card":"summary_large_image","schema":{"@context":"https:\/\/schema.org","@graph":[{"@type":"WebPage","@id":"https:\/\/pans.krosno.pl\/pielegniarstwo\/aktualnosci-pielegniarstwo-lic\/","url":"https:\/\/pans.krosno.pl\/pielegniarstwo\/aktualnosci-pielegniarstwo-lic\/","name":"Aktualno\u015bci - Piel\u0119gniarstwo PANS w Kro\u015bnie","isPartOf":{"@id":"https:\/\/pans.krosno.pl\/pielegniarstwo\/#website"},"datePublished":"2020-06-02T18:00:29+00:00","dateModified":"2025-07-25T08:58:51+00:00","description":"Po dwu i p\u00f3\u0142 miesi\u0119cznej przerwie studenci kierunku Piel\u0119gniarstwo powr\u00f3cili na zaj\u0119cia do Uczelni. Piel\u0119gniarstwo PANS w Kro\u015bnie - Aktualno\u015bci","breadcrumb":{"@id":"https:\/\/pans.krosno.pl\/pielegniarstwo\/aktualnosci-pielegniarstwo-lic\/#breadcrumb"},"inLanguage":"pl-PL","potentialAction":[{"@type":"ReadAction","target":["https:\/\/pans.krosno.pl\/pielegniarstwo\/aktualnosci-pielegniarstwo-lic\/"]}]},{"@type":"BreadcrumbList","@id":"https:\/\/pans.krosno.pl\/pielegniarstwo\/aktualnosci-pielegniarstwo-lic\/#breadcrumb","itemListElement":[{"@type":"ListItem","position":1,"name":"Strona g\u0142\u00f3wna","item":"https:\/\/pans.krosno.pl\/pielegniarstwo\/"},{"@type":"ListItem","position":2,"name":"Aktualno\u015bci"}]},{"@type":"WebSite","@id":"https:\/\/pans.krosno.pl\/pielegniarstwo\/#website","url":"https:\/\/pans.krosno.pl\/pielegniarstwo\/","name":"Piel\u0119gniarstwo PANS w Kro\u015bnie","description":"Piel\u0119gniarstwo - Pa\u0144stwowa Akademia Nauk Stosowanych","publisher":{"@id":"https:\/\/pans.krosno.pl\/pielegniarstwo\/#organization"},"potentialAction":[{"@type":"SearchAction","target":{"@type":"EntryPoint","urlTemplate":"https:\/\/pans.krosno.pl\/pielegniarstwo\/?s={search_term_string}"},"query-input":{"@type":"PropertyValueSpecification","valueRequired":true,"valueName":"search_term_string"}}],"inLanguage":"pl-PL"},{"@type":"Organization","@id":"https:\/\/pans.krosno.pl\/pielegniarstwo\/#organization","name":"Piel\u0119gniarstwo PANS w Kro\u015bnie","url":"https:\/\/pans.krosno.pl\/pielegniarstwo\/","logo":{"@type":"ImageObject","inLanguage":"pl-PL","@id":"https:\/\/pans.krosno.pl\/pielegniarstwo\/#\/schema\/logo\/image\/","url":"https:\/\/pans.krosno.pl\/pielegniarstwo\/wp-content\/uploads\/sites\/8\/2023\/01\/Logo-PANS-2022-pelne.png","contentUrl":"https:\/\/pans.krosno.pl\/pielegniarstwo\/wp-content\/uploads\/sites\/8\/2023\/01\/Logo-PANS-2022-pelne.png","width":3096,"height":696,"caption":"Piel\u0119gniarstwo PANS w Kro\u015bnie"},"image":{"@id":"https:\/\/pans.krosno.pl\/pielegniarstwo\/#\/schema\/logo\/image\/"}}]}},"_links":{"self":[{"href":"https:\/\/pans.krosno.pl\/pielegniarstwo\/wp-json\/wp\/v2\/pages\/1251","targetHints":{"allow":["GET"]}}],"collection":[{"href":"https:\/\/pans.krosno.pl\/pielegniarstwo\/wp-json\/wp\/v2\/pages"}],"about":[{"href":"https:\/\/pans.krosno.pl\/pielegniarstwo\/wp-json\/wp\/v2\/types\/page"}],"author":[{"embeddable":true,"href":"https:\/\/pans.krosno.pl\/pielegniarstwo\/wp-json\/wp\/v2\/users\/27"}],"replies":[{"embeddable":true,"href":"https:\/\/pans.krosno.pl\/pielegniarstwo\/wp-json\/wp\/v2\/comments?post=1251"}],"version-history":[{"count":2,"href":"https:\/\/pans.krosno.pl\/pielegniarstwo\/wp-json\/wp\/v2\/pages\/1251\/revisions"}],"predecessor-version":[{"id":5984,"href":"https:\/\/pans.krosno.pl\/pielegniarstwo\/wp-json\/wp\/v2\/pages\/1251\/revisions\/5984"}],"wp:attachment":[{"href":"https:\/\/pans.krosno.pl\/pielegniarstwo\/wp-json\/wp\/v2\/media?parent=1251"}],"curies":[{"name":"wp","href":"https:\/\/api.w.org\/{rel}","templated":true}]}}