{"version":"1.0","provider_name":"Piel\u0119gniarstwo PANS w Kro\u015bnie","provider_url":"https:\/\/pans.krosno.pl\/pielegniarstwo","title":"Relacje z wyjazdu w ramach programu Erasmus+","type":"rich","width":600,"height":338,"html":"<blockquote class=\"wp-embedded-content\" data-secret=\"b5hR590eqK\"><a href=\"https:\/\/pans.krosno.pl\/pielegniarstwo\/relacje-z-wyjazdu-w-ramach-programu-erasmus\/\"><strong>Relacje z wyjazdu w ramach programu Erasmus+<\/strong><\/a><\/blockquote><iframe sandbox=\"allow-scripts\" security=\"restricted\" src=\"https:\/\/pans.krosno.pl\/pielegniarstwo\/relacje-z-wyjazdu-w-ramach-programu-erasmus\/embed\/#?secret=b5hR590eqK\" width=\"600\" height=\"338\" title=\"&#8222;&lt;strong&gt;Relacje z wyjazdu w ramach programu Erasmus+&lt;\/strong&gt;&#8221; &#8212; Piel\u0119gniarstwo PANS w Kro\u015bnie\" data-secret=\"b5hR590eqK\" frameborder=\"0\" marginwidth=\"0\" marginheight=\"0\" scrolling=\"no\" class=\"wp-embedded-content\"><\/iframe><script type=\"text\/javascript\">\n\/* <![CDATA[ *\/\n\/*! This file is auto-generated *\/\n!function(d,l){\"use strict\";l.querySelector&&d.addEventListener&&\"undefined\"!=typeof URL&&(d.wp=d.wp||{},d.wp.receiveEmbedMessage||(d.wp.receiveEmbedMessage=function(e){var t=e.data;if((t||t.secret||t.message||t.value)&&!\/[^a-zA-Z0-9]\/.test(t.secret)){for(var s,r,n,a=l.querySelectorAll('iframe[data-secret=\"'+t.secret+'\"]'),o=l.querySelectorAll('blockquote[data-secret=\"'+t.secret+'\"]'),c=new RegExp(\"^https?:$\",\"i\"),i=0;i<o.length;i++)o[i].style.display=\"none\";for(i=0;i<a.length;i++)s=a[i],e.source===s.contentWindow&&(s.removeAttribute(\"style\"),\"height\"===t.message?(1e3<(r=parseInt(t.value,10))?r=1e3:~~r<200&&(r=200),s.height=r):\"link\"===t.message&&(r=new URL(s.getAttribute(\"src\")),n=new URL(t.value),c.test(n.protocol))&&n.host===r.host&&l.activeElement===s&&(d.top.location.href=t.value))}},d.addEventListener(\"message\",d.wp.receiveEmbedMessage,!1),l.addEventListener(\"DOMContentLoaded\",function(){for(var e,t,s=l.querySelectorAll(\"iframe.wp-embedded-content\"),r=0;r<s.length;r++)(t=(e=s[r]).getAttribute(\"data-secret\"))||(t=Math.random().toString(36).substring(2,12),e.src+=\"#?secret=\"+t,e.setAttribute(\"data-secret\",t)),e.contentWindow.postMessage({message:\"ready\",secret:t},\"*\")},!1)))}(window,document);\n\/\/# sourceURL=https:\/\/pans.krosno.pl\/pielegniarstwo\/wp-includes\/js\/wp-embed.min.js\n\/* ]]> *\/\n<\/script>\n","thumbnail_url":"https:\/\/pans.krosno.pl\/wp-content\/uploads\/sites\/8\/2023\/01\/zespol-1-scaled.jpg","thumbnail_width":2560,"thumbnail_height":1920,"description":"W pierwszych dniach gor\u0105cego lipca 2022 roku, w nadmorskim mie\u015bcie Rimini we W\u0142oszech, rozpocz\u0105\u0142em piel\u0119gniarskie praktyki zawodowe Erasmus realizowane we wsp\u00f3\u0142pracy z Uniwersytetem w Bolonii. Na wst\u0119pie zosta\u0142em powitany przez mojego w\u0142oskiego koordynatora, z ramienia uczelni, a nast\u0119pnie zosta\u0142a mi przekazana indywidualna specjalistyczna karta szpitalna.\u00a0 Dzi\u0119ki niej: odnotowywane by\u0142o moje [\u2026] Read More"}