{"version":"1.0","provider_name":"Pedagogika PANS w Kro\u015bnie","provider_url":"https:\/\/pans.krosno.pl\/pedagogika","title":"Dar serca \u2013Studenci pedagogiki goszcz\u0105 ponad 100 senior\u00f3w","type":"rich","width":600,"height":338,"html":"<blockquote class=\"wp-embedded-content\" data-secret=\"UAKVyTH5Qi\"><a href=\"https:\/\/pans.krosno.pl\/pedagogika\/dar-serca-studenci-pedagogiki-goszcza-ponad-100-seniorow\/\">Dar serca \u2013Studenci pedagogiki goszcz\u0105 ponad 100 senior\u00f3w<\/a><\/blockquote><iframe sandbox=\"allow-scripts\" security=\"restricted\" src=\"https:\/\/pans.krosno.pl\/pedagogika\/dar-serca-studenci-pedagogiki-goszcza-ponad-100-seniorow\/embed\/#?secret=UAKVyTH5Qi\" width=\"600\" height=\"338\" title=\"&#8222;Dar serca \u2013Studenci pedagogiki goszcz\u0105 ponad 100 senior\u00f3w&#8221; &#8212; Pedagogika PANS w Kro\u015bnie\" data-secret=\"UAKVyTH5Qi\" frameborder=\"0\" marginwidth=\"0\" marginheight=\"0\" scrolling=\"no\" class=\"wp-embedded-content\"><\/iframe><script type=\"text\/javascript\">\n\/* <![CDATA[ *\/\n\/*! This file is auto-generated *\/\n!function(d,l){\"use strict\";l.querySelector&&d.addEventListener&&\"undefined\"!=typeof URL&&(d.wp=d.wp||{},d.wp.receiveEmbedMessage||(d.wp.receiveEmbedMessage=function(e){var t=e.data;if((t||t.secret||t.message||t.value)&&!\/[^a-zA-Z0-9]\/.test(t.secret)){for(var s,r,n,a=l.querySelectorAll('iframe[data-secret=\"'+t.secret+'\"]'),o=l.querySelectorAll('blockquote[data-secret=\"'+t.secret+'\"]'),c=new RegExp(\"^https?:$\",\"i\"),i=0;i<o.length;i++)o[i].style.display=\"none\";for(i=0;i<a.length;i++)s=a[i],e.source===s.contentWindow&&(s.removeAttribute(\"style\"),\"height\"===t.message?(1e3<(r=parseInt(t.value,10))?r=1e3:~~r<200&&(r=200),s.height=r):\"link\"===t.message&&(r=new URL(s.getAttribute(\"src\")),n=new URL(t.value),c.test(n.protocol))&&n.host===r.host&&l.activeElement===s&&(d.top.location.href=t.value))}},d.addEventListener(\"message\",d.wp.receiveEmbedMessage,!1),l.addEventListener(\"DOMContentLoaded\",function(){for(var e,t,s=l.querySelectorAll(\"iframe.wp-embedded-content\"),r=0;r<s.length;r++)(t=(e=s[r]).getAttribute(\"data-secret\"))||(t=Math.random().toString(36).substring(2,12),e.src+=\"#?secret=\"+t,e.setAttribute(\"data-secret\",t)),e.contentWindow.postMessage({message:\"ready\",secret:t},\"*\")},!1)))}(window,document);\n\/\/# sourceURL=https:\/\/pans.krosno.pl\/pedagogika\/wp-includes\/js\/wp-embed.min.js\n\/* ]]> *\/\n<\/script>\n","thumbnail_url":"https:\/\/pans.krosno.pl\/pedagogika\/wp-content\/uploads\/sites\/7\/2024\/12\/IMG_20241205_145927564_MFNR-scaled.jpg","thumbnail_width":2560,"thumbnail_height":1928,"description":"W dniu 5 grudnia 2024 roku o godzinie 14.00 odby\u0142o si\u0119 spotkanie student\u00f3w drugiego roku pedagogiki spo\u0142eczno-opieku\u0144czej z ponad 100 aktywnymi seniorami, s\u0142uchaczami Uniwersytetu III Wieku, cz\u0142onkami Stowarzyszenia Pomys\u0142 na \u017cycie mieszka\u0144c\u00f3w Osiedla im. Stefana Grota \u2013 Roweckiego w Kro\u015bnie oraz cz\u0142onkami aktywnej grupy senioralnej z Ja\u015blisk. Senior\u00f3w zaprosili studenci [\u2026] Read More"}