{"id":47,"date":"2020-09-11T12:10:52","date_gmt":"2020-09-11T10:10:52","guid":{"rendered":"https:\/\/pans.krosno.pl\/mi\/?page_id=47"},"modified":"2026-02-20T21:27:21","modified_gmt":"2026-02-20T20:27:21","slug":"harmonogram-zajec","status":"publish","type":"page","link":"https:\/\/pans.krosno.pl\/mi\/harmonogram-zajec\/","title":{"rendered":"Harmonogram zaj\u0119\u0107"},"content":{"rendered":"\n<p><strong>Poni\u017cej znajduj\u0105 si\u0119 linki do harmonogram\u00f3w zaj\u0119\u0107 w semestrze letnim roku akad. 2025\/2026<\/strong><\/p>\n\n\n\n<p>Jest umieszczony w USOS-web, wykonany jest w programie Planista. <br>PROSZ\u0118 WEJ\u015a\u0106 W FORMAT <strong>TYGODNIOWY<\/strong><\/p>\n\n\n\n<p>Legenda do USOS: <strong>WYK\u0141AD<\/strong>y zapisane s\u0105 w USOSie w formie gr.1 &#8211; rozumianej jako ca\u0142y rok (gr.1. i gr.2.).<\/p>\n\n\n\n<p><strong>Prosz\u0119 zapami\u0119ta\u0107, \u017ce WYK\u0141ADY s\u0105 zawsze realizowane dla ca\u0142o\u015bci rocznika student\u00f3w, bez wzgl\u0119du na liczb\u0119 grup \u0107wiczeniowych!<\/strong><\/p>\n\n\n\n<p>Zaj\u0119cia na II i III roku w semestrze zimowym i letnim realizowane s\u0105 w systemie 10 pierwszych tygodni zaj\u0119\u0107, tak aby umo\u017cliwi\u0107 studentom odbycie tzw. praktyk ci\u0105g\u0142ych. <\/p>\n\n\n\n<p class=\"has-text-align-center has-large-font-size\"><a href=\"https:\/\/usos.kpu.krosno.pl\/kontroler.php?_action=katalog2\/przedmioty\/pokazPlanGrupyPrzedmiotow&amp;grupa_kod=MI-S-25-S2&amp;cdyd_kod=2025L&amp;plan_format=html&amp;plan_showStartTime=1&amp;plan_showEndTime=1&amp;plan_showTypeShort=0&amp;plan_showTypeFull=1&amp;plan_showGroupNumber=1&amp;plan_showCourseName=1&amp;plan_showCourseCode=0&amp;plan_showRoom=1&amp;plan_showBuildingCode=0&amp;plan_showLecturers=1&amp;plan_overridePrintWidth=1&amp;plan_colorScheme=default&amp;plan_division=week\"><strong>1 rok:<\/strong> HARMONOGRAM I ROK<\/a><\/p>\n\n\n\n<p class=\"has-text-align-center has-large-font-size\"><a href=\"https:\/\/usos.kpu.krosno.pl\/kontroler.php?_action=katalog2\/przedmioty\/pokazPlanGrupyPrzedmiotow&amp;grupa_kod=MI-S-24-S4&amp;cdyd_kod=2025L&amp;plan_format=html&amp;plan_showStartTime=1&amp;plan_showEndTime=1&amp;plan_showTypeShort=0&amp;plan_showTypeFull=1&amp;plan_showGroupNumber=1&amp;plan_showCourseName=1&amp;plan_showCourseCode=0&amp;plan_showRoom=1&amp;plan_showBuildingCode=0&amp;plan_showLecturers=1&amp;plan_overridePrintWidth=1&amp;plan_colorScheme=default&amp;plan_division=week\"><strong>2 rok:<\/strong> HARMONOGRAM II ROK<\/a><\/p>\n\n\n\n<p class=\"has-text-align-center has-large-font-size\"><a href=\"https:\/\/usos.kpu.krosno.pl\/kontroler.php?_action=katalog2\/przedmioty\/pokazPlanGrupyPrzedmiotow&amp;grupa_kod=MI-S-23-S6&amp;cdyd_kod=2025L&amp;plan_division=week&amp;plan_format=html&amp;plan_showStartTime=1&amp;plan_showEndTime=1&amp;plan_showTypeShort=0&amp;plan_showTypeFull=1&amp;plan_showGroupNumber=1&amp;plan_showCourseName=1&amp;plan_showCourseCode=0&amp;plan_showRoom=1&amp;plan_showBuildingCode=0&amp;plan_showLecturers=1&amp;plan_overridePrintWidth=1&amp;plan_colorScheme=default\"><strong>3 rok:<\/strong> HARMONOGRAM III ROK <\/a><\/p>\n\n\n\n<p><strong>Na III roku grupa 1 to specjalno\u015b\u0107 CONTENT CREATOR, a grupa 2 to specjalno\u015b\u0107 SPECJALISTA SEM!<\/strong><\/p>\n\n\n\n<p>Harmonogramy mog\u0105 ulega\u0107 zmianom, wi\u0119c prosz\u0119 \u015bledzi\u0107 aktualizacje.<\/p>\n\n\n\n<p>W przypadku pyta\u0144 prosz\u0119 o kontakt: malgorzata.gorka@pans.krosno.pl<\/p>\n\n\n\n<p><strong>Kalendarz semestru zimowego:<\/strong><\/p>\n\n\n\n<p><strong>oznaczenia na harmonogramie w USOS:<\/strong><\/p>\n\n\n\n<p><strong>tydzie\u0144 A=tydzie\u0144 nieparzysty, tydzie\u0144 B = tydzie\u0144 parzysty<\/strong><\/p>\n\n\n\n<h1 class=\"wp-block-heading\" id=\"h-kalendarz-akademicki-nbsp-2025-2026\">Kalendarz akademicki&nbsp; 2025\/2026<\/h1>\n\n\n\n<figure class=\"wp-block-image size-full\"><img loading=\"lazy\" decoding=\"async\" width=\"702\" height=\"964\" src=\"https:\/\/pans.krosno.pl\/mi\/wp-content\/uploads\/sites\/51\/2026\/02\/image.png\" alt=\"\" class=\"wp-image-4334\" srcset=\"https:\/\/pans.krosno.pl\/mi\/wp-content\/uploads\/sites\/51\/2026\/02\/image.png 702w, https:\/\/pans.krosno.pl\/mi\/wp-content\/uploads\/sites\/51\/2026\/02\/image-218x300.png 218w, https:\/\/pans.krosno.pl\/mi\/wp-content\/uploads\/sites\/51\/2026\/02\/image-580x796.png 580w\" sizes=\"auto, (max-width: 702px) 100vw, 702px\" \/><\/figure>\n\n\n\n<figure class=\"wp-block-image size-large\"><img loading=\"lazy\" decoding=\"async\" width=\"1024\" height=\"759\" src=\"https:\/\/pans.krosno.pl\/mi\/wp-content\/uploads\/sites\/51\/2025\/09\/image-1-1024x759.png\" alt=\"\" class=\"wp-image-3897\" srcset=\"https:\/\/pans.krosno.pl\/mi\/wp-content\/uploads\/sites\/51\/2025\/09\/image-1-1024x759.png 1024w, https:\/\/pans.krosno.pl\/mi\/wp-content\/uploads\/sites\/51\/2025\/09\/image-1-300x222.png 300w, https:\/\/pans.krosno.pl\/mi\/wp-content\/uploads\/sites\/51\/2025\/09\/image-1-768x569.png 768w, https:\/\/pans.krosno.pl\/mi\/wp-content\/uploads\/sites\/51\/2025\/09\/image-1-800x593.png 800w, https:\/\/pans.krosno.pl\/mi\/wp-content\/uploads\/sites\/51\/2025\/09\/image-1-580x430.png 580w, https:\/\/pans.krosno.pl\/mi\/wp-content\/uploads\/sites\/51\/2025\/09\/image-1.png 1040w\" sizes=\"auto, (max-width: 1024px) 100vw, 1024px\" \/><\/figure>\n\n\n\n<hr class=\"wp-block-separator has-alpha-channel-opacity\" \/>\n\n\n\n<h2 class=\"wp-block-heading\" id=\"h-budynki\">Budynki:<\/h2>\n\n\n\n<ul class=\"wp-block-list\">\n<li><a href=\"https:\/\/goo.gl\/maps\/xmjhpYkBWHqukLVE8\">KW- (ul. Kazimierza Wielkiego 4,6,8)<\/a><\/li>\n<\/ul>\n\n\n\n<figure class=\"wp-block-image size-large\"><img loading=\"lazy\" decoding=\"async\" width=\"747\" height=\"441\" src=\"https:\/\/pans.krosno.pl\/mi\/wp-content\/uploads\/sites\/51\/2020\/10\/Budynki-KW.jpg\" alt=\"\" class=\"wp-image-204\" srcset=\"https:\/\/pans.krosno.pl\/mi\/wp-content\/uploads\/sites\/51\/2020\/10\/Budynki-KW.jpg 747w, https:\/\/pans.krosno.pl\/mi\/wp-content\/uploads\/sites\/51\/2020\/10\/Budynki-KW-300x177.jpg 300w, https:\/\/pans.krosno.pl\/mi\/wp-content\/uploads\/sites\/51\/2020\/10\/Budynki-KW-580x342.jpg 580w\" sizes=\"auto, (max-width: 747px) 100vw, 747px\" \/><\/figure>\n","protected":false},"excerpt":{"rendered":"<p>Poni\u017cej znajduj\u0105 si\u0119 linki do harmonogram\u00f3w zaj\u0119\u0107 w semestrze letnim roku akad. 2025\/2026 Jest umieszczony w USOS-web, wykonany jest w programie Planista. PROSZ\u0118 WEJ\u015a\u0106 W FORMAT TYGODNIOWY Legenda do USOS: WYK\u0141ADy zapisane s\u0105 w USOSie w formie gr.1 &#8211; rozumianej jako ca\u0142y rok (gr.1. i gr.2.). Prosz\u0119 zapami\u0119ta\u0107, \u017ce WYK\u0141ADY [\u2026] <\/p>\n<div class=\"clear\"><\/div>\n<p><a class=\"more_link clearfix\" href=\"https:\/\/pans.krosno.pl\/mi\/harmonogram-zajec\/\" rel=\"nofollow\">Read More<\/a><\/p>\n","protected":false},"author":27,"featured_media":0,"parent":0,"menu_order":0,"comment_status":"closed","ping_status":"closed","template":"page-templates\/template-full-width.php","meta":{"ngg_post_thumbnail":0,"footnotes":""},"class_list":["post-47","page","type-page","status-publish","hentry"],"yoast_head":"<!-- This site is optimized with the Yoast SEO Premium plugin v27.4 (Yoast SEO v27.4) - https:\/\/yoast.com\/product\/yoast-seo-premium-wordpress\/ -->\n<title>Harmonogram zaj\u0119\u0107 - Marketing Internetowy PANS w Kro\u015bnie<\/title>\n<meta name=\"robots\" content=\"index, follow, max-snippet:-1, max-image-preview:large, max-video-preview:-1\" \/>\n<link rel=\"canonical\" href=\"https:\/\/pans.krosno.pl\/mi\/harmonogram-zajec\/\" \/>\n<meta property=\"og:locale\" content=\"pl_PL\" \/>\n<meta property=\"og:type\" content=\"article\" \/>\n<meta property=\"og:title\" content=\"Harmonogram zaj\u0119\u0107\" \/>\n<meta property=\"og:description\" content=\"Poni\u017cej znajduj\u0105 si\u0119 linki do harmonogram\u00f3w zaj\u0119\u0107 w semestrze letnim roku akad. 2025\/2026 Jest umieszczony w USOS-web, wykonany jest w programie Planista. PROSZ\u0118 WEJ\u015a\u0106 W FORMAT TYGODNIOWY Legenda do USOS: WYK\u0141ADy zapisane s\u0105 w USOSie w formie gr.1 &#8211; rozumianej jako ca\u0142y rok (gr.1. i gr.2.). Prosz\u0119 zapami\u0119ta\u0107, \u017ce WYK\u0141ADY [\u2026] Read More\" \/>\n<meta property=\"og:url\" content=\"https:\/\/pans.krosno.pl\/mi\/harmonogram-zajec\/\" \/>\n<meta property=\"og:site_name\" content=\"Marketing Internetowy PANS w Kro\u015bnie\" \/>\n<meta property=\"article:publisher\" content=\"https:\/\/www.facebook.com\/StudiaKrosno\/\" \/>\n<meta property=\"article:modified_time\" content=\"2026-02-20T20:27:21+00:00\" \/>\n<meta property=\"og:image\" content=\"https:\/\/pans.krosno.pl\/mi\/wp-content\/uploads\/sites\/51\/2026\/02\/image.png\" \/>\n\t<meta property=\"og:image:width\" content=\"702\" \/>\n\t<meta property=\"og:image:height\" content=\"964\" \/>\n\t<meta property=\"og:image:type\" content=\"image\/png\" \/>\n<meta name=\"twitter:card\" content=\"summary_large_image\" \/>\n<meta name=\"twitter:label1\" content=\"Szacowany czas czytania\" \/>\n\t<meta name=\"twitter:data1\" content=\"2 minuty\" \/>\n<script type=\"application\/ld+json\" class=\"yoast-schema-graph\">{\"@context\":\"https:\\\/\\\/schema.org\",\"@graph\":[{\"@type\":\"WebPage\",\"@id\":\"https:\\\/\\\/pans.krosno.pl\\\/mi\\\/harmonogram-zajec\\\/\",\"url\":\"https:\\\/\\\/pans.krosno.pl\\\/mi\\\/harmonogram-zajec\\\/\",\"name\":\"Harmonogram zaj\u0119\u0107 - Marketing Internetowy PANS w Kro\u015bnie\",\"isPartOf\":{\"@id\":\"https:\\\/\\\/pans.krosno.pl\\\/mi\\\/#website\"},\"primaryImageOfPage\":{\"@id\":\"https:\\\/\\\/pans.krosno.pl\\\/mi\\\/harmonogram-zajec\\\/#primaryimage\"},\"image\":{\"@id\":\"https:\\\/\\\/pans.krosno.pl\\\/mi\\\/harmonogram-zajec\\\/#primaryimage\"},\"thumbnailUrl\":\"https:\\\/\\\/pans.krosno.pl\\\/mi\\\/wp-content\\\/uploads\\\/sites\\\/51\\\/2026\\\/02\\\/image.png\",\"datePublished\":\"2020-09-11T10:10:52+00:00\",\"dateModified\":\"2026-02-20T20:27:21+00:00\",\"breadcrumb\":{\"@id\":\"https:\\\/\\\/pans.krosno.pl\\\/mi\\\/harmonogram-zajec\\\/#breadcrumb\"},\"inLanguage\":\"pl-PL\",\"potentialAction\":[{\"@type\":\"ReadAction\",\"target\":[\"https:\\\/\\\/pans.krosno.pl\\\/mi\\\/harmonogram-zajec\\\/\"]}]},{\"@type\":\"ImageObject\",\"inLanguage\":\"pl-PL\",\"@id\":\"https:\\\/\\\/pans.krosno.pl\\\/mi\\\/harmonogram-zajec\\\/#primaryimage\",\"url\":\"https:\\\/\\\/pans.krosno.pl\\\/mi\\\/wp-content\\\/uploads\\\/sites\\\/51\\\/2026\\\/02\\\/image.png\",\"contentUrl\":\"https:\\\/\\\/pans.krosno.pl\\\/mi\\\/wp-content\\\/uploads\\\/sites\\\/51\\\/2026\\\/02\\\/image.png\",\"width\":702,\"height\":964},{\"@type\":\"BreadcrumbList\",\"@id\":\"https:\\\/\\\/pans.krosno.pl\\\/mi\\\/harmonogram-zajec\\\/#breadcrumb\",\"itemListElement\":[{\"@type\":\"ListItem\",\"position\":1,\"name\":\"Strona g\u0142\u00f3wna\",\"item\":\"https:\\\/\\\/pans.krosno.pl\\\/mi\\\/\"},{\"@type\":\"ListItem\",\"position\":2,\"name\":\"Harmonogram zaj\u0119\u0107\"}]},{\"@type\":\"WebSite\",\"@id\":\"https:\\\/\\\/pans.krosno.pl\\\/mi\\\/#website\",\"url\":\"https:\\\/\\\/pans.krosno.pl\\\/mi\\\/\",\"name\":\"KPU w Kro\u015bnie\",\"description\":\"Marketing Internetowy - Pa\u0144stwowa Akademia Nauk Stosowanych\",\"publisher\":{\"@id\":\"https:\\\/\\\/pans.krosno.pl\\\/mi\\\/#organization\"},\"potentialAction\":[{\"@type\":\"SearchAction\",\"target\":{\"@type\":\"EntryPoint\",\"urlTemplate\":\"https:\\\/\\\/pans.krosno.pl\\\/mi\\\/?s={search_term_string}\"},\"query-input\":{\"@type\":\"PropertyValueSpecification\",\"valueRequired\":true,\"valueName\":\"search_term_string\"}}],\"inLanguage\":\"pl-PL\"},{\"@type\":\"Organization\",\"@id\":\"https:\\\/\\\/pans.krosno.pl\\\/mi\\\/#organization\",\"name\":\"Karpacka Pa\u0144stwowa Uczelnia w Kro\u015bnie\",\"url\":\"https:\\\/\\\/pans.krosno.pl\\\/mi\\\/\",\"logo\":{\"@type\":\"ImageObject\",\"inLanguage\":\"pl-PL\",\"@id\":\"https:\\\/\\\/pans.krosno.pl\\\/mi\\\/#\\\/schema\\\/logo\\\/image\\\/\",\"url\":\"https:\\\/\\\/pans.krosno.pl\\\/mi\\\/wp-content\\\/uploads\\\/sites\\\/51\\\/2026\\\/04\\\/image.png\",\"contentUrl\":\"https:\\\/\\\/pans.krosno.pl\\\/mi\\\/wp-content\\\/uploads\\\/sites\\\/51\\\/2026\\\/04\\\/image.png\",\"width\":945,\"height\":532,\"caption\":\"Karpacka Pa\u0144stwowa Uczelnia w Kro\u015bnie\"},\"image\":{\"@id\":\"https:\\\/\\\/pans.krosno.pl\\\/mi\\\/#\\\/schema\\\/logo\\\/image\\\/\"},\"sameAs\":[\"https:\\\/\\\/www.facebook.com\\\/StudiaKrosno\\\/\",\"https:\\\/\\\/www.instagram.com\\\/studia.krosno\",\"https:\\\/\\\/pl.linkedin.com\\\/company\\\/pwsz-krosno\",\"https:\\\/\\\/www.youtube.com\\\/user\\\/pwszkrosno\\\/\",\"https:\\\/\\\/pl.wikipedia.org\\\/wiki\\\/Pa\u0144stwowa_Wy\u017csza_Szko\u0142a_Zawodowa_im._Stanis\u0142awa_Pigonia_w_Kro\u015bnie\"]}]}<\/script>\n<!-- \/ Yoast SEO Premium plugin. -->","yoast_head_json":{"title":"Harmonogram zaj\u0119\u0107 - Marketing Internetowy PANS w Kro\u015bnie","robots":{"index":"index","follow":"follow","max-snippet":"max-snippet:-1","max-image-preview":"max-image-preview:large","max-video-preview":"max-video-preview:-1"},"canonical":"https:\/\/pans.krosno.pl\/mi\/harmonogram-zajec\/","og_locale":"pl_PL","og_type":"article","og_title":"Harmonogram zaj\u0119\u0107","og_description":"Poni\u017cej znajduj\u0105 si\u0119 linki do harmonogram\u00f3w zaj\u0119\u0107 w semestrze letnim roku akad. 2025\/2026 Jest umieszczony w USOS-web, wykonany jest w programie Planista. PROSZ\u0118 WEJ\u015a\u0106 W FORMAT TYGODNIOWY Legenda do USOS: WYK\u0141ADy zapisane s\u0105 w USOSie w formie gr.1 &#8211; rozumianej jako ca\u0142y rok (gr.1. i gr.2.). Prosz\u0119 zapami\u0119ta\u0107, \u017ce WYK\u0141ADY [\u2026] Read More","og_url":"https:\/\/pans.krosno.pl\/mi\/harmonogram-zajec\/","og_site_name":"Marketing Internetowy PANS w Kro\u015bnie","article_publisher":"https:\/\/www.facebook.com\/StudiaKrosno\/","article_modified_time":"2026-02-20T20:27:21+00:00","og_image":[{"width":702,"height":964,"url":"https:\/\/pans.krosno.pl\/mi\/wp-content\/uploads\/sites\/51\/2026\/02\/image.png","type":"image\/png"}],"twitter_card":"summary_large_image","twitter_misc":{"Szacowany czas czytania":"2 minuty"},"schema":{"@context":"https:\/\/schema.org","@graph":[{"@type":"WebPage","@id":"https:\/\/pans.krosno.pl\/mi\/harmonogram-zajec\/","url":"https:\/\/pans.krosno.pl\/mi\/harmonogram-zajec\/","name":"Harmonogram zaj\u0119\u0107 - Marketing Internetowy PANS w Kro\u015bnie","isPartOf":{"@id":"https:\/\/pans.krosno.pl\/mi\/#website"},"primaryImageOfPage":{"@id":"https:\/\/pans.krosno.pl\/mi\/harmonogram-zajec\/#primaryimage"},"image":{"@id":"https:\/\/pans.krosno.pl\/mi\/harmonogram-zajec\/#primaryimage"},"thumbnailUrl":"https:\/\/pans.krosno.pl\/mi\/wp-content\/uploads\/sites\/51\/2026\/02\/image.png","datePublished":"2020-09-11T10:10:52+00:00","dateModified":"2026-02-20T20:27:21+00:00","breadcrumb":{"@id":"https:\/\/pans.krosno.pl\/mi\/harmonogram-zajec\/#breadcrumb"},"inLanguage":"pl-PL","potentialAction":[{"@type":"ReadAction","target":["https:\/\/pans.krosno.pl\/mi\/harmonogram-zajec\/"]}]},{"@type":"ImageObject","inLanguage":"pl-PL","@id":"https:\/\/pans.krosno.pl\/mi\/harmonogram-zajec\/#primaryimage","url":"https:\/\/pans.krosno.pl\/mi\/wp-content\/uploads\/sites\/51\/2026\/02\/image.png","contentUrl":"https:\/\/pans.krosno.pl\/mi\/wp-content\/uploads\/sites\/51\/2026\/02\/image.png","width":702,"height":964},{"@type":"BreadcrumbList","@id":"https:\/\/pans.krosno.pl\/mi\/harmonogram-zajec\/#breadcrumb","itemListElement":[{"@type":"ListItem","position":1,"name":"Strona g\u0142\u00f3wna","item":"https:\/\/pans.krosno.pl\/mi\/"},{"@type":"ListItem","position":2,"name":"Harmonogram zaj\u0119\u0107"}]},{"@type":"WebSite","@id":"https:\/\/pans.krosno.pl\/mi\/#website","url":"https:\/\/pans.krosno.pl\/mi\/","name":"KPU w Kro\u015bnie","description":"Marketing Internetowy - Pa\u0144stwowa Akademia Nauk Stosowanych","publisher":{"@id":"https:\/\/pans.krosno.pl\/mi\/#organization"},"potentialAction":[{"@type":"SearchAction","target":{"@type":"EntryPoint","urlTemplate":"https:\/\/pans.krosno.pl\/mi\/?s={search_term_string}"},"query-input":{"@type":"PropertyValueSpecification","valueRequired":true,"valueName":"search_term_string"}}],"inLanguage":"pl-PL"},{"@type":"Organization","@id":"https:\/\/pans.krosno.pl\/mi\/#organization","name":"Karpacka Pa\u0144stwowa Uczelnia w Kro\u015bnie","url":"https:\/\/pans.krosno.pl\/mi\/","logo":{"@type":"ImageObject","inLanguage":"pl-PL","@id":"https:\/\/pans.krosno.pl\/mi\/#\/schema\/logo\/image\/","url":"https:\/\/pans.krosno.pl\/mi\/wp-content\/uploads\/sites\/51\/2026\/04\/image.png","contentUrl":"https:\/\/pans.krosno.pl\/mi\/wp-content\/uploads\/sites\/51\/2026\/04\/image.png","width":945,"height":532,"caption":"Karpacka Pa\u0144stwowa Uczelnia w Kro\u015bnie"},"image":{"@id":"https:\/\/pans.krosno.pl\/mi\/#\/schema\/logo\/image\/"},"sameAs":["https:\/\/www.facebook.com\/StudiaKrosno\/","https:\/\/www.instagram.com\/studia.krosno","https:\/\/pl.linkedin.com\/company\/pwsz-krosno","https:\/\/www.youtube.com\/user\/pwszkrosno\/","https:\/\/pl.wikipedia.org\/wiki\/Pa\u0144stwowa_Wy\u017csza_Szko\u0142a_Zawodowa_im._Stanis\u0142awa_Pigonia_w_Kro\u015bnie"]}]}},"_links":{"self":[{"href":"https:\/\/pans.krosno.pl\/mi\/wp-json\/wp\/v2\/pages\/47","targetHints":{"allow":["GET"]}}],"collection":[{"href":"https:\/\/pans.krosno.pl\/mi\/wp-json\/wp\/v2\/pages"}],"about":[{"href":"https:\/\/pans.krosno.pl\/mi\/wp-json\/wp\/v2\/types\/page"}],"author":[{"embeddable":true,"href":"https:\/\/pans.krosno.pl\/mi\/wp-json\/wp\/v2\/users\/27"}],"replies":[{"embeddable":true,"href":"https:\/\/pans.krosno.pl\/mi\/wp-json\/wp\/v2\/comments?post=47"}],"version-history":[{"count":141,"href":"https:\/\/pans.krosno.pl\/mi\/wp-json\/wp\/v2\/pages\/47\/revisions"}],"predecessor-version":[{"id":4343,"href":"https:\/\/pans.krosno.pl\/mi\/wp-json\/wp\/v2\/pages\/47\/revisions\/4343"}],"wp:attachment":[{"href":"https:\/\/pans.krosno.pl\/mi\/wp-json\/wp\/v2\/media?parent=47"}],"curies":[{"name":"wp","href":"https:\/\/api.w.org\/{rel}","templated":true}]}}