{"id":4087,"date":"2021-05-04T10:37:23","date_gmt":"2021-05-04T08:37:23","guid":{"rendered":"https:\/\/pans.krosno.pl\/kola-naukowe\/?page_id=4087"},"modified":"2021-05-10T10:35:59","modified_gmt":"2021-05-10T08:35:59","slug":"kolo-naukowe-tworczych-pedagogow-dzialalnosc-kola","status":"publish","type":"page","link":"https:\/\/pans.krosno.pl\/kola-naukowe\/kolo-naukowe-tworczych-pedagogow\/kolo-naukowe-tworczych-pedagogow-dzialalnosc-kola\/","title":{"rendered":"Dzia\u0142alno\u015b\u0107 Ko\u0142a Naukowego Tw\u00f3rczych Pedagog\u00f3w"},"content":{"rendered":"\n<figure class=\"wp-block-table is-style-regular\"><table class=\"has-subtle-pale-blue-background-color has-background\"><tbody><tr><td><strong>Konferencje i publikacje naukowe:<\/strong><\/td><\/tr><\/tbody><\/table><\/figure>\n\n\n<ul>\n<li style=\"text-align: justify\">Wyst\u0105pienie A.Sienkowskiej, A.Prajzner na temat: <em>Tworzenie rozumienia poj\u0119cia tolerancja przez dziecko w m\u0142odszym wieku szkolnym &#8211;&nbsp;doniesienia z jako\u015bciowych bada\u0144 w dzia\u0142aniu<\/em> w <strong>V Og\u00f3lnopolskiej Konferencji M\u0142odych Naukowc\u00f3w &#8222;Nauka &#8211; Talent &#8211; Pasja&#8221;<\/strong> organizowanej przez Podhala\u0144sk\u0105 Pa\u0144stwow\u0105 Uczelni\u0119 Zawodow\u0105 w Nowym Targu &#8211; 15.04.2021.<\/li>\n<li style=\"text-align: justify\">I miejsce dla A.Zych. S.Zi\u0119ba,<em> Zjawisko korepetycji w\u015br\u00f3d uczni\u00f3w kro\u015bnie\u0144skich lice\u00f3w og\u00f3lnokszta\u0142c\u0105cych; Artyku\u0142 z\u0142o\u017cony do druku (nieopublikowany) <\/em><strong>na <\/strong><strong>IV<\/strong><strong> Og\u00f3lnopolskiej Konferencji Naukowej na temat: Badania i innowacje z perspektywy m\u0142odego naukowca<\/strong> &#8211; 25 kwietnia 2018 r.<\/li>\n<li style=\"text-align: justify\">Udzia\u0142 z prezentacj\u0105 bada\u0144 empirycznych student\u00f3w S.Pietryka<em>, <\/em>Uliasz, <em>Wsparcie spo\u0142eczne w recepcji podopiecznego (bezdomnego m\u0119\u017cczyzny) i opiekunki plac\u00f3wki \u015bw. Brata Alberta<\/em>, <strong>XXIX Og\u00f3lnopolska Konferencja Naukowa Studenckich K\u00f3\u0142 Naukowych \u201eCz\u0142owiek i jego \u015brodowisko<\/strong>\u201d.<\/li>\n<li style=\"text-align: justify\"><strong>Publikacja <\/strong>Pietryka<em>, <\/em>S.Uliasz, <em>Wsparcie spo\u0142eczne w recepcji podopiecznego (bezdomnego m\u0119\u017cczyzny) i opiekunki plac\u00f3wki \u015bw. Brata Alberta<\/em>, Zeszyty studenckiego ruchu naukowego uniwersytetu Jana Kochanowskiego w Kielcach, t. 1\/2020.<\/li>\n<li style=\"text-align: justify\">20 kwietnia 2016 r. udzia\u0142 w <strong>II Og\u00f3lnopolskiej Konferencji Naukowej K\u00f3\u0142 Naukowych, Doktorant\u00f3w i Student\u00f3w pt. \u201ePedagogika i praca socjalna w cyklu \u017cycia. Cz\u0142owiek. Rodzina. Spo\u0142ecze\u0144stwo\u201d,<\/strong> zorganizowanej w Uniwersytecie Opolskim:<br>&#8211; Krzy\u017canowska, U.Trybek, I.Zajdel<em>, <\/em><em>Cele, aspiracje, potrzeby oraz relacje ma\u0142\u017ce\u0144skie m\u0142odej m\u0119\u017catki na emigracji;<br><\/em>&#8211; Biernacka, P.Owsiany, <em>Doros\u0142e \u017cycie\u201d licealistki &#8211; Eurosieroctwo;<br><\/em><em>&#8211; Szetela, M.Godos, I.Szubert, <\/em><em>Samodzielne \u017cycie nastolatk\u00f3w \u2013 kontakty z rodzin\u0105, cele \u017cyciowe.<\/em><\/li>\n<\/ul>\n\n\n<figure class=\"wp-block-table is-style-regular\"><table class=\"has-subtle-pale-blue-background-color has-background\"><tbody><tr><td><strong>Dzia\u0142alno\u015b\u0107 badawcza Ko\u0142a:<\/strong><\/td><\/tr><\/tbody><\/table><\/figure>\n\n\n<ul>\n<li style=\"text-align: justify\">Prowadzenie projekt\u00f3w badawczych przez Sienkowsk\u0105, A.Prajzner na temat: <em>Konstruowanie poj\u0119cia tolerancja przez uczennic\u0119 wczesnej edukacji osadzone w scaffoldingu wed\u0142ug koncepcji spo\u0142ecznego rozwoju L.S.Wygotskiego.<\/em><\/li>\n<li style=\"text-align: justify\">Przygotowanie i opracowanie projektu badawczego przez studentki II EWWP King\u0119 Guzik i Karolin\u0119 Kmon na temat: <em>Struktura zespo\u0142u klasowego w m\u0142odszym wieku szkolnym.<\/em><\/li>\n<li style=\"text-align: justify\">Prowadzenie projektu badawczego przez studentki II psoztp Aleksandr\u0119 Ja\u015blar i J.Potasiewicz na temat: <em>Wychowanie do staro\u015bci <\/em>oraz na temat: Badanie struktury grupy dzieci\u0119co-m\u0142odzie\u017cowej.<\/li>\n<li style=\"text-align: justify\">Prowadzenie projektu badawczego przez K.Rymarz, studentk\u0119 II psoztp na temat: <em>Badanie struktury nieformalnej grupy ludzi we wczesnej doros\u0142o\u015bci.<\/em><\/li>\n<\/ul>","protected":false},"excerpt":{"rendered":"<p>Konferencje i publikacje naukowe: Wyst\u0105pienie A.Sienkowskiej, A.Prajzner na temat: Tworzenie rozumienia poj\u0119cia tolerancja przez dziecko w m\u0142odszym wieku szkolnym &#8211;&nbsp;doniesienia z jako\u015bciowych bada\u0144 w dzia\u0142aniu w V Og\u00f3lnopolskiej Konferencji M\u0142odych Naukowc\u00f3w &#8222;Nauka &#8211; Talent &#8211; Pasja&#8221; organizowanej przez Podhala\u0144sk\u0105 Pa\u0144stwow\u0105 Uczelni\u0119 Zawodow\u0105 w Nowym Targu &#8211; 15.04.2021. I miejsce dla [\u2026] <\/p>\n<div class=\"clear\"><\/div>\n<p><a class=\"more_link clearfix\" href=\"https:\/\/pans.krosno.pl\/kola-naukowe\/kolo-naukowe-tworczych-pedagogow\/kolo-naukowe-tworczych-pedagogow-dzialalnosc-kola\/\" rel=\"nofollow\">Read More<\/a><\/p>\n","protected":false},"author":27,"featured_media":0,"parent":4080,"menu_order":0,"comment_status":"closed","ping_status":"closed","template":"page-templates\/template-full-width.php","meta":{"ngg_post_thumbnail":0,"footnotes":""},"class_list":["post-4087","page","type-page","status-publish","hentry"],"yoast_head":"<!-- This site is optimized with the Yoast SEO Premium plugin v27.4 (Yoast SEO v27.4) - https:\/\/yoast.com\/product\/yoast-seo-premium-wordpress\/ -->\n<title>Dzia\u0142alno\u015b\u0107 Ko\u0142a Naukowego Tw\u00f3rczych Pedagog\u00f3w - Studenckie Ko\u0142a Naukowe PANS w Kro\u015bnie<\/title>\n<meta name=\"robots\" content=\"index, follow, max-snippet:-1, max-image-preview:large, max-video-preview:-1\" \/>\n<link rel=\"canonical\" href=\"https:\/\/pans.krosno.pl\/kola-naukowe\/kolo-naukowe-tworczych-pedagogow\/kolo-naukowe-tworczych-pedagogow-dzialalnosc-kola\/\" \/>\n<meta property=\"og:locale\" content=\"pl_PL\" \/>\n<meta property=\"og:type\" content=\"article\" \/>\n<meta property=\"og:title\" content=\"Dzia\u0142alno\u015b\u0107 Ko\u0142a Naukowego Tw\u00f3rczych Pedagog\u00f3w\" \/>\n<meta property=\"og:description\" content=\"Konferencje i publikacje naukowe: Wyst\u0105pienie A.Sienkowskiej, A.Prajzner na temat: Tworzenie rozumienia poj\u0119cia tolerancja przez dziecko w m\u0142odszym wieku szkolnym &#8211;&nbsp;doniesienia z jako\u015bciowych bada\u0144 w dzia\u0142aniu w V Og\u00f3lnopolskiej Konferencji M\u0142odych Naukowc\u00f3w &#8222;Nauka &#8211; Talent &#8211; Pasja&#8221; organizowanej przez Podhala\u0144sk\u0105 Pa\u0144stwow\u0105 Uczelni\u0119 Zawodow\u0105 w Nowym Targu &#8211; 15.04.2021. I miejsce dla [\u2026] Read More\" \/>\n<meta property=\"og:url\" content=\"https:\/\/pans.krosno.pl\/kola-naukowe\/kolo-naukowe-tworczych-pedagogow\/kolo-naukowe-tworczych-pedagogow-dzialalnosc-kola\/\" \/>\n<meta property=\"og:site_name\" content=\"Studenckie Ko\u0142a Naukowe PANS w Kro\u015bnie\" \/>\n<meta property=\"article:modified_time\" content=\"2021-05-10T08:35:59+00:00\" \/>\n<meta name=\"twitter:card\" content=\"summary_large_image\" \/>\n<meta name=\"twitter:label1\" content=\"Szacowany czas czytania\" \/>\n\t<meta name=\"twitter:data1\" content=\"2 minuty\" \/>\n<script type=\"application\/ld+json\" class=\"yoast-schema-graph\">{\"@context\":\"https:\\\/\\\/schema.org\",\"@graph\":[{\"@type\":\"WebPage\",\"@id\":\"https:\\\/\\\/pans.krosno.pl\\\/kola-naukowe\\\/kolo-naukowe-tworczych-pedagogow\\\/kolo-naukowe-tworczych-pedagogow-dzialalnosc-kola\\\/\",\"url\":\"https:\\\/\\\/pans.krosno.pl\\\/kola-naukowe\\\/kolo-naukowe-tworczych-pedagogow\\\/kolo-naukowe-tworczych-pedagogow-dzialalnosc-kola\\\/\",\"name\":\"Dzia\u0142alno\u015b\u0107 Ko\u0142a Naukowego Tw\u00f3rczych Pedagog\u00f3w - Studenckie Ko\u0142a Naukowe PANS w Kro\u015bnie\",\"isPartOf\":{\"@id\":\"https:\\\/\\\/pans.krosno.pl\\\/kola-naukowe\\\/#website\"},\"datePublished\":\"2021-05-04T08:37:23+00:00\",\"dateModified\":\"2021-05-10T08:35:59+00:00\",\"breadcrumb\":{\"@id\":\"https:\\\/\\\/pans.krosno.pl\\\/kola-naukowe\\\/kolo-naukowe-tworczych-pedagogow\\\/kolo-naukowe-tworczych-pedagogow-dzialalnosc-kola\\\/#breadcrumb\"},\"inLanguage\":\"pl-PL\",\"potentialAction\":[{\"@type\":\"ReadAction\",\"target\":[\"https:\\\/\\\/pans.krosno.pl\\\/kola-naukowe\\\/kolo-naukowe-tworczych-pedagogow\\\/kolo-naukowe-tworczych-pedagogow-dzialalnosc-kola\\\/\"]}]},{\"@type\":\"BreadcrumbList\",\"@id\":\"https:\\\/\\\/pans.krosno.pl\\\/kola-naukowe\\\/kolo-naukowe-tworczych-pedagogow\\\/kolo-naukowe-tworczych-pedagogow-dzialalnosc-kola\\\/#breadcrumb\",\"itemListElement\":[{\"@type\":\"ListItem\",\"position\":1,\"name\":\"Strona g\u0142\u00f3wna\",\"item\":\"https:\\\/\\\/pans.krosno.pl\\\/kola-naukowe\\\/\"},{\"@type\":\"ListItem\",\"position\":2,\"name\":\"Ko\u0142o Naukowe Tw\u00f3rczych Pedagog\u00f3w\",\"item\":\"https:\\\/\\\/pans.krosno.pl\\\/kola-naukowe\\\/kolo-naukowe-tworczych-pedagogow\\\/\"},{\"@type\":\"ListItem\",\"position\":3,\"name\":\"Dzia\u0142alno\u015b\u0107 Ko\u0142a Naukowego Tw\u00f3rczych Pedagog\u00f3w\"}]},{\"@type\":\"WebSite\",\"@id\":\"https:\\\/\\\/pans.krosno.pl\\\/kola-naukowe\\\/#website\",\"url\":\"https:\\\/\\\/pans.krosno.pl\\\/kola-naukowe\\\/\",\"name\":\"Studenckie Ko\u0142a Naukowe PANS w Kro\u015bnie\",\"description\":\"Studenckie Ko\u0142a Naukowe - Pa\u0144stwowa Akademia Nauk Stosowanych\",\"publisher\":{\"@id\":\"https:\\\/\\\/pans.krosno.pl\\\/kola-naukowe\\\/#organization\"},\"potentialAction\":[{\"@type\":\"SearchAction\",\"target\":{\"@type\":\"EntryPoint\",\"urlTemplate\":\"https:\\\/\\\/pans.krosno.pl\\\/kola-naukowe\\\/?s={search_term_string}\"},\"query-input\":{\"@type\":\"PropertyValueSpecification\",\"valueRequired\":true,\"valueName\":\"search_term_string\"}}],\"inLanguage\":\"pl-PL\"},{\"@type\":\"Organization\",\"@id\":\"https:\\\/\\\/pans.krosno.pl\\\/kola-naukowe\\\/#organization\",\"name\":\"Studenckie Ko\u0142a Naukowe PANS w Kro\u015bnie\",\"url\":\"https:\\\/\\\/pans.krosno.pl\\\/kola-naukowe\\\/\",\"logo\":{\"@type\":\"ImageObject\",\"inLanguage\":\"pl-PL\",\"@id\":\"https:\\\/\\\/pans.krosno.pl\\\/kola-naukowe\\\/#\\\/schema\\\/logo\\\/image\\\/\",\"url\":\"https:\\\/\\\/pans.krosno.pl\\\/kola-naukowe\\\/wp-content\\\/uploads\\\/sites\\\/48\\\/2023\\\/01\\\/Logo-PANS-2022-pelne.png\",\"contentUrl\":\"https:\\\/\\\/pans.krosno.pl\\\/kola-naukowe\\\/wp-content\\\/uploads\\\/sites\\\/48\\\/2023\\\/01\\\/Logo-PANS-2022-pelne.png\",\"width\":3096,\"height\":696,\"caption\":\"Studenckie Ko\u0142a Naukowe PANS w Kro\u015bnie\"},\"image\":{\"@id\":\"https:\\\/\\\/pans.krosno.pl\\\/kola-naukowe\\\/#\\\/schema\\\/logo\\\/image\\\/\"}}]}<\/script>\n<!-- \/ Yoast SEO Premium plugin. -->","yoast_head_json":{"title":"Dzia\u0142alno\u015b\u0107 Ko\u0142a Naukowego Tw\u00f3rczych Pedagog\u00f3w - Studenckie Ko\u0142a Naukowe PANS w Kro\u015bnie","robots":{"index":"index","follow":"follow","max-snippet":"max-snippet:-1","max-image-preview":"max-image-preview:large","max-video-preview":"max-video-preview:-1"},"canonical":"https:\/\/pans.krosno.pl\/kola-naukowe\/kolo-naukowe-tworczych-pedagogow\/kolo-naukowe-tworczych-pedagogow-dzialalnosc-kola\/","og_locale":"pl_PL","og_type":"article","og_title":"Dzia\u0142alno\u015b\u0107 Ko\u0142a Naukowego Tw\u00f3rczych Pedagog\u00f3w","og_description":"Konferencje i publikacje naukowe: Wyst\u0105pienie A.Sienkowskiej, A.Prajzner na temat: Tworzenie rozumienia poj\u0119cia tolerancja przez dziecko w m\u0142odszym wieku szkolnym &#8211;&nbsp;doniesienia z jako\u015bciowych bada\u0144 w dzia\u0142aniu w V Og\u00f3lnopolskiej Konferencji M\u0142odych Naukowc\u00f3w &#8222;Nauka &#8211; Talent &#8211; Pasja&#8221; organizowanej przez Podhala\u0144sk\u0105 Pa\u0144stwow\u0105 Uczelni\u0119 Zawodow\u0105 w Nowym Targu &#8211; 15.04.2021. I miejsce dla [\u2026] Read More","og_url":"https:\/\/pans.krosno.pl\/kola-naukowe\/kolo-naukowe-tworczych-pedagogow\/kolo-naukowe-tworczych-pedagogow-dzialalnosc-kola\/","og_site_name":"Studenckie Ko\u0142a Naukowe PANS w Kro\u015bnie","article_modified_time":"2021-05-10T08:35:59+00:00","twitter_card":"summary_large_image","twitter_misc":{"Szacowany czas czytania":"2 minuty"},"schema":{"@context":"https:\/\/schema.org","@graph":[{"@type":"WebPage","@id":"https:\/\/pans.krosno.pl\/kola-naukowe\/kolo-naukowe-tworczych-pedagogow\/kolo-naukowe-tworczych-pedagogow-dzialalnosc-kola\/","url":"https:\/\/pans.krosno.pl\/kola-naukowe\/kolo-naukowe-tworczych-pedagogow\/kolo-naukowe-tworczych-pedagogow-dzialalnosc-kola\/","name":"Dzia\u0142alno\u015b\u0107 Ko\u0142a Naukowego Tw\u00f3rczych Pedagog\u00f3w - Studenckie Ko\u0142a Naukowe PANS w Kro\u015bnie","isPartOf":{"@id":"https:\/\/pans.krosno.pl\/kola-naukowe\/#website"},"datePublished":"2021-05-04T08:37:23+00:00","dateModified":"2021-05-10T08:35:59+00:00","breadcrumb":{"@id":"https:\/\/pans.krosno.pl\/kola-naukowe\/kolo-naukowe-tworczych-pedagogow\/kolo-naukowe-tworczych-pedagogow-dzialalnosc-kola\/#breadcrumb"},"inLanguage":"pl-PL","potentialAction":[{"@type":"ReadAction","target":["https:\/\/pans.krosno.pl\/kola-naukowe\/kolo-naukowe-tworczych-pedagogow\/kolo-naukowe-tworczych-pedagogow-dzialalnosc-kola\/"]}]},{"@type":"BreadcrumbList","@id":"https:\/\/pans.krosno.pl\/kola-naukowe\/kolo-naukowe-tworczych-pedagogow\/kolo-naukowe-tworczych-pedagogow-dzialalnosc-kola\/#breadcrumb","itemListElement":[{"@type":"ListItem","position":1,"name":"Strona g\u0142\u00f3wna","item":"https:\/\/pans.krosno.pl\/kola-naukowe\/"},{"@type":"ListItem","position":2,"name":"Ko\u0142o Naukowe Tw\u00f3rczych Pedagog\u00f3w","item":"https:\/\/pans.krosno.pl\/kola-naukowe\/kolo-naukowe-tworczych-pedagogow\/"},{"@type":"ListItem","position":3,"name":"Dzia\u0142alno\u015b\u0107 Ko\u0142a Naukowego Tw\u00f3rczych Pedagog\u00f3w"}]},{"@type":"WebSite","@id":"https:\/\/pans.krosno.pl\/kola-naukowe\/#website","url":"https:\/\/pans.krosno.pl\/kola-naukowe\/","name":"Studenckie Ko\u0142a Naukowe PANS w Kro\u015bnie","description":"Studenckie Ko\u0142a Naukowe - Pa\u0144stwowa Akademia Nauk Stosowanych","publisher":{"@id":"https:\/\/pans.krosno.pl\/kola-naukowe\/#organization"},"potentialAction":[{"@type":"SearchAction","target":{"@type":"EntryPoint","urlTemplate":"https:\/\/pans.krosno.pl\/kola-naukowe\/?s={search_term_string}"},"query-input":{"@type":"PropertyValueSpecification","valueRequired":true,"valueName":"search_term_string"}}],"inLanguage":"pl-PL"},{"@type":"Organization","@id":"https:\/\/pans.krosno.pl\/kola-naukowe\/#organization","name":"Studenckie Ko\u0142a Naukowe PANS w Kro\u015bnie","url":"https:\/\/pans.krosno.pl\/kola-naukowe\/","logo":{"@type":"ImageObject","inLanguage":"pl-PL","@id":"https:\/\/pans.krosno.pl\/kola-naukowe\/#\/schema\/logo\/image\/","url":"https:\/\/pans.krosno.pl\/kola-naukowe\/wp-content\/uploads\/sites\/48\/2023\/01\/Logo-PANS-2022-pelne.png","contentUrl":"https:\/\/pans.krosno.pl\/kola-naukowe\/wp-content\/uploads\/sites\/48\/2023\/01\/Logo-PANS-2022-pelne.png","width":3096,"height":696,"caption":"Studenckie Ko\u0142a Naukowe PANS w Kro\u015bnie"},"image":{"@id":"https:\/\/pans.krosno.pl\/kola-naukowe\/#\/schema\/logo\/image\/"}}]}},"_links":{"self":[{"href":"https:\/\/pans.krosno.pl\/kola-naukowe\/wp-json\/wp\/v2\/pages\/4087","targetHints":{"allow":["GET"]}}],"collection":[{"href":"https:\/\/pans.krosno.pl\/kola-naukowe\/wp-json\/wp\/v2\/pages"}],"about":[{"href":"https:\/\/pans.krosno.pl\/kola-naukowe\/wp-json\/wp\/v2\/types\/page"}],"author":[{"embeddable":true,"href":"https:\/\/pans.krosno.pl\/kola-naukowe\/wp-json\/wp\/v2\/users\/27"}],"replies":[{"embeddable":true,"href":"https:\/\/pans.krosno.pl\/kola-naukowe\/wp-json\/wp\/v2\/comments?post=4087"}],"version-history":[{"count":3,"href":"https:\/\/pans.krosno.pl\/kola-naukowe\/wp-json\/wp\/v2\/pages\/4087\/revisions"}],"predecessor-version":[{"id":4159,"href":"https:\/\/pans.krosno.pl\/kola-naukowe\/wp-json\/wp\/v2\/pages\/4087\/revisions\/4159"}],"up":[{"embeddable":true,"href":"https:\/\/pans.krosno.pl\/kola-naukowe\/wp-json\/wp\/v2\/pages\/4080"}],"wp:attachment":[{"href":"https:\/\/pans.krosno.pl\/kola-naukowe\/wp-json\/wp\/v2\/media?parent=4087"}],"curies":[{"name":"wp","href":"https:\/\/api.w.org\/{rel}","templated":true}]}}