{"id":229,"date":"2020-06-01T20:11:15","date_gmt":"2020-06-01T18:11:15","guid":{"rendered":"https:\/\/pans.krosno.pl\/instytut-politechniczny\/?page_id=229"},"modified":"2020-07-07T17:40:08","modified_gmt":"2020-07-07T15:40:08","slug":"aktualnosci-2","status":"publish","type":"page","link":"https:\/\/pans.krosno.pl\/instytut-politechniczny\/aktualnosci-2\/","title":{"rendered":"Aktualno\u015bci"},"content":{"rendered":"\n<hr class=\"wp-block-separator is-style-default\" \/>\n\n\n<ul class=\"wp-block-latest-posts__list has-dates wp-block-latest-posts\"><li><div class=\"wp-block-latest-posts__featured-image alignleft\"><img loading=\"lazy\" decoding=\"async\" width=\"80\" height=\"80\" src=\"https:\/\/pans.krosno.pl\/instytut-politechniczny\/wp-content\/uploads\/sites\/44\/2025\/11\/SCOPUS.jpg\" class=\"attachment-thumbnail size-thumbnail wp-post-image\" alt=\"\" style=\"\" \/><\/div><a class=\"wp-block-latest-posts__post-title\" href=\"https:\/\/pans.krosno.pl\/instytut-politechniczny\/scopus-ai-inteligentne-wsparcie-dla-naukowcow-i-studentow\/\">Scopus AI \u2013 inteligentne wsparcie dla naukowc\u00f3w i student\u00f3w<\/a><time datetime=\"2025-11-21T15:02:22+01:00\" class=\"wp-block-latest-posts__post-date\">21 listopada 2025<\/time><div class=\"wp-block-latest-posts__post-excerpt\">Biblioteka Pa\u0144stwowej Akademii Naukowej w Kro\u015bnie udost\u0119pnia Scopus AI \u2013 nowoczesne narz\u0119dzie oparte na sztucznej inteligencji, zintegrowane z baz\u0105 Scopus i stworzone z my\u015bl\u0105 o wsparciu bada\u0144 naukowych. Dzi\u0119ki&nbsp;Scopus&nbsp;AI&nbsp;u\u017cytkownicy&nbsp;mog\u0105:\u2013 generowa\u0107 przejrzyste, syntetyczne podsumowania publikacji wraz z ich najwa\u017cniejszymi kontekstami badawczymi,\u2013 korzysta\u0107 z interaktywnych map poj\u0119\u0107 oraz trend\u00f3w naukowych, aby odkrywa\u0107 nowe kierunki bada\u0144 i zale\u017cno\u015bci [\u2026] <div class=\"clear\"><\/div><a class=\"more_link clearfix\" href=\"https:\/\/pans.krosno.pl\/instytut-politechniczny\/scopus-ai-inteligentne-wsparcie-dla-naukowcow-i-studentow\/\" rel=\"nofollow\">Read More<\/a><\/div><\/li>\n<li><div class=\"wp-block-latest-posts__featured-image alignleft\"><img loading=\"lazy\" decoding=\"async\" width=\"150\" height=\"150\" src=\"https:\/\/pans.krosno.pl\/instytut-politechniczny\/wp-content\/uploads\/sites\/44\/2025\/07\/notebook-2386034_1280-150x150.jpg\" class=\"attachment-thumbnail size-thumbnail wp-post-image\" alt=\"\" style=\"\" \/><\/div><a class=\"wp-block-latest-posts__post-title\" href=\"https:\/\/pans.krosno.pl\/instytut-politechniczny\/informacja-dla-studentow\/\">Dy\u017cur sekretariatu w okresie wakacji<\/a><time datetime=\"2025-07-14T11:01:53+02:00\" class=\"wp-block-latest-posts__post-date\">14 lipca 2025<\/time><div class=\"wp-block-latest-posts__post-excerpt\">Uprzejmie informujemy, \u017ce w miesi\u0105cu sierpniu 2025 r. Sekretariaty Instytut\u00f3w b\u0119d\u0105 wy\u0142\u0105czone z obs\u0142ugi administracyjnej student\u00f3w. Prosimy student\u00f3w aby niezb\u0119dne sprawy za\u0142atwia\u0107 w sekretariatach do ko\u0144ca lipca (np. za\u015bwiadczenie o posiadaniu statusu studenta, odbi\u00f3r dyplomu uko\u0144czenia studi\u00f3w, przed\u0142u\u017cenie wa\u017cno\u015bci legitymacji studenckiej). Archiwum dzia\u0142a do ko\u0144ca lipca 2025 r. W wyj\u0105tkowych sprawach b\u0119dzie uruchomiony dy\u017cur w [\u2026] <div class=\"clear\"><\/div><a class=\"more_link clearfix\" href=\"https:\/\/pans.krosno.pl\/instytut-politechniczny\/informacja-dla-studentow\/\" rel=\"nofollow\">Read More<\/a><\/div><\/li>\n<li><div class=\"wp-block-latest-posts__featured-image alignleft\"><img loading=\"lazy\" decoding=\"async\" width=\"150\" height=\"150\" src=\"https:\/\/pans.krosno.pl\/instytut-politechniczny\/wp-content\/uploads\/sites\/44\/2023\/05\/logo_flaga-150x150.jpg\" class=\"attachment-thumbnail size-thumbnail wp-post-image\" alt=\"\" style=\"\" \/><\/div><a class=\"wp-block-latest-posts__post-title\" href=\"https:\/\/pans.krosno.pl\/instytut-politechniczny\/537-2\/\">Raport samooceny kierunku Budownictwo<\/a><time datetime=\"2025-05-06T08:39:51+02:00\" class=\"wp-block-latest-posts__post-date\">6 maja 2025<\/time><div class=\"wp-block-latest-posts__post-excerpt\">Raport samooceny kierunku Budownictwo przekazany do zespo\u0142u oceniaj\u0105cego Polskiej Komisji Akredytacyjnej.<\/div><\/li>\n<li><div class=\"wp-block-latest-posts__featured-image alignleft\"><img loading=\"lazy\" decoding=\"async\" width=\"150\" height=\"150\" src=\"https:\/\/pans.krosno.pl\/instytut-politechniczny\/wp-content\/uploads\/sites\/44\/2023\/05\/logo_flaga-150x150.jpg\" class=\"attachment-thumbnail size-thumbnail wp-post-image\" alt=\"\" style=\"\" \/><\/div><a class=\"wp-block-latest-posts__post-title\" href=\"https:\/\/pans.krosno.pl\/instytut-politechniczny\/raport-samooceny-kierunku-inzynieria-srodowiska\/\">Raport samooceny kierunku In\u017cynieria \u015brodowiska<\/a><time datetime=\"2025-04-24T15:38:22+02:00\" class=\"wp-block-latest-posts__post-date\">24 kwietnia 2025<\/time><div class=\"wp-block-latest-posts__post-excerpt\">Raport samooceny kierunku In\u017cynieria \u015brodowiska przekazany do zespo\u0142u oceniaj\u0105cego Polskiej Komisji Akredytacyjnej.<\/div><\/li>\n<li><div class=\"wp-block-latest-posts__featured-image alignleft\"><img loading=\"lazy\" decoding=\"async\" width=\"150\" height=\"150\" src=\"https:\/\/pans.krosno.pl\/instytut-politechniczny\/wp-content\/uploads\/sites\/44\/2023\/05\/logo_flaga-150x150.jpg\" class=\"attachment-thumbnail size-thumbnail wp-post-image\" alt=\"\" style=\"\" \/><\/div><a class=\"wp-block-latest-posts__post-title\" href=\"https:\/\/pans.krosno.pl\/instytut-politechniczny\/raport-samooceny-na-kierunku-mechanika-i-budowa-maszyn\/\">Raport samooceny na kierunku Mechanika i budowa maszyn<\/a><time datetime=\"2025-01-13T09:47:32+01:00\" class=\"wp-block-latest-posts__post-date\">13 stycznia 2025<\/time><div class=\"wp-block-latest-posts__post-excerpt\">Raport samooceny kierunku Mechanika i budowa maszyn, przekazany do zespo\u0142u oceniaj\u0105cego PKA.<\/div><\/li>\n<li><div class=\"wp-block-latest-posts__featured-image alignleft\"><img loading=\"lazy\" decoding=\"async\" width=\"150\" height=\"150\" src=\"https:\/\/pans.krosno.pl\/instytut-politechniczny\/wp-content\/uploads\/sites\/44\/2023\/05\/logo_flaga-150x150.jpg\" class=\"attachment-thumbnail size-thumbnail wp-post-image\" alt=\"\" style=\"\" \/><\/div><a class=\"wp-block-latest-posts__post-title\" href=\"https:\/\/pans.krosno.pl\/instytut-politechniczny\/posiedzenie-kolegium-instytutu-politechnicznego-2\/\">Posiedzenie Kolegium Instytutu Politechnicznego<\/a><time datetime=\"2024-05-21T11:41:00+02:00\" class=\"wp-block-latest-posts__post-date\">21 maja 2024<\/time><div class=\"wp-block-latest-posts__post-excerpt\">W dniu 14 maja 2024 r. o godz. 16.00 w formie stacjonarnej odby\u0142o si\u0119 zebranie Kolegium Instytutu Politechnicznego (IP), w kt\u00f3rym uczestniczyli:dr in\u017c. Piotr Wais &#8211; Dyrektor Instytutu Politechnicznego,Andrzej Go\u0142\u0105bek (w zast\u0119pstwie za Piotra Sow\u0119, Prezesa Zarz\u0105du (CEO) InfoSoftware PolskaSp. z o.o.,Grzegorz Rachwa\u0142 &#8211; Dyrektor ds. realizacji produkcji PRID Krosno S.A.,\u0141ukasz Karamus &#8211; Kierownik oczyszczalni [\u2026] <div class=\"clear\"><\/div><a class=\"more_link clearfix\" href=\"https:\/\/pans.krosno.pl\/instytut-politechniczny\/posiedzenie-kolegium-instytutu-politechnicznego-2\/\" rel=\"nofollow\">Read More<\/a><\/div><\/li>\n<li><div class=\"wp-block-latest-posts__featured-image alignleft\"><img loading=\"lazy\" decoding=\"async\" width=\"150\" height=\"150\" src=\"https:\/\/pans.krosno.pl\/instytut-politechniczny\/wp-content\/uploads\/sites\/44\/2023\/05\/logo_flaga-150x150.jpg\" class=\"attachment-thumbnail size-thumbnail wp-post-image\" alt=\"\" style=\"\" \/><\/div><a class=\"wp-block-latest-posts__post-title\" href=\"https:\/\/pans.krosno.pl\/instytut-politechniczny\/raport-samooceny-na-kierunku-informatyka-2023\/\">Raport samooceny na kierunku Informatyka (2023)<\/a><time datetime=\"2023-05-30T09:59:28+02:00\" class=\"wp-block-latest-posts__post-date\">30 maja 2023<\/time><div class=\"wp-block-latest-posts__post-excerpt\">Zgodnie z zapisem \u00a7 17 pkt. 3 Statutu Polskiej Komisji Akredytacyjnej prezentujemy Raport samooceny kierunku Informatyka, kt\u00f3ry zosta\u0142 przekazany do zespo\u0142u oceniaj\u0105cego PKA.<\/div><\/li>\n<li><div class=\"wp-block-latest-posts__featured-image alignleft\"><img loading=\"lazy\" decoding=\"async\" width=\"150\" height=\"150\" src=\"https:\/\/pans.krosno.pl\/instytut-politechniczny\/wp-content\/uploads\/sites\/44\/2023\/05\/kolegium-zdjecia-150x150.jpg\" class=\"attachment-thumbnail size-thumbnail wp-post-image\" alt=\"\" style=\"\" \/><\/div><a class=\"wp-block-latest-posts__post-title\" href=\"https:\/\/pans.krosno.pl\/instytut-politechniczny\/posiedzenie-kolegium-instytutu-politechnicznego\/\">Posiedzenie Kolegium Instytutu Politechnicznego<\/a><time datetime=\"2023-04-20T10:20:00+02:00\" class=\"wp-block-latest-posts__post-date\">20 kwietnia 2023<\/time><div class=\"wp-block-latest-posts__post-excerpt\">W dniu 13 kwietnia 2023 r. o godz.15.00 w formie zdalnej odby\u0142o si\u0119 zebranie Kolegium Instytutu Politechnicznego (IP), w kt\u00f3rym uczestniczyli:dr Agnieszka Wo\u017aniak &#8211; Prorektor ds. Rozwoju PANS w Kro\u015bnie,dr in\u017c. Piotr Wais &#8211; Dyrektor Instytutu Politechnicznego,Grzegorz Rachwa\u0142 &#8211; Dyrektor ds. realizacji produkcji PRID Krosno S.A.,\u0141ukasz Karamus &#8211; Kierownik oczyszczalni \u015bciek\u00f3w KHK Krosno Sp. z [\u2026] <div class=\"clear\"><\/div><a class=\"more_link clearfix\" href=\"https:\/\/pans.krosno.pl\/instytut-politechniczny\/posiedzenie-kolegium-instytutu-politechnicznego\/\" rel=\"nofollow\">Read More<\/a><\/div><\/li>\n<li><div class=\"wp-block-latest-posts__featured-image alignleft\"><img loading=\"lazy\" decoding=\"async\" width=\"150\" height=\"150\" src=\"https:\/\/pans.krosno.pl\/instytut-politechniczny\/wp-content\/uploads\/sites\/44\/2021\/06\/Plakat_1-150x150.jpg\" class=\"attachment-thumbnail size-thumbnail wp-post-image\" alt=\"\" style=\"\" \/><\/div><a class=\"wp-block-latest-posts__post-title\" href=\"https:\/\/pans.krosno.pl\/instytut-politechniczny\/niepewnosc-rozpoznan-pomiarowych-w-nauce-i-technice-nowe-wyzwania-badawcze\/\">Niepewno\u015b\u0107 rozpozna\u0144 pomiarowych w nauce i technice &#8211; nowe wyzwania badawcze&#8221;<\/a><time datetime=\"2021-06-02T14:11:25+02:00\" class=\"wp-block-latest-posts__post-date\">2 czerwca 2021<\/time><div class=\"wp-block-latest-posts__post-excerpt\">Instytut Politechniczny Karpackiej Pa\u0144stwowej Uczelni w Kro\u015bniezaprasza na Seminarium, w ramach kt\u00f3rego odb\u0119dzie si\u0119 wyk\u0142ad:&#8222;Niepewno\u015b\u0107 rozpozna\u0144 pomiarowych w nauce i technice &#8211; nowe wyzwania badawcze&#8221;prof. dr hab. in\u017c. Wojciech BatkoKarpackiej Pa\u0144stwowa Uczelnia w Kro\u015bnie, Instytut Politechniczny, Zak\u0142ad Mechaniki i Budowy MaszynAkademia G\u00f3rniczo-Hutnicza im. Stanis\u0142awa Staszica w Krakowie, Akademia G\u00f3rniczo-Hutnicza im. Stanis\u0142awa Staszica w KrakowieWydzia\u0142 In\u017cynierii [\u2026] <div class=\"clear\"><\/div><a class=\"more_link clearfix\" href=\"https:\/\/pans.krosno.pl\/instytut-politechniczny\/niepewnosc-rozpoznan-pomiarowych-w-nauce-i-technice-nowe-wyzwania-badawcze\/\" rel=\"nofollow\">Read More<\/a><\/div><\/li>\n<li><div class=\"wp-block-latest-posts__featured-image alignleft\"><img loading=\"lazy\" decoding=\"async\" width=\"150\" height=\"150\" src=\"https:\/\/pans.krosno.pl\/instytut-politechniczny\/wp-content\/uploads\/sites\/44\/2021\/04\/unnamed-150x150.jpg\" class=\"attachment-thumbnail size-thumbnail wp-post-image\" alt=\"\" style=\"\" srcset=\"https:\/\/pans.krosno.pl\/instytut-politechniczny\/wp-content\/uploads\/sites\/44\/2021\/04\/unnamed-150x150.jpg 150w, https:\/\/pans.krosno.pl\/instytut-politechniczny\/wp-content\/uploads\/sites\/44\/2021\/04\/unnamed.jpg 300w\" sizes=\"auto, (max-width: 150px) 100vw, 150px\" \/><\/div><a class=\"wp-block-latest-posts__post-title\" href=\"https:\/\/pans.krosno.pl\/instytut-politechniczny\/w-zalem-zawiadamiamy\/\">W \u017calem zawiadamiamy&#8230;<\/a><time datetime=\"2021-04-15T09:11:08+02:00\" class=\"wp-block-latest-posts__post-date\">15 kwietnia 2021<\/time><div class=\"wp-block-latest-posts__post-excerpt\"><\/div><\/li>\n<li><div class=\"wp-block-latest-posts__featured-image alignleft\"><img loading=\"lazy\" decoding=\"async\" width=\"150\" height=\"150\" src=\"https:\/\/pans.krosno.pl\/instytut-politechniczny\/wp-content\/uploads\/sites\/44\/2020\/04\/l3uW3JumZVWqkYlkZA20200311_104727-1-150x150.jpg\" class=\"attachment-thumbnail size-thumbnail wp-post-image\" alt=\"\" style=\"\" \/><\/div><a class=\"wp-block-latest-posts__post-title\" href=\"https:\/\/pans.krosno.pl\/instytut-politechniczny\/szkolenie-auditor-wewnetrzny-zintergrowanego-sytemu-zarzadzania-iso-9001-iso-14001-iso-45001\/\">Szkolenie AUDITOR WEWN\u0118TRZNY Zintergrowanego Sytemu Zarz\u0105dzania<\/a><time datetime=\"2020-02-29T19:07:00+01:00\" class=\"wp-block-latest-posts__post-date\">29 lutego 2020<\/time><div class=\"wp-block-latest-posts__post-excerpt\">W dniach 29 lutego oraz 1 marca 2020 r. ch\u0119tni studenci uczestniczyli w szkoleniu: AUDITOR WEWN\u0118TRZNY Zintegrowanego Sytemu Zarz\u0105dzania ISO 9001, OSO 14001, ISO 45001. Szkolenie prowadzil mgr Sywester Wilczek z firmy QDG Grupa Doradcza Qualitas. Celem kursu by\u0142o zapoznanie uczesnik\u00f3w z zasadami i technikami auditowania z norm ISO 19011:2018, z noweczesnym podej\u015bciem do zagadnien [\u2026] <div class=\"clear\"><\/div><a class=\"more_link clearfix\" href=\"https:\/\/pans.krosno.pl\/instytut-politechniczny\/szkolenie-auditor-wewnetrzny-zintergrowanego-sytemu-zarzadzania-iso-9001-iso-14001-iso-45001\/\" rel=\"nofollow\">Read More<\/a><\/div><\/li>\n<li><div class=\"wp-block-latest-posts__featured-image alignleft\"><img loading=\"lazy\" decoding=\"async\" width=\"150\" height=\"150\" src=\"https:\/\/pans.krosno.pl\/instytut-politechniczny\/wp-content\/uploads\/sites\/44\/2020\/04\/l3uW3JumZVWqkYlkZAbeztytulu-150x150.png\" class=\"attachment-thumbnail size-thumbnail wp-post-image\" alt=\"\" style=\"\" \/><\/div><a class=\"wp-block-latest-posts__post-title\" href=\"https:\/\/pans.krosno.pl\/instytut-politechniczny\/vi-podkarpacka-olimpiada-energetyczna\/\">VI Podkarpacka Olimpiada Energetyczna<\/a><time datetime=\"2020-02-12T19:06:00+01:00\" class=\"wp-block-latest-posts__post-date\">12 lutego 2020<\/time><div class=\"wp-block-latest-posts__post-excerpt\">Ju\u017c po raz sz\u00f3sty zapraszamy do udzia\u0142u w Podkarpackiej Olimpiadzie Energetycznej pod Patronatem Podkarpackiego Kuratora O\u015bwiaty. To wydarzenie stworzone specjalnie z my\u015bl\u0105 o m\u0142odzie\u017cy szk\u00f3\u0142 \u015brednich, zainteresowanych energetyk\u0105. Tematyka olimpiady obejmuje zagadnienia wytwarzania, opcjonalnego wykorzystania oraz niekonwencjonalne \u017ar\u00f3d\u0142a energii. &nbsp;Poprzednia edycja cieszy\u0142a si\u0119 du\u017cym zainteresowaniem w\u015br\u00f3d uczni\u00f3w. Zg\u0142osi\u0142o si\u0119 do niego ponad 300 &nbsp;uczni\u00f3w z [\u2026] <div class=\"clear\"><\/div><a class=\"more_link clearfix\" href=\"https:\/\/pans.krosno.pl\/instytut-politechniczny\/vi-podkarpacka-olimpiada-energetyczna\/\" rel=\"nofollow\">Read More<\/a><\/div><\/li>\n<li><div class=\"wp-block-latest-posts__featured-image alignleft\"><img loading=\"lazy\" decoding=\"async\" width=\"150\" height=\"150\" src=\"https:\/\/pans.krosno.pl\/instytut-politechniczny\/wp-content\/uploads\/sites\/44\/2020\/04\/l3uW3JumZVWqkYlkZAdsc09745-150x150.jpg\" class=\"attachment-thumbnail size-thumbnail wp-post-image\" alt=\"\" style=\"\" \/><\/div><a class=\"wp-block-latest-posts__post-title\" href=\"https:\/\/pans.krosno.pl\/instytut-politechniczny\/podpisanie-listu-intencyjnego-w-siedzibie-pdk-oiib\/\">Podpisanie listu intencyjnego w siedzibie PDK OIIB<\/a><time datetime=\"2019-12-15T19:05:00+01:00\" class=\"wp-block-latest-posts__post-date\">15 grudnia 2019<\/time><div class=\"wp-block-latest-posts__post-excerpt\">W dniu 16 grudnia 2019 r. w siedzibie PDK OIIB zosta\u0142 podpisany list intencyjny pomi\u0119dzy: Podkarpack\u0105 Okr\u0119gow\u0105 Izb\u0105 In\u017cynier\u00f3w Budownictwa reprezentowan\u0105 przez przewodnicz\u0105cego Rady Grzegorza Dubika i Pa\u0144stwow\u0105 Wy\u017csz\u0105 Szko\u0142\u0105 Zawodow\u0105 w Kro\u015bnie reprezentowan\u0105 przez prof. nadzw. dr hab. Zbigniewa Barabasza &#8211; prorektora ds. rozwoju.&nbsp;W uroczysto\u015bci uczestniczyli &#8211; ze strony Izby &#8211; przewodnicz\u0105cy Rady Grzegorz [\u2026] <div class=\"clear\"><\/div><a class=\"more_link clearfix\" href=\"https:\/\/pans.krosno.pl\/instytut-politechniczny\/podpisanie-listu-intencyjnego-w-siedzibie-pdk-oiib\/\" rel=\"nofollow\">Read More<\/a><\/div><\/li>\n<li><div class=\"wp-block-latest-posts__featured-image alignleft\"><img loading=\"lazy\" decoding=\"async\" width=\"150\" height=\"150\" src=\"https:\/\/pans.krosno.pl\/instytut-politechniczny\/wp-content\/uploads\/sites\/44\/2020\/04\/l3uW3JumZVWqkYlkZA62137629_1026464860881765_3047025949276110848_o-150x150.jpg\" class=\"attachment-thumbnail size-thumbnail wp-post-image\" alt=\"\" style=\"\" \/><\/div><a class=\"wp-block-latest-posts__post-title\" href=\"https:\/\/pans.krosno.pl\/instytut-politechniczny\/festiwal-robotyki-w-zespole-szkol-w-rymanowie\/\">Festiwal robotyki w Zespole Szk\u00f3\u0142 w Rymanowie<\/a><time datetime=\"2019-10-18T19:12:00+02:00\" class=\"wp-block-latest-posts__post-date\">18 pa\u017adziernika 2019<\/time><div class=\"wp-block-latest-posts__post-excerpt\">W dniu 5.06.2019 r. cz\u0142onkowie Ko\u0142a Informatyk\u00f3w NEO wzi\u0119li udzia\u0142 w drugiej edycji Festiwalu Robotyki organizowanym przez Zesp\u00f3\u0142 Szk\u00f3\u0142 w Rymanowie. G\u0142\u00f3wnym celem wydarzenia by\u0142o&nbsp; zainteresowanie m\u0142odzie\u017cy dziedzin\u0105 informatyki, jak\u0105 jest programowanie. Studenci zaprezentowali m.in. mo\u017cliwo\u015bci druku 3D, google VR, manipularor zbudowany z klock\u00f3w lego, rami\u0119 robota, kostk\u0119 LED wy\u015bwietlaj\u0105c\u0105 zaprogramowane napisy.&nbsp;Prezentacje cieszy\u0142y si\u0119 olbrzymim [\u2026] <div class=\"clear\"><\/div><a class=\"more_link clearfix\" href=\"https:\/\/pans.krosno.pl\/instytut-politechniczny\/festiwal-robotyki-w-zespole-szkol-w-rymanowie\/\" rel=\"nofollow\">Read More<\/a><\/div><\/li>\n<li><div class=\"wp-block-latest-posts__featured-image alignleft\"><img loading=\"lazy\" decoding=\"async\" width=\"134\" height=\"90\" src=\"https:\/\/pans.krosno.pl\/instytut-politechniczny\/wp-content\/uploads\/sites\/44\/2020\/04\/l3uW3JumZVWqkYlkZAksiazki-1.jpg\" class=\"attachment-thumbnail size-thumbnail wp-post-image\" alt=\"\" style=\"\" \/><\/div><a class=\"wp-block-latest-posts__post-title\" href=\"https:\/\/pans.krosno.pl\/instytut-politechniczny\/magisterskie-studia-menedzerskie-juz-od-pazdziernika-2019-roku-w-krosnie\/\">Magisterskie studia mened\u017cerskie ju\u017c od pa\u017adziernika 2019 roku w Kro\u015bnie<\/a><time datetime=\"2019-10-01T19:10:00+02:00\" class=\"wp-block-latest-posts__post-date\">1 pa\u017adziernika 2019<\/time><div class=\"wp-block-latest-posts__post-excerpt\">Od pa\u017adziernika 2019 roku w Pa\u0144stwowej Wy\u017cszej Szkole Zawodowej im. S. Pigonia w Kro\u015bnie, na podstawie pozytywnej decyzji Ministerstwa Nauki i Szkolnictwa Wy\u017cszego, uruchamiane s\u0105 4-semestralne magisterskie studia drugiego stopnia na kierunku Zarz\u0105dzanie (zar\u00f3wno w systemie nieodp\u0142atnych studi\u00f3w stacjonarnych, jak i p\u0142atnych studi\u00f3w niestacjonarnych).\u00a0\u00a0\u00a0 Studia adresowane s\u0105 do absolwent\u00f3w studi\u00f3w pierwszego stopnia kierunku zarz\u0105dzanie oraz [\u2026] <div class=\"clear\"><\/div><a class=\"more_link clearfix\" href=\"https:\/\/pans.krosno.pl\/instytut-politechniczny\/magisterskie-studia-menedzerskie-juz-od-pazdziernika-2019-roku-w-krosnie\/\" rel=\"nofollow\">Read More<\/a><\/div><\/li>\n<\/ul>","protected":false},"excerpt":{"rendered":"","protected":false},"author":27,"featured_media":0,"parent":0,"menu_order":0,"comment_status":"closed","ping_status":"closed","template":"page-templates\/template-full-width.php","meta":{"ngg_post_thumbnail":0,"footnotes":""},"class_list":["post-229","page","type-page","status-publish","hentry"],"yoast_head":"<!-- This site is optimized with the Yoast SEO Premium plugin v27.4 (Yoast SEO v27.4) - https:\/\/yoast.com\/product\/yoast-seo-premium-wordpress\/ -->\n<title>Aktualno\u015bci - Instytut Politechniczny PANS w Kro\u015bnie<\/title>\n<meta name=\"robots\" content=\"index, follow, max-snippet:-1, max-image-preview:large, max-video-preview:-1\" \/>\n<link rel=\"canonical\" href=\"https:\/\/pans.krosno.pl\/instytut-politechniczny\/aktualnosci-2\/\" \/>\n<meta property=\"og:locale\" content=\"pl_PL\" \/>\n<meta property=\"og:type\" content=\"article\" \/>\n<meta property=\"og:title\" content=\"Aktualno\u015bci\" \/>\n<meta property=\"og:url\" content=\"https:\/\/pans.krosno.pl\/instytut-politechniczny\/aktualnosci-2\/\" \/>\n<meta property=\"og:site_name\" content=\"Instytut Politechniczny PANS w Kro\u015bnie\" \/>\n<meta property=\"article:modified_time\" content=\"2020-07-07T15:40:08+00:00\" \/>\n<meta name=\"twitter:card\" content=\"summary_large_image\" \/>\n<script type=\"application\/ld+json\" class=\"yoast-schema-graph\">{\"@context\":\"https:\\\/\\\/schema.org\",\"@graph\":[{\"@type\":\"WebPage\",\"@id\":\"https:\\\/\\\/pans.krosno.pl\\\/instytut-politechniczny\\\/aktualnosci-2\\\/\",\"url\":\"https:\\\/\\\/pans.krosno.pl\\\/instytut-politechniczny\\\/aktualnosci-2\\\/\",\"name\":\"Aktualno\u015bci - Instytut Politechniczny PANS w Kro\u015bnie\",\"isPartOf\":{\"@id\":\"https:\\\/\\\/pans.krosno.pl\\\/instytut-politechniczny\\\/#website\"},\"datePublished\":\"2020-06-01T18:11:15+00:00\",\"dateModified\":\"2020-07-07T15:40:08+00:00\",\"breadcrumb\":{\"@id\":\"https:\\\/\\\/pans.krosno.pl\\\/instytut-politechniczny\\\/aktualnosci-2\\\/#breadcrumb\"},\"inLanguage\":\"pl-PL\",\"potentialAction\":[{\"@type\":\"ReadAction\",\"target\":[\"https:\\\/\\\/pans.krosno.pl\\\/instytut-politechniczny\\\/aktualnosci-2\\\/\"]}]},{\"@type\":\"BreadcrumbList\",\"@id\":\"https:\\\/\\\/pans.krosno.pl\\\/instytut-politechniczny\\\/aktualnosci-2\\\/#breadcrumb\",\"itemListElement\":[{\"@type\":\"ListItem\",\"position\":1,\"name\":\"Strona g\u0142\u00f3wna\",\"item\":\"https:\\\/\\\/pans.krosno.pl\\\/instytut-politechniczny\\\/\"},{\"@type\":\"ListItem\",\"position\":2,\"name\":\"Aktualno\u015bci\"}]},{\"@type\":\"WebSite\",\"@id\":\"https:\\\/\\\/pans.krosno.pl\\\/instytut-politechniczny\\\/#website\",\"url\":\"https:\\\/\\\/pans.krosno.pl\\\/instytut-politechniczny\\\/\",\"name\":\"Instytut Politechniczny PANS w Kro\u015bnie\",\"description\":\"Instytut Politechniczny - Pa\u0144stwowa Akademia Nauk Stosowanych\",\"publisher\":{\"@id\":\"https:\\\/\\\/pans.krosno.pl\\\/instytut-politechniczny\\\/#organization\"},\"potentialAction\":[{\"@type\":\"SearchAction\",\"target\":{\"@type\":\"EntryPoint\",\"urlTemplate\":\"https:\\\/\\\/pans.krosno.pl\\\/instytut-politechniczny\\\/?s={search_term_string}\"},\"query-input\":{\"@type\":\"PropertyValueSpecification\",\"valueRequired\":true,\"valueName\":\"search_term_string\"}}],\"inLanguage\":\"pl-PL\"},{\"@type\":\"Organization\",\"@id\":\"https:\\\/\\\/pans.krosno.pl\\\/instytut-politechniczny\\\/#organization\",\"name\":\"Instytut Politechniczny PANS w Kro\u015bnie\",\"url\":\"https:\\\/\\\/pans.krosno.pl\\\/instytut-politechniczny\\\/\",\"logo\":{\"@type\":\"ImageObject\",\"inLanguage\":\"pl-PL\",\"@id\":\"https:\\\/\\\/pans.krosno.pl\\\/instytut-politechniczny\\\/#\\\/schema\\\/logo\\\/image\\\/\",\"url\":\"https:\\\/\\\/pans.krosno.pl\\\/instytut-politechniczny\\\/wp-content\\\/uploads\\\/sites\\\/44\\\/2023\\\/01\\\/Logo-PANS-2022-pelne.png\",\"contentUrl\":\"https:\\\/\\\/pans.krosno.pl\\\/instytut-politechniczny\\\/wp-content\\\/uploads\\\/sites\\\/44\\\/2023\\\/01\\\/Logo-PANS-2022-pelne.png\",\"width\":3096,\"height\":696,\"caption\":\"Instytut Politechniczny PANS w Kro\u015bnie\"},\"image\":{\"@id\":\"https:\\\/\\\/pans.krosno.pl\\\/instytut-politechniczny\\\/#\\\/schema\\\/logo\\\/image\\\/\"}}]}<\/script>\n<!-- \/ Yoast SEO Premium plugin. -->","yoast_head_json":{"title":"Aktualno\u015bci - Instytut Politechniczny PANS w Kro\u015bnie","robots":{"index":"index","follow":"follow","max-snippet":"max-snippet:-1","max-image-preview":"max-image-preview:large","max-video-preview":"max-video-preview:-1"},"canonical":"https:\/\/pans.krosno.pl\/instytut-politechniczny\/aktualnosci-2\/","og_locale":"pl_PL","og_type":"article","og_title":"Aktualno\u015bci","og_url":"https:\/\/pans.krosno.pl\/instytut-politechniczny\/aktualnosci-2\/","og_site_name":"Instytut Politechniczny PANS w Kro\u015bnie","article_modified_time":"2020-07-07T15:40:08+00:00","twitter_card":"summary_large_image","schema":{"@context":"https:\/\/schema.org","@graph":[{"@type":"WebPage","@id":"https:\/\/pans.krosno.pl\/instytut-politechniczny\/aktualnosci-2\/","url":"https:\/\/pans.krosno.pl\/instytut-politechniczny\/aktualnosci-2\/","name":"Aktualno\u015bci - Instytut Politechniczny PANS w Kro\u015bnie","isPartOf":{"@id":"https:\/\/pans.krosno.pl\/instytut-politechniczny\/#website"},"datePublished":"2020-06-01T18:11:15+00:00","dateModified":"2020-07-07T15:40:08+00:00","breadcrumb":{"@id":"https:\/\/pans.krosno.pl\/instytut-politechniczny\/aktualnosci-2\/#breadcrumb"},"inLanguage":"pl-PL","potentialAction":[{"@type":"ReadAction","target":["https:\/\/pans.krosno.pl\/instytut-politechniczny\/aktualnosci-2\/"]}]},{"@type":"BreadcrumbList","@id":"https:\/\/pans.krosno.pl\/instytut-politechniczny\/aktualnosci-2\/#breadcrumb","itemListElement":[{"@type":"ListItem","position":1,"name":"Strona g\u0142\u00f3wna","item":"https:\/\/pans.krosno.pl\/instytut-politechniczny\/"},{"@type":"ListItem","position":2,"name":"Aktualno\u015bci"}]},{"@type":"WebSite","@id":"https:\/\/pans.krosno.pl\/instytut-politechniczny\/#website","url":"https:\/\/pans.krosno.pl\/instytut-politechniczny\/","name":"Instytut Politechniczny PANS w Kro\u015bnie","description":"Instytut Politechniczny - Pa\u0144stwowa Akademia Nauk Stosowanych","publisher":{"@id":"https:\/\/pans.krosno.pl\/instytut-politechniczny\/#organization"},"potentialAction":[{"@type":"SearchAction","target":{"@type":"EntryPoint","urlTemplate":"https:\/\/pans.krosno.pl\/instytut-politechniczny\/?s={search_term_string}"},"query-input":{"@type":"PropertyValueSpecification","valueRequired":true,"valueName":"search_term_string"}}],"inLanguage":"pl-PL"},{"@type":"Organization","@id":"https:\/\/pans.krosno.pl\/instytut-politechniczny\/#organization","name":"Instytut Politechniczny PANS w Kro\u015bnie","url":"https:\/\/pans.krosno.pl\/instytut-politechniczny\/","logo":{"@type":"ImageObject","inLanguage":"pl-PL","@id":"https:\/\/pans.krosno.pl\/instytut-politechniczny\/#\/schema\/logo\/image\/","url":"https:\/\/pans.krosno.pl\/instytut-politechniczny\/wp-content\/uploads\/sites\/44\/2023\/01\/Logo-PANS-2022-pelne.png","contentUrl":"https:\/\/pans.krosno.pl\/instytut-politechniczny\/wp-content\/uploads\/sites\/44\/2023\/01\/Logo-PANS-2022-pelne.png","width":3096,"height":696,"caption":"Instytut Politechniczny PANS w Kro\u015bnie"},"image":{"@id":"https:\/\/pans.krosno.pl\/instytut-politechniczny\/#\/schema\/logo\/image\/"}}]}},"_links":{"self":[{"href":"https:\/\/pans.krosno.pl\/instytut-politechniczny\/wp-json\/wp\/v2\/pages\/229","targetHints":{"allow":["GET"]}}],"collection":[{"href":"https:\/\/pans.krosno.pl\/instytut-politechniczny\/wp-json\/wp\/v2\/pages"}],"about":[{"href":"https:\/\/pans.krosno.pl\/instytut-politechniczny\/wp-json\/wp\/v2\/types\/page"}],"author":[{"embeddable":true,"href":"https:\/\/pans.krosno.pl\/instytut-politechniczny\/wp-json\/wp\/v2\/users\/27"}],"replies":[{"embeddable":true,"href":"https:\/\/pans.krosno.pl\/instytut-politechniczny\/wp-json\/wp\/v2\/comments?post=229"}],"version-history":[{"count":2,"href":"https:\/\/pans.krosno.pl\/instytut-politechniczny\/wp-json\/wp\/v2\/pages\/229\/revisions"}],"predecessor-version":[{"id":443,"href":"https:\/\/pans.krosno.pl\/instytut-politechniczny\/wp-json\/wp\/v2\/pages\/229\/revisions\/443"}],"wp:attachment":[{"href":"https:\/\/pans.krosno.pl\/instytut-politechniczny\/wp-json\/wp\/v2\/media?parent=229"}],"curies":[{"name":"wp","href":"https:\/\/api.w.org\/{rel}","templated":true}]}}