{"id":484,"date":"2020-07-03T15:36:10","date_gmt":"2020-07-03T13:36:10","guid":{"rendered":"https:\/\/pans.krosno.pl\/instytut-humanistyczny\/?page_id=484"},"modified":"2025-07-07T12:15:20","modified_gmt":"2025-07-07T10:15:20","slug":"standard-antydyskryminacyjny","status":"publish","type":"page","link":"https:\/\/pans.krosno.pl\/instytut-humanistyczny\/standard-antydyskryminacyjny\/","title":{"rendered":"Standard antydyskryminacyjny"},"content":{"rendered":"\n<h3 class=\"wp-block-heading\" id=\"h-standard-antydyskryminacyjny-instytutu-humanistycznego-kpu-w-krosnie\">Standard antydyskryminacyjny Instytutu Humanistycznego KPU w Kro\u015bnie<\/h3>\n\n\n\n<p><strong>Czym jest dyskryminacja<\/strong><\/p>\n\n\n\n<p>Nier\u00f3wne, gorsze, niesprawiedliwe traktowanie os\u00f3b lub grup ze wzgl\u0119du na ich rzeczywiste lub domniemane cechy to\u017csamo\u015bci, takie jak: p\u0142e\u0107, to\u017csamo\u015b\u0107 p\u0142ciowa, kolor sk\u00f3ry (rasa), pochodzenie narodowe i\/lub etniczne, religia, wyznanie lub bezwyznaniowo\u015b\u0107, \u015bwiatopogl\u0105d, stan zdrowia i stopie\u0144 sprawno\u015bci, wiek, orientacja psychoseksualna, status spo\u0142eczny i ekonomiczny i in. (katalog nie jest zamkni\u0119ty).&nbsp;<\/p>\n\n\n\n<p>Zgodnie z obowi\u0105zuj\u0105cymi w Polsce przepisami istniej\u0105 nast\u0119puj\u0105ce formy dyskryminacji\/nier\u00f3wnego traktowania: 1) dyskryminacja bezpo\u015brednia, 2) dyskryminacja po\u015brednia, 3) molestowanie, 4) molestowanie seksualne, 5) zach\u0119canie do dyskryminowania.<\/p>\n\n\n\n<p>1.1. Dyskryminacja bezpo\u015brednia<br>Sytuacja, w kt\u00f3rej osoba fizyczna ze wzgl\u0119du na jedn\u0105 lub kilka cech jest traktowana mniej korzystnie ni\u017c jest, by\u0142a lub by\u0142aby traktowana inna osoba w por\u00f3wnywalnej sytuacji.<\/p>\n\n\n\n<p>1.2. Dyskryminacja po\u015brednia<br>Sytuacja, w kt\u00f3rej zastosowanie wobec jakiej\u015b osoby lub grupy os\u00f3b pozornie neutralnego postanowienia, kryterium lub dzia\u0142ania skutkuje niekorzystnymi dysproporcjami w&nbsp; sytuacji\/po\u0142o\u017ceniu danej osoby lub grupy w stosunku do os\u00f3b, kt\u00f3re nie posiadaj\u0105 danej cechy to\u017csamo\u015bci, chyba, \u017ce postanowienie, kryterium lub dzia\u0142anie jest obiektywnie uzasadnione ze wzgl\u0119du na zgodny z prawem cel, kt\u00f3ry ma by\u0107 osi\u0105gni\u0119ty, a \u015brodki s\u0142u\u017c\u0105ce osi\u0105gni\u0119ciu tego celu s\u0105 w\u0142a\u015bciwe i konieczne (np. stosowanie jednego sposobu egzaminowania dla wszystkich bez wzgl\u0119du na stopie\u0144 i rodzaj niepe\u0142nosprawno\u015bci mo\u017ce powodowa\u0107 dyskryminacj\u0119 ze wzgl\u0119du na niepe\u0142nosprawno\u015b\u0107; bezwzgl\u0119dny zakaz wprowadzania ps\u00f3w na teren uczelni mo\u017ce spowodowa\u0107 dyskryminacj\u0119 ze wzgl\u0119du na niepe\u0142nosprawno\u015b\u0107 poprzez utrudnienie lub uniemo\u017cliwienie kszta\u0142cenia osobom, kt\u00f3re korzystaj\u0105 z pracy psa asystenta; wprowadzenie w zak\u0142adzie pracy tzw. kodeksu ubioru, kt\u00f3ry bezwzgl\u0119dnie zabroni noszenia nakry\u0107 g\u0142owy, mo\u017ce spowodowa\u0107 dyskryminacj\u0119 ze wzgl\u0119du na wyznanie itp.).<\/p>\n\n\n\n<p>1.3. Molestowanie&nbsp;<br>Niepo\u017c\u0105dane zachowanie zwi\u0105zane z jedn\u0105 lub kilkoma przes\u0142ankami to\u017csamo\u015bci, kt\u00f3rego celem lub skutkiem jest naruszenie godno\u015bci osoby fizycznej i stworzenie wobec niej zastraszaj\u0105cej, wrogiej, poni\u017caj\u0105cej, upokarzaj\u0105cej lub uw\u0142aczaj\u0105cej atmosfery, np. dowcipy zawieraj\u0105ce przekazy antysemickie, rasistowskie, homofobiczne, seksistowskie (odnosz\u0105ce si\u0119 do p\u0142ci), z\u0142o\u015bliwo\u015bci oraz dokuczliwe i obra\u017aliwe wyzwiska itd.<\/p>\n\n\n\n<p>1.4. Molestowanie seksualne&nbsp;<br>Ka\u017cde niepo\u017c\u0105dane zachowanie o charakterze seksualnym wobec osoby fizycznej lub odnosz\u0105ce si\u0119 do p\u0142ci, kt\u00f3rego celem lub skutkiem jest naruszenie godno\u015bci tej osoby, w szczeg\u00f3lno\u015bci poprzez stworzenie wobec niej zastraszaj\u0105cej, wrogiej, poni\u017caj\u0105cej, upokarzaj\u0105cej lub uw\u0142aczaj\u0105cej atmosfery; na zachowanie to mog\u0105 si\u0119 sk\u0142ada\u0107 fizyczne, werbalne lub pozawerbalne elementy. Sformu\u0142owanie \u201eniepo\u017c\u0105dane zachowanie\u201d akcentuje brak zgody na dane zachowania i wyra\u017cenie wobec nich sprzeciwu.&nbsp;&nbsp;Przyk\u0142adem molestowania seksualnego mog\u0105 by\u0107 np. komentarze odnosz\u0105ce si\u0119 do wygl\u0105du, budowy cia\u0142a studentek lub student\u00f3w czy pokazywanie lub umieszczanie na widoku zdj\u0119\u0107 przedstawiaj\u0105cych kobiety jako obiekty seksualne.<\/p>\n\n\n\n<p>1.5. Zach\u0119canie do dyskryminowania&nbsp;<br>Przez nier\u00f3wne traktowanie rozumie si\u0119 tak\u017ce zach\u0119canie do powy\u017cszych zachowa\u0144 oraz ich nakazywanie.&nbsp;&nbsp;<\/p>\n\n\n\n<figure class=\"wp-block-image size-large\"><img loading=\"lazy\" decoding=\"async\" width=\"1024\" height=\"683\" src=\"https:\/\/pans.krosno.pl\/instytut-humanistyczny\/wp-content\/uploads\/sites\/9\/2020\/07\/pexels-photo-1206059-1024x683.jpeg\" alt=\"\" class=\"wp-image-519\" srcset=\"https:\/\/pans.krosno.pl\/instytut-humanistyczny\/wp-content\/uploads\/sites\/9\/2020\/07\/pexels-photo-1206059-1024x683.jpeg 1024w, https:\/\/pans.krosno.pl\/instytut-humanistyczny\/wp-content\/uploads\/sites\/9\/2020\/07\/pexels-photo-1206059-300x200.jpeg 300w, https:\/\/pans.krosno.pl\/instytut-humanistyczny\/wp-content\/uploads\/sites\/9\/2020\/07\/pexels-photo-1206059-768x512.jpeg 768w, https:\/\/pans.krosno.pl\/instytut-humanistyczny\/wp-content\/uploads\/sites\/9\/2020\/07\/pexels-photo-1206059-1536x1025.jpeg 1536w, https:\/\/pans.krosno.pl\/instytut-humanistyczny\/wp-content\/uploads\/sites\/9\/2020\/07\/pexels-photo-1206059-800x534.jpeg 800w, https:\/\/pans.krosno.pl\/instytut-humanistyczny\/wp-content\/uploads\/sites\/9\/2020\/07\/pexels-photo-1206059-580x387.jpeg 580w, https:\/\/pans.krosno.pl\/instytut-humanistyczny\/wp-content\/uploads\/sites\/9\/2020\/07\/pexels-photo-1206059.jpeg 1880w\" sizes=\"auto, (max-width: 1024px) 100vw, 1024px\" \/><\/figure>\n\n\n\n<p><strong>Standard antydyskryminacyjny&nbsp;Instytutu Humanistycznego <\/strong><\/p>\n\n\n\n<p class=\"has-text-align-left\">Kieruj\u0105c si\u0119 przekonaniem o niezbywalnych i niepodzielnych prawach cz\u0142owieka, kt\u00f3re maj\u0105 charakter uniwersalny i stosuj\u0105 si\u0119 do wszystkich os\u00f3b, stanowi\u0105c&nbsp;jednocze\u015bnie skuteczne narz\u0119dzie budowania spo\u0142ecze\u0144stwa obywatelskiego oraz kreowania innowacyjnej i spo\u0142ecznie odpowiedzialnej Uczelni; podzielaj\u0105c wizj\u0119 Uczelni jako miejsca wytyczaj\u0105cego nowe kierunki rozwoju my\u015bli i kultury poprzez najwy\u017cszej jako\u015bci badania oraz kszta\u0142cenie w atmosferze szacunku oraz poszanowania praw i wolno\u015bci ka\u017cdej osoby; Uczelni skutecznie przeciwstawiaj\u0105cej si\u0119 dyskryminacji i przemocy, w tym przemocy motywowanej uprzedzeniami; podkre\u015blaj\u0105c, \u017ce przemoc, nier\u00f3wne traktowanie i dyskryminacja ze wzgl\u0119du na: p\u0142e\u0107, wiek, niepe\u0142nosprawno\u015b\u0107, pochodzenie etniczne i narodowe, kolor sk\u00f3ry (ras\u0119), religi\u0119, wyznanie lub bezwyznaniowo\u015b\u0107, status maj\u0105tkowy, stan zdrowia, to\u017csamo\u015b\u0107 p\u0142ciow\u0105 i seksualn\u0105 czy orientacj\u0119 psychoseksualn\u0105 i inne &#8211; utrudniaj\u0105 lub uniemo\u017cliwiaj\u0105 wykorzystanie potencja\u0142u indywidualnego i spo\u0142ecznego, stanowi\u0105c barier\u0119 w dost\u0119pie do pe\u0142nego uczestnictwa w \u017cyciu akademickim i w przygotowaniu do wej\u015bcia na rynek pracy; jako ca\u0142a spo\u0142eczno\u015b\u0107 akademicka Instytutu Humanistycznego KPU w Kro\u015bnie o\u015bwiadczamy, \u017ce respektujemy obowi\u0105zuj\u0105ce w Polsce regulacje stoj\u0105ce na stra\u017cy praw cz\u0142owieka, chroni\u0105ce przed dyskryminacj\u0105 i przemoc\u0105 oraz d\u0105\u017cymy do wdra\u017cania najwy\u017cszych standard\u00f3w maj\u0105cych na celu zapewnienie r\u00f3wnego traktowania. Dlatego ustanawiamy niniejszy Standard antydyskryminacyjny jako obowi\u0105zuj\u0105cy w Instytucie Humanistycznym z my\u015bl\u0105 o ca\u0142ej naszej uczelni.&nbsp;<\/p>\n\n\n\n<p>Podstawowy cel, jaki nam przy\u015bwieca, to dbanie o jako\u015b\u0107 kszta\u0142cenia i zapewnienie bezpiecznego oraz wolnego od przemocy i dyskryminacji \u015brodowiska pracy i nauki.<\/p>\n\n\n\n<p>Dzia\u0142ania te odnosimy si\u0119 do takich obszar\u00f3w jak: rekrutacja, kszta\u0142cenie student\u00f3w i studentek, kszta\u0142cenie kadry naukowej, badania i wsp\u00f3\u0142praca naukowa, upowszechnianie i pomna\u017canie osi\u0105gni\u0119\u0107 nauki, kultury i techniki, wsp\u00f3\u0142praca ze spo\u0142eczno\u015bciami lokalnymi, zarz\u0105dzanie&nbsp; uczelni\u0105, dzia\u0142ania marketingowe i promocyjne, dzia\u0142alno\u015b\u0107 na rzecz os\u00f3b studiuj\u0105cych, zarz\u0105dzanie zasobami ludzkimi i inne.<\/p>\n\n\n\n<p>Tym samym zobowi\u0105zujemy si\u0119 do:<\/p>\n\n\n\n<p>1) zapobiegania dyskryminacji i przemocy, w tym przemocy motywowanej uprzedzeniami;<\/p>\n\n\n\n<p>2) reagowania na wszelkie ich formy;<\/p>\n\n\n\n<p>3) promowania i prowadzenia dzia\u0142a\u0144 systemowych na rzecz r\u00f3wnego traktowania, adresowanych do ca\u0142ej spo\u0142eczno\u015bci Uczelni.&nbsp;<\/p>\n\n\n\n<p><strong>Biblioteczka antydyskryminacyjna <\/strong><\/p>\n\n\n\n<p>http:\/\/www.mowanienawisci.info\/<\/p>\n\n\n\n<p>Witryna Mowa Nienawi\u015bci<\/p>\n\n\n\n<div class=\"wp-block-file\"><a href=\"https:\/\/pans.krosno.pl\/instytut-humanistyczny\/wp-content\/uploads\/sites\/9\/2020\/07\/przeciw_dyskryminacji_biuletyn_rpo_materialy_nr_78.pdf\">Przeciw Dyskryminacji Biuletyn RPO materia\u0142y_nr_78<\/a><a href=\"https:\/\/pans.krosno.pl\/instytut-humanistyczny\/wp-content\/uploads\/sites\/9\/2020\/07\/przeciw_dyskryminacji_biuletyn_rpo_materialy_nr_78.pdf\" class=\"wp-block-file__button wp-element-button\" download>Pobierz<\/a><\/div>\n\n\n\n<div class=\"wp-block-file\"><a href=\"https:\/\/pans.krosno.pl\/instytut-humanistyczny\/wp-content\/uploads\/sites\/9\/2020\/07\/tolerancjapol.pdf\">Tolerancja. Jak uczy\u0107 siebie i innych<\/a><a href=\"https:\/\/pans.krosno.pl\/instytut-humanistyczny\/wp-content\/uploads\/sites\/9\/2020\/07\/tolerancjapol.pdf\" class=\"wp-block-file__button wp-element-button\" download>Pobierz<\/a><\/div>\n\n\n\n<div class=\"wp-block-file\"><a href=\"https:\/\/pans.krosno.pl\/instytut-humanistyczny\/wp-content\/uploads\/sites\/9\/2020\/07\/mowa_nienawisci_mowa_pogardy_internet.pdf\">Mowa nienawi\u015bci, mowa pogardy. Raport z badania przemocy werbalnej wobec grup mniejszo\u015bciowych. <\/a><a href=\"https:\/\/pans.krosno.pl\/instytut-humanistyczny\/wp-content\/uploads\/sites\/9\/2020\/07\/mowa_nienawisci_mowa_pogardy_internet.pdf\" class=\"wp-block-file__button wp-element-button\" download>Pobierz<\/a><\/div>\n\n\n\n<div class=\"wp-block-file\"><a href=\"https:\/\/pans.krosno.pl\/instytut-humanistyczny\/wp-content\/uploads\/sites\/9\/2020\/07\/weber_hate_speech_en1.pdf\">Manual on hate speech <\/a><a href=\"https:\/\/pans.krosno.pl\/instytut-humanistyczny\/wp-content\/uploads\/sites\/9\/2020\/07\/weber_hate_speech_en1.pdf\" class=\"wp-block-file__button wp-element-button\" download>Pobierz<\/a><\/div>\n\n\n\n<p><\/p>\n","protected":false},"excerpt":{"rendered":"<p>Standard antydyskryminacyjny Instytutu Humanistycznego KPU w Kro\u015bnie Czym jest dyskryminacja Nier\u00f3wne, gorsze, niesprawiedliwe traktowanie os\u00f3b lub grup ze wzgl\u0119du na ich rzeczywiste lub domniemane cechy to\u017csamo\u015bci, takie jak: p\u0142e\u0107, to\u017csamo\u015b\u0107 p\u0142ciowa, kolor sk\u00f3ry (rasa), pochodzenie narodowe i\/lub etniczne, religia, wyznanie lub bezwyznaniowo\u015b\u0107, \u015bwiatopogl\u0105d, stan zdrowia i stopie\u0144 sprawno\u015bci, wiek, orientacja [\u2026] <\/p>\n<div class=\"clear\"><\/div>\n<p><a class=\"more_link clearfix\" href=\"https:\/\/pans.krosno.pl\/instytut-humanistyczny\/standard-antydyskryminacyjny\/\" rel=\"nofollow\">Read More<\/a><\/p>\n","protected":false},"author":27,"featured_media":0,"parent":0,"menu_order":0,"comment_status":"closed","ping_status":"closed","template":"","meta":{"ngg_post_thumbnail":0,"footnotes":""},"class_list":["post-484","page","type-page","status-publish","hentry"],"yoast_head":"<!-- This site is optimized with the Yoast SEO Premium plugin v27.4 (Yoast SEO v27.4) - https:\/\/yoast.com\/product\/yoast-seo-premium-wordpress\/ -->\n<title>Standard antydyskryminacyjny - Instytut Humanistyczny PANS w Kro\u015bnie<\/title>\n<meta name=\"robots\" content=\"index, follow, max-snippet:-1, max-image-preview:large, max-video-preview:-1\" \/>\n<link rel=\"canonical\" href=\"https:\/\/pans.krosno.pl\/instytut-humanistyczny\/standard-antydyskryminacyjny\/\" \/>\n<meta property=\"og:locale\" content=\"pl_PL\" \/>\n<meta property=\"og:type\" content=\"article\" \/>\n<meta property=\"og:title\" content=\"Standard antydyskryminacyjny\" \/>\n<meta property=\"og:description\" content=\"Standard antydyskryminacyjny Instytutu Humanistycznego KPU w Kro\u015bnie Czym jest dyskryminacja Nier\u00f3wne, gorsze, niesprawiedliwe traktowanie os\u00f3b lub grup ze wzgl\u0119du na ich rzeczywiste lub domniemane cechy to\u017csamo\u015bci, takie jak: p\u0142e\u0107, to\u017csamo\u015b\u0107 p\u0142ciowa, kolor sk\u00f3ry (rasa), pochodzenie narodowe i\/lub etniczne, religia, wyznanie lub bezwyznaniowo\u015b\u0107, \u015bwiatopogl\u0105d, stan zdrowia i stopie\u0144 sprawno\u015bci, wiek, orientacja [\u2026] Read More\" \/>\n<meta property=\"og:url\" content=\"https:\/\/pans.krosno.pl\/instytut-humanistyczny\/standard-antydyskryminacyjny\/\" \/>\n<meta property=\"og:site_name\" content=\"Instytut Humanistyczny PANS w Kro\u015bnie\" \/>\n<meta property=\"article:modified_time\" content=\"2025-07-07T10:15:20+00:00\" \/>\n<meta property=\"og:image\" content=\"https:\/\/pans.krosno.pl\/instytut-humanistyczny\/wp-content\/uploads\/sites\/9\/2020\/07\/pexels-photo-1206059.jpeg\" \/>\n\t<meta property=\"og:image:width\" content=\"1880\" \/>\n\t<meta property=\"og:image:height\" content=\"1254\" \/>\n\t<meta property=\"og:image:type\" content=\"image\/jpeg\" \/>\n<meta name=\"twitter:card\" content=\"summary_large_image\" \/>\n<meta name=\"twitter:label1\" content=\"Szacowany czas czytania\" \/>\n\t<meta name=\"twitter:data1\" content=\"5 minut\" \/>\n<script type=\"application\/ld+json\" class=\"yoast-schema-graph\">{\"@context\":\"https:\\\/\\\/schema.org\",\"@graph\":[{\"@type\":\"WebPage\",\"@id\":\"https:\\\/\\\/pans.krosno.pl\\\/instytut-humanistyczny\\\/standard-antydyskryminacyjny\\\/\",\"url\":\"https:\\\/\\\/pans.krosno.pl\\\/instytut-humanistyczny\\\/standard-antydyskryminacyjny\\\/\",\"name\":\"Standard antydyskryminacyjny - Instytut Humanistyczny PANS w Kro\u015bnie\",\"isPartOf\":{\"@id\":\"https:\\\/\\\/pans.krosno.pl\\\/instytut-humanistyczny\\\/#website\"},\"primaryImageOfPage\":{\"@id\":\"https:\\\/\\\/pans.krosno.pl\\\/instytut-humanistyczny\\\/standard-antydyskryminacyjny\\\/#primaryimage\"},\"image\":{\"@id\":\"https:\\\/\\\/pans.krosno.pl\\\/instytut-humanistyczny\\\/standard-antydyskryminacyjny\\\/#primaryimage\"},\"thumbnailUrl\":\"https:\\\/\\\/pans.krosno.pl\\\/instytut-humanistyczny\\\/wp-content\\\/uploads\\\/sites\\\/9\\\/2020\\\/07\\\/pexels-photo-1206059-1024x683.jpeg\",\"datePublished\":\"2020-07-03T13:36:10+00:00\",\"dateModified\":\"2025-07-07T10:15:20+00:00\",\"breadcrumb\":{\"@id\":\"https:\\\/\\\/pans.krosno.pl\\\/instytut-humanistyczny\\\/standard-antydyskryminacyjny\\\/#breadcrumb\"},\"inLanguage\":\"pl-PL\",\"potentialAction\":[{\"@type\":\"ReadAction\",\"target\":[\"https:\\\/\\\/pans.krosno.pl\\\/instytut-humanistyczny\\\/standard-antydyskryminacyjny\\\/\"]}]},{\"@type\":\"ImageObject\",\"inLanguage\":\"pl-PL\",\"@id\":\"https:\\\/\\\/pans.krosno.pl\\\/instytut-humanistyczny\\\/standard-antydyskryminacyjny\\\/#primaryimage\",\"url\":\"https:\\\/\\\/pans.krosno.pl\\\/instytut-humanistyczny\\\/wp-content\\\/uploads\\\/sites\\\/9\\\/2020\\\/07\\\/pexels-photo-1206059.jpeg\",\"contentUrl\":\"https:\\\/\\\/pans.krosno.pl\\\/instytut-humanistyczny\\\/wp-content\\\/uploads\\\/sites\\\/9\\\/2020\\\/07\\\/pexels-photo-1206059.jpeg\",\"width\":1880,\"height\":1254},{\"@type\":\"BreadcrumbList\",\"@id\":\"https:\\\/\\\/pans.krosno.pl\\\/instytut-humanistyczny\\\/standard-antydyskryminacyjny\\\/#breadcrumb\",\"itemListElement\":[{\"@type\":\"ListItem\",\"position\":1,\"name\":\"Strona g\u0142\u00f3wna\",\"item\":\"https:\\\/\\\/pans.krosno.pl\\\/instytut-humanistyczny\\\/\"},{\"@type\":\"ListItem\",\"position\":2,\"name\":\"Standard antydyskryminacyjny\"}]},{\"@type\":\"WebSite\",\"@id\":\"https:\\\/\\\/pans.krosno.pl\\\/instytut-humanistyczny\\\/#website\",\"url\":\"https:\\\/\\\/pans.krosno.pl\\\/instytut-humanistyczny\\\/\",\"name\":\"Instytut Humanistyczny PANS w Kro\u015bnie\",\"description\":\"Instytut Humanistyczny - Pa\u0144stwowa Akademia Nauk Stosowanych\",\"publisher\":{\"@id\":\"https:\\\/\\\/pans.krosno.pl\\\/instytut-humanistyczny\\\/#organization\"},\"potentialAction\":[{\"@type\":\"SearchAction\",\"target\":{\"@type\":\"EntryPoint\",\"urlTemplate\":\"https:\\\/\\\/pans.krosno.pl\\\/instytut-humanistyczny\\\/?s={search_term_string}\"},\"query-input\":{\"@type\":\"PropertyValueSpecification\",\"valueRequired\":true,\"valueName\":\"search_term_string\"}}],\"inLanguage\":\"pl-PL\"},{\"@type\":\"Organization\",\"@id\":\"https:\\\/\\\/pans.krosno.pl\\\/instytut-humanistyczny\\\/#organization\",\"name\":\"Instytut Humanistyczny PANS w Kro\u015bnie\",\"url\":\"https:\\\/\\\/pans.krosno.pl\\\/instytut-humanistyczny\\\/\",\"logo\":{\"@type\":\"ImageObject\",\"inLanguage\":\"pl-PL\",\"@id\":\"https:\\\/\\\/pans.krosno.pl\\\/instytut-humanistyczny\\\/#\\\/schema\\\/logo\\\/image\\\/\",\"url\":\"https:\\\/\\\/pans.krosno.pl\\\/instytut-humanistyczny\\\/wp-content\\\/uploads\\\/sites\\\/9\\\/2023\\\/01\\\/Logo-PANS-2022-pelne.png\",\"contentUrl\":\"https:\\\/\\\/pans.krosno.pl\\\/instytut-humanistyczny\\\/wp-content\\\/uploads\\\/sites\\\/9\\\/2023\\\/01\\\/Logo-PANS-2022-pelne.png\",\"width\":3096,\"height\":696,\"caption\":\"Instytut Humanistyczny PANS w Kro\u015bnie\"},\"image\":{\"@id\":\"https:\\\/\\\/pans.krosno.pl\\\/instytut-humanistyczny\\\/#\\\/schema\\\/logo\\\/image\\\/\"}}]}<\/script>\n<!-- \/ Yoast SEO Premium plugin. -->","yoast_head_json":{"title":"Standard antydyskryminacyjny - Instytut Humanistyczny PANS w Kro\u015bnie","robots":{"index":"index","follow":"follow","max-snippet":"max-snippet:-1","max-image-preview":"max-image-preview:large","max-video-preview":"max-video-preview:-1"},"canonical":"https:\/\/pans.krosno.pl\/instytut-humanistyczny\/standard-antydyskryminacyjny\/","og_locale":"pl_PL","og_type":"article","og_title":"Standard antydyskryminacyjny","og_description":"Standard antydyskryminacyjny Instytutu Humanistycznego KPU w Kro\u015bnie Czym jest dyskryminacja Nier\u00f3wne, gorsze, niesprawiedliwe traktowanie os\u00f3b lub grup ze wzgl\u0119du na ich rzeczywiste lub domniemane cechy to\u017csamo\u015bci, takie jak: p\u0142e\u0107, to\u017csamo\u015b\u0107 p\u0142ciowa, kolor sk\u00f3ry (rasa), pochodzenie narodowe i\/lub etniczne, religia, wyznanie lub bezwyznaniowo\u015b\u0107, \u015bwiatopogl\u0105d, stan zdrowia i stopie\u0144 sprawno\u015bci, wiek, orientacja [\u2026] Read More","og_url":"https:\/\/pans.krosno.pl\/instytut-humanistyczny\/standard-antydyskryminacyjny\/","og_site_name":"Instytut Humanistyczny PANS w Kro\u015bnie","article_modified_time":"2025-07-07T10:15:20+00:00","og_image":[{"width":1880,"height":1254,"url":"https:\/\/pans.krosno.pl\/instytut-humanistyczny\/wp-content\/uploads\/sites\/9\/2020\/07\/pexels-photo-1206059.jpeg","type":"image\/jpeg"}],"twitter_card":"summary_large_image","twitter_misc":{"Szacowany czas czytania":"5 minut"},"schema":{"@context":"https:\/\/schema.org","@graph":[{"@type":"WebPage","@id":"https:\/\/pans.krosno.pl\/instytut-humanistyczny\/standard-antydyskryminacyjny\/","url":"https:\/\/pans.krosno.pl\/instytut-humanistyczny\/standard-antydyskryminacyjny\/","name":"Standard antydyskryminacyjny - Instytut Humanistyczny PANS w Kro\u015bnie","isPartOf":{"@id":"https:\/\/pans.krosno.pl\/instytut-humanistyczny\/#website"},"primaryImageOfPage":{"@id":"https:\/\/pans.krosno.pl\/instytut-humanistyczny\/standard-antydyskryminacyjny\/#primaryimage"},"image":{"@id":"https:\/\/pans.krosno.pl\/instytut-humanistyczny\/standard-antydyskryminacyjny\/#primaryimage"},"thumbnailUrl":"https:\/\/pans.krosno.pl\/instytut-humanistyczny\/wp-content\/uploads\/sites\/9\/2020\/07\/pexels-photo-1206059-1024x683.jpeg","datePublished":"2020-07-03T13:36:10+00:00","dateModified":"2025-07-07T10:15:20+00:00","breadcrumb":{"@id":"https:\/\/pans.krosno.pl\/instytut-humanistyczny\/standard-antydyskryminacyjny\/#breadcrumb"},"inLanguage":"pl-PL","potentialAction":[{"@type":"ReadAction","target":["https:\/\/pans.krosno.pl\/instytut-humanistyczny\/standard-antydyskryminacyjny\/"]}]},{"@type":"ImageObject","inLanguage":"pl-PL","@id":"https:\/\/pans.krosno.pl\/instytut-humanistyczny\/standard-antydyskryminacyjny\/#primaryimage","url":"https:\/\/pans.krosno.pl\/instytut-humanistyczny\/wp-content\/uploads\/sites\/9\/2020\/07\/pexels-photo-1206059.jpeg","contentUrl":"https:\/\/pans.krosno.pl\/instytut-humanistyczny\/wp-content\/uploads\/sites\/9\/2020\/07\/pexels-photo-1206059.jpeg","width":1880,"height":1254},{"@type":"BreadcrumbList","@id":"https:\/\/pans.krosno.pl\/instytut-humanistyczny\/standard-antydyskryminacyjny\/#breadcrumb","itemListElement":[{"@type":"ListItem","position":1,"name":"Strona g\u0142\u00f3wna","item":"https:\/\/pans.krosno.pl\/instytut-humanistyczny\/"},{"@type":"ListItem","position":2,"name":"Standard antydyskryminacyjny"}]},{"@type":"WebSite","@id":"https:\/\/pans.krosno.pl\/instytut-humanistyczny\/#website","url":"https:\/\/pans.krosno.pl\/instytut-humanistyczny\/","name":"Instytut Humanistyczny PANS w Kro\u015bnie","description":"Instytut Humanistyczny - Pa\u0144stwowa Akademia Nauk Stosowanych","publisher":{"@id":"https:\/\/pans.krosno.pl\/instytut-humanistyczny\/#organization"},"potentialAction":[{"@type":"SearchAction","target":{"@type":"EntryPoint","urlTemplate":"https:\/\/pans.krosno.pl\/instytut-humanistyczny\/?s={search_term_string}"},"query-input":{"@type":"PropertyValueSpecification","valueRequired":true,"valueName":"search_term_string"}}],"inLanguage":"pl-PL"},{"@type":"Organization","@id":"https:\/\/pans.krosno.pl\/instytut-humanistyczny\/#organization","name":"Instytut Humanistyczny PANS w Kro\u015bnie","url":"https:\/\/pans.krosno.pl\/instytut-humanistyczny\/","logo":{"@type":"ImageObject","inLanguage":"pl-PL","@id":"https:\/\/pans.krosno.pl\/instytut-humanistyczny\/#\/schema\/logo\/image\/","url":"https:\/\/pans.krosno.pl\/instytut-humanistyczny\/wp-content\/uploads\/sites\/9\/2023\/01\/Logo-PANS-2022-pelne.png","contentUrl":"https:\/\/pans.krosno.pl\/instytut-humanistyczny\/wp-content\/uploads\/sites\/9\/2023\/01\/Logo-PANS-2022-pelne.png","width":3096,"height":696,"caption":"Instytut Humanistyczny PANS w Kro\u015bnie"},"image":{"@id":"https:\/\/pans.krosno.pl\/instytut-humanistyczny\/#\/schema\/logo\/image\/"}}]}},"_links":{"self":[{"href":"https:\/\/pans.krosno.pl\/instytut-humanistyczny\/wp-json\/wp\/v2\/pages\/484","targetHints":{"allow":["GET"]}}],"collection":[{"href":"https:\/\/pans.krosno.pl\/instytut-humanistyczny\/wp-json\/wp\/v2\/pages"}],"about":[{"href":"https:\/\/pans.krosno.pl\/instytut-humanistyczny\/wp-json\/wp\/v2\/types\/page"}],"author":[{"embeddable":true,"href":"https:\/\/pans.krosno.pl\/instytut-humanistyczny\/wp-json\/wp\/v2\/users\/27"}],"replies":[{"embeddable":true,"href":"https:\/\/pans.krosno.pl\/instytut-humanistyczny\/wp-json\/wp\/v2\/comments?post=484"}],"version-history":[{"count":8,"href":"https:\/\/pans.krosno.pl\/instytut-humanistyczny\/wp-json\/wp\/v2\/pages\/484\/revisions"}],"predecessor-version":[{"id":1837,"href":"https:\/\/pans.krosno.pl\/instytut-humanistyczny\/wp-json\/wp\/v2\/pages\/484\/revisions\/1837"}],"wp:attachment":[{"href":"https:\/\/pans.krosno.pl\/instytut-humanistyczny\/wp-json\/wp\/v2\/media?parent=484"}],"curies":[{"name":"wp","href":"https:\/\/api.w.org\/{rel}","templated":true}]}}