{"id":402,"date":"2020-06-02T19:57:47","date_gmt":"2020-06-02T17:57:47","guid":{"rendered":"https:\/\/pans.krosno.pl\/instytut-humanistyczny\/?page_id=402"},"modified":"2025-11-21T15:18:15","modified_gmt":"2025-11-21T14:18:15","slug":"aktualnosci-2","status":"publish","type":"page","link":"https:\/\/pans.krosno.pl\/instytut-humanistyczny\/aktualnosci-2\/","title":{"rendered":"Aktualno\u015bci"},"content":{"rendered":"\n<hr class=\"wp-block-separator has-css-opacity is-style-default\" \/>\n\n\n\n<h2 class=\"wp-block-heading\" id=\"h-\"><\/h2>\n\n\n\n<p><\/p>\n\n\n<ul class=\"wp-block-latest-posts__list has-dates alignleft wp-block-latest-posts\"><li><div class=\"wp-block-latest-posts__featured-image alignleft\"><img loading=\"lazy\" decoding=\"async\" width=\"150\" height=\"150\" src=\"https:\/\/pans.krosno.pl\/instytut-humanistyczny\/wp-content\/uploads\/sites\/9\/2025\/11\/Logo-Scopus-150x150.jpeg\" class=\"attachment-thumbnail size-thumbnail wp-post-image\" alt=\"\" style=\"max-width:150px;max-height:150px;\" \/><\/div><a class=\"wp-block-latest-posts__post-title\" href=\"https:\/\/pans.krosno.pl\/instytut-humanistyczny\/scopus-ai-inteligentne-wsparcie-dla-naukowcow-i-studentow\/\">Scopus AI \u2013 inteligentne wsparcie dla naukowc\u00f3w i student\u00f3w<\/a><time datetime=\"2025-11-21T15:18:53+01:00\" class=\"wp-block-latest-posts__post-date\">21 listopada 2025<\/time><\/li>\n<li><div class=\"wp-block-latest-posts__featured-image alignleft\"><img loading=\"lazy\" decoding=\"async\" width=\"150\" height=\"150\" src=\"https:\/\/pans.krosno.pl\/instytut-humanistyczny\/wp-content\/uploads\/sites\/9\/2025\/09\/istockphoto-185855454-1024x1024-1-150x150.jpg\" class=\"attachment-thumbnail size-thumbnail wp-post-image\" alt=\"\" style=\"max-width:150px;max-height:150px;\" \/><\/div><a class=\"wp-block-latest-posts__post-title\" href=\"https:\/\/pans.krosno.pl\/instytut-humanistyczny\/uroczyste-wreczenie-dyplomow-2025-r\/\">Uroczyste wr\u0119czenie dyplom\u00f3w 2025 r.<\/a><time datetime=\"2025-09-04T13:44:30+02:00\" class=\"wp-block-latest-posts__post-date\">4 wrze\u015bnia 2025<\/time><\/li>\n<li><div class=\"wp-block-latest-posts__featured-image alignleft\"><img loading=\"lazy\" decoding=\"async\" width=\"150\" height=\"150\" src=\"https:\/\/pans.krosno.pl\/instytut-humanistyczny\/wp-content\/uploads\/sites\/9\/2025\/07\/370-3927-l-150x150.jpg\" class=\"attachment-thumbnail size-thumbnail wp-post-image\" alt=\"\" style=\"max-width:150px;max-height:150px;\" \/><\/div><a class=\"wp-block-latest-posts__post-title\" href=\"https:\/\/pans.krosno.pl\/instytut-humanistyczny\/dyzur-sekretariatu-w-trakcie-wakacji\/\">Dy\u017cur sekretariatu w trakcie wakacji<\/a><time datetime=\"2025-07-11T14:55:58+02:00\" class=\"wp-block-latest-posts__post-date\">11 lipca 2025<\/time><\/li>\n<li><div class=\"wp-block-latest-posts__featured-image alignleft\"><img loading=\"lazy\" decoding=\"async\" width=\"150\" height=\"150\" src=\"https:\/\/pans.krosno.pl\/instytut-humanistyczny\/wp-content\/uploads\/sites\/9\/2025\/01\/image-150x150.png\" class=\"attachment-thumbnail size-thumbnail wp-post-image\" alt=\"\" style=\"max-width:150px;max-height:150px;\" \/><\/div><a class=\"wp-block-latest-posts__post-title\" href=\"https:\/\/pans.krosno.pl\/instytut-humanistyczny\/nadanie-stopnia-dr-hab-panu-mariuszowi-marczakowi\/\">Nadanie stopnia dr. hab. panu Mariuszowi Marczakowi<\/a><time datetime=\"2025-01-23T15:47:47+01:00\" class=\"wp-block-latest-posts__post-date\">23 stycznia 2025<\/time><\/li>\n<li><div class=\"wp-block-latest-posts__featured-image alignleft\"><img loading=\"lazy\" decoding=\"async\" width=\"150\" height=\"150\" src=\"https:\/\/pans.krosno.pl\/instytut-humanistyczny\/wp-content\/uploads\/sites\/9\/2024\/12\/image-150x150.png\" class=\"attachment-thumbnail size-thumbnail wp-post-image\" alt=\"\" style=\"max-width:150px;max-height:150px;\" \/><\/div><a class=\"wp-block-latest-posts__post-title\" href=\"https:\/\/pans.krosno.pl\/instytut-humanistyczny\/telecollaboration-in-translator-education-implementing-telecollaborative-learning-modes-in-translation-courses\/\">Telecollaboration in Translator Education Implementing Telecollaborative Learning Modes in Translation Courses<\/a><time datetime=\"2024-12-02T11:57:00+01:00\" class=\"wp-block-latest-posts__post-date\">2 grudnia 2024<\/time><\/li>\n<li><div class=\"wp-block-latest-posts__featured-image alignleft\"><img loading=\"lazy\" decoding=\"async\" width=\"150\" height=\"150\" src=\"https:\/\/pans.krosno.pl\/instytut-humanistyczny\/wp-content\/uploads\/sites\/9\/2024\/09\/IMG_20240923_091526-1024x771-1-150x150.jpg\" class=\"attachment-thumbnail size-thumbnail wp-post-image\" alt=\"\" style=\"max-width:150px;max-height:150px;\" \/><\/div><a class=\"wp-block-latest-posts__post-title\" href=\"https:\/\/pans.krosno.pl\/instytut-humanistyczny\/miedzynarodowa-konferencja-across-borders-2024\/\">Mi\u0119dzynarodowa konferencja Across Borders 2024<\/a><time datetime=\"2024-09-26T08:51:25+02:00\" class=\"wp-block-latest-posts__post-date\">26 wrze\u015bnia 2024<\/time><\/li>\n<li><div class=\"wp-block-latest-posts__featured-image alignleft\"><img loading=\"lazy\" decoding=\"async\" width=\"150\" height=\"150\" src=\"https:\/\/pans.krosno.pl\/instytut-humanistyczny\/wp-content\/uploads\/sites\/9\/2024\/09\/IMG20240919115547-1024x768-1-150x150.jpg\" class=\"attachment-thumbnail size-thumbnail wp-post-image\" alt=\"\" style=\"max-width:150px;max-height:150px;\" \/><\/div><a class=\"wp-block-latest-posts__post-title\" href=\"https:\/\/pans.krosno.pl\/instytut-humanistyczny\/uroczyste-wreczenie-dyplomow-i-nagrod\/\">Uroczyste wr\u0119czenie dyplom\u00f3w i nagr\u00f3d<\/a><time datetime=\"2024-09-26T08:48:14+02:00\" class=\"wp-block-latest-posts__post-date\">26 wrze\u015bnia 2024<\/time><\/li>\n<li><div class=\"wp-block-latest-posts__featured-image alignleft\"><img loading=\"lazy\" decoding=\"async\" width=\"150\" height=\"150\" src=\"https:\/\/pans.krosno.pl\/instytut-humanistyczny\/wp-content\/uploads\/sites\/9\/2024\/03\/W2_SS_Geralt_9-150x150.webp\" class=\"attachment-thumbnail size-thumbnail wp-post-image\" alt=\"\" style=\"max-width:150px;max-height:150px;\" \/><\/div><a class=\"wp-block-latest-posts__post-title\" href=\"https:\/\/pans.krosno.pl\/instytut-humanistyczny\/xii-warsztaty-przekladowe\/\">XII Warsztaty przek\u0142adowe<\/a><time datetime=\"2024-03-01T13:04:07+01:00\" class=\"wp-block-latest-posts__post-date\">1 marca 2024<\/time><\/li>\n<li><div class=\"wp-block-latest-posts__featured-image alignleft\"><img loading=\"lazy\" decoding=\"async\" width=\"80\" height=\"80\" src=\"https:\/\/pans.krosno.pl\/instytut-humanistyczny\/wp-content\/uploads\/sites\/9\/2023\/11\/pka-80x80-1.jpg\" class=\"attachment-thumbnail size-thumbnail wp-post-image\" alt=\"\" style=\"max-width:150px;max-height:150px;\" \/><\/div><a class=\"wp-block-latest-posts__post-title\" href=\"https:\/\/pans.krosno.pl\/instytut-humanistyczny\/pozytywna-ocena-pka-dla-kierunku-filologia-w-zakresie-filologii-angielskiej\/\">Pozytywna ocena PKA dla kierunku Filologia w zakresie filologii angielskiej<\/a><time datetime=\"2023-11-09T13:43:03+01:00\" class=\"wp-block-latest-posts__post-date\">9 listopada 2023<\/time><\/li>\n<li><div class=\"wp-block-latest-posts__featured-image alignleft\"><img loading=\"lazy\" decoding=\"async\" width=\"150\" height=\"150\" src=\"https:\/\/pans.krosno.pl\/instytut-humanistyczny\/wp-content\/uploads\/sites\/9\/2023\/05\/image-150x150.png\" class=\"attachment-thumbnail size-thumbnail wp-post-image\" alt=\"\" style=\"max-width:150px;max-height:150px;\" \/><\/div><a class=\"wp-block-latest-posts__post-title\" href=\"https:\/\/pans.krosno.pl\/instytut-humanistyczny\/vi-ogolnopolska-konferencja-studenckich-kol-naukowych\/\"><strong>VI Og\u00f3lnopolska Konferencja Studenckich K\u00f3\u0142 Naukowych<\/strong><\/a><time datetime=\"2023-05-15T10:39:07+02:00\" class=\"wp-block-latest-posts__post-date\">15 maja 2023<\/time><\/li>\n<li><div class=\"wp-block-latest-posts__featured-image alignleft\"><img loading=\"lazy\" decoding=\"async\" width=\"150\" height=\"150\" src=\"https:\/\/pans.krosno.pl\/instytut-humanistyczny\/wp-content\/uploads\/sites\/9\/2022\/01\/logo_flaga-150x150.jpg\" class=\"attachment-thumbnail size-thumbnail wp-post-image\" alt=\"Logo KPU\" style=\"max-width:150px;max-height:150px;\" \/><\/div><a class=\"wp-block-latest-posts__post-title\" href=\"https:\/\/pans.krosno.pl\/instytut-humanistyczny\/raport-samooceny-zakladu-filologii-2023\/\">Raport samooceny Zak\u0142adu Filologii (2023)<\/a><time datetime=\"2023-05-05T15:27:03+02:00\" class=\"wp-block-latest-posts__post-date\">5 maja 2023<\/time><\/li>\n<li><div class=\"wp-block-latest-posts__featured-image alignleft\"><img loading=\"lazy\" decoding=\"async\" width=\"150\" height=\"150\" src=\"https:\/\/pans.krosno.pl\/instytut-humanistyczny\/wp-content\/uploads\/sites\/9\/2022\/09\/rojzman-150x150.png\" class=\"attachment-thumbnail size-thumbnail wp-post-image\" alt=\"\" style=\"max-width:150px;max-height:150px;\" \/><\/div><a class=\"wp-block-latest-posts__post-title\" href=\"https:\/\/pans.krosno.pl\/instytut-humanistyczny\/grzegorz-przebinda-nie-wzieli-kijowa-to-wzieli-rojzmana\/\">Grzegorz Przebinda: &#8222;Nie wzi\u0119li Kijowa, to wzi\u0119li Rojzmana&#8221;<\/a><time datetime=\"2022-09-06T12:19:33+02:00\" class=\"wp-block-latest-posts__post-date\">6 wrze\u015bnia 2022<\/time><\/li>\n<li><div class=\"wp-block-latest-posts__featured-image alignleft\"><img loading=\"lazy\" decoding=\"async\" width=\"150\" height=\"150\" src=\"https:\/\/pans.krosno.pl\/instytut-humanistyczny\/wp-content\/uploads\/sites\/9\/2022\/07\/obraz_2022-07-02_120244590-150x150.png\" class=\"attachment-thumbnail size-thumbnail wp-post-image\" alt=\"\" style=\"max-width:150px;max-height:150px;\" \/><\/div><a class=\"wp-block-latest-posts__post-title\" href=\"https:\/\/pans.krosno.pl\/instytut-humanistyczny\/ukazal-sie-szosty-tom-z-serii-bibliotheca-pigoniana-koncepty-lingwokulturowe-a-przeklad-nabokov-i-inni-dr-leokadii-styrcz-przebindy\/\">Ukaza\u0142 si\u0119 sz\u00f3sty tom z serii Bibliotheca Pigoniana \u2013 \u201eKoncepty lingwokulturowe a przek\u0142ad. Nabokov i inni\u201d dr Leokadii Styrcz-Przebindy<\/a><time datetime=\"2022-06-24T12:01:00+02:00\" class=\"wp-block-latest-posts__post-date\">24 czerwca 2022<\/time><\/li>\n<li><div class=\"wp-block-latest-posts__featured-image alignleft\"><img loading=\"lazy\" decoding=\"async\" width=\"150\" height=\"150\" src=\"https:\/\/pans.krosno.pl\/instytut-humanistyczny\/wp-content\/uploads\/sites\/9\/2022\/06\/meme-150x150.png\" class=\"attachment-thumbnail size-thumbnail wp-post-image\" alt=\"\" style=\"max-width:150px;max-height:150px;\" \/><\/div><a class=\"wp-block-latest-posts__post-title\" href=\"https:\/\/pans.krosno.pl\/instytut-humanistyczny\/tlumacz-w-cyfrowym-swiecie-zapraszamy-na-wyklad-dr-mariusza-marczaka-z-uniwersytetu-jagiellonskiego\/\">&#8222;T\u0142umacz w cyfrowym \u015bwiecie&#8221; &#8211; zapraszamy na  wyk\u0142ad dr. Mariusza Marczaka z  Uniwersytetu Jagiello\u0144skiego<\/a><time datetime=\"2022-06-07T11:01:51+02:00\" class=\"wp-block-latest-posts__post-date\">7 czerwca 2022<\/time><\/li>\n<li><div class=\"wp-block-latest-posts__featured-image alignleft\"><img loading=\"lazy\" decoding=\"async\" width=\"150\" height=\"150\" src=\"https:\/\/pans.krosno.pl\/instytut-humanistyczny\/wp-content\/uploads\/sites\/9\/2022\/06\/IMG_1445-150x150.jpg\" class=\"attachment-thumbnail size-thumbnail wp-post-image\" alt=\"\" style=\"max-width:150px;max-height:150px;\" \/><\/div><a class=\"wp-block-latest-posts__post-title\" href=\"https:\/\/pans.krosno.pl\/instytut-humanistyczny\/wyroznienie-dla-studentek-z-kola-tworczych-pedagogow-na-konferencji-naukowej-w-150-rocznice-urodzin-jana-szczepanika\/\">Wyr\u00f3\u017cnienie dla studentek z Ko\u0142a Tw\u00f3rczych Pedagog\u00f3w na Konferencji Naukowej w 150. rocznic\u0119 urodzin Jana Szczepanika<\/a><time datetime=\"2022-06-03T10:28:00+02:00\" class=\"wp-block-latest-posts__post-date\">3 czerwca 2022<\/time><\/li>\n<li><div class=\"wp-block-latest-posts__featured-image alignleft\"><img loading=\"lazy\" decoding=\"async\" width=\"150\" height=\"150\" src=\"https:\/\/pans.krosno.pl\/instytut-humanistyczny\/wp-content\/uploads\/sites\/9\/2022\/06\/PHOTO-2022-05-27-12-25-40_4-150x150.jpg\" class=\"attachment-thumbnail size-thumbnail wp-post-image\" alt=\"\" style=\"max-width:150px;max-height:150px;\" \/><\/div><a class=\"wp-block-latest-posts__post-title\" href=\"https:\/\/pans.krosno.pl\/instytut-humanistyczny\/social-media-and-conflict-christopher-gullen\/\">\u201eSocial Media and Conflict\u201d &#8211; wyk\u0142ad Christophera Gullena<\/a><time datetime=\"2022-05-30T10:25:00+02:00\" class=\"wp-block-latest-posts__post-date\">30 maja 2022<\/time><\/li>\n<li><div class=\"wp-block-latest-posts__featured-image alignleft\"><img loading=\"lazy\" decoding=\"async\" width=\"150\" height=\"150\" src=\"https:\/\/pans.krosno.pl\/instytut-humanistyczny\/wp-content\/uploads\/sites\/9\/2022\/06\/Konferencja-26.05.2022-f8-1-1024x576-1-150x150.png\" class=\"attachment-thumbnail size-thumbnail wp-post-image\" alt=\"\" style=\"max-width:150px;max-height:150px;\" \/><\/div><a class=\"wp-block-latest-posts__post-title\" href=\"https:\/\/pans.krosno.pl\/instytut-humanistyczny\/wystapienia-krosnienskich-pedagogow-na-miedzynarodowym-seminarium-naukowym-online-iwanofrankiwsk-ukraina\/\">Wyst\u0105pienia kro\u015bnie\u0144skich pedagog\u00f3w na Mi\u0119dzynarodowym Seminarium Naukowym online &#8211; Iwanofrankiwsk (Ukraina)\u00a0<\/a><time datetime=\"2022-05-27T10:32:00+02:00\" class=\"wp-block-latest-posts__post-date\">27 maja 2022<\/time><\/li>\n<li><div class=\"wp-block-latest-posts__featured-image alignleft\"><img loading=\"lazy\" decoding=\"async\" width=\"150\" height=\"150\" src=\"https:\/\/pans.krosno.pl\/instytut-humanistyczny\/wp-content\/uploads\/sites\/9\/2022\/05\/GP-150x150.png\" class=\"attachment-thumbnail size-thumbnail wp-post-image\" alt=\"\" style=\"max-width:150px;max-height:150px;\" \/><\/div><a class=\"wp-block-latest-posts__post-title\" href=\"https:\/\/pans.krosno.pl\/instytut-humanistyczny\/jest-wielu-uczciwych-rosjan-michal-olszewski-gazeta-wyborcza-rozmawia-z-grzegorzem-przebinda\/\">&#8222;Jest wielu uczciwych Rosjan&#8221; &#8211; Micha\u0142 Olszewski (&#8222;Gazeta Wyborcza&#8221;) rozmawia z Grzegorzem Przebind\u0105<\/a><time datetime=\"2022-05-02T08:02:30+02:00\" class=\"wp-block-latest-posts__post-date\">2 maja 2022<\/time><\/li>\n<li><div class=\"wp-block-latest-posts__featured-image alignleft\"><img loading=\"lazy\" decoding=\"async\" width=\"150\" height=\"150\" src=\"https:\/\/pans.krosno.pl\/instytut-humanistyczny\/wp-content\/uploads\/sites\/9\/2022\/05\/pedagodzy-150x150.png\" class=\"attachment-thumbnail size-thumbnail wp-post-image\" alt=\"\" style=\"max-width:150px;max-height:150px;\" \/><\/div><a class=\"wp-block-latest-posts__post-title\" href=\"https:\/\/pans.krosno.pl\/instytut-humanistyczny\/pracownicy-zakladu-pedagogiki-oraz-przyszli-nauczyciele-przedszkoli-i-klas-i-iii-wspolnie-prowadza-zajecia-z-uczniami-szkol-podstawowych\/\">Pracownicy Zak\u0142adu Pedagogiki oraz przyszli nauczyciele przedszkoli i klas I-III wsp\u00f3lnie prowadz\u0105 zaj\u0119cia z uczniami szk\u00f3\u0142 podstawowych<\/a><time datetime=\"2022-04-12T08:12:00+02:00\" class=\"wp-block-latest-posts__post-date\">12 kwietnia 2022<\/time><\/li>\n<li><div class=\"wp-block-latest-posts__featured-image alignleft\"><img loading=\"lazy\" decoding=\"async\" width=\"150\" height=\"150\" src=\"https:\/\/pans.krosno.pl\/instytut-humanistyczny\/wp-content\/uploads\/sites\/9\/2022\/04\/tlumacz-150x150.png\" class=\"attachment-thumbnail size-thumbnail wp-post-image\" alt=\"\" style=\"max-width:150px;max-height:150px;\" \/><\/div><a class=\"wp-block-latest-posts__post-title\" href=\"https:\/\/pans.krosno.pl\/instytut-humanistyczny\/x-warsztaty-przekladowe-tlumacz-pomiedzy-dwoma-swiatami\/\">X Warsztaty Przek\u0142adowe: \u201eT\u0142umacz pomi\u0119dzy dwoma \u015bwiatami\u201d<\/a><time datetime=\"2022-04-03T08:03:00+02:00\" class=\"wp-block-latest-posts__post-date\">3 kwietnia 2022<\/time><\/li>\n<li><div class=\"wp-block-latest-posts__featured-image alignleft\"><img loading=\"lazy\" decoding=\"async\" width=\"150\" height=\"150\" src=\"https:\/\/pans.krosno.pl\/instytut-humanistyczny\/wp-content\/uploads\/sites\/9\/2022\/04\/krystyna_szayna_dec_4-150x150.jpg\" class=\"attachment-thumbnail size-thumbnail wp-post-image\" alt=\"\" style=\"max-width:150px;max-height:150px;\" \/><\/div><a class=\"wp-block-latest-posts__post-title\" href=\"https:\/\/pans.krosno.pl\/instytut-humanistyczny\/historyczne-przenikanie-kultur-jasielskie-spotkanie-z-dr-krystyna-szayna-dec\/\">Historyczne przenikanie kultur &#8211; jasielskie spotkanie z dr Krystyn\u0105 Szayn\u0105-Dec<\/a><time datetime=\"2022-03-30T15:57:00+02:00\" class=\"wp-block-latest-posts__post-date\">30 marca 2022<\/time><\/li>\n<li><div class=\"wp-block-latest-posts__featured-image alignleft\"><img loading=\"lazy\" decoding=\"async\" width=\"150\" height=\"106\" src=\"https:\/\/pans.krosno.pl\/instytut-humanistyczny\/wp-content\/uploads\/sites\/9\/2022\/03\/Pileckiego-150x106.png\" class=\"attachment-thumbnail size-thumbnail wp-post-image\" alt=\"\" style=\"max-width:150px;max-height:150px;\" \/><\/div><a class=\"wp-block-latest-posts__post-title\" href=\"https:\/\/pans.krosno.pl\/instytut-humanistyczny\/praktyki-dla-krosnienskich-tlumaczy-w-instytucie-pileckiego\/\">Praktyki dla student\u00f3w translatoryki i filologii angielskiej w Instytucie Pileckiego<\/a><time datetime=\"2022-03-24T18:15:54+01:00\" class=\"wp-block-latest-posts__post-date\">24 marca 2022<\/time><\/li>\n<li><div class=\"wp-block-latest-posts__featured-image alignleft\"><img loading=\"lazy\" decoding=\"async\" width=\"150\" height=\"150\" src=\"https:\/\/pans.krosno.pl\/instytut-humanistyczny\/wp-content\/uploads\/sites\/9\/2022\/03\/espana-150x150.png\" class=\"attachment-thumbnail size-thumbnail wp-post-image\" alt=\"\" style=\"max-width:150px;max-height:150px;\" \/><\/div><a class=\"wp-block-latest-posts__post-title\" href=\"https:\/\/pans.krosno.pl\/instytut-humanistyczny\/spotkania-polsko-hiszpanskie\/\">Spotkania polsko-hiszpa\u0144skie<\/a><time datetime=\"2022-03-23T08:05:00+01:00\" class=\"wp-block-latest-posts__post-date\">23 marca 2022<\/time><\/li>\n<li><div class=\"wp-block-latest-posts__featured-image alignleft\"><img loading=\"lazy\" decoding=\"async\" width=\"150\" height=\"150\" src=\"https:\/\/pans.krosno.pl\/instytut-humanistyczny\/wp-content\/uploads\/sites\/9\/2022\/03\/antyradiooo-150x150.png\" class=\"attachment-thumbnail size-thumbnail wp-post-image\" alt=\"\" style=\"max-width:150px;max-height:150px;\" \/><\/div><a class=\"wp-block-latest-posts__post-title\" href=\"https:\/\/pans.krosno.pl\/instytut-humanistyczny\/dyrektor-instytutu-humanistycznego-dr-bartosz-golabek-o-rosji-i-ukrainie-w-programie-wszystko-w-sam-raz-w-antyradiu\/\">Dyrektor Instytutu Humanistycznego dr Bartosz Go\u0142\u0105bek o Rosji i Ukrainie w programie &#8222;Wszystko w sam raz w Antyradiu&#8221;<\/a><time datetime=\"2022-03-14T00:02:03+01:00\" class=\"wp-block-latest-posts__post-date\">14 marca 2022<\/time><\/li>\n<li><div class=\"wp-block-latest-posts__featured-image alignleft\"><img loading=\"lazy\" decoding=\"async\" width=\"150\" height=\"150\" src=\"https:\/\/pans.krosno.pl\/instytut-humanistyczny\/wp-content\/uploads\/sites\/9\/2022\/02\/pexels-photo-11284549-150x150.jpeg\" class=\"attachment-thumbnail size-thumbnail wp-post-image\" alt=\"\" style=\"max-width:150px;max-height:150px;\" \/><\/div><a class=\"wp-block-latest-posts__post-title\" href=\"https:\/\/pans.krosno.pl\/instytut-humanistyczny\/spotkanie-wschodnie-napasc-putina-na-ukraine\/\">Spotkanie Wschodnie: Napa\u015b\u0107 Putina na Ukrain\u0119<\/a><time datetime=\"2022-03-09T19:03:00+01:00\" class=\"wp-block-latest-posts__post-date\">9 marca 2022<\/time><\/li>\n<li><div class=\"wp-block-latest-posts__featured-image alignleft\"><img loading=\"lazy\" decoding=\"async\" width=\"150\" height=\"150\" src=\"https:\/\/pans.krosno.pl\/instytut-humanistyczny\/wp-content\/uploads\/sites\/9\/2022\/02\/pexels-photo-5474284-150x150.jpeg\" class=\"attachment-thumbnail size-thumbnail wp-post-image\" alt=\"\" style=\"max-width:150px;max-height:150px;\" \/><\/div><a class=\"wp-block-latest-posts__post-title\" href=\"https:\/\/pans.krosno.pl\/instytut-humanistyczny\/bezpieczenstwo-cyfrowe-w-obliczu-zagrozenia\/\">Bezpiecze\u0144stwo cyfrowe w obliczu zagro\u017cenia [WSKAZ\u00d3WKI]<\/a><time datetime=\"2022-02-25T12:30:37+01:00\" class=\"wp-block-latest-posts__post-date\">25 lutego 2022<\/time><\/li>\n<li><div class=\"wp-block-latest-posts__featured-image alignleft\"><img loading=\"lazy\" decoding=\"async\" width=\"150\" height=\"150\" src=\"https:\/\/pans.krosno.pl\/instytut-humanistyczny\/wp-content\/uploads\/sites\/9\/2022\/02\/speech-etiquette-150x150.png\" class=\"attachment-thumbnail size-thumbnail wp-post-image\" alt=\"\" style=\"max-width:150px;max-height:150px;\" \/><\/div><a class=\"wp-block-latest-posts__post-title\" href=\"https:\/\/pans.krosno.pl\/instytut-humanistyczny\/etykieta-jezykowa-studenci-kpu-dolaczaja-do-rosyjskiego-interaktywnego-projektu-dydaktycznego\/\">Mi\u0119dzynarodowa etykieta j\u0119zykowa &#8211; studenci KPU do\u0142\u0105czaj\u0105 do rosyjskoj\u0119zycznego interaktywnego projektu dydaktycznego<\/a><time datetime=\"2022-02-03T22:37:23+01:00\" class=\"wp-block-latest-posts__post-date\">3 lutego 2022<\/time><\/li>\n<li><div class=\"wp-block-latest-posts__featured-image alignleft\"><img loading=\"lazy\" decoding=\"async\" width=\"150\" height=\"150\" src=\"https:\/\/pans.krosno.pl\/instytut-humanistyczny\/wp-content\/uploads\/sites\/9\/2021\/05\/Globe-150x150.png\" class=\"attachment-thumbnail size-thumbnail wp-post-image\" alt=\"\" style=\"max-width:150px;max-height:150px;\" \/><\/div><a class=\"wp-block-latest-posts__post-title\" href=\"https:\/\/pans.krosno.pl\/instytut-humanistyczny\/7th-global-issues-student-conference\/\">7th Global Issues Student Conference [call for papers]<\/a><time datetime=\"2022-01-26T11:55:26+01:00\" class=\"wp-block-latest-posts__post-date\">26 stycznia 2022<\/time><\/li>\n<li><div class=\"wp-block-latest-posts__featured-image alignleft\"><img loading=\"lazy\" decoding=\"async\" width=\"150\" height=\"150\" src=\"https:\/\/pans.krosno.pl\/instytut-humanistyczny\/wp-content\/uploads\/sites\/9\/2022\/01\/gwiazda-150x150.jpg\" class=\"attachment-thumbnail size-thumbnail wp-post-image\" alt=\"\" style=\"max-width:150px;max-height:150px;\" \/><\/div><a class=\"wp-block-latest-posts__post-title\" href=\"https:\/\/pans.krosno.pl\/instytut-humanistyczny\/miedzypokoleniowe-spotkanie-na-pedagogice\/\">Mi\u0119dzypokoleniowe spotkanie na pedagogice<\/a><time datetime=\"2022-01-24T11:51:00+01:00\" class=\"wp-block-latest-posts__post-date\">24 stycznia 2022<\/time><\/li>\n<li><div class=\"wp-block-latest-posts__featured-image alignleft\"><img loading=\"lazy\" decoding=\"async\" width=\"150\" height=\"150\" src=\"https:\/\/pans.krosno.pl\/instytut-humanistyczny\/wp-content\/uploads\/sites\/9\/2021\/12\/choina-150x150.png\" class=\"attachment-thumbnail size-thumbnail wp-post-image\" alt=\"\" style=\"max-width:150px;max-height:150px;\" \/><\/div><a class=\"wp-block-latest-posts__post-title\" href=\"https:\/\/pans.krosno.pl\/instytut-humanistyczny\/swiateczne-zyczenia\/\">\u017byczymy zdrowych, pi\u0119knych i spokojnych \u015awi\u0105t!<\/a><time datetime=\"2021-12-23T15:44:14+01:00\" class=\"wp-block-latest-posts__post-date\">23 grudnia 2021<\/time><\/li>\n<li><div class=\"wp-block-latest-posts__featured-image alignleft\"><img loading=\"lazy\" decoding=\"async\" width=\"150\" height=\"145\" src=\"https:\/\/pans.krosno.pl\/instytut-humanistyczny\/wp-content\/uploads\/sites\/9\/2021\/12\/Strutynski-150x145.png\" class=\"attachment-thumbnail size-thumbnail wp-post-image\" alt=\"\" style=\"max-width:150px;max-height:150px;\" \/><\/div><a class=\"wp-block-latest-posts__post-title\" href=\"https:\/\/pans.krosno.pl\/instytut-humanistyczny\/zmarl-janusz-strutynski-pierwszy-rektor-krosnienskiej-uczelni\/\">Zmar\u0142 Janusz Struty\u0144ski &#8211; pierwszy rektor kro\u015bnie\u0144skiej uczelni<\/a><time datetime=\"2021-12-23T15:41:36+01:00\" class=\"wp-block-latest-posts__post-date\">23 grudnia 2021<\/time><\/li>\n<li><div class=\"wp-block-latest-posts__featured-image alignleft\"><img loading=\"lazy\" decoding=\"async\" width=\"150\" height=\"150\" src=\"https:\/\/pans.krosno.pl\/instytut-humanistyczny\/wp-content\/uploads\/sites\/9\/2021\/12\/przwycht-logo-angl-1-150x150.png\" class=\"attachment-thumbnail size-thumbnail wp-post-image\" alt=\"\" style=\"max-width:150px;max-height:150px;\" \/><\/div><a class=\"wp-block-latest-posts__post-title\" href=\"https:\/\/pans.krosno.pl\/instytut-humanistyczny\/nowe-logo-kola-naukowego-anglistow-speakup-konkurs-rozstrzygniety\/\">Nowe logo ko\u0142a naukowego anglist\u00f3w SpeakUp! &#8211; konkurs rozstrzygni\u0119ty<\/a><time datetime=\"2021-12-13T10:45:54+01:00\" class=\"wp-block-latest-posts__post-date\">13 grudnia 2021<\/time><\/li>\n<li><div class=\"wp-block-latest-posts__featured-image alignleft\"><img loading=\"lazy\" decoding=\"async\" width=\"140\" height=\"150\" src=\"https:\/\/pans.krosno.pl\/instytut-humanistyczny\/wp-content\/uploads\/sites\/9\/2021\/12\/zasluzony-dla-kultury-medla-140x150.png\" class=\"attachment-thumbnail size-thumbnail wp-post-image\" alt=\"\" style=\"max-width:150px;max-height:150px;\" \/><\/div><a class=\"wp-block-latest-posts__post-title\" href=\"https:\/\/pans.krosno.pl\/instytut-humanistyczny\/odznaka-zasluzony-dla-kultury-polskiej-dla-profesora-krzysztofa-plesniarowicza-z-zakladu-komunikacji-miedzykulturowej\/\">Odznaka \u201eZas\u0142u\u017cony dla Kultury Polskiej\u201d wr\u0119czona profesorowi Krzysztofowi Ple\u015bniarowiczowi z Zak\u0142adu Komunikacji Mi\u0119dzykulturowej<\/a><time datetime=\"2021-12-09T07:43:31+01:00\" class=\"wp-block-latest-posts__post-date\">9 grudnia 2021<\/time><\/li>\n<li><div class=\"wp-block-latest-posts__featured-image alignleft\"><img loading=\"lazy\" decoding=\"async\" width=\"150\" height=\"150\" src=\"https:\/\/pans.krosno.pl\/instytut-humanistyczny\/wp-content\/uploads\/sites\/9\/2021\/12\/DOSTOYEVSKY-150x150.png\" class=\"attachment-thumbnail size-thumbnail wp-post-image\" alt=\"\" style=\"max-width:150px;max-height:150px;\" \/><\/div><a class=\"wp-block-latest-posts__post-title\" href=\"https:\/\/pans.krosno.pl\/instytut-humanistyczny\/polska-judasz-slowianszczyzny-200-lat-dostojewskiego-tekst-grzegorza-przebindy-opublikowany-w-gazecie-wyborczej\/\">Polska, Judasz s\u0142owia\u0144szczyzny [200 LAT DOSTOJEWSKIEGO] &#8211; tekst Grzegorza Przebindy opublikowany w &#8222;Gazecie Wyborczej&#8221;<\/a><time datetime=\"2021-12-07T19:06:12+01:00\" class=\"wp-block-latest-posts__post-date\">7 grudnia 2021<\/time><\/li>\n<li><div class=\"wp-block-latest-posts__featured-image alignleft\"><img loading=\"lazy\" decoding=\"async\" width=\"150\" height=\"150\" src=\"https:\/\/pans.krosno.pl\/instytut-humanistyczny\/wp-content\/uploads\/sites\/9\/2021\/12\/Studia-Pigoniana-150x150.png\" class=\"attachment-thumbnail size-thumbnail wp-post-image\" alt=\"\" style=\"max-width:150px;max-height:150px;\" \/><\/div><a class=\"wp-block-latest-posts__post-title\" href=\"https:\/\/pans.krosno.pl\/instytut-humanistyczny\/czasopismo-humanistyczne-studia-pigoniana-na-liscie-punktowanych-czasopism-mein\/\">Uczelniane czasopismo humanistyczne \u201eStudia Pigoniana\u201d na li\u015bcie punktowanych czasopism MEiN<\/a><time datetime=\"2021-12-05T06:47:00+01:00\" class=\"wp-block-latest-posts__post-date\">5 grudnia 2021<\/time><\/li>\n<li><div class=\"wp-block-latest-posts__featured-image alignleft\"><img loading=\"lazy\" decoding=\"async\" width=\"150\" height=\"150\" src=\"https:\/\/pans.krosno.pl\/instytut-humanistyczny\/wp-content\/uploads\/sites\/9\/2021\/11\/designer-150x150.jpeg\" class=\"attachment-thumbnail size-thumbnail wp-post-image\" alt=\"\" style=\"max-width:150px;max-height:150px;\" \/><\/div><a class=\"wp-block-latest-posts__post-title\" href=\"https:\/\/pans.krosno.pl\/instytut-humanistyczny\/konkurs-na-logotyp-kola-naukowego-anglistow-speak-up\/\">Konkurs na logotyp ko\u0142a naukowego anglist\u00f3w &#8222;Speak UP!&#8221;<\/a><time datetime=\"2021-11-08T12:19:57+01:00\" class=\"wp-block-latest-posts__post-date\">8 listopada 2021<\/time><\/li>\n<li><div class=\"wp-block-latest-posts__featured-image alignleft\"><img loading=\"lazy\" decoding=\"async\" width=\"150\" height=\"150\" src=\"https:\/\/pans.krosno.pl\/instytut-humanistyczny\/wp-content\/uploads\/sites\/9\/2021\/10\/Rosja-co-oniej-wiemy-150x150.jpg\" class=\"attachment-thumbnail size-thumbnail wp-post-image\" alt=\"\" style=\"max-width:150px;max-height:150px;\" \/><\/div><a class=\"wp-block-latest-posts__post-title\" href=\"https:\/\/pans.krosno.pl\/instytut-humanistyczny\/rosja-co-o-niej-wiemy-wyklad-dla-maturzystow-w-mzsp-w-miejscu-piastowym\/\">Rosja &#8211; co o niej wiemy? Wyk\u0142ad dla Maturzyst\u00f3w w MZSP w Miejscu Piastowym<\/a><time datetime=\"2021-10-27T00:06:00+02:00\" class=\"wp-block-latest-posts__post-date\">27 pa\u017adziernika 2021<\/time><\/li>\n<li><div class=\"wp-block-latest-posts__featured-image alignleft\"><img loading=\"lazy\" decoding=\"async\" width=\"150\" height=\"150\" src=\"https:\/\/pans.krosno.pl\/instytut-humanistyczny\/wp-content\/uploads\/sites\/9\/2021\/10\/Dobosz-150x150.jpg\" class=\"attachment-thumbnail size-thumbnail wp-post-image\" alt=\"\" style=\"max-width:150px;max-height:150px;\" \/><\/div><a class=\"wp-block-latest-posts__post-title\" href=\"https:\/\/pans.krosno.pl\/instytut-humanistyczny\/dobosz-stefan-zeromski-na-drogach-niepodleglosci-nakladem-ipn-ukazala-sie-monografia-wojciecha-gruchaly\/\">&#8222;Dobosz. Stefan \u017beromski na drogach niepodleg\u0142o\u015bci&#8221; &#8211; nak\u0142adem IPN ukaza\u0142a si\u0119 monografia Wojciecha Grucha\u0142y<\/a><time datetime=\"2021-10-26T10:00:46+02:00\" class=\"wp-block-latest-posts__post-date\">26 pa\u017adziernika 2021<\/time><\/li>\n<li><div class=\"wp-block-latest-posts__featured-image alignleft\"><img loading=\"lazy\" decoding=\"async\" width=\"150\" height=\"150\" src=\"https:\/\/pans.krosno.pl\/instytut-humanistyczny\/wp-content\/uploads\/sites\/9\/2020\/08\/pexels-photo-267885-150x150.jpeg\" class=\"attachment-thumbnail size-thumbnail wp-post-image\" alt=\"\" style=\"max-width:150px;max-height:150px;\" \/><\/div><a class=\"wp-block-latest-posts__post-title\" href=\"https:\/\/pans.krosno.pl\/instytut-humanistyczny\/powitanie-studentow-i-roku-inauguracja-instytutowa\/\">Powitanie student\u00f3w I roku &#8211; Inauguracja Instytutowa (12.X, 12:00)<\/a><time datetime=\"2021-10-11T08:40:11+02:00\" class=\"wp-block-latest-posts__post-date\">11 pa\u017adziernika 2021<\/time><\/li>\n<li><div class=\"wp-block-latest-posts__featured-image alignleft\"><img loading=\"lazy\" decoding=\"async\" width=\"150\" height=\"150\" src=\"https:\/\/pans.krosno.pl\/instytut-humanistyczny\/wp-content\/uploads\/sites\/9\/2021\/10\/cmentarz-Luzna-150x150.png\" class=\"attachment-thumbnail size-thumbnail wp-post-image\" alt=\"\" style=\"max-width:150px;max-height:150px;\" \/><\/div><a class=\"wp-block-latest-posts__post-title\" href=\"https:\/\/pans.krosno.pl\/instytut-humanistyczny\/pamiec-i-troska-pielegnacja-cmentarzy-wojennych-w-malopolsce\/\">Pami\u0119\u0107 i troska &#8211; piel\u0119gnacja cmentarzy wojennych w Ma\u0142opolsce<\/a><time datetime=\"2021-10-09T14:52:21+02:00\" class=\"wp-block-latest-posts__post-date\">9 pa\u017adziernika 2021<\/time><\/li>\n<li><div class=\"wp-block-latest-posts__featured-image alignleft\"><img loading=\"lazy\" decoding=\"async\" width=\"150\" height=\"150\" src=\"https:\/\/pans.krosno.pl\/instytut-humanistyczny\/wp-content\/uploads\/sites\/9\/2021\/09\/inauuruj-150x150.png\" class=\"attachment-thumbnail size-thumbnail wp-post-image\" alt=\"\" style=\"max-width:150px;max-height:150px;\" \/><\/div><a class=\"wp-block-latest-posts__post-title\" href=\"https:\/\/pans.krosno.pl\/instytut-humanistyczny\/inauguracja-roku-akademickiego-2021-2022\/\">Inauguracja roku akademickiego 2021\/2022<\/a><time datetime=\"2021-10-01T15:25:00+02:00\" class=\"wp-block-latest-posts__post-date\">1 pa\u017adziernika 2021<\/time><\/li>\n<li><div class=\"wp-block-latest-posts__featured-image alignleft\"><img loading=\"lazy\" decoding=\"async\" width=\"150\" height=\"150\" src=\"https:\/\/pans.krosno.pl\/instytut-humanistyczny\/wp-content\/uploads\/sites\/9\/2021\/09\/Screenshot-150x150.png\" class=\"attachment-thumbnail size-thumbnail wp-post-image\" alt=\"\" style=\"max-width:150px;max-height:150px;\" \/><\/div><a class=\"wp-block-latest-posts__post-title\" href=\"https:\/\/pans.krosno.pl\/instytut-humanistyczny\/miedzynarodowy-dzien-tlumacza-jak-wyglada-przeklad-w-czasie-rzeczywistym\/\">Mi\u0119dzynarodowy Dzie\u0144 T\u0142umacza &#8211; jak wygl\u0105da przek\u0142ad w czasie rzeczywistym<\/a><time datetime=\"2021-09-30T10:46:03+02:00\" class=\"wp-block-latest-posts__post-date\">30 wrze\u015bnia 2021<\/time><\/li>\n<li><div class=\"wp-block-latest-posts__featured-image alignleft\"><img loading=\"lazy\" decoding=\"async\" width=\"150\" height=\"150\" src=\"https:\/\/pans.krosno.pl\/instytut-humanistyczny\/wp-content\/uploads\/sites\/9\/2021\/07\/kid-150x150.jpeg\" class=\"attachment-thumbnail size-thumbnail wp-post-image\" alt=\"\" style=\"max-width:150px;max-height:150px;\" \/><\/div><a class=\"wp-block-latest-posts__post-title\" href=\"https:\/\/pans.krosno.pl\/instytut-humanistyczny\/studencka-sesja-naukowa-temat-choroby-w-utworach-literatury-dzieciecej-konteksty-literackie-pedagogiczne-psychologiczne-refleksja-studencka\/\">Studencka sesja naukowa Temat choroby w utworach literatury dzieci\u0119cej &#8211; konteksty literackie, pedagogiczne, psychologiczne (refleksja studencka)<\/a><time datetime=\"2021-07-05T06:35:18+02:00\" class=\"wp-block-latest-posts__post-date\">5 lipca 2021<\/time><\/li>\n<li><div class=\"wp-block-latest-posts__featured-image alignleft\"><img loading=\"lazy\" decoding=\"async\" width=\"150\" height=\"150\" src=\"https:\/\/pans.krosno.pl\/instytut-humanistyczny\/wp-content\/uploads\/sites\/9\/2021\/06\/novum-150x150.jpg\" class=\"attachment-thumbnail size-thumbnail wp-post-image\" alt=\"\" style=\"max-width:150px;max-height:150px;\" \/><\/div><a class=\"wp-block-latest-posts__post-title\" href=\"https:\/\/pans.krosno.pl\/instytut-humanistyczny\/karpacka-panstwowa-uczelnia-w-krosnie-bedzie-ksztalcic-nauczycieli-wspolnie-uniwersytetem-jagiellonskim-w-krakowie\/\">Karpacka Pa\u0144stwowa Uczelnia w Kro\u015bnie b\u0119dzie kszta\u0142ci\u0107 nauczycieli wsp\u00f3lnie z Uniwersytetem Jagiello\u0144skim w Krakowie<\/a><time datetime=\"2021-06-29T00:11:30+02:00\" class=\"wp-block-latest-posts__post-date\">29 czerwca 2021<\/time><\/li>\n<li><div class=\"wp-block-latest-posts__featured-image alignleft\"><img loading=\"lazy\" decoding=\"async\" width=\"150\" height=\"150\" src=\"https:\/\/pans.krosno.pl\/instytut-humanistyczny\/wp-content\/uploads\/sites\/9\/2021\/06\/grzepe-150x150.png\" class=\"attachment-thumbnail size-thumbnail wp-post-image\" alt=\"\" style=\"max-width:150px;max-height:150px;\" \/><\/div><a class=\"wp-block-latest-posts__post-title\" href=\"https:\/\/pans.krosno.pl\/instytut-humanistyczny\/zapraszamy-do-sledzenia-kanalu-youtube-grzegorza-przebindy\/\">Zapraszamy do \u015bledzenia kana\u0142u YouTube Grzegorza Przebindy<\/a><time datetime=\"2021-06-25T08:34:56+02:00\" class=\"wp-block-latest-posts__post-date\">25 czerwca 2021<\/time><\/li>\n<li><div class=\"wp-block-latest-posts__featured-image alignleft\"><img loading=\"lazy\" decoding=\"async\" width=\"150\" height=\"150\" src=\"https:\/\/pans.krosno.pl\/instytut-humanistyczny\/wp-content\/uploads\/sites\/9\/2021\/06\/rozewicz-150x150.jpg\" class=\"attachment-thumbnail size-thumbnail wp-post-image\" alt=\"\" style=\"max-width:150px;max-height:150px;\" \/><\/div><a class=\"wp-block-latest-posts__post-title\" href=\"https:\/\/pans.krosno.pl\/instytut-humanistyczny\/rok-tadeusza-rozewicza\/\">Rok Tadeusza R\u00f3\u017cewicza<\/a><time datetime=\"2021-06-25T07:57:42+02:00\" class=\"wp-block-latest-posts__post-date\">25 czerwca 2021<\/time><\/li>\n<li><div class=\"wp-block-latest-posts__featured-image alignleft\"><img loading=\"lazy\" decoding=\"async\" width=\"134\" height=\"137\" src=\"https:\/\/pans.krosno.pl\/instytut-humanistyczny\/wp-content\/uploads\/sites\/9\/2021\/06\/Screenshot.png\" class=\"attachment-thumbnail size-thumbnail wp-post-image\" alt=\"\" style=\"max-width:150px;max-height:150px;\" \/><\/div><a class=\"wp-block-latest-posts__post-title\" href=\"https:\/\/pans.krosno.pl\/instytut-humanistyczny\/instytut-humanistyczny-odnawia-subskrypcje-chmurowego-narzedzia-memsource-academic-edition\/\">Instytut Humanistyczny odnawia subskrypcj\u0119 chmurowego narz\u0119dzia Memsource Academic Edition<\/a><time datetime=\"2021-06-09T19:29:42+02:00\" class=\"wp-block-latest-posts__post-date\">9 czerwca 2021<\/time><\/li>\n<li><div class=\"wp-block-latest-posts__featured-image alignleft\"><img loading=\"lazy\" decoding=\"async\" width=\"150\" height=\"150\" src=\"https:\/\/pans.krosno.pl\/instytut-humanistyczny\/wp-content\/uploads\/sites\/9\/2021\/06\/Chorwacja2-150x150.jpg\" class=\"attachment-thumbnail size-thumbnail wp-post-image\" alt=\"\" style=\"max-width:150px;max-height:150px;\" \/><\/div><a class=\"wp-block-latest-posts__post-title\" href=\"https:\/\/pans.krosno.pl\/instytut-humanistyczny\/polska-i-jej-sasiedzi-chorwacja-dzieje-kultura-idee\/\">Spotkanie Polska i jej S\u0105siedzi &#8211; &#8222;Chorwacja. Dzieje, kultura, idee&#8221; [RELACJA]<\/a><time datetime=\"2021-06-04T09:58:04+02:00\" class=\"wp-block-latest-posts__post-date\">4 czerwca 2021<\/time><\/li>\n<li><div class=\"wp-block-latest-posts__featured-image alignleft\"><img loading=\"lazy\" decoding=\"async\" width=\"150\" height=\"150\" src=\"https:\/\/pans.krosno.pl\/instytut-humanistyczny\/wp-content\/uploads\/sites\/9\/2021\/05\/radio-mic-150x150.jpeg\" class=\"attachment-thumbnail size-thumbnail wp-post-image\" alt=\"\" style=\"max-width:150px;max-height:150px;\" \/><\/div><a class=\"wp-block-latest-posts__post-title\" href=\"https:\/\/pans.krosno.pl\/instytut-humanistyczny\/literackie-witaminy-i-geopolityka-najnowsze-radiowe-komentarze-grzegorza-przebindy\/\">Literackie witaminy i polityka Bia\u0142orusi &#8211; najnowsze radiowe komentarze Grzegorza Przebindy<\/a><time datetime=\"2021-05-29T15:42:13+02:00\" class=\"wp-block-latest-posts__post-date\">29 maja 2021<\/time><\/li>\n<li><div class=\"wp-block-latest-posts__featured-image alignleft\"><img loading=\"lazy\" decoding=\"async\" width=\"150\" height=\"150\" src=\"https:\/\/pans.krosno.pl\/instytut-humanistyczny\/wp-content\/uploads\/sites\/9\/2021\/05\/test-3-1-150x150.png\" class=\"attachment-thumbnail size-thumbnail wp-post-image\" alt=\"\" style=\"max-width:150px;max-height:150px;\" \/><\/div><a class=\"wp-block-latest-posts__post-title\" href=\"https:\/\/pans.krosno.pl\/instytut-humanistyczny\/ix-warsztaty-przekladowe-oblicza-przekladu\/\">IX Warsztaty Przek\u0142adowe \u201eOblicza przek\u0142adu\u201d (27.05.2021)<\/a><time datetime=\"2021-05-25T15:49:40+02:00\" class=\"wp-block-latest-posts__post-date\">25 maja 2021<\/time><\/li>\n<li><div class=\"wp-block-latest-posts__featured-image alignleft\"><img loading=\"lazy\" decoding=\"async\" width=\"150\" height=\"150\" src=\"https:\/\/pans.krosno.pl\/instytut-humanistyczny\/wp-content\/uploads\/sites\/9\/2021\/05\/gpe-online-150x150.png\" class=\"attachment-thumbnail size-thumbnail wp-post-image\" alt=\"\" style=\"max-width:150px;max-height:150px;\" \/><\/div><a class=\"wp-block-latest-posts__post-title\" href=\"https:\/\/pans.krosno.pl\/instytut-humanistyczny\/the-14th-global-partners-in-education-conference-on-17-19-may-update\/\">The 14th Global Partners in Education conference on 17-19 May<\/a><time datetime=\"2021-05-14T14:42:01+02:00\" class=\"wp-block-latest-posts__post-date\">14 maja 2021<\/time><\/li>\n<li><div class=\"wp-block-latest-posts__featured-image alignleft\"><img loading=\"lazy\" decoding=\"async\" width=\"150\" height=\"150\" src=\"https:\/\/pans.krosno.pl\/instytut-humanistyczny\/wp-content\/uploads\/sites\/9\/2021\/05\/mistrz-i-malgorzata-150x150.png\" class=\"attachment-thumbnail size-thumbnail wp-post-image\" alt=\"\" style=\"max-width:150px;max-height:150px;\" \/><\/div><a class=\"wp-block-latest-posts__post-title\" href=\"https:\/\/pans.krosno.pl\/instytut-humanistyczny\/milosierdzie-u-bulhakowa-wyklad-profesora-grzegorza-przebindy-na-uniwersytecie-wroclawskim-online\/\">&#8222;Mi\u0142osierdzie u Bu\u0142hakowa&#8221; wyk\u0142ad profesora Grzegorza Przebindy na Uniwersytecie Wroc\u0142awskim (online)<\/a><time datetime=\"2021-05-05T18:35:59+02:00\" class=\"wp-block-latest-posts__post-date\">5 maja 2021<\/time><\/li>\n<li><div class=\"wp-block-latest-posts__featured-image alignleft\"><img loading=\"lazy\" decoding=\"async\" width=\"150\" height=\"150\" src=\"https:\/\/pans.krosno.pl\/instytut-humanistyczny\/wp-content\/uploads\/sites\/9\/2021\/04\/pexels-photo-6321231-150x150.jpeg\" class=\"attachment-thumbnail size-thumbnail wp-post-image\" alt=\"\" style=\"max-width:150px;max-height:150px;\" \/><\/div><a class=\"wp-block-latest-posts__post-title\" href=\"https:\/\/pans.krosno.pl\/instytut-humanistyczny\/warsztat-na-temat-sektora-nowoczesnych-uslug-biznesowych-zaproszenie\/\">Warsztat na temat po\u017c\u0105danych kompetencji w sektorze nowoczesnych us\u0142ug biznesowych [zaproszenie]<\/a><time datetime=\"2021-04-29T16:11:10+02:00\" class=\"wp-block-latest-posts__post-date\">29 kwietnia 2021<\/time><\/li>\n<li><div class=\"wp-block-latest-posts__featured-image alignleft\"><img loading=\"lazy\" decoding=\"async\" width=\"150\" height=\"150\" src=\"https:\/\/pans.krosno.pl\/instytut-humanistyczny\/wp-content\/uploads\/sites\/9\/2021\/04\/konferencja-Nowy-Targ-nr-1-1024x576-1-150x150.jpg\" class=\"attachment-thumbnail size-thumbnail wp-post-image\" alt=\"\" style=\"max-width:150px;max-height:150px;\" \/><\/div><a class=\"wp-block-latest-posts__post-title\" href=\"https:\/\/pans.krosno.pl\/instytut-humanistyczny\/studentki-z-kola-naukowego-tworczych-pedagogow-o-ogolnopolskiej-konferencji-nauka-talent-pasja\/\">Studentki z Ko\u0142a Naukowego Tw\u00f3rczych Pedagog\u00f3w o Og\u00f3lnopolskiej Konferencji \u201eNauka \u2013 Talent \u2013 Pasja\u201d<\/a><time datetime=\"2021-04-23T16:49:39+02:00\" class=\"wp-block-latest-posts__post-date\">23 kwietnia 2021<\/time><\/li>\n<li><div class=\"wp-block-latest-posts__featured-image alignleft\"><img loading=\"lazy\" decoding=\"async\" width=\"150\" height=\"150\" src=\"https:\/\/pans.krosno.pl\/instytut-humanistyczny\/wp-content\/uploads\/sites\/9\/2021\/04\/akcja-zonkile-150x150.jpg\" class=\"attachment-thumbnail size-thumbnail wp-post-image\" alt=\"\" style=\"max-width:150px;max-height:150px;\" \/><\/div><a class=\"wp-block-latest-posts__post-title\" href=\"https:\/\/pans.krosno.pl\/instytut-humanistyczny\/78-rocznica-wybuchu-powstania-w-getcie-warszawskim\/\">78. rocznica wybuchu Powstania w Getcie Warszawskim<\/a><time datetime=\"2021-04-19T11:26:05+02:00\" class=\"wp-block-latest-posts__post-date\">19 kwietnia 2021<\/time><\/li>\n<li><div class=\"wp-block-latest-posts__featured-image alignleft\"><img loading=\"lazy\" decoding=\"async\" width=\"150\" height=\"150\" src=\"https:\/\/pans.krosno.pl\/instytut-humanistyczny\/wp-content\/uploads\/sites\/9\/2021\/04\/Online-meeting-150x150.jpeg\" class=\"attachment-thumbnail size-thumbnail wp-post-image\" alt=\"\" style=\"max-width:150px;max-height:150px;\" \/><\/div><a class=\"wp-block-latest-posts__post-title\" href=\"https:\/\/pans.krosno.pl\/instytut-humanistyczny\/szosta-edycja-konferencji-global-issues-5-9-kwietnia-2021\/\">Sz\u00f3sta edycja konferencji Global Issues &#8211; 5-9 kwietnia 2021<\/a><time datetime=\"2021-04-02T10:48:04+02:00\" class=\"wp-block-latest-posts__post-date\">2 kwietnia 2021<\/time><\/li>\n<li><div class=\"wp-block-latest-posts__featured-image alignleft\"><img loading=\"lazy\" decoding=\"async\" width=\"150\" height=\"150\" src=\"https:\/\/pans.krosno.pl\/instytut-humanistyczny\/wp-content\/uploads\/sites\/9\/2021\/02\/okladka-Herling-miedzy-Wschodem-a-Zachodem-1-page-001mala-150x150.jpg\" class=\"attachment-thumbnail size-thumbnail wp-post-image\" alt=\"\" style=\"max-width:150px;max-height:150px;\" \/><\/div><a class=\"wp-block-latest-posts__post-title\" href=\"https:\/\/pans.krosno.pl\/instytut-humanistyczny\/most-spotkanie-wokol-ksiazki-gustaw-herling-grudzinski-miedzy-wschodem-a-zachodem\/\">Most. Spotkanie wok\u00f3\u0142 ksi\u0105\u017cki Gustaw Herling-Grudzi\u0144ski. Mi\u0119dzy Wschodem a Zachodem.<\/a><time datetime=\"2021-03-31T11:59:14+02:00\" class=\"wp-block-latest-posts__post-date\">31 marca 2021<\/time><\/li>\n<li><div class=\"wp-block-latest-posts__featured-image alignleft\"><img loading=\"lazy\" decoding=\"async\" width=\"150\" height=\"150\" src=\"https:\/\/pans.krosno.pl\/instytut-humanistyczny\/wp-content\/uploads\/sites\/9\/2021\/03\/1-768x397-1-150x150.png\" class=\"attachment-thumbnail size-thumbnail wp-post-image\" alt=\"\" style=\"max-width:150px;max-height:150px;\" \/><\/div><a class=\"wp-block-latest-posts__post-title\" href=\"https:\/\/pans.krosno.pl\/instytut-humanistyczny\/wirtualne-dni-otwarte\/\">Wirtualne Dni Otwarte KPU w Kro\u015bnie<\/a><time datetime=\"2021-03-28T21:06:50+02:00\" class=\"wp-block-latest-posts__post-date\">28 marca 2021<\/time><\/li>\n<li><div class=\"wp-block-latest-posts__featured-image alignleft\"><img loading=\"lazy\" decoding=\"async\" width=\"150\" height=\"150\" src=\"https:\/\/pans.krosno.pl\/instytut-humanistyczny\/wp-content\/uploads\/sites\/9\/2021\/03\/Gregoop-150x150.jpg\" class=\"attachment-thumbnail size-thumbnail wp-post-image\" alt=\"\" style=\"max-width:150px;max-height:150px;\" \/><\/div><a class=\"wp-block-latest-posts__post-title\" href=\"https:\/\/pans.krosno.pl\/instytut-humanistyczny\/prof-grzegorz-przebinda-o-bialorusi-dla-radia-krakow\/\">Prof. Grzegorz Przebinda o Bia\u0142orusi dla Radia Krak\u00f3w<\/a><time datetime=\"2021-03-28T21:05:01+02:00\" class=\"wp-block-latest-posts__post-date\">28 marca 2021<\/time><\/li>\n<li><div class=\"wp-block-latest-posts__featured-image alignleft\"><img loading=\"lazy\" decoding=\"async\" width=\"150\" height=\"150\" src=\"https:\/\/pans.krosno.pl\/instytut-humanistyczny\/wp-content\/uploads\/sites\/9\/2021\/02\/okladka-Herling-miedzy-Wschodem-a-Zachodem-1-page-001mala-150x150.jpg\" class=\"attachment-thumbnail size-thumbnail wp-post-image\" alt=\"\" style=\"max-width:150px;max-height:150px;\" \/><\/div><a class=\"wp-block-latest-posts__post-title\" href=\"https:\/\/pans.krosno.pl\/instytut-humanistyczny\/gustaw-herling-grudzinski-miedzy-wschodem-a-zachodem\/\">Spotkanie promocyjne [online] &#8211; Gustaw Herling-Grudzi\u0144ski Mi\u0119dzy Wschodem a Zachodem<\/a><time datetime=\"2021-02-24T18:24:33+01:00\" class=\"wp-block-latest-posts__post-date\">24 lutego 2021<\/time><\/li>\n<li><div class=\"wp-block-latest-posts__featured-image alignleft\"><img loading=\"lazy\" decoding=\"async\" width=\"150\" height=\"150\" src=\"https:\/\/pans.krosno.pl\/instytut-humanistyczny\/wp-content\/uploads\/sites\/9\/2021\/02\/NCK-ojczysty-dodaj-150x150.png\" class=\"attachment-thumbnail size-thumbnail wp-post-image\" alt=\"\" style=\"max-width:150px;max-height:150px;\" \/><\/div><a class=\"wp-block-latest-posts__post-title\" href=\"https:\/\/pans.krosno.pl\/instytut-humanistyczny\/miedzynarodowy-dzien-jezyka-ojczystego\/\">Mi\u0119dzynarodowy Dzie\u0144 J\u0119zyka Ojczystego<\/a><time datetime=\"2021-02-21T11:32:53+01:00\" class=\"wp-block-latest-posts__post-date\">21 lutego 2021<\/time><\/li>\n<li><div class=\"wp-block-latest-posts__featured-image alignleft\"><img loading=\"lazy\" decoding=\"async\" width=\"150\" height=\"150\" src=\"https:\/\/pans.krosno.pl\/instytut-humanistyczny\/wp-content\/uploads\/sites\/9\/2021\/02\/GLOBAL-zdjecie-dla-przyciagniecia-uwagi-150x150.png\" class=\"attachment-thumbnail size-thumbnail wp-post-image\" alt=\"\" style=\"max-width:150px;max-height:150px;\" \/><\/div><a class=\"wp-block-latest-posts__post-title\" href=\"https:\/\/pans.krosno.pl\/instytut-humanistyczny\/wolne-miejsca-na-zajeciach-global-understanding-w-semestrze-letnim-2020-2021\/\">Wolne miejsca na zaj\u0119ciach GLOBAL UNDERSTANDING w semestrze letnim  2020\/2021<\/a><time datetime=\"2021-02-15T08:13:22+01:00\" class=\"wp-block-latest-posts__post-date\">15 lutego 2021<\/time><\/li>\n<li><div class=\"wp-block-latest-posts__featured-image alignleft\"><img loading=\"lazy\" decoding=\"async\" width=\"150\" height=\"150\" src=\"https:\/\/pans.krosno.pl\/instytut-humanistyczny\/wp-content\/uploads\/sites\/9\/2021\/02\/leszek-habrat-YT-szlachecki-150x150.png\" class=\"attachment-thumbnail size-thumbnail wp-post-image\" alt=\"\" style=\"max-width:150px;max-height:150px;\" \/><\/div><a class=\"wp-block-latest-posts__post-title\" href=\"https:\/\/pans.krosno.pl\/instytut-humanistyczny\/historia-szlachty-polskiej-film-edukacyjny-z-udzialem-dra-leszka-habrata\/\">Historia szlachty polskiej: film edukacyjny z udzia\u0142em dra Leszka Habrata [lekcje online]<\/a><time datetime=\"2021-02-03T11:52:04+01:00\" class=\"wp-block-latest-posts__post-date\">3 lutego 2021<\/time><\/li>\n<li><div class=\"wp-block-latest-posts__featured-image alignleft\"><img loading=\"lazy\" decoding=\"async\" width=\"150\" height=\"150\" src=\"https:\/\/pans.krosno.pl\/instytut-humanistyczny\/wp-content\/uploads\/sites\/9\/2021\/01\/LigVaria-Sikora-150x150.png\" class=\"attachment-thumbnail size-thumbnail wp-post-image\" alt=\"\" style=\"max-width:150px;max-height:150px;\" srcset=\"https:\/\/pans.krosno.pl\/instytut-humanistyczny\/wp-content\/uploads\/sites\/9\/2021\/01\/LigVaria-Sikora-150x150.png 150w, https:\/\/pans.krosno.pl\/instytut-humanistyczny\/wp-content\/uploads\/sites\/9\/2021\/01\/LigVaria-Sikora-448x450.png 448w\" sizes=\"auto, (max-width: 150px) 100vw, 150px\" \/><\/div><a class=\"wp-block-latest-posts__post-title\" href=\"https:\/\/pans.krosno.pl\/instytut-humanistyczny\/zyczenie-w-gwarze-i-kulturze-wsi-nowa-publikacja-profesora-kazimierza-sikory\/\">\u017byczenie w gwarze i kulturze wsi &#8211; nowa ksi\u0105\u017cka profesora Kazimierza Sikory<\/a><time datetime=\"2021-01-19T11:56:32+01:00\" class=\"wp-block-latest-posts__post-date\">19 stycznia 2021<\/time><\/li>\n<li><div class=\"wp-block-latest-posts__featured-image alignleft\"><img loading=\"lazy\" decoding=\"async\" width=\"150\" height=\"150\" src=\"https:\/\/pans.krosno.pl\/instytut-humanistyczny\/wp-content\/uploads\/sites\/9\/2021\/01\/Tydzien-kinaniemieckiegobox-150x150.jpg\" class=\"attachment-thumbnail size-thumbnail wp-post-image\" alt=\"\" style=\"max-width:150px;max-height:150px;\" \/><\/div><a class=\"wp-block-latest-posts__post-title\" href=\"https:\/\/pans.krosno.pl\/instytut-humanistyczny\/tydzien-kina-niemieckiego-online-22-29-01-2021\/\">Tydzie\u0144 Kina Niemieckiego online 22-29.01.2021<\/a><time datetime=\"2021-01-17T17:49:17+01:00\" class=\"wp-block-latest-posts__post-date\">17 stycznia 2021<\/time><\/li>\n<li><div class=\"wp-block-latest-posts__featured-image alignleft\"><img loading=\"lazy\" decoding=\"async\" width=\"150\" height=\"139\" src=\"https:\/\/pans.krosno.pl\/instytut-humanistyczny\/wp-content\/uploads\/sites\/9\/2021\/01\/Screenshot-150x139.png\" class=\"attachment-thumbnail size-thumbnail wp-post-image\" alt=\"\" style=\"max-width:150px;max-height:150px;\" \/><\/div><a class=\"wp-block-latest-posts__post-title\" href=\"https:\/\/pans.krosno.pl\/instytut-humanistyczny\/ukazal-sie-iii-numer-czasopisma-humanistycznego-studia-pigoniana\/\">Ukaza\u0142 si\u0119 3 numer czasopisma humanistycznego &#8222;Studia Pigoniana&#8221;<\/a><time datetime=\"2021-01-10T17:43:27+01:00\" class=\"wp-block-latest-posts__post-date\">10 stycznia 2021<\/time><\/li>\n<li><div class=\"wp-block-latest-posts__featured-image alignleft\"><img loading=\"lazy\" decoding=\"async\" width=\"150\" height=\"150\" src=\"https:\/\/pans.krosno.pl\/instytut-humanistyczny\/wp-content\/uploads\/sites\/9\/2021\/01\/sikora-150x150.png\" class=\"attachment-thumbnail size-thumbnail wp-post-image\" alt=\"\" style=\"max-width:150px;max-height:150px;\" \/><\/div><a class=\"wp-block-latest-posts__post-title\" href=\"https:\/\/pans.krosno.pl\/instytut-humanistyczny\/o-nieoczekiwanych-pozytkach-z-koronawirusa-covidowej-lektury-i-o-biedzie-felieton\/\">O nieoczekiwanych po\u017cytkach z koronawirusa, covidowej lektury i o biedzie &#8211; felieton<\/a><time datetime=\"2021-01-08T09:10:00+01:00\" class=\"wp-block-latest-posts__post-date\">8 stycznia 2021<\/time><\/li>\n<li><div class=\"wp-block-latest-posts__featured-image alignleft\"><img loading=\"lazy\" decoding=\"async\" width=\"150\" height=\"150\" src=\"https:\/\/pans.krosno.pl\/instytut-humanistyczny\/wp-content\/uploads\/sites\/9\/2020\/12\/Covid-vaccine-150x150.jpg\" class=\"attachment-thumbnail size-thumbnail wp-post-image\" alt=\"\" style=\"max-width:150px;max-height:150px;\" \/><\/div><a class=\"wp-block-latest-posts__post-title\" href=\"https:\/\/pans.krosno.pl\/instytut-humanistyczny\/a-ty-dla-kogo-sie-zaszczepisz-dlaczego-warto-zaszczepic-sie-przeciwko-covid-19\/\">A Ty dla kogo si\u0119 zaszczepisz? Dlaczego warto  zaszczepi\u0107 si\u0119 przeciwko COVID-19.<\/a><time datetime=\"2020-12-30T10:24:10+01:00\" class=\"wp-block-latest-posts__post-date\">30 grudnia 2020<\/time><\/li>\n<li><div class=\"wp-block-latest-posts__featured-image alignleft\"><img loading=\"lazy\" decoding=\"async\" width=\"150\" height=\"150\" src=\"https:\/\/pans.krosno.pl\/instytut-humanistyczny\/wp-content\/uploads\/sites\/9\/2020\/12\/Zyczenia-ogolne-BN-2020-150x150.jpg\" class=\"attachment-thumbnail size-thumbnail wp-post-image\" alt=\"\" style=\"max-width:150px;max-height:150px;\" \/><\/div><a class=\"wp-block-latest-posts__post-title\" href=\"https:\/\/pans.krosno.pl\/instytut-humanistyczny\/zyczenia-swiateczne-2020\/\">\u017byczenia \u015awi\u0105teczne 2020<\/a><time datetime=\"2020-12-24T10:05:34+01:00\" class=\"wp-block-latest-posts__post-date\">24 grudnia 2020<\/time><\/li>\n<li><div class=\"wp-block-latest-posts__featured-image alignleft\"><img loading=\"lazy\" decoding=\"async\" width=\"150\" height=\"150\" src=\"https:\/\/pans.krosno.pl\/instytut-humanistyczny\/wp-content\/uploads\/sites\/9\/2020\/12\/pigon-150x150.jpg\" class=\"attachment-thumbnail size-thumbnail wp-post-image\" alt=\"\" style=\"max-width:150px;max-height:150px;\" \/><\/div><a class=\"wp-block-latest-posts__post-title\" href=\"https:\/\/pans.krosno.pl\/instytut-humanistyczny\/spotkanie-promocyjne-stanislaw-pigon-z-komborni-w-swiat-wspominki-z-obozu-w-sachsenhausen\/\">Spotkanie promocyjne \u201eStanis\u0142aw Pigo\u0144 \u2013 Z Komborni w \u015bwiat. Wspominki z obozu w Sachsenhausen\u201d<\/a><time datetime=\"2020-12-17T11:50:49+01:00\" class=\"wp-block-latest-posts__post-date\">17 grudnia 2020<\/time><\/li>\n<li><div class=\"wp-block-latest-posts__featured-image alignleft\"><img loading=\"lazy\" decoding=\"async\" width=\"150\" height=\"150\" src=\"https:\/\/pans.krosno.pl\/instytut-humanistyczny\/wp-content\/uploads\/sites\/9\/2020\/12\/03-150x150.jpg\" class=\"attachment-thumbnail size-thumbnail wp-post-image\" alt=\"\" style=\"max-width:150px;max-height:150px;\" \/><\/div><a class=\"wp-block-latest-posts__post-title\" href=\"https:\/\/pans.krosno.pl\/instytut-humanistyczny\/dialog-po-rosyjsku-2020-od-karpat-po-ural\/\">Dialog po rosyjsku 2020 &#8211; od Karpat po Ural<\/a><time datetime=\"2020-12-16T12:27:00+01:00\" class=\"wp-block-latest-posts__post-date\">16 grudnia 2020<\/time><\/li>\n<li><div class=\"wp-block-latest-posts__featured-image alignleft\"><img loading=\"lazy\" decoding=\"async\" width=\"150\" height=\"150\" src=\"https:\/\/pans.krosno.pl\/instytut-humanistyczny\/wp-content\/uploads\/sites\/9\/2020\/12\/slowa-na-wojne-150x150.png\" class=\"attachment-thumbnail size-thumbnail wp-post-image\" alt=\"\" style=\"max-width:150px;max-height:150px;\" \/><\/div><a class=\"wp-block-latest-posts__post-title\" href=\"https:\/\/pans.krosno.pl\/instytut-humanistyczny\/slowa-poszly-na-wojne-rozmowa-z-prof-kazimierzem-sikora-plus-minus-48-1445-5-6-grudnia-2020-r\/\">Kazimierz Sikora: Elity ponosz\u0105 odpowiedzialno\u015b\u0107 za j\u0119zyk (Plus Minus 48 (1445) 5-6 grudnia 2020 r)<\/a><time datetime=\"2020-12-09T12:49:50+01:00\" class=\"wp-block-latest-posts__post-date\">9 grudnia 2020<\/time><\/li>\n<li><div class=\"wp-block-latest-posts__featured-image alignleft\"><img loading=\"lazy\" decoding=\"async\" width=\"150\" height=\"150\" src=\"https:\/\/pans.krosno.pl\/instytut-humanistyczny\/wp-content\/uploads\/sites\/9\/2020\/12\/miklolaj-2020-150x150.jpg\" class=\"attachment-thumbnail size-thumbnail wp-post-image\" alt=\"\" style=\"max-width:150px;max-height:150px;\" \/><\/div><a class=\"wp-block-latest-posts__post-title\" href=\"https:\/\/pans.krosno.pl\/instytut-humanistyczny\/z-okazji-dnia-sw-mikolaja-studenci-pedagogiki-odwiedzili-uczniow-specjalnego-osrodka-szkolno-wychowawczego-w-krosnie\/\">Z okazji dnia \u015bw. Miko\u0142aja studenci pedagogiki odwiedzili uczni\u00f3w Specjalnego O\u015brodka Szkolno \u2013 Wychowawczego w Kro\u015bnie<\/a><time datetime=\"2020-12-08T09:49:48+01:00\" class=\"wp-block-latest-posts__post-date\">8 grudnia 2020<\/time><\/li>\n<li><div class=\"wp-block-latest-posts__featured-image alignleft\"><img loading=\"lazy\" decoding=\"async\" width=\"150\" height=\"150\" src=\"https:\/\/pans.krosno.pl\/instytut-humanistyczny\/wp-content\/uploads\/sites\/9\/2020\/12\/DSC_9743-1024x684-1-150x150.jpg\" class=\"attachment-thumbnail size-thumbnail wp-post-image\" alt=\"\" style=\"max-width:150px;max-height:150px;\" \/><\/div><a class=\"wp-block-latest-posts__post-title\" href=\"https:\/\/pans.krosno.pl\/instytut-humanistyczny\/sprawozdanie-z-posiedzenia-kolegium-instytutu-humanistycznego-4-xii-2020\/\">Sprawozdanie z posiedzenia Kolegium Instytutu Humanistycznego (4.12.2020)<\/a><time datetime=\"2020-12-08T09:39:24+01:00\" class=\"wp-block-latest-posts__post-date\">8 grudnia 2020<\/time><\/li>\n<li><div class=\"wp-block-latest-posts__featured-image alignleft\"><img loading=\"lazy\" decoding=\"async\" width=\"150\" height=\"150\" src=\"https:\/\/pans.krosno.pl\/instytut-humanistyczny\/wp-content\/uploads\/sites\/9\/2020\/11\/mlodziezowe-slowo-roku-2020_pwn-1536x866-1-150x150.jpg\" class=\"attachment-thumbnail size-thumbnail wp-post-image\" alt=\"\" style=\"max-width:150px;max-height:150px;\" \/><\/div><a class=\"wp-block-latest-posts__post-title\" href=\"https:\/\/pans.krosno.pl\/instytut-humanistyczny\/mlodziezowe-slowo-roku-2020-plebiscyt\/\">M\u0142odzie\u017cowe S\u0142owo Roku 2020 &#8211; plebiscyt<\/a><time datetime=\"2020-11-19T09:17:16+01:00\" class=\"wp-block-latest-posts__post-date\">19 listopada 2020<\/time><\/li>\n<li><div class=\"wp-block-latest-posts__featured-image alignleft\"><img loading=\"lazy\" decoding=\"async\" width=\"150\" height=\"150\" src=\"https:\/\/pans.krosno.pl\/instytut-humanistyczny\/wp-content\/uploads\/sites\/9\/2020\/10\/pexels-photo-936137-150x150.jpeg\" class=\"attachment-thumbnail size-thumbnail wp-post-image\" alt=\"\" style=\"max-width:150px;max-height:150px;\" \/><\/div><a class=\"wp-block-latest-posts__post-title\" href=\"https:\/\/pans.krosno.pl\/instytut-humanistyczny\/miedzynarodowe-zajecia-global-business-w-instytucie-humanistycznym\/\">Mi\u0119dzynarodowe zaj\u0119cia &#8222;Global Business&#8221; w  Instytucie Humanistycznym<\/a><time datetime=\"2020-10-19T23:03:04+02:00\" class=\"wp-block-latest-posts__post-date\">19 pa\u017adziernika 2020<\/time><\/li>\n<li><div class=\"wp-block-latest-posts__featured-image alignleft\"><img loading=\"lazy\" decoding=\"async\" width=\"150\" height=\"150\" src=\"https:\/\/pans.krosno.pl\/instytut-humanistyczny\/wp-content\/uploads\/sites\/9\/2020\/10\/inauguracja-150x150.jpg\" class=\"attachment-thumbnail size-thumbnail wp-post-image\" alt=\"\" style=\"max-width:150px;max-height:150px;\" \/><\/div><a class=\"wp-block-latest-posts__post-title\" href=\"https:\/\/pans.krosno.pl\/instytut-humanistyczny\/inauguracja-roku-akademickiego-2020-2021\/\">Inauguracja roku akademickiego 2020\/2021<\/a><time datetime=\"2020-10-10T20:05:22+02:00\" class=\"wp-block-latest-posts__post-date\">10 pa\u017adziernika 2020<\/time><\/li>\n<li><div class=\"wp-block-latest-posts__featured-image alignleft\"><img loading=\"lazy\" decoding=\"async\" width=\"150\" height=\"150\" src=\"https:\/\/pans.krosno.pl\/instytut-humanistyczny\/wp-content\/uploads\/sites\/9\/2020\/10\/Raport-150x150.jpeg\" class=\"attachment-thumbnail size-thumbnail wp-post-image\" alt=\"\" style=\"max-width:150px;max-height:150px;\" \/><\/div><a class=\"wp-block-latest-posts__post-title\" href=\"https:\/\/pans.krosno.pl\/instytut-humanistyczny\/raport-samooceny-kierunku-filologia-2020\/\">Raport samooceny kierunku Filologia (2020)<\/a><time datetime=\"2020-10-09T19:58:00+02:00\" class=\"wp-block-latest-posts__post-date\">9 pa\u017adziernika 2020<\/time><\/li>\n<li><div class=\"wp-block-latest-posts__featured-image alignleft\"><img loading=\"lazy\" decoding=\"async\" width=\"150\" height=\"150\" src=\"https:\/\/pans.krosno.pl\/instytut-humanistyczny\/wp-content\/uploads\/sites\/9\/2020\/10\/MLW2020-150x150.png\" class=\"attachment-thumbnail size-thumbnail wp-post-image\" alt=\"\" style=\"max-width:150px;max-height:150px;\" \/><\/div><a class=\"wp-block-latest-posts__post-title\" href=\"https:\/\/pans.krosno.pl\/instytut-humanistyczny\/unesco-mobile-learning-week-2020\/\">UNESCO Mobile Learning Week 2020<\/a><time datetime=\"2020-10-08T20:28:00+02:00\" class=\"wp-block-latest-posts__post-date\">8 pa\u017adziernika 2020<\/time><\/li>\n<li><div class=\"wp-block-latest-posts__featured-image alignleft\"><img loading=\"lazy\" decoding=\"async\" width=\"150\" height=\"150\" src=\"https:\/\/pans.krosno.pl\/instytut-humanistyczny\/wp-content\/uploads\/sites\/9\/2020\/09\/pexels-photo-4240610-150x150.jpeg\" class=\"attachment-thumbnail size-thumbnail wp-post-image\" alt=\"\" style=\"max-width:150px;max-height:150px;\" \/><\/div><a class=\"wp-block-latest-posts__post-title\" href=\"https:\/\/pans.krosno.pl\/instytut-humanistyczny\/uwaga-studenci-i-roku-informacyjna-wideokonferencja-zoom-dla-studentow-i-roku-w-instytucie-humanistycznym\/\">UWAGA studenci I roku: informacyjna wideokonferencja ZOOM dla student\u00f3w I roku w Instytucie Humanistycznym<\/a><time datetime=\"2020-09-29T16:37:54+02:00\" class=\"wp-block-latest-posts__post-date\">29 wrze\u015bnia 2020<\/time><\/li>\n<li><div class=\"wp-block-latest-posts__featured-image alignleft\"><img loading=\"lazy\" decoding=\"async\" width=\"150\" height=\"150\" src=\"https:\/\/pans.krosno.pl\/instytut-humanistyczny\/wp-content\/uploads\/sites\/9\/2020\/05\/logo_2-150x150.jpg\" class=\"attachment-thumbnail size-thumbnail wp-post-image\" alt=\"\" style=\"max-width:150px;max-height:150px;\" \/><\/div><a class=\"wp-block-latest-posts__post-title\" href=\"https:\/\/pans.krosno.pl\/instytut-humanistyczny\/ubezpieczenie-od-nastepstw-nieszczesliwych-wypadkow-studentow-kpu-2020-2021\/\">Ubezpieczenie od nast\u0119pstw nieszcz\u0119\u015bliwych wypadk\u00f3w student\u00f3w KPU &#8211; 2020\/2021<\/a><time datetime=\"2020-09-25T11:43:00+02:00\" class=\"wp-block-latest-posts__post-date\">25 wrze\u015bnia 2020<\/time><\/li>\n<li><div class=\"wp-block-latest-posts__featured-image alignleft\"><img loading=\"lazy\" decoding=\"async\" width=\"150\" height=\"150\" src=\"https:\/\/pans.krosno.pl\/instytut-humanistyczny\/wp-content\/uploads\/sites\/9\/2020\/09\/wera-mask-150x150.jpg\" class=\"attachment-thumbnail size-thumbnail wp-post-image\" alt=\"\" style=\"max-width:150px;max-height:150px;\" \/><\/div><a class=\"wp-block-latest-posts__post-title\" href=\"https:\/\/pans.krosno.pl\/instytut-humanistyczny\/komunikat-rektora-forma-ksztalcenia-w-roku-akademickim-2020-2021\/\">Kszta\u0142cenie w roku akademickim 2020\/2021 w formie mieszanej<\/a><time datetime=\"2020-09-17T11:06:23+02:00\" class=\"wp-block-latest-posts__post-date\">17 wrze\u015bnia 2020<\/time><\/li>\n<li><div class=\"wp-block-latest-posts__featured-image alignleft\"><img loading=\"lazy\" decoding=\"async\" width=\"150\" height=\"150\" src=\"https:\/\/pans.krosno.pl\/instytut-humanistyczny\/wp-content\/uploads\/sites\/9\/2020\/09\/IMG_20200908_150403-150x150.png\" class=\"attachment-thumbnail size-thumbnail wp-post-image\" alt=\"\" style=\"max-width:150px;max-height:150px;\" \/><\/div><a class=\"wp-block-latest-posts__post-title\" href=\"https:\/\/pans.krosno.pl\/instytut-humanistyczny\/przeklady-studentow-z-instytutu-humanistycznego-na-wystawie-andy-warhols-life-and-death-w-krosnienskim-bwa\/\">T\u0142umaczenia student\u00f3w z Instytutu Humanistycznego na wystawie &#8222;Andy Warhol&#8217;s life and death&#8221; w kro\u015bnie\u0144skim BWA<\/a><time datetime=\"2020-09-10T11:52:44+02:00\" class=\"wp-block-latest-posts__post-date\">10 wrze\u015bnia 2020<\/time><\/li>\n<li><div class=\"wp-block-latest-posts__featured-image alignleft\"><img loading=\"lazy\" decoding=\"async\" width=\"150\" height=\"150\" src=\"https:\/\/pans.krosno.pl\/instytut-humanistyczny\/wp-content\/uploads\/sites\/9\/2020\/09\/learn-pexels-150x150.jpeg\" class=\"attachment-thumbnail size-thumbnail wp-post-image\" alt=\"\" style=\"max-width:150px;max-height:150px;\" \/><\/div><a class=\"wp-block-latest-posts__post-title\" href=\"https:\/\/pans.krosno.pl\/instytut-humanistyczny\/o-ile-wiecej-mozna-zarobic-znajac-dobrze-jezyk-angielski\/\">O ile wi\u0119cej mo\u017cna zarobi\u0107 znaj\u0105c (dobrze) j\u0119zyk angielski?<\/a><time datetime=\"2020-09-08T07:35:51+02:00\" class=\"wp-block-latest-posts__post-date\">8 wrze\u015bnia 2020<\/time><\/li>\n<li><div class=\"wp-block-latest-posts__featured-image alignleft\"><img loading=\"lazy\" decoding=\"async\" width=\"150\" height=\"150\" src=\"https:\/\/pans.krosno.pl\/instytut-humanistyczny\/wp-content\/uploads\/sites\/9\/2020\/08\/pexels-photo-704767-150x150.jpeg\" class=\"attachment-thumbnail size-thumbnail wp-post-image\" alt=\"\" style=\"max-width:150px;max-height:150px;\" \/><\/div><a class=\"wp-block-latest-posts__post-title\" href=\"https:\/\/pans.krosno.pl\/instytut-humanistyczny\/super-piatka-piec-nowych-kierunkow-studiow-w-instytucie-humanistycznym\/\">Super pi\u0105tka! Pi\u0119\u0107 nowych kierunk\u00f3w studi\u00f3w w Instytucie Humanistycznym w roku akademickim 2020\/2021<\/a><time datetime=\"2020-08-17T19:14:42+02:00\" class=\"wp-block-latest-posts__post-date\">17 sierpnia 2020<\/time><\/li>\n<li><div class=\"wp-block-latest-posts__featured-image alignleft\"><img loading=\"lazy\" decoding=\"async\" width=\"150\" height=\"150\" src=\"https:\/\/pans.krosno.pl\/instytut-humanistyczny\/wp-content\/uploads\/sites\/9\/2020\/08\/pexels-photo-267885-150x150.jpeg\" class=\"attachment-thumbnail size-thumbnail wp-post-image\" alt=\"\" style=\"max-width:150px;max-height:150px;\" \/><\/div><a class=\"wp-block-latest-posts__post-title\" href=\"https:\/\/pans.krosno.pl\/instytut-humanistyczny\/instytut-humanistyczny-w-latach-2012-2020\/\">Instytut Humanistyczny w latach 2012-2020 &#8211; raport<\/a><time datetime=\"2020-08-11T11:55:52+02:00\" class=\"wp-block-latest-posts__post-date\">11 sierpnia 2020<\/time><\/li>\n<li><div class=\"wp-block-latest-posts__featured-image alignleft\"><img loading=\"lazy\" decoding=\"async\" width=\"150\" height=\"150\" src=\"https:\/\/pans.krosno.pl\/instytut-humanistyczny\/wp-content\/uploads\/sites\/9\/2020\/07\/ziejka-profesor-krosno-150x150.jpg\" class=\"attachment-thumbnail size-thumbnail wp-post-image\" alt=\"\" style=\"max-width:150px;max-height:150px;\" \/><\/div><a class=\"wp-block-latest-posts__post-title\" href=\"https:\/\/pans.krosno.pl\/instytut-humanistyczny\/zmarl-prof-franciszek-ziejka-zasluzony-dla-karpackiej-panstwowej-uczelni-w-krosnie-rektor-uj-w-latach-1999-2005\/\">Zmar\u0142 prof. Franciszek Ziejka, zas\u0142u\u017cony dla Karpackiej Pa\u0144stwowej Uczelni  w Kro\u015bnie, rektor UJ w latach 1999-2005<\/a><time datetime=\"2020-07-20T10:30:14+02:00\" class=\"wp-block-latest-posts__post-date\">20 lipca 2020<\/time><\/li>\n<li><div class=\"wp-block-latest-posts__featured-image alignleft\"><img loading=\"lazy\" decoding=\"async\" width=\"150\" height=\"150\" src=\"https:\/\/pans.krosno.pl\/instytut-humanistyczny\/wp-content\/uploads\/sites\/9\/2020\/07\/riga2020-150x150.jpg\" class=\"attachment-thumbnail size-thumbnail wp-post-image\" alt=\"\" style=\"max-width:150px;max-height:150px;\" \/><\/div><a class=\"wp-block-latest-posts__post-title\" href=\"https:\/\/pans.krosno.pl\/instytut-humanistyczny\/relacje-z-tegorocznych-spotkan-telekonferencyjnych-ze-studentami-lotewskiej-akademii-kultury-w-rydze\/\">Relacje student\u00f3w z tegorocznych spotka\u0144 telekonferencyjnych ze studentami \u0141otewskiej Akademii Kultury w Rydze<\/a><time datetime=\"2020-07-09T12:39:01+02:00\" class=\"wp-block-latest-posts__post-date\">9 lipca 2020<\/time><\/li>\n<li><div class=\"wp-block-latest-posts__featured-image alignleft\"><img loading=\"lazy\" decoding=\"async\" width=\"150\" height=\"150\" src=\"https:\/\/pans.krosno.pl\/instytut-humanistyczny\/wp-content\/uploads\/sites\/9\/2020\/07\/digitalmarketing-150x150.jpeg\" class=\"attachment-thumbnail size-thumbnail wp-post-image\" alt=\"\" style=\"max-width:150px;max-height:150px;\" \/><\/div><a class=\"wp-block-latest-posts__post-title\" href=\"https:\/\/pans.krosno.pl\/instytut-humanistyczny\/nowy-kierunek-studiow-w-instytucie-humanistycznym-marketing-internetowy\/\">Nowy kierunek studi\u00f3w w Instytucie Humanistycznym- Marketing internetowy (studia dualne)<\/a><time datetime=\"2020-07-03T09:41:16+02:00\" class=\"wp-block-latest-posts__post-date\">3 lipca 2020<\/time><\/li>\n<li><div class=\"wp-block-latest-posts__featured-image alignleft\"><img loading=\"lazy\" decoding=\"async\" width=\"150\" height=\"150\" src=\"https:\/\/pans.krosno.pl\/instytut-humanistyczny\/wp-content\/uploads\/sites\/9\/2020\/06\/mim2020-150x150.png\" class=\"attachment-thumbnail size-thumbnail wp-post-image\" alt=\"\" style=\"max-width:150px;max-height:150px;\" \/><\/div><a class=\"wp-block-latest-posts__post-title\" href=\"https:\/\/pans.krosno.pl\/instytut-humanistyczny\/krosnienski-przeklad-mistrza-i-malgorzaty\/\">Kro\u015bnie\u0144ski przek\u0142ad &#8222;Mistrza i Ma\u0142gorzaty&#8221;<\/a><time datetime=\"2020-06-15T07:43:08+02:00\" class=\"wp-block-latest-posts__post-date\">15 czerwca 2020<\/time><\/li>\n<li><div class=\"wp-block-latest-posts__featured-image alignleft\"><img loading=\"lazy\" decoding=\"async\" width=\"150\" height=\"150\" src=\"https:\/\/pans.krosno.pl\/instytut-humanistyczny\/wp-content\/uploads\/sites\/9\/2020\/03\/l3uW3JumZVWqkYlkZApenderecki_fidrychbw-150x150.jpg\" class=\"attachment-thumbnail size-thumbnail wp-post-image\" alt=\"\" style=\"max-width:150px;max-height:150px;\" \/><\/div><a class=\"wp-block-latest-posts__post-title\" href=\"https:\/\/pans.krosno.pl\/instytut-humanistyczny\/krzysztof-penderecki-1933-2020\/\">Krzysztof Penderecki (1933-2020)<\/a><time datetime=\"2020-03-29T15:37:19+02:00\" class=\"wp-block-latest-posts__post-date\">29 marca 2020<\/time><\/li>\n<li><div class=\"wp-block-latest-posts__featured-image alignleft\"><img loading=\"lazy\" decoding=\"async\" width=\"150\" height=\"150\" src=\"https:\/\/pans.krosno.pl\/instytut-humanistyczny\/wp-content\/uploads\/sites\/9\/2020\/03\/global_baner-150x150.png\" class=\"attachment-thumbnail size-thumbnail wp-post-image\" alt=\"\" style=\"max-width:150px;max-height:150px;\" \/><\/div><a class=\"wp-block-latest-posts__post-title\" href=\"https:\/\/pans.krosno.pl\/instytut-humanistyczny\/global-issues-conference-5\/\">Global Issues Conference 5<\/a><time datetime=\"2020-03-26T15:41:00+01:00\" class=\"wp-block-latest-posts__post-date\">26 marca 2020<\/time><\/li>\n<li><div class=\"wp-block-latest-posts__featured-image alignleft\"><img loading=\"lazy\" decoding=\"async\" width=\"150\" height=\"150\" src=\"https:\/\/pans.krosno.pl\/instytut-humanistyczny\/wp-content\/uploads\/sites\/9\/2020\/03\/l3uW3JumZVWqkYlkZApexels-photo-935743-150x150.jpeg\" class=\"attachment-thumbnail size-thumbnail wp-post-image\" alt=\"\" style=\"max-width:150px;max-height:150px;\" \/><\/div><a class=\"wp-block-latest-posts__post-title\" href=\"https:\/\/pans.krosno.pl\/instytut-humanistyczny\/ict-and-its-role-in-preparing-future-teachers-for-the-the-21st-century-schools\/\">ICT and its role in preparing future teachers for the  &#8211; the 21st century schools<\/a><time datetime=\"2020-03-25T16:49:00+01:00\" class=\"wp-block-latest-posts__post-date\">25 marca 2020<\/time><\/li>\n<li><div class=\"wp-block-latest-posts__featured-image alignleft\"><img loading=\"lazy\" decoding=\"async\" width=\"150\" height=\"150\" src=\"https:\/\/pans.krosno.pl\/instytut-humanistyczny\/wp-content\/uploads\/sites\/9\/2020\/03\/img_20200317_132643-150x150.png\" class=\"attachment-thumbnail size-thumbnail wp-post-image\" alt=\"\" style=\"max-width:150px;max-height:150px;\" \/><\/div><a class=\"wp-block-latest-posts__post-title\" href=\"https:\/\/pans.krosno.pl\/instytut-humanistyczny\/instytut-humanistyczny-kontynuuje-miedzynarodowe-zajecia-telekonferencyjne\/\">Instytut Humanistyczny kontynuuje mi\u0119dzynarodowe zaj\u0119cia telekonferencyjne<\/a><time datetime=\"2020-03-17T17:01:00+01:00\" class=\"wp-block-latest-posts__post-date\">17 marca 2020<\/time><\/li>\n<li><div class=\"wp-block-latest-posts__featured-image alignleft\"><img loading=\"lazy\" decoding=\"async\" width=\"150\" height=\"150\" src=\"https:\/\/pans.krosno.pl\/instytut-humanistyczny\/wp-content\/uploads\/sites\/9\/2020\/03\/diana1-1-150x150.jpg\" class=\"attachment-thumbnail size-thumbnail wp-post-image\" alt=\"\" style=\"max-width:150px;max-height:150px;\" srcset=\"https:\/\/pans.krosno.pl\/instytut-humanistyczny\/wp-content\/uploads\/sites\/9\/2020\/03\/diana1-1-150x150.jpg 150w, https:\/\/pans.krosno.pl\/instytut-humanistyczny\/wp-content\/uploads\/sites\/9\/2020\/03\/diana1-1-300x300.jpg 300w, https:\/\/pans.krosno.pl\/instytut-humanistyczny\/wp-content\/uploads\/sites\/9\/2020\/03\/diana1-1-580x580.jpg 580w, https:\/\/pans.krosno.pl\/instytut-humanistyczny\/wp-content\/uploads\/sites\/9\/2020\/03\/diana1-1.jpg 740w\" sizes=\"auto, (max-width: 150px) 100vw, 150px\" \/><\/div><a class=\"wp-block-latest-posts__post-title\" href=\"https:\/\/pans.krosno.pl\/instytut-humanistyczny\/wyjazd-nauczyl-mnie-wiele-samodzielnosci-odpowiedzialnosci-i-organizacji\/\">&#8222;Wyjazd nauczy\u0142 mnie wiele samodzielno\u015bci, odpowiedzialno\u015bci i organizacji&#8221;<\/a><time datetime=\"2020-03-10T17:08:00+01:00\" class=\"wp-block-latest-posts__post-date\">10 marca 2020<\/time><\/li>\n<li><div class=\"wp-block-latest-posts__featured-image alignleft\"><img loading=\"lazy\" decoding=\"async\" width=\"150\" height=\"150\" src=\"https:\/\/pans.krosno.pl\/instytut-humanistyczny\/wp-content\/uploads\/sites\/9\/2020\/03\/l3uW3JumZVWqkYlkZA1582012382_b_golabek_1-150x150.jpg\" class=\"attachment-thumbnail size-thumbnail wp-post-image\" alt=\"\" style=\"max-width:150px;max-height:150px;\" \/><\/div><a class=\"wp-block-latest-posts__post-title\" href=\"https:\/\/pans.krosno.pl\/instytut-humanistyczny\/w-przewidywalnej-przyszlosci-integracja-panstw-poradzieckich-z-ue-nie-jest-im-pisana-ale-wszystko-sie-zmienia\/\">W przewidywalnej przysz\u0142o\u015bci integracja pa\u0144stw poradzieckich z UE nie jest im pisana, ale wszystko si\u0119 zmienia.<\/a><time datetime=\"2020-03-09T17:12:00+01:00\" class=\"wp-block-latest-posts__post-date\">9 marca 2020<\/time><\/li>\n<li><div class=\"wp-block-latest-posts__featured-image alignleft\"><img loading=\"lazy\" decoding=\"async\" width=\"150\" height=\"150\" src=\"https:\/\/pans.krosno.pl\/instytut-humanistyczny\/wp-content\/uploads\/sites\/9\/2020\/03\/l3uW3JumZVWqkYlkZAwlodzimierz_bolecki-150x150.jpg\" class=\"attachment-thumbnail size-thumbnail wp-post-image\" alt=\"\" style=\"max-width:150px;max-height:150px;\" \/><\/div><a class=\"wp-block-latest-posts__post-title\" href=\"https:\/\/pans.krosno.pl\/instytut-humanistyczny\/o-tworczosci-gustawa-herlinga-grudzinskiego-prof-dr-hab-wlodzimierz-bolecki-10-marca-2020-roku-roku\/\">&#8222;O tw\u00f3rczo\u015bci Gustawa Herlinga-Grudzi\u0144skiego&#8221; &#8211; prof. dr hab. W\u0142odzimierz Bolecki &#8211; 10 marca 2020 roku roku<\/a><time datetime=\"2020-02-25T17:16:00+01:00\" class=\"wp-block-latest-posts__post-date\">25 lutego 2020<\/time><\/li>\n<li><div class=\"wp-block-latest-posts__featured-image alignleft\"><img loading=\"lazy\" decoding=\"async\" width=\"150\" height=\"150\" src=\"https:\/\/pans.krosno.pl\/instytut-humanistyczny\/wp-content\/uploads\/sites\/9\/2019\/08\/arnold_krammer_nagroda-150x150.jpg\" class=\"attachment-thumbnail size-thumbnail wp-post-image\" alt=\"\" style=\"max-width:150px;max-height:150px;\" \/><\/div><a class=\"wp-block-latest-posts__post-title\" href=\"https:\/\/pans.krosno.pl\/instytut-humanistyczny\/nagroda-imienia-arnolda-p-krammera-dla-studentow-instytutu-humanistycznego\/\">Nagroda imienia Arnolda P. Krammera dla student\u00f3w Instytutu Humanistycznego<\/a><time datetime=\"2019-08-13T15:13:58+02:00\" class=\"wp-block-latest-posts__post-date\">13 sierpnia 2019<\/time><\/li>\n<li><div class=\"wp-block-latest-posts__featured-image alignleft\"><img loading=\"lazy\" decoding=\"async\" width=\"150\" height=\"150\" src=\"https:\/\/pans.krosno.pl\/instytut-humanistyczny\/wp-content\/uploads\/sites\/9\/2019\/08\/l3uW3JumZVWqkYlkZAt4-150x150.jpg\" class=\"attachment-thumbnail size-thumbnail wp-post-image\" alt=\"\" style=\"max-width:150px;max-height:150px;\" \/><\/div><a class=\"wp-block-latest-posts__post-title\" href=\"https:\/\/pans.krosno.pl\/instytut-humanistyczny\/wspolny-polsko-rosyjski-projekt-letnia-szkola-dialog-pokolen-2019-w-rosji-dobiegl-konca\/\">Wsp\u00f3lny polsko-rosyjski projekt Letnia szko\u0142a \u201eDialog Pokole\u0144\u201d 2019 w Rosji dobieg\u0142 ko\u0144ca<\/a><time datetime=\"2019-08-13T14:53:41+02:00\" class=\"wp-block-latest-posts__post-date\">13 sierpnia 2019<\/time><\/li>\n<\/ul>\n\n\n\n\n\n","protected":false},"excerpt":{"rendered":"","protected":false},"author":27,"featured_media":0,"parent":0,"menu_order":0,"comment_status":"closed","ping_status":"closed","template":"page-templates\/template-full-width.php","meta":{"ngg_post_thumbnail":0,"footnotes":""},"class_list":["post-402","page","type-page","status-publish","hentry"],"yoast_head":"<!-- This site is optimized with the Yoast SEO Premium plugin v27.4 (Yoast SEO v27.4) - https:\/\/yoast.com\/product\/yoast-seo-premium-wordpress\/ -->\n<title>Aktualno\u015bci - Instytut Humanistyczny PANS w Kro\u015bnie<\/title>\n<meta name=\"robots\" content=\"index, follow, max-snippet:-1, max-image-preview:large, max-video-preview:-1\" \/>\n<link rel=\"canonical\" href=\"https:\/\/pans.krosno.pl\/instytut-humanistyczny\/aktualnosci-2\/\" \/>\n<meta property=\"og:locale\" content=\"pl_PL\" \/>\n<meta property=\"og:type\" content=\"article\" \/>\n<meta property=\"og:title\" content=\"Aktualno\u015bci\" \/>\n<meta property=\"og:url\" content=\"https:\/\/pans.krosno.pl\/instytut-humanistyczny\/aktualnosci-2\/\" \/>\n<meta property=\"og:site_name\" content=\"Instytut Humanistyczny PANS w Kro\u015bnie\" \/>\n<meta property=\"article:modified_time\" content=\"2025-11-21T14:18:15+00:00\" \/>\n<meta name=\"twitter:card\" content=\"summary_large_image\" \/>\n<meta name=\"twitter:label1\" content=\"Szacowany czas czytania\" \/>\n\t<meta name=\"twitter:data1\" content=\"1 minuta\" \/>\n<script type=\"application\/ld+json\" class=\"yoast-schema-graph\">{\"@context\":\"https:\\\/\\\/schema.org\",\"@graph\":[{\"@type\":\"WebPage\",\"@id\":\"https:\\\/\\\/pans.krosno.pl\\\/instytut-humanistyczny\\\/aktualnosci-2\\\/\",\"url\":\"https:\\\/\\\/pans.krosno.pl\\\/instytut-humanistyczny\\\/aktualnosci-2\\\/\",\"name\":\"Aktualno\u015bci - Instytut Humanistyczny PANS w Kro\u015bnie\",\"isPartOf\":{\"@id\":\"https:\\\/\\\/pans.krosno.pl\\\/instytut-humanistyczny\\\/#website\"},\"datePublished\":\"2020-06-02T17:57:47+00:00\",\"dateModified\":\"2025-11-21T14:18:15+00:00\",\"breadcrumb\":{\"@id\":\"https:\\\/\\\/pans.krosno.pl\\\/instytut-humanistyczny\\\/aktualnosci-2\\\/#breadcrumb\"},\"inLanguage\":\"pl-PL\",\"potentialAction\":[{\"@type\":\"ReadAction\",\"target\":[\"https:\\\/\\\/pans.krosno.pl\\\/instytut-humanistyczny\\\/aktualnosci-2\\\/\"]}]},{\"@type\":\"BreadcrumbList\",\"@id\":\"https:\\\/\\\/pans.krosno.pl\\\/instytut-humanistyczny\\\/aktualnosci-2\\\/#breadcrumb\",\"itemListElement\":[{\"@type\":\"ListItem\",\"position\":1,\"name\":\"Strona g\u0142\u00f3wna\",\"item\":\"https:\\\/\\\/pans.krosno.pl\\\/instytut-humanistyczny\\\/\"},{\"@type\":\"ListItem\",\"position\":2,\"name\":\"Aktualno\u015bci\"}]},{\"@type\":\"WebSite\",\"@id\":\"https:\\\/\\\/pans.krosno.pl\\\/instytut-humanistyczny\\\/#website\",\"url\":\"https:\\\/\\\/pans.krosno.pl\\\/instytut-humanistyczny\\\/\",\"name\":\"Instytut Humanistyczny PANS w Kro\u015bnie\",\"description\":\"Instytut Humanistyczny - Pa\u0144stwowa Akademia Nauk Stosowanych\",\"publisher\":{\"@id\":\"https:\\\/\\\/pans.krosno.pl\\\/instytut-humanistyczny\\\/#organization\"},\"potentialAction\":[{\"@type\":\"SearchAction\",\"target\":{\"@type\":\"EntryPoint\",\"urlTemplate\":\"https:\\\/\\\/pans.krosno.pl\\\/instytut-humanistyczny\\\/?s={search_term_string}\"},\"query-input\":{\"@type\":\"PropertyValueSpecification\",\"valueRequired\":true,\"valueName\":\"search_term_string\"}}],\"inLanguage\":\"pl-PL\"},{\"@type\":\"Organization\",\"@id\":\"https:\\\/\\\/pans.krosno.pl\\\/instytut-humanistyczny\\\/#organization\",\"name\":\"Instytut Humanistyczny PANS w Kro\u015bnie\",\"url\":\"https:\\\/\\\/pans.krosno.pl\\\/instytut-humanistyczny\\\/\",\"logo\":{\"@type\":\"ImageObject\",\"inLanguage\":\"pl-PL\",\"@id\":\"https:\\\/\\\/pans.krosno.pl\\\/instytut-humanistyczny\\\/#\\\/schema\\\/logo\\\/image\\\/\",\"url\":\"https:\\\/\\\/pans.krosno.pl\\\/instytut-humanistyczny\\\/wp-content\\\/uploads\\\/sites\\\/9\\\/2023\\\/01\\\/Logo-PANS-2022-pelne.png\",\"contentUrl\":\"https:\\\/\\\/pans.krosno.pl\\\/instytut-humanistyczny\\\/wp-content\\\/uploads\\\/sites\\\/9\\\/2023\\\/01\\\/Logo-PANS-2022-pelne.png\",\"width\":3096,\"height\":696,\"caption\":\"Instytut Humanistyczny PANS w Kro\u015bnie\"},\"image\":{\"@id\":\"https:\\\/\\\/pans.krosno.pl\\\/instytut-humanistyczny\\\/#\\\/schema\\\/logo\\\/image\\\/\"}}]}<\/script>\n<!-- \/ Yoast SEO Premium plugin. -->","yoast_head_json":{"title":"Aktualno\u015bci - Instytut Humanistyczny PANS w Kro\u015bnie","robots":{"index":"index","follow":"follow","max-snippet":"max-snippet:-1","max-image-preview":"max-image-preview:large","max-video-preview":"max-video-preview:-1"},"canonical":"https:\/\/pans.krosno.pl\/instytut-humanistyczny\/aktualnosci-2\/","og_locale":"pl_PL","og_type":"article","og_title":"Aktualno\u015bci","og_url":"https:\/\/pans.krosno.pl\/instytut-humanistyczny\/aktualnosci-2\/","og_site_name":"Instytut Humanistyczny PANS w Kro\u015bnie","article_modified_time":"2025-11-21T14:18:15+00:00","twitter_card":"summary_large_image","twitter_misc":{"Szacowany czas czytania":"1 minuta"},"schema":{"@context":"https:\/\/schema.org","@graph":[{"@type":"WebPage","@id":"https:\/\/pans.krosno.pl\/instytut-humanistyczny\/aktualnosci-2\/","url":"https:\/\/pans.krosno.pl\/instytut-humanistyczny\/aktualnosci-2\/","name":"Aktualno\u015bci - Instytut Humanistyczny PANS w Kro\u015bnie","isPartOf":{"@id":"https:\/\/pans.krosno.pl\/instytut-humanistyczny\/#website"},"datePublished":"2020-06-02T17:57:47+00:00","dateModified":"2025-11-21T14:18:15+00:00","breadcrumb":{"@id":"https:\/\/pans.krosno.pl\/instytut-humanistyczny\/aktualnosci-2\/#breadcrumb"},"inLanguage":"pl-PL","potentialAction":[{"@type":"ReadAction","target":["https:\/\/pans.krosno.pl\/instytut-humanistyczny\/aktualnosci-2\/"]}]},{"@type":"BreadcrumbList","@id":"https:\/\/pans.krosno.pl\/instytut-humanistyczny\/aktualnosci-2\/#breadcrumb","itemListElement":[{"@type":"ListItem","position":1,"name":"Strona g\u0142\u00f3wna","item":"https:\/\/pans.krosno.pl\/instytut-humanistyczny\/"},{"@type":"ListItem","position":2,"name":"Aktualno\u015bci"}]},{"@type":"WebSite","@id":"https:\/\/pans.krosno.pl\/instytut-humanistyczny\/#website","url":"https:\/\/pans.krosno.pl\/instytut-humanistyczny\/","name":"Instytut Humanistyczny PANS w Kro\u015bnie","description":"Instytut Humanistyczny - Pa\u0144stwowa Akademia Nauk Stosowanych","publisher":{"@id":"https:\/\/pans.krosno.pl\/instytut-humanistyczny\/#organization"},"potentialAction":[{"@type":"SearchAction","target":{"@type":"EntryPoint","urlTemplate":"https:\/\/pans.krosno.pl\/instytut-humanistyczny\/?s={search_term_string}"},"query-input":{"@type":"PropertyValueSpecification","valueRequired":true,"valueName":"search_term_string"}}],"inLanguage":"pl-PL"},{"@type":"Organization","@id":"https:\/\/pans.krosno.pl\/instytut-humanistyczny\/#organization","name":"Instytut Humanistyczny PANS w Kro\u015bnie","url":"https:\/\/pans.krosno.pl\/instytut-humanistyczny\/","logo":{"@type":"ImageObject","inLanguage":"pl-PL","@id":"https:\/\/pans.krosno.pl\/instytut-humanistyczny\/#\/schema\/logo\/image\/","url":"https:\/\/pans.krosno.pl\/instytut-humanistyczny\/wp-content\/uploads\/sites\/9\/2023\/01\/Logo-PANS-2022-pelne.png","contentUrl":"https:\/\/pans.krosno.pl\/instytut-humanistyczny\/wp-content\/uploads\/sites\/9\/2023\/01\/Logo-PANS-2022-pelne.png","width":3096,"height":696,"caption":"Instytut Humanistyczny PANS w Kro\u015bnie"},"image":{"@id":"https:\/\/pans.krosno.pl\/instytut-humanistyczny\/#\/schema\/logo\/image\/"}}]}},"_links":{"self":[{"href":"https:\/\/pans.krosno.pl\/instytut-humanistyczny\/wp-json\/wp\/v2\/pages\/402","targetHints":{"allow":["GET"]}}],"collection":[{"href":"https:\/\/pans.krosno.pl\/instytut-humanistyczny\/wp-json\/wp\/v2\/pages"}],"about":[{"href":"https:\/\/pans.krosno.pl\/instytut-humanistyczny\/wp-json\/wp\/v2\/types\/page"}],"author":[{"embeddable":true,"href":"https:\/\/pans.krosno.pl\/instytut-humanistyczny\/wp-json\/wp\/v2\/users\/27"}],"replies":[{"embeddable":true,"href":"https:\/\/pans.krosno.pl\/instytut-humanistyczny\/wp-json\/wp\/v2\/comments?post=402"}],"version-history":[{"count":11,"href":"https:\/\/pans.krosno.pl\/instytut-humanistyczny\/wp-json\/wp\/v2\/pages\/402\/revisions"}],"predecessor-version":[{"id":1860,"href":"https:\/\/pans.krosno.pl\/instytut-humanistyczny\/wp-json\/wp\/v2\/pages\/402\/revisions\/1860"}],"wp:attachment":[{"href":"https:\/\/pans.krosno.pl\/instytut-humanistyczny\/wp-json\/wp\/v2\/media?parent=402"}],"curies":[{"name":"wp","href":"https:\/\/api.w.org\/{rel}","templated":true}]}}