{"id":3897,"date":"2024-03-07T12:42:44","date_gmt":"2024-03-07T11:42:44","guid":{"rendered":"https:\/\/pans.krosno.pl\/fundusze-zewnetrzne\/?page_id=3897"},"modified":"2024-03-13T11:35:21","modified_gmt":"2024-03-13T10:35:21","slug":"komitet-naukowy-konferencji-miejsca-i-nie-miejsca-edukacji","status":"publish","type":"page","link":"https:\/\/pans.krosno.pl\/fundusze-zewnetrzne\/miejsca-i-nie-miejsca-edukacji\/komitet-naukowy-konferencji-miejsca-i-nie-miejsca-edukacji\/","title":{"rendered":"Komitet naukowy konferencji &#8222;Miejsca i nie-miejsca edukacji&#8221;"},"content":{"rendered":"\n<hr class=\"wp-block-separator has-alpha-channel-opacity\" \/>\n\n\n\n<p>prof. dr hab. Kazimierz Szmyd, Pa\u0144stwowa Akademia Nauk Stosowanych w Kro\u015bnie \u2013 przewodnicz\u0105cy<\/p>\n\n\n\n<p>dr hab. Zbigniew Barabasz, prof. PANS, Rektor Pa\u0144stwowej Akademii Nauk Stosowanych<\/p>\n\n\n\n<p>w Kro\u015bnie \u2013 honorowy przewodnicz\u0105cy<\/p>\n\n\n\n<p>prof. dr hab. Tadeusz Aleksander, Uniwersytet Jagiello\u0144ski w Krakowie<\/p>\n\n\n\n<p>dr hab. W\u0142adys\u0142aw Ch\u0142opicki, prof. UJ, Uniwersytet Jagiello\u0144ski w Krakowie<\/p>\n\n\n\n<p>dr hab. Henryk Cudak, prof. AH, Akademia Humanitas w Sosnowcu<\/p>\n\n\n\n<p>prof. dr hab. Waldemar Furmanek, Uniwersytet Rzeszowski<\/p>\n\n\n\n<p>dr hab. Ireneusz Kawecki, Uniwersytet Rzeszowski<\/p>\n\n\n\n<p>prof. dr hab. Janusz Kirenko, Uniwersytet Marii Curii-Sk\u0142odowskiej w Lublinie<\/p>\n\n\n\n<p>dr hab. Piotr \u0141opatkiewicz, prof. PANS, Pa\u0144stwowa Akademia Nauk Stosowanych w Kro\u015bnie<\/p>\n\n\n\n<p>prof. dr hab. Janusz Majcherek, Akademia WSB w D\u0105browie G\u00f3rniczej<\/p>\n\n\n\n<p>prof. dr hab. Albert Wojciech Maszke, Ateneum &#8211; Szko\u0142a Wy\u017csza w Gda\u0144sku<\/p>\n\n\n\n<p>prof. dr hab. Maria Mendel, Uniwersytet Gda\u0144ski<\/p>\n\n\n\n<p>prof. dr hab. Bo\u017cena Muchacka, Uniwersytet Papieski Jana Paw\u0142a II w Krakowie<\/p>\n\n\n\n<p>dr hab. Mateusz Muchacki, Uniwersytet Komisji Edukacji Narodowej w Krakowie<\/p>\n\n\n\n<p>dr hab. Jolanta Muszy\u0144ska, prof. UwB, Uniwersytet w<a> <\/a>Bia\u0142ymstoku<\/p>\n\n\n\n<p>prof. dr hab. ks. Marian Nowak, Katolicki Uniwersytet Lubelski<\/p>\n\n\n\n<p>prof. dr hab. Kazimierz O\u017c\u00f3g, Uniwersytet Rzeszowski<\/p>\n\n\n\n<p>dr hab. Ryszard P\u0119czkowski, prof. UR, Uniwersytet Rzeszowski<\/p>\n\n\n\n<p>prof. dr hab. Kazimierz Sikora, Uniwersytet Jagiello\u0144ski w Krakowie<\/p>\n\n\n\n<p>prof. dr hab. Jolanta Szempruch, Uniwersytet Rzeszowski<\/p>\n\n\n\n<p>prof. dr hab. Jan Szmyd, Uniwersytet Komisji Edukacji Narodowej w Krakowie<\/p>\n\n\n\n<p>prof. dr hab. W\u0142adys\u0142awa Szulakiewicz, Uniwersytet Ignatianum w Krakowie<\/p>\n\n\n\n<p>dr hab. Marta Uberman, prof. UR, Uniwersytet Rzeszowski<\/p>\n\n\n\n<p>dr hab. Alicja Ungeheuer-Go\u0142\u0105b, prof. PANS, Pa\u0144stwowa Akademia Nauk Stosowanych<\/p>\n\n\n\n<p>w Kro\u015bnie<\/p>\n\n\n\n<p>dr hab. Monika Wi\u015bniewska \u2013 Kin, prof. U\u0141, Uniwersytet \u0141\u00f3dzki<\/p>\n\n\n\n<p>dr hab. Marta Wro\u0144ska, prof. UR, Uniwersytet Rzeszowski<\/p>\n\n\n\n<p>prof. PhDr. Beata Balogova, PhD., MBAUniverzita v Presovie<\/p>\n\n\n\n<p>doc. RNDr. Ren\u00e1ta Bernatov\u00e1, PhD.,\u00a0Univerzita PU<\/p>\n\n\n\n<p>dr. hab. PaedDr. Melinda Nagy, PhD. Univerzita J. Selyeho, Kom\u00e1rno<\/p>\n\n\n\n<p>prof. dr hab. Yurii Pelekh, Rivnens\u02b9kyy Derzhavnyy Humanitarnyy Universytet w R\u00f3wnem<\/p>\n\n\n\n<p>dr hab.PaedDr. &nbsp;Maria Zahatnanska, PhD. Univerzita v Presovie<\/p>\n\n\n\n<hr class=\"wp-block-separator has-alpha-channel-opacity\" \/>\n","protected":false},"excerpt":{"rendered":"<p>prof. dr hab. Kazimierz Szmyd, Pa\u0144stwowa Akademia Nauk Stosowanych w Kro\u015bnie \u2013 przewodnicz\u0105cy dr hab. Zbigniew Barabasz, prof. PANS, Rektor Pa\u0144stwowej Akademii Nauk Stosowanych w Kro\u015bnie \u2013 honorowy przewodnicz\u0105cy prof. dr hab. Tadeusz Aleksander, Uniwersytet Jagiello\u0144ski w Krakowie dr hab. W\u0142adys\u0142aw Ch\u0142opicki, prof. UJ, Uniwersytet Jagiello\u0144ski w Krakowie dr hab. [\u2026] <\/p>\n<div class=\"clear\"><\/div>\n<p><a class=\"more_link clearfix\" href=\"https:\/\/pans.krosno.pl\/fundusze-zewnetrzne\/miejsca-i-nie-miejsca-edukacji\/komitet-naukowy-konferencji-miejsca-i-nie-miejsca-edukacji\/\" rel=\"nofollow\">Read More<\/a><\/p>\n","protected":false},"author":53,"featured_media":0,"parent":3748,"menu_order":0,"comment_status":"closed","ping_status":"closed","template":"","meta":{"ngg_post_thumbnail":0,"footnotes":""},"class_list":["post-3897","page","type-page","status-publish","hentry"],"yoast_head":"<!-- This site is optimized with the Yoast SEO Premium plugin v27.4 (Yoast SEO v27.4) - https:\/\/yoast.com\/product\/yoast-seo-premium-wordpress\/ -->\n<title>Komitet naukowy konferencji &quot;Miejsca i nie-miejsca edukacji&quot; - Fundusze zewn\u0119trzne PANS w Kro\u015bnie<\/title>\n<meta name=\"robots\" content=\"index, follow, max-snippet:-1, max-image-preview:large, max-video-preview:-1\" \/>\n<link rel=\"canonical\" href=\"https:\/\/pans.krosno.pl\/fundusze-zewnetrzne\/miejsca-i-nie-miejsca-edukacji\/komitet-naukowy-konferencji-miejsca-i-nie-miejsca-edukacji\/\" \/>\n<meta property=\"og:locale\" content=\"pl_PL\" \/>\n<meta property=\"og:type\" content=\"article\" \/>\n<meta property=\"og:title\" content=\"Komitet naukowy konferencji &quot;Miejsca i nie-miejsca edukacji&quot;\" \/>\n<meta property=\"og:description\" content=\"prof. dr hab. Kazimierz Szmyd, Pa\u0144stwowa Akademia Nauk Stosowanych w Kro\u015bnie \u2013 przewodnicz\u0105cy dr hab. Zbigniew Barabasz, prof. PANS, Rektor Pa\u0144stwowej Akademii Nauk Stosowanych w Kro\u015bnie \u2013 honorowy przewodnicz\u0105cy prof. dr hab. Tadeusz Aleksander, Uniwersytet Jagiello\u0144ski w Krakowie dr hab. W\u0142adys\u0142aw Ch\u0142opicki, prof. UJ, Uniwersytet Jagiello\u0144ski w Krakowie dr hab. [\u2026] Read More\" \/>\n<meta property=\"og:url\" content=\"https:\/\/pans.krosno.pl\/fundusze-zewnetrzne\/miejsca-i-nie-miejsca-edukacji\/komitet-naukowy-konferencji-miejsca-i-nie-miejsca-edukacji\/\" \/>\n<meta property=\"og:site_name\" content=\"Fundusze zewn\u0119trzne PANS w Kro\u015bnie\" \/>\n<meta property=\"article:modified_time\" content=\"2024-03-13T10:35:21+00:00\" \/>\n<meta name=\"twitter:card\" content=\"summary_large_image\" \/>\n<meta name=\"twitter:label1\" content=\"Szacowany czas czytania\" \/>\n\t<meta name=\"twitter:data1\" content=\"2 minuty\" \/>\n<script type=\"application\/ld+json\" class=\"yoast-schema-graph\">{\"@context\":\"https:\\\/\\\/schema.org\",\"@graph\":[{\"@type\":\"WebPage\",\"@id\":\"https:\\\/\\\/pans.krosno.pl\\\/fundusze-zewnetrzne\\\/miejsca-i-nie-miejsca-edukacji\\\/komitet-naukowy-konferencji-miejsca-i-nie-miejsca-edukacji\\\/\",\"url\":\"https:\\\/\\\/pans.krosno.pl\\\/fundusze-zewnetrzne\\\/miejsca-i-nie-miejsca-edukacji\\\/komitet-naukowy-konferencji-miejsca-i-nie-miejsca-edukacji\\\/\",\"name\":\"Komitet naukowy konferencji \\\"Miejsca i nie-miejsca edukacji\\\" - Fundusze zewn\u0119trzne PANS w Kro\u015bnie\",\"isPartOf\":{\"@id\":\"https:\\\/\\\/pans.krosno.pl\\\/fundusze-zewnetrzne\\\/#website\"},\"datePublished\":\"2024-03-07T11:42:44+00:00\",\"dateModified\":\"2024-03-13T10:35:21+00:00\",\"breadcrumb\":{\"@id\":\"https:\\\/\\\/pans.krosno.pl\\\/fundusze-zewnetrzne\\\/miejsca-i-nie-miejsca-edukacji\\\/komitet-naukowy-konferencji-miejsca-i-nie-miejsca-edukacji\\\/#breadcrumb\"},\"inLanguage\":\"pl-PL\",\"potentialAction\":[{\"@type\":\"ReadAction\",\"target\":[\"https:\\\/\\\/pans.krosno.pl\\\/fundusze-zewnetrzne\\\/miejsca-i-nie-miejsca-edukacji\\\/komitet-naukowy-konferencji-miejsca-i-nie-miejsca-edukacji\\\/\"]}]},{\"@type\":\"BreadcrumbList\",\"@id\":\"https:\\\/\\\/pans.krosno.pl\\\/fundusze-zewnetrzne\\\/miejsca-i-nie-miejsca-edukacji\\\/komitet-naukowy-konferencji-miejsca-i-nie-miejsca-edukacji\\\/#breadcrumb\",\"itemListElement\":[{\"@type\":\"ListItem\",\"position\":1,\"name\":\"Strona g\u0142\u00f3wna\",\"item\":\"https:\\\/\\\/pans.krosno.pl\\\/fundusze-zewnetrzne\\\/\"},{\"@type\":\"ListItem\",\"position\":2,\"name\":\"\u201eMiejsca i nie-miejsca edukacji\u201d\",\"item\":\"https:\\\/\\\/pans.krosno.pl\\\/fundusze-zewnetrzne\\\/miejsca-i-nie-miejsca-edukacji\\\/\"},{\"@type\":\"ListItem\",\"position\":3,\"name\":\"Komitet naukowy konferencji &#8222;Miejsca i nie-miejsca edukacji&#8221;\"}]},{\"@type\":\"WebSite\",\"@id\":\"https:\\\/\\\/pans.krosno.pl\\\/fundusze-zewnetrzne\\\/#website\",\"url\":\"https:\\\/\\\/pans.krosno.pl\\\/fundusze-zewnetrzne\\\/\",\"name\":\"Fundusze zewn\u0119trzne PANS w Kro\u015bnie\",\"description\":\"Fundusze zewn\u0119trzne  - Pa\u0144stwowa Akademia Nauk Stosowanych\",\"publisher\":{\"@id\":\"https:\\\/\\\/pans.krosno.pl\\\/fundusze-zewnetrzne\\\/#organization\"},\"potentialAction\":[{\"@type\":\"SearchAction\",\"target\":{\"@type\":\"EntryPoint\",\"urlTemplate\":\"https:\\\/\\\/pans.krosno.pl\\\/fundusze-zewnetrzne\\\/?s={search_term_string}\"},\"query-input\":{\"@type\":\"PropertyValueSpecification\",\"valueRequired\":true,\"valueName\":\"search_term_string\"}}],\"inLanguage\":\"pl-PL\"},{\"@type\":\"Organization\",\"@id\":\"https:\\\/\\\/pans.krosno.pl\\\/fundusze-zewnetrzne\\\/#organization\",\"name\":\"Fundusze zewn\u0119trzne PANS w Kro\u015bnie\",\"url\":\"https:\\\/\\\/pans.krosno.pl\\\/fundusze-zewnetrzne\\\/\",\"logo\":{\"@type\":\"ImageObject\",\"inLanguage\":\"pl-PL\",\"@id\":\"https:\\\/\\\/pans.krosno.pl\\\/fundusze-zewnetrzne\\\/#\\\/schema\\\/logo\\\/image\\\/\",\"url\":\"https:\\\/\\\/pans.krosno.pl\\\/fundusze-zewnetrzne\\\/wp-content\\\/uploads\\\/sites\\\/14\\\/2023\\\/01\\\/Logo-PANS-2022-pelne.png\",\"contentUrl\":\"https:\\\/\\\/pans.krosno.pl\\\/fundusze-zewnetrzne\\\/wp-content\\\/uploads\\\/sites\\\/14\\\/2023\\\/01\\\/Logo-PANS-2022-pelne.png\",\"width\":3096,\"height\":696,\"caption\":\"Fundusze zewn\u0119trzne PANS w Kro\u015bnie\"},\"image\":{\"@id\":\"https:\\\/\\\/pans.krosno.pl\\\/fundusze-zewnetrzne\\\/#\\\/schema\\\/logo\\\/image\\\/\"}}]}<\/script>\n<!-- \/ Yoast SEO Premium plugin. -->","yoast_head_json":{"title":"Komitet naukowy konferencji \"Miejsca i nie-miejsca edukacji\" - Fundusze zewn\u0119trzne PANS w Kro\u015bnie","robots":{"index":"index","follow":"follow","max-snippet":"max-snippet:-1","max-image-preview":"max-image-preview:large","max-video-preview":"max-video-preview:-1"},"canonical":"https:\/\/pans.krosno.pl\/fundusze-zewnetrzne\/miejsca-i-nie-miejsca-edukacji\/komitet-naukowy-konferencji-miejsca-i-nie-miejsca-edukacji\/","og_locale":"pl_PL","og_type":"article","og_title":"Komitet naukowy konferencji \"Miejsca i nie-miejsca edukacji\"","og_description":"prof. dr hab. Kazimierz Szmyd, Pa\u0144stwowa Akademia Nauk Stosowanych w Kro\u015bnie \u2013 przewodnicz\u0105cy dr hab. Zbigniew Barabasz, prof. PANS, Rektor Pa\u0144stwowej Akademii Nauk Stosowanych w Kro\u015bnie \u2013 honorowy przewodnicz\u0105cy prof. dr hab. Tadeusz Aleksander, Uniwersytet Jagiello\u0144ski w Krakowie dr hab. W\u0142adys\u0142aw Ch\u0142opicki, prof. UJ, Uniwersytet Jagiello\u0144ski w Krakowie dr hab. [\u2026] Read More","og_url":"https:\/\/pans.krosno.pl\/fundusze-zewnetrzne\/miejsca-i-nie-miejsca-edukacji\/komitet-naukowy-konferencji-miejsca-i-nie-miejsca-edukacji\/","og_site_name":"Fundusze zewn\u0119trzne PANS w Kro\u015bnie","article_modified_time":"2024-03-13T10:35:21+00:00","twitter_card":"summary_large_image","twitter_misc":{"Szacowany czas czytania":"2 minuty"},"schema":{"@context":"https:\/\/schema.org","@graph":[{"@type":"WebPage","@id":"https:\/\/pans.krosno.pl\/fundusze-zewnetrzne\/miejsca-i-nie-miejsca-edukacji\/komitet-naukowy-konferencji-miejsca-i-nie-miejsca-edukacji\/","url":"https:\/\/pans.krosno.pl\/fundusze-zewnetrzne\/miejsca-i-nie-miejsca-edukacji\/komitet-naukowy-konferencji-miejsca-i-nie-miejsca-edukacji\/","name":"Komitet naukowy konferencji \"Miejsca i nie-miejsca edukacji\" - Fundusze zewn\u0119trzne PANS w Kro\u015bnie","isPartOf":{"@id":"https:\/\/pans.krosno.pl\/fundusze-zewnetrzne\/#website"},"datePublished":"2024-03-07T11:42:44+00:00","dateModified":"2024-03-13T10:35:21+00:00","breadcrumb":{"@id":"https:\/\/pans.krosno.pl\/fundusze-zewnetrzne\/miejsca-i-nie-miejsca-edukacji\/komitet-naukowy-konferencji-miejsca-i-nie-miejsca-edukacji\/#breadcrumb"},"inLanguage":"pl-PL","potentialAction":[{"@type":"ReadAction","target":["https:\/\/pans.krosno.pl\/fundusze-zewnetrzne\/miejsca-i-nie-miejsca-edukacji\/komitet-naukowy-konferencji-miejsca-i-nie-miejsca-edukacji\/"]}]},{"@type":"BreadcrumbList","@id":"https:\/\/pans.krosno.pl\/fundusze-zewnetrzne\/miejsca-i-nie-miejsca-edukacji\/komitet-naukowy-konferencji-miejsca-i-nie-miejsca-edukacji\/#breadcrumb","itemListElement":[{"@type":"ListItem","position":1,"name":"Strona g\u0142\u00f3wna","item":"https:\/\/pans.krosno.pl\/fundusze-zewnetrzne\/"},{"@type":"ListItem","position":2,"name":"\u201eMiejsca i nie-miejsca edukacji\u201d","item":"https:\/\/pans.krosno.pl\/fundusze-zewnetrzne\/miejsca-i-nie-miejsca-edukacji\/"},{"@type":"ListItem","position":3,"name":"Komitet naukowy konferencji &#8222;Miejsca i nie-miejsca edukacji&#8221;"}]},{"@type":"WebSite","@id":"https:\/\/pans.krosno.pl\/fundusze-zewnetrzne\/#website","url":"https:\/\/pans.krosno.pl\/fundusze-zewnetrzne\/","name":"Fundusze zewn\u0119trzne PANS w Kro\u015bnie","description":"Fundusze zewn\u0119trzne  - Pa\u0144stwowa Akademia Nauk Stosowanych","publisher":{"@id":"https:\/\/pans.krosno.pl\/fundusze-zewnetrzne\/#organization"},"potentialAction":[{"@type":"SearchAction","target":{"@type":"EntryPoint","urlTemplate":"https:\/\/pans.krosno.pl\/fundusze-zewnetrzne\/?s={search_term_string}"},"query-input":{"@type":"PropertyValueSpecification","valueRequired":true,"valueName":"search_term_string"}}],"inLanguage":"pl-PL"},{"@type":"Organization","@id":"https:\/\/pans.krosno.pl\/fundusze-zewnetrzne\/#organization","name":"Fundusze zewn\u0119trzne PANS w Kro\u015bnie","url":"https:\/\/pans.krosno.pl\/fundusze-zewnetrzne\/","logo":{"@type":"ImageObject","inLanguage":"pl-PL","@id":"https:\/\/pans.krosno.pl\/fundusze-zewnetrzne\/#\/schema\/logo\/image\/","url":"https:\/\/pans.krosno.pl\/fundusze-zewnetrzne\/wp-content\/uploads\/sites\/14\/2023\/01\/Logo-PANS-2022-pelne.png","contentUrl":"https:\/\/pans.krosno.pl\/fundusze-zewnetrzne\/wp-content\/uploads\/sites\/14\/2023\/01\/Logo-PANS-2022-pelne.png","width":3096,"height":696,"caption":"Fundusze zewn\u0119trzne PANS w Kro\u015bnie"},"image":{"@id":"https:\/\/pans.krosno.pl\/fundusze-zewnetrzne\/#\/schema\/logo\/image\/"}}]}},"_links":{"self":[{"href":"https:\/\/pans.krosno.pl\/fundusze-zewnetrzne\/wp-json\/wp\/v2\/pages\/3897","targetHints":{"allow":["GET"]}}],"collection":[{"href":"https:\/\/pans.krosno.pl\/fundusze-zewnetrzne\/wp-json\/wp\/v2\/pages"}],"about":[{"href":"https:\/\/pans.krosno.pl\/fundusze-zewnetrzne\/wp-json\/wp\/v2\/types\/page"}],"author":[{"embeddable":true,"href":"https:\/\/pans.krosno.pl\/fundusze-zewnetrzne\/wp-json\/wp\/v2\/users\/53"}],"replies":[{"embeddable":true,"href":"https:\/\/pans.krosno.pl\/fundusze-zewnetrzne\/wp-json\/wp\/v2\/comments?post=3897"}],"version-history":[{"count":2,"href":"https:\/\/pans.krosno.pl\/fundusze-zewnetrzne\/wp-json\/wp\/v2\/pages\/3897\/revisions"}],"predecessor-version":[{"id":3907,"href":"https:\/\/pans.krosno.pl\/fundusze-zewnetrzne\/wp-json\/wp\/v2\/pages\/3897\/revisions\/3907"}],"up":[{"embeddable":true,"href":"https:\/\/pans.krosno.pl\/fundusze-zewnetrzne\/wp-json\/wp\/v2\/pages\/3748"}],"wp:attachment":[{"href":"https:\/\/pans.krosno.pl\/fundusze-zewnetrzne\/wp-json\/wp\/v2\/media?parent=3897"}],"curies":[{"name":"wp","href":"https:\/\/api.w.org\/{rel}","templated":true}]}}