{"id":3852,"date":"2024-03-01T15:09:33","date_gmt":"2024-03-01T14:09:33","guid":{"rendered":"https:\/\/pans.krosno.pl\/fundusze-zewnetrzne\/?page_id=3852"},"modified":"2024-05-06T13:28:31","modified_gmt":"2024-05-06T11:28:31","slug":"komunikaty","status":"publish","type":"page","link":"https:\/\/pans.krosno.pl\/fundusze-zewnetrzne\/miejsca-i-nie-miejsca-edukacji\/komunikaty\/","title":{"rendered":"Komunikaty"},"content":{"rendered":"\n<hr class=\"wp-block-separator has-alpha-channel-opacity\" \/>\n\n\n\n<h2 class=\"wp-block-heading has-text-align-center\" id=\"h-komunikat-nr-1\">Komunikat nr 1<\/h2>\n\n\n\n<p>Szanowni Pa\u0144stwo,<\/p>\n\n\n\n<p>Przyjmujemy, \u017ce g\u0142\u00f3wnym za\u0142o\u017ceniem poznawczo-pedagogicznym konferencji b\u0119dzie przeprowadzenie debaty naukowej oraz wymiany umiej\u0119tno\u015bci praktyczno-edukacyjnych zorientowanych na historyczne i wsp\u00f3\u0142czesne rozumienie kategorii miejsc edukacji; rodziny, szko\u0142y, stowarzysze\u0144, organizacji i innych podmiot\u00f3w \u015brodowiska naturalnego, kulturowego, cywilizacyjno-technologicznego, tak\u017ce widocznych zagro\u017ce\u0144 i szans ich przezwyci\u0119\u017cania. S\u0105dzimy, \u017ce jest potrzeba rozpatrywania tych problem\u00f3w w kontek\u015bcie; trwa\u0142o\u015bci, zmienno\u015bci, wsp\u00f3lnotowo\u015bci, warto\u015bci i antywarto\u015bci wsp\u00f3\u0142czesnego \u015bwiata. Przemiany spo\u0142eczno-kulturowe i cywilizacyjne sprawiaj\u0105, \u017ce szczeg\u00f3lnego znaczenia nabiera tematyka zagubienia \u015brodowiskowego i cywilizacyjnego niedostosowania, odrywania uczestnik\u00f3w procesu edukacji od rzeczywistych miejsc \u017cycia, w kolejnych etapach kszta\u0142cenia i samorozwoju.<\/p>\n\n\n\n<p>Problematyka konferencji wpisuje si\u0119 w nurt poszukiwa\u0144 badawczych dotycz\u0105cych realnych i symbolicznych wymiar\u00f3w \u015brodowiska \u017cycia i edukacji, do\u015bwiadczania w\u0142asnej to\u017csamo\u015bci i zakorzenienia w okre\u015blonym miejscu, psychospo\u0142ecznej zale\u017cno\u015bci od tego miejsca i wi\u0119zi z nim (H. Lefebvre 1991; M. Foucault 2006; J. Nowotniak 2006; M. Lewicka 2012; J. Muszy\u0144ska 2014; T. Sado\u0144-Osowiecka 2015; B. Dobrowolska 2019; M. Mendel 2006, 2017; H. Buczy\u0144ska-Garewicz 2006; W. Theiss, 2008; W. Danilewicz, 2016 i inni).<\/p>\n\n\n\n<p>Na tle naturalnych, kulturowych, cywilizacyjnych uwarunkowa\u0144 pragniemy w szczeg\u00f3lno\u015bci skupi\u0107 si\u0119 na aspektach pedagogicznych, kt\u00f3re maj\u0105 charakter mi\u0119dzyosobowych relacji dotycz\u0105cych, zw\u0142aszcza wsp\u00f3\u0142czesnych sens\u00f3w i humanizuj\u0105cych znacze\u0144 edukacji doby informatycznej. Miejsca i nie-miejsca edukacji cz\u0142owieka maj\u0105 r\u00f3wnie\u017c \u201epozaosobowy\u201d charakter, kt\u00f3rego sk\u0142adniki z natury rzeczy pozostaj\u0105 w \u015bcis\u0142ym zwi\u0105zku z procesami edukacyjnymi.<\/p>\n\n\n\n<p>Adresatami konferencji s\u0105 przedstawiciele \u015brodowisk akademickich (badacze i teoretycy) oraz o\u015bwiatowych (kadra kszta\u0142c\u0105ca i doskonal\u0105ca zawodowo nauczycieli, wychowawc\u00f3w i opiekun\u00f3w dzieci). S\u0105 w\u015br\u00f3d nich praktycy, nauczyciele-nowatorzy, dyrektorzy plac\u00f3wek edukacyjnych, jak te\u017c dzia\u0142acze o\u015bwiatowi i stowarzysze\u0144 edukacyjnych.<\/p>\n\n\n\n<p>&nbsp;Na program konferencji&nbsp; z\u0142o\u017c\u0105 si\u0119 dwie formy organizacyjne; debata teoretyczno-pedagogiczna oraz wymiana osi\u0105gni\u0119\u0107 wynikaj\u0105cych z w\u0142asnych do\u015bwiadcze\u0144 edukacyjnych &#8211; w ramach \u201ewarsztat\u00f3w pedagogicznych\u201d. Chcemy zatem wsp\u00f3lnie rozpozna\u0107 istot\u0119 i wymiar&nbsp; pracy pedagogicznej ze\u015brodkowanej wok\u00f3\u0142 korzystnych i nie-korzystnych miejsc edukacji (wychowania, kszta\u0142cenia, opieki i terapii pedagogicznej).<\/p>\n\n\n\n<p>Ni\u017cej zaproponowana problematyka debaty stanowi zbi\u00f3r otwarty na inne jeszcze zagadnienia, pozostaj\u0105ce w kr\u0119gu osobistych zainteresowa\u0144 naukowo-pedagogicznych uczestnik\u00f3w:<\/p>\n\n\n\n<ol class=\"wp-block-list\">\n<li>Do\u015bwiadczane \u201emiejsca i nie-miejsca\u201d oraz sposoby ich badania. Sp\u00f3r o natur\u0119 miejsca i jego znaczenie edukacyjne.<\/li>\n\n\n\n<li>Przemiany spo\u0142eczne i kulturowe, a zmienno\u015b\u0107 miejsc edukacji.<\/li>\n\n\n\n<li>Kultura i cywilizacja, jako \u201ewytwory\u201d ludzkiego do\u015bwiadczenia i edukacji. Miejsca i nie-miejsca, warto\u015bci i antywarto\u015bci.<\/li>\n\n\n\n<li>Dynamika zmian przestrzeni \u017cycia kszta\u0142tuj\u0105ca miejsca edukacji wychowuj\u0105cej (sk\u0142adniki naturalne, antropologiczne, cechy osobnicze i kulturowe, uwarunkowania ekonomiczne, regionalne, cywilizacyjno-technologiczne, zagro\u017cenia ekologiczne itd.).<\/li>\n\n\n\n<li>Rodzina jako filogenetyczna forma egzystencji (do\u015bwiadczenia i zmiany) &#8211; wobec wsp\u00f3\u0142czesnych dylemat\u00f3w opieki, wychowania i wsparcia dla rozwoju.<\/li>\n\n\n\n<li>Na rozdro\u017cach wsp\u00f3\u0142czesnego relatywizmu warto\u015bci etyczno-spo\u0142ecznych i uniwersalnej aksjologii wychowania. Miejsca wsparcia cz\u0142owieka wobec zagro\u017ce\u0144 jego kultury i&nbsp; naturalnej ewolucji.<\/li>\n\n\n\n<li>Szko\u0142a, jako miejsce i nie-miejsce. Pomi\u0119dzy etosem, a oboj\u0119tno\u015bci\u0105 podmiot\u00f3w edukacji (nauczyciela-wychowawcy, uczni\u00f3w-wychowank\u00f3w i innych byt\u00f3w spo\u0142ecznych).<\/li>\n\n\n\n<li>Miejsce kultur lokalnych, tradycji i warto\u015bci regionalnych, jako dr\u00f3g do uniwersalnych to\u017csamo\u015bci.<\/li>\n\n\n\n<li>Pomi\u0119dzy szko\u0142\u0105 tradycyjn\u0105, a po\u017c\u0105dan\u0105 zmian\u0105 przestrzeni psychospo\u0142ecznej i technologicznej szko\u0142y. O wychowaniu dla humanistycznej, ponowoczesnej i przysz\u0142ej cywilizacji.<\/li>\n\n\n\n<li>&nbsp;Instytucjonalne i programowe zmiany miejsc edukacji. W stron\u0119 kulturowo-antropologicznej symbiozy ludzi i humanistycznej kultury globalnego \u015bwiata.<\/li>\n\n\n\n<li>&nbsp;Miejsce innowacji i nowatorstwa edukacyjnego we wsp\u00f3\u0142tworzeniu szko\u0142y realistycznej i humanistycznej &#8211; dla ucznia, nauczyciela i potrzeb \u017cycia.<\/li>\n\n\n\n<li>&nbsp;Kultura medialna (elektroniczna), jej miejsce w mediach spo\u0142eczno\u015bciowych &#8211; pozorna blisko\u015b\u0107 i osamotnienie, wobec ogranicze\u0144 naturalnych interakcji \u017cyciowych i edukacyjnych.<\/li>\n<\/ol>\n\n\n\n<p>Dodajmy jeszcze, \u017ce konferencja odb\u0119dzie si\u0119 w dw\u00f3ch miejscach: w obiektach PANS w Kro\u015bnie (nazywanym niegdy\u015b Ma\u0142ym Krakowie) i Domu-Muzeum wybitnego uczonego, humanisty i nauczyciela &#8211; Profesora i Rektora UJ &#8211; Patrona Uczelni Kro\u015bnie\u0144skiej &#8211; w miejscowo\u015bci Kombornia, nieopodal Krosna. Uczestnik\u00f3w Konferencji, powitamy bardzo serdecznie. Szeroko r\u00f3wnie\u017c otwarte zostan\u0105 niepowtarzalne krajobrazy Beskidu Niskiego i Bieszczad\u00f3w &#8211; pogranicza ludzi i kultur.<\/p>\n\n\n\n<p class=\"has-text-align-right\">Zapraszamy serdecznie!<\/p>\n\n\n\n<p class=\"has-text-align-right\">Z wyrazami szacunku i pozdrowieniami<\/p>\n\n\n\n<p class=\"has-text-align-right\">Prof. dr hab. Kazimierz Szmyd<\/p>\n\n\n\n<hr class=\"wp-block-separator has-alpha-channel-opacity\" \/>\n\n\n\n<p><strong><u>Wa\u017cne terminy<\/u><\/strong>:<\/p>\n\n\n\n<p>10.05.2024 \u2013 zg\u0142oszenie udzia\u0142u w konferencji i nadsy\u0142anie temat\u00f3w oraz abstrakt\u00f3w konferencji.<\/p>\n\n\n\n<p>24.05.2024 \u2013 przes\u0142anie Uczestnikom programu konferencji.<\/p>\n\n\n\n<hr class=\"wp-block-separator has-alpha-channel-opacity\" \/>\n","protected":false},"excerpt":{"rendered":"<p>Komunikat nr 1 Szanowni Pa\u0144stwo, Przyjmujemy, \u017ce g\u0142\u00f3wnym za\u0142o\u017ceniem poznawczo-pedagogicznym konferencji b\u0119dzie przeprowadzenie debaty naukowej oraz wymiany umiej\u0119tno\u015bci praktyczno-edukacyjnych zorientowanych na historyczne i wsp\u00f3\u0142czesne rozumienie kategorii miejsc edukacji; rodziny, szko\u0142y, stowarzysze\u0144, organizacji i innych podmiot\u00f3w \u015brodowiska naturalnego, kulturowego, cywilizacyjno-technologicznego, tak\u017ce widocznych zagro\u017ce\u0144 i szans ich przezwyci\u0119\u017cania. S\u0105dzimy, \u017ce jest potrzeba [\u2026] <\/p>\n<div class=\"clear\"><\/div>\n<p><a class=\"more_link clearfix\" href=\"https:\/\/pans.krosno.pl\/fundusze-zewnetrzne\/miejsca-i-nie-miejsca-edukacji\/komunikaty\/\" rel=\"nofollow\">Read More<\/a><\/p>\n","protected":false},"author":53,"featured_media":0,"parent":3748,"menu_order":0,"comment_status":"closed","ping_status":"closed","template":"","meta":{"ngg_post_thumbnail":0,"footnotes":""},"class_list":["post-3852","page","type-page","status-publish","hentry"],"yoast_head":"<!-- This site is optimized with the Yoast SEO Premium plugin v27.4 (Yoast SEO v27.4) - https:\/\/yoast.com\/product\/yoast-seo-premium-wordpress\/ -->\n<title>Komunikaty - Fundusze zewn\u0119trzne PANS w Kro\u015bnie<\/title>\n<meta name=\"robots\" content=\"index, follow, max-snippet:-1, max-image-preview:large, max-video-preview:-1\" \/>\n<link rel=\"canonical\" href=\"https:\/\/pans.krosno.pl\/fundusze-zewnetrzne\/miejsca-i-nie-miejsca-edukacji\/komunikaty\/\" \/>\n<meta property=\"og:locale\" content=\"pl_PL\" \/>\n<meta property=\"og:type\" content=\"article\" \/>\n<meta property=\"og:title\" content=\"Komunikaty\" \/>\n<meta property=\"og:description\" content=\"Komunikat nr 1 Szanowni Pa\u0144stwo, Przyjmujemy, \u017ce g\u0142\u00f3wnym za\u0142o\u017ceniem poznawczo-pedagogicznym konferencji b\u0119dzie przeprowadzenie debaty naukowej oraz wymiany umiej\u0119tno\u015bci praktyczno-edukacyjnych zorientowanych na historyczne i wsp\u00f3\u0142czesne rozumienie kategorii miejsc edukacji; rodziny, szko\u0142y, stowarzysze\u0144, organizacji i innych podmiot\u00f3w \u015brodowiska naturalnego, kulturowego, cywilizacyjno-technologicznego, tak\u017ce widocznych zagro\u017ce\u0144 i szans ich przezwyci\u0119\u017cania. S\u0105dzimy, \u017ce jest potrzeba [\u2026] Read More\" \/>\n<meta property=\"og:url\" content=\"https:\/\/pans.krosno.pl\/fundusze-zewnetrzne\/miejsca-i-nie-miejsca-edukacji\/komunikaty\/\" \/>\n<meta property=\"og:site_name\" content=\"Fundusze zewn\u0119trzne PANS w Kro\u015bnie\" \/>\n<meta property=\"article:modified_time\" content=\"2024-05-06T11:28:31+00:00\" \/>\n<meta name=\"twitter:card\" content=\"summary_large_image\" \/>\n<meta name=\"twitter:label1\" content=\"Szacowany czas czytania\" \/>\n\t<meta name=\"twitter:data1\" content=\"4 minuty\" \/>\n<script type=\"application\/ld+json\" class=\"yoast-schema-graph\">{\"@context\":\"https:\\\/\\\/schema.org\",\"@graph\":[{\"@type\":\"WebPage\",\"@id\":\"https:\\\/\\\/pans.krosno.pl\\\/fundusze-zewnetrzne\\\/miejsca-i-nie-miejsca-edukacji\\\/komunikaty\\\/\",\"url\":\"https:\\\/\\\/pans.krosno.pl\\\/fundusze-zewnetrzne\\\/miejsca-i-nie-miejsca-edukacji\\\/komunikaty\\\/\",\"name\":\"Komunikaty - Fundusze zewn\u0119trzne PANS w Kro\u015bnie\",\"isPartOf\":{\"@id\":\"https:\\\/\\\/pans.krosno.pl\\\/fundusze-zewnetrzne\\\/#website\"},\"datePublished\":\"2024-03-01T14:09:33+00:00\",\"dateModified\":\"2024-05-06T11:28:31+00:00\",\"breadcrumb\":{\"@id\":\"https:\\\/\\\/pans.krosno.pl\\\/fundusze-zewnetrzne\\\/miejsca-i-nie-miejsca-edukacji\\\/komunikaty\\\/#breadcrumb\"},\"inLanguage\":\"pl-PL\",\"potentialAction\":[{\"@type\":\"ReadAction\",\"target\":[\"https:\\\/\\\/pans.krosno.pl\\\/fundusze-zewnetrzne\\\/miejsca-i-nie-miejsca-edukacji\\\/komunikaty\\\/\"]}]},{\"@type\":\"BreadcrumbList\",\"@id\":\"https:\\\/\\\/pans.krosno.pl\\\/fundusze-zewnetrzne\\\/miejsca-i-nie-miejsca-edukacji\\\/komunikaty\\\/#breadcrumb\",\"itemListElement\":[{\"@type\":\"ListItem\",\"position\":1,\"name\":\"Strona g\u0142\u00f3wna\",\"item\":\"https:\\\/\\\/pans.krosno.pl\\\/fundusze-zewnetrzne\\\/\"},{\"@type\":\"ListItem\",\"position\":2,\"name\":\"\u201eMiejsca i nie-miejsca edukacji\u201d\",\"item\":\"https:\\\/\\\/pans.krosno.pl\\\/fundusze-zewnetrzne\\\/miejsca-i-nie-miejsca-edukacji\\\/\"},{\"@type\":\"ListItem\",\"position\":3,\"name\":\"Komunikaty\"}]},{\"@type\":\"WebSite\",\"@id\":\"https:\\\/\\\/pans.krosno.pl\\\/fundusze-zewnetrzne\\\/#website\",\"url\":\"https:\\\/\\\/pans.krosno.pl\\\/fundusze-zewnetrzne\\\/\",\"name\":\"Fundusze zewn\u0119trzne PANS w Kro\u015bnie\",\"description\":\"Fundusze zewn\u0119trzne  - Pa\u0144stwowa Akademia Nauk Stosowanych\",\"publisher\":{\"@id\":\"https:\\\/\\\/pans.krosno.pl\\\/fundusze-zewnetrzne\\\/#organization\"},\"potentialAction\":[{\"@type\":\"SearchAction\",\"target\":{\"@type\":\"EntryPoint\",\"urlTemplate\":\"https:\\\/\\\/pans.krosno.pl\\\/fundusze-zewnetrzne\\\/?s={search_term_string}\"},\"query-input\":{\"@type\":\"PropertyValueSpecification\",\"valueRequired\":true,\"valueName\":\"search_term_string\"}}],\"inLanguage\":\"pl-PL\"},{\"@type\":\"Organization\",\"@id\":\"https:\\\/\\\/pans.krosno.pl\\\/fundusze-zewnetrzne\\\/#organization\",\"name\":\"Fundusze zewn\u0119trzne PANS w Kro\u015bnie\",\"url\":\"https:\\\/\\\/pans.krosno.pl\\\/fundusze-zewnetrzne\\\/\",\"logo\":{\"@type\":\"ImageObject\",\"inLanguage\":\"pl-PL\",\"@id\":\"https:\\\/\\\/pans.krosno.pl\\\/fundusze-zewnetrzne\\\/#\\\/schema\\\/logo\\\/image\\\/\",\"url\":\"https:\\\/\\\/pans.krosno.pl\\\/fundusze-zewnetrzne\\\/wp-content\\\/uploads\\\/sites\\\/14\\\/2023\\\/01\\\/Logo-PANS-2022-pelne.png\",\"contentUrl\":\"https:\\\/\\\/pans.krosno.pl\\\/fundusze-zewnetrzne\\\/wp-content\\\/uploads\\\/sites\\\/14\\\/2023\\\/01\\\/Logo-PANS-2022-pelne.png\",\"width\":3096,\"height\":696,\"caption\":\"Fundusze zewn\u0119trzne PANS w Kro\u015bnie\"},\"image\":{\"@id\":\"https:\\\/\\\/pans.krosno.pl\\\/fundusze-zewnetrzne\\\/#\\\/schema\\\/logo\\\/image\\\/\"}}]}<\/script>\n<!-- \/ Yoast SEO Premium plugin. -->","yoast_head_json":{"title":"Komunikaty - Fundusze zewn\u0119trzne PANS w Kro\u015bnie","robots":{"index":"index","follow":"follow","max-snippet":"max-snippet:-1","max-image-preview":"max-image-preview:large","max-video-preview":"max-video-preview:-1"},"canonical":"https:\/\/pans.krosno.pl\/fundusze-zewnetrzne\/miejsca-i-nie-miejsca-edukacji\/komunikaty\/","og_locale":"pl_PL","og_type":"article","og_title":"Komunikaty","og_description":"Komunikat nr 1 Szanowni Pa\u0144stwo, Przyjmujemy, \u017ce g\u0142\u00f3wnym za\u0142o\u017ceniem poznawczo-pedagogicznym konferencji b\u0119dzie przeprowadzenie debaty naukowej oraz wymiany umiej\u0119tno\u015bci praktyczno-edukacyjnych zorientowanych na historyczne i wsp\u00f3\u0142czesne rozumienie kategorii miejsc edukacji; rodziny, szko\u0142y, stowarzysze\u0144, organizacji i innych podmiot\u00f3w \u015brodowiska naturalnego, kulturowego, cywilizacyjno-technologicznego, tak\u017ce widocznych zagro\u017ce\u0144 i szans ich przezwyci\u0119\u017cania. S\u0105dzimy, \u017ce jest potrzeba [\u2026] Read More","og_url":"https:\/\/pans.krosno.pl\/fundusze-zewnetrzne\/miejsca-i-nie-miejsca-edukacji\/komunikaty\/","og_site_name":"Fundusze zewn\u0119trzne PANS w Kro\u015bnie","article_modified_time":"2024-05-06T11:28:31+00:00","twitter_card":"summary_large_image","twitter_misc":{"Szacowany czas czytania":"4 minuty"},"schema":{"@context":"https:\/\/schema.org","@graph":[{"@type":"WebPage","@id":"https:\/\/pans.krosno.pl\/fundusze-zewnetrzne\/miejsca-i-nie-miejsca-edukacji\/komunikaty\/","url":"https:\/\/pans.krosno.pl\/fundusze-zewnetrzne\/miejsca-i-nie-miejsca-edukacji\/komunikaty\/","name":"Komunikaty - Fundusze zewn\u0119trzne PANS w Kro\u015bnie","isPartOf":{"@id":"https:\/\/pans.krosno.pl\/fundusze-zewnetrzne\/#website"},"datePublished":"2024-03-01T14:09:33+00:00","dateModified":"2024-05-06T11:28:31+00:00","breadcrumb":{"@id":"https:\/\/pans.krosno.pl\/fundusze-zewnetrzne\/miejsca-i-nie-miejsca-edukacji\/komunikaty\/#breadcrumb"},"inLanguage":"pl-PL","potentialAction":[{"@type":"ReadAction","target":["https:\/\/pans.krosno.pl\/fundusze-zewnetrzne\/miejsca-i-nie-miejsca-edukacji\/komunikaty\/"]}]},{"@type":"BreadcrumbList","@id":"https:\/\/pans.krosno.pl\/fundusze-zewnetrzne\/miejsca-i-nie-miejsca-edukacji\/komunikaty\/#breadcrumb","itemListElement":[{"@type":"ListItem","position":1,"name":"Strona g\u0142\u00f3wna","item":"https:\/\/pans.krosno.pl\/fundusze-zewnetrzne\/"},{"@type":"ListItem","position":2,"name":"\u201eMiejsca i nie-miejsca edukacji\u201d","item":"https:\/\/pans.krosno.pl\/fundusze-zewnetrzne\/miejsca-i-nie-miejsca-edukacji\/"},{"@type":"ListItem","position":3,"name":"Komunikaty"}]},{"@type":"WebSite","@id":"https:\/\/pans.krosno.pl\/fundusze-zewnetrzne\/#website","url":"https:\/\/pans.krosno.pl\/fundusze-zewnetrzne\/","name":"Fundusze zewn\u0119trzne PANS w Kro\u015bnie","description":"Fundusze zewn\u0119trzne  - Pa\u0144stwowa Akademia Nauk Stosowanych","publisher":{"@id":"https:\/\/pans.krosno.pl\/fundusze-zewnetrzne\/#organization"},"potentialAction":[{"@type":"SearchAction","target":{"@type":"EntryPoint","urlTemplate":"https:\/\/pans.krosno.pl\/fundusze-zewnetrzne\/?s={search_term_string}"},"query-input":{"@type":"PropertyValueSpecification","valueRequired":true,"valueName":"search_term_string"}}],"inLanguage":"pl-PL"},{"@type":"Organization","@id":"https:\/\/pans.krosno.pl\/fundusze-zewnetrzne\/#organization","name":"Fundusze zewn\u0119trzne PANS w Kro\u015bnie","url":"https:\/\/pans.krosno.pl\/fundusze-zewnetrzne\/","logo":{"@type":"ImageObject","inLanguage":"pl-PL","@id":"https:\/\/pans.krosno.pl\/fundusze-zewnetrzne\/#\/schema\/logo\/image\/","url":"https:\/\/pans.krosno.pl\/fundusze-zewnetrzne\/wp-content\/uploads\/sites\/14\/2023\/01\/Logo-PANS-2022-pelne.png","contentUrl":"https:\/\/pans.krosno.pl\/fundusze-zewnetrzne\/wp-content\/uploads\/sites\/14\/2023\/01\/Logo-PANS-2022-pelne.png","width":3096,"height":696,"caption":"Fundusze zewn\u0119trzne PANS w Kro\u015bnie"},"image":{"@id":"https:\/\/pans.krosno.pl\/fundusze-zewnetrzne\/#\/schema\/logo\/image\/"}}]}},"_links":{"self":[{"href":"https:\/\/pans.krosno.pl\/fundusze-zewnetrzne\/wp-json\/wp\/v2\/pages\/3852","targetHints":{"allow":["GET"]}}],"collection":[{"href":"https:\/\/pans.krosno.pl\/fundusze-zewnetrzne\/wp-json\/wp\/v2\/pages"}],"about":[{"href":"https:\/\/pans.krosno.pl\/fundusze-zewnetrzne\/wp-json\/wp\/v2\/types\/page"}],"author":[{"embeddable":true,"href":"https:\/\/pans.krosno.pl\/fundusze-zewnetrzne\/wp-json\/wp\/v2\/users\/53"}],"replies":[{"embeddable":true,"href":"https:\/\/pans.krosno.pl\/fundusze-zewnetrzne\/wp-json\/wp\/v2\/comments?post=3852"}],"version-history":[{"count":5,"href":"https:\/\/pans.krosno.pl\/fundusze-zewnetrzne\/wp-json\/wp\/v2\/pages\/3852\/revisions"}],"predecessor-version":[{"id":3995,"href":"https:\/\/pans.krosno.pl\/fundusze-zewnetrzne\/wp-json\/wp\/v2\/pages\/3852\/revisions\/3995"}],"up":[{"embeddable":true,"href":"https:\/\/pans.krosno.pl\/fundusze-zewnetrzne\/wp-json\/wp\/v2\/pages\/3748"}],"wp:attachment":[{"href":"https:\/\/pans.krosno.pl\/fundusze-zewnetrzne\/wp-json\/wp\/v2\/media?parent=3852"}],"curies":[{"name":"wp","href":"https:\/\/api.w.org\/{rel}","templated":true}]}}