{"id":3844,"date":"2024-03-01T15:05:52","date_gmt":"2024-03-01T14:05:52","guid":{"rendered":"https:\/\/pans.krosno.pl\/fundusze-zewnetrzne\/?page_id=3844"},"modified":"2024-03-13T11:33:30","modified_gmt":"2024-03-13T10:33:30","slug":"miejsca-i-nie-miejsca-edukacji-o-projekcie","status":"publish","type":"page","link":"https:\/\/pans.krosno.pl\/fundusze-zewnetrzne\/miejsca-i-nie-miejsca-edukacji\/miejsca-i-nie-miejsca-edukacji-o-projekcie\/","title":{"rendered":"Miejsca i nie-miejsca edukacji &#8211; O projekcie"},"content":{"rendered":"\n<figure class=\"wp-block-image size-full is-resized\"><img loading=\"lazy\" decoding=\"async\" src=\"https:\/\/pans.krosno.pl\/fundusze-zewnetrzne\/wp-content\/uploads\/sites\/14\/2023\/01\/godlo-i-flaga-polski-z-ustawy2-2.jpg\" alt=\"\" class=\"wp-image-3558\" width=\"346\" height=\"195\" srcset=\"https:\/\/pans.krosno.pl\/fundusze-zewnetrzne\/wp-content\/uploads\/sites\/14\/2023\/01\/godlo-i-flaga-polski-z-ustawy2-2.jpg 700w, https:\/\/pans.krosno.pl\/fundusze-zewnetrzne\/wp-content\/uploads\/sites\/14\/2023\/01\/godlo-i-flaga-polski-z-ustawy2-2-300x169.jpg 300w, https:\/\/pans.krosno.pl\/fundusze-zewnetrzne\/wp-content\/uploads\/sites\/14\/2023\/01\/godlo-i-flaga-polski-z-ustawy2-2-270x152.jpg 270w, https:\/\/pans.krosno.pl\/fundusze-zewnetrzne\/wp-content\/uploads\/sites\/14\/2023\/01\/godlo-i-flaga-polski-z-ustawy2-2-580x326.jpg 580w\" sizes=\"auto, (max-width: 346px) 100vw, 346px\" \/><\/figure>\n\n\n\n<p>Projekt dofinansowany ze \u015brodk\u00f3w Ministra Edukacji i Nauki w ramach programu pod nazw\u0105 \u201eDoskona\u0142a nauka II\u201d<\/p>\n\n\n\n<p><\/p>\n\n\n\n<figure class=\"wp-block-image size-large is-resized\"><img loading=\"lazy\" decoding=\"async\" src=\"https:\/\/pans.krosno.pl\/fundusze-zewnetrzne\/wp-content\/uploads\/sites\/14\/2024\/01\/mein_doskonala_nauka_on_white-1024x576.png\" alt=\"\" class=\"wp-image-3762\" width=\"350\" height=\"196\" srcset=\"https:\/\/pans.krosno.pl\/fundusze-zewnetrzne\/wp-content\/uploads\/sites\/14\/2024\/01\/mein_doskonala_nauka_on_white-1024x576.png 1024w, https:\/\/pans.krosno.pl\/fundusze-zewnetrzne\/wp-content\/uploads\/sites\/14\/2024\/01\/mein_doskonala_nauka_on_white-300x169.png 300w, https:\/\/pans.krosno.pl\/fundusze-zewnetrzne\/wp-content\/uploads\/sites\/14\/2024\/01\/mein_doskonala_nauka_on_white-768x432.png 768w, https:\/\/pans.krosno.pl\/fundusze-zewnetrzne\/wp-content\/uploads\/sites\/14\/2024\/01\/mein_doskonala_nauka_on_white-1536x864.png 1536w, https:\/\/pans.krosno.pl\/fundusze-zewnetrzne\/wp-content\/uploads\/sites\/14\/2024\/01\/mein_doskonala_nauka_on_white-2048x1152.png 2048w, https:\/\/pans.krosno.pl\/fundusze-zewnetrzne\/wp-content\/uploads\/sites\/14\/2024\/01\/mein_doskonala_nauka_on_white-2000x1125.png 2000w, https:\/\/pans.krosno.pl\/fundusze-zewnetrzne\/wp-content\/uploads\/sites\/14\/2024\/01\/mein_doskonala_nauka_on_white-800x450.png 800w, https:\/\/pans.krosno.pl\/fundusze-zewnetrzne\/wp-content\/uploads\/sites\/14\/2024\/01\/mein_doskonala_nauka_on_white-270x152.png 270w, https:\/\/pans.krosno.pl\/fundusze-zewnetrzne\/wp-content\/uploads\/sites\/14\/2024\/01\/mein_doskonala_nauka_on_white-580x326.png 580w\" sizes=\"auto, (max-width: 350px) 100vw, 350px\" \/><\/figure>\n\n\n\n<p>Projekt obejmuje zorganizowanie dwudniowej og\u00f3lnopolskiej konferencji naukowej, kt\u00f3ra stanie si\u0119 p\u0142aszczyzn\u0105 wymiany pogl\u0105d\u00f3w pomi\u0119dzy naukowcami (ze znacz\u0105cych o\u015brodk\u00f3w naukowych w kraju), prezentuj\u0105cymi wyniki bada\u0144 ze\u015brodkowane wok\u00f3\u0142 kategorii miejsc i nie- miejsc edukacji. Tak okre\u015blony cel og\u00f3lny \u0142\u0105czy si\u0119 z realizacj\u0105 cel\u00f3w szczeg\u00f3\u0142owych: budowaniem o\u015brodka wymiany my\u015bli naukowej, prowadzeniem warsztat\u00f3w dla uczestnik\u00f3w konferencji, wdra\u017caniem proponowanych rozwi\u0105za\u0144 do praktyki edukacyjnej, popularyzowaniem wynik\u00f3w bada\u0144 w ramach tworzonych internetowych stron po\u015bwi\u0119conych problematyce konferencji.<\/p>\n\n\n\n<p><br>Podj\u0119ta problematyka \u015bci\u015ble odnosi si\u0119 do pedagogiki spo\u0142ecznej, a bardziej szczeg\u00f3\u0142owo do pedagogiki miejsca (Mendel, 2017), teoretycznej perspektywy bada\u0144 nad edukacj\u0105. Koncentruje si\u0119 na sposobach pedagogicznego my\u015blenia i dzia\u0142ania przez pobudzanie si\u0142 spo\u0142ecznych oraz ich zamian\u0119 w dzia\u0142anie. Dotyczy realnych i symbolicznych wymiar\u00f3w miejsca, do\u015bwiadczania miejsca, to\u017csamo\u015bci miejsca, zakorzenienia w miejscu, zale\u017cno\u015bci od miejsca.<\/p>\n\n\n\n<p><br>Miejsce to przestrze\u0144 do\u015bwiadczona (Buczy\u0144ska-Garewicz, 2006), obszar okre\u015blony w nieokre\u015blonym, ograniczony w bezkresnym, foremny w chaotycznym. Stanowi niezbywalny warunek zadomowienia cz\u0142owieka w przestrzeni, w kt\u00f3rej osoba czuje si\u0119 pewnie, panuj\u0105c nad zwi\u0105zanymi z nim poj\u0119ciami (Mendel, 2006). To struktura w\u0142asna, osobista, indywidualna, organizowana wok\u00f3\u0142 przyjmowanych warto\u015bci (Theiss, 2008), otwarty punkt w\u0119z\u0142owy wewn\u0105trz szerszej sieci interakcji (Easthope 2004). Cechuj\u0105 go historyczne odniesienia, pami\u0119\u0107 w\u0142asna, wi\u0119zi spo\u0142eczne i interakcje daj\u0105ce poczucie bezpiecze\u0144stwa i to\u017csamo\u015bci wynikaj\u0105cej z praktyki a nawet osobistego zaanga\u017cowania. Miejsce jest obszarem do\u015bwiadczania podmiot\u00f3w, stanowi system wsp\u00f3\u0142zale\u017cno\u015bci o r\u00f3\u017cnej trwa\u0142o\u015bci i sile powiaza\u0144, podtrzymywanych lub tworzonych w praktyce dnia codziennego przez cz\u0142owieka. Nadawanie znacze\u0144 miejscu, powala budowa\u0107 indywidulane poczucie zwi\u0105zku z miejscem. Miejsce nie istniej w gotowej formie. Jest ustawicznie tworzone i ulega zmianom powodowanym przemianami spo\u0142ecznymi, w tym rozwojem technologii, mobilno\u015bci\u0105 cz\u0142owieka, wielo\u015bci\u0105 miejsc, w kt\u00f3rych przebywa, ich fragmentacj\u0105. Czynnikami wp\u0142ywaj\u0105cymi na zmian\u0119 miejsca s\u0105 tak\u017ce zagro\u017cenia cywilizacyjne \u2013 konflikty i wojna, czy epidemiczne \u2013 covid. Wywo\u0142uj\u0105 one konieczno\u015b\u0107 przemieszczania si\u0119, nierzadko powoduj\u0105c utrat\u0119 miejsca dotychczasowego. W tym uj\u0119ciu miejsce sta\u0142o si\u0119 lokalizacj\u0105 dynamiczn\u0105, zmienn\u0105, otwart\u0105. Ten stan generuje konieczno\u015b\u0107 ponownego rozpoznawania roli i znaczenia miejsca, zw\u0142aszcza w kategorii odczytywania do\u015bwiadcze\u0144 miejsca. Maja one r\u00f3\u017cne wymiary dla ludzi i instytucji, s\u0105 efektem oddzia\u0142ywania wielu podmiot\u00f3w.<\/p>\n\n\n\n<p><br>W ramach konferencji uczestnicy skoncentruj\u0105 si\u0119 na ukazaniu miejsc edukacji ze wzgl\u0119du na ich r\u00f3\u017cnorodno\u015b\u0107 w kontek\u015bcie cech takich jak trwa\u0142o\u015b\u0107 i wsp\u00f3lnotowo\u015b\u0107. Mowa b\u0119dzie zatem o miejscach jako \u017ar\u00f3d\u0142ach to\u017csamo\u015bci, identyfikacji i podmiotowo\u015bci. Poruszona zostanie tak\u017ce tematyka zagubienia i utraty miejsca, oderwania uczestnik\u00f3w procesu edukacji od konkretnych miejsc i ich fragmentacja (Danilewicz, 2016).<\/p>\n\n\n\n<p>Data podpisania umowy: 8.12.2023 r.<\/p>\n\n\n\n<p>Termin realizacji projektu: 1.10.2023 r. \u2013 30.09.2024 r.<\/p>\n\n\n\n<p>Przyznane \u015brodki: 22 220,00 z\u0142<\/p>\n\n\n\n<figure class=\"wp-block-image size-large\"><img loading=\"lazy\" decoding=\"async\" width=\"724\" height=\"1024\" src=\"https:\/\/pans.krosno.pl\/fundusze-zewnetrzne\/wp-content\/uploads\/sites\/14\/2024\/01\/plakat-Miejsca-i-nie-miejsca-724x1024.jpg\" alt=\"\" class=\"wp-image-3792\" srcset=\"https:\/\/pans.krosno.pl\/fundusze-zewnetrzne\/wp-content\/uploads\/sites\/14\/2024\/01\/plakat-Miejsca-i-nie-miejsca-724x1024.jpg 724w, https:\/\/pans.krosno.pl\/fundusze-zewnetrzne\/wp-content\/uploads\/sites\/14\/2024\/01\/plakat-Miejsca-i-nie-miejsca-212x300.jpg 212w, https:\/\/pans.krosno.pl\/fundusze-zewnetrzne\/wp-content\/uploads\/sites\/14\/2024\/01\/plakat-Miejsca-i-nie-miejsca-768x1086.jpg 768w, https:\/\/pans.krosno.pl\/fundusze-zewnetrzne\/wp-content\/uploads\/sites\/14\/2024\/01\/plakat-Miejsca-i-nie-miejsca-1086x1536.jpg 1086w, https:\/\/pans.krosno.pl\/fundusze-zewnetrzne\/wp-content\/uploads\/sites\/14\/2024\/01\/plakat-Miejsca-i-nie-miejsca-1448x2048.jpg 1448w, https:\/\/pans.krosno.pl\/fundusze-zewnetrzne\/wp-content\/uploads\/sites\/14\/2024\/01\/plakat-Miejsca-i-nie-miejsca-2000x2828.jpg 2000w, https:\/\/pans.krosno.pl\/fundusze-zewnetrzne\/wp-content\/uploads\/sites\/14\/2024\/01\/plakat-Miejsca-i-nie-miejsca-800x1131.jpg 800w, https:\/\/pans.krosno.pl\/fundusze-zewnetrzne\/wp-content\/uploads\/sites\/14\/2024\/01\/plakat-Miejsca-i-nie-miejsca-580x820.jpg 580w, https:\/\/pans.krosno.pl\/fundusze-zewnetrzne\/wp-content\/uploads\/sites\/14\/2024\/01\/plakat-Miejsca-i-nie-miejsca-scaled.jpg 1810w\" sizes=\"auto, (max-width: 724px) 100vw, 724px\" \/><\/figure>\n","protected":false},"excerpt":{"rendered":"<p>Projekt dofinansowany ze \u015brodk\u00f3w Ministra Edukacji i Nauki w ramach programu pod nazw\u0105 \u201eDoskona\u0142a nauka II\u201d Projekt obejmuje zorganizowanie dwudniowej og\u00f3lnopolskiej konferencji naukowej, kt\u00f3ra stanie si\u0119 p\u0142aszczyzn\u0105 wymiany pogl\u0105d\u00f3w pomi\u0119dzy naukowcami (ze znacz\u0105cych o\u015brodk\u00f3w naukowych w kraju), prezentuj\u0105cymi wyniki bada\u0144 ze\u015brodkowane wok\u00f3\u0142 kategorii miejsc i nie- miejsc edukacji. Tak okre\u015blony [\u2026] <\/p>\n<div class=\"clear\"><\/div>\n<p><a class=\"more_link clearfix\" href=\"https:\/\/pans.krosno.pl\/fundusze-zewnetrzne\/miejsca-i-nie-miejsca-edukacji\/miejsca-i-nie-miejsca-edukacji-o-projekcie\/\" rel=\"nofollow\">Read More<\/a><\/p>\n","protected":false},"author":53,"featured_media":0,"parent":3748,"menu_order":0,"comment_status":"closed","ping_status":"closed","template":"","meta":{"ngg_post_thumbnail":0,"footnotes":""},"class_list":["post-3844","page","type-page","status-publish","hentry"],"yoast_head":"<!-- This site is optimized with the Yoast SEO Premium plugin v27.4 (Yoast SEO v27.4) - https:\/\/yoast.com\/product\/yoast-seo-premium-wordpress\/ -->\n<title>Miejsca i nie-miejsca edukacji - O projekcie - Fundusze zewn\u0119trzne PANS w Kro\u015bnie<\/title>\n<meta name=\"robots\" content=\"index, follow, max-snippet:-1, max-image-preview:large, max-video-preview:-1\" \/>\n<link rel=\"canonical\" href=\"https:\/\/pans.krosno.pl\/fundusze-zewnetrzne\/miejsca-i-nie-miejsca-edukacji\/miejsca-i-nie-miejsca-edukacji-o-projekcie\/\" \/>\n<meta property=\"og:locale\" content=\"pl_PL\" \/>\n<meta property=\"og:type\" content=\"article\" \/>\n<meta property=\"og:title\" content=\"Miejsca i nie-miejsca edukacji - O projekcie\" \/>\n<meta property=\"og:description\" content=\"Projekt dofinansowany ze \u015brodk\u00f3w Ministra Edukacji i Nauki w ramach programu pod nazw\u0105 \u201eDoskona\u0142a nauka II\u201d Projekt obejmuje zorganizowanie dwudniowej og\u00f3lnopolskiej konferencji naukowej, kt\u00f3ra stanie si\u0119 p\u0142aszczyzn\u0105 wymiany pogl\u0105d\u00f3w pomi\u0119dzy naukowcami (ze znacz\u0105cych o\u015brodk\u00f3w naukowych w kraju), prezentuj\u0105cymi wyniki bada\u0144 ze\u015brodkowane wok\u00f3\u0142 kategorii miejsc i nie- miejsc edukacji. Tak okre\u015blony [\u2026] Read More\" \/>\n<meta property=\"og:url\" content=\"https:\/\/pans.krosno.pl\/fundusze-zewnetrzne\/miejsca-i-nie-miejsca-edukacji\/miejsca-i-nie-miejsca-edukacji-o-projekcie\/\" \/>\n<meta property=\"og:site_name\" content=\"Fundusze zewn\u0119trzne PANS w Kro\u015bnie\" \/>\n<meta property=\"article:modified_time\" content=\"2024-03-13T10:33:30+00:00\" \/>\n<meta property=\"og:image\" content=\"https:\/\/pans.krosno.pl\/fundusze-zewnetrzne\/wp-content\/uploads\/sites\/14\/2023\/01\/godlo-i-flaga-polski-z-ustawy2-2.jpg\" \/>\n<meta name=\"twitter:card\" content=\"summary_large_image\" \/>\n<meta name=\"twitter:label1\" content=\"Szacowany czas czytania\" \/>\n\t<meta name=\"twitter:data1\" content=\"4 minuty\" \/>\n<script type=\"application\/ld+json\" class=\"yoast-schema-graph\">{\"@context\":\"https:\\\/\\\/schema.org\",\"@graph\":[{\"@type\":\"WebPage\",\"@id\":\"https:\\\/\\\/pans.krosno.pl\\\/fundusze-zewnetrzne\\\/miejsca-i-nie-miejsca-edukacji\\\/miejsca-i-nie-miejsca-edukacji-o-projekcie\\\/\",\"url\":\"https:\\\/\\\/pans.krosno.pl\\\/fundusze-zewnetrzne\\\/miejsca-i-nie-miejsca-edukacji\\\/miejsca-i-nie-miejsca-edukacji-o-projekcie\\\/\",\"name\":\"Miejsca i nie-miejsca edukacji - O projekcie - Fundusze zewn\u0119trzne PANS w Kro\u015bnie\",\"isPartOf\":{\"@id\":\"https:\\\/\\\/pans.krosno.pl\\\/fundusze-zewnetrzne\\\/#website\"},\"primaryImageOfPage\":{\"@id\":\"https:\\\/\\\/pans.krosno.pl\\\/fundusze-zewnetrzne\\\/miejsca-i-nie-miejsca-edukacji\\\/miejsca-i-nie-miejsca-edukacji-o-projekcie\\\/#primaryimage\"},\"image\":{\"@id\":\"https:\\\/\\\/pans.krosno.pl\\\/fundusze-zewnetrzne\\\/miejsca-i-nie-miejsca-edukacji\\\/miejsca-i-nie-miejsca-edukacji-o-projekcie\\\/#primaryimage\"},\"thumbnailUrl\":\"https:\\\/\\\/pans.krosno.pl\\\/fundusze-zewnetrzne\\\/wp-content\\\/uploads\\\/sites\\\/14\\\/2023\\\/01\\\/godlo-i-flaga-polski-z-ustawy2-2.jpg\",\"datePublished\":\"2024-03-01T14:05:52+00:00\",\"dateModified\":\"2024-03-13T10:33:30+00:00\",\"breadcrumb\":{\"@id\":\"https:\\\/\\\/pans.krosno.pl\\\/fundusze-zewnetrzne\\\/miejsca-i-nie-miejsca-edukacji\\\/miejsca-i-nie-miejsca-edukacji-o-projekcie\\\/#breadcrumb\"},\"inLanguage\":\"pl-PL\",\"potentialAction\":[{\"@type\":\"ReadAction\",\"target\":[\"https:\\\/\\\/pans.krosno.pl\\\/fundusze-zewnetrzne\\\/miejsca-i-nie-miejsca-edukacji\\\/miejsca-i-nie-miejsca-edukacji-o-projekcie\\\/\"]}]},{\"@type\":\"ImageObject\",\"inLanguage\":\"pl-PL\",\"@id\":\"https:\\\/\\\/pans.krosno.pl\\\/fundusze-zewnetrzne\\\/miejsca-i-nie-miejsca-edukacji\\\/miejsca-i-nie-miejsca-edukacji-o-projekcie\\\/#primaryimage\",\"url\":\"https:\\\/\\\/pans.krosno.pl\\\/fundusze-zewnetrzne\\\/wp-content\\\/uploads\\\/sites\\\/14\\\/2023\\\/01\\\/godlo-i-flaga-polski-z-ustawy2-2.jpg\",\"contentUrl\":\"https:\\\/\\\/pans.krosno.pl\\\/fundusze-zewnetrzne\\\/wp-content\\\/uploads\\\/sites\\\/14\\\/2023\\\/01\\\/godlo-i-flaga-polski-z-ustawy2-2.jpg\",\"width\":700,\"height\":394},{\"@type\":\"BreadcrumbList\",\"@id\":\"https:\\\/\\\/pans.krosno.pl\\\/fundusze-zewnetrzne\\\/miejsca-i-nie-miejsca-edukacji\\\/miejsca-i-nie-miejsca-edukacji-o-projekcie\\\/#breadcrumb\",\"itemListElement\":[{\"@type\":\"ListItem\",\"position\":1,\"name\":\"Strona g\u0142\u00f3wna\",\"item\":\"https:\\\/\\\/pans.krosno.pl\\\/fundusze-zewnetrzne\\\/\"},{\"@type\":\"ListItem\",\"position\":2,\"name\":\"\u201eMiejsca i nie-miejsca edukacji\u201d\",\"item\":\"https:\\\/\\\/pans.krosno.pl\\\/fundusze-zewnetrzne\\\/miejsca-i-nie-miejsca-edukacji\\\/\"},{\"@type\":\"ListItem\",\"position\":3,\"name\":\"Miejsca i nie-miejsca edukacji &#8211; O projekcie\"}]},{\"@type\":\"WebSite\",\"@id\":\"https:\\\/\\\/pans.krosno.pl\\\/fundusze-zewnetrzne\\\/#website\",\"url\":\"https:\\\/\\\/pans.krosno.pl\\\/fundusze-zewnetrzne\\\/\",\"name\":\"Fundusze zewn\u0119trzne PANS w Kro\u015bnie\",\"description\":\"Fundusze zewn\u0119trzne  - Pa\u0144stwowa Akademia Nauk Stosowanych\",\"publisher\":{\"@id\":\"https:\\\/\\\/pans.krosno.pl\\\/fundusze-zewnetrzne\\\/#organization\"},\"potentialAction\":[{\"@type\":\"SearchAction\",\"target\":{\"@type\":\"EntryPoint\",\"urlTemplate\":\"https:\\\/\\\/pans.krosno.pl\\\/fundusze-zewnetrzne\\\/?s={search_term_string}\"},\"query-input\":{\"@type\":\"PropertyValueSpecification\",\"valueRequired\":true,\"valueName\":\"search_term_string\"}}],\"inLanguage\":\"pl-PL\"},{\"@type\":\"Organization\",\"@id\":\"https:\\\/\\\/pans.krosno.pl\\\/fundusze-zewnetrzne\\\/#organization\",\"name\":\"Fundusze zewn\u0119trzne PANS w Kro\u015bnie\",\"url\":\"https:\\\/\\\/pans.krosno.pl\\\/fundusze-zewnetrzne\\\/\",\"logo\":{\"@type\":\"ImageObject\",\"inLanguage\":\"pl-PL\",\"@id\":\"https:\\\/\\\/pans.krosno.pl\\\/fundusze-zewnetrzne\\\/#\\\/schema\\\/logo\\\/image\\\/\",\"url\":\"https:\\\/\\\/pans.krosno.pl\\\/fundusze-zewnetrzne\\\/wp-content\\\/uploads\\\/sites\\\/14\\\/2023\\\/01\\\/Logo-PANS-2022-pelne.png\",\"contentUrl\":\"https:\\\/\\\/pans.krosno.pl\\\/fundusze-zewnetrzne\\\/wp-content\\\/uploads\\\/sites\\\/14\\\/2023\\\/01\\\/Logo-PANS-2022-pelne.png\",\"width\":3096,\"height\":696,\"caption\":\"Fundusze zewn\u0119trzne PANS w Kro\u015bnie\"},\"image\":{\"@id\":\"https:\\\/\\\/pans.krosno.pl\\\/fundusze-zewnetrzne\\\/#\\\/schema\\\/logo\\\/image\\\/\"}}]}<\/script>\n<!-- \/ Yoast SEO Premium plugin. -->","yoast_head_json":{"title":"Miejsca i nie-miejsca edukacji - O projekcie - Fundusze zewn\u0119trzne PANS w Kro\u015bnie","robots":{"index":"index","follow":"follow","max-snippet":"max-snippet:-1","max-image-preview":"max-image-preview:large","max-video-preview":"max-video-preview:-1"},"canonical":"https:\/\/pans.krosno.pl\/fundusze-zewnetrzne\/miejsca-i-nie-miejsca-edukacji\/miejsca-i-nie-miejsca-edukacji-o-projekcie\/","og_locale":"pl_PL","og_type":"article","og_title":"Miejsca i nie-miejsca edukacji - O projekcie","og_description":"Projekt dofinansowany ze \u015brodk\u00f3w Ministra Edukacji i Nauki w ramach programu pod nazw\u0105 \u201eDoskona\u0142a nauka II\u201d Projekt obejmuje zorganizowanie dwudniowej og\u00f3lnopolskiej konferencji naukowej, kt\u00f3ra stanie si\u0119 p\u0142aszczyzn\u0105 wymiany pogl\u0105d\u00f3w pomi\u0119dzy naukowcami (ze znacz\u0105cych o\u015brodk\u00f3w naukowych w kraju), prezentuj\u0105cymi wyniki bada\u0144 ze\u015brodkowane wok\u00f3\u0142 kategorii miejsc i nie- miejsc edukacji. Tak okre\u015blony [\u2026] Read More","og_url":"https:\/\/pans.krosno.pl\/fundusze-zewnetrzne\/miejsca-i-nie-miejsca-edukacji\/miejsca-i-nie-miejsca-edukacji-o-projekcie\/","og_site_name":"Fundusze zewn\u0119trzne PANS w Kro\u015bnie","article_modified_time":"2024-03-13T10:33:30+00:00","og_image":[{"url":"https:\/\/pans.krosno.pl\/fundusze-zewnetrzne\/wp-content\/uploads\/sites\/14\/2023\/01\/godlo-i-flaga-polski-z-ustawy2-2.jpg","type":"","width":"","height":""}],"twitter_card":"summary_large_image","twitter_misc":{"Szacowany czas czytania":"4 minuty"},"schema":{"@context":"https:\/\/schema.org","@graph":[{"@type":"WebPage","@id":"https:\/\/pans.krosno.pl\/fundusze-zewnetrzne\/miejsca-i-nie-miejsca-edukacji\/miejsca-i-nie-miejsca-edukacji-o-projekcie\/","url":"https:\/\/pans.krosno.pl\/fundusze-zewnetrzne\/miejsca-i-nie-miejsca-edukacji\/miejsca-i-nie-miejsca-edukacji-o-projekcie\/","name":"Miejsca i nie-miejsca edukacji - O projekcie - Fundusze zewn\u0119trzne PANS w Kro\u015bnie","isPartOf":{"@id":"https:\/\/pans.krosno.pl\/fundusze-zewnetrzne\/#website"},"primaryImageOfPage":{"@id":"https:\/\/pans.krosno.pl\/fundusze-zewnetrzne\/miejsca-i-nie-miejsca-edukacji\/miejsca-i-nie-miejsca-edukacji-o-projekcie\/#primaryimage"},"image":{"@id":"https:\/\/pans.krosno.pl\/fundusze-zewnetrzne\/miejsca-i-nie-miejsca-edukacji\/miejsca-i-nie-miejsca-edukacji-o-projekcie\/#primaryimage"},"thumbnailUrl":"https:\/\/pans.krosno.pl\/fundusze-zewnetrzne\/wp-content\/uploads\/sites\/14\/2023\/01\/godlo-i-flaga-polski-z-ustawy2-2.jpg","datePublished":"2024-03-01T14:05:52+00:00","dateModified":"2024-03-13T10:33:30+00:00","breadcrumb":{"@id":"https:\/\/pans.krosno.pl\/fundusze-zewnetrzne\/miejsca-i-nie-miejsca-edukacji\/miejsca-i-nie-miejsca-edukacji-o-projekcie\/#breadcrumb"},"inLanguage":"pl-PL","potentialAction":[{"@type":"ReadAction","target":["https:\/\/pans.krosno.pl\/fundusze-zewnetrzne\/miejsca-i-nie-miejsca-edukacji\/miejsca-i-nie-miejsca-edukacji-o-projekcie\/"]}]},{"@type":"ImageObject","inLanguage":"pl-PL","@id":"https:\/\/pans.krosno.pl\/fundusze-zewnetrzne\/miejsca-i-nie-miejsca-edukacji\/miejsca-i-nie-miejsca-edukacji-o-projekcie\/#primaryimage","url":"https:\/\/pans.krosno.pl\/fundusze-zewnetrzne\/wp-content\/uploads\/sites\/14\/2023\/01\/godlo-i-flaga-polski-z-ustawy2-2.jpg","contentUrl":"https:\/\/pans.krosno.pl\/fundusze-zewnetrzne\/wp-content\/uploads\/sites\/14\/2023\/01\/godlo-i-flaga-polski-z-ustawy2-2.jpg","width":700,"height":394},{"@type":"BreadcrumbList","@id":"https:\/\/pans.krosno.pl\/fundusze-zewnetrzne\/miejsca-i-nie-miejsca-edukacji\/miejsca-i-nie-miejsca-edukacji-o-projekcie\/#breadcrumb","itemListElement":[{"@type":"ListItem","position":1,"name":"Strona g\u0142\u00f3wna","item":"https:\/\/pans.krosno.pl\/fundusze-zewnetrzne\/"},{"@type":"ListItem","position":2,"name":"\u201eMiejsca i nie-miejsca edukacji\u201d","item":"https:\/\/pans.krosno.pl\/fundusze-zewnetrzne\/miejsca-i-nie-miejsca-edukacji\/"},{"@type":"ListItem","position":3,"name":"Miejsca i nie-miejsca edukacji &#8211; O projekcie"}]},{"@type":"WebSite","@id":"https:\/\/pans.krosno.pl\/fundusze-zewnetrzne\/#website","url":"https:\/\/pans.krosno.pl\/fundusze-zewnetrzne\/","name":"Fundusze zewn\u0119trzne PANS w Kro\u015bnie","description":"Fundusze zewn\u0119trzne  - Pa\u0144stwowa Akademia Nauk Stosowanych","publisher":{"@id":"https:\/\/pans.krosno.pl\/fundusze-zewnetrzne\/#organization"},"potentialAction":[{"@type":"SearchAction","target":{"@type":"EntryPoint","urlTemplate":"https:\/\/pans.krosno.pl\/fundusze-zewnetrzne\/?s={search_term_string}"},"query-input":{"@type":"PropertyValueSpecification","valueRequired":true,"valueName":"search_term_string"}}],"inLanguage":"pl-PL"},{"@type":"Organization","@id":"https:\/\/pans.krosno.pl\/fundusze-zewnetrzne\/#organization","name":"Fundusze zewn\u0119trzne PANS w Kro\u015bnie","url":"https:\/\/pans.krosno.pl\/fundusze-zewnetrzne\/","logo":{"@type":"ImageObject","inLanguage":"pl-PL","@id":"https:\/\/pans.krosno.pl\/fundusze-zewnetrzne\/#\/schema\/logo\/image\/","url":"https:\/\/pans.krosno.pl\/fundusze-zewnetrzne\/wp-content\/uploads\/sites\/14\/2023\/01\/Logo-PANS-2022-pelne.png","contentUrl":"https:\/\/pans.krosno.pl\/fundusze-zewnetrzne\/wp-content\/uploads\/sites\/14\/2023\/01\/Logo-PANS-2022-pelne.png","width":3096,"height":696,"caption":"Fundusze zewn\u0119trzne PANS w Kro\u015bnie"},"image":{"@id":"https:\/\/pans.krosno.pl\/fundusze-zewnetrzne\/#\/schema\/logo\/image\/"}}]}},"_links":{"self":[{"href":"https:\/\/pans.krosno.pl\/fundusze-zewnetrzne\/wp-json\/wp\/v2\/pages\/3844","targetHints":{"allow":["GET"]}}],"collection":[{"href":"https:\/\/pans.krosno.pl\/fundusze-zewnetrzne\/wp-json\/wp\/v2\/pages"}],"about":[{"href":"https:\/\/pans.krosno.pl\/fundusze-zewnetrzne\/wp-json\/wp\/v2\/types\/page"}],"author":[{"embeddable":true,"href":"https:\/\/pans.krosno.pl\/fundusze-zewnetrzne\/wp-json\/wp\/v2\/users\/53"}],"replies":[{"embeddable":true,"href":"https:\/\/pans.krosno.pl\/fundusze-zewnetrzne\/wp-json\/wp\/v2\/comments?post=3844"}],"version-history":[{"count":1,"href":"https:\/\/pans.krosno.pl\/fundusze-zewnetrzne\/wp-json\/wp\/v2\/pages\/3844\/revisions"}],"predecessor-version":[{"id":3845,"href":"https:\/\/pans.krosno.pl\/fundusze-zewnetrzne\/wp-json\/wp\/v2\/pages\/3844\/revisions\/3845"}],"up":[{"embeddable":true,"href":"https:\/\/pans.krosno.pl\/fundusze-zewnetrzne\/wp-json\/wp\/v2\/pages\/3748"}],"wp:attachment":[{"href":"https:\/\/pans.krosno.pl\/fundusze-zewnetrzne\/wp-json\/wp\/v2\/media?parent=3844"}],"curies":[{"name":"wp","href":"https:\/\/api.w.org\/{rel}","templated":true}]}}