{"id":3428,"date":"2022-11-14T09:51:44","date_gmt":"2022-11-14T08:51:44","guid":{"rendered":"https:\/\/pans.krosno.pl\/fundusze-zewnetrzne\/?page_id=3428"},"modified":"2024-04-23T11:02:53","modified_gmt":"2024-04-23T09:02:53","slug":"modele-patriotyzmu-w-perspektywie-doswiadczen-biograficznych-20-40-i-60-latkow-na-podkarpaciu","status":"publish","type":"page","link":"https:\/\/pans.krosno.pl\/fundusze-zewnetrzne\/modele-patriotyzmu-w-perspektywie-doswiadczen-biograficznych-20-40-i-60-latkow-na-podkarpaciu\/","title":{"rendered":"Modele patriotyzmu w perspektywie do\u015bwiadcze\u0144 biograficznych 20, 40 i 60 latk\u00f3w na Podkarpaciu"},"content":{"rendered":"\n<figure class=\"wp-block-image size-full\"><img loading=\"lazy\" decoding=\"async\" width=\"700\" height=\"394\" src=\"https:\/\/pans.krosno.pl\/fundusze-zewnetrzne\/wp-content\/uploads\/sites\/14\/2023\/01\/godlo-i-flaga-polski-z-ustawy2-2.jpg\" alt=\"\" class=\"wp-image-3558\" srcset=\"https:\/\/pans.krosno.pl\/fundusze-zewnetrzne\/wp-content\/uploads\/sites\/14\/2023\/01\/godlo-i-flaga-polski-z-ustawy2-2.jpg 700w, https:\/\/pans.krosno.pl\/fundusze-zewnetrzne\/wp-content\/uploads\/sites\/14\/2023\/01\/godlo-i-flaga-polski-z-ustawy2-2-300x169.jpg 300w, https:\/\/pans.krosno.pl\/fundusze-zewnetrzne\/wp-content\/uploads\/sites\/14\/2023\/01\/godlo-i-flaga-polski-z-ustawy2-2-270x152.jpg 270w, https:\/\/pans.krosno.pl\/fundusze-zewnetrzne\/wp-content\/uploads\/sites\/14\/2023\/01\/godlo-i-flaga-polski-z-ustawy2-2-580x326.jpg 580w\" sizes=\"auto, (max-width: 700px) 100vw, 700px\" \/><\/figure>\n\n\n\n<p>Projekt pn. &#8222;Modele patriotyzmu w perspektywie do\u015bwiadcze\u0144 biograficznych 20, 40 i 60 latk\u00f3w na Podkarpaciu&#8221; jest realizowany w ramach programu \u201eNauka dla spo\u0142ecze\u0144stwa\u201d finansowanego ze \u015brodk\u00f3w Ministerstwa Edukacji i Nauki.<\/p>\n\n\n\n<p>Projekt&nbsp;<em>Modele patriotyzmu w perspektywie do\u015bwiadcze\u0144 biograficznych 20, 40 i 60 latk\u00f3w na Podkarpaciu&nbsp;<\/em>bezpo\u015brednio nawi\u0105zuje do trzeciego obszaru programu, zatytu\u0142owanego \u201eHumanistyka \u2013 Spo\u0142ecze\u0144stwo &#8211; To\u017csamo\u015b\u0107\u201d, a szczeg\u00f3\u0142owiej do badania oraz promowania postaw patriotycznych (punkt F wymienionego obszaru). Celem projektu jest scharakteryzowanie przejaw\u00f3w patriotyzmu wyst\u0119puj\u0105cych u trzech kolejnych pokole\u0144 mieszka\u0144c\u00f3w Podkarpacia oraz okre\u015blenie model\u00f3w patriotyzmu typowych dla regionu. Realizacja tak okre\u015blonego celu wi\u0105\u017ce si\u0119 z budowaniem i zacie\u015bnianiem wsp\u00f3\u0142pracy z podmiotami \u015brodowiskowymi \u2013 Urz\u0119dem Miasta Krosna, Towarzystwem Przyjaci\u00f3\u0142 Dzieci \u2013 Oddzia\u0142 w Rzeszowie i w Kro\u015bnie, Uniwersytetem III Wieku. Wyb\u00f3r partner\u00f3w \u015brodowiskowych nie jest przypadkowy. Badaniami zostan\u0105 obj\u0119te grupy 20, 40 i 60-latk\u00f3w, a wi\u0119c osoby, kt\u00f3re najcz\u0119\u015bciej maj\u0105 w\u0142asne dzieci lub wnuki, posy\u0142ane do plac\u00f3wek o\u015bwiatowych na terenie Podkarpacia. Plac\u00f3wki o\u015bwiatowe s\u0105 swoistego rodzaju centrum \u017cycia \u015brodowiskowego, co umo\u017cliwi sprawn\u0105 organizacj\u0119 fazy realizacji bada\u0144, jak te\u017c sprzyja\u0107 b\u0119dzie dalszym wsp\u00f3lnym dzia\u0142aniom na rzecz wypracowania wniosk\u00f3w dla praktyki pedagogicznej. Zaanga\u017cowanie partner\u00f3w \u015brodowiskowych umo\u017cliwi w perspektywie czasu wdro\u017cenie wniosk\u00f3w do praktyki spo\u0142eczno-pedagogicznej i upowszechnienie modelowych rozwi\u0105za\u0144.&nbsp;<\/p>\n\n\n\n<p>Rezultaty projektu ogniskuj\u0105 si\u0119 zatem w dw\u00f3ch zasadniczych obszarach. Po pierwsze, umo\u017cliwiaj\u0105 wyprowadzenie model\u00f3w patriotyzmu jako reprezentacji rzeczywisto\u015bci, jej abstrakcyjnego przedstawienia, co pozwala uporz\u0105dkowa\u0107 i upro\u015bci\u0107 spojrzenie os\u00f3b na dan\u0105 rzeczywisto\u015b\u0107 poprzez odtworzenie jej podstawowych cech, wskazanie zwi\u0105zk\u00f3w mi\u0119dzy tymi cechami. Okre\u015bla zatem dziedzin\u0119 rzeczywisto\u015bci za pomoc\u0105 teoretycznych poj\u0119\u0107, ukazuj\u0105c funkcjonalne zale\u017cno\u015bci pomi\u0119dzy nimi (Duraj \u2013 Nowakowa, 2010, s. 148-149). Pozwoli to na opracowanie wskaz\u00f3wek heurystycznych dla danego problemu w procesie wyja\u015bniania zjawisk i budowania teorii. W tym znaczeniu projekt przyczyni si\u0119 do wzbogacenia wiedzy naukowej. Po drugie, umo\u017cliwi sformu\u0142owanie wskaz\u00f3wek dla praktyki spo\u0142eczno-pedagogicznej pozwalaj\u0105cych na kszta\u0142towanie postaw patriotycznych u dzieci i m\u0142odzie\u017cy w oparciu o rozwi\u0105zania modelowe. Wskaz\u00f3wki dla praktyki zostan\u0105 szeroko zaprezentowane w ramach spotka\u0144 w instytucjach partnerskich. W toku projektu zbudowana zostanie przestrze\u0144 wsp\u00f3\u0142pracy pomi\u0119dzy zaanga\u017cowanymi podmiotami&nbsp; oparta na dzia\u0142aniach do\u015brodkowych, od\u015brodkowych i \u015brodowiskowo-rozszerzonych. Uzyskane wyniki bada\u0144 zostan\u0105 opublikowane w czasopismach punktowanych z listy MEiN oraz udost\u0119pnione na stronie internetowej wnioskodawcy.<\/p>\n\n\n\n<p>Opracowanie model\u00f3w patriotyzmu wi\u0105\u017ce si\u0119 z realizacj\u0105 cel\u00f3w szczeg\u00f3\u0142owych odnosz\u0105cych si\u0119 do uporz\u0105dkowania informacji uzyskanych drog\u0105 bada\u0144 empirycznych i analiz teoretycznych o istniej\u0105cych kategoriach definiowania patriotyzmu, sposobach identyfikacji z Polsk\u0105 badanych grup, przejawach patriotyzmu badanych w podstawowych dziedzinach \u017cycia, podejmowanych dzia\u0142aniach patriotycznych, miejscach przejawiania patriotyzmu, emocjach i uczuciach towarzysz\u0105cych dzia\u0142aniom o charakterze patriotycznym, \u017ar\u00f3d\u0142ach patriotyzmu badanych, jak te\u017c wadze nadawanej dzia\u0142aniom patriotycznym przez badanych. Jednocze\u015bnie &nbsp;wyodr\u0119bnione zostan\u0105 wsp\u00f3lne, og\u00f3lne elementy sk\u0142adaj\u0105ce si\u0119 na podstawowe ramy model\u00f3w. W ten spos\u00f3b dokonany zostanie wyb\u00f3r zasadniczych element\u00f3w odnosz\u0105cych si\u0119 do model\u00f3w, z jednoczesnym odrzuceniem element\u00f3w ma\u0142o przydatnych i zbyt szczeg\u00f3\u0142owych. Opracowane modele opiera\u0107 si\u0119 b\u0119d\u0105 na badaniu okre\u015blonych \u015brodowisk, ale posiada\u0107 b\u0119d\u0105 tak\u017ce warto\u015b\u0107 wielofunkcyjn\u0105.<\/p>\n\n\n\n<p><\/p>\n\n\n\n<p>Data podpisania umowy: 7.04.2022 r.<\/p>\n\n\n\n<p>Termin realizacji projektu: 7.04.2022 r. &#8211; 6.04.2024 r.<\/p>\n\n\n\n<p>Przyznane \u015brodki: 112 990,00 z\u0142<\/p>\n\n\n\n<hr class=\"wp-block-separator has-alpha-channel-opacity\" \/>\n\n\n\n<p>Raport z bada\u0144 prowadzonych w ramach projektu mo\u017cna pobra\u0107 pod adresem:<\/p>\n\n\n\n<p><a href=\"https:\/\/cloud.pans.krosno.pl\/s\/2RiwBfQHGMbpa5L\">https:\/\/cloud.pans.krosno.pl\/s\/2RiwBfQHGMbpa5L<\/a><\/p>\n\n\n\n<hr class=\"wp-block-separator has-alpha-channel-opacity\" \/>\n\n\n\n<figure class=\"wp-block-image size-large\"><img loading=\"lazy\" decoding=\"async\" width=\"724\" height=\"1024\" src=\"https:\/\/pans.krosno.pl\/fundusze-zewnetrzne\/wp-content\/uploads\/sites\/14\/2024\/01\/plakat-Modele-724x1024.jpg\" alt=\"\" class=\"wp-image-3786\" srcset=\"https:\/\/pans.krosno.pl\/fundusze-zewnetrzne\/wp-content\/uploads\/sites\/14\/2024\/01\/plakat-Modele-724x1024.jpg 724w, https:\/\/pans.krosno.pl\/fundusze-zewnetrzne\/wp-content\/uploads\/sites\/14\/2024\/01\/plakat-Modele-212x300.jpg 212w, https:\/\/pans.krosno.pl\/fundusze-zewnetrzne\/wp-content\/uploads\/sites\/14\/2024\/01\/plakat-Modele-768x1086.jpg 768w, https:\/\/pans.krosno.pl\/fundusze-zewnetrzne\/wp-content\/uploads\/sites\/14\/2024\/01\/plakat-Modele-1086x1536.jpg 1086w, https:\/\/pans.krosno.pl\/fundusze-zewnetrzne\/wp-content\/uploads\/sites\/14\/2024\/01\/plakat-Modele-1448x2048.jpg 1448w, https:\/\/pans.krosno.pl\/fundusze-zewnetrzne\/wp-content\/uploads\/sites\/14\/2024\/01\/plakat-Modele-2000x2828.jpg 2000w, https:\/\/pans.krosno.pl\/fundusze-zewnetrzne\/wp-content\/uploads\/sites\/14\/2024\/01\/plakat-Modele-800x1131.jpg 800w, https:\/\/pans.krosno.pl\/fundusze-zewnetrzne\/wp-content\/uploads\/sites\/14\/2024\/01\/plakat-Modele-580x820.jpg 580w, https:\/\/pans.krosno.pl\/fundusze-zewnetrzne\/wp-content\/uploads\/sites\/14\/2024\/01\/plakat-Modele-scaled.jpg 1810w\" sizes=\"auto, (max-width: 724px) 100vw, 724px\" \/><\/figure>\n","protected":false},"excerpt":{"rendered":"<p>Projekt pn. &#8222;Modele patriotyzmu w perspektywie do\u015bwiadcze\u0144 biograficznych 20, 40 i 60 latk\u00f3w na Podkarpaciu&#8221; jest realizowany w ramach programu \u201eNauka dla spo\u0142ecze\u0144stwa\u201d finansowanego ze \u015brodk\u00f3w Ministerstwa Edukacji i Nauki. Projekt&nbsp;Modele patriotyzmu w perspektywie do\u015bwiadcze\u0144 biograficznych 20, 40 i 60 latk\u00f3w na Podkarpaciu&nbsp;bezpo\u015brednio nawi\u0105zuje do trzeciego obszaru programu, zatytu\u0142owanego \u201eHumanistyka [\u2026] <\/p>\n<div class=\"clear\"><\/div>\n<p><a class=\"more_link clearfix\" href=\"https:\/\/pans.krosno.pl\/fundusze-zewnetrzne\/modele-patriotyzmu-w-perspektywie-doswiadczen-biograficznych-20-40-i-60-latkow-na-podkarpaciu\/\" rel=\"nofollow\">Read More<\/a><\/p>\n","protected":false},"author":53,"featured_media":0,"parent":0,"menu_order":0,"comment_status":"closed","ping_status":"closed","template":"","meta":{"ngg_post_thumbnail":0,"footnotes":""},"class_list":["post-3428","page","type-page","status-publish","hentry"],"yoast_head":"<!-- This site is optimized with the Yoast SEO Premium plugin v27.4 (Yoast SEO v27.4) - https:\/\/yoast.com\/product\/yoast-seo-premium-wordpress\/ -->\n<title>Modele patriotyzmu w perspektywie do\u015bwiadcze\u0144 biograficznych 20, 40 i 60 latk\u00f3w na Podkarpaciu - Fundusze zewn\u0119trzne PANS w Kro\u015bnie<\/title>\n<meta name=\"robots\" content=\"index, follow, max-snippet:-1, max-image-preview:large, max-video-preview:-1\" \/>\n<link rel=\"canonical\" href=\"https:\/\/pans.krosno.pl\/fundusze-zewnetrzne\/modele-patriotyzmu-w-perspektywie-doswiadczen-biograficznych-20-40-i-60-latkow-na-podkarpaciu\/\" \/>\n<meta property=\"og:locale\" content=\"pl_PL\" \/>\n<meta property=\"og:type\" content=\"article\" \/>\n<meta property=\"og:title\" content=\"Modele patriotyzmu w perspektywie do\u015bwiadcze\u0144 biograficznych 20, 40 i 60 latk\u00f3w na Podkarpaciu\" \/>\n<meta property=\"og:description\" content=\"Projekt pn. &#8222;Modele patriotyzmu w perspektywie do\u015bwiadcze\u0144 biograficznych 20, 40 i 60 latk\u00f3w na Podkarpaciu&#8221; jest realizowany w ramach programu \u201eNauka dla spo\u0142ecze\u0144stwa\u201d finansowanego ze \u015brodk\u00f3w Ministerstwa Edukacji i Nauki. Projekt&nbsp;Modele patriotyzmu w perspektywie do\u015bwiadcze\u0144 biograficznych 20, 40 i 60 latk\u00f3w na Podkarpaciu&nbsp;bezpo\u015brednio nawi\u0105zuje do trzeciego obszaru programu, zatytu\u0142owanego \u201eHumanistyka [\u2026] Read More\" \/>\n<meta property=\"og:url\" content=\"https:\/\/pans.krosno.pl\/fundusze-zewnetrzne\/modele-patriotyzmu-w-perspektywie-doswiadczen-biograficznych-20-40-i-60-latkow-na-podkarpaciu\/\" \/>\n<meta property=\"og:site_name\" content=\"Fundusze zewn\u0119trzne PANS w Kro\u015bnie\" \/>\n<meta property=\"article:modified_time\" content=\"2024-04-23T09:02:53+00:00\" \/>\n<meta property=\"og:image\" content=\"https:\/\/pans.krosno.pl\/fundusze-zewnetrzne\/wp-content\/uploads\/sites\/14\/2023\/01\/godlo-i-flaga-polski-z-ustawy2-2.jpg\" \/>\n<meta name=\"twitter:card\" content=\"summary_large_image\" \/>\n<meta name=\"twitter:label1\" content=\"Szacowany czas czytania\" \/>\n\t<meta name=\"twitter:data1\" content=\"4 minuty\" \/>\n<script type=\"application\/ld+json\" class=\"yoast-schema-graph\">{\"@context\":\"https:\\\/\\\/schema.org\",\"@graph\":[{\"@type\":\"WebPage\",\"@id\":\"https:\\\/\\\/pans.krosno.pl\\\/fundusze-zewnetrzne\\\/modele-patriotyzmu-w-perspektywie-doswiadczen-biograficznych-20-40-i-60-latkow-na-podkarpaciu\\\/\",\"url\":\"https:\\\/\\\/pans.krosno.pl\\\/fundusze-zewnetrzne\\\/modele-patriotyzmu-w-perspektywie-doswiadczen-biograficznych-20-40-i-60-latkow-na-podkarpaciu\\\/\",\"name\":\"Modele patriotyzmu w perspektywie do\u015bwiadcze\u0144 biograficznych 20, 40 i 60 latk\u00f3w na Podkarpaciu - Fundusze zewn\u0119trzne PANS w Kro\u015bnie\",\"isPartOf\":{\"@id\":\"https:\\\/\\\/pans.krosno.pl\\\/fundusze-zewnetrzne\\\/#website\"},\"primaryImageOfPage\":{\"@id\":\"https:\\\/\\\/pans.krosno.pl\\\/fundusze-zewnetrzne\\\/modele-patriotyzmu-w-perspektywie-doswiadczen-biograficznych-20-40-i-60-latkow-na-podkarpaciu\\\/#primaryimage\"},\"image\":{\"@id\":\"https:\\\/\\\/pans.krosno.pl\\\/fundusze-zewnetrzne\\\/modele-patriotyzmu-w-perspektywie-doswiadczen-biograficznych-20-40-i-60-latkow-na-podkarpaciu\\\/#primaryimage\"},\"thumbnailUrl\":\"https:\\\/\\\/pans.krosno.pl\\\/fundusze-zewnetrzne\\\/wp-content\\\/uploads\\\/sites\\\/14\\\/2023\\\/01\\\/godlo-i-flaga-polski-z-ustawy2-2.jpg\",\"datePublished\":\"2022-11-14T08:51:44+00:00\",\"dateModified\":\"2024-04-23T09:02:53+00:00\",\"breadcrumb\":{\"@id\":\"https:\\\/\\\/pans.krosno.pl\\\/fundusze-zewnetrzne\\\/modele-patriotyzmu-w-perspektywie-doswiadczen-biograficznych-20-40-i-60-latkow-na-podkarpaciu\\\/#breadcrumb\"},\"inLanguage\":\"pl-PL\",\"potentialAction\":[{\"@type\":\"ReadAction\",\"target\":[\"https:\\\/\\\/pans.krosno.pl\\\/fundusze-zewnetrzne\\\/modele-patriotyzmu-w-perspektywie-doswiadczen-biograficznych-20-40-i-60-latkow-na-podkarpaciu\\\/\"]}]},{\"@type\":\"ImageObject\",\"inLanguage\":\"pl-PL\",\"@id\":\"https:\\\/\\\/pans.krosno.pl\\\/fundusze-zewnetrzne\\\/modele-patriotyzmu-w-perspektywie-doswiadczen-biograficznych-20-40-i-60-latkow-na-podkarpaciu\\\/#primaryimage\",\"url\":\"https:\\\/\\\/pans.krosno.pl\\\/fundusze-zewnetrzne\\\/wp-content\\\/uploads\\\/sites\\\/14\\\/2023\\\/01\\\/godlo-i-flaga-polski-z-ustawy2-2.jpg\",\"contentUrl\":\"https:\\\/\\\/pans.krosno.pl\\\/fundusze-zewnetrzne\\\/wp-content\\\/uploads\\\/sites\\\/14\\\/2023\\\/01\\\/godlo-i-flaga-polski-z-ustawy2-2.jpg\",\"width\":700,\"height\":394},{\"@type\":\"BreadcrumbList\",\"@id\":\"https:\\\/\\\/pans.krosno.pl\\\/fundusze-zewnetrzne\\\/modele-patriotyzmu-w-perspektywie-doswiadczen-biograficznych-20-40-i-60-latkow-na-podkarpaciu\\\/#breadcrumb\",\"itemListElement\":[{\"@type\":\"ListItem\",\"position\":1,\"name\":\"Strona g\u0142\u00f3wna\",\"item\":\"https:\\\/\\\/pans.krosno.pl\\\/fundusze-zewnetrzne\\\/\"},{\"@type\":\"ListItem\",\"position\":2,\"name\":\"Modele patriotyzmu w perspektywie do\u015bwiadcze\u0144 biograficznych 20, 40 i 60 latk\u00f3w na Podkarpaciu\"}]},{\"@type\":\"WebSite\",\"@id\":\"https:\\\/\\\/pans.krosno.pl\\\/fundusze-zewnetrzne\\\/#website\",\"url\":\"https:\\\/\\\/pans.krosno.pl\\\/fundusze-zewnetrzne\\\/\",\"name\":\"Fundusze zewn\u0119trzne PANS w Kro\u015bnie\",\"description\":\"Fundusze zewn\u0119trzne  - Pa\u0144stwowa Akademia Nauk Stosowanych\",\"publisher\":{\"@id\":\"https:\\\/\\\/pans.krosno.pl\\\/fundusze-zewnetrzne\\\/#organization\"},\"potentialAction\":[{\"@type\":\"SearchAction\",\"target\":{\"@type\":\"EntryPoint\",\"urlTemplate\":\"https:\\\/\\\/pans.krosno.pl\\\/fundusze-zewnetrzne\\\/?s={search_term_string}\"},\"query-input\":{\"@type\":\"PropertyValueSpecification\",\"valueRequired\":true,\"valueName\":\"search_term_string\"}}],\"inLanguage\":\"pl-PL\"},{\"@type\":\"Organization\",\"@id\":\"https:\\\/\\\/pans.krosno.pl\\\/fundusze-zewnetrzne\\\/#organization\",\"name\":\"Fundusze zewn\u0119trzne PANS w Kro\u015bnie\",\"url\":\"https:\\\/\\\/pans.krosno.pl\\\/fundusze-zewnetrzne\\\/\",\"logo\":{\"@type\":\"ImageObject\",\"inLanguage\":\"pl-PL\",\"@id\":\"https:\\\/\\\/pans.krosno.pl\\\/fundusze-zewnetrzne\\\/#\\\/schema\\\/logo\\\/image\\\/\",\"url\":\"https:\\\/\\\/pans.krosno.pl\\\/fundusze-zewnetrzne\\\/wp-content\\\/uploads\\\/sites\\\/14\\\/2023\\\/01\\\/Logo-PANS-2022-pelne.png\",\"contentUrl\":\"https:\\\/\\\/pans.krosno.pl\\\/fundusze-zewnetrzne\\\/wp-content\\\/uploads\\\/sites\\\/14\\\/2023\\\/01\\\/Logo-PANS-2022-pelne.png\",\"width\":3096,\"height\":696,\"caption\":\"Fundusze zewn\u0119trzne PANS w Kro\u015bnie\"},\"image\":{\"@id\":\"https:\\\/\\\/pans.krosno.pl\\\/fundusze-zewnetrzne\\\/#\\\/schema\\\/logo\\\/image\\\/\"}}]}<\/script>\n<!-- \/ Yoast SEO Premium plugin. -->","yoast_head_json":{"title":"Modele patriotyzmu w perspektywie do\u015bwiadcze\u0144 biograficznych 20, 40 i 60 latk\u00f3w na Podkarpaciu - Fundusze zewn\u0119trzne PANS w Kro\u015bnie","robots":{"index":"index","follow":"follow","max-snippet":"max-snippet:-1","max-image-preview":"max-image-preview:large","max-video-preview":"max-video-preview:-1"},"canonical":"https:\/\/pans.krosno.pl\/fundusze-zewnetrzne\/modele-patriotyzmu-w-perspektywie-doswiadczen-biograficznych-20-40-i-60-latkow-na-podkarpaciu\/","og_locale":"pl_PL","og_type":"article","og_title":"Modele patriotyzmu w perspektywie do\u015bwiadcze\u0144 biograficznych 20, 40 i 60 latk\u00f3w na Podkarpaciu","og_description":"Projekt pn. &#8222;Modele patriotyzmu w perspektywie do\u015bwiadcze\u0144 biograficznych 20, 40 i 60 latk\u00f3w na Podkarpaciu&#8221; jest realizowany w ramach programu \u201eNauka dla spo\u0142ecze\u0144stwa\u201d finansowanego ze \u015brodk\u00f3w Ministerstwa Edukacji i Nauki. Projekt&nbsp;Modele patriotyzmu w perspektywie do\u015bwiadcze\u0144 biograficznych 20, 40 i 60 latk\u00f3w na Podkarpaciu&nbsp;bezpo\u015brednio nawi\u0105zuje do trzeciego obszaru programu, zatytu\u0142owanego \u201eHumanistyka [\u2026] Read More","og_url":"https:\/\/pans.krosno.pl\/fundusze-zewnetrzne\/modele-patriotyzmu-w-perspektywie-doswiadczen-biograficznych-20-40-i-60-latkow-na-podkarpaciu\/","og_site_name":"Fundusze zewn\u0119trzne PANS w Kro\u015bnie","article_modified_time":"2024-04-23T09:02:53+00:00","og_image":[{"url":"https:\/\/pans.krosno.pl\/fundusze-zewnetrzne\/wp-content\/uploads\/sites\/14\/2023\/01\/godlo-i-flaga-polski-z-ustawy2-2.jpg","type":"","width":"","height":""}],"twitter_card":"summary_large_image","twitter_misc":{"Szacowany czas czytania":"4 minuty"},"schema":{"@context":"https:\/\/schema.org","@graph":[{"@type":"WebPage","@id":"https:\/\/pans.krosno.pl\/fundusze-zewnetrzne\/modele-patriotyzmu-w-perspektywie-doswiadczen-biograficznych-20-40-i-60-latkow-na-podkarpaciu\/","url":"https:\/\/pans.krosno.pl\/fundusze-zewnetrzne\/modele-patriotyzmu-w-perspektywie-doswiadczen-biograficznych-20-40-i-60-latkow-na-podkarpaciu\/","name":"Modele patriotyzmu w perspektywie do\u015bwiadcze\u0144 biograficznych 20, 40 i 60 latk\u00f3w na Podkarpaciu - Fundusze zewn\u0119trzne PANS w Kro\u015bnie","isPartOf":{"@id":"https:\/\/pans.krosno.pl\/fundusze-zewnetrzne\/#website"},"primaryImageOfPage":{"@id":"https:\/\/pans.krosno.pl\/fundusze-zewnetrzne\/modele-patriotyzmu-w-perspektywie-doswiadczen-biograficznych-20-40-i-60-latkow-na-podkarpaciu\/#primaryimage"},"image":{"@id":"https:\/\/pans.krosno.pl\/fundusze-zewnetrzne\/modele-patriotyzmu-w-perspektywie-doswiadczen-biograficznych-20-40-i-60-latkow-na-podkarpaciu\/#primaryimage"},"thumbnailUrl":"https:\/\/pans.krosno.pl\/fundusze-zewnetrzne\/wp-content\/uploads\/sites\/14\/2023\/01\/godlo-i-flaga-polski-z-ustawy2-2.jpg","datePublished":"2022-11-14T08:51:44+00:00","dateModified":"2024-04-23T09:02:53+00:00","breadcrumb":{"@id":"https:\/\/pans.krosno.pl\/fundusze-zewnetrzne\/modele-patriotyzmu-w-perspektywie-doswiadczen-biograficznych-20-40-i-60-latkow-na-podkarpaciu\/#breadcrumb"},"inLanguage":"pl-PL","potentialAction":[{"@type":"ReadAction","target":["https:\/\/pans.krosno.pl\/fundusze-zewnetrzne\/modele-patriotyzmu-w-perspektywie-doswiadczen-biograficznych-20-40-i-60-latkow-na-podkarpaciu\/"]}]},{"@type":"ImageObject","inLanguage":"pl-PL","@id":"https:\/\/pans.krosno.pl\/fundusze-zewnetrzne\/modele-patriotyzmu-w-perspektywie-doswiadczen-biograficznych-20-40-i-60-latkow-na-podkarpaciu\/#primaryimage","url":"https:\/\/pans.krosno.pl\/fundusze-zewnetrzne\/wp-content\/uploads\/sites\/14\/2023\/01\/godlo-i-flaga-polski-z-ustawy2-2.jpg","contentUrl":"https:\/\/pans.krosno.pl\/fundusze-zewnetrzne\/wp-content\/uploads\/sites\/14\/2023\/01\/godlo-i-flaga-polski-z-ustawy2-2.jpg","width":700,"height":394},{"@type":"BreadcrumbList","@id":"https:\/\/pans.krosno.pl\/fundusze-zewnetrzne\/modele-patriotyzmu-w-perspektywie-doswiadczen-biograficznych-20-40-i-60-latkow-na-podkarpaciu\/#breadcrumb","itemListElement":[{"@type":"ListItem","position":1,"name":"Strona g\u0142\u00f3wna","item":"https:\/\/pans.krosno.pl\/fundusze-zewnetrzne\/"},{"@type":"ListItem","position":2,"name":"Modele patriotyzmu w perspektywie do\u015bwiadcze\u0144 biograficznych 20, 40 i 60 latk\u00f3w na Podkarpaciu"}]},{"@type":"WebSite","@id":"https:\/\/pans.krosno.pl\/fundusze-zewnetrzne\/#website","url":"https:\/\/pans.krosno.pl\/fundusze-zewnetrzne\/","name":"Fundusze zewn\u0119trzne PANS w Kro\u015bnie","description":"Fundusze zewn\u0119trzne  - Pa\u0144stwowa Akademia Nauk Stosowanych","publisher":{"@id":"https:\/\/pans.krosno.pl\/fundusze-zewnetrzne\/#organization"},"potentialAction":[{"@type":"SearchAction","target":{"@type":"EntryPoint","urlTemplate":"https:\/\/pans.krosno.pl\/fundusze-zewnetrzne\/?s={search_term_string}"},"query-input":{"@type":"PropertyValueSpecification","valueRequired":true,"valueName":"search_term_string"}}],"inLanguage":"pl-PL"},{"@type":"Organization","@id":"https:\/\/pans.krosno.pl\/fundusze-zewnetrzne\/#organization","name":"Fundusze zewn\u0119trzne PANS w Kro\u015bnie","url":"https:\/\/pans.krosno.pl\/fundusze-zewnetrzne\/","logo":{"@type":"ImageObject","inLanguage":"pl-PL","@id":"https:\/\/pans.krosno.pl\/fundusze-zewnetrzne\/#\/schema\/logo\/image\/","url":"https:\/\/pans.krosno.pl\/fundusze-zewnetrzne\/wp-content\/uploads\/sites\/14\/2023\/01\/Logo-PANS-2022-pelne.png","contentUrl":"https:\/\/pans.krosno.pl\/fundusze-zewnetrzne\/wp-content\/uploads\/sites\/14\/2023\/01\/Logo-PANS-2022-pelne.png","width":3096,"height":696,"caption":"Fundusze zewn\u0119trzne PANS w Kro\u015bnie"},"image":{"@id":"https:\/\/pans.krosno.pl\/fundusze-zewnetrzne\/#\/schema\/logo\/image\/"}}]}},"_links":{"self":[{"href":"https:\/\/pans.krosno.pl\/fundusze-zewnetrzne\/wp-json\/wp\/v2\/pages\/3428","targetHints":{"allow":["GET"]}}],"collection":[{"href":"https:\/\/pans.krosno.pl\/fundusze-zewnetrzne\/wp-json\/wp\/v2\/pages"}],"about":[{"href":"https:\/\/pans.krosno.pl\/fundusze-zewnetrzne\/wp-json\/wp\/v2\/types\/page"}],"author":[{"embeddable":true,"href":"https:\/\/pans.krosno.pl\/fundusze-zewnetrzne\/wp-json\/wp\/v2\/users\/53"}],"replies":[{"embeddable":true,"href":"https:\/\/pans.krosno.pl\/fundusze-zewnetrzne\/wp-json\/wp\/v2\/comments?post=3428"}],"version-history":[{"count":6,"href":"https:\/\/pans.krosno.pl\/fundusze-zewnetrzne\/wp-json\/wp\/v2\/pages\/3428\/revisions"}],"predecessor-version":[{"id":3986,"href":"https:\/\/pans.krosno.pl\/fundusze-zewnetrzne\/wp-json\/wp\/v2\/pages\/3428\/revisions\/3986"}],"wp:attachment":[{"href":"https:\/\/pans.krosno.pl\/fundusze-zewnetrzne\/wp-json\/wp\/v2\/media?parent=3428"}],"curies":[{"name":"wp","href":"https:\/\/api.w.org\/{rel}","templated":true}]}}