{"id":1788,"date":"2021-02-01T11:59:28","date_gmt":"2021-02-01T10:59:28","guid":{"rendered":"https:\/\/pans.krosno.pl\/fundusze-europejskie-kursy\/?page_id=1788"},"modified":"2021-06-24T11:53:04","modified_gmt":"2021-06-24T09:53:04","slug":"uczelnia-bez-barier-aktualnosci","status":"publish","type":"page","link":"https:\/\/pans.krosno.pl\/fundusze-zewnetrzne\/projekty-realizowane\/uczelnia-bez-barier-w-kierunku-edukacji\/uczelnia-bez-barier-aktualnosci\/","title":{"rendered":"Uczelnia bez barier &#8211; Aktualno\u015bci\u00a0"},"content":{"rendered":"\n<figure class=\"wp-block-image size-large\"><img loading=\"lazy\" decoding=\"async\" width=\"1024\" height=\"131\" src=\"https:\/\/pans.krosno.pl\/fundusze-europejskie-kursy\/wp-content\/uploads\/sites\/14\/2020\/05\/LOGO-KOLOR-14-1024x131.jpg\" alt=\"\" class=\"wp-image-1082\" srcset=\"https:\/\/pans.krosno.pl\/fundusze-zewnetrzne\/wp-content\/uploads\/sites\/14\/2020\/05\/LOGO-KOLOR-14-1024x131.jpg 1024w, https:\/\/pans.krosno.pl\/fundusze-zewnetrzne\/wp-content\/uploads\/sites\/14\/2020\/05\/LOGO-KOLOR-14-300x38.jpg 300w, https:\/\/pans.krosno.pl\/fundusze-zewnetrzne\/wp-content\/uploads\/sites\/14\/2020\/05\/LOGO-KOLOR-14-768x99.jpg 768w, https:\/\/pans.krosno.pl\/fundusze-zewnetrzne\/wp-content\/uploads\/sites\/14\/2020\/05\/LOGO-KOLOR-14-1536x197.jpg 1536w, https:\/\/pans.krosno.pl\/fundusze-zewnetrzne\/wp-content\/uploads\/sites\/14\/2020\/05\/LOGO-KOLOR-14-800x103.jpg 800w, https:\/\/pans.krosno.pl\/fundusze-zewnetrzne\/wp-content\/uploads\/sites\/14\/2020\/05\/LOGO-KOLOR-14-580x74.jpg 580w, https:\/\/pans.krosno.pl\/fundusze-zewnetrzne\/wp-content\/uploads\/sites\/14\/2020\/05\/LOGO-KOLOR-14.jpg 1988w\" sizes=\"auto, (max-width: 1024px) 100vw, 1024px\" \/><\/figure>\n\n\n\n<p><\/p>\n\n\n<ul class=\"wp-block-latest-posts__list has-dates wp-block-latest-posts\"><li><a class=\"wp-block-latest-posts__post-title\" href=\"https:\/\/pans.krosno.pl\/fundusze-zewnetrzne\/ogloszenie-o-naborze-do-udzialu-w-cyklu-szkolen-w-zakresie-funkcjonowania-studentow-z-niepelnosprawnoscia-w-srodowisku-akademickim-dla-pracownikow-pans-w-krosnie\/\">Og\u0142oszenie o naborze do udzia\u0142u w cyklu szkole\u0144 w zakresie funkcjonowania student\u00f3w z niepe\u0142nosprawno\u015bci\u0105 w \u015brodowisku akademickim dla pracownik\u00f3w PANS w Kro\u015bnie<\/a><time datetime=\"2023-03-21T10:24:01+01:00\" class=\"wp-block-latest-posts__post-date\">21 marca 2023<\/time><div class=\"wp-block-latest-posts__post-excerpt\">Pa\u0144stwowa Akademia Nauk Stosowanych w Kro\u015bnie w zwi\u0105zku realizacj\u0105 projektu pn. \u201eUczelnia bez barier \u2013 w kierunku edukacji w\u0142\u0105czaj\u0105cej\u201d nr POWR.03.05.00-00-A079\/20, wsp\u00f3\u0142finansowanego ze \u015brodk\u00f3w Unii Europejskiej w ramach Europejskiego Funduszu Spo\u0142ecznego og\u0142asza nab\u00f3r do udzia\u0142u w cyklu szkole\u0144 w zakresie funkcjonowania student\u00f3w z niepe\u0142nosprawno\u015bci\u0105 w \u015brodowisku akademickim dla pracownik\u00f3w PANSw Kro\u015bnie. Na cykl szkole\u0144 sk\u0142adaj\u0105 [\u2026] <div class=\"clear\"><\/div><a class=\"more_link clearfix\" href=\"https:\/\/pans.krosno.pl\/fundusze-zewnetrzne\/ogloszenie-o-naborze-do-udzialu-w-cyklu-szkolen-w-zakresie-funkcjonowania-studentow-z-niepelnosprawnoscia-w-srodowisku-akademickim-dla-pracownikow-pans-w-krosnie\/\" rel=\"nofollow\">Read More<\/a><\/div><\/li>\n<li><a class=\"wp-block-latest-posts__post-title\" href=\"https:\/\/pans.krosno.pl\/fundusze-zewnetrzne\/ogloszenie-o-naborze-do-udzialu-w-cyklu-szkolen-z-zakresu-pracy-ze-studentami-z-zaburzeniami-psychicznymi-dla-pracownikow-pans-w-krosnie\/\">Og\u0142oszenie o naborze do udzia\u0142u w cyklu szkole\u0144 z zakresu pracy ze studentami z zaburzeniami psychicznymi dla pracownik\u00f3w PANS w Kro\u015bnie<\/a><time datetime=\"2023-02-22T13:57:24+01:00\" class=\"wp-block-latest-posts__post-date\">22 lutego 2023<\/time><div class=\"wp-block-latest-posts__post-excerpt\">Pa\u0144stwowa Akademia Nauk Stosowanych w Kro\u015bnie w zwi\u0105zku realizacj\u0105 projektu pn. \u201eUczelnia bez barier \u2013 w kierunku edukacji w\u0142\u0105czaj\u0105cej\u201d nr POWR.03.05.00-00-A079\/20, wsp\u00f3\u0142finansowanego ze \u015brodk\u00f3w Unii Europejskiej w ramach Europejskiego Funduszu Spo\u0142ecznego og\u0142asza nab\u00f3r do udzia\u0142u w cyklu szkole\u0144 z zakresu pracy ze studentami z zaburzeniami psychicznymi dla pracownik\u00f3w PANS w Kro\u015bnie. Na cykl szkole\u0144 sk\u0142adaj\u0105 [\u2026] <div class=\"clear\"><\/div><a class=\"more_link clearfix\" href=\"https:\/\/pans.krosno.pl\/fundusze-zewnetrzne\/ogloszenie-o-naborze-do-udzialu-w-cyklu-szkolen-z-zakresu-pracy-ze-studentami-z-zaburzeniami-psychicznymi-dla-pracownikow-pans-w-krosnie\/\" rel=\"nofollow\">Read More<\/a><\/div><\/li>\n<li><a class=\"wp-block-latest-posts__post-title\" href=\"https:\/\/pans.krosno.pl\/fundusze-zewnetrzne\/ogloszenie-o-naborze-do-w-szkoleniu-dla-nauczycieli-wychowania-fizycznego-dot-podnoszenia-kompetencji-dydaktycznych-w-zakresie-zimowych-dyscyplin-sportowych-dla-osob-z-niepelnosprawnoscia\/\">Og\u0142oszenie o naborze do w szkoleniu dla nauczycieli wychowania fizycznego dot. podnoszenia kompetencji dydaktycznych w zakresie zimowych dyscyplin sportowych dla os\u00f3b z niepe\u0142nosprawno\u015bci\u0105<\/a><time datetime=\"2022-12-05T11:30:00+01:00\" class=\"wp-block-latest-posts__post-date\">5 grudnia 2022<\/time><div class=\"wp-block-latest-posts__post-excerpt\">Karpacka Pa\u0144stwowa Uczelnia w Kro\u015bnie w zwi\u0105zku realizacj\u0105 projektu pn. \u201eUczelnia bez barier \u2013 w kierunku edukacji w\u0142\u0105czaj\u0105cej\u201d nr POWR.03.05.00-00-A079\/20, wsp\u00f3\u0142finansowanego ze \u015brodk\u00f3w Unii Europejskiej w ramach Europejskiego Funduszu Spo\u0142ecznego og\u0142asza nab\u00f3r do udzia\u0142u w szkoleniu dla nauczycieli wychowania fizycznego dot. podnoszenia kompetencji dydaktycznych w zakresie zimowych dyscyplin sportowych dla os\u00f3b z niepe\u0142nosprawno\u015bci\u0105 Liczba miejsc: [\u2026] <div class=\"clear\"><\/div><a class=\"more_link clearfix\" href=\"https:\/\/pans.krosno.pl\/fundusze-zewnetrzne\/ogloszenie-o-naborze-do-w-szkoleniu-dla-nauczycieli-wychowania-fizycznego-dot-podnoszenia-kompetencji-dydaktycznych-w-zakresie-zimowych-dyscyplin-sportowych-dla-osob-z-niepelnosprawnoscia\/\" rel=\"nofollow\">Read More<\/a><\/div><\/li>\n<li><a class=\"wp-block-latest-posts__post-title\" href=\"https:\/\/pans.krosno.pl\/fundusze-zewnetrzne\/ogloszenie-o-naborze-do-udzialu-w-szkoleniu-dla-kadry-kierowniczej-i-administracyjnej-w-zakresie-podniesienia-kompetencji-zarzadczych\/\">Og\u0142oszenie o naborze do udzia\u0142u w szkoleniu dla kadry kierowniczej i administracyjnej w zakresie podniesienia kompetencji zarz\u0105dczych<\/a><time datetime=\"2022-11-15T13:51:34+01:00\" class=\"wp-block-latest-posts__post-date\">15 listopada 2022<\/time><div class=\"wp-block-latest-posts__post-excerpt\">Karpacka Pa\u0144stwowa Uczelnia w Kro\u015bnie w zwi\u0105zku realizacj\u0105 projektu pn. \u201eUczelnia bez barier \u2013 w kierunku edukacji w\u0142\u0105czaj\u0105cej\u201d nr POWR.03.05.00-00-A079\/20, wsp\u00f3\u0142finansowanego ze \u015brodk\u00f3w Unii Europejskiej w ramach Europejskiego Funduszu Spo\u0142ecznego og\u0142asza nab\u00f3r do udzia\u0142u w szkoleniu z tworzenia multimedi\u00f3w w spos\u00f3b dost\u0119pny dla os\u00f3b z niepe\u0142nosprawno\u015bciami dla pracownik\u00f3w KPU w Kro\u015bnie Liczba miejsc: 5 Termin [\u2026] <div class=\"clear\"><\/div><a class=\"more_link clearfix\" href=\"https:\/\/pans.krosno.pl\/fundusze-zewnetrzne\/ogloszenie-o-naborze-do-udzialu-w-szkoleniu-dla-kadry-kierowniczej-i-administracyjnej-w-zakresie-podniesienia-kompetencji-zarzadczych\/\" rel=\"nofollow\">Read More<\/a><\/div><\/li>\n<li><a class=\"wp-block-latest-posts__post-title\" href=\"https:\/\/pans.krosno.pl\/fundusze-zewnetrzne\/centrum-wsparcia-bon-wraca-po-wakacyjnej-przerwie-3\/\">Centrum Wsparcia BON wraca po wakacyjnej przerwie<\/a><time datetime=\"2022-10-03T13:17:00+02:00\" class=\"wp-block-latest-posts__post-date\">3 pa\u017adziernika 2022<\/time><div class=\"wp-block-latest-posts__post-excerpt\">W dniu 3 pa\u017adziernika 2022 r. po wakacyjnej przerwie wznawiamy dzia\u0142alno\u015b\u0107 Centrum Wsparcia BON. Centrum Wsparcia BON powsta\u0142o, aby zapewni\u0107 studentom, w tym studentom z niepe\u0142nosprawno\u015bciami szeroki zakres wsparcia. Centrum b\u0119dzie funkcjonowa\u0107 od wrze\u015bnia 2021 do czerwca 2022 w spos\u00f3b ci\u0105g\u0142y i b\u0119dzie oferowa\u0107 cotygodniowe konsultacje w ramach wsparcia psychologicznego, edukacyjnego (m. in. dostosowanie sposobu [\u2026] <div class=\"clear\"><\/div><a class=\"more_link clearfix\" href=\"https:\/\/pans.krosno.pl\/fundusze-zewnetrzne\/centrum-wsparcia-bon-wraca-po-wakacyjnej-przerwie-3\/\" rel=\"nofollow\">Read More<\/a><\/div><\/li>\n<li><a class=\"wp-block-latest-posts__post-title\" href=\"https:\/\/pans.krosno.pl\/fundusze-zewnetrzne\/ogloszenie-o-naborze-do-udzialu-w-cyklu-szkolen-z-zakresu-pracy-ze-studentami-z-zaburzeniami-psychicznymi-dla-pracownikow-kpu-w-krosnie-ktorzy-brali-udzial-w-szkoleniu-podstawowym-w-zakresie-2\/\">Og\u0142oszenie o naborze do udzia\u0142u w cyklu szkole\u0144 z zakresu pracy ze studentami z zaburzeniami psychicznymi dla pracownik\u00f3w KPU w Kro\u015bnie, kt\u00f3rzy brali udzia\u0142 w \u201eSzkoleniu podstawowym w zakresie komunikacji i form wsparcia edukacyjnego student\u00f3w z zaburzeniami psychicznymi\u201d<\/a><time datetime=\"2022-04-19T12:40:00+02:00\" class=\"wp-block-latest-posts__post-date\">19 kwietnia 2022<\/time><div class=\"wp-block-latest-posts__post-excerpt\">Karpacka Pa\u0144stwowa Uczelnia w Kro\u015bnie w zwi\u0105zku realizacj\u0105 projektu pn. \u201eUczelnia bez barier \u2013 w kierunku edukacji w\u0142\u0105czaj\u0105cej\u201d nr POWR.03.05.00-00-A079\/20, wsp\u00f3\u0142finansowanego ze \u015brodk\u00f3w Unii Europejskiej w ramach Europejskiego Funduszu Spo\u0142ecznego og\u0142asza nab\u00f3r do udzia\u0142u w cyklu szkole\u0144 z zakresu pracy ze studentami z zaburzeniami psychicznymi dla pracownik\u00f3w KPU w Kro\u015bnie, kt\u00f3rzy brali udzia\u0142 w \u201eSzkoleniu [\u2026] <div class=\"clear\"><\/div><a class=\"more_link clearfix\" href=\"https:\/\/pans.krosno.pl\/fundusze-zewnetrzne\/ogloszenie-o-naborze-do-udzialu-w-cyklu-szkolen-z-zakresu-pracy-ze-studentami-z-zaburzeniami-psychicznymi-dla-pracownikow-kpu-w-krosnie-ktorzy-brali-udzial-w-szkoleniu-podstawowym-w-zakresie-2\/\" rel=\"nofollow\">Read More<\/a><\/div><\/li>\n<li><a class=\"wp-block-latest-posts__post-title\" href=\"https:\/\/pans.krosno.pl\/fundusze-zewnetrzne\/ogloszenie-o-naborze-do-udzialu-w-cyklu-szkolen-z-zakresu-pracy-ze-studentami-z-zaburzeniami-psychicznymi-dla-pracownikow-kpu-w-krosnie-ktorzy-brali-udzial-w-szkoleniu-podstawowym-w-zakresie\/\">Og\u0142oszenie o naborze do udzia\u0142u w cyklu szkole\u0144 z zakresu pracy ze studentami z zaburzeniami psychicznymi dla pracownik\u00f3w KPU w Kro\u015bnie, kt\u00f3rzy brali udzia\u0142 w \u201eSzkoleniu podstawowym w zakresie komunikacji i form wsparcia edukacyjnego student\u00f3w z zaburzeniami psychicznymi\u201d<\/a><time datetime=\"2022-02-07T12:14:50+01:00\" class=\"wp-block-latest-posts__post-date\">7 lutego 2022<\/time><div class=\"wp-block-latest-posts__post-excerpt\">Karpacka Pa\u0144stwowa Uczelnia w Kro\u015bnie w zwi\u0105zku realizacj\u0105 projektu pn. \u201eUczelnia bez barier \u2013 w kierunku edukacji w\u0142\u0105czaj\u0105cej\u201d nr POWR.03.05.00-00-A079\/20, wsp\u00f3\u0142finansowanego ze \u015brodk\u00f3w Unii Europejskiej w ramach Europejskiego Funduszu Spo\u0142ecznego og\u0142asza nab\u00f3r do udzia\u0142u w cyklu szkole\u0144 z zakresu pracy ze studentami z zaburzeniami psychicznymi dla pracownik\u00f3w KPU w Kro\u015bnie, kt\u00f3rzy brali udzia\u0142 w \u201eSzkoleniu [\u2026] <div class=\"clear\"><\/div><a class=\"more_link clearfix\" href=\"https:\/\/pans.krosno.pl\/fundusze-zewnetrzne\/ogloszenie-o-naborze-do-udzialu-w-cyklu-szkolen-z-zakresu-pracy-ze-studentami-z-zaburzeniami-psychicznymi-dla-pracownikow-kpu-w-krosnie-ktorzy-brali-udzial-w-szkoleniu-podstawowym-w-zakresie\/\" rel=\"nofollow\">Read More<\/a><\/div><\/li>\n<li><a class=\"wp-block-latest-posts__post-title\" href=\"https:\/\/pans.krosno.pl\/fundusze-zewnetrzne\/ogloszenie-o-naborze-do-udzialu-w-cyklu-szkolen-w-zakresie-funkcjonowania-studentow-z-niepelnosprawnoscia-w-srodowisku-akademickim-dla-pracownikow-kpu-w-krosnie-2\/\">Og\u0142oszenie o naborze do udzia\u0142u w cyklu szkole\u0144 w zakresie funkcjonowania student\u00f3w z niepe\u0142nosprawno\u015bci\u0105 w \u015brodowisku akademickim dla pracownik\u00f3w KPU w Kro\u015bnie<\/a><time datetime=\"2022-02-07T12:05:49+01:00\" class=\"wp-block-latest-posts__post-date\">7 lutego 2022<\/time><div class=\"wp-block-latest-posts__post-excerpt\">Karpacka Pa\u0144stwowa Uczelnia w Kro\u015bnie w zwi\u0105zku realizacj\u0105 projektu pn. \u201eUczelnia bez barier \u2013 w kierunku edukacji w\u0142\u0105czaj\u0105cej\u201d nr POWR.03.05.00-00-A079\/20, wsp\u00f3\u0142finansowanego ze \u015brodk\u00f3w Unii Europejskiej w ramach Europejskiego Funduszu Spo\u0142ecznego og\u0142asza nab\u00f3r do udzia\u0142u w cyklu szkole\u0144 w zakresie funkcjonowania student\u00f3w z niepe\u0142nosprawno\u015bci\u0105 w \u015brodowisku akademickim dla pracownik\u00f3w KPU w Kro\u015bnie. Na cykl szkole\u0144 sk\u0142adaj\u0105 [\u2026] <div class=\"clear\"><\/div><a class=\"more_link clearfix\" href=\"https:\/\/pans.krosno.pl\/fundusze-zewnetrzne\/ogloszenie-o-naborze-do-udzialu-w-cyklu-szkolen-w-zakresie-funkcjonowania-studentow-z-niepelnosprawnoscia-w-srodowisku-akademickim-dla-pracownikow-kpu-w-krosnie-2\/\" rel=\"nofollow\">Read More<\/a><\/div><\/li>\n<li><a class=\"wp-block-latest-posts__post-title\" href=\"https:\/\/pans.krosno.pl\/fundusze-zewnetrzne\/ogloszenie-o-naborze-do-udzialu-w-cyklu-szkolen-z-zakresu-pracy-ze-studentami-z-zaburzeniami-psychicznymi-dla-pracownikow-kpu-w-krosnie\/\">Og\u0142oszenie o naborze do udzia\u0142u w cyklu szkole\u0144 z zakresu pracy ze studentami z zaburzeniami psychicznymi dla pracownik\u00f3w KPU w Kro\u015bnie<\/a><time datetime=\"2021-12-20T10:25:00+01:00\" class=\"wp-block-latest-posts__post-date\">20 grudnia 2021<\/time><div class=\"wp-block-latest-posts__post-excerpt\">Karpacka Pa\u0144stwowa Uczelnia w Kro\u015bnie w zwi\u0105zku realizacj\u0105 projektu pn. \u201eUczelnia bez barier \u2013 w kierunku edukacji w\u0142\u0105czaj\u0105cej\u201d nr POWR.03.05.00-00-A079\/20, wsp\u00f3\u0142finansowanego ze \u015brodk\u00f3w Unii Europejskiej w ramach Europejskiego Funduszu Spo\u0142ecznego og\u0142asza nab\u00f3r do udzia\u0142u w cyklu szkole\u0144 z zakresu pracy ze studentami z zaburzeniami psychicznymi dla pracownik\u00f3w KPU w Kro\u015bnie. Na cykl szkole\u0144 sk\u0142adaj\u0105 si\u0119 [\u2026] <div class=\"clear\"><\/div><a class=\"more_link clearfix\" href=\"https:\/\/pans.krosno.pl\/fundusze-zewnetrzne\/ogloszenie-o-naborze-do-udzialu-w-cyklu-szkolen-z-zakresu-pracy-ze-studentami-z-zaburzeniami-psychicznymi-dla-pracownikow-kpu-w-krosnie\/\" rel=\"nofollow\">Read More<\/a><\/div><\/li>\n<li><a class=\"wp-block-latest-posts__post-title\" href=\"https:\/\/pans.krosno.pl\/fundusze-zewnetrzne\/ogloszenie-o-naborze-do-udzialu-w-szkoleniu-z-tworzenia-multimediow-w-sposob-dostepny-dla-osob-z-niepelnosprawnosciami-dla-pracownikow-kpu-w-krosnie\/\">Og\u0142oszenie o naborze do udzia\u0142u w szkoleniu z tworzenia multimedi\u00f3w w spos\u00f3b dost\u0119pny dla os\u00f3b z niepe\u0142nosprawno\u015bciami dla pracownik\u00f3w KPU w Kro\u015bnie<\/a><time datetime=\"2021-11-29T13:47:00+01:00\" class=\"wp-block-latest-posts__post-date\">29 listopada 2021<\/time><div class=\"wp-block-latest-posts__post-excerpt\">Karpacka Pa\u0144stwowa Uczelnia w Kro\u015bnie w zwi\u0105zku realizacj\u0105 projektu pn. \u201eUczelnia bez barier \u2013 w kierunku edukacji w\u0142\u0105czaj\u0105cej\u201d nr POWR.03.05.00-00-A079\/20, wsp\u00f3\u0142finansowanego ze \u015brodk\u00f3w Unii Europejskiej w ramach Europejskiego Funduszu Spo\u0142ecznego og\u0142asza nab\u00f3r do udzia\u0142u w szkoleniu z tworzenia multimedi\u00f3w w spos\u00f3b dost\u0119pny dla os\u00f3b z niepe\u0142nosprawno\u015bciami dla pracownik\u00f3w KPU w Kro\u015bnie Liczba miejsc: 20 Termin [\u2026] <div class=\"clear\"><\/div><a class=\"more_link clearfix\" href=\"https:\/\/pans.krosno.pl\/fundusze-zewnetrzne\/ogloszenie-o-naborze-do-udzialu-w-szkoleniu-z-tworzenia-multimediow-w-sposob-dostepny-dla-osob-z-niepelnosprawnosciami-dla-pracownikow-kpu-w-krosnie\/\" rel=\"nofollow\">Read More<\/a><\/div><\/li>\n<li><a class=\"wp-block-latest-posts__post-title\" href=\"https:\/\/pans.krosno.pl\/fundusze-zewnetrzne\/film-podnoszacy-swiadomosc-w-zakresie-funkcjonowania-studentow-z-niepelnosprawnosciami-w-uczelni\/\">Film podnosz\u0105cy \u015bwiadomo\u015b\u0107 w zakresie funkcjonowania student\u00f3w z niepe\u0142nosprawno\u015bciami w uczelni<\/a><time datetime=\"2021-11-22T12:43:00+01:00\" class=\"wp-block-latest-posts__post-date\">22 listopada 2021<\/time><div class=\"wp-block-latest-posts__post-excerpt\">Przedstawiamy zrealizowany w Karpackiej Pa\u0144stwowej Uczelni w Kro\u015bnie przez Sp\u00f3\u0142dzielni\u0119 Socjaln\u0105 FADO film przedstawiaj\u0105cy funkcjonowanie student\u00f3w z niepe\u0142nosprawno\u015bciami w Uczelni. Zapraszamy do zapoznania si\u0119 z materia\u0142em. Film w wersji z audiodeskrypcj\u0105<\/div><\/li>\n<li><a class=\"wp-block-latest-posts__post-title\" href=\"https:\/\/pans.krosno.pl\/fundusze-zewnetrzne\/ogloszenie-o-naborze-do-udzialu-w-szkoleniu-z-redagowania-tresci-na-stronach-internetowych-w-sposob-dostepny-dla-osob-z-niepelnosprawnosciami-dla-pracownikow-kpu-w-krosnie\/\">Og\u0142oszenie o naborze do udzia\u0142u w szkoleniu z redagowania tre\u015bci na stronach internetowych w spos\u00f3b dost\u0119pny dla os\u00f3b z niepe\u0142nosprawno\u015bciami dla pracownik\u00f3w KPU w Kro\u015bnie<\/a><time datetime=\"2021-11-08T11:47:00+01:00\" class=\"wp-block-latest-posts__post-date\">8 listopada 2021<\/time><div class=\"wp-block-latest-posts__post-excerpt\">Karpacka Pa\u0144stwowa Uczelnia w Kro\u015bnie w zwi\u0105zku realizacj\u0105 projektu pn. \u201eUczelnia bez barier \u2013 w kierunku edukacji w\u0142\u0105czaj\u0105cej\u201d nr POWR.03.05.00-00-A079\/20, wsp\u00f3\u0142finansowanego ze \u015brodk\u00f3w Unii Europejskiej w ramach Europejskiego Funduszu Spo\u0142ecznego og\u0142asza nab\u00f3r do udzia\u0142u w szkoleniu z redagowania tre\u015bci na stronach internetowych w spos\u00f3b dost\u0119pny dla os\u00f3b z niepe\u0142nosprawno\u015bciami dla pracownik\u00f3w KPU w Kro\u015bnie Liczba [\u2026] <div class=\"clear\"><\/div><a class=\"more_link clearfix\" href=\"https:\/\/pans.krosno.pl\/fundusze-zewnetrzne\/ogloszenie-o-naborze-do-udzialu-w-szkoleniu-z-redagowania-tresci-na-stronach-internetowych-w-sposob-dostepny-dla-osob-z-niepelnosprawnosciami-dla-pracownikow-kpu-w-krosnie\/\" rel=\"nofollow\">Read More<\/a><\/div><\/li>\n<li><a class=\"wp-block-latest-posts__post-title\" href=\"https:\/\/pans.krosno.pl\/fundusze-zewnetrzne\/ogloszenie-o-naborze-do-udzialu-w-szkoleniu-z-szkoleniu-z-tworzenia-dokumentow-cyfrowych-dostepnych-dla-osob-z-niepelnosprawnosciami-dla-pracownikow-kpu-w-krosnie\/\">Og\u0142oszenie o naborze do udzia\u0142u w szkoleniu z szkoleniu z tworzenia dokument\u00f3w cyfrowych dost\u0119pnych dla os\u00f3b z niepe\u0142nosprawno\u015bciami dla pracownik\u00f3w KPU w Kro\u015bnie<\/a><time datetime=\"2021-11-02T11:01:00+01:00\" class=\"wp-block-latest-posts__post-date\">2 listopada 2021<\/time><div class=\"wp-block-latest-posts__post-excerpt\">Karpacka Pa\u0144stwowa Uczelnia w Kro\u015bnie w zwi\u0105zku realizacj\u0105 projektu pn. \u201eUczelnia bez barier \u2013 w kierunku edukacji w\u0142\u0105czaj\u0105cej\u201d nr POWR.03.05.00-00-A079\/20, wsp\u00f3\u0142finansowanego ze \u015brodk\u00f3w Unii Europejskiej w ramach Europejskiego Funduszu Spo\u0142ecznego og\u0142asza nab\u00f3r do udzia\u0142u w szkoleniu z tworzenia dokument\u00f3w cyfrowych dost\u0119pnych dla os\u00f3b z niepe\u0142nosprawno\u015bciami dla pracownik\u00f3w KPU w Kro\u015bnie Liczba miejsc: 20 Termin szkolenia: [\u2026] <div class=\"clear\"><\/div><a class=\"more_link clearfix\" href=\"https:\/\/pans.krosno.pl\/fundusze-zewnetrzne\/ogloszenie-o-naborze-do-udzialu-w-szkoleniu-z-szkoleniu-z-tworzenia-dokumentow-cyfrowych-dostepnych-dla-osob-z-niepelnosprawnosciami-dla-pracownikow-kpu-w-krosnie\/\" rel=\"nofollow\">Read More<\/a><\/div><\/li>\n<li><a class=\"wp-block-latest-posts__post-title\" href=\"https:\/\/pans.krosno.pl\/fundusze-zewnetrzne\/ogloszenie-o-naborze-do-udzialu-w-cyklu-szkolen-w-zakresie-funkcjonowania-studentow-z-niepelnosprawnoscia-w-srodowisku-akademickim-dla-pracownikow-kpu-w-krosnie\/\">Og\u0142oszenie o naborze do udzia\u0142u w cyklu szkole\u0144 w zakresie funkcjonowania student\u00f3w z niepe\u0142nosprawno\u015bci\u0105 w \u015brodowisku akademickim dla pracownik\u00f3w KPU w Kro\u015bnie<\/a><time datetime=\"2021-11-02T10:42:00+01:00\" class=\"wp-block-latest-posts__post-date\">2 listopada 2021<\/time><div class=\"wp-block-latest-posts__post-excerpt\">Karpacka Pa\u0144stwowa Uczelnia w Kro\u015bnie w zwi\u0105zku realizacj\u0105 projektu pn. \u201eUczelnia bez barier \u2013 w kierunku edukacji w\u0142\u0105czaj\u0105cej\u201d nr POWR.03.05.00-00-A079\/20, wsp\u00f3\u0142finansowanego ze \u015brodk\u00f3w Unii Europejskiej w ramach Europejskiego Funduszu Spo\u0142ecznego og\u0142asza nab\u00f3r do udzia\u0142u w cyklu szkole\u0144 w zakresie funkcjonowania student\u00f3w z niepe\u0142nosprawno\u015bci\u0105 w \u015brodowisku akademickim dla pracownik\u00f3w KPU w Kro\u015bnie. Na cykl szkole\u0144 sk\u0142adaj\u0105 [\u2026] <div class=\"clear\"><\/div><a class=\"more_link clearfix\" href=\"https:\/\/pans.krosno.pl\/fundusze-zewnetrzne\/ogloszenie-o-naborze-do-udzialu-w-cyklu-szkolen-w-zakresie-funkcjonowania-studentow-z-niepelnosprawnoscia-w-srodowisku-akademickim-dla-pracownikow-kpu-w-krosnie\/\" rel=\"nofollow\">Read More<\/a><\/div><\/li>\n<li><a class=\"wp-block-latest-posts__post-title\" href=\"https:\/\/pans.krosno.pl\/fundusze-zewnetrzne\/ogloszenie-o-naborze-do-udzialu-w-cyklu-szkolen-z-zakresu-pracy-ze-studentami-z-zaburzeniami-psychicznymi-dla-pracownikow-kpu-w-krosnie-ktorzy-brali-udzial-w-szkoleniu-podstawowym-w-zakresie-komuni\/\">Og\u0142oszenie o naborze do udzia\u0142u w cyklu szkole\u0144 z zakresu pracy ze studentami z zaburzeniami psychicznymi dla pracownik\u00f3w KPU w Kro\u015bnie, kt\u00f3rzy brali udzia\u0142 w &#8222;Szkoleniu podstawowym w zakresie komunikacji i form wsparcia edukacyjnego student\u00f3w z zaburzeniami psychicznymi&#8221;<\/a><time datetime=\"2021-10-18T11:28:00+02:00\" class=\"wp-block-latest-posts__post-date\">18 pa\u017adziernika 2021<\/time><div class=\"wp-block-latest-posts__post-excerpt\">Karpacka Pa\u0144stwowa Uczelnia w Kro\u015bnie w zwi\u0105zku realizacj\u0105 projektu pn. \u201eUczelnia bez barier \u2013 w kierunku edukacji w\u0142\u0105czaj\u0105cej\u201d nr POWR.03.05.00-00-A079\/20, wsp\u00f3\u0142finansowanego ze \u015brodk\u00f3w Unii Europejskiej w ramach Europejskiego Funduszu Spo\u0142ecznego og\u0142asza nab\u00f3r do udzia\u0142u w cyklu szkole\u0144 z zakresu pracy ze studentami z zaburzeniami psychicznymi dla pracownik\u00f3w KPU w Kro\u015bnie, kt\u00f3rzy brali udzia\u0142 w &#8222;Szkoleniu [\u2026] <div class=\"clear\"><\/div><a class=\"more_link clearfix\" href=\"https:\/\/pans.krosno.pl\/fundusze-zewnetrzne\/ogloszenie-o-naborze-do-udzialu-w-cyklu-szkolen-z-zakresu-pracy-ze-studentami-z-zaburzeniami-psychicznymi-dla-pracownikow-kpu-w-krosnie-ktorzy-brali-udzial-w-szkoleniu-podstawowym-w-zakresie-komuni\/\" rel=\"nofollow\">Read More<\/a><\/div><\/li>\n<li><a class=\"wp-block-latest-posts__post-title\" href=\"https:\/\/pans.krosno.pl\/fundusze-zewnetrzne\/ogloszenie-o-naborze-do-udzialu-w-szkoleniu-z-zakresu-dostepnosci-cyfrowej-i-nowoczesnych-technologii-standard-wcag-2-1-dla-pracownikow-kadry-administracyjnej-kpu-w-krosnie\/\">Og\u0142oszenie o naborze do udzia\u0142u w szkoleniu z zakresu dost\u0119pno\u015bci cyfrowej i nowoczesnych technologii &#8211; standard WCAG 2.1 dla pracownik\u00f3w kadry administracyjnej KPU w Kro\u015bnie<\/a><time datetime=\"2021-10-06T15:01:57+02:00\" class=\"wp-block-latest-posts__post-date\">6 pa\u017adziernika 2021<\/time><div class=\"wp-block-latest-posts__post-excerpt\">Karpacka Pa\u0144stwowa Uczelnia w Kro\u015bnie w zwi\u0105zku realizacj\u0105 projektu pn. \u201eUczelnia bez barier \u2013 w kierunku edukacji w\u0142\u0105czaj\u0105cej\u201d nr POWR.03.05.00-00-A079\/20, wsp\u00f3\u0142finansowanego ze \u015brodk\u00f3w Unii Europejskiej w ramach Europejskiego Funduszu Spo\u0142ecznego og\u0142asza nab\u00f3r do udzia\u0142u w szkoleniu z zakresu dost\u0119pno\u015bci cyfrowej i nowoczesnych technologii &#8211; standard WCAG 2.1 dla pracownik\u00f3w kadry administracyjnej KPU w Kro\u015bnie Liczba [\u2026] <div class=\"clear\"><\/div><a class=\"more_link clearfix\" href=\"https:\/\/pans.krosno.pl\/fundusze-zewnetrzne\/ogloszenie-o-naborze-do-udzialu-w-szkoleniu-z-zakresu-dostepnosci-cyfrowej-i-nowoczesnych-technologii-standard-wcag-2-1-dla-pracownikow-kadry-administracyjnej-kpu-w-krosnie\/\" rel=\"nofollow\">Read More<\/a><\/div><\/li>\n<li><a class=\"wp-block-latest-posts__post-title\" href=\"https:\/\/pans.krosno.pl\/fundusze-zewnetrzne\/ogloszenie-o-naborze-do-udzialu-w-szkoleniu-z-dostosowania-materialow-dydaktycznych-do-potrzeb-osob-z-niepelnosprawnosciami-dla-pracownikow-kadry-dydaktycznej-kpu-w-krosnie\/\">Og\u0142oszenie o naborze do udzia\u0142u w szkoleniu z dostosowania materia\u0142\u00f3w dydaktycznych do potrzeb os\u00f3b z niepe\u0142nosprawno\u015bciami dla pracownik\u00f3w kadry dydaktycznej KPU w Kro\u015bnie<\/a><time datetime=\"2021-10-06T14:50:05+02:00\" class=\"wp-block-latest-posts__post-date\">6 pa\u017adziernika 2021<\/time><div class=\"wp-block-latest-posts__post-excerpt\">Karpacka Pa\u0144stwowa Uczelnia w Kro\u015bnie w zwi\u0105zku realizacj\u0105 projektu pn. \u201eUczelnia bez barier \u2013 w kierunku edukacji w\u0142\u0105czaj\u0105cej\u201d nr POWR.03.05.00-00-A079\/20, wsp\u00f3\u0142finansowanego ze \u015brodk\u00f3w Unii Europejskiej w ramach Europejskiego Funduszu Spo\u0142ecznego og\u0142asza nab\u00f3r do udzia\u0142u w szkoleniu z dostosowania materia\u0142\u00f3w dydaktycznych do potrzeb os\u00f3b z niepe\u0142nosprawno\u015bciami dla pracownik\u00f3w kadry dydaktycznej KPU w Kro\u015bnie Liczba miejsc: 15 [\u2026] <div class=\"clear\"><\/div><a class=\"more_link clearfix\" href=\"https:\/\/pans.krosno.pl\/fundusze-zewnetrzne\/ogloszenie-o-naborze-do-udzialu-w-szkoleniu-z-dostosowania-materialow-dydaktycznych-do-potrzeb-osob-z-niepelnosprawnosciami-dla-pracownikow-kadry-dydaktycznej-kpu-w-krosnie\/\" rel=\"nofollow\">Read More<\/a><\/div><\/li>\n<li><a class=\"wp-block-latest-posts__post-title\" href=\"https:\/\/pans.krosno.pl\/fundusze-zewnetrzne\/ogloszenie-o-naborze-do-udzialu-w-szkoleniu-dla-nauczycieli-wychowania-fizycznego-w-zakresie-podnoszenia-kompetencji-dydaktycznych-w-pracy-z-osobami-z-niepelnosprawnosciami-dla-pracownikow-studium-wyc\/\">Og\u0142oszenie o naborze do udzia\u0142u w szkoleniu dla nauczycieli wychowania fizycznego w zakresie podnoszenia kompetencji dydaktycznych w pracy z osobami z niepe\u0142nosprawno\u015bciami dla pracownik\u00f3w Zak\u0142adu Wychowania Fizycznego oraz Studium Wychowania Fizycznego KPU w Kro\u015bnie<\/a><time datetime=\"2021-10-06T14:02:19+02:00\" class=\"wp-block-latest-posts__post-date\">6 pa\u017adziernika 2021<\/time><div class=\"wp-block-latest-posts__post-excerpt\">Karpacka Pa\u0144stwowa Uczelnia w Kro\u015bnie w zwi\u0105zku realizacj\u0105 projektu pn. \u201eUczelnia bez barier \u2013 w kierunku edukacji w\u0142\u0105czaj\u0105cej\u201d nr POWR.03.05.00-00-A079\/20, wsp\u00f3\u0142finansowanego ze \u015brodk\u00f3w Unii Europejskiej w ramach Europejskiego Funduszu Spo\u0142ecznego og\u0142asza nab\u00f3r do udzia\u0142u w szkoleniu dla nauczycieli wychowania fizycznego w zakresie podnoszenia kompetencji dydaktycznych w pracy z osobami z niepe\u0142nosprawno\u015bciami dla pracownik\u00f3w Studium Wychowania [\u2026] <div class=\"clear\"><\/div><a class=\"more_link clearfix\" href=\"https:\/\/pans.krosno.pl\/fundusze-zewnetrzne\/ogloszenie-o-naborze-do-udzialu-w-szkoleniu-dla-nauczycieli-wychowania-fizycznego-w-zakresie-podnoszenia-kompetencji-dydaktycznych-w-pracy-z-osobami-z-niepelnosprawnosciami-dla-pracownikow-studium-wyc\/\" rel=\"nofollow\">Read More<\/a><\/div><\/li>\n<li><a class=\"wp-block-latest-posts__post-title\" href=\"https:\/\/pans.krosno.pl\/fundusze-zewnetrzne\/ogloszenie-o-naborze-do-udzialu-w-szkoleniu-z-tworzenia-stron-internetowych-dostepnych-dla-osob-z-niepelnosprawnosciami-dla-pracownikow-karpackiej-panstwowej-uczelni-w-krosnie\/\">Og\u0142oszenie o naborze do udzia\u0142u w szkoleniu z tworzenia stron internetowych dost\u0119pnych dla os\u00f3b z niepe\u0142nosprawno\u015bciami dla pracownik\u00f3w Karpackiej Pa\u0144stwowej Uczelni w Kro\u015bnie<\/a><time datetime=\"2021-09-13T11:40:00+02:00\" class=\"wp-block-latest-posts__post-date\">13 wrze\u015bnia 2021<\/time><div class=\"wp-block-latest-posts__post-excerpt\">Karpacka Pa\u0144stwowa Uczelnia w Kro\u015bnie w zwi\u0105zku realizacj\u0105 projektu pn. \u201eUczelnia bez barier \u2013 w kierunku edukacji w\u0142\u0105czaj\u0105cej\u201d nr POWR.03.05.00-00-A079\/20, wsp\u00f3\u0142finansowanego ze \u015brodk\u00f3w Unii Europejskiej w ramach Europejskiego Funduszu Spo\u0142ecznego og\u0142asza nab\u00f3r do udzia\u0142u w szkoleniu z tworzenia stron dost\u0119pnych dla os\u00f3b z niepe\u0142nosprawno\u015bciami dla pracownik\u00f3w Karpackiej Pa\u0144stwowej Uczelni w Kro\u015bnie. Liczba miejsc: 6 Termin [\u2026] <div class=\"clear\"><\/div><a class=\"more_link clearfix\" href=\"https:\/\/pans.krosno.pl\/fundusze-zewnetrzne\/ogloszenie-o-naborze-do-udzialu-w-szkoleniu-z-tworzenia-stron-internetowych-dostepnych-dla-osob-z-niepelnosprawnosciami-dla-pracownikow-karpackiej-panstwowej-uczelni-w-krosnie\/\" rel=\"nofollow\">Read More<\/a><\/div><\/li>\n<li><a class=\"wp-block-latest-posts__post-title\" href=\"https:\/\/pans.krosno.pl\/fundusze-zewnetrzne\/ogloszenie-o-naborze-do-udzialu-w-szkoleniu-dla-lektorow-jezykow-obcych-z-zakresu-przystosowywania-metod-pracy-do-potrzeb-osob-z-roznymi-rodzajami-niepelnosprawnosci-dla-pracownikow-studium-jezykow-ob\/\">Og\u0142oszenie o naborze do udzia\u0142u w szkoleniu dla lektor\u00f3w j\u0119zyk\u00f3w obcych z zakresu przystosowywania metod pracy do potrzeb os\u00f3b z r\u00f3\u017cnymi rodzajami niepe\u0142nosprawno\u015bci dla pracownik\u00f3w Studium J\u0119zyk\u00f3w Obcych KPU w Kro\u015bnie<\/a><time datetime=\"2021-09-13T09:21:00+02:00\" class=\"wp-block-latest-posts__post-date\">13 wrze\u015bnia 2021<\/time><div class=\"wp-block-latest-posts__post-excerpt\">Karpacka Pa\u0144stwowa Uczelnia w Kro\u015bnie w zwi\u0105zku realizacj\u0105 projektu pn. \u201eUczelnia bez barier \u2013 w kierunku edukacji w\u0142\u0105czaj\u0105cej\u201d nr POWR.03.05.00-00-A079\/20, wsp\u00f3\u0142finansowanego ze \u015brodk\u00f3w Unii Europejskiej w ramach Europejskiego Funduszu Spo\u0142ecznego og\u0142asza nab\u00f3r do udzia\u0142u w szkoleniu dla lektor\u00f3w j\u0119zyk\u00f3w obcych z zakresu przystosowywania metod pracy do potrzeb os\u00f3b z r\u00f3\u017cnymi rodzajami niepe\u0142nosprawno\u015bci dla pracownik\u00f3w Studium [\u2026] <div class=\"clear\"><\/div><a class=\"more_link clearfix\" href=\"https:\/\/pans.krosno.pl\/fundusze-zewnetrzne\/ogloszenie-o-naborze-do-udzialu-w-szkoleniu-dla-lektorow-jezykow-obcych-z-zakresu-przystosowywania-metod-pracy-do-potrzeb-osob-z-roznymi-rodzajami-niepelnosprawnosci-dla-pracownikow-studium-jezykow-ob\/\" rel=\"nofollow\">Read More<\/a><\/div><\/li>\n<li><a class=\"wp-block-latest-posts__post-title\" href=\"https:\/\/pans.krosno.pl\/fundusze-zewnetrzne\/ogloszenie-o-naborze-do-udzialu-w-szkoleniu-z-audytowania-stron-internetowych-zgodnie-ze-standardem-wcag-dla-pracownikow-pracownicy-zespolu-specjalistow-ds-informatyki\/\">Og\u0142oszenie o naborze do udzia\u0142u w szkoleniu z audytowania stron internetowych zgodnie ze standardem WCAG dla pracownik\u00f3w KPU w Kro\u015bnie<\/a><time datetime=\"2021-09-06T14:05:00+02:00\" class=\"wp-block-latest-posts__post-date\">6 wrze\u015bnia 2021<\/time><div class=\"wp-block-latest-posts__post-excerpt\">Karpacka Pa\u0144stwowa Uczelnia w Kro\u015bnie w zwi\u0105zku realizacj\u0105 projektu pn. \u201eUczelnia bez barier \u2013 w kierunku edukacji w\u0142\u0105czaj\u0105cej\u201d nr POWR.03.05.00-00-A079\/20, wsp\u00f3\u0142finansowanego ze \u015brodk\u00f3w Unii Europejskiej w ramach Europejskiego Funduszu Spo\u0142ecznego og\u0142asza nab\u00f3r do udzia\u0142u w szkoleniu z audytowania stron internetowych zgodnie ze standardem WCAG dla pracownik\u00f3w KPU w Kro\u015bnie Liczba miejsc: 8 Termin szkolenia: 20-22.09.2021 [\u2026] <div class=\"clear\"><\/div><a class=\"more_link clearfix\" href=\"https:\/\/pans.krosno.pl\/fundusze-zewnetrzne\/ogloszenie-o-naborze-do-udzialu-w-szkoleniu-z-audytowania-stron-internetowych-zgodnie-ze-standardem-wcag-dla-pracownikow-pracownicy-zespolu-specjalistow-ds-informatyki\/\" rel=\"nofollow\">Read More<\/a><\/div><\/li>\n<li><a class=\"wp-block-latest-posts__post-title\" href=\"https:\/\/pans.krosno.pl\/fundusze-zewnetrzne\/centrum-wsparcia-bon-wraca-po-wakacyjnej-przerwie\/\">Centrum Wsparcia BON wraca po wakacyjnej przerwie<\/a><time datetime=\"2021-08-30T10:27:42+02:00\" class=\"wp-block-latest-posts__post-date\">30 sierpnia 2021<\/time><div class=\"wp-block-latest-posts__post-excerpt\">W dniu 30 sierpnia 2021 r. po wakacyjnej przerwie wznawiamy dzia\u0142alno\u015b\u0107 Centrum Wsparcia BON. Centrum Wsparcia BON powsta\u0142o, aby zapewni\u0107 studentom, w tym studentom z niepe\u0142nosprawno\u015bciami szeroki zakres wsparcia. Centrum b\u0119dzie funkcjonowa\u0107 od wrze\u015bnia 2021 do czerwca 2022 w spos\u00f3b ci\u0105g\u0142y i b\u0119dzie oferowa\u0107 cotygodniowe konsultacje w ramach wsparcia psychologicznego, edukacyjnego (m. in. dostosowanie sposobu [\u2026] <div class=\"clear\"><\/div><a class=\"more_link clearfix\" href=\"https:\/\/pans.krosno.pl\/fundusze-zewnetrzne\/centrum-wsparcia-bon-wraca-po-wakacyjnej-przerwie\/\" rel=\"nofollow\">Read More<\/a><\/div><\/li>\n<li><a class=\"wp-block-latest-posts__post-title\" href=\"https:\/\/pans.krosno.pl\/fundusze-zewnetrzne\/ogloszenie-o-naborze-do-udzialu-w-szkoleniu-specjalistycznym-podnoszacym-swiadomosc-dostepnosci-bibliotek-i-czytelni-dl-pracownikow-biblioteki-i-czytelni-karpackiej-panstwowej-uczelni-w-krosnie\/\">Og\u0142oszenie o naborze do udzia\u0142u w szkoleniu specjalistycznym podnosz\u0105cym \u015bwiadomo\u015b\u0107 dost\u0119pno\u015bci bibliotek i czytelni dl pracownik\u00f3w Biblioteki i Czytelni Karpackiej Pa\u0144stwowej Uczelni w Kro\u015bnie<\/a><time datetime=\"2021-08-25T11:01:48+02:00\" class=\"wp-block-latest-posts__post-date\">25 sierpnia 2021<\/time><div class=\"wp-block-latest-posts__post-excerpt\">Karpacka Pa\u0144stwowa Uczelnia w Kro\u015bnie w zwi\u0105zku realizacj\u0105 projektu pn. \u201eUczelnia bez barier \u2013 w kierunku edukacji w\u0142\u0105czaj\u0105cej\u201d nr POWR.03.05.00-00-A079\/20, wsp\u00f3\u0142finansowanego ze \u015brodk\u00f3w Unii Europejskiej w ramach Europejskiego Funduszu Spo\u0142ecznego og\u0142asza nab\u00f3r do udzia\u0142u w szkoleniu specjalistycznym podnosz\u0105cym \u015bwiadomo\u015b\u0107 dost\u0119pno\u015bci bibliotek i czytelni dl pracownik\u00f3w Biblioteki i Czytelni Karpackiej Pa\u0144stwowej Uczelni w Kro\u015bnie. Liczba miejsc: [\u2026] <div class=\"clear\"><\/div><a class=\"more_link clearfix\" href=\"https:\/\/pans.krosno.pl\/fundusze-zewnetrzne\/ogloszenie-o-naborze-do-udzialu-w-szkoleniu-specjalistycznym-podnoszacym-swiadomosc-dostepnosci-bibliotek-i-czytelni-dl-pracownikow-biblioteki-i-czytelni-karpackiej-panstwowej-uczelni-w-krosnie\/\" rel=\"nofollow\">Read More<\/a><\/div><\/li>\n<li><a class=\"wp-block-latest-posts__post-title\" href=\"https:\/\/pans.krosno.pl\/fundusze-zewnetrzne\/ogloszenie-o-naborze-do-udzialu-w-szkoleniu-z-zakresu-obslugi-i-utrzymania-srodowiska-teleinformatycznego-dla-pracownikow-zespolu-specjalistow-ds-informatyki-kpu-w-krosnie-2\/\">Og\u0142oszenie o naborze do udzia\u0142u w szkoleniu z zakresu obs\u0142ugi i utrzymania \u015brodowiska teleinformatycznego dla pracownik\u00f3w Zespo\u0142u Specjalist\u00f3w ds. Informatyki KPU w Kro\u015bnie<\/a><time datetime=\"2021-06-15T10:29:00+02:00\" class=\"wp-block-latest-posts__post-date\">15 czerwca 2021<\/time><div class=\"wp-block-latest-posts__post-excerpt\">Karpacka Pa\u0144stwowa Uczelnia w Kro\u015bnie w zwi\u0105zku realizacj\u0105 projektu pn. \u201eUczelnia bez barier \u2013 w kierunku edukacji w\u0142\u0105czaj\u0105cej\u201d nr POWR.03.05.00-00-A079\/20, wsp\u00f3\u0142finansowanego ze \u015brodk\u00f3w Unii Europejskiej w ramach Europejskiego Funduszu Spo\u0142ecznego og\u0142asza nab\u00f3r do udzia\u0142u w szkoleniu z zakresu obs\u0142ugi i utrzymania \u015brodowiska teleinformatycznego dla pracownik\u00f3w Zespo\u0142u Specjalist\u00f3w ds. Informatyki KPU w Kro\u015bnie. Liczba miejsc: 2 [\u2026] <div class=\"clear\"><\/div><a class=\"more_link clearfix\" href=\"https:\/\/pans.krosno.pl\/fundusze-zewnetrzne\/ogloszenie-o-naborze-do-udzialu-w-szkoleniu-z-zakresu-obslugi-i-utrzymania-srodowiska-teleinformatycznego-dla-pracownikow-zespolu-specjalistow-ds-informatyki-kpu-w-krosnie-2\/\" rel=\"nofollow\">Read More<\/a><\/div><\/li>\n<li><a class=\"wp-block-latest-posts__post-title\" href=\"https:\/\/pans.krosno.pl\/fundusze-zewnetrzne\/centrum-wsparcia-bon-ruszamy-w-czerwcu\/\">Centrum Wsparcia BON \u2013 ruszamy w czerwcu!<\/a><time datetime=\"2021-06-04T11:50:00+02:00\" class=\"wp-block-latest-posts__post-date\">4 czerwca 2021<\/time><div class=\"wp-block-latest-posts__post-excerpt\">W dniu 7 czerwca 2021 r. w Karpackiej Pa\u0144stwowej Uczelni w Kro\u015bnie rozpoczyna swoj\u0105 dzia\u0142alno\u015b\u0107 Centrum Wsparcia BON. Centrum Wsparcia BON powsta\u0142o, aby zapewni\u0107 studentom, w tym studentom z niepe\u0142nosprawno\u015bciami szeroki zakres wsparcia. Centrum b\u0119dzie funkcjonowa\u0107 w spos\u00f3b ci\u0105g\u0142y i b\u0119dzie oferowa\u0107 wsparcie psychologiczne, edukacyjne (m. in. dostosowanie sposobu organizacji i w\u0142a\u015bciwej realizacji procesu dydaktycznego [\u2026] <div class=\"clear\"><\/div><a class=\"more_link clearfix\" href=\"https:\/\/pans.krosno.pl\/fundusze-zewnetrzne\/centrum-wsparcia-bon-ruszamy-w-czerwcu\/\" rel=\"nofollow\">Read More<\/a><\/div><\/li>\n<li><div class=\"wp-block-latest-posts__featured-image alignleft\"><img loading=\"lazy\" decoding=\"async\" width=\"150\" height=\"150\" src=\"https:\/\/pans.krosno.pl\/fundusze-zewnetrzne\/wp-content\/uploads\/sites\/14\/2020\/05\/logo_2-150x150.jpg\" class=\"attachment-thumbnail size-thumbnail wp-post-image\" alt=\"\" style=\"\" \/><\/div><a class=\"wp-block-latest-posts__post-title\" href=\"https:\/\/pans.krosno.pl\/fundusze-zewnetrzne\/aktualnosci-uczelnia-bez-barier\/\">Aktualnosci &#8211; Uczelnia Bez Barier<\/a><time datetime=\"2021-06-01T13:40:00+02:00\" class=\"wp-block-latest-posts__post-date\">1 czerwca 2021<\/time><div class=\"wp-block-latest-posts__post-excerpt\">Aktualnosci &#8211; Uczelnia Bez Barier<\/div><\/li>\n<\/ul>","protected":false},"excerpt":{"rendered":"","protected":false},"author":27,"featured_media":0,"parent":1785,"menu_order":0,"comment_status":"closed","ping_status":"closed","template":"page-templates\/template-full-width.php","meta":{"ngg_post_thumbnail":0,"footnotes":""},"class_list":["post-1788","page","type-page","status-publish","hentry"],"yoast_head":"<!-- This site is optimized with the Yoast SEO Premium plugin v27.4 (Yoast SEO v27.4) - https:\/\/yoast.com\/product\/yoast-seo-premium-wordpress\/ -->\n<title>Uczelnia bez barier - Aktualno\u015bci\u00a0 - Fundusze zewn\u0119trzne PANS w Kro\u015bnie<\/title>\n<meta name=\"robots\" content=\"index, follow, max-snippet:-1, max-image-preview:large, max-video-preview:-1\" \/>\n<link rel=\"canonical\" href=\"https:\/\/pans.krosno.pl\/fundusze-zewnetrzne\/projekty-realizowane\/uczelnia-bez-barier-w-kierunku-edukacji\/uczelnia-bez-barier-aktualnosci\/\" \/>\n<meta property=\"og:locale\" content=\"pl_PL\" \/>\n<meta property=\"og:type\" content=\"article\" \/>\n<meta property=\"og:title\" content=\"Uczelnia bez barier - Aktualno\u015bci\u00a0\" \/>\n<meta property=\"og:url\" content=\"https:\/\/pans.krosno.pl\/fundusze-zewnetrzne\/projekty-realizowane\/uczelnia-bez-barier-w-kierunku-edukacji\/uczelnia-bez-barier-aktualnosci\/\" \/>\n<meta property=\"og:site_name\" content=\"Fundusze zewn\u0119trzne PANS w Kro\u015bnie\" \/>\n<meta property=\"article:modified_time\" content=\"2021-06-24T09:53:04+00:00\" \/>\n<meta property=\"og:image\" content=\"https:\/\/pans.krosno.pl\/fundusze-europejskie-kursy\/wp-content\/uploads\/sites\/14\/2020\/05\/LOGO-KOLOR-14-1024x131.jpg\" \/>\n<meta name=\"twitter:card\" content=\"summary_large_image\" \/>\n<script type=\"application\/ld+json\" class=\"yoast-schema-graph\">{\"@context\":\"https:\\\/\\\/schema.org\",\"@graph\":[{\"@type\":\"WebPage\",\"@id\":\"https:\\\/\\\/pans.krosno.pl\\\/fundusze-zewnetrzne\\\/projekty-realizowane\\\/uczelnia-bez-barier-w-kierunku-edukacji\\\/uczelnia-bez-barier-aktualnosci\\\/\",\"url\":\"https:\\\/\\\/pans.krosno.pl\\\/fundusze-zewnetrzne\\\/projekty-realizowane\\\/uczelnia-bez-barier-w-kierunku-edukacji\\\/uczelnia-bez-barier-aktualnosci\\\/\",\"name\":\"Uczelnia bez barier - Aktualno\u015bci\u00a0 - Fundusze zewn\u0119trzne PANS w Kro\u015bnie\",\"isPartOf\":{\"@id\":\"https:\\\/\\\/pans.krosno.pl\\\/fundusze-zewnetrzne\\\/#website\"},\"primaryImageOfPage\":{\"@id\":\"https:\\\/\\\/pans.krosno.pl\\\/fundusze-zewnetrzne\\\/projekty-realizowane\\\/uczelnia-bez-barier-w-kierunku-edukacji\\\/uczelnia-bez-barier-aktualnosci\\\/#primaryimage\"},\"image\":{\"@id\":\"https:\\\/\\\/pans.krosno.pl\\\/fundusze-zewnetrzne\\\/projekty-realizowane\\\/uczelnia-bez-barier-w-kierunku-edukacji\\\/uczelnia-bez-barier-aktualnosci\\\/#primaryimage\"},\"thumbnailUrl\":\"https:\\\/\\\/pans.krosno.pl\\\/fundusze-europejskie-kursy\\\/wp-content\\\/uploads\\\/sites\\\/14\\\/2020\\\/05\\\/LOGO-KOLOR-14-1024x131.jpg\",\"datePublished\":\"2021-02-01T10:59:28+00:00\",\"dateModified\":\"2021-06-24T09:53:04+00:00\",\"breadcrumb\":{\"@id\":\"https:\\\/\\\/pans.krosno.pl\\\/fundusze-zewnetrzne\\\/projekty-realizowane\\\/uczelnia-bez-barier-w-kierunku-edukacji\\\/uczelnia-bez-barier-aktualnosci\\\/#breadcrumb\"},\"inLanguage\":\"pl-PL\",\"potentialAction\":[{\"@type\":\"ReadAction\",\"target\":[\"https:\\\/\\\/pans.krosno.pl\\\/fundusze-zewnetrzne\\\/projekty-realizowane\\\/uczelnia-bez-barier-w-kierunku-edukacji\\\/uczelnia-bez-barier-aktualnosci\\\/\"]}]},{\"@type\":\"ImageObject\",\"inLanguage\":\"pl-PL\",\"@id\":\"https:\\\/\\\/pans.krosno.pl\\\/fundusze-zewnetrzne\\\/projekty-realizowane\\\/uczelnia-bez-barier-w-kierunku-edukacji\\\/uczelnia-bez-barier-aktualnosci\\\/#primaryimage\",\"url\":\"https:\\\/\\\/pans.krosno.pl\\\/fundusze-europejskie-kursy\\\/wp-content\\\/uploads\\\/sites\\\/14\\\/2020\\\/05\\\/LOGO-KOLOR-14-1024x131.jpg\",\"contentUrl\":\"https:\\\/\\\/pans.krosno.pl\\\/fundusze-europejskie-kursy\\\/wp-content\\\/uploads\\\/sites\\\/14\\\/2020\\\/05\\\/LOGO-KOLOR-14-1024x131.jpg\"},{\"@type\":\"BreadcrumbList\",\"@id\":\"https:\\\/\\\/pans.krosno.pl\\\/fundusze-zewnetrzne\\\/projekty-realizowane\\\/uczelnia-bez-barier-w-kierunku-edukacji\\\/uczelnia-bez-barier-aktualnosci\\\/#breadcrumb\",\"itemListElement\":[{\"@type\":\"ListItem\",\"position\":1,\"name\":\"Strona g\u0142\u00f3wna\",\"item\":\"https:\\\/\\\/pans.krosno.pl\\\/fundusze-zewnetrzne\\\/\"},{\"@type\":\"ListItem\",\"position\":2,\"name\":\"Projekty realizowane\",\"item\":\"https:\\\/\\\/pans.krosno.pl\\\/fundusze-zewnetrzne\\\/projekty-realizowane\\\/\"},{\"@type\":\"ListItem\",\"position\":3,\"name\":\"&#8222;Uczelnia bez barier &#8211; w kierunku edukacji w\u0142\u0105czaj\u0105cej&#8221;, nr POWR.03.05.00-00-A079\\\/20\",\"item\":\"https:\\\/\\\/pans.krosno.pl\\\/fundusze-zewnetrzne\\\/projekty-realizowane\\\/uczelnia-bez-barier-w-kierunku-edukacji\\\/\"},{\"@type\":\"ListItem\",\"position\":4,\"name\":\"Uczelnia bez barier &#8211; Aktualno\u015bci\u00a0\"}]},{\"@type\":\"WebSite\",\"@id\":\"https:\\\/\\\/pans.krosno.pl\\\/fundusze-zewnetrzne\\\/#website\",\"url\":\"https:\\\/\\\/pans.krosno.pl\\\/fundusze-zewnetrzne\\\/\",\"name\":\"Fundusze zewn\u0119trzne PANS w Kro\u015bnie\",\"description\":\"Fundusze zewn\u0119trzne  - Pa\u0144stwowa Akademia Nauk Stosowanych\",\"publisher\":{\"@id\":\"https:\\\/\\\/pans.krosno.pl\\\/fundusze-zewnetrzne\\\/#organization\"},\"potentialAction\":[{\"@type\":\"SearchAction\",\"target\":{\"@type\":\"EntryPoint\",\"urlTemplate\":\"https:\\\/\\\/pans.krosno.pl\\\/fundusze-zewnetrzne\\\/?s={search_term_string}\"},\"query-input\":{\"@type\":\"PropertyValueSpecification\",\"valueRequired\":true,\"valueName\":\"search_term_string\"}}],\"inLanguage\":\"pl-PL\"},{\"@type\":\"Organization\",\"@id\":\"https:\\\/\\\/pans.krosno.pl\\\/fundusze-zewnetrzne\\\/#organization\",\"name\":\"Fundusze zewn\u0119trzne PANS w Kro\u015bnie\",\"url\":\"https:\\\/\\\/pans.krosno.pl\\\/fundusze-zewnetrzne\\\/\",\"logo\":{\"@type\":\"ImageObject\",\"inLanguage\":\"pl-PL\",\"@id\":\"https:\\\/\\\/pans.krosno.pl\\\/fundusze-zewnetrzne\\\/#\\\/schema\\\/logo\\\/image\\\/\",\"url\":\"https:\\\/\\\/pans.krosno.pl\\\/fundusze-zewnetrzne\\\/wp-content\\\/uploads\\\/sites\\\/14\\\/2023\\\/01\\\/Logo-PANS-2022-pelne.png\",\"contentUrl\":\"https:\\\/\\\/pans.krosno.pl\\\/fundusze-zewnetrzne\\\/wp-content\\\/uploads\\\/sites\\\/14\\\/2023\\\/01\\\/Logo-PANS-2022-pelne.png\",\"width\":3096,\"height\":696,\"caption\":\"Fundusze zewn\u0119trzne PANS w Kro\u015bnie\"},\"image\":{\"@id\":\"https:\\\/\\\/pans.krosno.pl\\\/fundusze-zewnetrzne\\\/#\\\/schema\\\/logo\\\/image\\\/\"}}]}<\/script>\n<!-- \/ Yoast SEO Premium plugin. -->","yoast_head_json":{"title":"Uczelnia bez barier - Aktualno\u015bci\u00a0 - Fundusze zewn\u0119trzne PANS w Kro\u015bnie","robots":{"index":"index","follow":"follow","max-snippet":"max-snippet:-1","max-image-preview":"max-image-preview:large","max-video-preview":"max-video-preview:-1"},"canonical":"https:\/\/pans.krosno.pl\/fundusze-zewnetrzne\/projekty-realizowane\/uczelnia-bez-barier-w-kierunku-edukacji\/uczelnia-bez-barier-aktualnosci\/","og_locale":"pl_PL","og_type":"article","og_title":"Uczelnia bez barier - Aktualno\u015bci\u00a0","og_url":"https:\/\/pans.krosno.pl\/fundusze-zewnetrzne\/projekty-realizowane\/uczelnia-bez-barier-w-kierunku-edukacji\/uczelnia-bez-barier-aktualnosci\/","og_site_name":"Fundusze zewn\u0119trzne PANS w Kro\u015bnie","article_modified_time":"2021-06-24T09:53:04+00:00","og_image":[{"url":"https:\/\/pans.krosno.pl\/fundusze-europejskie-kursy\/wp-content\/uploads\/sites\/14\/2020\/05\/LOGO-KOLOR-14-1024x131.jpg","type":"","width":"","height":""}],"twitter_card":"summary_large_image","schema":{"@context":"https:\/\/schema.org","@graph":[{"@type":"WebPage","@id":"https:\/\/pans.krosno.pl\/fundusze-zewnetrzne\/projekty-realizowane\/uczelnia-bez-barier-w-kierunku-edukacji\/uczelnia-bez-barier-aktualnosci\/","url":"https:\/\/pans.krosno.pl\/fundusze-zewnetrzne\/projekty-realizowane\/uczelnia-bez-barier-w-kierunku-edukacji\/uczelnia-bez-barier-aktualnosci\/","name":"Uczelnia bez barier - Aktualno\u015bci\u00a0 - Fundusze zewn\u0119trzne PANS w Kro\u015bnie","isPartOf":{"@id":"https:\/\/pans.krosno.pl\/fundusze-zewnetrzne\/#website"},"primaryImageOfPage":{"@id":"https:\/\/pans.krosno.pl\/fundusze-zewnetrzne\/projekty-realizowane\/uczelnia-bez-barier-w-kierunku-edukacji\/uczelnia-bez-barier-aktualnosci\/#primaryimage"},"image":{"@id":"https:\/\/pans.krosno.pl\/fundusze-zewnetrzne\/projekty-realizowane\/uczelnia-bez-barier-w-kierunku-edukacji\/uczelnia-bez-barier-aktualnosci\/#primaryimage"},"thumbnailUrl":"https:\/\/pans.krosno.pl\/fundusze-europejskie-kursy\/wp-content\/uploads\/sites\/14\/2020\/05\/LOGO-KOLOR-14-1024x131.jpg","datePublished":"2021-02-01T10:59:28+00:00","dateModified":"2021-06-24T09:53:04+00:00","breadcrumb":{"@id":"https:\/\/pans.krosno.pl\/fundusze-zewnetrzne\/projekty-realizowane\/uczelnia-bez-barier-w-kierunku-edukacji\/uczelnia-bez-barier-aktualnosci\/#breadcrumb"},"inLanguage":"pl-PL","potentialAction":[{"@type":"ReadAction","target":["https:\/\/pans.krosno.pl\/fundusze-zewnetrzne\/projekty-realizowane\/uczelnia-bez-barier-w-kierunku-edukacji\/uczelnia-bez-barier-aktualnosci\/"]}]},{"@type":"ImageObject","inLanguage":"pl-PL","@id":"https:\/\/pans.krosno.pl\/fundusze-zewnetrzne\/projekty-realizowane\/uczelnia-bez-barier-w-kierunku-edukacji\/uczelnia-bez-barier-aktualnosci\/#primaryimage","url":"https:\/\/pans.krosno.pl\/fundusze-europejskie-kursy\/wp-content\/uploads\/sites\/14\/2020\/05\/LOGO-KOLOR-14-1024x131.jpg","contentUrl":"https:\/\/pans.krosno.pl\/fundusze-europejskie-kursy\/wp-content\/uploads\/sites\/14\/2020\/05\/LOGO-KOLOR-14-1024x131.jpg"},{"@type":"BreadcrumbList","@id":"https:\/\/pans.krosno.pl\/fundusze-zewnetrzne\/projekty-realizowane\/uczelnia-bez-barier-w-kierunku-edukacji\/uczelnia-bez-barier-aktualnosci\/#breadcrumb","itemListElement":[{"@type":"ListItem","position":1,"name":"Strona g\u0142\u00f3wna","item":"https:\/\/pans.krosno.pl\/fundusze-zewnetrzne\/"},{"@type":"ListItem","position":2,"name":"Projekty realizowane","item":"https:\/\/pans.krosno.pl\/fundusze-zewnetrzne\/projekty-realizowane\/"},{"@type":"ListItem","position":3,"name":"&#8222;Uczelnia bez barier &#8211; w kierunku edukacji w\u0142\u0105czaj\u0105cej&#8221;, nr POWR.03.05.00-00-A079\/20","item":"https:\/\/pans.krosno.pl\/fundusze-zewnetrzne\/projekty-realizowane\/uczelnia-bez-barier-w-kierunku-edukacji\/"},{"@type":"ListItem","position":4,"name":"Uczelnia bez barier &#8211; Aktualno\u015bci\u00a0"}]},{"@type":"WebSite","@id":"https:\/\/pans.krosno.pl\/fundusze-zewnetrzne\/#website","url":"https:\/\/pans.krosno.pl\/fundusze-zewnetrzne\/","name":"Fundusze zewn\u0119trzne PANS w Kro\u015bnie","description":"Fundusze zewn\u0119trzne  - Pa\u0144stwowa Akademia Nauk Stosowanych","publisher":{"@id":"https:\/\/pans.krosno.pl\/fundusze-zewnetrzne\/#organization"},"potentialAction":[{"@type":"SearchAction","target":{"@type":"EntryPoint","urlTemplate":"https:\/\/pans.krosno.pl\/fundusze-zewnetrzne\/?s={search_term_string}"},"query-input":{"@type":"PropertyValueSpecification","valueRequired":true,"valueName":"search_term_string"}}],"inLanguage":"pl-PL"},{"@type":"Organization","@id":"https:\/\/pans.krosno.pl\/fundusze-zewnetrzne\/#organization","name":"Fundusze zewn\u0119trzne PANS w Kro\u015bnie","url":"https:\/\/pans.krosno.pl\/fundusze-zewnetrzne\/","logo":{"@type":"ImageObject","inLanguage":"pl-PL","@id":"https:\/\/pans.krosno.pl\/fundusze-zewnetrzne\/#\/schema\/logo\/image\/","url":"https:\/\/pans.krosno.pl\/fundusze-zewnetrzne\/wp-content\/uploads\/sites\/14\/2023\/01\/Logo-PANS-2022-pelne.png","contentUrl":"https:\/\/pans.krosno.pl\/fundusze-zewnetrzne\/wp-content\/uploads\/sites\/14\/2023\/01\/Logo-PANS-2022-pelne.png","width":3096,"height":696,"caption":"Fundusze zewn\u0119trzne PANS w Kro\u015bnie"},"image":{"@id":"https:\/\/pans.krosno.pl\/fundusze-zewnetrzne\/#\/schema\/logo\/image\/"}}]}},"_links":{"self":[{"href":"https:\/\/pans.krosno.pl\/fundusze-zewnetrzne\/wp-json\/wp\/v2\/pages\/1788","targetHints":{"allow":["GET"]}}],"collection":[{"href":"https:\/\/pans.krosno.pl\/fundusze-zewnetrzne\/wp-json\/wp\/v2\/pages"}],"about":[{"href":"https:\/\/pans.krosno.pl\/fundusze-zewnetrzne\/wp-json\/wp\/v2\/types\/page"}],"author":[{"embeddable":true,"href":"https:\/\/pans.krosno.pl\/fundusze-zewnetrzne\/wp-json\/wp\/v2\/users\/27"}],"replies":[{"embeddable":true,"href":"https:\/\/pans.krosno.pl\/fundusze-zewnetrzne\/wp-json\/wp\/v2\/comments?post=1788"}],"version-history":[{"count":19,"href":"https:\/\/pans.krosno.pl\/fundusze-zewnetrzne\/wp-json\/wp\/v2\/pages\/1788\/revisions"}],"predecessor-version":[{"id":1974,"href":"https:\/\/pans.krosno.pl\/fundusze-zewnetrzne\/wp-json\/wp\/v2\/pages\/1788\/revisions\/1974"}],"up":[{"embeddable":true,"href":"https:\/\/pans.krosno.pl\/fundusze-zewnetrzne\/wp-json\/wp\/v2\/pages\/1785"}],"wp:attachment":[{"href":"https:\/\/pans.krosno.pl\/fundusze-zewnetrzne\/wp-json\/wp\/v2\/media?parent=1788"}],"curies":[{"name":"wp","href":"https:\/\/api.w.org\/{rel}","templated":true}]}}