{"id":1786,"date":"2021-02-01T11:59:21","date_gmt":"2021-02-01T10:59:21","guid":{"rendered":"https:\/\/pans.krosno.pl\/fundusze-europejskie-kursy\/?page_id=1786"},"modified":"2021-06-08T13:36:17","modified_gmt":"2021-06-08T11:36:17","slug":"uczelnia-bez-barier-o-projekcie","status":"publish","type":"page","link":"https:\/\/pans.krosno.pl\/fundusze-zewnetrzne\/projekty-realizowane\/uczelnia-bez-barier-w-kierunku-edukacji\/uczelnia-bez-barier-o-projekcie\/","title":{"rendered":"Uczelnia bez barier  &#8211; O projekcie"},"content":{"rendered":"\n<figure class=\"wp-block-image size-large\"><img loading=\"lazy\" decoding=\"async\" width=\"1024\" height=\"131\" src=\"https:\/\/pans.krosno.pl\/fundusze-europejskie-kursy\/wp-content\/uploads\/sites\/14\/2020\/05\/LOGO-KOLOR-14-1024x131.jpg\" alt=\"\" class=\"wp-image-1082\" srcset=\"https:\/\/pans.krosno.pl\/fundusze-zewnetrzne\/wp-content\/uploads\/sites\/14\/2020\/05\/LOGO-KOLOR-14-1024x131.jpg 1024w, https:\/\/pans.krosno.pl\/fundusze-zewnetrzne\/wp-content\/uploads\/sites\/14\/2020\/05\/LOGO-KOLOR-14-300x38.jpg 300w, https:\/\/pans.krosno.pl\/fundusze-zewnetrzne\/wp-content\/uploads\/sites\/14\/2020\/05\/LOGO-KOLOR-14-768x99.jpg 768w, https:\/\/pans.krosno.pl\/fundusze-zewnetrzne\/wp-content\/uploads\/sites\/14\/2020\/05\/LOGO-KOLOR-14-1536x197.jpg 1536w, https:\/\/pans.krosno.pl\/fundusze-zewnetrzne\/wp-content\/uploads\/sites\/14\/2020\/05\/LOGO-KOLOR-14-800x103.jpg 800w, https:\/\/pans.krosno.pl\/fundusze-zewnetrzne\/wp-content\/uploads\/sites\/14\/2020\/05\/LOGO-KOLOR-14-580x74.jpg 580w, https:\/\/pans.krosno.pl\/fundusze-zewnetrzne\/wp-content\/uploads\/sites\/14\/2020\/05\/LOGO-KOLOR-14.jpg 1988w\" sizes=\"auto, (max-width: 1024px) 100vw, 1024px\" \/><\/figure>\n\n\n\n<p>Karpacka Pa\u0144stwowa Uczelnia w Kro\u015bnie od 1 stycznia 2021 r. realizuje projekt pn. &#8222;Uczelnia bez barier &#8211; w kierunku edukacji w\u0142\u0105czaj\u0105cej&#8221;, nr POWR.03.05.00-00-A079\/20. Projekt jest wsp\u00f3\u0142finansowany ze \u015brodk\u00f3w Unii Europejskiej w ramach Europejskiego Funduszu Spo\u0142ecznego.<\/p>\n\n\n\n<p>G\u0142\u00f3wnym celem projektu jest poprawa dost\u0119pno\u015bci Karpackiej Pa\u0144stwowej Uczelni w Kro\u015bnie dla os\u00f3b z niepe\u0142nosprawno\u015bciami w zakresie dost\u0119pno\u015bci architektonicznej, komunikacyjnej, administrowanych stron internetowych, narz\u0119dzi informatycznych i procedur kszta\u0142cenia poprzez wprowadzanie idei edukacji inkluzyjnej, w\u0142\u0105czaj\u0105cej wszystkie elementy spo\u0142eczno\u015bci zar\u00f3wno w zakresie postaw, jak i \u015brodowiska fizycznego, w celu zaspokojenia szerokiego spektrum mo\u017cliwo\u015bci i potrzeb os\u00f3b z niepe\u0142nosprawno\u015bciami. <\/p>\n\n\n\n<p>Tworzenie \u015brodowiska przyjaznego poprzez wprowadzanie idei edukacji w\u0142\u0105czaj\u0105cej przeciwdzia\u0142a stygmatyzacji, wzmacnia pozycj\u0119 spo\u0142eczn\u0105 os\u00f3b z niepe\u0142nosprawno\u015bciami w spo\u0142eczno\u015bci studenckiej uczelni oraz pozwala na rozwijanie przez nich osobowo\u015bci, talent\u00f3w i kreatywno\u015bci, a tak\u017ce zdolno\u015bci umys\u0142owych i fizycznych, przy pe\u0142nym wykorzystaniu ich mo\u017cliwo\u015bci. Cel ten zgodny jest z zapisami zawartymi w konwencji ONZ, kt\u00f3ra zobowi\u0105zuje Pa\u0144stwa Strony do zapewnienia w\u0142\u0105czaj\u0105cego systemu kszta\u0142cenia umo\u017cliwiaj\u0105cego integracj\u0119 na wszystkich poziomach edukacji.<\/p>\n\n\n\n<p>Grupa docelowa obejmuje pracownik\u00f3w KPU w Kro\u015bnie (kadra dydaktyczna, administracyjna oraz kierownicza). W grupie docelowej znajduje si\u0119 r\u00f3wnie\u017c sama Uczelnia Karpacka Pa\u0144stwowa Uczelnia w Kro\u015bnie. Po\u015brednimi odbiorcami b\u0119d\u0105 tak\u017ce osoby, kt\u00f3re skorzystaj\u0105 ze zmian wprowadzonych dzi\u0119ki finansowaniu z projektu, np. studenci KPU, w szczeg\u00f3lno\u015bci osoby z niepe\u0142nosprawno\u015bciami. <\/p>\n\n\n\n<p><strong>Zadania w ramach projektu<\/strong><\/p>\n\n\n\n<ol class=\"wp-block-list\"><li>Opracowanie i wdro\u017cenie procedur oraz dzia\u0142ania<br>organizacyjne zwi\u0119kszaj\u0105ce dost\u0119pno\u015b\u0107 uczelni dla student\u00f3w<br>z niepe\u0142nosprawno\u015bciami;<\/li><li>Dzia\u0142ania niweluj\u0105ce bariery architektoniczne, komunikacyjne i informacyjne;<\/li><li>Zwi\u0119kszenie dost\u0119pno\u015bci technologii wspieraj\u0105cych poprzez dostosowanie stron internetowych i narz\u0119dzi informatycznych;<\/li><li>Szkolenia podnosz\u0105ce \u015bwiadomo\u015b\u0107 w zakresie niepe\u0142nosprawno\u015bci dla kadry dydaktycznej i administracyjnej.<\/li><\/ol>\n\n\n\n<p><\/p>\n\n\n\n<p><strong>Okres realizacji projektu:<\/strong>&nbsp;od 01.01.2020 r. do 31.07.2023 r.<\/p>\n\n\n\n<p><strong>Dofinansowanie z UE:<\/strong>&nbsp;2 174 163,94 z\u0142<\/p>\n\n\n\n<p><strong>Warto\u015b\u0107 projektu:<\/strong>&nbsp;2 241 406,40 z\u0142<\/p>\n","protected":false},"excerpt":{"rendered":"<p>Karpacka Pa\u0144stwowa Uczelnia w Kro\u015bnie od 1 stycznia 2021 r. realizuje projekt pn. &#8222;Uczelnia bez barier &#8211; w kierunku edukacji w\u0142\u0105czaj\u0105cej&#8221;, nr POWR.03.05.00-00-A079\/20. Projekt jest wsp\u00f3\u0142finansowany ze \u015brodk\u00f3w Unii Europejskiej w ramach Europejskiego Funduszu Spo\u0142ecznego. G\u0142\u00f3wnym celem projektu jest poprawa dost\u0119pno\u015bci Karpackiej Pa\u0144stwowej Uczelni w Kro\u015bnie dla os\u00f3b z niepe\u0142nosprawno\u015bciami [\u2026] <\/p>\n<div class=\"clear\"><\/div>\n<p><a class=\"more_link clearfix\" href=\"https:\/\/pans.krosno.pl\/fundusze-zewnetrzne\/projekty-realizowane\/uczelnia-bez-barier-w-kierunku-edukacji\/uczelnia-bez-barier-o-projekcie\/\" rel=\"nofollow\">Read More<\/a><\/p>\n","protected":false},"author":27,"featured_media":0,"parent":1785,"menu_order":0,"comment_status":"closed","ping_status":"closed","template":"page-templates\/template-full-width.php","meta":{"ngg_post_thumbnail":0,"footnotes":""},"class_list":["post-1786","page","type-page","status-publish","hentry"],"yoast_head":"<!-- This site is optimized with the Yoast SEO Premium plugin v27.4 (Yoast SEO v27.4) - https:\/\/yoast.com\/product\/yoast-seo-premium-wordpress\/ -->\n<title>Uczelnia bez barier - O projekcie - Fundusze zewn\u0119trzne PANS w Kro\u015bnie<\/title>\n<meta name=\"robots\" content=\"index, follow, max-snippet:-1, max-image-preview:large, max-video-preview:-1\" \/>\n<link rel=\"canonical\" href=\"https:\/\/pans.krosno.pl\/fundusze-zewnetrzne\/projekty-realizowane\/uczelnia-bez-barier-w-kierunku-edukacji\/uczelnia-bez-barier-o-projekcie\/\" \/>\n<meta property=\"og:locale\" content=\"pl_PL\" \/>\n<meta property=\"og:type\" content=\"article\" \/>\n<meta property=\"og:title\" content=\"Uczelnia bez barier - O projekcie\" \/>\n<meta property=\"og:description\" content=\"Karpacka Pa\u0144stwowa Uczelnia w Kro\u015bnie od 1 stycznia 2021 r. realizuje projekt pn. &#8222;Uczelnia bez barier &#8211; w kierunku edukacji w\u0142\u0105czaj\u0105cej&#8221;, nr POWR.03.05.00-00-A079\/20. Projekt jest wsp\u00f3\u0142finansowany ze \u015brodk\u00f3w Unii Europejskiej w ramach Europejskiego Funduszu Spo\u0142ecznego. G\u0142\u00f3wnym celem projektu jest poprawa dost\u0119pno\u015bci Karpackiej Pa\u0144stwowej Uczelni w Kro\u015bnie dla os\u00f3b z niepe\u0142nosprawno\u015bciami [\u2026] Read More\" \/>\n<meta property=\"og:url\" content=\"https:\/\/pans.krosno.pl\/fundusze-zewnetrzne\/projekty-realizowane\/uczelnia-bez-barier-w-kierunku-edukacji\/uczelnia-bez-barier-o-projekcie\/\" \/>\n<meta property=\"og:site_name\" content=\"Fundusze zewn\u0119trzne PANS w Kro\u015bnie\" \/>\n<meta property=\"article:modified_time\" content=\"2021-06-08T11:36:17+00:00\" \/>\n<meta property=\"og:image\" content=\"https:\/\/pans.krosno.pl\/fundusze-europejskie-kursy\/wp-content\/uploads\/sites\/14\/2020\/05\/LOGO-KOLOR-14-1024x131.jpg\" \/>\n<meta name=\"twitter:card\" content=\"summary_large_image\" \/>\n<meta name=\"twitter:label1\" content=\"Szacowany czas czytania\" \/>\n\t<meta name=\"twitter:data1\" content=\"2 minuty\" \/>\n<script type=\"application\/ld+json\" class=\"yoast-schema-graph\">{\"@context\":\"https:\\\/\\\/schema.org\",\"@graph\":[{\"@type\":\"WebPage\",\"@id\":\"https:\\\/\\\/pans.krosno.pl\\\/fundusze-zewnetrzne\\\/projekty-realizowane\\\/uczelnia-bez-barier-w-kierunku-edukacji\\\/uczelnia-bez-barier-o-projekcie\\\/\",\"url\":\"https:\\\/\\\/pans.krosno.pl\\\/fundusze-zewnetrzne\\\/projekty-realizowane\\\/uczelnia-bez-barier-w-kierunku-edukacji\\\/uczelnia-bez-barier-o-projekcie\\\/\",\"name\":\"Uczelnia bez barier - O projekcie - Fundusze zewn\u0119trzne PANS w Kro\u015bnie\",\"isPartOf\":{\"@id\":\"https:\\\/\\\/pans.krosno.pl\\\/fundusze-zewnetrzne\\\/#website\"},\"primaryImageOfPage\":{\"@id\":\"https:\\\/\\\/pans.krosno.pl\\\/fundusze-zewnetrzne\\\/projekty-realizowane\\\/uczelnia-bez-barier-w-kierunku-edukacji\\\/uczelnia-bez-barier-o-projekcie\\\/#primaryimage\"},\"image\":{\"@id\":\"https:\\\/\\\/pans.krosno.pl\\\/fundusze-zewnetrzne\\\/projekty-realizowane\\\/uczelnia-bez-barier-w-kierunku-edukacji\\\/uczelnia-bez-barier-o-projekcie\\\/#primaryimage\"},\"thumbnailUrl\":\"https:\\\/\\\/pans.krosno.pl\\\/fundusze-europejskie-kursy\\\/wp-content\\\/uploads\\\/sites\\\/14\\\/2020\\\/05\\\/LOGO-KOLOR-14-1024x131.jpg\",\"datePublished\":\"2021-02-01T10:59:21+00:00\",\"dateModified\":\"2021-06-08T11:36:17+00:00\",\"breadcrumb\":{\"@id\":\"https:\\\/\\\/pans.krosno.pl\\\/fundusze-zewnetrzne\\\/projekty-realizowane\\\/uczelnia-bez-barier-w-kierunku-edukacji\\\/uczelnia-bez-barier-o-projekcie\\\/#breadcrumb\"},\"inLanguage\":\"pl-PL\",\"potentialAction\":[{\"@type\":\"ReadAction\",\"target\":[\"https:\\\/\\\/pans.krosno.pl\\\/fundusze-zewnetrzne\\\/projekty-realizowane\\\/uczelnia-bez-barier-w-kierunku-edukacji\\\/uczelnia-bez-barier-o-projekcie\\\/\"]}]},{\"@type\":\"ImageObject\",\"inLanguage\":\"pl-PL\",\"@id\":\"https:\\\/\\\/pans.krosno.pl\\\/fundusze-zewnetrzne\\\/projekty-realizowane\\\/uczelnia-bez-barier-w-kierunku-edukacji\\\/uczelnia-bez-barier-o-projekcie\\\/#primaryimage\",\"url\":\"https:\\\/\\\/pans.krosno.pl\\\/fundusze-europejskie-kursy\\\/wp-content\\\/uploads\\\/sites\\\/14\\\/2020\\\/05\\\/LOGO-KOLOR-14-1024x131.jpg\",\"contentUrl\":\"https:\\\/\\\/pans.krosno.pl\\\/fundusze-europejskie-kursy\\\/wp-content\\\/uploads\\\/sites\\\/14\\\/2020\\\/05\\\/LOGO-KOLOR-14-1024x131.jpg\"},{\"@type\":\"BreadcrumbList\",\"@id\":\"https:\\\/\\\/pans.krosno.pl\\\/fundusze-zewnetrzne\\\/projekty-realizowane\\\/uczelnia-bez-barier-w-kierunku-edukacji\\\/uczelnia-bez-barier-o-projekcie\\\/#breadcrumb\",\"itemListElement\":[{\"@type\":\"ListItem\",\"position\":1,\"name\":\"Strona g\u0142\u00f3wna\",\"item\":\"https:\\\/\\\/pans.krosno.pl\\\/fundusze-zewnetrzne\\\/\"},{\"@type\":\"ListItem\",\"position\":2,\"name\":\"Projekty realizowane\",\"item\":\"https:\\\/\\\/pans.krosno.pl\\\/fundusze-zewnetrzne\\\/projekty-realizowane\\\/\"},{\"@type\":\"ListItem\",\"position\":3,\"name\":\"&#8222;Uczelnia bez barier &#8211; w kierunku edukacji w\u0142\u0105czaj\u0105cej&#8221;, nr POWR.03.05.00-00-A079\\\/20\",\"item\":\"https:\\\/\\\/pans.krosno.pl\\\/fundusze-zewnetrzne\\\/projekty-realizowane\\\/uczelnia-bez-barier-w-kierunku-edukacji\\\/\"},{\"@type\":\"ListItem\",\"position\":4,\"name\":\"Uczelnia bez barier &#8211; O projekcie\"}]},{\"@type\":\"WebSite\",\"@id\":\"https:\\\/\\\/pans.krosno.pl\\\/fundusze-zewnetrzne\\\/#website\",\"url\":\"https:\\\/\\\/pans.krosno.pl\\\/fundusze-zewnetrzne\\\/\",\"name\":\"Fundusze zewn\u0119trzne PANS w Kro\u015bnie\",\"description\":\"Fundusze zewn\u0119trzne  - Pa\u0144stwowa Akademia Nauk Stosowanych\",\"publisher\":{\"@id\":\"https:\\\/\\\/pans.krosno.pl\\\/fundusze-zewnetrzne\\\/#organization\"},\"potentialAction\":[{\"@type\":\"SearchAction\",\"target\":{\"@type\":\"EntryPoint\",\"urlTemplate\":\"https:\\\/\\\/pans.krosno.pl\\\/fundusze-zewnetrzne\\\/?s={search_term_string}\"},\"query-input\":{\"@type\":\"PropertyValueSpecification\",\"valueRequired\":true,\"valueName\":\"search_term_string\"}}],\"inLanguage\":\"pl-PL\"},{\"@type\":\"Organization\",\"@id\":\"https:\\\/\\\/pans.krosno.pl\\\/fundusze-zewnetrzne\\\/#organization\",\"name\":\"Fundusze zewn\u0119trzne PANS w Kro\u015bnie\",\"url\":\"https:\\\/\\\/pans.krosno.pl\\\/fundusze-zewnetrzne\\\/\",\"logo\":{\"@type\":\"ImageObject\",\"inLanguage\":\"pl-PL\",\"@id\":\"https:\\\/\\\/pans.krosno.pl\\\/fundusze-zewnetrzne\\\/#\\\/schema\\\/logo\\\/image\\\/\",\"url\":\"https:\\\/\\\/pans.krosno.pl\\\/fundusze-zewnetrzne\\\/wp-content\\\/uploads\\\/sites\\\/14\\\/2023\\\/01\\\/Logo-PANS-2022-pelne.png\",\"contentUrl\":\"https:\\\/\\\/pans.krosno.pl\\\/fundusze-zewnetrzne\\\/wp-content\\\/uploads\\\/sites\\\/14\\\/2023\\\/01\\\/Logo-PANS-2022-pelne.png\",\"width\":3096,\"height\":696,\"caption\":\"Fundusze zewn\u0119trzne PANS w Kro\u015bnie\"},\"image\":{\"@id\":\"https:\\\/\\\/pans.krosno.pl\\\/fundusze-zewnetrzne\\\/#\\\/schema\\\/logo\\\/image\\\/\"}}]}<\/script>\n<!-- \/ Yoast SEO Premium plugin. -->","yoast_head_json":{"title":"Uczelnia bez barier - O projekcie - Fundusze zewn\u0119trzne PANS w Kro\u015bnie","robots":{"index":"index","follow":"follow","max-snippet":"max-snippet:-1","max-image-preview":"max-image-preview:large","max-video-preview":"max-video-preview:-1"},"canonical":"https:\/\/pans.krosno.pl\/fundusze-zewnetrzne\/projekty-realizowane\/uczelnia-bez-barier-w-kierunku-edukacji\/uczelnia-bez-barier-o-projekcie\/","og_locale":"pl_PL","og_type":"article","og_title":"Uczelnia bez barier - O projekcie","og_description":"Karpacka Pa\u0144stwowa Uczelnia w Kro\u015bnie od 1 stycznia 2021 r. realizuje projekt pn. &#8222;Uczelnia bez barier &#8211; w kierunku edukacji w\u0142\u0105czaj\u0105cej&#8221;, nr POWR.03.05.00-00-A079\/20. Projekt jest wsp\u00f3\u0142finansowany ze \u015brodk\u00f3w Unii Europejskiej w ramach Europejskiego Funduszu Spo\u0142ecznego. G\u0142\u00f3wnym celem projektu jest poprawa dost\u0119pno\u015bci Karpackiej Pa\u0144stwowej Uczelni w Kro\u015bnie dla os\u00f3b z niepe\u0142nosprawno\u015bciami [\u2026] Read More","og_url":"https:\/\/pans.krosno.pl\/fundusze-zewnetrzne\/projekty-realizowane\/uczelnia-bez-barier-w-kierunku-edukacji\/uczelnia-bez-barier-o-projekcie\/","og_site_name":"Fundusze zewn\u0119trzne PANS w Kro\u015bnie","article_modified_time":"2021-06-08T11:36:17+00:00","og_image":[{"url":"https:\/\/pans.krosno.pl\/fundusze-europejskie-kursy\/wp-content\/uploads\/sites\/14\/2020\/05\/LOGO-KOLOR-14-1024x131.jpg","type":"","width":"","height":""}],"twitter_card":"summary_large_image","twitter_misc":{"Szacowany czas czytania":"2 minuty"},"schema":{"@context":"https:\/\/schema.org","@graph":[{"@type":"WebPage","@id":"https:\/\/pans.krosno.pl\/fundusze-zewnetrzne\/projekty-realizowane\/uczelnia-bez-barier-w-kierunku-edukacji\/uczelnia-bez-barier-o-projekcie\/","url":"https:\/\/pans.krosno.pl\/fundusze-zewnetrzne\/projekty-realizowane\/uczelnia-bez-barier-w-kierunku-edukacji\/uczelnia-bez-barier-o-projekcie\/","name":"Uczelnia bez barier - O projekcie - Fundusze zewn\u0119trzne PANS w Kro\u015bnie","isPartOf":{"@id":"https:\/\/pans.krosno.pl\/fundusze-zewnetrzne\/#website"},"primaryImageOfPage":{"@id":"https:\/\/pans.krosno.pl\/fundusze-zewnetrzne\/projekty-realizowane\/uczelnia-bez-barier-w-kierunku-edukacji\/uczelnia-bez-barier-o-projekcie\/#primaryimage"},"image":{"@id":"https:\/\/pans.krosno.pl\/fundusze-zewnetrzne\/projekty-realizowane\/uczelnia-bez-barier-w-kierunku-edukacji\/uczelnia-bez-barier-o-projekcie\/#primaryimage"},"thumbnailUrl":"https:\/\/pans.krosno.pl\/fundusze-europejskie-kursy\/wp-content\/uploads\/sites\/14\/2020\/05\/LOGO-KOLOR-14-1024x131.jpg","datePublished":"2021-02-01T10:59:21+00:00","dateModified":"2021-06-08T11:36:17+00:00","breadcrumb":{"@id":"https:\/\/pans.krosno.pl\/fundusze-zewnetrzne\/projekty-realizowane\/uczelnia-bez-barier-w-kierunku-edukacji\/uczelnia-bez-barier-o-projekcie\/#breadcrumb"},"inLanguage":"pl-PL","potentialAction":[{"@type":"ReadAction","target":["https:\/\/pans.krosno.pl\/fundusze-zewnetrzne\/projekty-realizowane\/uczelnia-bez-barier-w-kierunku-edukacji\/uczelnia-bez-barier-o-projekcie\/"]}]},{"@type":"ImageObject","inLanguage":"pl-PL","@id":"https:\/\/pans.krosno.pl\/fundusze-zewnetrzne\/projekty-realizowane\/uczelnia-bez-barier-w-kierunku-edukacji\/uczelnia-bez-barier-o-projekcie\/#primaryimage","url":"https:\/\/pans.krosno.pl\/fundusze-europejskie-kursy\/wp-content\/uploads\/sites\/14\/2020\/05\/LOGO-KOLOR-14-1024x131.jpg","contentUrl":"https:\/\/pans.krosno.pl\/fundusze-europejskie-kursy\/wp-content\/uploads\/sites\/14\/2020\/05\/LOGO-KOLOR-14-1024x131.jpg"},{"@type":"BreadcrumbList","@id":"https:\/\/pans.krosno.pl\/fundusze-zewnetrzne\/projekty-realizowane\/uczelnia-bez-barier-w-kierunku-edukacji\/uczelnia-bez-barier-o-projekcie\/#breadcrumb","itemListElement":[{"@type":"ListItem","position":1,"name":"Strona g\u0142\u00f3wna","item":"https:\/\/pans.krosno.pl\/fundusze-zewnetrzne\/"},{"@type":"ListItem","position":2,"name":"Projekty realizowane","item":"https:\/\/pans.krosno.pl\/fundusze-zewnetrzne\/projekty-realizowane\/"},{"@type":"ListItem","position":3,"name":"&#8222;Uczelnia bez barier &#8211; w kierunku edukacji w\u0142\u0105czaj\u0105cej&#8221;, nr POWR.03.05.00-00-A079\/20","item":"https:\/\/pans.krosno.pl\/fundusze-zewnetrzne\/projekty-realizowane\/uczelnia-bez-barier-w-kierunku-edukacji\/"},{"@type":"ListItem","position":4,"name":"Uczelnia bez barier &#8211; O projekcie"}]},{"@type":"WebSite","@id":"https:\/\/pans.krosno.pl\/fundusze-zewnetrzne\/#website","url":"https:\/\/pans.krosno.pl\/fundusze-zewnetrzne\/","name":"Fundusze zewn\u0119trzne PANS w Kro\u015bnie","description":"Fundusze zewn\u0119trzne  - Pa\u0144stwowa Akademia Nauk Stosowanych","publisher":{"@id":"https:\/\/pans.krosno.pl\/fundusze-zewnetrzne\/#organization"},"potentialAction":[{"@type":"SearchAction","target":{"@type":"EntryPoint","urlTemplate":"https:\/\/pans.krosno.pl\/fundusze-zewnetrzne\/?s={search_term_string}"},"query-input":{"@type":"PropertyValueSpecification","valueRequired":true,"valueName":"search_term_string"}}],"inLanguage":"pl-PL"},{"@type":"Organization","@id":"https:\/\/pans.krosno.pl\/fundusze-zewnetrzne\/#organization","name":"Fundusze zewn\u0119trzne PANS w Kro\u015bnie","url":"https:\/\/pans.krosno.pl\/fundusze-zewnetrzne\/","logo":{"@type":"ImageObject","inLanguage":"pl-PL","@id":"https:\/\/pans.krosno.pl\/fundusze-zewnetrzne\/#\/schema\/logo\/image\/","url":"https:\/\/pans.krosno.pl\/fundusze-zewnetrzne\/wp-content\/uploads\/sites\/14\/2023\/01\/Logo-PANS-2022-pelne.png","contentUrl":"https:\/\/pans.krosno.pl\/fundusze-zewnetrzne\/wp-content\/uploads\/sites\/14\/2023\/01\/Logo-PANS-2022-pelne.png","width":3096,"height":696,"caption":"Fundusze zewn\u0119trzne PANS w Kro\u015bnie"},"image":{"@id":"https:\/\/pans.krosno.pl\/fundusze-zewnetrzne\/#\/schema\/logo\/image\/"}}]}},"_links":{"self":[{"href":"https:\/\/pans.krosno.pl\/fundusze-zewnetrzne\/wp-json\/wp\/v2\/pages\/1786","targetHints":{"allow":["GET"]}}],"collection":[{"href":"https:\/\/pans.krosno.pl\/fundusze-zewnetrzne\/wp-json\/wp\/v2\/pages"}],"about":[{"href":"https:\/\/pans.krosno.pl\/fundusze-zewnetrzne\/wp-json\/wp\/v2\/types\/page"}],"author":[{"embeddable":true,"href":"https:\/\/pans.krosno.pl\/fundusze-zewnetrzne\/wp-json\/wp\/v2\/users\/27"}],"replies":[{"embeddable":true,"href":"https:\/\/pans.krosno.pl\/fundusze-zewnetrzne\/wp-json\/wp\/v2\/comments?post=1786"}],"version-history":[{"count":5,"href":"https:\/\/pans.krosno.pl\/fundusze-zewnetrzne\/wp-json\/wp\/v2\/pages\/1786\/revisions"}],"predecessor-version":[{"id":1922,"href":"https:\/\/pans.krosno.pl\/fundusze-zewnetrzne\/wp-json\/wp\/v2\/pages\/1786\/revisions\/1922"}],"up":[{"embeddable":true,"href":"https:\/\/pans.krosno.pl\/fundusze-zewnetrzne\/wp-json\/wp\/v2\/pages\/1785"}],"wp:attachment":[{"href":"https:\/\/pans.krosno.pl\/fundusze-zewnetrzne\/wp-json\/wp\/v2\/media?parent=1786"}],"curies":[{"name":"wp","href":"https:\/\/api.w.org\/{rel}","templated":true}]}}