{"id":2737,"date":"2023-02-06T10:55:30","date_gmt":"2023-02-06T09:55:30","guid":{"rendered":"https:\/\/pans.krosno.pl\/fa\/?page_id=2737"},"modified":"2023-08-10T09:35:57","modified_gmt":"2023-08-10T07:35:57","slug":"jezykoznawstwo-kognitywne-w-roku-2023","status":"publish","type":"page","link":"https:\/\/pans.krosno.pl\/fa\/jezykoznawstwo-kognitywne-w-roku-2023\/","title":{"rendered":"J\u0119zykoznawstwo Kognitywne w roku 2023"},"content":{"rendered":"<div class=\"n2-section-smartslider fitvidsignore \" data-ssid=\"2\" tabindex=\"0\" role=\"region\" aria-label=\"Slajder\"><div id=\"n2-ss-2-align\" class=\"n2-ss-align\"><div class=\"n2-padding\"><div id=\"n2-ss-2\" data-creator=\"Smart Slider 3\" data-responsive=\"auto\" class=\"n2-ss-slider n2-ow n2-has-hover n2notransition  \">\n\n\n\n\n\n\n\n\n\n<div class=\"n2-ss-slider-wrapper-outside\" style=\"grid-template-rows:1fr auto\"><div class=\"n2-ss-slider-wrapper-inside\">\n        <div class=\"n2-ss-slider-1 n2_ss__touch_element n2-ow\">\n            <div class=\"n2-ss-slider-2 n2-ow\">\n                                                <div class=\"n2-ss-slider-3 n2-ow\">\n\n                    <div class=\"n2-ss-slide-backgrounds n2-ow-all\"><div class=\"n2-ss-slide-background\" data-public-id=\"1\" data-mode=\"blurfit\"><div class=\"n2-ss-slide-background-image\" data-blur=\"0\" data-opacity=\"100\" data-x=\"50\" data-y=\"50\" data-alt=\"\" data-title=\"\" data-blurfitmode=\"default\" style=\"margin:-14px;padding:14px\" data-globalblur=\"7\" data-bgblur=\"7\"><picture style=\"filter:blur(7px)\" class=\"skip-lazy\" data-skip-lazy=\"1\"><img decoding=\"async\" src=\"\/\/pans.krosno.pl\/fa\/wp-content\/uploads\/sites\/13\/slider2\/konfeFA.jpeg\" alt=\"\" title=\"\" loading=\"lazy\" class=\"skip-lazy\" data-skip-lazy=\"1\"><\/picture><\/div><div class=\"n2-ss-slide-background-image\" data-blur=\"0\" data-opacity=\"100\" data-x=\"50\" data-y=\"50\" data-alt=\"\" data-title=\"\"><picture class=\"skip-lazy\" data-skip-lazy=\"1\"><img decoding=\"async\" src=\"\/\/pans.krosno.pl\/fa\/wp-content\/uploads\/sites\/13\/slider2\/konfeFA.jpeg\" alt=\"\" title=\"\" loading=\"lazy\" class=\"skip-lazy\" data-skip-lazy=\"1\"><\/picture><\/div><div data-color=\"RGBA(255,255,255,0)\" style=\"background-color: RGBA(255,255,255,0);\" class=\"n2-ss-slide-background-color\"><\/div><\/div><div class=\"n2-ss-slide-background\" data-public-id=\"2\" data-mode=\"blurfit\" aria-hidden=\"true\"><div class=\"n2-ss-slide-background-image\" data-blur=\"0\" data-opacity=\"100\" data-x=\"50\" data-y=\"50\" data-alt=\"\" data-title=\"\" data-blurfitmode=\"default\" style=\"margin:-14px;padding:14px\" data-globalblur=\"7\" data-bgblur=\"7\"><picture style=\"filter:blur(7px)\" class=\"skip-lazy\" data-skip-lazy=\"1\"><img decoding=\"async\" src=\"\/\/pans.krosno.pl\/fa\/wp-content\/uploads\/sites\/13\/slider2\/konfeFA.jpeg\" alt=\"\" title=\"\" loading=\"lazy\" class=\"skip-lazy\" data-skip-lazy=\"1\"><\/picture><\/div><div class=\"n2-ss-slide-background-image\" data-blur=\"0\" data-opacity=\"100\" data-x=\"50\" data-y=\"50\" data-alt=\"\" data-title=\"\"><picture class=\"skip-lazy\" data-skip-lazy=\"1\"><img decoding=\"async\" src=\"\/\/pans.krosno.pl\/fa\/wp-content\/uploads\/sites\/13\/slider2\/konfeFA.jpeg\" alt=\"\" title=\"\" loading=\"lazy\" class=\"skip-lazy\" data-skip-lazy=\"1\"><\/picture><\/div><div data-color=\"RGBA(255,255,255,0)\" style=\"background-color: RGBA(255,255,255,0);\" class=\"n2-ss-slide-background-color\"><\/div><\/div><\/div>                    <div class=\"n2-ss-slider-4 n2-ow\">\n                        <svg xmlns=\"http:\/\/www.w3.org\/2000\/svg\" viewBox=\"0 0 1200 300\" data-related-device=\"desktopPortrait\" class=\"n2-ow n2-ss-preserve-size n2-ss-preserve-size--slider n2-ss-slide-limiter\"><\/svg><div data-first=\"1\" data-slide-duration=\"0\" data-id=\"13\" data-slide-public-id=\"1\" data-title=\"konfeFA\" class=\"n2-ss-slide n2-ow  n2-ss-slide-13\"><div role=\"note\" class=\"n2-ss-slide--focus\" tabindex=\"-1\">konfeFA<\/div><div class=\"n2-ss-layers-container n2-ss-slide-limiter n2-ow\"><div class=\"n2-ss-layer n2-ow n-uc-p4pXTutfIUlC\" data-sstype=\"slide\" data-pm=\"default\"><\/div><\/div><img decoding=\"async\" loading=\"lazy\" class=\"n2-ss-slide-thumbnail skip-lazy\" data-skip-lazy=\"1\" src=\"\/\/pans.krosno.pl\/fa\/wp-content\/uploads\/sites\/13\/slider2\/konfeFA.jpeg\" alt=\"konfeFA\"><\/div><div data-slide-duration=\"0\" data-id=\"13\" data-slide-public-id=\"2\" aria-hidden=\"true\" data-title=\"konfeFA\" class=\"n2-ss-slide n2-ow  n2-ss-slide-13\"><div role=\"note\" class=\"n2-ss-slide--focus\" tabindex=\"-1\">konfeFA<\/div><div class=\"n2-ss-layers-container n2-ss-slide-limiter n2-ow\"><div class=\"n2-ss-layer n2-ow n-uc-fr7HorbFBhpQ\" data-sstype=\"slide\" data-pm=\"default\"><\/div><\/div><img decoding=\"async\" loading=\"lazy\" class=\"n2-ss-slide-thumbnail skip-lazy\" data-skip-lazy=\"1\" src=\"\/\/pans.krosno.pl\/fa\/wp-content\/uploads\/sites\/13\/slider2\/konfeFA.jpeg\" alt=\"konfeFA\"><\/div>                    <\/div>\n\n                                    <\/div>\n            <\/div>\n        <\/div>\n        <div class=\"n2-ss-slider-controls n2-ss-slider-controls-absolute-right-top\"><div style=\"--widget-offset:15px;\" class=\"n2-ss-widget n2-style-f17ddbf2d8ed14421f9093b94b93b8a9-heading nextend-autoplay n2-ow-all nextend-autoplay-image\" role=\"button\" aria-label=\"Play autoplay\" data-pause-label=\"Wstrzymaj automatyczne odtwarzanie\" data-play-label=\"Play autoplay\" tabindex=\"0\"><img loading=\"lazy\" decoding=\"async\" width=\"16\" height=\"16\" class=\"nextend-autoplay-play skip-lazy\" data-skip-lazy=\"1\" src=\"data:image\/svg+xml;base64,PHN2ZyB3aWR0aD0iMTYiIGhlaWdodD0iMTYiIHZpZXdCb3g9IjAgMCAxNiAxNiIgeG1sbnM9Imh0dHA6Ly93d3cudzMub3JnLzIwMDAvc3ZnIj4KICAgIDxwYXRoIGQ9Ik0xMS41OCA3LjAzTDUuMzAyIDIuMTY1QzUuMTY1IDIuMDU3IDUuMDE2IDIgNC44NTcgMiA0LjM4NCAyIDQgMi41MDQgNCAzLjEyNXY5Ljc1YzAgLjYyLjM4NCAxLjEyNS44NTcgMS4xMjUuMTYgMCAuMzA4LS4wNTcuNDM2LS4xNTZMMTEuNTggOC45N2MuMjUtLjE5OC40Mi0uNTU4LjQyLS45NyAwLS40MTItLjE3LS43NzMtLjQyLS45N3oiCiAgICAgICAgICBmaWxsPSIjZmZmZmZmIiBvcGFjaXR5PSIwLjgiIGZpbGwtcnVsZT0iZXZlbm9kZCIvPgo8L3N2Zz4=\" alt=\"Play\"><img loading=\"lazy\" decoding=\"async\" width=\"16\" height=\"16\" class=\"nextend-autoplay-pause skip-lazy\" data-skip-lazy=\"1\" src=\"data:image\/svg+xml;base64,PHN2ZyB3aWR0aD0iMTYiIGhlaWdodD0iMTYiIHZpZXdCb3g9IjAgMCAxNiAxNiIgeG1sbnM9Imh0dHA6Ly93d3cudzMub3JnLzIwMDAvc3ZnIj4KICAgIDxwYXRoIGQ9Ik00IDJ2MTJoM1YySDR6bTUgMHYxMmgzVjJIOXoiIGZpbGw9IiNmZmZmZmYiIG9wYWNpdHk9IjAuOCIgZmlsbC1ydWxlPSJldmVub2RkIi8+Cjwvc3ZnPg==\" alt=\"Pause\"><\/div><\/div><div class=\"n2-ss-slider-controls n2-ss-slider-controls-absolute-left-center\"><div style=\"--widget-offset:15px;\" class=\"n2-ss-widget nextend-arrow n2-ow-all nextend-arrow-previous  nextend-arrow-animated-fade\" data-hide-mobilelandscape=\"1\" data-hide-mobileportrait=\"1\" id=\"n2-ss-2-arrow-previous\" role=\"button\" aria-label=\"previous arrow\" tabindex=\"0\"><img loading=\"lazy\" decoding=\"async\" width=\"32\" height=\"32\" class=\"skip-lazy\" data-skip-lazy=\"1\" src=\"data:image\/svg+xml;base64,PHN2ZyB3aWR0aD0iMzIiIGhlaWdodD0iMzIiIHZpZXdCb3g9IjAgMCAzMiAzMiIgeG1sbnM9Imh0dHA6Ly93d3cudzMub3JnLzIwMDAvc3ZnIj4KICAgIDxwYXRoIGQ9Ik0xMS40MzMgMTUuOTkyTDIyLjY5IDUuNzEyYy4zOTMtLjM5LjM5My0xLjAzIDAtMS40Mi0uMzkzLS4zOS0xLjAzLS4zOS0xLjQyMyAwbC0xMS45OCAxMC45NGMtLjIxLjIxLS4zLjQ5LS4yODUuNzYtLjAxNS4yOC4wNzUuNTYuMjg0Ljc3bDExLjk4IDEwLjk0Yy4zOTMuMzkgMS4wMy4zOSAxLjQyNCAwIC4zOTMtLjQuMzkzLTEuMDMgMC0xLjQybC0xMS4yNTctMTAuMjkiCiAgICAgICAgICBmaWxsPSIjZmZmZmZmIiBvcGFjaXR5PSIwLjgiIGZpbGwtcnVsZT0iZXZlbm9kZCIvPgo8L3N2Zz4=\" alt=\"previous arrow\"><\/div><\/div><div class=\"n2-ss-slider-controls n2-ss-slider-controls-absolute-right-center\"><div style=\"--widget-offset:15px;\" class=\"n2-ss-widget nextend-arrow n2-ow-all nextend-arrow-next  nextend-arrow-animated-fade\" data-hide-mobilelandscape=\"1\" data-hide-mobileportrait=\"1\" id=\"n2-ss-2-arrow-next\" role=\"button\" aria-label=\"next arrow\" tabindex=\"0\"><img loading=\"lazy\" decoding=\"async\" width=\"32\" height=\"32\" class=\"skip-lazy\" data-skip-lazy=\"1\" src=\"data:image\/svg+xml;base64,PHN2ZyB3aWR0aD0iMzIiIGhlaWdodD0iMzIiIHZpZXdCb3g9IjAgMCAzMiAzMiIgeG1sbnM9Imh0dHA6Ly93d3cudzMub3JnLzIwMDAvc3ZnIj4KICAgIDxwYXRoIGQ9Ik0xMC43MjIgNC4yOTNjLS4zOTQtLjM5LTEuMDMyLS4zOS0xLjQyNyAwLS4zOTMuMzktLjM5MyAxLjAzIDAgMS40MmwxMS4yODMgMTAuMjgtMTEuMjgzIDEwLjI5Yy0uMzkzLjM5LS4zOTMgMS4wMiAwIDEuNDIuMzk1LjM5IDEuMDMzLjM5IDEuNDI3IDBsMTIuMDA3LTEwLjk0Yy4yMS0uMjEuMy0uNDkuMjg0LS43Ny4wMTQtLjI3LS4wNzYtLjU1LS4yODYtLjc2TDEwLjcyIDQuMjkzeiIKICAgICAgICAgIGZpbGw9IiNmZmZmZmYiIG9wYWNpdHk9IjAuOCIgZmlsbC1ydWxlPSJldmVub2RkIi8+Cjwvc3ZnPg==\" alt=\"next arrow\"><\/div><\/div><\/div><div class=\"n2-ss-slider-controls n2-ss-slider-controls-below\"><div style=\"--widget-offset:10px;\" class=\"n2-ss-widget n2-ss-control-bullet n2-ow-all n2-ss-control-bullet-horizontal\"><div class=\" nextend-bullet-bar n2-bar-justify-content-center\" role=\"group\" aria-label=\"Choose slide to display.\"><div class=\"n2-bullet n2-style-98b890a69860771f94d32019bd5202d1-dot \" style=\"visibility:hidden;\"><\/div><\/div><\/div><\/div><\/div><\/div><ss3-loader><\/ss3-loader><\/div><\/div><div class=\"n2_clear\"><\/div><\/div>\n\n\n<p class=\"has-text-align-center has-x-large-font-size\">J\u0119zykoznawstwo Kognitywne w roku 2023<\/p>\n\n\n\n<div class=\"wp-block-columns is-layout-flex wp-container-core-columns-is-layout-28f84493 wp-block-columns-is-layout-flex\">\n<div class=\"wp-block-column is-layout-flow wp-block-column-is-layout-flow\" style=\"flex-basis:20%\">\n<p class=\"has-text-align-left has-medium-font-size\"><\/p>\n\n\n<div id=\"mega-menu-wrap-max_mega_menu_1\" class=\"mega-menu-wrap\"><div class=\"mega-menu-toggle\"><div class=\"mega-toggle-blocks-left\"><\/div><div class=\"mega-toggle-blocks-center\"><\/div><div class=\"mega-toggle-blocks-right\"><div class='mega-toggle-block mega-menu-toggle-block mega-toggle-block-1' id='mega-toggle-block-1'><span class='mega-toggle-label' role='button' aria-haspopup='true' aria-expanded='false'><span class='mega-toggle-label-closed'>MENU<\/span><span class='mega-toggle-label-open'>MENU<\/span><\/span><\/div><\/div><\/div><ul id=\"mega-menu-max_mega_menu_1\" class=\"mega-menu max-mega-menu mega-menu-accordion mega-no-js\" data-event=\"click\" data-effect=\"fade\" data-effect-speed=\"200\" data-effect-mobile=\"disabled\" data-effect-speed-mobile=\"0\" data-mobile-force-width=\"false\" data-second-click=\"go\" data-document-click=\"disabled\" data-vertical-behaviour=\"standard\" data-breakpoint=\"600\" data-unbind=\"true\" data-mobile-state=\"collapse_all\" data-mobile-direction=\"vertical\" data-hover-intent-timeout=\"300\" data-hover-intent-interval=\"100\" data-overlay-desktop=\"false\" data-overlay-mobile=\"false\"><li class=\"mega-menu-item mega-menu-item-type-custom mega-menu-item-object-custom mega-align-bottom-left mega-menu-flyout mega-menu-item-2806\" id=\"mega-menu-item-2806\"><a class=\"mega-menu-link\" href=\"https:\/\/pans.krosno.pl\/fa\/jezykoznawstwo-kognitywne-w-roku-2023\/\">Navigation menu<\/a><\/li><li class=\"mega-menu-item mega-menu-item-type-custom mega-menu-item-object-custom mega-menu-item-has-children mega-align-bottom-left mega-menu-flyout mega-menu-item-2777\" id=\"mega-menu-item-2777\"><a class=\"mega-menu-link\" href=\"#\" aria-expanded=\"false\" aria-controls=\"mega-sub-menu-2777\">Informacje<span class=\"mega-indicator\" aria-hidden=\"true\"><\/span><\/a>\n<ul class=\"mega-sub-menu\" id='mega-sub-menu-2777'>\n<li class=\"mega-menu-item mega-menu-item-type-post_type mega-menu-item-object-page mega-menu-item-2764\" id=\"mega-menu-item-2764\"><a class=\"mega-menu-link\" href=\"https:\/\/pans.krosno.pl\/fa\/jezykoznawstwo-kognitywne-w-roku-2023\/komitet-organizacyjny\/\">Komitet organizacyjny<\/a><\/li><li class=\"mega-menu-item mega-menu-item-type-post_type mega-menu-item-object-page mega-menu-item-2765\" id=\"mega-menu-item-2765\"><a class=\"mega-menu-link\" href=\"https:\/\/pans.krosno.pl\/fa\/jezykoznawstwo-kognitywne-w-roku-2023\/komitet-naukowa\/\">Mi\u0119dzynarodowy Komitet Naukowy\u00a0<\/a><\/li><li class=\"mega-menu-item mega-menu-item-type-post_type mega-menu-item-object-page mega-menu-item-2766\" id=\"mega-menu-item-2766\"><a class=\"mega-menu-link\" href=\"https:\/\/pans.krosno.pl\/fa\/jezykoznawstwo-kognitywne-w-roku-2023\/proponowane-zagadnienia\/\">Proponowane zagadnienia<\/a><\/li><\/ul>\n<\/li><li class=\"mega-menu-item mega-menu-item-type-custom mega-menu-item-object-custom mega-menu-item-has-children mega-align-bottom-left mega-menu-flyout mega-menu-item-2778\" id=\"mega-menu-item-2778\"><a class=\"mega-menu-link\" href=\"#\" aria-expanded=\"false\" aria-controls=\"mega-sub-menu-2778\">Program<span class=\"mega-indicator\" aria-hidden=\"true\"><\/span><\/a>\n<ul class=\"mega-sub-menu\" id='mega-sub-menu-2778'>\n<li class=\"mega-menu-item mega-menu-item-type-post_type mega-menu-item-object-page mega-menu-item-2767\" id=\"mega-menu-item-2767\"><a class=\"mega-menu-link\" href=\"https:\/\/pans.krosno.pl\/fa\/jezykoznawstwo-kognitywne-w-roku-2023\/program-ramowy\/\">Program konferencji<\/a><\/li><li class=\"mega-menu-item mega-menu-item-type-post_type mega-menu-item-object-page mega-menu-item-2768\" id=\"mega-menu-item-2768\"><a class=\"mega-menu-link\" href=\"https:\/\/pans.krosno.pl\/fa\/jezykoznawstwo-kognitywne-w-roku-2023\/wyklady-plenarne\/\">Wyk\u0142ady plenarne<\/a><\/li><li class=\"mega-menu-item mega-menu-item-type-post_type mega-menu-item-object-page mega-menu-item-2769\" id=\"mega-menu-item-2769\"><a class=\"mega-menu-link\" href=\"https:\/\/pans.krosno.pl\/fa\/jezykoznawstwo-kognitywne-w-roku-2023\/sekcje-tematyczne\/\">Sekcje tematyczne<\/a><\/li><li class=\"mega-menu-item mega-menu-item-type-post_type mega-menu-item-object-page mega-menu-item-2770\" id=\"mega-menu-item-2770\"><a class=\"mega-menu-link\" href=\"https:\/\/pans.krosno.pl\/fa\/jezykoznawstwo-kognitywne-w-roku-2023\/zmiany-w-programie\/\">Zmiany w programie<\/a><\/li><li class=\"mega-menu-item mega-menu-item-type-post_type mega-menu-item-object-page mega-menu-item-2771\" id=\"mega-menu-item-2771\"><a class=\"mega-menu-link\" href=\"https:\/\/pans.krosno.pl\/fa\/jezykoznawstwo-kognitywne-w-roku-2023\/abstrakty\/\">Abstrakty<\/a><\/li><\/ul>\n<\/li><li class=\"mega-menu-item mega-menu-item-type-custom mega-menu-item-object-custom mega-menu-item-has-children mega-align-bottom-left mega-menu-flyout mega-menu-item-2779\" id=\"mega-menu-item-2779\"><a class=\"mega-menu-link\" href=\"#\" aria-expanded=\"false\" aria-controls=\"mega-sub-menu-2779\">Uczestnik<span class=\"mega-indicator\" aria-hidden=\"true\"><\/span><\/a>\n<ul class=\"mega-sub-menu\" id='mega-sub-menu-2779'>\n<li class=\"mega-menu-item mega-menu-item-type-post_type mega-menu-item-object-page mega-menu-item-2772\" id=\"mega-menu-item-2772\"><a class=\"mega-menu-link\" href=\"https:\/\/pans.krosno.pl\/fa\/jezykoznawstwo-kognitywne-w-roku-2023\/zgloszenia\/\">Zg\u0142oszenia<\/a><\/li><li class=\"mega-menu-item mega-menu-item-type-post_type mega-menu-item-object-page mega-menu-item-2773\" id=\"mega-menu-item-2773\"><a class=\"mega-menu-link\" href=\"https:\/\/pans.krosno.pl\/fa\/jezykoznawstwo-kognitywne-w-roku-2023\/terminy\/\">Terminy i op\u0142aty<\/a><\/li><li class=\"mega-menu-item mega-menu-item-type-post_type mega-menu-item-object-page mega-menu-item-2774\" id=\"mega-menu-item-2774\"><a class=\"mega-menu-link\" href=\"https:\/\/pans.krosno.pl\/fa\/jezykoznawstwo-kognitywne-w-roku-2023\/informacje-praktyczne\/\">Informacje praktyczne<\/a><\/li><\/ul>\n<\/li><li class=\"mega-menu-item mega-menu-item-type-post_type mega-menu-item-object-page mega-align-bottom-left mega-menu-flyout mega-menu-item-2775\" id=\"mega-menu-item-2775\"><a class=\"mega-menu-link\" href=\"https:\/\/pans.krosno.pl\/fa\/jezykoznawstwo-kognitywne-w-roku-2023\/organizator\/\">Organizatorzy<\/a><\/li><\/ul><\/div><\/div>\n\n\n\n<div class=\"wp-block-column is-layout-flow wp-block-column-is-layout-flow\" style=\"flex-basis:80%\">\n<h2 class=\"wp-block-heading has-text-align-left\" id=\"h-13-15-wrzesnia-2023-r\">13-15 wrze\u015bnia 2023 r.<\/h2>\n\n\n\n<p>Polskie Towarzystwo J\u0119zykoznawstwa Kognitywnego, Krakowskie Towarzystwo Popularyzowania Wiedzy o Komunikacji J\u0119zykowej Tertium oraz Instytut Humanistyczny  Pa\u0144stwowej Akademii Nauk Stosowanych w Kro\u015bnie zapraszaj\u0105 na mi\u0119dzynarodow\u0105 konferencj\u0119 pt.: J\u0119zykoznawstwo Kognitywne w roku 2023, kt\u00f3ra odb\u0119dzie si\u0119 w dniach 13-15 wrze\u015bnia 2023 roku w Kro\u015bnie pod has\u0142em:<\/p>\n\n\n\n<p>                               <strong>Applied Cognition: Thought and Action <\/strong><\/p>\n\n\n\n<p>                        <strong>Stosowane j\u0119zykoznawstwo kognitywne: My\u015blenie i dzia\u0142anie<\/strong>.  <\/p>\n\n\n\n<p>Przez p\u00f3\u0142 wieku swojej historii j\u0119zykoznawstwo kognitywne doczeka\u0142o si\u0119 szeregu szk\u00f3\u0142 ze swoimi mistrzami, ogromnego rozwoju teorii i terminologii, powsta\u0142y podr\u0119czniki, prowadzone s\u0105 uniwersyteckie kursy podstawowe i specjalistyczne, kt\u00f3re wesz\u0142y do kanonu nauczania j\u0119zykoznawstwa. Mo\u017cna przy tym nawet powiedzie\u0107, \u017ce sta\u0142o si\u0119 mi\u0119dzynarodow\u0105 szko\u0142\u0105 my\u015blenia o historii i tera\u017aniejszo\u015bci j\u0119zyka, o procesach zmian j\u0119zykowych, jego figuratywno\u015bci. Systematycznie zacz\u0119\u0142o rozszerza\u0107 swoje zainteresowanie od zdania do dyskursu i poetyki, w stron\u0119 multimodalno\u015bci, multimedialno\u015bci i korpusowo\u015bci bada\u0144, jak te\u017c rozszerza\u0107 si\u0119 poza j\u0119zyk angielski i j\u0119zyki indoeuropejskie. \u0179r\u00f3d\u0142em jego sukcesu jest przy tym przyswojenie dotychczasowych dokona\u0144 bada\u0144 nad j\u0119zykiem i pr\u00f3ba stworzenia jednorodnego, a zarazem policentrycznego podej\u015bcia. <br><\/p>\n\n\n\n<p>W tej edycji konferencji proponujemy zastanowi\u0107 si\u0119 nad praktycznymi zastosowaniami odkry\u0107 j\u0119zykoznawstwa kognitywnego zw\u0142aszcza w wymiarze edukacyjnym oraz w badaniach nad dyskursem publicznym. Zach\u0119camy r\u00f3wnie\u017c do nadsy\u0142ania zg\u0142osze\u0144 na <a href=\"https:\/\/pans.krosno.pl\/fa\/jezykoznawstwo-kognitywne-w-roku-2023\/proponowane-zagadnienia\/\">inne tematy z zakresu j\u0119zykoznawstwa kognitywnego<\/a><\/p>\n\n\n\n<p>J\u0119zykami konferencji s\u0105 j\u0119zyk polski i angielski.<\/p>\n\n\n\n<p>Konferencja planowana jest w formie stacjonarnej. Istnieje jednak mo\u017cliwo\u015b\u0107 udzia\u0142u zdalnego \u2013 po uprzednim uzgodnieniu z Organizatorami.<\/p>\n\n\n\n<p>Planowana jest publikacja wybranych artyku\u0142\u00f3w w czasopi\u015bmie LaMiCuS (Language, Mind, Culture and Society), kt\u00f3re ukazuje si\u0119 w formacie elektronicznym pod patronatem PTJK, wydanie numeru specjalnego w innym czasopi\u015bmie oraz wydanie monografii wieloautorskiej w wydawnictwie zagranicznym.<\/p>\n\n\n\n<p>Nad konferencj\u0105 obj\u0105\u0142 patronat JM Rektor Pa\u0144stwowej Akademii Nauk Stosowanych w Kro\u015bnie, prof. Zbigniew Barabasz.  <\/p>\n<\/div>\n<\/div>\n","protected":false},"excerpt":{"rendered":"<p>J\u0119zykoznawstwo Kognitywne w roku 2023 13-15 wrze\u015bnia 2023 r. Polskie Towarzystwo J\u0119zykoznawstwa Kognitywnego, Krakowskie Towarzystwo Popularyzowania Wiedzy o Komunikacji J\u0119zykowej Tertium oraz Instytut Humanistyczny Pa\u0144stwowej Akademii Nauk Stosowanych w Kro\u015bnie zapraszaj\u0105 na mi\u0119dzynarodow\u0105 konferencj\u0119 pt.: J\u0119zykoznawstwo Kognitywne w roku 2023, kt\u00f3ra odb\u0119dzie si\u0119 w dniach 13-15 wrze\u015bnia 2023 roku w [\u2026] <\/p>\n<div class=\"clear\"><\/div>\n<p><a class=\"more_link clearfix\" href=\"https:\/\/pans.krosno.pl\/fa\/jezykoznawstwo-kognitywne-w-roku-2023\/\" rel=\"nofollow\">Read More<\/a><\/p>\n","protected":false},"author":27,"featured_media":0,"parent":0,"menu_order":0,"comment_status":"closed","ping_status":"closed","template":"page-templates\/template-full-width-without-breadcrumbs.php","meta":{"ngg_post_thumbnail":0,"footnotes":""},"class_list":["post-2737","page","type-page","status-publish","hentry"],"yoast_head":"<!-- This site is optimized with the Yoast SEO Premium plugin v27.4 (Yoast SEO v27.4) - https:\/\/yoast.com\/product\/yoast-seo-premium-wordpress\/ -->\n<title>J\u0119zykoznawstwo Kognitywne w roku 2023 - Filologia Angielska PANS w Kro\u015bnie<\/title>\n<meta name=\"robots\" content=\"index, follow, max-snippet:-1, max-image-preview:large, max-video-preview:-1\" \/>\n<link rel=\"canonical\" href=\"https:\/\/pans.krosno.pl\/fa\/jezykoznawstwo-kognitywne-w-roku-2023\/\" \/>\n<meta property=\"og:locale\" content=\"pl_PL\" \/>\n<meta property=\"og:type\" content=\"article\" \/>\n<meta property=\"og:title\" content=\"J\u0119zykoznawstwo Kognitywne w roku 2023\" \/>\n<meta property=\"og:description\" content=\"J\u0119zykoznawstwo Kognitywne w roku 2023 13-15 wrze\u015bnia 2023 r. Polskie Towarzystwo J\u0119zykoznawstwa Kognitywnego, Krakowskie Towarzystwo Popularyzowania Wiedzy o Komunikacji J\u0119zykowej Tertium oraz Instytut Humanistyczny Pa\u0144stwowej Akademii Nauk Stosowanych w Kro\u015bnie zapraszaj\u0105 na mi\u0119dzynarodow\u0105 konferencj\u0119 pt.: J\u0119zykoznawstwo Kognitywne w roku 2023, kt\u00f3ra odb\u0119dzie si\u0119 w dniach 13-15 wrze\u015bnia 2023 roku w [\u2026] Read More\" \/>\n<meta property=\"og:url\" content=\"https:\/\/pans.krosno.pl\/fa\/jezykoznawstwo-kognitywne-w-roku-2023\/\" \/>\n<meta property=\"og:site_name\" content=\"Filologia Angielska PANS w Kro\u015bnie\" \/>\n<meta property=\"article:modified_time\" content=\"2023-08-10T07:35:57+00:00\" \/>\n<meta name=\"twitter:card\" content=\"summary_large_image\" \/>\n<meta name=\"twitter:label1\" content=\"Szacowany czas czytania\" \/>\n\t<meta name=\"twitter:data1\" content=\"2 minuty\" \/>\n<script type=\"application\/ld+json\" class=\"yoast-schema-graph\">{\"@context\":\"https:\\\/\\\/schema.org\",\"@graph\":[{\"@type\":\"WebPage\",\"@id\":\"https:\\\/\\\/pans.krosno.pl\\\/fa\\\/jezykoznawstwo-kognitywne-w-roku-2023\\\/\",\"url\":\"https:\\\/\\\/pans.krosno.pl\\\/fa\\\/jezykoznawstwo-kognitywne-w-roku-2023\\\/\",\"name\":\"J\u0119zykoznawstwo Kognitywne w roku 2023 - Filologia Angielska PANS w Kro\u015bnie\",\"isPartOf\":{\"@id\":\"https:\\\/\\\/pans.krosno.pl\\\/fa\\\/#website\"},\"datePublished\":\"2023-02-06T09:55:30+00:00\",\"dateModified\":\"2023-08-10T07:35:57+00:00\",\"breadcrumb\":{\"@id\":\"https:\\\/\\\/pans.krosno.pl\\\/fa\\\/jezykoznawstwo-kognitywne-w-roku-2023\\\/#breadcrumb\"},\"inLanguage\":\"pl-PL\",\"potentialAction\":[{\"@type\":\"ReadAction\",\"target\":[\"https:\\\/\\\/pans.krosno.pl\\\/fa\\\/jezykoznawstwo-kognitywne-w-roku-2023\\\/\"]}]},{\"@type\":\"BreadcrumbList\",\"@id\":\"https:\\\/\\\/pans.krosno.pl\\\/fa\\\/jezykoznawstwo-kognitywne-w-roku-2023\\\/#breadcrumb\",\"itemListElement\":[{\"@type\":\"ListItem\",\"position\":1,\"name\":\"Strona g\u0142\u00f3wna\",\"item\":\"https:\\\/\\\/pans.krosno.pl\\\/fa\\\/\"},{\"@type\":\"ListItem\",\"position\":2,\"name\":\"J\u0119zykoznawstwo Kognitywne w roku 2023\"}]},{\"@type\":\"WebSite\",\"@id\":\"https:\\\/\\\/pans.krosno.pl\\\/fa\\\/#website\",\"url\":\"https:\\\/\\\/pans.krosno.pl\\\/fa\\\/\",\"name\":\"Filologia Angielska PANS w Kro\u015bnie\",\"description\":\"Filologia Angielska - Pa\u0144stwowa Akademia Nauk Stosowanych\",\"publisher\":{\"@id\":\"https:\\\/\\\/pans.krosno.pl\\\/fa\\\/#organization\"},\"potentialAction\":[{\"@type\":\"SearchAction\",\"target\":{\"@type\":\"EntryPoint\",\"urlTemplate\":\"https:\\\/\\\/pans.krosno.pl\\\/fa\\\/?s={search_term_string}\"},\"query-input\":{\"@type\":\"PropertyValueSpecification\",\"valueRequired\":true,\"valueName\":\"search_term_string\"}}],\"inLanguage\":\"pl-PL\"},{\"@type\":\"Organization\",\"@id\":\"https:\\\/\\\/pans.krosno.pl\\\/fa\\\/#organization\",\"name\":\"Filologia Angielska PANS w Kro\u015bnie\",\"url\":\"https:\\\/\\\/pans.krosno.pl\\\/fa\\\/\",\"logo\":{\"@type\":\"ImageObject\",\"inLanguage\":\"pl-PL\",\"@id\":\"https:\\\/\\\/pans.krosno.pl\\\/fa\\\/#\\\/schema\\\/logo\\\/image\\\/\",\"url\":\"https:\\\/\\\/pans.krosno.pl\\\/fa\\\/wp-content\\\/uploads\\\/sites\\\/13\\\/2023\\\/01\\\/Logo-PANS-2022-pelne.png\",\"contentUrl\":\"https:\\\/\\\/pans.krosno.pl\\\/fa\\\/wp-content\\\/uploads\\\/sites\\\/13\\\/2023\\\/01\\\/Logo-PANS-2022-pelne.png\",\"width\":3096,\"height\":696,\"caption\":\"Filologia Angielska PANS w Kro\u015bnie\"},\"image\":{\"@id\":\"https:\\\/\\\/pans.krosno.pl\\\/fa\\\/#\\\/schema\\\/logo\\\/image\\\/\"}}]}<\/script>\n<!-- \/ Yoast SEO Premium plugin. -->","yoast_head_json":{"title":"J\u0119zykoznawstwo Kognitywne w roku 2023 - Filologia Angielska PANS w Kro\u015bnie","robots":{"index":"index","follow":"follow","max-snippet":"max-snippet:-1","max-image-preview":"max-image-preview:large","max-video-preview":"max-video-preview:-1"},"canonical":"https:\/\/pans.krosno.pl\/fa\/jezykoznawstwo-kognitywne-w-roku-2023\/","og_locale":"pl_PL","og_type":"article","og_title":"J\u0119zykoznawstwo Kognitywne w roku 2023","og_description":"J\u0119zykoznawstwo Kognitywne w roku 2023 13-15 wrze\u015bnia 2023 r. Polskie Towarzystwo J\u0119zykoznawstwa Kognitywnego, Krakowskie Towarzystwo Popularyzowania Wiedzy o Komunikacji J\u0119zykowej Tertium oraz Instytut Humanistyczny Pa\u0144stwowej Akademii Nauk Stosowanych w Kro\u015bnie zapraszaj\u0105 na mi\u0119dzynarodow\u0105 konferencj\u0119 pt.: J\u0119zykoznawstwo Kognitywne w roku 2023, kt\u00f3ra odb\u0119dzie si\u0119 w dniach 13-15 wrze\u015bnia 2023 roku w [\u2026] Read More","og_url":"https:\/\/pans.krosno.pl\/fa\/jezykoznawstwo-kognitywne-w-roku-2023\/","og_site_name":"Filologia Angielska PANS w Kro\u015bnie","article_modified_time":"2023-08-10T07:35:57+00:00","twitter_card":"summary_large_image","twitter_misc":{"Szacowany czas czytania":"2 minuty"},"schema":{"@context":"https:\/\/schema.org","@graph":[{"@type":"WebPage","@id":"https:\/\/pans.krosno.pl\/fa\/jezykoznawstwo-kognitywne-w-roku-2023\/","url":"https:\/\/pans.krosno.pl\/fa\/jezykoznawstwo-kognitywne-w-roku-2023\/","name":"J\u0119zykoznawstwo Kognitywne w roku 2023 - Filologia Angielska PANS w Kro\u015bnie","isPartOf":{"@id":"https:\/\/pans.krosno.pl\/fa\/#website"},"datePublished":"2023-02-06T09:55:30+00:00","dateModified":"2023-08-10T07:35:57+00:00","breadcrumb":{"@id":"https:\/\/pans.krosno.pl\/fa\/jezykoznawstwo-kognitywne-w-roku-2023\/#breadcrumb"},"inLanguage":"pl-PL","potentialAction":[{"@type":"ReadAction","target":["https:\/\/pans.krosno.pl\/fa\/jezykoznawstwo-kognitywne-w-roku-2023\/"]}]},{"@type":"BreadcrumbList","@id":"https:\/\/pans.krosno.pl\/fa\/jezykoznawstwo-kognitywne-w-roku-2023\/#breadcrumb","itemListElement":[{"@type":"ListItem","position":1,"name":"Strona g\u0142\u00f3wna","item":"https:\/\/pans.krosno.pl\/fa\/"},{"@type":"ListItem","position":2,"name":"J\u0119zykoznawstwo Kognitywne w roku 2023"}]},{"@type":"WebSite","@id":"https:\/\/pans.krosno.pl\/fa\/#website","url":"https:\/\/pans.krosno.pl\/fa\/","name":"Filologia Angielska PANS w Kro\u015bnie","description":"Filologia Angielska - Pa\u0144stwowa Akademia Nauk Stosowanych","publisher":{"@id":"https:\/\/pans.krosno.pl\/fa\/#organization"},"potentialAction":[{"@type":"SearchAction","target":{"@type":"EntryPoint","urlTemplate":"https:\/\/pans.krosno.pl\/fa\/?s={search_term_string}"},"query-input":{"@type":"PropertyValueSpecification","valueRequired":true,"valueName":"search_term_string"}}],"inLanguage":"pl-PL"},{"@type":"Organization","@id":"https:\/\/pans.krosno.pl\/fa\/#organization","name":"Filologia Angielska PANS w Kro\u015bnie","url":"https:\/\/pans.krosno.pl\/fa\/","logo":{"@type":"ImageObject","inLanguage":"pl-PL","@id":"https:\/\/pans.krosno.pl\/fa\/#\/schema\/logo\/image\/","url":"https:\/\/pans.krosno.pl\/fa\/wp-content\/uploads\/sites\/13\/2023\/01\/Logo-PANS-2022-pelne.png","contentUrl":"https:\/\/pans.krosno.pl\/fa\/wp-content\/uploads\/sites\/13\/2023\/01\/Logo-PANS-2022-pelne.png","width":3096,"height":696,"caption":"Filologia Angielska PANS w Kro\u015bnie"},"image":{"@id":"https:\/\/pans.krosno.pl\/fa\/#\/schema\/logo\/image\/"}}]}},"_links":{"self":[{"href":"https:\/\/pans.krosno.pl\/fa\/wp-json\/wp\/v2\/pages\/2737","targetHints":{"allow":["GET"]}}],"collection":[{"href":"https:\/\/pans.krosno.pl\/fa\/wp-json\/wp\/v2\/pages"}],"about":[{"href":"https:\/\/pans.krosno.pl\/fa\/wp-json\/wp\/v2\/types\/page"}],"author":[{"embeddable":true,"href":"https:\/\/pans.krosno.pl\/fa\/wp-json\/wp\/v2\/users\/27"}],"replies":[{"embeddable":true,"href":"https:\/\/pans.krosno.pl\/fa\/wp-json\/wp\/v2\/comments?post=2737"}],"version-history":[{"count":34,"href":"https:\/\/pans.krosno.pl\/fa\/wp-json\/wp\/v2\/pages\/2737\/revisions"}],"predecessor-version":[{"id":3594,"href":"https:\/\/pans.krosno.pl\/fa\/wp-json\/wp\/v2\/pages\/2737\/revisions\/3594"}],"wp:attachment":[{"href":"https:\/\/pans.krosno.pl\/fa\/wp-json\/wp\/v2\/media?parent=2737"}],"curies":[{"name":"wp","href":"https:\/\/api.w.org\/{rel}","templated":true}]}}