{"id":67,"date":"2020-03-28T00:02:54","date_gmt":"2020-03-27T23:02:54","guid":{"rendered":"https:\/\/pans.krosno.pl\/dsdt\/?page_id=67"},"modified":"2026-08-12T14:48:08","modified_gmt":"2026-08-12T12:48:08","slug":"strona-glowna","status":"publish","type":"page","link":"https:\/\/pans.krosno.pl\/dwujezykowe-studia-dla-tlumaczy\/","title":{"rendered":"Strona G\u0142\u00f3wna"},"content":{"rendered":"\n<div class=\"wp-block-group kierunek-mega-menu is-layout-flow wp-block-group-is-layout-flow\" style=\"margin-top:-20px\"><div id=\"mega-menu-wrap-max_mega_menu_1\" class=\"mega-menu-wrap\"><div class=\"mega-menu-toggle\"><div class=\"mega-toggle-blocks-left\"><\/div><div class=\"mega-toggle-blocks-center\"><\/div><div class=\"mega-toggle-blocks-right\"><div class='mega-toggle-block mega-menu-toggle-animated-block mega-toggle-block-0' id='mega-toggle-block-0'><button aria-controls=\"mega-menu-max_mega_menu_1\" aria-expanded=\"false\" aria-haspopup=\"true\" aria-label=\"Toggle Menu\" class=\"mega-toggle-animated mega-toggle-animated-slider\" type=\"button\">\n                  <span class=\"mega-toggle-animated-box\">\n                    <span class=\"mega-toggle-animated-inner\"><\/span>\n                  <\/span>\n                <\/button><\/div><\/div><\/div><ul id=\"mega-menu-max_mega_menu_1\" class=\"mega-menu max-mega-menu mega-menu-horizontal mega-no-js\" data-event=\"hover_intent\" data-effect=\"fade_up\" data-effect-speed=\"200\" data-effect-mobile=\"slide_right\" data-effect-speed-mobile=\"200\" data-mobile-force-width=\"false\" data-second-click=\"go\" data-document-click=\"collapse\" data-vertical-behaviour=\"standard\" data-breakpoint=\"900\" data-unbind=\"true\" data-mobile-state=\"collapse_all\" data-mobile-direction=\"vertical\" data-mobile-back-text=\"{parent_title}\"><li class=\"mega-menu-item mega-menu-item-type-custom mega-menu-item-object-custom mega-menu-item-4663\" id=\"mega-menu-item-4663\"><a class=\"mega-menu-link\" href=\"#opis-kierunku\">Opis kierunku<\/a><\/li><li class=\"mega-menu-item mega-menu-item-type-custom mega-menu-item-object-custom mega-menu-item-4664\" id=\"mega-menu-item-4664\"><a class=\"mega-menu-link\" href=\"#dla-kogo\">Dla kogo<\/a><\/li><li class=\"mega-menu-item mega-menu-item-type-custom mega-menu-item-object-custom mega-menu-item-4665\" id=\"mega-menu-item-4665\"><a class=\"mega-menu-link\" href=\"#program-ksztalcenia\">Program-kszta\u0142cenia<\/a><\/li><li class=\"mega-menu-item mega-menu-item-type-custom mega-menu-item-object-custom mega-menu-item-4666\" id=\"mega-menu-item-4666\"><a class=\"mega-menu-link\" href=\"#program-studiow\">Program studi\u00f3w<\/a><\/li><li class=\"mega-menu-item mega-menu-item-type-custom mega-menu-item-object-custom mega-menu-item-4667\" id=\"mega-menu-item-4667\"><a class=\"mega-menu-link\" href=\"#praktyki\">Praktyki<\/a><\/li><li class=\"mega-menu-item mega-menu-item-type-custom mega-menu-item-object-custom mega-menu-item-4668\" id=\"mega-menu-item-4668\"><a class=\"mega-menu-link\" href=\"#rekrutacja\">Rekrutacja (IRK)<\/a><\/li><li class=\"mega-menu-item mega-menu-item-type-custom mega-menu-item-object-custom mega-menu-item-4669\" id=\"mega-menu-item-4669\"><a class=\"mega-menu-link\" href=\"#praca-po-studiach\">Praca<\/a><\/li><li class=\"mega-menu-item mega-menu-item-type-custom mega-menu-item-object-custom mega-menu-item-4670\" id=\"mega-menu-item-4670\"><a class=\"mega-menu-link\" href=\"#galeria\">Galeria<\/a><\/li><li class=\"mega-menu-item mega-menu-item-type-custom mega-menu-item-object-custom mega-menu-item-4671\" id=\"mega-menu-item-4671\"><a class=\"mega-menu-link\" href=\"#aktualnosci\">Aktualno\u015bci<\/a><\/li><li class=\"mega-menu-item mega-menu-item-type-custom mega-menu-item-object-custom mega-menu-item-4672\" id=\"mega-menu-item-4672\"><a class=\"mega-menu-link\" href=\"#kontakt\">Kontakt<\/a><\/li><li class=\"mega-menu-item mega-menu-item-type-custom mega-menu-item-object-custom mega-menu-item-4673\" id=\"mega-menu-item-4673\"><a class=\"mega-menu-link\" href=\"#FAQ\">FAQ<\/a><\/li><\/ul><button aria-controls=\"mega-menu-max_mega_menu_1\" aria-label=\"Close\" class='mega-close'><\/button><\/div><\/div>\n\n\n\n<div class=\"wp-block-group kierunek-page is-layout-flow wp-block-group-is-layout-flow\" style=\"padding-top:0;padding-right:0px;padding-bottom:0;padding-left:0px\">\n<div class=\"wp-block-columns kierunek-section kierunek-opis is-layout-flex wp-container-core-columns-is-layout-db9f7d2c wp-block-columns-is-layout-flex\" style=\"padding-right:0px;padding-left:0px\">\n<div class=\"wp-block-column kierunek-opis-tresc is-layout-flow wp-block-column-is-layout-flow\" style=\"padding-right:0;flex-basis:60%\">\n<p class=\"has-text-color has-link-color wp-elements-1 wp-block-paragraph\" id=\"opis-kierunku\" style=\"color:#ff1212;font-size:clamp(14px, 0.875rem + ((1vw - 3.2px) * 0.078), 15px);font-style:normal;font-weight:600\"><strong>\u2014 Opis Kierunku<\/strong><\/p>\n\n\n\n<p class=\"has-contrast-color has-text-color has-link-color wp-elements-2 wp-block-paragraph\" style=\"font-size:clamp(24.034px, 1.502rem + ((1vw - 3.2px) * 1.247), 40px);font-style:normal;font-weight:800;line-height:1.3\"><strong>J\u0119zyki, przek\u0142ad i komunikacja<\/strong><\/p>\n\n\n\n<p class=\"wp-block-paragraph\" style=\"font-size:clamp(14px, 0.875rem + ((1vw - 3.2px) * 0.234), 17px);\">Dwuj\u0119zykowe studia dla t\u0142umaczy przygotowuj\u0105 do praktycznej pracy z j\u0119zykiem angielskim oraz drugim j\u0119zykiem do wyboru: niemieckim lub hiszpa\u0144skim. Studenci rozwijaj\u0105 umiej\u0119tno\u015bci t\u0142umaczenia ustnego i pisemnego oraz ucz\u0105 si\u0119 korzysta\u0107 ze specjalistycznego oprogramowania.<\/p>\n\n\n\n<p class=\"wp-block-paragraph\" style=\"font-size:clamp(14px, 0.875rem + ((1vw - 3.2px) * 0.234), 17px);\">Program obejmuje przek\u0142ad tekst\u00f3w biznesowych, ekonomicznych, medycznych, prawnych, administracyjnych i technicznych. Studia przygotowuj\u0105 do pracy w biurach t\u0142umacze\u0144, firmach mi\u0119dzynarodowych oraz prowadzenia w\u0142asnej dzia\u0142alno\u015bci.<\/p>\n<\/div>\n\n\n\n<div class=\"wp-block-column kierunek-w-skrocie is-layout-flow wp-block-column-is-layout-flow\" style=\"flex-basis:40%\">\n<div class=\"wp-block-group has-base-color has-text-color has-background has-link-color wp-elements-3 is-layout-constrained wp-container-core-group-is-layout-9bbd653e wp-block-group-is-layout-constrained\" style=\"background-color:#071b35;padding-top:35px;padding-right:28px;padding-bottom:35px;padding-left:28px\">\n<p class=\"kierunek-w-skrocie-naglowek has-text-color has-link-color wp-elements-4 wp-block-paragraph\" id=\"h-w-skrocie\" style=\"color:#f11b1b;font-style:normal;font-weight:500\"><strong>\u2014<\/strong> W SKR\u00d3CIE<\/p>\n\n\n\n<div class=\"wp-block-group kierunek-w-skrocie-grid is-layout-flow wp-block-group-is-layout-flow\">\n<div class=\"wp-block-group kierunek-w-skrocie-item is-layout-flow wp-block-group-is-layout-flow\">\n<p class=\"kierunek-w-skrocie-etykieta has-white-color has-text-color has-link-color wp-elements-5 wp-block-paragraph\">INSTYTUT<\/p>\n\n\n\n<p class=\"kierunek-w-skrocie-wartosc has-white-color has-text-color has-link-color wp-elements-6 wp-block-paragraph\">Humanistyczny<\/p>\n<\/div>\n\n\n\n<div class=\"wp-block-group kierunek-w-skrocie-item is-layout-flow wp-block-group-is-layout-flow\">\n<p class=\"kierunek-w-skrocie-etykieta has-white-color has-text-color has-link-color wp-elements-7 wp-block-paragraph\">POZIOM STUDI\u00d3W<\/p>\n\n\n\n<p class=\"kierunek-w-skrocie-wartosc has-white-color has-text-color has-link-color wp-elements-8 wp-block-paragraph\">I stopnia<\/p>\n<\/div>\n\n\n\n<div class=\"wp-block-group kierunek-w-skrocie-item is-layout-flow wp-block-group-is-layout-flow\">\n<p class=\"kierunek-w-skrocie-etykieta has-white-color has-text-color has-link-color wp-elements-9 wp-block-paragraph\">TYTU\u0141 PO STUDIACH<\/p>\n\n\n\n<p class=\"kierunek-w-skrocie-wartosc has-white-color has-text-color has-link-color wp-elements-10 wp-block-paragraph\">Licencjat<\/p>\n<\/div>\n\n\n\n<div class=\"wp-block-group kierunek-w-skrocie-item is-layout-flow wp-block-group-is-layout-flow\">\n<p class=\"kierunek-w-skrocie-etykieta has-white-color has-text-color has-link-color wp-elements-11 wp-block-paragraph\">FORMA STUDI\u00d3W<\/p>\n\n\n\n<p class=\"kierunek-w-skrocie-wartosc has-white-color has-text-color has-link-color wp-elements-12 wp-block-paragraph\">Stacjonarne<\/p>\n<\/div>\n\n\n\n<div class=\"wp-block-group kierunek-w-skrocie-item is-layout-flow wp-block-group-is-layout-flow\">\n<p class=\"kierunek-w-skrocie-etykieta has-white-color has-text-color has-link-color wp-elements-13 wp-block-paragraph\">SPECJALNO\u015aCI<\/p>\n\n\n\n<p class=\"kierunek-w-skrocie-wartosc has-white-color has-text-color has-link-color wp-elements-14 wp-block-paragraph\">2 specjalno\u015bci<\/p>\n<\/div>\n\n\n\n<div class=\"wp-block-group kierunek-w-skrocie-item is-layout-flow wp-block-group-is-layout-flow\">\n<p class=\"kierunek-w-skrocie-etykieta has-white-color has-text-color has-link-color wp-elements-15 wp-block-paragraph\">CZAS TRWANIA<\/p>\n\n\n\n<p class=\"kierunek-w-skrocie-wartosc has-white-color has-text-color has-link-color wp-elements-16 wp-block-paragraph\">6 semestr\u00f3w<\/p>\n<\/div>\n<\/div>\n<\/div>\n<\/div>\n<\/div>\n\n\n\n<div class=\"wp-block-columns kierunek-container kierunek-opis-karty is-layout-flex wp-container-core-columns-is-layout-002ffff5 wp-block-columns-is-layout-flex\">\n<div class=\"wp-block-column is-layout-flow wp-block-column-is-layout-flow\">\n<div class=\"wp-block-cover aligncenter has-custom-content-position is-position-bottom-center wp-duotone-unset-1\" style=\"min-height:350px;aspect-ratio:unset;\"><img loading=\"lazy\" decoding=\"async\" width=\"1024\" height=\"1024\" class=\"wp-block-cover__image-background wp-image-4642 size-large\" alt=\"\" src=\"https:\/\/pans.krosno.pl\/dwujezykowe-studia-dla-tlumaczy\/wp-content\/uploads\/sites\/27\/2026\/08\/Dwujezykowe-studia-dla-tlumaczy-galeria1-1024x1024.webp\" data-object-fit=\"cover\" srcset=\"https:\/\/pans.krosno.pl\/dwujezykowe-studia-dla-tlumaczy\/wp-content\/uploads\/sites\/27\/2026\/08\/Dwujezykowe-studia-dla-tlumaczy-galeria1-1024x1024.webp 1024w, https:\/\/pans.krosno.pl\/dwujezykowe-studia-dla-tlumaczy\/wp-content\/uploads\/sites\/27\/2026\/08\/Dwujezykowe-studia-dla-tlumaczy-galeria1-300x300.webp 300w, https:\/\/pans.krosno.pl\/dwujezykowe-studia-dla-tlumaczy\/wp-content\/uploads\/sites\/27\/2026\/08\/Dwujezykowe-studia-dla-tlumaczy-galeria1-150x150.webp 150w, https:\/\/pans.krosno.pl\/dwujezykowe-studia-dla-tlumaczy\/wp-content\/uploads\/sites\/27\/2026\/08\/Dwujezykowe-studia-dla-tlumaczy-galeria1-768x768.webp 768w, https:\/\/pans.krosno.pl\/dwujezykowe-studia-dla-tlumaczy\/wp-content\/uploads\/sites\/27\/2026\/08\/Dwujezykowe-studia-dla-tlumaczy-galeria1-1536x1536.webp 1536w, https:\/\/pans.krosno.pl\/dwujezykowe-studia-dla-tlumaczy\/wp-content\/uploads\/sites\/27\/2026\/08\/Dwujezykowe-studia-dla-tlumaczy-galeria1-2048x2048.webp 2048w, https:\/\/pans.krosno.pl\/dwujezykowe-studia-dla-tlumaczy\/wp-content\/uploads\/sites\/27\/2026\/08\/Dwujezykowe-studia-dla-tlumaczy-galeria1-2000x2000.webp 2000w, https:\/\/pans.krosno.pl\/dwujezykowe-studia-dla-tlumaczy\/wp-content\/uploads\/sites\/27\/2026\/08\/Dwujezykowe-studia-dla-tlumaczy-galeria1-800x800.webp 800w, https:\/\/pans.krosno.pl\/dwujezykowe-studia-dla-tlumaczy\/wp-content\/uploads\/sites\/27\/2026\/08\/Dwujezykowe-studia-dla-tlumaczy-galeria1-580x580.webp 580w\" sizes=\"auto, (max-width: 1024px) 100vw, 1024px\" \/><span aria-hidden=\"true\" class=\"wp-block-cover__background has-background-dim-0 has-background-dim\"><\/span><div class=\"wp-block-cover__inner-container is-layout-constrained wp-block-cover-is-layout-constrained\">\n<p class=\"has-black-color has-text-color has-link-color has-medium-font-size wp-elements-17 wp-block-paragraph\"><strong>T\u0142umaczenia<\/strong><\/p>\n<\/div><\/div>\n<\/div>\n\n\n\n<div class=\"wp-block-column is-layout-flow wp-block-column-is-layout-flow\">\n<div class=\"wp-block-cover is-light has-custom-content-position is-position-bottom-center\" style=\"min-height:350px;aspect-ratio:unset;\"><img loading=\"lazy\" decoding=\"async\" width=\"1024\" height=\"1024\" class=\"wp-block-cover__image-background wp-image-4643 size-large\" alt=\"\" src=\"https:\/\/pans.krosno.pl\/dwujezykowe-studia-dla-tlumaczy\/wp-content\/uploads\/sites\/27\/2026\/08\/Dwujezykowe-studia-dla-tlumaczy-galeria2-1024x1024.webp\" data-object-fit=\"cover\" srcset=\"https:\/\/pans.krosno.pl\/dwujezykowe-studia-dla-tlumaczy\/wp-content\/uploads\/sites\/27\/2026\/08\/Dwujezykowe-studia-dla-tlumaczy-galeria2-1024x1024.webp 1024w, https:\/\/pans.krosno.pl\/dwujezykowe-studia-dla-tlumaczy\/wp-content\/uploads\/sites\/27\/2026\/08\/Dwujezykowe-studia-dla-tlumaczy-galeria2-300x300.webp 300w, https:\/\/pans.krosno.pl\/dwujezykowe-studia-dla-tlumaczy\/wp-content\/uploads\/sites\/27\/2026\/08\/Dwujezykowe-studia-dla-tlumaczy-galeria2-150x150.webp 150w, https:\/\/pans.krosno.pl\/dwujezykowe-studia-dla-tlumaczy\/wp-content\/uploads\/sites\/27\/2026\/08\/Dwujezykowe-studia-dla-tlumaczy-galeria2-768x768.webp 768w, https:\/\/pans.krosno.pl\/dwujezykowe-studia-dla-tlumaczy\/wp-content\/uploads\/sites\/27\/2026\/08\/Dwujezykowe-studia-dla-tlumaczy-galeria2-800x800.webp 800w, https:\/\/pans.krosno.pl\/dwujezykowe-studia-dla-tlumaczy\/wp-content\/uploads\/sites\/27\/2026\/08\/Dwujezykowe-studia-dla-tlumaczy-galeria2-580x580.webp 580w, https:\/\/pans.krosno.pl\/dwujezykowe-studia-dla-tlumaczy\/wp-content\/uploads\/sites\/27\/2026\/08\/Dwujezykowe-studia-dla-tlumaczy-galeria2.webp 1254w\" sizes=\"auto, (max-width: 1024px) 100vw, 1024px\" \/><span aria-hidden=\"true\" class=\"wp-block-cover__background has-background-dim-0 has-background-dim\" style=\"background-color:#b9a095\"><\/span><div class=\"wp-block-cover__inner-container is-layout-constrained wp-block-cover-is-layout-constrained\">\n<p class=\"has-text-align-left has-black-color has-text-color has-link-color wp-elements-18 wp-block-paragraph\" style=\"font-size:clamp(14px, 0.875rem + ((1vw - 3.2px) * 0.469), 20px);font-style:normal;font-weight:800\">J\u0119zyki<\/p>\n<\/div><\/div>\n<\/div>\n\n\n\n<div class=\"wp-block-column is-layout-flow wp-block-column-is-layout-flow\">\n<div class=\"wp-block-cover is-light has-custom-content-position is-position-bottom-center\" style=\"min-height:350px;aspect-ratio:unset;\"><img loading=\"lazy\" decoding=\"async\" width=\"1024\" height=\"1024\" class=\"wp-block-cover__image-background wp-image-4644 size-large\" alt=\"\" src=\"https:\/\/pans.krosno.pl\/dwujezykowe-studia-dla-tlumaczy\/wp-content\/uploads\/sites\/27\/2026\/08\/Dwujezykowe-studia-dla-tlumaczy-galeria3-1024x1024.webp\" data-object-fit=\"cover\" srcset=\"https:\/\/pans.krosno.pl\/dwujezykowe-studia-dla-tlumaczy\/wp-content\/uploads\/sites\/27\/2026\/08\/Dwujezykowe-studia-dla-tlumaczy-galeria3-1024x1024.webp 1024w, https:\/\/pans.krosno.pl\/dwujezykowe-studia-dla-tlumaczy\/wp-content\/uploads\/sites\/27\/2026\/08\/Dwujezykowe-studia-dla-tlumaczy-galeria3-300x300.webp 300w, https:\/\/pans.krosno.pl\/dwujezykowe-studia-dla-tlumaczy\/wp-content\/uploads\/sites\/27\/2026\/08\/Dwujezykowe-studia-dla-tlumaczy-galeria3-150x150.webp 150w, https:\/\/pans.krosno.pl\/dwujezykowe-studia-dla-tlumaczy\/wp-content\/uploads\/sites\/27\/2026\/08\/Dwujezykowe-studia-dla-tlumaczy-galeria3-768x768.webp 768w, https:\/\/pans.krosno.pl\/dwujezykowe-studia-dla-tlumaczy\/wp-content\/uploads\/sites\/27\/2026\/08\/Dwujezykowe-studia-dla-tlumaczy-galeria3-1536x1536.webp 1536w, https:\/\/pans.krosno.pl\/dwujezykowe-studia-dla-tlumaczy\/wp-content\/uploads\/sites\/27\/2026\/08\/Dwujezykowe-studia-dla-tlumaczy-galeria3-800x800.webp 800w, https:\/\/pans.krosno.pl\/dwujezykowe-studia-dla-tlumaczy\/wp-content\/uploads\/sites\/27\/2026\/08\/Dwujezykowe-studia-dla-tlumaczy-galeria3-580x580.webp 580w, https:\/\/pans.krosno.pl\/dwujezykowe-studia-dla-tlumaczy\/wp-content\/uploads\/sites\/27\/2026\/08\/Dwujezykowe-studia-dla-tlumaczy-galeria3.webp 2000w\" sizes=\"auto, (max-width: 1024px) 100vw, 1024px\" \/><span aria-hidden=\"true\" class=\"wp-block-cover__background has-background-dim-0 has-background-dim\" style=\"background-color:#b2afaa\"><\/span><div class=\"wp-block-cover__inner-container is-layout-flow wp-block-cover-is-layout-flow\">\n<p class=\"has-text-align-left has-black-color has-text-color has-link-color wp-elements-19 wp-block-paragraph\" style=\"font-size:clamp(14px, 0.875rem + ((1vw - 3.2px) * 0.469), 20px);font-style:normal;font-weight:800\"><strong>Komunikacja<\/strong><\/p>\n<\/div><\/div>\n<\/div>\n<\/div>\n\n\n\n<div style=\"height:50px\" aria-hidden=\"true\" class=\"wp-block-spacer\"><\/div>\n\n\n\n<div class=\"wp-block-group kierunek-section kierunek-dla-kogo has-background is-layout-flow wp-block-group-is-layout-flow\" style=\"background-color:#eff3f8\">\n<p class=\"has-text-align-center has-text-color has-link-color wp-elements-20 wp-block-paragraph\" id=\"dla-kogo\" style=\"color:#ff1212;font-size:clamp(14px, 0.875rem + ((1vw - 3.2px) * 0.078), 15px);font-style:normal;font-weight:700\"><strong>\u2014 DLA KOGO?<\/strong><\/p>\n\n\n\n<p class=\"has-text-align-center wp-block-paragraph\" style=\"font-size:clamp(24.034px, 1.502rem + ((1vw - 3.2px) * 1.247), 40px);font-style:normal;font-weight:800;line-height:1.3\"><strong>Ten kierunek mo\u017ce by\u0107 dla Ciebie, je\u015bli&#8230;<\/strong><\/p>\n\n\n\n<p class=\"has-text-align-center wp-block-paragraph\" style=\"margin-right:0px;margin-left:0px;font-size:clamp(14px, 0.875rem + ((1vw - 3.2px) * 0.469), 20px);\">Interesujesz si\u0119 j\u0119zykami obcymi, t\u0142umaczeniami i komunikacj\u0105 mi\u0119dzykulturow\u0105. Chcesz rozwija\u0107 j\u0119zyk angielski oraz niemiecki lub hiszpa\u0144ski, a tak\u017ce zdoby\u0107 praktyczne przygotowanie do pracy t\u0142umacza.<\/p>\n\n\n\n<div class=\"wp-block-group kierunek-container is-layout-flow wp-block-group-is-layout-flow\" style=\"padding-right:0;padding-left:0\">\n<div class=\"wp-block-columns kierunek-container is-layout-flex wp-container-core-columns-is-layout-0e623f9c wp-block-columns-is-layout-flex\" style=\"margin-top:0;margin-bottom:0;padding-top:0px;padding-right:0;padding-bottom:0px;padding-left:0\">\n<div class=\"wp-block-column has-base-background-color has-background is-layout-constrained wp-container-core-column-is-layout-b399089b wp-block-column-is-layout-constrained\" style=\"border-top-color:#dce4ef;border-top-width:1px;border-right-color:#dce4ef;border-right-width:1px;border-bottom-color:#dce4ef;border-bottom-width:1px;border-left-color:#49abdd;border-left-width:3px;padding-top:var(--wp--preset--spacing--20);padding-right:var(--wp--preset--spacing--20);padding-bottom:var(--wp--preset--spacing--20);padding-left:var(--wp--preset--spacing--20);flex-basis:25%\">\n<div class=\"wp-block-group kierunek-dla-kogo-head is-layout-flow wp-block-group-is-layout-flow\">\n<p class=\"has-text-align-center kierunek-dla-kogo-numer has-border-color has-text-color has-link-color wp-elements-21 wp-block-paragraph\" style=\"border-color:#ff1212;border-width:2px;color:#ff1212;font-size:clamp(16.293px, 1.018rem + ((1vw - 3.2px) * 0.68), 25px);font-style:normal;font-weight:500\"><strong>1<\/strong><\/p>\n\n\n\n<p class=\"kierunek-dla-kogo-tytul wp-block-paragraph\" style=\"font-size:clamp(16.293px, 1.018rem + ((1vw - 3.2px) * 0.68), 25px);font-style:normal;font-weight:500\">Lubisz j\u0119zyki obce<\/p>\n\n\n\n<hr class=\"wp-block-separator has-alpha-channel-opacity\" style=\"margin-top:var(--wp--preset--spacing--20);margin-bottom:var(--wp--preset--spacing--20)\"\/>\n\n\n\n<p class=\"has-text-align-left wp-block-paragraph\" style=\"margin-top:var(--wp--preset--spacing--20);margin-bottom:var(--wp--preset--spacing--20);font-size:clamp(14px, 0.875rem + ((1vw - 3.2px) * 0.078), 15px);\">Chcesz rozwija\u0107 znajomo\u015b\u0107 j\u0119zyka angielskiego oraz niemieckiego lub hiszpa\u0144skiego.<\/p>\n<\/div>\n<\/div>\n\n\n\n<div class=\"wp-block-column has-base-background-color has-background is-layout-constrained wp-container-core-column-is-layout-b399089b wp-block-column-is-layout-constrained\" style=\"border-top-color:#dce4ef;border-top-width:1px;border-right-color:#dce4ef;border-right-width:1px;border-bottom-color:#dce4ef;border-bottom-width:1px;border-left-color:#49abdd;border-left-width:3px;padding-top:var(--wp--preset--spacing--20);padding-right:var(--wp--preset--spacing--20);padding-bottom:var(--wp--preset--spacing--20);padding-left:var(--wp--preset--spacing--20);flex-basis:25%\">\n<div class=\"wp-block-group kierunek-dla-kogo-head is-layout-flow wp-block-group-is-layout-flow\">\n<p class=\"has-text-align-center kierunek-dla-kogo-numer has-border-color has-text-color has-link-color wp-elements-22 wp-block-paragraph\" style=\"border-color:#ff1212;border-width:2px;color:#ff1212;font-size:clamp(16.293px, 1.018rem + ((1vw - 3.2px) * 0.68), 25px);font-style:normal;font-weight:500\"><strong>2<\/strong><\/p>\n\n\n\n<p class=\"kierunek-dla-kogo-tytul wp-block-paragraph\" style=\"font-size:clamp(16.293px, 1.018rem + ((1vw - 3.2px) * 0.68), 25px);font-style:normal;font-weight:500\">Interesuj\u0105 Ci\u0119 t\u0142umaczenia<\/p>\n\n\n\n<hr class=\"wp-block-separator has-alpha-channel-opacity\" style=\"margin-top:var(--wp--preset--spacing--20);margin-bottom:var(--wp--preset--spacing--20)\"\/>\n\n\n\n<p class=\"has-text-align-left wp-block-paragraph\" style=\"margin-top:var(--wp--preset--spacing--20);margin-bottom:var(--wp--preset--spacing--20);font-size:clamp(14px, 0.875rem + ((1vw - 3.2px) * 0.078), 15px);\">Chcesz uczy\u0107 si\u0119 przek\u0142adu tekst\u00f3w oraz wypowiedzi w r\u00f3\u017cnych sytuacjach zawodowych.<\/p>\n<\/div>\n<\/div>\n\n\n\n<div class=\"wp-block-column has-base-background-color has-background is-layout-constrained wp-container-core-column-is-layout-b399089b wp-block-column-is-layout-constrained\" style=\"border-top-color:#dce4ef;border-top-width:1px;border-right-color:#dce4ef;border-right-width:1px;border-bottom-color:#dce4ef;border-bottom-width:1px;border-left-color:#49abdd;border-left-width:3px;padding-top:var(--wp--preset--spacing--20);padding-right:var(--wp--preset--spacing--20);padding-bottom:var(--wp--preset--spacing--20);padding-left:var(--wp--preset--spacing--20);flex-basis:25%\">\n<div class=\"wp-block-group kierunek-dla-kogo-head is-layout-flow wp-block-group-is-layout-flow\">\n<p class=\"has-text-align-center kierunek-dla-kogo-numer has-border-color has-text-color has-link-color wp-elements-23 wp-block-paragraph\" style=\"border-color:#ff1212;border-width:2px;color:#ff1212;font-size:clamp(16.293px, 1.018rem + ((1vw - 3.2px) * 0.68), 25px);font-style:normal;font-weight:500\"><strong>3<\/strong><\/p>\n\n\n\n<p class=\"kierunek-dla-kogo-tytul wp-block-paragraph\" style=\"font-size:clamp(16.293px, 1.018rem + ((1vw - 3.2px) * 0.68), 25px);font-style:normal;font-weight:500\">Zwracasz uwag\u0119 na j\u0119zyk<\/p>\n\n\n\n<hr class=\"wp-block-separator has-alpha-channel-opacity\" style=\"margin-top:var(--wp--preset--spacing--20);margin-bottom:var(--wp--preset--spacing--20)\"\/>\n\n\n\n<p class=\"has-text-align-left wp-block-paragraph\" style=\"margin-top:var(--wp--preset--spacing--20);margin-bottom:var(--wp--preset--spacing--20);font-size:clamp(14px, 0.875rem + ((1vw - 3.2px) * 0.078), 15px);\">Lubisz pracowa\u0107 ze s\u0142owem, analizowa\u0107 znaczenia i dobiera\u0107 w\u0142a\u015bciwe sformu\u0142owania.<\/p>\n<\/div>\n<\/div>\n\n\n\n<div class=\"wp-block-column has-base-background-color has-background is-layout-constrained wp-container-core-column-is-layout-b399089b wp-block-column-is-layout-constrained\" style=\"border-top-color:#dce4ef;border-top-width:1px;border-right-color:#dce4ef;border-right-width:1px;border-bottom-color:#dce4ef;border-bottom-width:1px;border-left-color:#49abdd;border-left-width:3px;padding-top:var(--wp--preset--spacing--20);padding-right:var(--wp--preset--spacing--20);padding-bottom:var(--wp--preset--spacing--20);padding-left:var(--wp--preset--spacing--20);flex-basis:25%\">\n<div class=\"wp-block-group kierunek-dla-kogo-head is-layout-flow wp-block-group-is-layout-flow\">\n<p class=\"has-text-align-center kierunek-dla-kogo-numer has-border-color has-text-color has-link-color wp-elements-24 wp-block-paragraph\" style=\"border-color:#ff1212;border-width:2px;color:#ff1212;font-size:clamp(16.293px, 1.018rem + ((1vw - 3.2px) * 0.68), 25px);font-style:normal;font-weight:500\"><strong>4<\/strong><\/p>\n\n\n\n<p class=\"kierunek-dla-kogo-tytul wp-block-paragraph\" style=\"font-size:clamp(16.293px, 1.018rem + ((1vw - 3.2px) * 0.68), 25px);font-style:normal;font-weight:500\">Ciekawi Ci\u0119 praca mi\u0119dzynarodowa<\/p>\n\n\n\n<hr class=\"wp-block-separator has-alpha-channel-opacity\" style=\"margin-top:var(--wp--preset--spacing--20);margin-bottom:var(--wp--preset--spacing--20)\"\/>\n\n\n\n<p class=\"has-text-align-left wp-block-paragraph\" style=\"margin-top:var(--wp--preset--spacing--20);margin-bottom:var(--wp--preset--spacing--20);font-size:clamp(14px, 0.875rem + ((1vw - 3.2px) * 0.078), 15px);\">Chcesz wykorzystywa\u0107 j\u0119zyki obce w kontaktach z klientami, firmami i instytucjami dzia\u0142aj\u0105cymi w \u015brodowisku mi\u0119dzynarodowym.<\/p>\n<\/div>\n<\/div>\n<\/div>\n\n\n\n<div class=\"wp-block-columns kierunek-container is-layout-flex wp-container-core-columns-is-layout-0e623f9c wp-block-columns-is-layout-flex\" style=\"margin-top:0;margin-bottom:0;padding-top:0px;padding-right:0;padding-bottom:0px;padding-left:0\">\n<div class=\"wp-block-column has-base-background-color has-background is-layout-constrained wp-container-core-column-is-layout-b399089b wp-block-column-is-layout-constrained\" style=\"border-top-color:#dce4ef;border-top-width:1px;border-right-color:#dce4ef;border-right-width:1px;border-bottom-color:#dce4ef;border-bottom-width:1px;border-left-color:#49abdd;border-left-width:3px;padding-top:var(--wp--preset--spacing--20);padding-right:var(--wp--preset--spacing--20);padding-bottom:var(--wp--preset--spacing--20);padding-left:var(--wp--preset--spacing--20);flex-basis:25%\">\n<div class=\"wp-block-group kierunek-dla-kogo-head is-layout-flow wp-block-group-is-layout-flow\">\n<p class=\"has-text-align-center kierunek-dla-kogo-numer has-border-color has-text-color has-link-color wp-elements-25 wp-block-paragraph\" style=\"border-color:#ff1212;border-width:2px;color:#ff1212;font-size:clamp(16.293px, 1.018rem + ((1vw - 3.2px) * 0.68), 25px);font-style:normal;font-weight:500\"><strong>5<\/strong><\/p>\n\n\n\n<p class=\"kierunek-dla-kogo-tytul wp-block-paragraph\" style=\"font-size:clamp(16.293px, 1.018rem + ((1vw - 3.2px) * 0.68), 25px);font-style:normal;font-weight:500\">Interesuj\u0105 Ci\u0119 teksty specjalistyczne<\/p>\n\n\n\n<hr class=\"wp-block-separator has-alpha-channel-opacity\" style=\"margin-top:var(--wp--preset--spacing--20);margin-bottom:var(--wp--preset--spacing--20)\"\/>\n\n\n\n<p class=\"has-text-align-left wp-block-paragraph\" style=\"margin-top:var(--wp--preset--spacing--20);margin-bottom:var(--wp--preset--spacing--20);font-size:clamp(14px, 0.875rem + ((1vw - 3.2px) * 0.078), 15px);\">Chcesz t\u0142umaczy\u0107 materia\u0142y biznesowe, prawne, medyczne, techniczne lub administracyjne.<\/p>\n<\/div>\n<\/div>\n\n\n\n<div class=\"wp-block-column has-base-background-color has-background is-layout-constrained wp-container-core-column-is-layout-b399089b wp-block-column-is-layout-constrained\" style=\"border-top-color:#dce4ef;border-top-width:1px;border-right-color:#dce4ef;border-right-width:1px;border-bottom-color:#dce4ef;border-bottom-width:1px;border-left-color:#49abdd;border-left-width:3px;padding-top:var(--wp--preset--spacing--20);padding-right:var(--wp--preset--spacing--20);padding-bottom:var(--wp--preset--spacing--20);padding-left:var(--wp--preset--spacing--20);flex-basis:25%\">\n<div class=\"wp-block-group kierunek-dla-kogo-head is-layout-flow wp-block-group-is-layout-flow\">\n<p class=\"has-text-align-center kierunek-dla-kogo-numer has-border-color has-text-color has-link-color wp-elements-26 wp-block-paragraph\" style=\"border-color:#ff1212;border-width:2px;color:#ff1212;font-size:clamp(16.293px, 1.018rem + ((1vw - 3.2px) * 0.68), 25px);font-style:normal;font-weight:500\"><strong>6<\/strong><\/p>\n\n\n\n<p class=\"kierunek-dla-kogo-tytul wp-block-paragraph\" style=\"font-size:clamp(16.293px, 1.018rem + ((1vw - 3.2px) * 0.68), 25px);font-style:normal;font-weight:500\">Lubisz kontakt z lud\u017ami<\/p>\n\n\n\n<hr class=\"wp-block-separator has-alpha-channel-opacity\" style=\"margin-top:var(--wp--preset--spacing--20);margin-bottom:var(--wp--preset--spacing--20)\"\/>\n\n\n\n<p class=\"has-text-align-left wp-block-paragraph\" style=\"margin-top:var(--wp--preset--spacing--20);margin-bottom:var(--wp--preset--spacing--20);font-size:clamp(14px, 0.875rem + ((1vw - 3.2px) * 0.078), 15px);\">Chcesz rozwija\u0107 umiej\u0119tno\u015bci komunikacyjne potrzebne podczas t\u0142umacze\u0144 ustnych i wsp\u00f3\u0142pracy z klientami.<\/p>\n<\/div>\n<\/div>\n\n\n\n<div class=\"wp-block-column has-base-background-color has-background is-layout-constrained wp-container-core-column-is-layout-b399089b wp-block-column-is-layout-constrained\" style=\"border-top-color:#dce4ef;border-top-width:1px;border-right-color:#dce4ef;border-right-width:1px;border-bottom-color:#dce4ef;border-bottom-width:1px;border-left-color:#49abdd;border-left-width:3px;padding-top:var(--wp--preset--spacing--20);padding-right:var(--wp--preset--spacing--20);padding-bottom:var(--wp--preset--spacing--20);padding-left:var(--wp--preset--spacing--20);flex-basis:25%\">\n<div class=\"wp-block-group kierunek-dla-kogo-head is-layout-flow wp-block-group-is-layout-flow\">\n<p class=\"has-text-align-center kierunek-dla-kogo-numer has-border-color has-text-color has-link-color wp-elements-27 wp-block-paragraph\" style=\"border-color:#ff1212;border-width:2px;color:#ff1212;font-size:clamp(16.293px, 1.018rem + ((1vw - 3.2px) * 0.68), 25px);font-style:normal;font-weight:500\"><strong>7<\/strong><\/p>\n\n\n\n<p class=\"kierunek-dla-kogo-tytul wp-block-paragraph\" style=\"font-size:clamp(16.293px, 1.018rem + ((1vw - 3.2px) * 0.68), 25px);font-style:normal;font-weight:500\">Szukasz studi\u00f3w praktycznych<\/p>\n\n\n\n<hr class=\"wp-block-separator has-alpha-channel-opacity\" style=\"margin-top:var(--wp--preset--spacing--20);margin-bottom:var(--wp--preset--spacing--20)\"\/>\n\n\n\n<p class=\"has-text-align-left wp-block-paragraph\" style=\"margin-top:var(--wp--preset--spacing--20);margin-bottom:var(--wp--preset--spacing--20);font-size:clamp(14px, 0.875rem + ((1vw - 3.2px) * 0.078), 15px);\">Zale\u017cy Ci na nauce t\u0142umacze\u0144 oraz obs\u0142ugi specjalistycznego oprogramowania.<\/p>\n<\/div>\n<\/div>\n\n\n\n<div class=\"wp-block-column has-base-background-color has-background is-layout-constrained wp-container-core-column-is-layout-b399089b wp-block-column-is-layout-constrained\" style=\"border-top-color:#dce4ef;border-top-width:1px;border-right-color:#dce4ef;border-right-width:1px;border-bottom-color:#dce4ef;border-bottom-width:1px;border-left-color:#49abdd;border-left-width:3px;padding-top:var(--wp--preset--spacing--20);padding-right:var(--wp--preset--spacing--20);padding-bottom:var(--wp--preset--spacing--20);padding-left:var(--wp--preset--spacing--20);flex-basis:25%\">\n<div class=\"wp-block-group kierunek-dla-kogo-head is-layout-flow wp-block-group-is-layout-flow\">\n<p class=\"has-text-align-center kierunek-dla-kogo-numer has-border-color has-text-color has-link-color wp-elements-28 wp-block-paragraph\" style=\"border-color:#ff1212;border-width:2px;color:#ff1212;font-size:clamp(16.293px, 1.018rem + ((1vw - 3.2px) * 0.68), 25px);font-style:normal;font-weight:500\"><strong>8<\/strong><\/p>\n\n\n\n<p class=\"kierunek-dla-kogo-tytul wp-block-paragraph\" style=\"font-size:clamp(16.293px, 1.018rem + ((1vw - 3.2px) * 0.68), 25px);font-style:normal;font-weight:500\">My\u015blisz o w\u0142asnej dzia\u0142alno\u015bci<\/p>\n\n\n\n<hr class=\"wp-block-separator has-alpha-channel-opacity\" style=\"margin-top:var(--wp--preset--spacing--20);margin-bottom:var(--wp--preset--spacing--20)\"\/>\n\n\n\n<p class=\"has-text-align-left wp-block-paragraph\" style=\"margin-top:var(--wp--preset--spacing--20);margin-bottom:var(--wp--preset--spacing--20);font-size:clamp(14px, 0.875rem + ((1vw - 3.2px) * 0.078), 15px);\">Chcesz w przysz\u0142o\u015bci pracowa\u0107 jako freelancer lub prowadzi\u0107 w\u0142asne biuro t\u0142umacze\u0144.<\/p>\n<\/div>\n<\/div>\n<\/div>\n<\/div>\n<\/div>\n\n\n\n<div style=\"height:50px\" aria-hidden=\"true\" class=\"wp-block-spacer\"><\/div>\n\n\n\n<div class=\"wp-block-group kierunek-section kierunek-program-ksztalcenia is-layout-flow wp-block-group-is-layout-flow\">\n<div class=\"wp-block-columns kierunek-container is-layout-flex wp-container-core-columns-is-layout-002ffff5 wp-block-columns-is-layout-flex\">\n<div class=\"wp-block-column is-layout-flow wp-block-column-is-layout-flow\" style=\"padding-right:0px;padding-left:0px\">\n<p class=\"has-text-align-center has-text-color has-link-color wp-elements-29 wp-block-paragraph\" id=\"program-ksztalcenia\" style=\"border-top-left-radius:0px;border-top-right-radius:0px;border-bottom-left-radius:0px;border-bottom-right-radius:0px;color:#f11b1b;padding-top:0;padding-right:0;padding-bottom:0;padding-left:0;font-size:clamp(14px, 0.875rem + ((1vw - 3.2px) * 0.078), 15px);font-style:normal;font-weight:600;line-height:0\"><strong>\u2014 PROGRAM KSZTA\u0141CENIA<\/strong><\/p>\n\n\n\n<p class=\"has-text-align-center wp-block-paragraph\" style=\"padding-right:0;padding-left:0;font-size:clamp(24.034px, 1.502rem + ((1vw - 3.2px) * 1.247), 40px);font-style:normal;font-weight:1000;line-height:1.3\"><strong>Jak wygl\u0105da nauka w praktyce?<\/strong><\/p>\n\n\n\n<p class=\"has-text-align-center wp-block-paragraph\" style=\"padding-right:0px;padding-left:0;font-size:clamp(14px, 0.875rem + ((1vw - 3.2px) * 0.469), 20px);\">Studia rozwijaj\u0105 znajomo\u015b\u0107 j\u0119zyka angielskiego oraz niemieckiego lub hiszpa\u0144skiego. Program obejmuje t\u0142umaczenia ustne i pisemne, prac\u0119 z tekstami specjalistycznymi, komunikacj\u0119 mi\u0119dzykulturow\u0105 oraz obs\u0142ug\u0119 oprogramowania wspieraj\u0105cego prac\u0119 t\u0142umacza.<\/p>\n<\/div>\n<\/div>\n\n\n\n<div class=\"wp-block-columns kierunek-zakres is-layout-flex wp-container-core-columns-is-layout-31baa6a6 wp-block-columns-is-layout-flex\" style=\"padding-right:0;padding-bottom:0px;padding-left:0px\">\n<div class=\"wp-block-column kierunek-zakres-obraz is-layout-flow wp-block-column-is-layout-flow\" style=\"padding-top:0;padding-bottom:0;flex-basis:100%\">\n<div class=\"wp-block-cover is-light\"><img loading=\"lazy\" decoding=\"async\" width=\"586\" height=\"1024\" class=\"wp-block-cover__image-background wp-image-4646 size-large\" alt=\"\" src=\"https:\/\/pans.krosno.pl\/dwujezykowe-studia-dla-tlumaczy\/wp-content\/uploads\/sites\/27\/2026\/08\/Dwujezykowe-studia-dla-Program-ksztalcenia-586x1024.webp\" data-object-fit=\"cover\" srcset=\"https:\/\/pans.krosno.pl\/dwujezykowe-studia-dla-tlumaczy\/wp-content\/uploads\/sites\/27\/2026\/08\/Dwujezykowe-studia-dla-Program-ksztalcenia-586x1024.webp 586w, https:\/\/pans.krosno.pl\/dwujezykowe-studia-dla-tlumaczy\/wp-content\/uploads\/sites\/27\/2026\/08\/Dwujezykowe-studia-dla-Program-ksztalcenia-172x300.webp 172w, https:\/\/pans.krosno.pl\/dwujezykowe-studia-dla-tlumaczy\/wp-content\/uploads\/sites\/27\/2026\/08\/Dwujezykowe-studia-dla-Program-ksztalcenia-768x1342.webp 768w, https:\/\/pans.krosno.pl\/dwujezykowe-studia-dla-tlumaczy\/wp-content\/uploads\/sites\/27\/2026\/08\/Dwujezykowe-studia-dla-Program-ksztalcenia-879x1536.webp 879w, https:\/\/pans.krosno.pl\/dwujezykowe-studia-dla-tlumaczy\/wp-content\/uploads\/sites\/27\/2026\/08\/Dwujezykowe-studia-dla-Program-ksztalcenia-1172x2048.webp 1172w, https:\/\/pans.krosno.pl\/dwujezykowe-studia-dla-tlumaczy\/wp-content\/uploads\/sites\/27\/2026\/08\/Dwujezykowe-studia-dla-Program-ksztalcenia-800x1398.webp 800w, https:\/\/pans.krosno.pl\/dwujezykowe-studia-dla-tlumaczy\/wp-content\/uploads\/sites\/27\/2026\/08\/Dwujezykowe-studia-dla-Program-ksztalcenia-580x1013.webp 580w, https:\/\/pans.krosno.pl\/dwujezykowe-studia-dla-tlumaczy\/wp-content\/uploads\/sites\/27\/2026\/08\/Dwujezykowe-studia-dla-Program-ksztalcenia.webp 1456w\" sizes=\"auto, (max-width: 586px) 100vw, 586px\" \/><span aria-hidden=\"true\" class=\"wp-block-cover__background has-background-dim-0 has-background-dim\" style=\"background-color:#aa9385\"><\/span><div class=\"wp-block-cover__inner-container is-layout-constrained wp-block-cover-is-layout-constrained\">\n<p class=\"has-text-align-center has-large-font-size wp-block-paragraph\"><\/p>\n<\/div><\/div>\n<\/div>\n\n\n\n<div class=\"wp-block-column kierunek-zakres-tresc has-border-color has-background is-layout-flow wp-block-column-is-layout-flow\" style=\"border-color:#dce4ef;border-width:1px;background-color:#eff3f8;padding-right:0;padding-left:0;flex-basis:100%\">\n<div class=\"wp-block-columns is-layout-flex wp-container-core-columns-is-layout-798344d5 wp-block-columns-is-layout-flex\" style=\"padding-top:var(--wp--preset--spacing--30);padding-right:var(--wp--preset--spacing--30);padding-bottom:0;padding-left:var(--wp--preset--spacing--30)\">\n<div class=\"wp-block-column has-background is-layout-flow wp-block-column-is-layout-flow\" style=\"background-color:#00000000;padding-right:0;padding-left:0;flex-basis:100%\">\n<p class=\"has-text-color has-link-color wp-elements-30 wp-block-paragraph\" style=\"color:#f92a2a;padding-top:var(--wp--preset--spacing--40);padding-right:var(--wp--preset--spacing--30);padding-bottom:0;padding-left:var(--wp--preset--spacing--30);font-size:clamp(14px, 0.875rem + ((1vw - 3.2px) * 0.078), 15px);font-style:normal;font-weight:600\"><strong>\u2014 SPECJALNO\u015aCI<\/strong><\/p>\n\n\n\n<p class=\"wp-block-paragraph\" style=\"padding-top:0;padding-right:var(--wp--preset--spacing--30);padding-bottom:0;padding-left:var(--wp--preset--spacing--30);font-size:clamp(24.034px, 1.502rem + ((1vw - 3.2px) * 1.247), 40px);font-style:normal;font-weight:800;line-height:1.3\"><strong>Jeden kierunek, dwie specjalno\u015bci<\/strong><\/p>\n\n\n\n<p class=\"wp-block-paragraph\" style=\"padding-top:0;padding-right:var(--wp--preset--spacing--30);padding-bottom:var(--wp--preset--spacing--20);padding-left:var(--wp--preset--spacing--30);font-size:clamp(14px, 0.875rem + ((1vw - 3.2px) * 0.078), 15px);\">W trakcie studi\u00f3w mo\u017cesz rozwija\u0107 umiej\u0119tno\u015bci t\u0142umaczeniowe w wybranym obszarze. Specjalno\u015bci pozwalaj\u0105 ukierunkowa\u0107 nauk\u0119 na t\u0142umaczenia \u015brodowiskowe albo przek\u0142ad wykorzystywany w r\u00f3\u017cnych sytuacjach zawodowych.<\/p>\n<\/div>\n<\/div>\n\n\n\n<div class=\"wp-block-columns is-layout-flex wp-container-core-columns-is-layout-3167c7e9 wp-block-columns-is-layout-flex\" style=\"margin-top:0;margin-bottom:0;padding-right:var(--wp--preset--spacing--30);padding-bottom:0;padding-left:var(--wp--preset--spacing--30)\">\n<div class=\"wp-block-column is-layout-flow wp-block-column-is-layout-flow\" style=\"padding-top:var(--wp--preset--spacing--30);padding-bottom:var(--wp--preset--spacing--30);flex-basis:100%\">\n<div class=\"wp-block-columns kierunek-zakres-karty is-layout-flex wp-container-core-columns-is-layout-f3fe4908 wp-block-columns-is-layout-flex\" style=\"padding-top:0;padding-right:0;padding-bottom:0;padding-left:0\">\n<div class=\"wp-block-column has-border-color has-base-background-color has-background is-layout-flow wp-container-core-column-is-layout-c4ba5106 wp-block-column-is-layout-flow\" style=\"border-color:#dce4ef;border-width:1px;padding-top:var(--wp--preset--spacing--20);padding-right:var(--wp--preset--spacing--20);padding-bottom:var(--wp--preset--spacing--20);padding-left:var(--wp--preset--spacing--20)\">\n<p class=\"wp-block-paragraph\" style=\"padding-top:0;padding-right:var(--wp--preset--spacing--20);padding-bottom:0;padding-left:var(--wp--preset--spacing--20);font-size:clamp(14px, 0.875rem + ((1vw - 3.2px) * 0.469), 20px);font-style:normal;font-weight:500\"><strong>T\u0141UMACZENIA \u015aRODOWISKOWE<\/strong><\/p>\n\n\n\n<p class=\"wp-block-paragraph\" style=\"padding-top:var(--wp--preset--spacing--20);padding-right:var(--wp--preset--spacing--20);padding-bottom:var(--wp--preset--spacing--20);padding-left:var(--wp--preset--spacing--20);font-size:clamp(14px, 0.875rem + ((1vw - 3.2px) * 0.078), 15px);\">Uczysz si\u0119 t\u0142umacze\u0144 potrzebnych w codziennych sytuacjach, urz\u0119dach, instytucjach oraz kontaktach mi\u0119dzy osobami pos\u0142uguj\u0105cymi si\u0119 r\u00f3\u017cnymi j\u0119zykami.<\/p>\n<\/div>\n\n\n\n<div class=\"wp-block-column has-border-color has-base-background-color has-background is-layout-flow wp-block-column-is-layout-flow\" style=\"border-color:#dce4ef;border-width:1px;padding-top:var(--wp--preset--spacing--20);padding-right:var(--wp--preset--spacing--20);padding-bottom:var(--wp--preset--spacing--20);padding-left:var(--wp--preset--spacing--20)\">\n<p class=\"wp-block-paragraph\" style=\"font-size:clamp(14px, 0.875rem + ((1vw - 3.2px) * 0.469), 20px);font-style:normal;font-weight:500\"><strong>T\u0141UMACZENIA W KONTEK\u015aCIE ZAWODOWYM<\/strong><\/p>\n\n\n\n<p class=\"wp-block-paragraph\" style=\"font-size:clamp(14px, 0.875rem + ((1vw - 3.2px) * 0.078), 15px);\">Uczysz si\u0119 t\u0142umaczenia na potrzeby firm i instytucji, w tym tekst\u00f3w technicznych i biznesowych oraz materia\u0142\u00f3w z zakresu transportu i logistyki.<\/p>\n<\/div>\n<\/div>\n<\/div>\n<\/div>\n<\/div>\n<\/div>\n<\/div>\n\n\n\n<div style=\"height:50px\" aria-hidden=\"true\" class=\"wp-block-spacer\"><\/div>\n\n\n\n<div class=\"wp-block-columns are-vertically-aligned-top kierunek-section kierunek-program-studiow kierunek-container has-background is-layout-flex wp-container-core-columns-is-layout-002ffff5 wp-block-columns-is-layout-flex\" style=\"background-color:#eff3f8\">\n<div class=\"wp-block-column is-vertically-aligned-top kierunek-program-studiow-obraz is-layout-flow wp-container-core-column-is-layout-fab20f8f wp-block-column-is-layout-flow\">\n<div class=\"wp-block-cover is-light\"><img loading=\"lazy\" decoding=\"async\" width=\"1024\" height=\"768\" class=\"wp-block-cover__image-background wp-image-4647 size-large\" alt=\"\" src=\"https:\/\/pans.krosno.pl\/dwujezykowe-studia-dla-tlumaczy\/wp-content\/uploads\/sites\/27\/2026\/08\/Dwujezykowe-studia-dla-tlumaczy-Program-studiow-1024x768.webp\" data-object-fit=\"cover\" srcset=\"https:\/\/pans.krosno.pl\/dwujezykowe-studia-dla-tlumaczy\/wp-content\/uploads\/sites\/27\/2026\/08\/Dwujezykowe-studia-dla-tlumaczy-Program-studiow-1024x768.webp 1024w, https:\/\/pans.krosno.pl\/dwujezykowe-studia-dla-tlumaczy\/wp-content\/uploads\/sites\/27\/2026\/08\/Dwujezykowe-studia-dla-tlumaczy-Program-studiow-300x225.webp 300w, https:\/\/pans.krosno.pl\/dwujezykowe-studia-dla-tlumaczy\/wp-content\/uploads\/sites\/27\/2026\/08\/Dwujezykowe-studia-dla-tlumaczy-Program-studiow-768x576.webp 768w, https:\/\/pans.krosno.pl\/dwujezykowe-studia-dla-tlumaczy\/wp-content\/uploads\/sites\/27\/2026\/08\/Dwujezykowe-studia-dla-tlumaczy-Program-studiow-800x600.webp 800w, https:\/\/pans.krosno.pl\/dwujezykowe-studia-dla-tlumaczy\/wp-content\/uploads\/sites\/27\/2026\/08\/Dwujezykowe-studia-dla-tlumaczy-Program-studiow-580x435.webp 580w, https:\/\/pans.krosno.pl\/dwujezykowe-studia-dla-tlumaczy\/wp-content\/uploads\/sites\/27\/2026\/08\/Dwujezykowe-studia-dla-tlumaczy-Program-studiow.webp 1448w\" sizes=\"auto, (max-width: 1024px) 100vw, 1024px\" \/><span aria-hidden=\"true\" class=\"wp-block-cover__background has-background-dim-0 has-background-dim\"><\/span><div class=\"wp-block-cover__inner-container is-layout-flow wp-block-cover-is-layout-flow\">\n<p class=\"has-text-align-center has-large-font-size wp-block-paragraph\"><\/p>\n<\/div><\/div>\n<\/div>\n\n\n\n<div class=\"wp-block-column is-vertically-aligned-top kierunek-program-studiow-tresc is-layout-flow wp-block-column-is-layout-flow\">\n<p class=\"has-text-color has-link-color wp-elements-31 wp-block-paragraph\" id=\"program-studiow\" style=\"color:#fe2828;font-size:clamp(14px, 0.875rem + ((1vw - 3.2px) * 0.078), 15px);font-style:normal;font-weight:600\"><strong>\u2014 PROGRAM STUDI\u00d3W<\/strong><\/p>\n\n\n\n<p class=\"wp-block-paragraph\" style=\"font-size:clamp(24.034px, 1.502rem + ((1vw - 3.2px) * 1.247), 40px);font-style:normal;font-weight:800;line-height:1.3\"><strong>Czego b\u0119dziesz si\u0119 uczy\u0107?<\/strong><\/p>\n\n\n\n<p class=\"wp-block-paragraph\" style=\"padding-right:0px;padding-bottom:var(--wp--preset--spacing--30);padding-left:0;font-size:clamp(14px, 0.875rem + ((1vw - 3.2px) * 0.078), 15px);\">Program studi\u00f3w obejmuje intensywn\u0105 nauk\u0119 j\u0119zyka angielskiego oraz niemieckiego lub hiszpa\u0144skiego. Nauczysz si\u0119 wykonywa\u0107 t\u0142umaczenia ustne i pisemne, pracowa\u0107 z tekstami specjalistycznymi oraz korzysta\u0107 z narz\u0119dzi i oprogramowania wspieraj\u0105cego prac\u0119 t\u0142umacza.<\/p>\n\n\n\n<div class=\"wp-block-group kierunek-program-tagi is-layout-constrained wp-block-group-is-layout-constrained\">\n<p class=\"wp-block-paragraph\">j\u0119zyki<\/p>\n\n\n\n<p class=\"wp-block-paragraph\">t\u0142umaczenia<\/p>\n\n\n\n<p class=\"wp-block-paragraph\">angielski<\/p>\n\n\n\n<p class=\"wp-block-paragraph\">niemiecki<\/p>\n\n\n\n<p class=\"wp-block-paragraph\">hiszpa\u0144ski<\/p>\n\n\n\n<p class=\"wp-block-paragraph\">terminologia<\/p>\n\n\n\n<p class=\"wp-block-paragraph\">komunikacja<\/p>\n\n\n\n<p class=\"wp-block-paragraph\">t\u0142umaczenia ustne<\/p>\n<\/div>\n\n\n\n<div class=\"wp-block-columns are-vertically-aligned-center kierunek-program-cta is-layout-flex wp-container-core-columns-is-layout-4dd5eaea wp-block-columns-is-layout-flex\">\n<div class=\"wp-block-column is-layout-flow wp-block-column-is-layout-flow\">\n<div class=\"wp-block-buttons kierunek-program-cta is-layout-flex wp-block-buttons-is-layout-flex\">\n<div class=\"wp-block-button\"><a class=\"wp-block-button__link has-background has-custom-font-size wp-element-button\" href=\"https:\/\/pans.krosno.pl\/dwujezykowe-studia-dla-tlumaczy\/programy-studiow\/\" style=\"border-style:none;border-width:0px;border-top-left-radius:0px;border-top-right-radius:0px;border-bottom-left-radius:0px;border-bottom-right-radius:0px;background-color:#d9362e;font-size:clamp(14px, 0.875rem + ((1vw - 3.2px) * 0.078), 15px);font-style:normal;font-weight:700;text-decoration:underline\"><strong>ZOBACZ PROGRAM STUDI\u00d3W<\/strong><\/a><\/div>\n<\/div>\n<\/div>\n<\/div>\n<\/div>\n<\/div>\n\n\n\n<div style=\"height:50px\" aria-hidden=\"true\" class=\"wp-block-spacer\"><\/div>\n\n\n\n<div class=\"wp-block-columns kierunek-container kierunek-praktyki-uklad is-layout-flex wp-container-core-columns-is-layout-2bba6597 wp-block-columns-is-layout-flex\" style=\"padding-right:0;padding-bottom:0\">\n<div class=\"wp-block-column kierunek-praktyki-tresc has-border-color is-layout-flow wp-block-column-is-layout-flow\" style=\"border-color:#dce4ef;border-width:1px;padding-top:var(--wp--preset--spacing--20);padding-right:var(--wp--preset--spacing--20);padding-bottom:var(--wp--preset--spacing--20);padding-left:var(--wp--preset--spacing--20);flex-basis:40%\">\n<p class=\"has-text-color has-link-color wp-elements-32 wp-block-paragraph\" id=\"praktyki\" style=\"color:#fe2828;font-size:clamp(14px, 0.875rem + ((1vw - 3.2px) * 0.078), 15px);font-style:normal;font-weight:600\"><strong>\u2014 Praktyki zawodowe<\/strong><\/p>\n\n\n\n<p class=\"wp-block-paragraph\" style=\"font-size:clamp(24.034px, 1.502rem + ((1vw - 3.2px) * 1.247), 40px);font-style:normal;font-weight:800;line-height:1.3\"><strong>Praktyczne przygotowanie do pracy t\u0142umacza<\/strong><\/p>\n\n\n\n<p class=\"wp-block-paragraph\" style=\"font-size:clamp(14px, 0.875rem + ((1vw - 3.2px) * 0.078), 15px);\">Kszta\u0142cenie praktyczne jest wa\u017cn\u0105 cz\u0119\u015bci\u0105 Dwuj\u0119zykowych studi\u00f3w dla t\u0142umaczy. Studenci wykorzystuj\u0105 znajomo\u015b\u0107 j\u0119zyk\u00f3w obcych, realizuj\u0105 zadania t\u0142umaczeniowe oraz poznaj\u0105 rzeczywiste warunki pracy w firmach i instytucjach.<\/p>\n\n\n\n<ul class=\"wp-block-list\">\n<li style=\"font-size:clamp(14px, 0.875rem + ((1vw - 3.2px) * 0.078), 15px);\">praktyki zawodowe obejmuj\u0105 \u0142\u0105cznie <strong>24 tygodnie \/ 960 godzin<\/strong><\/li>\n\n\n\n<li style=\"font-size:clamp(14px, 0.875rem + ((1vw - 3.2px) * 0.078), 15px);\">praktyki s\u0105 realizowane przez cztery semestry \u2013 od trzeciego do sz\u00f3stego<\/li>\n\n\n\n<li style=\"font-size:clamp(14px, 0.875rem + ((1vw - 3.2px) * 0.078), 15px);\">studenci rozwijaj\u0105 umiej\u0119tno\u015bci t\u0142umaczenia, korekty i wykonywania prac oko\u0142ot\u0142umaczeniowych<\/li>\n<\/ul>\n<\/div>\n\n\n\n<div class=\"wp-block-column kierunek-praktyki-kafelek has-background is-layout-flow wp-container-core-column-is-layout-42538ace wp-block-column-is-layout-flow\" style=\"background-color:#d9362e;padding-top:0;padding-right:var(--wp--preset--spacing--20);padding-bottom:0;padding-left:var(--wp--preset--spacing--20);flex-basis:20%\">\n<div class=\"wp-block-group is-layout-flow wp-block-group-is-layout-flow\" style=\"margin-top:0;margin-bottom:0;padding-top:var(--wp--preset--spacing--20);padding-bottom:0\">\n<p class=\"has-text-align-left has-white-color has-text-color has-link-color wp-elements-33 wp-block-paragraph\" style=\"padding-right:0;padding-left:var(--wp--preset--spacing--50);font-size:clamp(14px, 0.875rem + ((1vw - 3.2px) * 0.078), 15px);font-style:normal;font-weight:600\"><strong>W PRAKTYCE<\/strong><\/p>\n\n\n\n<p class=\"has-text-align-center is-style-default has-white-color has-text-color has-link-color wp-elements-34 wp-block-paragraph\" style=\"font-size:clamp(24.034px, 1.502rem + ((1vw - 3.2px) * 1.247), 40px);font-style:normal;font-weight:800\">24 tygodnie<\/p>\n\n\n\n<p class=\"has-text-align-left has-white-color has-text-color has-link-color wp-elements-35 wp-block-paragraph\" style=\"padding-left:var(--wp--preset--spacing--50);font-size:clamp(14px, 0.875rem + ((1vw - 3.2px) * 0.469), 20px);\">praktyk zawodowych<br>w firmach i instytucjach,<br>obejmuj\u0105cych zadania<br>t\u0142umaczeniowe, korekt\u0119<br>tekst\u00f3w oraz wykorzystanie<br>j\u0119zyk\u00f3w obcych w pracy.<\/p>\n\n\n\n<p class=\"has-text-align-left has-white-color has-text-color has-link-color wp-elements-36 wp-block-paragraph\" style=\"padding-left:var(--wp--preset--spacing--50);font-size:clamp(14px, 0.875rem + ((1vw - 3.2px) * 0.469), 20px);\"><\/p>\n<\/div>\n<\/div>\n\n\n\n<div class=\"wp-block-column kierunek-praktyki-zdjecie is-layout-flow wp-block-column-is-layout-flow\" style=\"flex-basis:30%\">\n<div class=\"wp-block-cover is-light\"><img loading=\"lazy\" decoding=\"async\" width=\"512\" height=\"1024\" class=\"wp-block-cover__image-background wp-image-4648 size-large\" alt=\"\" src=\"https:\/\/pans.krosno.pl\/dwujezykowe-studia-dla-tlumaczy\/wp-content\/uploads\/sites\/27\/2026\/08\/Dwujezykowe-studia-dla-tlumaczy-praktyki-zawodowe-512x1024.webp\" data-object-fit=\"cover\" srcset=\"https:\/\/pans.krosno.pl\/dwujezykowe-studia-dla-tlumaczy\/wp-content\/uploads\/sites\/27\/2026\/08\/Dwujezykowe-studia-dla-tlumaczy-praktyki-zawodowe-512x1024.webp 512w, https:\/\/pans.krosno.pl\/dwujezykowe-studia-dla-tlumaczy\/wp-content\/uploads\/sites\/27\/2026\/08\/Dwujezykowe-studia-dla-tlumaczy-praktyki-zawodowe-150x300.webp 150w, https:\/\/pans.krosno.pl\/dwujezykowe-studia-dla-tlumaczy\/wp-content\/uploads\/sites\/27\/2026\/08\/Dwujezykowe-studia-dla-tlumaczy-praktyki-zawodowe-768x1536.webp 768w, https:\/\/pans.krosno.pl\/dwujezykowe-studia-dla-tlumaczy\/wp-content\/uploads\/sites\/27\/2026\/08\/Dwujezykowe-studia-dla-tlumaczy-praktyki-zawodowe-1024x2048.webp 1024w, https:\/\/pans.krosno.pl\/dwujezykowe-studia-dla-tlumaczy\/wp-content\/uploads\/sites\/27\/2026\/08\/Dwujezykowe-studia-dla-tlumaczy-praktyki-zawodowe-800x1600.webp 800w, https:\/\/pans.krosno.pl\/dwujezykowe-studia-dla-tlumaczy\/wp-content\/uploads\/sites\/27\/2026\/08\/Dwujezykowe-studia-dla-tlumaczy-praktyki-zawodowe-580x1160.webp 580w, https:\/\/pans.krosno.pl\/dwujezykowe-studia-dla-tlumaczy\/wp-content\/uploads\/sites\/27\/2026\/08\/Dwujezykowe-studia-dla-tlumaczy-praktyki-zawodowe-scaled.webp 1280w\" sizes=\"auto, (max-width: 512px) 100vw, 512px\" \/><span aria-hidden=\"true\" class=\"wp-block-cover__background has-background-dim-0 has-background-dim\"><\/span><div class=\"wp-block-cover__inner-container is-layout-flow wp-block-cover-is-layout-flow\">\n<p class=\"has-text-align-center has-large-font-size wp-block-paragraph\"><\/p>\n<\/div><\/div>\n<\/div>\n<\/div>\n\n\n\n<div style=\"height:50px\" aria-hidden=\"true\" class=\"wp-block-spacer\"><\/div>\n\n\n\n<div class=\"wp-block-group kierunek-section kierunek-rekrutacja is-layout-flow wp-block-group-is-layout-flow\">\n<div class=\"wp-block-columns kierunek-container kierunek-rekrutacja-uklad is-layout-flex wp-container-core-columns-is-layout-002ffff5 wp-block-columns-is-layout-flex\">\n<div class=\"wp-block-column kierunek-rekrutacja-tresc is-layout-flow wp-block-column-is-layout-flow\" style=\"flex-basis:65%\">\n<p class=\"has-text-color has-link-color wp-elements-37 wp-block-paragraph\" id=\"rekrutacja\" style=\"color:#fe2828;font-size:clamp(14px, 0.875rem + ((1vw - 3.2px) * 0.078), 15px);font-style:normal;font-weight:600\"><strong>\u2014 Warunki rekrutacji<\/strong><\/p>\n\n\n\n<p class=\"wp-block-paragraph\" style=\"font-size:clamp(24.034px, 1.502rem + ((1vw - 3.2px) * 1.247), 40px);font-style:normal;font-weight:800;line-height:1.3\"><strong>Jak dosta\u0107 si\u0119 na Dwuj\u0119zykowe studia dla t\u0142umaczy?<\/strong><\/p>\n\n\n\n<div class=\"wp-block-columns is-layout-flex wp-container-core-columns-is-layout-002ffff5 wp-block-columns-is-layout-flex\">\n<div class=\"wp-block-column kierunek-rekrutacja-punkty is-layout-flow wp-block-column-is-layout-flow\">\n<p class=\"wp-block-paragraph\" style=\"font-style:normal;font-weight:500\"><strong>Egzamin maturalny \u2014 nowa matura:<\/strong><\/p>\n\n\n\n<p class=\"wp-block-paragraph\">Rekrutacja odbywa si\u0119 na podstawie konkursu \u015bwiadectw z uwzgl\u0119dnieniem pisemnego egzaminu z j\u0119zyka angielskiego, niemieckiego lub hiszpa\u0144skiego. <br>Je\u015bli kandydat nie zdawa\u0142 jednego z tych j\u0119zyk\u00f3w albo nie zdawa\u0142 go na poziomie rozszerzonym, uwzgl\u0119dniane s\u0105 wyniki uko\u0144czenia szko\u0142y \u015bredniej.<\/p>\n\n\n\n<hr class=\"wp-block-separator has-alpha-channel-opacity\" style=\"margin-top:var(--wp--preset--spacing--30);margin-bottom:var(--wp--preset--spacing--30)\"\/>\n\n\n\n<p class=\"wp-block-paragraph\" style=\"font-style:normal;font-weight:500\"><strong>Egzamin dojrza\u0142o\u015bci \u2014 stara matura:<\/strong><\/p>\n\n\n\n<p class=\"wp-block-paragraph\">Konkurs \u015bwiadectw obejmuj\u0105cy wyniki uko\u0144czenia szko\u0142y \u015bredniej z j\u0119zyka angielskiego albo niemieckiego albo hiszpa\u0144skiego.<\/p>\n\n\n\n<hr class=\"wp-block-separator has-alpha-channel-opacity\" style=\"margin-top:var(--wp--preset--spacing--30);margin-bottom:var(--wp--preset--spacing--30)\"\/>\n\n\n\n<p class=\"wp-block-paragraph\" style=\"font-style:normal;font-weight:500\"><strong>Laureaci i finali\u015bci olimpiad:<\/strong><\/p>\n\n\n\n<p class=\"wp-block-paragraph\">Z pomini\u0119ciem post\u0119powania rekrutacyjnego o przyj\u0119cie na studia ubiega\u0107 si\u0119 mog\u0105 laureaci i finali\u015bci stopnia centralnego olimpiady j\u0119zyka angielskiego, niemieckiego, hiszpa\u0144skiego.<\/p>\n\n\n\n<hr class=\"wp-block-separator has-alpha-channel-opacity\" style=\"margin-top:var(--wp--preset--spacing--30);margin-bottom:var(--wp--preset--spacing--30)\"\/>\n<\/div>\n<\/div>\n<\/div>\n\n\n\n<div class=\"wp-block-column is-layout-flow wp-container-core-column-is-layout-b543a19b wp-block-column-is-layout-flow\" style=\"border-left-color:#f11b1b;border-left-width:4px;padding-right:0px;flex-basis:35%\">\n<div class=\"wp-block-group kierunek-rekrutacja-box has-background is-layout-flow wp-block-group-is-layout-flow\" style=\"background-color:#071b35;min-height:340px;padding-top:44px;padding-right:34px;padding-bottom:44px;padding-left:34px\">\n<div class=\"wp-block-group is-vertical is-content-justification-center is-nowrap is-layout-flex wp-container-core-group-is-layout-d887337d wp-block-group-is-layout-flex\" style=\"min-height:0px;padding-top:0;padding-bottom:0\">\n<p class=\"has-text-align-center has-white-color has-text-color has-link-color wp-elements-38 wp-block-paragraph\" style=\"font-size:clamp(24.034px, 1.502rem + ((1vw - 3.2px) * 1.247), 40px);font-style:normal;font-weight:700;line-height:1.3\"><strong>Rekrutacja online<\/strong><\/p>\n\n\n\n<p class=\"has-text-align-center has-white-color has-text-color has-link-color wp-elements-39 wp-block-paragraph\" style=\"font-size:clamp(14px, 0.875rem + ((1vw - 3.2px) * 0.469), 20px);\">Za\u0142\u00f3\u017c konto w IRK, wybierz kierunek i \u015bled\u017a status rekrutacji.<\/p>\n\n\n\n<div class=\"wp-block-buttons is-horizontal is-content-justification-center is-layout-flex wp-container-core-buttons-is-layout-12640537 wp-block-buttons-is-layout-flex\">\n<div class=\"wp-block-button\"><a class=\"wp-block-button__link has-black-color has-white-background-color has-text-color has-background has-link-color has-custom-font-size wp-element-button\" href=\"https:\/\/irk.pans.krosno.pl\/pl\/\" style=\"border-style:none;border-width:0px;border-top-left-radius:0px;border-top-right-radius:0px;border-bottom-left-radius:0px;border-bottom-right-radius:0px;font-size:clamp(14px, 0.875rem + ((1vw - 3.2px) * 0.078), 15px);font-style:normal;font-weight:800;text-decoration:underline\"><strong>PRZEJD\u0179 DO IRK<\/strong><\/a><\/div>\n<\/div>\n<\/div>\n<\/div>\n<\/div>\n<\/div>\n<\/div>\n\n\n\n<div style=\"height:50px\" aria-hidden=\"true\" class=\"wp-block-spacer\"><\/div>\n\n\n\n<div class=\"wp-block-columns kierunek-atuty-uklad is-layout-flex wp-container-core-columns-is-layout-31baa6a6 wp-block-columns-is-layout-flex\" style=\"padding-right:0;padding-bottom:0px;padding-left:0px\">\n<div class=\"wp-block-column kierunek-atuty-obraz is-layout-flow wp-block-column-is-layout-flow\" style=\"flex-basis:100%\">\n<div class=\"wp-block-cover is-light\"><img loading=\"lazy\" decoding=\"async\" width=\"586\" height=\"1024\" class=\"wp-block-cover__image-background wp-image-4649 size-large\" alt=\"\" src=\"https:\/\/pans.krosno.pl\/dwujezykowe-studia-dla-tlumaczy\/wp-content\/uploads\/sites\/27\/2026\/08\/Dwujezykowe-studia-dla-tlumaczy-CO-MOZE-CIE-TU-NAPRAWDE-ZAINTERESOWAC-586x1024.webp\" data-object-fit=\"cover\" srcset=\"https:\/\/pans.krosno.pl\/dwujezykowe-studia-dla-tlumaczy\/wp-content\/uploads\/sites\/27\/2026\/08\/Dwujezykowe-studia-dla-tlumaczy-CO-MOZE-CIE-TU-NAPRAWDE-ZAINTERESOWAC-586x1024.webp 586w, https:\/\/pans.krosno.pl\/dwujezykowe-studia-dla-tlumaczy\/wp-content\/uploads\/sites\/27\/2026\/08\/Dwujezykowe-studia-dla-tlumaczy-CO-MOZE-CIE-TU-NAPRAWDE-ZAINTERESOWAC-172x300.webp 172w, https:\/\/pans.krosno.pl\/dwujezykowe-studia-dla-tlumaczy\/wp-content\/uploads\/sites\/27\/2026\/08\/Dwujezykowe-studia-dla-tlumaczy-CO-MOZE-CIE-TU-NAPRAWDE-ZAINTERESOWAC-768x1342.webp 768w, https:\/\/pans.krosno.pl\/dwujezykowe-studia-dla-tlumaczy\/wp-content\/uploads\/sites\/27\/2026\/08\/Dwujezykowe-studia-dla-tlumaczy-CO-MOZE-CIE-TU-NAPRAWDE-ZAINTERESOWAC-879x1536.webp 879w, https:\/\/pans.krosno.pl\/dwujezykowe-studia-dla-tlumaczy\/wp-content\/uploads\/sites\/27\/2026\/08\/Dwujezykowe-studia-dla-tlumaczy-CO-MOZE-CIE-TU-NAPRAWDE-ZAINTERESOWAC-1172x2048.webp 1172w, https:\/\/pans.krosno.pl\/dwujezykowe-studia-dla-tlumaczy\/wp-content\/uploads\/sites\/27\/2026\/08\/Dwujezykowe-studia-dla-tlumaczy-CO-MOZE-CIE-TU-NAPRAWDE-ZAINTERESOWAC-800x1398.webp 800w, https:\/\/pans.krosno.pl\/dwujezykowe-studia-dla-tlumaczy\/wp-content\/uploads\/sites\/27\/2026\/08\/Dwujezykowe-studia-dla-tlumaczy-CO-MOZE-CIE-TU-NAPRAWDE-ZAINTERESOWAC-580x1013.webp 580w, https:\/\/pans.krosno.pl\/dwujezykowe-studia-dla-tlumaczy\/wp-content\/uploads\/sites\/27\/2026\/08\/Dwujezykowe-studia-dla-tlumaczy-CO-MOZE-CIE-TU-NAPRAWDE-ZAINTERESOWAC.webp 1456w\" sizes=\"auto, (max-width: 586px) 100vw, 586px\" \/><span aria-hidden=\"true\" class=\"wp-block-cover__background has-background-dim-0 has-background-dim\"><\/span><div class=\"wp-block-cover__inner-container is-layout-flow wp-block-cover-is-layout-flow\">\n<p class=\"has-text-align-center has-large-font-size wp-block-paragraph\"><\/p>\n<\/div><\/div>\n<\/div>\n\n\n\n<div class=\"wp-block-column kierunek-atuty-tresc has-border-color has-background is-layout-flow wp-block-column-is-layout-flow\" style=\"border-color:#dce4ef;border-width:1px;background-color:#f4f7fb;padding-right:0;padding-left:0;flex-basis:100%\">\n<div class=\"wp-block-columns is-layout-flex wp-container-core-columns-is-layout-002ffff5 wp-block-columns-is-layout-flex\">\n<div class=\"wp-block-column is-layout-flow wp-block-column-is-layout-flow\" style=\"padding-right:0px;flex-basis:100%\">\n<p class=\"has-text-color has-link-color wp-elements-40 wp-block-paragraph\" style=\"color:#f92a2a;padding-top:var(--wp--preset--spacing--40);padding-right:var(--wp--preset--spacing--30);padding-bottom:0;padding-left:var(--wp--preset--spacing--30);font-size:clamp(14px, 0.875rem + ((1vw - 3.2px) * 0.078), 15px);font-style:normal;font-weight:600\"><strong>\u2014 CO MO\u017bE CI\u0118 TU NAPRAWD\u0118 ZAINTERESOWA\u0106?<\/strong><\/p>\n\n\n\n<p class=\"wp-block-paragraph\" style=\"padding-top:0;padding-right:var(--wp--preset--spacing--30);padding-bottom:0;padding-left:var(--wp--preset--spacing--30);font-size:clamp(24.034px, 1.502rem + ((1vw - 3.2px) * 1.247), 40px);font-style:normal;font-weight:800;line-height:1.3\">J\u0119zyki, t\u0142umaczenia i komunikacja<\/p>\n\n\n\n<p class=\"wp-block-paragraph\" style=\"padding-top:0;padding-right:var(--wp--preset--spacing--30);padding-bottom:0;padding-left:var(--wp--preset--spacing--30);font-size:clamp(14px, 0.875rem + ((1vw - 3.2px) * 0.078), 15px);\">To kierunek dla os\u00f3b, kt\u00f3re chc\u0105 rozwija\u0107 znajomo\u015b\u0107 dw\u00f3ch j\u0119zyk\u00f3w obcych i zdoby\u0107 praktyczne przygotowanie do pracy t\u0142umacza. Studia ucz\u0105 t\u0142umacze\u0144 ustnych i pisemnych, pracy z tekstami specjalistycznymi oraz komunikacji w \u015brodowisku mi\u0119dzynarodowym.<\/p>\n<\/div>\n<\/div>\n\n\n\n<div class=\"wp-block-columns is-layout-flex wp-container-core-columns-is-layout-c4610219 wp-block-columns-is-layout-flex\" style=\"padding-right:0px;padding-left:0px\">\n<div class=\"wp-block-column is-layout-flow wp-block-column-is-layout-flow\" style=\"padding-top:var(--wp--preset--spacing--30);padding-bottom:var(--wp--preset--spacing--30);flex-basis:100%\">\n<div class=\"wp-block-columns kierunek-atuty-karty is-layout-flex wp-container-core-columns-is-layout-f4be0cf4 wp-block-columns-is-layout-flex\" style=\"padding-top:var(--wp--preset--spacing--20);padding-right:var(--wp--preset--spacing--30);padding-bottom:var(--wp--preset--spacing--20);padding-left:var(--wp--preset--spacing--30)\">\n<div class=\"wp-block-column has-custom-ffffff-background-color has-background is-layout-flow wp-container-core-column-is-layout-c4ba5106 wp-block-column-is-layout-flow\" style=\"border-top-color:#dce4ef;border-top-width:1px;border-right-color:#dce4ef;border-right-width:1px;border-bottom-color:#dce4ef;border-bottom-width:1px;border-left-color:#49abdd;border-left-width:3px;padding-top:var(--wp--preset--spacing--20);padding-right:var(--wp--preset--spacing--20);padding-bottom:var(--wp--preset--spacing--20);padding-left:var(--wp--preset--spacing--20)\">\n<p class=\"wp-block-paragraph\" style=\"padding-top:0;padding-right:var(--wp--preset--spacing--20);padding-bottom:0;padding-left:var(--wp--preset--spacing--20);font-size:clamp(14px, 0.875rem + ((1vw - 3.2px) * 0.469), 20px);font-style:normal;font-weight:500\"><strong>T\u0142umaczenia pisemne<\/strong><\/p>\n\n\n\n<p class=\"wp-block-paragraph\" style=\"padding-top:var(--wp--preset--spacing--20);padding-right:var(--wp--preset--spacing--20);padding-bottom:var(--wp--preset--spacing--20);padding-left:var(--wp--preset--spacing--20);font-size:clamp(14px, 0.875rem + ((1vw - 3.2px) * 0.078), 15px);\">Uczysz si\u0119 t\u0142umaczy\u0107 teksty biznesowe, prawne, medyczne, techniczne i administracyjne.<\/p>\n<\/div>\n\n\n\n<div class=\"wp-block-column has-custom-ffffff-background-color has-background is-layout-flow wp-block-column-is-layout-flow\" style=\"border-top-color:#dce4ef;border-top-width:1px;border-right-color:#dce4ef;border-right-width:1px;border-bottom-color:#dce4ef;border-bottom-width:1px;border-left-color:#49abdd;border-left-width:3px;padding-top:var(--wp--preset--spacing--20);padding-right:var(--wp--preset--spacing--20);padding-bottom:var(--wp--preset--spacing--20);padding-left:var(--wp--preset--spacing--20)\">\n<p class=\"wp-block-paragraph\" style=\"font-size:clamp(14px, 0.875rem + ((1vw - 3.2px) * 0.469), 20px);font-style:normal;font-weight:500\"><strong><strong>T\u0142umaczenia ustne<\/strong><\/strong><\/p>\n\n\n\n<p class=\"wp-block-paragraph\" style=\"font-size:clamp(14px, 0.875rem + ((1vw - 3.2px) * 0.078), 15px);\">Rozwijasz umiej\u0119tno\u015b\u0107 przekazywania wypowiedzi w rozmowach, spotkaniach i sytuacjach zawodowych.<\/p>\n<\/div>\n<\/div>\n\n\n\n<div class=\"wp-block-columns kierunek-atuty-karty is-layout-flex wp-container-core-columns-is-layout-d8f4aa5c wp-block-columns-is-layout-flex\" style=\"margin-top:0;margin-bottom:0;padding-top:0;padding-right:var(--wp--preset--spacing--30);padding-bottom:0;padding-left:var(--wp--preset--spacing--30)\">\n<div class=\"wp-block-column has-custom-ffffff-background-color has-background is-layout-flow wp-container-core-column-is-layout-c4ba5106 wp-block-column-is-layout-flow\" style=\"border-top-color:#dce4ef;border-top-width:1px;border-right-color:#dce4ef;border-right-width:1px;border-bottom-color:#dce4ef;border-bottom-width:1px;border-left-color:#49abdd;border-left-width:3px;padding-top:var(--wp--preset--spacing--20);padding-right:var(--wp--preset--spacing--20);padding-bottom:var(--wp--preset--spacing--20);padding-left:var(--wp--preset--spacing--20)\">\n<p class=\"wp-block-paragraph\" style=\"padding-top:0;padding-right:var(--wp--preset--spacing--20);padding-bottom:0;padding-left:var(--wp--preset--spacing--20);font-size:clamp(14px, 0.875rem + ((1vw - 3.2px) * 0.469), 20px);font-style:normal;font-weight:500\"><strong>J\u0119zyki specjalistyczne<\/strong><\/p>\n\n\n\n<p class=\"wp-block-paragraph\" style=\"padding-top:var(--wp--preset--spacing--20);padding-right:var(--wp--preset--spacing--20);padding-bottom:var(--wp--preset--spacing--20);padding-left:var(--wp--preset--spacing--20);font-size:clamp(14px, 0.875rem + ((1vw - 3.2px) * 0.078), 15px);\">Poznajesz s\u0142ownictwo i terminologi\u0119 wykorzystywane w r\u00f3\u017cnych bran\u017cach i instytucjach.<\/p>\n<\/div>\n\n\n\n<div class=\"wp-block-column has-custom-ffffff-background-color has-background is-layout-flow wp-block-column-is-layout-flow\" style=\"border-top-color:#dce4ef;border-top-width:1px;border-right-color:#dce4ef;border-right-width:1px;border-bottom-color:#dce4ef;border-bottom-width:1px;border-left-color:#49abdd;border-left-width:3px;padding-top:var(--wp--preset--spacing--30);padding-right:var(--wp--preset--spacing--20);padding-bottom:var(--wp--preset--spacing--30);padding-left:var(--wp--preset--spacing--20)\">\n<p class=\"wp-block-paragraph\" style=\"font-size:clamp(14px, 0.875rem + ((1vw - 3.2px) * 0.469), 20px);font-style:normal;font-weight:500\"><strong>Komunikacja mi\u0119dzykulturowa<\/strong><\/p>\n\n\n\n<p class=\"wp-block-paragraph\" style=\"font-size:clamp(14px, 0.875rem + ((1vw - 3.2px) * 0.078), 15px);\">Zdobywasz umiej\u0119tno\u015bci potrzebne do wsp\u00f3\u0142pracy z osobami z r\u00f3\u017cnych kraj\u00f3w i \u015brodowisk.<\/p>\n<\/div>\n<\/div>\n<\/div>\n<\/div>\n<\/div>\n<\/div>\n\n\n\n<div style=\"height:50px\" aria-hidden=\"true\" class=\"wp-block-spacer\"><\/div>\n\n\n\n<div class=\"wp-block-group kierunek-perspektywy has-background is-layout-flow wp-block-group-is-layout-flow\" style=\"background-color:#f4f7fb\">\n<div class=\"wp-block-columns kierunek-perspektywy-uklad is-layout-flex wp-container-core-columns-is-layout-002ffff5 wp-block-columns-is-layout-flex\">\n<div class=\"wp-block-column kierunek-perspektywy-zdjecie is-layout-flow wp-block-column-is-layout-flow\" style=\"flex-basis:100%\">\n<div class=\"wp-block-cover is-light\"><img loading=\"lazy\" decoding=\"async\" width=\"512\" height=\"1024\" class=\"wp-block-cover__image-background wp-image-4650 size-large\" alt=\"\" src=\"https:\/\/pans.krosno.pl\/dwujezykowe-studia-dla-tlumaczy\/wp-content\/uploads\/sites\/27\/2026\/08\/Dwujezykowe-studia-dla-tlumaczy-Perspektywy-zatrudnienia-512x1024.webp\" data-object-fit=\"cover\" srcset=\"https:\/\/pans.krosno.pl\/dwujezykowe-studia-dla-tlumaczy\/wp-content\/uploads\/sites\/27\/2026\/08\/Dwujezykowe-studia-dla-tlumaczy-Perspektywy-zatrudnienia-512x1024.webp 512w, https:\/\/pans.krosno.pl\/dwujezykowe-studia-dla-tlumaczy\/wp-content\/uploads\/sites\/27\/2026\/08\/Dwujezykowe-studia-dla-tlumaczy-Perspektywy-zatrudnienia-150x300.webp 150w, https:\/\/pans.krosno.pl\/dwujezykowe-studia-dla-tlumaczy\/wp-content\/uploads\/sites\/27\/2026\/08\/Dwujezykowe-studia-dla-tlumaczy-Perspektywy-zatrudnienia-768x1536.webp 768w, https:\/\/pans.krosno.pl\/dwujezykowe-studia-dla-tlumaczy\/wp-content\/uploads\/sites\/27\/2026\/08\/Dwujezykowe-studia-dla-tlumaczy-Perspektywy-zatrudnienia-1024x2048.webp 1024w, https:\/\/pans.krosno.pl\/dwujezykowe-studia-dla-tlumaczy\/wp-content\/uploads\/sites\/27\/2026\/08\/Dwujezykowe-studia-dla-tlumaczy-Perspektywy-zatrudnienia-800x1600.webp 800w, https:\/\/pans.krosno.pl\/dwujezykowe-studia-dla-tlumaczy\/wp-content\/uploads\/sites\/27\/2026\/08\/Dwujezykowe-studia-dla-tlumaczy-Perspektywy-zatrudnienia-580x1160.webp 580w, https:\/\/pans.krosno.pl\/dwujezykowe-studia-dla-tlumaczy\/wp-content\/uploads\/sites\/27\/2026\/08\/Dwujezykowe-studia-dla-tlumaczy-Perspektywy-zatrudnienia-scaled.webp 1280w\" sizes=\"auto, (max-width: 512px) 100vw, 512px\" \/><span aria-hidden=\"true\" class=\"wp-block-cover__background has-background-dim-0 has-background-dim\"><\/span><div class=\"wp-block-cover__inner-container is-layout-flow wp-block-cover-is-layout-flow\">\n<p class=\"has-text-align-center has-large-font-size wp-block-paragraph\"><\/p>\n<\/div><\/div>\n<\/div>\n\n\n\n<div class=\"wp-block-column kierunek-perspektywy-kafelki is-layout-flow wp-block-column-is-layout-flow\" style=\"padding-top:0;padding-right:0;padding-bottom:0;padding-left:0;flex-basis:100%\">\n<p class=\"has-text-align-center has-text-color has-link-color wp-elements-41 wp-block-paragraph\" id=\"praca-po-studiach\" style=\"color:#f92a2a;font-size:clamp(14px, 0.875rem + ((1vw - 3.2px) * 0.078), 15px);font-style:normal;font-weight:500\"><strong>\u2014 PERSPEKTYWY ZATRUDNIENIA<\/strong><\/p>\n\n\n\n<p class=\"has-text-align-center wp-block-paragraph\" style=\"padding-top:0;padding-right:var(--wp--preset--spacing--30);padding-bottom:0;padding-left:var(--wp--preset--spacing--30);font-size:clamp(24.034px, 1.502rem + ((1vw - 3.2px) * 1.247), 40px);font-style:normal;font-weight:800;line-height:1.3\"><strong>Gdzie mo\u017cesz pracowa\u0107 po studiach?<\/strong><\/p>\n\n\n\n<p class=\"has-text-align-center kierunek-perspektywy-opis wp-block-paragraph\" style=\"font-size:clamp(14px, 0.875rem + ((1vw - 3.2px) * 0.469), 20px);\">Absolwent Dwuj\u0119zykowych studi\u00f3w dla t\u0142umaczy mo\u017ce pracowa\u0107 w biurach t\u0142umacze\u0144, firmach mi\u0119dzynarodowych oraz dzia\u0142ach wsp\u00f3\u0142pracuj\u0105cych z zagranic\u0105. Studia przygotowuj\u0105 do t\u0142umaczenia i korekty tekst\u00f3w, prowadzenia projekt\u00f3w j\u0119zykowych oraz komunikacji z klientami i partnerami zagranicznymi.<\/p>\n\n\n\n<div class=\"wp-block-columns is-layout-flex wp-container-core-columns-is-layout-002ffff5 wp-block-columns-is-layout-flex\">\n<div class=\"wp-block-column has-border-color has-base-background-color has-background is-layout-flow wp-container-core-column-is-layout-c4ba5106 wp-block-column-is-layout-flow\" style=\"border-color:#dce4ef;border-width:2px;padding-top:var(--wp--preset--spacing--20);padding-right:var(--wp--preset--spacing--20);padding-bottom:var(--wp--preset--spacing--20);padding-left:var(--wp--preset--spacing--20);box-shadow:var(--wp--preset--shadow--natural)\">\n<p class=\"wp-block-paragraph\" style=\"padding-top:0;padding-right:var(--wp--preset--spacing--20);padding-bottom:0;padding-left:var(--wp--preset--spacing--20);font-size:clamp(14px, 0.875rem + ((1vw - 3.2px) * 0.469), 20px);font-style:normal;font-weight:400\"><strong>Mened\u017cer projektu t\u0142umaczeniowego<\/strong><\/p>\n<\/div>\n\n\n\n<div class=\"wp-block-column has-border-color has-base-background-color has-background is-layout-flow wp-container-core-column-is-layout-c4ba5106 wp-block-column-is-layout-flow\" style=\"border-color:#dce4ef;border-width:2px;padding-top:var(--wp--preset--spacing--20);padding-right:var(--wp--preset--spacing--20);padding-bottom:var(--wp--preset--spacing--20);padding-left:var(--wp--preset--spacing--20);box-shadow:var(--wp--preset--shadow--natural)\">\n<p class=\"wp-block-paragraph\" style=\"padding-top:0;padding-right:var(--wp--preset--spacing--20);padding-bottom:0;padding-left:var(--wp--preset--spacing--20);font-size:clamp(14px, 0.875rem + ((1vw - 3.2px) * 0.469), 20px);font-style:normal;font-weight:400\"><strong>Document writer<\/strong><\/p>\n<\/div>\n<\/div>\n\n\n\n<div class=\"wp-block-columns is-layout-flex wp-container-core-columns-is-layout-002ffff5 wp-block-columns-is-layout-flex\">\n<div class=\"wp-block-column has-border-color has-base-background-color has-background is-layout-flow wp-container-core-column-is-layout-c4ba5106 wp-block-column-is-layout-flow\" style=\"border-color:#dce4ef;border-width:2px;padding-top:var(--wp--preset--spacing--20);padding-right:var(--wp--preset--spacing--20);padding-bottom:var(--wp--preset--spacing--20);padding-left:var(--wp--preset--spacing--20);box-shadow:var(--wp--preset--shadow--natural)\">\n<p class=\"wp-block-paragraph\" style=\"padding-top:0;padding-right:var(--wp--preset--spacing--20);padding-bottom:0;padding-left:var(--wp--preset--spacing--20);font-size:clamp(14px, 0.875rem + ((1vw - 3.2px) * 0.469), 20px);font-style:normal;font-weight:400\"><strong>Korektor w biurze t\u0142umacze\u0144<\/strong><\/p>\n<\/div>\n\n\n\n<div class=\"wp-block-column has-border-color has-base-background-color has-background is-layout-flow wp-container-core-column-is-layout-c4ba5106 wp-block-column-is-layout-flow\" style=\"border-color:#dce4ef;border-width:2px;padding-top:var(--wp--preset--spacing--20);padding-right:var(--wp--preset--spacing--20);padding-bottom:var(--wp--preset--spacing--20);padding-left:var(--wp--preset--spacing--20);box-shadow:var(--wp--preset--shadow--natural)\">\n<p class=\"wp-block-paragraph\" style=\"padding-top:0;padding-right:var(--wp--preset--spacing--20);padding-bottom:0;padding-left:var(--wp--preset--spacing--20);font-size:clamp(14px, 0.875rem + ((1vw - 3.2px) * 0.469), 20px);font-style:normal;font-weight:400\"><strong>Lektor j\u0119zyka obcego<\/strong><\/p>\n<\/div>\n<\/div>\n\n\n\n<div class=\"wp-block-columns is-layout-flex wp-container-core-columns-is-layout-002ffff5 wp-block-columns-is-layout-flex\">\n<div class=\"wp-block-column has-border-color has-base-background-color has-background is-layout-flow wp-container-core-column-is-layout-c4ba5106 wp-block-column-is-layout-flow\" style=\"border-color:#dce4ef;border-width:2px;padding-top:var(--wp--preset--spacing--20);padding-right:var(--wp--preset--spacing--20);padding-bottom:var(--wp--preset--spacing--20);padding-left:var(--wp--preset--spacing--20);box-shadow:var(--wp--preset--shadow--natural)\">\n<p class=\"wp-block-paragraph\" style=\"padding-top:0;padding-right:var(--wp--preset--spacing--20);padding-bottom:0;padding-left:var(--wp--preset--spacing--20);font-size:clamp(14px, 0.875rem + ((1vw - 3.2px) * 0.469), 20px);font-style:normal;font-weight:400\"><strong>Sales representative<\/strong><\/p>\n<\/div>\n\n\n\n<div class=\"wp-block-column has-border-color has-base-background-color has-background is-layout-flow wp-container-core-column-is-layout-c4ba5106 wp-block-column-is-layout-flow\" style=\"border-color:#dce4ef;border-width:2px;padding-top:var(--wp--preset--spacing--20);padding-right:var(--wp--preset--spacing--20);padding-bottom:var(--wp--preset--spacing--20);padding-left:var(--wp--preset--spacing--20);box-shadow:var(--wp--preset--shadow--natural)\">\n<p class=\"wp-block-paragraph\" style=\"padding-top:0;padding-right:var(--wp--preset--spacing--20);padding-bottom:0;padding-left:var(--wp--preset--spacing--20);font-size:clamp(14px, 0.875rem + ((1vw - 3.2px) * 0.469), 20px);font-style:normal;font-weight:400\"><strong>Customer relationships manager<\/strong><\/p>\n<\/div>\n<\/div>\n\n\n\n<div class=\"wp-block-columns is-layout-flex wp-container-core-columns-is-layout-002ffff5 wp-block-columns-is-layout-flex\">\n<div class=\"wp-block-column has-border-color has-base-background-color has-background is-layout-flow wp-container-core-column-is-layout-c4ba5106 wp-block-column-is-layout-flow\" style=\"border-color:#dce4ef;border-width:2px;padding-top:var(--wp--preset--spacing--20);padding-right:var(--wp--preset--spacing--20);padding-bottom:var(--wp--preset--spacing--20);padding-left:var(--wp--preset--spacing--20);box-shadow:var(--wp--preset--shadow--natural)\">\n<p class=\"wp-block-paragraph\" style=\"padding-top:0;padding-right:var(--wp--preset--spacing--20);padding-bottom:0;padding-left:var(--wp--preset--spacing--20);font-size:clamp(14px, 0.875rem + ((1vw - 3.2px) * 0.469), 20px);font-style:normal;font-weight:400\"><strong>Recruitment specialist<\/strong><\/p>\n<\/div>\n\n\n\n<div class=\"wp-block-column has-border-color has-base-background-color has-background is-layout-flow wp-container-core-column-is-layout-c4ba5106 wp-block-column-is-layout-flow\" style=\"border-color:#dce4ef;border-width:2px;padding-top:var(--wp--preset--spacing--20);padding-right:var(--wp--preset--spacing--20);padding-bottom:var(--wp--preset--spacing--20);padding-left:var(--wp--preset--spacing--20);box-shadow:var(--wp--preset--shadow--natural)\">\n<p class=\"wp-block-paragraph\" style=\"padding-top:0;padding-right:var(--wp--preset--spacing--20);padding-bottom:0;padding-left:var(--wp--preset--spacing--20);font-size:clamp(14px, 0.875rem + ((1vw - 3.2px) * 0.469), 20px);font-style:normal;font-weight:400\"><strong>Virtual assistant<\/strong><\/p>\n<\/div>\n<\/div>\n\n\n\n<div class=\"wp-block-columns is-layout-flex wp-container-core-columns-is-layout-002ffff5 wp-block-columns-is-layout-flex\">\n<div class=\"wp-block-column has-border-color has-base-background-color has-background is-layout-flow wp-container-core-column-is-layout-c4ba5106 wp-block-column-is-layout-flow\" style=\"border-color:#dce4ef;border-width:2px;padding-top:var(--wp--preset--spacing--20);padding-right:var(--wp--preset--spacing--20);padding-bottom:var(--wp--preset--spacing--20);padding-left:var(--wp--preset--spacing--20);box-shadow:var(--wp--preset--shadow--natural)\">\n<p class=\"wp-block-paragraph\" style=\"padding-top:0;padding-right:var(--wp--preset--spacing--20);padding-bottom:0;padding-left:var(--wp--preset--spacing--20);font-size:clamp(14px, 0.875rem + ((1vw - 3.2px) * 0.469), 20px);font-style:normal;font-weight:400\"><strong>T\u0142umacz<\/strong><\/p>\n<\/div>\n\n\n\n<div class=\"wp-block-column has-border-color has-base-background-color has-background is-layout-flow wp-container-core-column-is-layout-c4ba5106 wp-block-column-is-layout-flow\" style=\"border-color:#dce4ef;border-width:2px;padding-top:var(--wp--preset--spacing--20);padding-right:var(--wp--preset--spacing--20);padding-bottom:var(--wp--preset--spacing--20);padding-left:var(--wp--preset--spacing--20);box-shadow:var(--wp--preset--shadow--natural)\">\n<p class=\"wp-block-paragraph\" style=\"padding-top:0;padding-right:var(--wp--preset--spacing--20);padding-bottom:0;padding-left:var(--wp--preset--spacing--20);font-size:clamp(14px, 0.875rem + ((1vw - 3.2px) * 0.469), 20px);font-style:normal;font-weight:400\"><strong>Pracownik dzia\u0142u wsp\u00f3\u0142pracy z zagranic\u0105.<\/strong><\/p>\n<\/div>\n<\/div>\n<\/div>\n<\/div>\n<\/div>\n\n\n\n<div class=\"wp-block-group kierunek-section kierunek-galeria kierunek-container is-layout-flow wp-block-group-is-layout-flow\" style=\"padding-top:0\">\n<p class=\"has-text-align-center has-text-color has-link-color wp-elements-42 wp-block-paragraph\" id=\"galeria\" style=\"color:#f92a2a;padding-top:0;font-size:clamp(14px, 0.875rem + ((1vw - 3.2px) * 0.078), 15px);font-style:normal;font-weight:500\"><strong>\u2014 GALERIA<\/strong><\/p>\n\n\n\n<p class=\"has-text-align-center wp-block-paragraph\" style=\"padding-top:0;padding-right:var(--wp--preset--spacing--30);padding-bottom:0;padding-left:var(--wp--preset--spacing--30);font-size:clamp(24.034px, 1.502rem + ((1vw - 3.2px) * 1.247), 40px);font-style:normal;font-weight:800;line-height:1.3\"><strong>Dwuj\u0119zykowe studia dla t\u0142umaczy w praktyce<\/strong><\/p>\n\n\n\n<p class=\"has-text-align-center wp-block-paragraph\" style=\"font-size:clamp(14px, 0.875rem + ((1vw - 3.2px) * 0.469), 20px);\">Sekcja pokazuje praktyczny charakter kierunku: t\u0142umaczenia ustne i pisemne, prac\u0119 z tekstami specjalistycznymi, komunikacj\u0119 mi\u0119dzykulturow\u0105 oraz wykorzystanie j\u0119zyk\u00f3w obcych w sytuacjach zawodowych.<\/p>\n\n\n\n<div class=\"wp-block-columns kierunek-container kierunek-galeria-grid is-layout-flex wp-container-core-columns-is-layout-002ffff5 wp-block-columns-is-layout-flex\">\n<div class=\"wp-block-column kierunek-galeria-glowna is-layout-flow wp-block-column-is-layout-flow\" style=\"flex-basis:60%\">\n<div class=\"wp-block-cover aligncenter has-custom-content-position is-position-bottom-center\" style=\"min-height:440px;aspect-ratio:unset;\"><img loading=\"lazy\" decoding=\"async\" width=\"1024\" height=\"683\" class=\"wp-block-cover__image-background wp-image-4651 size-large\" alt=\"\" src=\"https:\/\/pans.krosno.pl\/dwujezykowe-studia-dla-tlumaczy\/wp-content\/uploads\/sites\/27\/2026\/08\/Dwujezykowe-studia-dla-tlumaczy-galeriapraktyce0-1024x683.webp\" data-object-fit=\"cover\" srcset=\"https:\/\/pans.krosno.pl\/dwujezykowe-studia-dla-tlumaczy\/wp-content\/uploads\/sites\/27\/2026\/08\/Dwujezykowe-studia-dla-tlumaczy-galeriapraktyce0-1024x683.webp 1024w, https:\/\/pans.krosno.pl\/dwujezykowe-studia-dla-tlumaczy\/wp-content\/uploads\/sites\/27\/2026\/08\/Dwujezykowe-studia-dla-tlumaczy-galeriapraktyce0-300x200.webp 300w, https:\/\/pans.krosno.pl\/dwujezykowe-studia-dla-tlumaczy\/wp-content\/uploads\/sites\/27\/2026\/08\/Dwujezykowe-studia-dla-tlumaczy-galeriapraktyce0-768x512.webp 768w, https:\/\/pans.krosno.pl\/dwujezykowe-studia-dla-tlumaczy\/wp-content\/uploads\/sites\/27\/2026\/08\/Dwujezykowe-studia-dla-tlumaczy-galeriapraktyce0-1536x1024.webp 1536w, https:\/\/pans.krosno.pl\/dwujezykowe-studia-dla-tlumaczy\/wp-content\/uploads\/sites\/27\/2026\/08\/Dwujezykowe-studia-dla-tlumaczy-galeriapraktyce0-800x533.webp 800w, https:\/\/pans.krosno.pl\/dwujezykowe-studia-dla-tlumaczy\/wp-content\/uploads\/sites\/27\/2026\/08\/Dwujezykowe-studia-dla-tlumaczy-galeriapraktyce0-580x387.webp 580w, https:\/\/pans.krosno.pl\/dwujezykowe-studia-dla-tlumaczy\/wp-content\/uploads\/sites\/27\/2026\/08\/Dwujezykowe-studia-dla-tlumaczy-galeriapraktyce0.webp 1872w\" sizes=\"auto, (max-width: 1024px) 100vw, 1024px\" \/><span aria-hidden=\"true\" class=\"wp-block-cover__background has-background-dim\" style=\"background-color:#071b35\"><\/span><div class=\"wp-block-cover__inner-container is-layout-flow wp-block-cover-is-layout-flow\">\n<p class=\"has-text-align-left kierunek-galeria-tag wp-block-paragraph\" style=\"font-size:clamp(14px, 0.875rem + ((1vw - 3.2px) * 0.078), 15px);\">T\u0141UMACZENIA<\/p>\n\n\n\n<p class=\"has-text-align-left kierunek-galeria-glowny-tytul wp-block-paragraph\" style=\"font-size:clamp(16.293px, 1.018rem + ((1vw - 3.2px) * 0.68), 25px);font-style:normal;font-weight:800\">Dwuj\u0119zykowe studia dla t\u0142umaczy<\/p>\n\n\n\n<p class=\"has-text-align-left kierunek-galeria-glowny-opis wp-block-paragraph\" style=\"font-size:clamp(14px, 0.875rem + ((1vw - 3.2px) * 0.078), 15px);\">Studia rozwijaj\u0105 praktyczne umiej\u0119tno\u015bci j\u0119zykowe i przygotowuj\u0105 do pracy t\u0142umacza w firmach, instytucjach oraz \u015brodowisku mi\u0119dzynarodowym.<\/p>\n<\/div><\/div>\n<\/div>\n\n\n\n<div class=\"wp-block-column kierunek-galeria-boczna is-layout-flow wp-block-column-is-layout-flow\" style=\"padding-top:0;padding-right:0;padding-bottom:0;padding-left:0;flex-basis:40%\">\n<div class=\"wp-block-columns is-layout-flex wp-container-core-columns-is-layout-002ffff5 wp-block-columns-is-layout-flex\">\n<div class=\"wp-block-column kierunek-galeria-karta is-layout-flow wp-container-core-column-is-layout-a756779a wp-block-column-is-layout-flow\" style=\"padding-top:0;padding-right:0;padding-bottom:0;padding-left:0\">\n<div class=\"wp-block-cover\" style=\"min-height:210px;aspect-ratio:unset;\"><img loading=\"lazy\" decoding=\"async\" width=\"2448\" height=\"2448\" class=\"wp-block-cover__image-background wp-image-4652 size-full\" alt=\"\" src=\"https:\/\/pans.krosno.pl\/dwujezykowe-studia-dla-tlumaczy\/wp-content\/uploads\/sites\/27\/2026\/08\/Dwujezykowe-studia-dla-tlumaczy-galeriapraktyce1.webp\" data-object-fit=\"cover\" srcset=\"https:\/\/pans.krosno.pl\/dwujezykowe-studia-dla-tlumaczy\/wp-content\/uploads\/sites\/27\/2026\/08\/Dwujezykowe-studia-dla-tlumaczy-galeriapraktyce1.webp 2448w, https:\/\/pans.krosno.pl\/dwujezykowe-studia-dla-tlumaczy\/wp-content\/uploads\/sites\/27\/2026\/08\/Dwujezykowe-studia-dla-tlumaczy-galeriapraktyce1-300x300.webp 300w, https:\/\/pans.krosno.pl\/dwujezykowe-studia-dla-tlumaczy\/wp-content\/uploads\/sites\/27\/2026\/08\/Dwujezykowe-studia-dla-tlumaczy-galeriapraktyce1-1024x1024.webp 1024w, https:\/\/pans.krosno.pl\/dwujezykowe-studia-dla-tlumaczy\/wp-content\/uploads\/sites\/27\/2026\/08\/Dwujezykowe-studia-dla-tlumaczy-galeriapraktyce1-150x150.webp 150w, https:\/\/pans.krosno.pl\/dwujezykowe-studia-dla-tlumaczy\/wp-content\/uploads\/sites\/27\/2026\/08\/Dwujezykowe-studia-dla-tlumaczy-galeriapraktyce1-768x768.webp 768w, https:\/\/pans.krosno.pl\/dwujezykowe-studia-dla-tlumaczy\/wp-content\/uploads\/sites\/27\/2026\/08\/Dwujezykowe-studia-dla-tlumaczy-galeriapraktyce1-1536x1536.webp 1536w, https:\/\/pans.krosno.pl\/dwujezykowe-studia-dla-tlumaczy\/wp-content\/uploads\/sites\/27\/2026\/08\/Dwujezykowe-studia-dla-tlumaczy-galeriapraktyce1-2048x2048.webp 2048w, https:\/\/pans.krosno.pl\/dwujezykowe-studia-dla-tlumaczy\/wp-content\/uploads\/sites\/27\/2026\/08\/Dwujezykowe-studia-dla-tlumaczy-galeriapraktyce1-2000x2000.webp 2000w, https:\/\/pans.krosno.pl\/dwujezykowe-studia-dla-tlumaczy\/wp-content\/uploads\/sites\/27\/2026\/08\/Dwujezykowe-studia-dla-tlumaczy-galeriapraktyce1-800x800.webp 800w, https:\/\/pans.krosno.pl\/dwujezykowe-studia-dla-tlumaczy\/wp-content\/uploads\/sites\/27\/2026\/08\/Dwujezykowe-studia-dla-tlumaczy-galeriapraktyce1-580x580.webp 580w\" sizes=\"auto, (max-width: 2448px) 100vw, 2448px\" \/><span aria-hidden=\"true\" class=\"wp-block-cover__background has-background-dim-40 has-background-dim\" style=\"background-color:#071b35\"><\/span><div class=\"wp-block-cover__inner-container is-layout-flow wp-block-cover-is-layout-flow\">\n<p class=\"has-text-align-center wp-block-paragraph\" style=\"font-size:clamp(16.293px, 1.018rem + ((1vw - 3.2px) * 0.68), 25px);font-style:normal;font-weight:800\">T\u0142umaczenia pisemne<\/p>\n\n\n\n<p class=\"has-text-align-center kierunek-galeria-karta-tekst wp-block-paragraph\" style=\"font-size:clamp(14px, 0.875rem + ((1vw - 3.2px) * 0.078), 15px);\">Studenci ucz\u0105 si\u0119 t\u0142umaczy\u0107 teksty biznesowe, prawne, medyczne, techniczne i administracyjne.<\/p>\n<\/div><\/div>\n<\/div>\n\n\n\n<div class=\"wp-block-column kierunek-galeria-karta is-layout-flow wp-container-core-column-is-layout-a756779a wp-block-column-is-layout-flow\" style=\"padding-top:0;padding-right:0;padding-bottom:0;padding-left:0\">\n<div class=\"wp-block-cover\" style=\"min-height:210px;aspect-ratio:unset;\"><img loading=\"lazy\" decoding=\"async\" width=\"2500\" height=\"2500\" class=\"wp-block-cover__image-background wp-image-4653 size-full\" alt=\"\" src=\"https:\/\/pans.krosno.pl\/dwujezykowe-studia-dla-tlumaczy\/wp-content\/uploads\/sites\/27\/2026\/08\/Dwujezykowe-studia-dla-tlumaczy-galeriapraktyce2.webp\" data-object-fit=\"cover\" srcset=\"https:\/\/pans.krosno.pl\/dwujezykowe-studia-dla-tlumaczy\/wp-content\/uploads\/sites\/27\/2026\/08\/Dwujezykowe-studia-dla-tlumaczy-galeriapraktyce2.webp 2500w, https:\/\/pans.krosno.pl\/dwujezykowe-studia-dla-tlumaczy\/wp-content\/uploads\/sites\/27\/2026\/08\/Dwujezykowe-studia-dla-tlumaczy-galeriapraktyce2-300x300.webp 300w, https:\/\/pans.krosno.pl\/dwujezykowe-studia-dla-tlumaczy\/wp-content\/uploads\/sites\/27\/2026\/08\/Dwujezykowe-studia-dla-tlumaczy-galeriapraktyce2-1024x1024.webp 1024w, https:\/\/pans.krosno.pl\/dwujezykowe-studia-dla-tlumaczy\/wp-content\/uploads\/sites\/27\/2026\/08\/Dwujezykowe-studia-dla-tlumaczy-galeriapraktyce2-150x150.webp 150w, https:\/\/pans.krosno.pl\/dwujezykowe-studia-dla-tlumaczy\/wp-content\/uploads\/sites\/27\/2026\/08\/Dwujezykowe-studia-dla-tlumaczy-galeriapraktyce2-768x768.webp 768w, https:\/\/pans.krosno.pl\/dwujezykowe-studia-dla-tlumaczy\/wp-content\/uploads\/sites\/27\/2026\/08\/Dwujezykowe-studia-dla-tlumaczy-galeriapraktyce2-1536x1536.webp 1536w, https:\/\/pans.krosno.pl\/dwujezykowe-studia-dla-tlumaczy\/wp-content\/uploads\/sites\/27\/2026\/08\/Dwujezykowe-studia-dla-tlumaczy-galeriapraktyce2-2048x2048.webp 2048w, https:\/\/pans.krosno.pl\/dwujezykowe-studia-dla-tlumaczy\/wp-content\/uploads\/sites\/27\/2026\/08\/Dwujezykowe-studia-dla-tlumaczy-galeriapraktyce2-2000x2000.webp 2000w, https:\/\/pans.krosno.pl\/dwujezykowe-studia-dla-tlumaczy\/wp-content\/uploads\/sites\/27\/2026\/08\/Dwujezykowe-studia-dla-tlumaczy-galeriapraktyce2-800x800.webp 800w, https:\/\/pans.krosno.pl\/dwujezykowe-studia-dla-tlumaczy\/wp-content\/uploads\/sites\/27\/2026\/08\/Dwujezykowe-studia-dla-tlumaczy-galeriapraktyce2-580x580.webp 580w\" sizes=\"auto, (max-width: 2500px) 100vw, 2500px\" \/><span aria-hidden=\"true\" class=\"wp-block-cover__background has-background-dim\" style=\"background-color:#071b35\"><\/span><div class=\"wp-block-cover__inner-container is-layout-flow wp-block-cover-is-layout-flow\">\n<p class=\"has-text-align-center wp-block-paragraph\" style=\"font-size:clamp(16.293px, 1.018rem + ((1vw - 3.2px) * 0.68), 25px);font-style:normal;font-weight:800\">T\u0142umaczenia ustne<\/p>\n\n\n\n<p class=\"has-text-align-center kierunek-galeria-karta-tekst wp-block-paragraph\" style=\"font-size:clamp(14px, 0.875rem + ((1vw - 3.2px) * 0.078), 15px);\">Program rozwija umiej\u0119tno\u015b\u0107 t\u0142umaczenia rozm\u00f3w, spotka\u0144 oraz wypowiedzi w sytuacjach zawodowych.<\/p>\n<\/div><\/div>\n<\/div>\n<\/div>\n\n\n\n<div class=\"wp-block-columns is-layout-flex wp-container-core-columns-is-layout-002ffff5 wp-block-columns-is-layout-flex\">\n<div class=\"wp-block-column kierunek-galeria-karta is-layout-flow wp-container-core-column-is-layout-a756779a wp-block-column-is-layout-flow\" style=\"padding-top:0;padding-right:0;padding-bottom:0;padding-left:0\">\n<div class=\"wp-block-cover\" style=\"min-height:210px;aspect-ratio:unset;\"><img loading=\"lazy\" decoding=\"async\" width=\"1024\" height=\"1024\" class=\"wp-block-cover__image-background wp-image-4654 size-large\" alt=\"\" src=\"https:\/\/pans.krosno.pl\/dwujezykowe-studia-dla-tlumaczy\/wp-content\/uploads\/sites\/27\/2026\/08\/Dwujezykowe-studia-dla-tlumaczy-galeriapraktyce3-1024x1024.webp\" data-object-fit=\"cover\" srcset=\"https:\/\/pans.krosno.pl\/dwujezykowe-studia-dla-tlumaczy\/wp-content\/uploads\/sites\/27\/2026\/08\/Dwujezykowe-studia-dla-tlumaczy-galeriapraktyce3-1024x1024.webp 1024w, https:\/\/pans.krosno.pl\/dwujezykowe-studia-dla-tlumaczy\/wp-content\/uploads\/sites\/27\/2026\/08\/Dwujezykowe-studia-dla-tlumaczy-galeriapraktyce3-300x300.webp 300w, https:\/\/pans.krosno.pl\/dwujezykowe-studia-dla-tlumaczy\/wp-content\/uploads\/sites\/27\/2026\/08\/Dwujezykowe-studia-dla-tlumaczy-galeriapraktyce3-150x150.webp 150w, https:\/\/pans.krosno.pl\/dwujezykowe-studia-dla-tlumaczy\/wp-content\/uploads\/sites\/27\/2026\/08\/Dwujezykowe-studia-dla-tlumaczy-galeriapraktyce3-768x768.webp 768w, https:\/\/pans.krosno.pl\/dwujezykowe-studia-dla-tlumaczy\/wp-content\/uploads\/sites\/27\/2026\/08\/Dwujezykowe-studia-dla-tlumaczy-galeriapraktyce3-1536x1536.webp 1536w, https:\/\/pans.krosno.pl\/dwujezykowe-studia-dla-tlumaczy\/wp-content\/uploads\/sites\/27\/2026\/08\/Dwujezykowe-studia-dla-tlumaczy-galeriapraktyce3-2048x2048.webp 2048w, https:\/\/pans.krosno.pl\/dwujezykowe-studia-dla-tlumaczy\/wp-content\/uploads\/sites\/27\/2026\/08\/Dwujezykowe-studia-dla-tlumaczy-galeriapraktyce3-2000x2000.webp 2000w, https:\/\/pans.krosno.pl\/dwujezykowe-studia-dla-tlumaczy\/wp-content\/uploads\/sites\/27\/2026\/08\/Dwujezykowe-studia-dla-tlumaczy-galeriapraktyce3-800x800.webp 800w, https:\/\/pans.krosno.pl\/dwujezykowe-studia-dla-tlumaczy\/wp-content\/uploads\/sites\/27\/2026\/08\/Dwujezykowe-studia-dla-tlumaczy-galeriapraktyce3-580x580.webp 580w\" sizes=\"auto, (max-width: 1024px) 100vw, 1024px\" \/><span aria-hidden=\"true\" class=\"wp-block-cover__background has-background-dim\" style=\"background-color:#071b35\"><\/span><div class=\"wp-block-cover__inner-container is-layout-flow wp-block-cover-is-layout-flow\">\n<p class=\"has-text-align-center wp-block-paragraph\" style=\"font-size:clamp(16.293px, 1.018rem + ((1vw - 3.2px) * 0.68), 25px);font-style:normal;font-weight:800\">J\u0119zyki specjalistyczne<\/p>\n\n\n\n<p class=\"has-text-align-center kierunek-galeria-karta-tekst wp-block-paragraph\" style=\"font-size:clamp(14px, 0.875rem + ((1vw - 3.2px) * 0.078), 15px);\">Kierunek obejmuje terminologi\u0119 stosowan\u0105 w r\u00f3\u017cnych bran\u017cach, firmach i instytucjach.<\/p>\n<\/div><\/div>\n<\/div>\n\n\n\n<div class=\"wp-block-column kierunek-galeria-karta is-layout-flow wp-container-core-column-is-layout-a756779a wp-block-column-is-layout-flow\" style=\"padding-top:0;padding-right:0;padding-bottom:0;padding-left:0\">\n<div class=\"wp-block-cover\" style=\"min-height:210px;aspect-ratio:unset;\"><img loading=\"lazy\" decoding=\"async\" width=\"1024\" height=\"586\" class=\"wp-block-cover__image-background wp-image-4655 size-large\" alt=\"\" src=\"https:\/\/pans.krosno.pl\/dwujezykowe-studia-dla-tlumaczy\/wp-content\/uploads\/sites\/27\/2026\/08\/Dwujezykowe-studia-dla-tlumaczy-galeriapraktyce4-1024x586.webp\" data-object-fit=\"cover\" srcset=\"https:\/\/pans.krosno.pl\/dwujezykowe-studia-dla-tlumaczy\/wp-content\/uploads\/sites\/27\/2026\/08\/Dwujezykowe-studia-dla-tlumaczy-galeriapraktyce4-1024x586.webp 1024w, https:\/\/pans.krosno.pl\/dwujezykowe-studia-dla-tlumaczy\/wp-content\/uploads\/sites\/27\/2026\/08\/Dwujezykowe-studia-dla-tlumaczy-galeriapraktyce4-300x172.webp 300w, https:\/\/pans.krosno.pl\/dwujezykowe-studia-dla-tlumaczy\/wp-content\/uploads\/sites\/27\/2026\/08\/Dwujezykowe-studia-dla-tlumaczy-galeriapraktyce4-768x440.webp 768w, https:\/\/pans.krosno.pl\/dwujezykowe-studia-dla-tlumaczy\/wp-content\/uploads\/sites\/27\/2026\/08\/Dwujezykowe-studia-dla-tlumaczy-galeriapraktyce4-1536x879.webp 1536w, https:\/\/pans.krosno.pl\/dwujezykowe-studia-dla-tlumaczy\/wp-content\/uploads\/sites\/27\/2026\/08\/Dwujezykowe-studia-dla-tlumaczy-galeriapraktyce4-2048x1172.webp 2048w, https:\/\/pans.krosno.pl\/dwujezykowe-studia-dla-tlumaczy\/wp-content\/uploads\/sites\/27\/2026\/08\/Dwujezykowe-studia-dla-tlumaczy-galeriapraktyce4-2000x1145.webp 2000w, https:\/\/pans.krosno.pl\/dwujezykowe-studia-dla-tlumaczy\/wp-content\/uploads\/sites\/27\/2026\/08\/Dwujezykowe-studia-dla-tlumaczy-galeriapraktyce4-800x458.webp 800w, https:\/\/pans.krosno.pl\/dwujezykowe-studia-dla-tlumaczy\/wp-content\/uploads\/sites\/27\/2026\/08\/Dwujezykowe-studia-dla-tlumaczy-galeriapraktyce4-580x332.webp 580w\" sizes=\"auto, (max-width: 1024px) 100vw, 1024px\" \/><span aria-hidden=\"true\" class=\"wp-block-cover__background has-background-dim\" style=\"background-color:#071b35\"><\/span><div class=\"wp-block-cover__inner-container is-layout-flow wp-block-cover-is-layout-flow\">\n<p class=\"has-text-align-center wp-block-paragraph\" style=\"font-size:clamp(16.293px, 1.018rem + ((1vw - 3.2px) * 0.68), 25px);font-style:normal;font-weight:800\">Komunikacja<\/p>\n\n\n\n<p class=\"has-text-align-center kierunek-galeria-karta-tekst wp-block-paragraph\" style=\"font-size:clamp(14px, 0.875rem + ((1vw - 3.2px) * 0.078), 15px);\">Studia przygotowuj\u0105 do wsp\u00f3\u0142pracy z zagranicznymi klientami, partnerami i zespo\u0142ami.<\/p>\n<\/div><\/div>\n<\/div>\n<\/div>\n<\/div>\n<\/div>\n<\/div>\n\n\n\n<div class=\"wp-block-group kierunek-section kierunek-aktualnosci kierunek-container has-background is-layout-flow wp-block-group-is-layout-flow\" style=\"background-color:#f4f7fb\">\n<p class=\"has-text-align-center has-text-color has-link-color wp-elements-43 wp-block-paragraph\" style=\"color:#f92a2a;padding-left:var(--wp--preset--spacing--30);font-size:clamp(14px, 0.875rem + ((1vw - 3.2px) * 0.078), 15px);font-style:normal;font-weight:500\"><strong>\u2014 <\/strong>AKTUALNO\u015aCI<\/p>\n\n\n\n<p class=\"has-text-align-center wp-block-paragraph\" style=\"padding-left:var(--wp--preset--spacing--30);font-size:clamp(24.034px, 1.502rem + ((1vw - 3.2px) * 1.247), 40px);font-style:normal;font-weight:800;line-height:1.3\"><strong>Co nowego na kierunku?<\/strong><\/p>\n\n\n<ul class=\"wp-block-latest-posts__list has-dates wp-block-latest-posts is-layout-flow wp-block-latest-posts-is-layout-flow\"><li><div class=\"wp-block-latest-posts__featured-image\"><img loading=\"lazy\" decoding=\"async\" width=\"225\" height=\"300\" src=\"https:\/\/pans.krosno.pl\/dwujezykowe-studia-dla-tlumaczy\/wp-content\/uploads\/sites\/27\/2026\/09\/WLuOV2NS-225x300.jpg\" class=\"attachment-medium size-medium wp-post-image\" alt=\"\" style=\"\" srcset=\"https:\/\/pans.krosno.pl\/dwujezykowe-studia-dla-tlumaczy\/wp-content\/uploads\/sites\/27\/2026\/09\/WLuOV2NS-225x300.jpg 225w, https:\/\/pans.krosno.pl\/dwujezykowe-studia-dla-tlumaczy\/wp-content\/uploads\/sites\/27\/2026\/09\/WLuOV2NS-768x1024.jpg 768w, https:\/\/pans.krosno.pl\/dwujezykowe-studia-dla-tlumaczy\/wp-content\/uploads\/sites\/27\/2026\/09\/WLuOV2NS-800x1067.jpg 800w, https:\/\/pans.krosno.pl\/dwujezykowe-studia-dla-tlumaczy\/wp-content\/uploads\/sites\/27\/2026\/09\/WLuOV2NS-580x773.jpg 580w, https:\/\/pans.krosno.pl\/dwujezykowe-studia-dla-tlumaczy\/wp-content\/uploads\/sites\/27\/2026\/09\/WLuOV2NS.jpg 900w\" sizes=\"auto, (max-width: 225px) 100vw, 225px\" \/><\/div><a class=\"wp-block-latest-posts__post-title\" href=\"https:\/\/pans.krosno.pl\/dwujezykowe-studia-dla-tlumaczy\/studenci-pans-w-krosnie-z-wizyta-w-turcji\/\">Studenci PANS w Kro\u015bnie z wizyt\u0105 w Turcji<\/a><time datetime=\"2026-09-02T17:25:08+02:00\" class=\"wp-block-latest-posts__post-date\">2 wrze\u015bnia 2026<\/time><\/li>\n<li><div class=\"wp-block-latest-posts__featured-image\"><img loading=\"lazy\" decoding=\"async\" width=\"225\" height=\"300\" src=\"https:\/\/pans.krosno.pl\/dwujezykowe-studia-dla-tlumaczy\/wp-content\/uploads\/sites\/27\/2026\/08\/IMG-20260824-WA0001-225x300.jpg\" class=\"attachment-medium size-medium wp-post-image\" alt=\"\" style=\"\" srcset=\"https:\/\/pans.krosno.pl\/dwujezykowe-studia-dla-tlumaczy\/wp-content\/uploads\/sites\/27\/2026\/08\/IMG-20260824-WA0001-225x300.jpg 225w, https:\/\/pans.krosno.pl\/dwujezykowe-studia-dla-tlumaczy\/wp-content\/uploads\/sites\/27\/2026\/08\/IMG-20260824-WA0001-768x1024.jpg 768w, https:\/\/pans.krosno.pl\/dwujezykowe-studia-dla-tlumaczy\/wp-content\/uploads\/sites\/27\/2026\/08\/IMG-20260824-WA0001-1152x1536.jpg 1152w, https:\/\/pans.krosno.pl\/dwujezykowe-studia-dla-tlumaczy\/wp-content\/uploads\/sites\/27\/2026\/08\/IMG-20260824-WA0001-800x1067.jpg 800w, https:\/\/pans.krosno.pl\/dwujezykowe-studia-dla-tlumaczy\/wp-content\/uploads\/sites\/27\/2026\/08\/IMG-20260824-WA0001-580x773.jpg 580w, https:\/\/pans.krosno.pl\/dwujezykowe-studia-dla-tlumaczy\/wp-content\/uploads\/sites\/27\/2026\/08\/IMG-20260824-WA0001.jpg 1200w\" sizes=\"auto, (max-width: 225px) 100vw, 225px\" \/><\/div><a class=\"wp-block-latest-posts__post-title\" href=\"https:\/\/pans.krosno.pl\/dwujezykowe-studia-dla-tlumaczy\/karpackie-klimaty-na-pans\/\">Karpackie Klimaty na PANS<\/a><time datetime=\"2026-08-24T11:08:07+02:00\" class=\"wp-block-latest-posts__post-date\">24 sierpnia 2026<\/time><\/li>\n<li><div class=\"wp-block-latest-posts__featured-image\"><img loading=\"lazy\" decoding=\"async\" width=\"300\" height=\"217\" src=\"https:\/\/pans.krosno.pl\/dwujezykowe-studia-dla-tlumaczy\/wp-content\/uploads\/sites\/27\/2026\/06\/52e52f25db25f_o_medium-300x217.jpg\" class=\"attachment-medium size-medium wp-post-image\" alt=\"\" style=\"\" srcset=\"https:\/\/pans.krosno.pl\/dwujezykowe-studia-dla-tlumaczy\/wp-content\/uploads\/sites\/27\/2026\/06\/52e52f25db25f_o_medium-300x217.jpg 300w, https:\/\/pans.krosno.pl\/dwujezykowe-studia-dla-tlumaczy\/wp-content\/uploads\/sites\/27\/2026\/06\/52e52f25db25f_o_medium-580x419.jpg 580w, https:\/\/pans.krosno.pl\/dwujezykowe-studia-dla-tlumaczy\/wp-content\/uploads\/sites\/27\/2026\/06\/52e52f25db25f_o_medium.jpg 640w\" sizes=\"auto, (max-width: 300px) 100vw, 300px\" \/><\/div><a class=\"wp-block-latest-posts__post-title\" href=\"https:\/\/pans.krosno.pl\/dwujezykowe-studia-dla-tlumaczy\/letnia-sesja-egzaminacyjna-dobiegla-konca\/\">Letnia sesja egzaminacyjna dobieg\u0142a ko\u0144ca!<\/a><time datetime=\"2026-06-28T20:52:47+02:00\" class=\"wp-block-latest-posts__post-date\">28 czerwca 2026<\/time><\/li>\n<li><div class=\"wp-block-latest-posts__featured-image\"><img loading=\"lazy\" decoding=\"async\" width=\"300\" height=\"225\" src=\"https:\/\/pans.krosno.pl\/dwujezykowe-studia-dla-tlumaczy\/wp-content\/uploads\/sites\/27\/2026\/06\/IMG20260610124846-300x225.jpg\" class=\"attachment-medium size-medium wp-post-image\" alt=\"\" style=\"\" srcset=\"https:\/\/pans.krosno.pl\/dwujezykowe-studia-dla-tlumaczy\/wp-content\/uploads\/sites\/27\/2026\/06\/IMG20260610124846-300x225.jpg 300w, https:\/\/pans.krosno.pl\/dwujezykowe-studia-dla-tlumaczy\/wp-content\/uploads\/sites\/27\/2026\/06\/IMG20260610124846-768x576.jpg 768w, https:\/\/pans.krosno.pl\/dwujezykowe-studia-dla-tlumaczy\/wp-content\/uploads\/sites\/27\/2026\/06\/IMG20260610124846-800x600.jpg 800w, https:\/\/pans.krosno.pl\/dwujezykowe-studia-dla-tlumaczy\/wp-content\/uploads\/sites\/27\/2026\/06\/IMG20260610124846-580x435.jpg 580w, https:\/\/pans.krosno.pl\/dwujezykowe-studia-dla-tlumaczy\/wp-content\/uploads\/sites\/27\/2026\/06\/IMG20260610124846.jpg 857w\" sizes=\"auto, (max-width: 300px) 100vw, 300px\" \/><\/div><a class=\"wp-block-latest-posts__post-title\" href=\"https:\/\/pans.krosno.pl\/dwujezykowe-studia-dla-tlumaczy\/wyklad-prof-kazimierza-sikory-poswiecony-profesorowi-stanislawowi-pigoniowi-patronowi-naszej-uczelni\/\">Wyk\u0142ad prof. Kazimierza Sikory po\u015bwi\u0119cony profesorowi Stanis\u0142awowi Pigoniowi -patronowi naszej Uczelni<\/a><time datetime=\"2026-06-11T21:24:09+02:00\" class=\"wp-block-latest-posts__post-date\">11 czerwca 2026<\/time><\/li>\n<\/ul>\n\n\n<hr class=\"wp-block-separator has-alpha-channel-opacity kierunek-aktualnosci-separator\"\/>\n\n\n\n<div class=\"wp-block-buttons is-horizontal is-content-justification-center is-layout-flex wp-container-core-buttons-is-layout-dabe8718 wp-block-buttons-is-layout-flex\" style=\"margin-top:var(--wp--preset--spacing--30);margin-bottom:var(--wp--preset--spacing--30);padding-top:0;padding-bottom:var(--wp--preset--spacing--30)\">\n<div class=\"wp-block-button kierunek-aktualnosci-wiecej\"><a class=\"wp-block-button__link has-black-color has-white-background-color has-text-color has-background has-link-color has-custom-font-size wp-element-button\" href=\"https:\/\/pans.krosno.pl\/dwujezykowe-studia-dla-tlumaczy\/aktualnosci-dsdt\/\" style=\"border-style:none;border-width:0px;border-top-left-radius:0px;border-top-right-radius:0px;border-bottom-left-radius:0px;border-bottom-right-radius:0px;font-size:clamp(14px, 0.875rem + ((1vw - 3.2px) * 0.078), 15px);font-style:normal;font-weight:800;text-decoration:underline\"><strong>Zobacz wi\u0119cej<\/strong><\/a><\/div>\n<\/div>\n<\/div>\n\n\n\n<div class=\"wp-block-columns kierunek-section kierunek-kadra-kontakt kierunek-container is-layout-flex wp-container-core-columns-is-layout-002ffff5 wp-block-columns-is-layout-flex\">\n<div class=\"wp-block-column kierunek-kadra is-layout-flow wp-block-column-is-layout-flow\" style=\"flex-basis:55%\">\n<div class=\"wp-block-group has-background is-layout-constrained wp-container-core-group-is-layout-0d9b7f22 wp-block-group-is-layout-constrained\" style=\"background-color:#071b35;min-height:100%;padding-top:55px;padding-right:0px;padding-bottom:55px;padding-left:0px\">\n<div class=\"wp-block-group is-vertical is-content-justification-left is-nowrap is-layout-flex wp-container-core-group-is-layout-5ab3ec34 wp-block-group-is-layout-flex\" style=\"min-height:0px;padding-top:0;padding-bottom:0\">\n<p class=\"has-text-color has-link-color wp-elements-44 wp-block-paragraph\" style=\"color:#f92a2a;font-style:normal;font-weight:800\"><strong>\u2014 Kadra naukowa<\/strong><\/p>\n\n\n\n<p class=\"has-text-align-left has-white-color has-text-color has-link-color wp-elements-45 wp-block-paragraph\" style=\"font-size:clamp(24.034px, 1.502rem + ((1vw - 3.2px) * 1.247), 40px);font-style:normal;font-weight:700;line-height:1.3\"><strong>Kadra kierunku<\/strong><\/p>\n\n\n\n<p class=\"has-text-align-left has-white-color has-text-color has-link-color wp-elements-46 wp-block-paragraph\" style=\"font-size:clamp(14px, 0.875rem + ((1vw - 3.2px) * 0.469), 20px);\">Zaj\u0119cia prowadz\u0105 nauczyciele akademiccy oraz praktycy z do\u015bwiadczeniem w t\u0142umaczeniach, nauczaniu j\u0119zyk\u00f3w obcych i komunikacji mi\u0119dzykulturowej. Dzi\u0119ki temu studenci \u0142\u0105cz\u0105 rozw\u00f3j kompetencji j\u0119zykowych z praktycznym przygotowaniem do t\u0142umaczenia tekst\u00f3w specjalistycznych oraz pracy w \u015brodowisku mi\u0119dzynarodowym.<\/p>\n\n\n\n<div class=\"wp-block-buttons is-horizontal is-content-justification-center is-layout-flex wp-container-core-buttons-is-layout-8180b600 wp-block-buttons-is-layout-flex\">\n<div class=\"wp-block-button\"><a class=\"wp-block-button__link has-black-color has-white-background-color has-text-color has-background has-link-color has-custom-font-size wp-element-button\" href=\"https:\/\/pans.krosno.pl\/dwujezykowe-studia-dla-tlumaczy\/pracownicy\/\" style=\"border-style:none;border-width:0px;border-top-left-radius:0px;border-top-right-radius:0px;border-bottom-left-radius:0px;border-bottom-right-radius:0px;font-size:clamp(14px, 0.875rem + ((1vw - 3.2px) * 0.078), 15px);font-style:normal;font-weight:800;text-decoration:underline\"><strong>K<\/strong>ADRA NAUKOWA<\/a><\/div>\n\n\n\n<div class=\"wp-block-button is-style-outline is-style-outline--2\"><a class=\"wp-block-button__link has-white-color has-text-color has-background has-link-color has-border-color has-custom-font-size wp-element-button\" href=\"https:\/\/pans.krosno.pl\/dwujezykowe-studia-dla-tlumaczy\/dyzury-pracownikow\/\" style=\"border-color:#bcbcbc;border-width:1px;border-top-left-radius:0px;border-top-right-radius:0px;border-bottom-left-radius:0px;border-bottom-right-radius:0px;background-color:#12121200;font-size:clamp(14px, 0.875rem + ((1vw - 3.2px) * 0.078), 15px);font-style:normal;font-weight:800;text-decoration:underline\">DY\u017bURY<\/a><\/div>\n<\/div>\n<\/div>\n<\/div>\n<\/div>\n\n\n\n<div class=\"wp-block-column kierunek-kontakt is-layout-flow wp-block-column-is-layout-flow\" style=\"line-height:1.4;flex-basis:45%\">\n<p class=\"has-text-align-right has-text-color has-link-color wp-elements-47 wp-block-paragraph\" id=\"kontakt\" style=\"color:#f92a2a;padding-right:var(--wp--preset--spacing--20);padding-left:0;font-size:clamp(14px, 0.875rem + ((1vw - 3.2px) * 0.078), 15px);font-style:normal;font-weight:500\"><strong>\u2014 KONTAKT ORGANIZACYJNY<\/strong><\/p>\n\n\n\n<p class=\"wp-block-paragraph\" style=\"font-size:clamp(24.034px, 1.502rem + ((1vw - 3.2px) * 1.247), 40px);font-style:normal;font-weight:800;line-height:1.3\"><strong>Masz pytania?<\/strong><\/p>\n\n\n\n<p class=\"wp-block-paragraph\">Skontaktuj si\u0119 z Uczelni\u0105 lub przejd\u017a do systemu IRK, aby rozpocz\u0105\u0107 rekrutacj\u0119.<\/p>\n\n\n\n<div class=\"wp-block-group has-border-color has-base-background-color has-background is-layout-flow wp-block-group-is-layout-flow\" style=\"border-color:#dce4ef;border-width:1px;padding-left:var(--wp--preset--spacing--30)\">\n<p class=\"has-text-color has-link-color wp-elements-48 wp-block-paragraph\" style=\"color:#667085;font-size:clamp(16.293px, 1.018rem + ((1vw - 3.2px) * 0.68), 25px);font-style:normal;font-weight:500\"><strong>System rekrutacji<\/strong><\/p>\n\n\n\n<p class=\"wp-block-paragraph\" style=\"font-size:clamp(14px, 0.875rem + ((1vw - 3.2px) * 0.469), 20px);font-style:normal;font-weight:500\"><a href=\"https:\/\/irk.pans.krosno.pl\/pl\/\"><strong>irk.pans.krosno.pl<\/strong><\/a><\/p>\n<\/div>\n\n\n\n<div class=\"wp-block-group has-border-color has-base-background-color has-background is-layout-flow wp-block-group-is-layout-flow\" style=\"border-color:#dce4ef;border-width:1px;padding-left:var(--wp--preset--spacing--30)\">\n<p class=\"has-text-color has-link-color wp-elements-49 wp-block-paragraph\" style=\"color:#667085;font-size:clamp(16.293px, 1.018rem + ((1vw - 3.2px) * 0.68), 25px);font-style:normal;font-weight:500\"><strong>Program studi\u00f3w<\/strong><\/p>\n\n\n\n<p class=\"wp-block-paragraph\" style=\"font-size:clamp(14px, 0.875rem + ((1vw - 3.2px) * 0.469), 20px);font-style:normal;font-weight:500;text-decoration:underline\"><strong><a href=\"https:\/\/pans.krosno.pl\/ratownictwo-medyczne\/program-studiow\/\"><\/a><\/strong><a href=\"https:\/\/pans.krosno.pl\/dwujezykowe-studia-dla-tlumaczy\/programy-studiow\/\"><strong>Dwuj\u0119zykowe studia dla t\u0142umaczy &#8211; PANS w Kro\u015bnie<\/strong><\/a><\/p>\n<\/div>\n\n\n\n<div class=\"wp-block-group has-border-color has-base-background-color has-background is-layout-flow wp-block-group-is-layout-flow\" style=\"border-color:#dce4ef;border-width:1px;padding-left:var(--wp--preset--spacing--30)\">\n<p class=\"has-text-color has-link-color wp-elements-50 wp-block-paragraph\" style=\"color:#667085;font-size:clamp(16.293px, 1.018rem + ((1vw - 3.2px) * 0.68), 25px);font-style:normal;font-weight:500\"><strong>E-mail<\/strong><\/p>\n\n\n\n<p class=\"wp-block-paragraph\" style=\"font-size:clamp(14px, 0.875rem + ((1vw - 3.2px) * 0.469), 20px);font-style:normal;font-weight:500\"><strong><a href=\"mailto:rekrutacja@pans.krosno.pl\">rekrutacja@pans.krosno.pl<\/a><\/strong><\/p>\n<\/div>\n\n\n\n<div class=\"wp-block-group has-border-color has-base-background-color has-background is-layout-flow wp-block-group-is-layout-flow\" style=\"border-color:#dce4ef;border-width:1px;padding-left:var(--wp--preset--spacing--30)\">\n<p class=\"has-text-color has-link-color wp-elements-51 wp-block-paragraph\" style=\"color:#667085;font-size:clamp(16.293px, 1.018rem + ((1vw - 3.2px) * 0.68), 25px);font-style:normal;font-weight:500\"><strong>Telefon<\/strong><\/p>\n\n\n\n<p class=\"wp-block-paragraph\" style=\"font-size:clamp(14px, 0.875rem + ((1vw - 3.2px) * 0.469), 20px);font-style:normal;font-weight:500\"><strong>13-43-755-00<\/strong><\/p>\n<\/div>\n<\/div>\n<\/div>\n\n\n\n<div class=\"wp-block-group kierunek-section kierunek-faq is-layout-flow wp-block-group-is-layout-flow\">\n<p class=\"has-text-align-center has-text-color has-link-color wp-elements-52 wp-block-paragraph\" id=\"FAQ\" style=\"color:#f92a2a;padding-top:var(--wp--preset--spacing--30);font-size:clamp(14px, 0.875rem + ((1vw - 3.2px) * 0.078), 15px);font-style:normal;font-weight:500\"><strong>\u2014 FAQ<\/strong><\/p>\n\n\n\n<p class=\"has-text-align-center wp-block-paragraph\" style=\"font-size:clamp(24.034px, 1.502rem + ((1vw - 3.2px) * 1.247), 40px);font-style:normal;font-weight:800;line-height:1.3\">Najcz\u0119\u015bciej zadawane pytania<\/p>\n\n\n\n<div class=\"wp-block-group kierunek-container kierunek-faq-lista is-layout-flow wp-block-group-is-layout-flow\">\n<details class=\"wp-block-details has-border-color is-layout-flow wp-container-core-details-is-layout-e199bed3 wp-block-details-is-layout-flow\" style=\"border-color:#dce4ef;border-width:1px;padding-top:var(--wp--preset--spacing--20);padding-right:var(--wp--preset--spacing--20);padding-bottom:var(--wp--preset--spacing--20);padding-left:var(--wp--preset--spacing--20);font-size:clamp(14px, 0.875rem + ((1vw - 3.2px) * 0.469), 20px);font-style:normal;font-weight:500;line-height:1.5\"><summary><strong>Czy kierunek jest dost\u0119pny w formule stacjonarnej 26+ (popo\u0142udniowej)?<\/strong><\/summary>\n<p class=\"has-text-color has-link-color wp-elements-53 wp-block-paragraph\" style=\"color:#667085;font-size:clamp(14px, 0.875rem + ((1vw - 3.2px) * 0.313), 18px);\">Nie. Dwuj\u0119zykowe studia dla t\u0142umaczy s\u0105 prowadzone w formie stacjonarnej.<\/p>\n<\/details>\n\n\n\n<details class=\"wp-block-details has-border-color is-layout-flow wp-container-core-details-is-layout-e199bed3 wp-block-details-is-layout-flow\" style=\"border-color:#dce4ef;border-width:1px;padding-top:var(--wp--preset--spacing--20);padding-right:var(--wp--preset--spacing--20);padding-bottom:var(--wp--preset--spacing--20);padding-left:var(--wp--preset--spacing--20);font-size:clamp(14px, 0.875rem + ((1vw - 3.2px) * 0.469), 20px);font-style:normal;font-weight:500;line-height:1.5\"><summary><strong>Jakie j\u0119zyki obce mo\u017cna rozwija\u0107 podczas studi\u00f3w?<\/strong><\/summary>\n<p class=\"has-text-color has-link-color wp-elements-54 wp-block-paragraph\" style=\"color:#667085;font-size:clamp(14px, 0.875rem + ((1vw - 3.2px) * 0.313), 18px);\">Studenci rozwijaj\u0105 j\u0119zyk angielski oraz drugi j\u0119zyk do wyboru: niemiecki albo hiszpa\u0144ski.<br><\/p>\n<\/details>\n\n\n\n<details class=\"wp-block-details has-border-color is-layout-flow wp-container-core-details-is-layout-e199bed3 wp-block-details-is-layout-flow\" style=\"border-color:#dce4ef;border-width:1px;padding-top:var(--wp--preset--spacing--20);padding-right:var(--wp--preset--spacing--20);padding-bottom:var(--wp--preset--spacing--20);padding-left:var(--wp--preset--spacing--20);font-size:clamp(14px, 0.875rem + ((1vw - 3.2px) * 0.469), 20px);font-style:normal;font-weight:500;line-height:1.5\"><summary><strong>O jakie formy wsparcia mog\u0119 si\u0119 ubiega\u0107 podczas studi\u00f3w?<\/strong><\/summary>\n<p class=\"has-text-color has-link-color wp-elements-55 wp-block-paragraph\" style=\"color:#667085;font-size:clamp(14px, 0.875rem + ((1vw - 3.2px) * 0.313), 18px);\">Studenci mog\u0105 korzysta\u0107 z dost\u0119pnych form wsparcia oferowanych przez uczelni\u0119, m.in. stypendi\u00f3w, pomocy materialnej, wsparcia dla os\u00f3b z niepe\u0142nosprawno\u015bciami oraz inicjatyw studenckich.<\/p>\n<\/details>\n\n\n\n<details class=\"wp-block-details has-border-color is-layout-flow wp-container-core-details-is-layout-e199bed3 wp-block-details-is-layout-flow\" style=\"border-color:#dce4ef;border-width:1px;padding-top:var(--wp--preset--spacing--20);padding-right:var(--wp--preset--spacing--20);padding-bottom:var(--wp--preset--spacing--20);padding-left:var(--wp--preset--spacing--20);font-size:clamp(14px, 0.875rem + ((1vw - 3.2px) * 0.469), 20px);font-style:normal;font-weight:500;line-height:1.5\"><summary><strong>Kiedy wybiera si\u0119 specjalno\u015b\u0107?<\/strong><\/summary>\n<p class=\"has-text-color has-link-color wp-elements-56 wp-block-paragraph\" style=\"color:#667085;font-size:clamp(14px, 0.875rem + ((1vw - 3.2px) * 0.313), 18px);\">Specjalno\u015b\u0107 wybiera si\u0119 w trakcie studi\u00f3w, po poznaniu podstawowych obszar\u00f3w pracy t\u0142umacza. U\u0142atwia to wyb\u00f3r mi\u0119dzy t\u0142umaczeniami \u015brodowiskowymi a t\u0142umaczeniami w kontek\u015bcie zawodowym.<\/p>\n<\/details>\n<\/div>\n<\/div>\n<\/div>\n\n\n\n<p class=\"wp-block-paragraph\"><\/p>\n","protected":false},"excerpt":{"rendered":"<p>\u2014 Opis Kierunku J\u0119zyki, przek\u0142ad i komunikacja Dwuj\u0119zykowe studia dla t\u0142umaczy przygotowuj\u0105 do praktycznej pracy z j\u0119zykiem angielskim oraz drugim j\u0119zykiem do wyboru: niemieckim lub hiszpa\u0144skim. Studenci rozwijaj\u0105 umiej\u0119tno\u015bci t\u0142umaczenia ustnego i pisemnego oraz ucz\u0105 si\u0119 korzysta\u0107 ze specjalistycznego oprogramowania. Program obejmuje przek\u0142ad tekst\u00f3w biznesowych, ekonomicznych, medycznych, prawnych, administracyjnych i [\u2026] <\/p>\n<div class=\"clear\"><\/div>\n<p><a class=\"more_link clearfix\" href=\"https:\/\/pans.krosno.pl\/dwujezykowe-studia-dla-tlumaczy\/\" rel=\"nofollow\">Read More<\/a><\/p>\n","protected":false},"author":27,"featured_media":3135,"parent":0,"menu_order":0,"comment_status":"closed","ping_status":"closed","template":"page-templates\/template-full-width-without-breadcrumbs.php","meta":{"ngg_post_thumbnail":0,"footnotes":""},"class_list":["post-67","page","type-page","status-publish","has-post-thumbnail","hentry"],"yoast_head":"<!-- This site is optimized with the Yoast SEO Premium plugin v28.3 (Yoast SEO v28.3) - https:\/\/yoast.com\/product\/yoast-seo-premium-wordpress\/ -->\n<title>Dwuj\u0119zykowe Studia dla T\u0142umaczy | PANS w Kro\u015bnie<\/title>\n<meta name=\"description\" content=\"Dwuj\u0119zykowe studia dla t\u0142umaczy w PANS Krosno \u27a4 Praktyczne umiej\u0119tno\u015bci t\u0142umaczeniowe z angielskiego i niemieckiego lub hiszpa\u0144skiego. Sprawd\u017a!\" \/>\n<meta name=\"robots\" content=\"index, follow, max-snippet:-1, max-image-preview:large, max-video-preview:-1\" \/>\n<link rel=\"canonical\" href=\"https:\/\/pans.krosno.pl\/dwujezykowe-studia-dla-tlumaczy\/\" \/>\n<meta property=\"og:locale\" content=\"pl_PL\" \/>\n<meta property=\"og:type\" content=\"article\" \/>\n<meta property=\"og:title\" content=\"Strona G\u0142\u00f3wna\" \/>\n<meta property=\"og:description\" content=\"Dwuj\u0119zykowe studia dla t\u0142umaczy w PANS Krosno \u27a4 Praktyczne umiej\u0119tno\u015bci t\u0142umaczeniowe z angielskiego i niemieckiego lub hiszpa\u0144skiego. Sprawd\u017a!\" \/>\n<meta property=\"og:url\" content=\"https:\/\/pans.krosno.pl\/dwujezykowe-studia-dla-tlumaczy\/\" \/>\n<meta property=\"og:site_name\" content=\"Dwuj\u0119zykowe Studia dla T\u0142umaczy PANS w Kro\u015bnie\" \/>\n<meta property=\"article:modified_time\" content=\"2026-08-12T12:48:08+00:00\" \/>\n<meta property=\"og:image\" content=\"https:\/\/pans.krosno.pl\/dwujezykowe-studia-dla-tlumaczy\/wp-content\/uploads\/sites\/27\/2024\/05\/20240509_104750-scaled.jpg\" \/>\n\t<meta property=\"og:image:width\" content=\"2560\" \/>\n\t<meta property=\"og:image:height\" content=\"1440\" \/>\n\t<meta property=\"og:image:type\" content=\"image\/jpeg\" \/>\n<meta name=\"twitter:card\" content=\"summary_large_image\" \/>\n<meta name=\"twitter:label1\" content=\"Szacowany czas czytania\" \/>\n\t<meta name=\"twitter:data1\" content=\"10 minut\" \/>\n<script type=\"application\/ld+json\" class=\"yoast-schema-graph\">{\"@context\":\"https:\\\/\\\/schema.org\",\"@graph\":[{\"@type\":\"WebPage\",\"@id\":\"https:\\\/\\\/pans.krosno.pl\\\/dwujezykowe-studia-dla-tlumaczy\\\/\",\"url\":\"https:\\\/\\\/pans.krosno.pl\\\/dwujezykowe-studia-dla-tlumaczy\\\/\",\"name\":\"Dwuj\u0119zykowe Studia dla T\u0142umaczy | PANS w Kro\u015bnie\",\"isPartOf\":{\"@id\":\"https:\\\/\\\/pans.krosno.pl\\\/dwujezykowe-studia-dla-tlumaczy\\\/#website\"},\"primaryImageOfPage\":{\"@id\":\"https:\\\/\\\/pans.krosno.pl\\\/dwujezykowe-studia-dla-tlumaczy\\\/#primaryimage\"},\"image\":{\"@id\":\"https:\\\/\\\/pans.krosno.pl\\\/dwujezykowe-studia-dla-tlumaczy\\\/#primaryimage\"},\"thumbnailUrl\":\"https:\\\/\\\/pans.krosno.pl\\\/dwujezykowe-studia-dla-tlumaczy\\\/wp-content\\\/uploads\\\/sites\\\/27\\\/2024\\\/05\\\/20240509_104750-scaled.jpg\",\"datePublished\":\"2020-03-27T23:02:54+00:00\",\"dateModified\":\"2026-08-12T12:48:08+00:00\",\"description\":\"Dwuj\u0119zykowe studia dla t\u0142umaczy w PANS Krosno \u27a4 Praktyczne umiej\u0119tno\u015bci t\u0142umaczeniowe z angielskiego i niemieckiego lub hiszpa\u0144skiego. Sprawd\u017a!\",\"breadcrumb\":{\"@id\":\"https:\\\/\\\/pans.krosno.pl\\\/dwujezykowe-studia-dla-tlumaczy\\\/#breadcrumb\"},\"inLanguage\":\"pl-PL\",\"potentialAction\":[{\"@type\":\"ReadAction\",\"target\":[\"https:\\\/\\\/pans.krosno.pl\\\/dwujezykowe-studia-dla-tlumaczy\\\/\"]}]},{\"@type\":\"ImageObject\",\"inLanguage\":\"pl-PL\",\"@id\":\"https:\\\/\\\/pans.krosno.pl\\\/dwujezykowe-studia-dla-tlumaczy\\\/#primaryimage\",\"url\":\"https:\\\/\\\/pans.krosno.pl\\\/dwujezykowe-studia-dla-tlumaczy\\\/wp-content\\\/uploads\\\/sites\\\/27\\\/2024\\\/05\\\/20240509_104750-scaled.jpg\",\"contentUrl\":\"https:\\\/\\\/pans.krosno.pl\\\/dwujezykowe-studia-dla-tlumaczy\\\/wp-content\\\/uploads\\\/sites\\\/27\\\/2024\\\/05\\\/20240509_104750-scaled.jpg\",\"width\":2560,\"height\":1440},{\"@type\":\"BreadcrumbList\",\"@id\":\"https:\\\/\\\/pans.krosno.pl\\\/dwujezykowe-studia-dla-tlumaczy\\\/#breadcrumb\",\"itemListElement\":[{\"@type\":\"ListItem\",\"position\":1,\"name\":\"Strona g\u0142\u00f3wna\",\"item\":\"https:\\\/\\\/pans.krosno.pl\\\/dwujezykowe-studia-dla-tlumaczy\\\/\"},{\"@type\":\"ListItem\",\"position\":2,\"name\":\"Strona G\u0142\u00f3wna\"}]},{\"@type\":\"WebSite\",\"@id\":\"https:\\\/\\\/pans.krosno.pl\\\/dwujezykowe-studia-dla-tlumaczy\\\/#website\",\"url\":\"https:\\\/\\\/pans.krosno.pl\\\/dwujezykowe-studia-dla-tlumaczy\\\/\",\"name\":\"Dwuj\u0119zykowe Studia dla T\u0142umaczy PANS w Kro\u015bnie\",\"description\":\"Dwuj\u0119zykowe Studia dla T\u0142umaczy - Pa\u0144stwowa Akademia Nauk Stosowanych\",\"publisher\":{\"@id\":\"https:\\\/\\\/pans.krosno.pl\\\/dwujezykowe-studia-dla-tlumaczy\\\/#organization\"},\"potentialAction\":[{\"@type\":\"SearchAction\",\"target\":{\"@type\":\"EntryPoint\",\"urlTemplate\":\"https:\\\/\\\/pans.krosno.pl\\\/dwujezykowe-studia-dla-tlumaczy\\\/?s={search_term_string}\"},\"query-input\":{\"@type\":\"PropertyValueSpecification\",\"valueRequired\":true,\"valueName\":\"search_term_string\"}}],\"inLanguage\":\"pl-PL\"},{\"@type\":\"Organization\",\"@id\":\"https:\\\/\\\/pans.krosno.pl\\\/dwujezykowe-studia-dla-tlumaczy\\\/#organization\",\"name\":\"Dwuj\u0119zykowe Studia dla T\u0142umaczy PANS w Kro\u015bnie\",\"url\":\"https:\\\/\\\/pans.krosno.pl\\\/dwujezykowe-studia-dla-tlumaczy\\\/\",\"logo\":{\"@type\":\"ImageObject\",\"inLanguage\":\"pl-PL\",\"@id\":\"https:\\\/\\\/pans.krosno.pl\\\/dwujezykowe-studia-dla-tlumaczy\\\/#\\\/schema\\\/logo\\\/image\\\/\",\"url\":\"https:\\\/\\\/pans.krosno.pl\\\/dwujezykowe-studia-dla-tlumaczy\\\/wp-content\\\/uploads\\\/sites\\\/27\\\/2023\\\/01\\\/Logo-PANS-2022-pelne.png\",\"contentUrl\":\"https:\\\/\\\/pans.krosno.pl\\\/dwujezykowe-studia-dla-tlumaczy\\\/wp-content\\\/uploads\\\/sites\\\/27\\\/2023\\\/01\\\/Logo-PANS-2022-pelne.png\",\"width\":3096,\"height\":696,\"caption\":\"Dwuj\u0119zykowe Studia dla T\u0142umaczy PANS w Kro\u015bnie\"},\"image\":{\"@id\":\"https:\\\/\\\/pans.krosno.pl\\\/dwujezykowe-studia-dla-tlumaczy\\\/#\\\/schema\\\/logo\\\/image\\\/\"}}]}<\/script>\n<!-- \/ Yoast SEO Premium plugin. -->","yoast_head_json":{"title":"Dwuj\u0119zykowe Studia dla T\u0142umaczy | PANS w Kro\u015bnie","description":"Dwuj\u0119zykowe studia dla t\u0142umaczy w PANS Krosno \u27a4 Praktyczne umiej\u0119tno\u015bci t\u0142umaczeniowe z angielskiego i niemieckiego lub hiszpa\u0144skiego. Sprawd\u017a!","robots":{"index":"index","follow":"follow","max-snippet":"max-snippet:-1","max-image-preview":"max-image-preview:large","max-video-preview":"max-video-preview:-1"},"canonical":"https:\/\/pans.krosno.pl\/dwujezykowe-studia-dla-tlumaczy\/","og_locale":"pl_PL","og_type":"article","og_title":"Strona G\u0142\u00f3wna","og_description":"Dwuj\u0119zykowe studia dla t\u0142umaczy w PANS Krosno \u27a4 Praktyczne umiej\u0119tno\u015bci t\u0142umaczeniowe z angielskiego i niemieckiego lub hiszpa\u0144skiego. Sprawd\u017a!","og_url":"https:\/\/pans.krosno.pl\/dwujezykowe-studia-dla-tlumaczy\/","og_site_name":"Dwuj\u0119zykowe Studia dla T\u0142umaczy PANS w Kro\u015bnie","article_modified_time":"2026-08-12T12:48:08+00:00","og_image":[{"width":2560,"height":1440,"url":"https:\/\/pans.krosno.pl\/dwujezykowe-studia-dla-tlumaczy\/wp-content\/uploads\/sites\/27\/2024\/05\/20240509_104750-scaled.jpg","type":"image\/jpeg"}],"twitter_card":"summary_large_image","twitter_misc":{"Szacowany czas czytania":"10 minut"},"schema":{"@context":"https:\/\/schema.org","@graph":[{"@type":"WebPage","@id":"https:\/\/pans.krosno.pl\/dwujezykowe-studia-dla-tlumaczy\/","url":"https:\/\/pans.krosno.pl\/dwujezykowe-studia-dla-tlumaczy\/","name":"Dwuj\u0119zykowe Studia dla T\u0142umaczy | PANS w Kro\u015bnie","isPartOf":{"@id":"https:\/\/pans.krosno.pl\/dwujezykowe-studia-dla-tlumaczy\/#website"},"primaryImageOfPage":{"@id":"https:\/\/pans.krosno.pl\/dwujezykowe-studia-dla-tlumaczy\/#primaryimage"},"image":{"@id":"https:\/\/pans.krosno.pl\/dwujezykowe-studia-dla-tlumaczy\/#primaryimage"},"thumbnailUrl":"https:\/\/pans.krosno.pl\/dwujezykowe-studia-dla-tlumaczy\/wp-content\/uploads\/sites\/27\/2024\/05\/20240509_104750-scaled.jpg","datePublished":"2020-03-27T23:02:54+00:00","dateModified":"2026-08-12T12:48:08+00:00","description":"Dwuj\u0119zykowe studia dla t\u0142umaczy w PANS Krosno \u27a4 Praktyczne umiej\u0119tno\u015bci t\u0142umaczeniowe z angielskiego i niemieckiego lub hiszpa\u0144skiego. Sprawd\u017a!","breadcrumb":{"@id":"https:\/\/pans.krosno.pl\/dwujezykowe-studia-dla-tlumaczy\/#breadcrumb"},"inLanguage":"pl-PL","potentialAction":[{"@type":"ReadAction","target":["https:\/\/pans.krosno.pl\/dwujezykowe-studia-dla-tlumaczy\/"]}]},{"@type":"ImageObject","inLanguage":"pl-PL","@id":"https:\/\/pans.krosno.pl\/dwujezykowe-studia-dla-tlumaczy\/#primaryimage","url":"https:\/\/pans.krosno.pl\/dwujezykowe-studia-dla-tlumaczy\/wp-content\/uploads\/sites\/27\/2024\/05\/20240509_104750-scaled.jpg","contentUrl":"https:\/\/pans.krosno.pl\/dwujezykowe-studia-dla-tlumaczy\/wp-content\/uploads\/sites\/27\/2024\/05\/20240509_104750-scaled.jpg","width":2560,"height":1440},{"@type":"BreadcrumbList","@id":"https:\/\/pans.krosno.pl\/dwujezykowe-studia-dla-tlumaczy\/#breadcrumb","itemListElement":[{"@type":"ListItem","position":1,"name":"Strona g\u0142\u00f3wna","item":"https:\/\/pans.krosno.pl\/dwujezykowe-studia-dla-tlumaczy\/"},{"@type":"ListItem","position":2,"name":"Strona G\u0142\u00f3wna"}]},{"@type":"WebSite","@id":"https:\/\/pans.krosno.pl\/dwujezykowe-studia-dla-tlumaczy\/#website","url":"https:\/\/pans.krosno.pl\/dwujezykowe-studia-dla-tlumaczy\/","name":"Dwuj\u0119zykowe Studia dla T\u0142umaczy PANS w Kro\u015bnie","description":"Dwuj\u0119zykowe Studia dla T\u0142umaczy - Pa\u0144stwowa Akademia Nauk Stosowanych","publisher":{"@id":"https:\/\/pans.krosno.pl\/dwujezykowe-studia-dla-tlumaczy\/#organization"},"potentialAction":[{"@type":"SearchAction","target":{"@type":"EntryPoint","urlTemplate":"https:\/\/pans.krosno.pl\/dwujezykowe-studia-dla-tlumaczy\/?s={search_term_string}"},"query-input":{"@type":"PropertyValueSpecification","valueRequired":true,"valueName":"search_term_string"}}],"inLanguage":"pl-PL"},{"@type":"Organization","@id":"https:\/\/pans.krosno.pl\/dwujezykowe-studia-dla-tlumaczy\/#organization","name":"Dwuj\u0119zykowe Studia dla T\u0142umaczy PANS w Kro\u015bnie","url":"https:\/\/pans.krosno.pl\/dwujezykowe-studia-dla-tlumaczy\/","logo":{"@type":"ImageObject","inLanguage":"pl-PL","@id":"https:\/\/pans.krosno.pl\/dwujezykowe-studia-dla-tlumaczy\/#\/schema\/logo\/image\/","url":"https:\/\/pans.krosno.pl\/dwujezykowe-studia-dla-tlumaczy\/wp-content\/uploads\/sites\/27\/2023\/01\/Logo-PANS-2022-pelne.png","contentUrl":"https:\/\/pans.krosno.pl\/dwujezykowe-studia-dla-tlumaczy\/wp-content\/uploads\/sites\/27\/2023\/01\/Logo-PANS-2022-pelne.png","width":3096,"height":696,"caption":"Dwuj\u0119zykowe Studia dla T\u0142umaczy PANS w Kro\u015bnie"},"image":{"@id":"https:\/\/pans.krosno.pl\/dwujezykowe-studia-dla-tlumaczy\/#\/schema\/logo\/image\/"}}]}},"_links":{"self":[{"href":"https:\/\/pans.krosno.pl\/dwujezykowe-studia-dla-tlumaczy\/wp-json\/wp\/v2\/pages\/67","targetHints":{"allow":["GET"]}}],"collection":[{"href":"https:\/\/pans.krosno.pl\/dwujezykowe-studia-dla-tlumaczy\/wp-json\/wp\/v2\/pages"}],"about":[{"href":"https:\/\/pans.krosno.pl\/dwujezykowe-studia-dla-tlumaczy\/wp-json\/wp\/v2\/types\/page"}],"author":[{"embeddable":true,"href":"https:\/\/pans.krosno.pl\/dwujezykowe-studia-dla-tlumaczy\/wp-json\/wp\/v2\/users\/27"}],"replies":[{"embeddable":true,"href":"https:\/\/pans.krosno.pl\/dwujezykowe-studia-dla-tlumaczy\/wp-json\/wp\/v2\/comments?post=67"}],"version-history":[{"count":13,"href":"https:\/\/pans.krosno.pl\/dwujezykowe-studia-dla-tlumaczy\/wp-json\/wp\/v2\/pages\/67\/revisions"}],"predecessor-version":[{"id":4662,"href":"https:\/\/pans.krosno.pl\/dwujezykowe-studia-dla-tlumaczy\/wp-json\/wp\/v2\/pages\/67\/revisions\/4662"}],"wp:featuredmedia":[{"embeddable":true,"href":"https:\/\/pans.krosno.pl\/dwujezykowe-studia-dla-tlumaczy\/wp-json\/wp\/v2\/media\/3135"}],"wp:attachment":[{"href":"https:\/\/pans.krosno.pl\/dwujezykowe-studia-dla-tlumaczy\/wp-json\/wp\/v2\/media?parent=67"}],"curies":[{"name":"wp","href":"https:\/\/api.w.org\/{rel}","templated":true}]}}