{"version":"1.0","provider_name":"Biblioteka PANS w Kro\u015bnie","provider_url":"https:\/\/pans.krosno.pl\/biblioteka","title":"Kartka z kalendarza","type":"rich","width":600,"height":338,"html":"<blockquote class=\"wp-embedded-content\" data-secret=\"gKUEDFvRRe\"><a href=\"https:\/\/pans.krosno.pl\/biblioteka\/kartka-z-kalendarza-174\/\">Kartka z kalendarza<\/a><\/blockquote><iframe sandbox=\"allow-scripts\" security=\"restricted\" src=\"https:\/\/pans.krosno.pl\/biblioteka\/kartka-z-kalendarza-174\/embed\/#?secret=gKUEDFvRRe\" width=\"600\" height=\"338\" title=\"&#8222;Kartka z kalendarza&#8221; &#8212; Biblioteka PANS w Kro\u015bnie\" data-secret=\"gKUEDFvRRe\" frameborder=\"0\" marginwidth=\"0\" marginheight=\"0\" scrolling=\"no\" class=\"wp-embedded-content\"><\/iframe><script type=\"text\/javascript\">\n\/* <![CDATA[ *\/\n\/*! This file is auto-generated *\/\n!function(d,l){\"use strict\";l.querySelector&&d.addEventListener&&\"undefined\"!=typeof URL&&(d.wp=d.wp||{},d.wp.receiveEmbedMessage||(d.wp.receiveEmbedMessage=function(e){var t=e.data;if((t||t.secret||t.message||t.value)&&!\/[^a-zA-Z0-9]\/.test(t.secret)){for(var s,r,n,a=l.querySelectorAll('iframe[data-secret=\"'+t.secret+'\"]'),o=l.querySelectorAll('blockquote[data-secret=\"'+t.secret+'\"]'),c=new RegExp(\"^https?:$\",\"i\"),i=0;i<o.length;i++)o[i].style.display=\"none\";for(i=0;i<a.length;i++)s=a[i],e.source===s.contentWindow&&(s.removeAttribute(\"style\"),\"height\"===t.message?(1e3<(r=parseInt(t.value,10))?r=1e3:~~r<200&&(r=200),s.height=r):\"link\"===t.message&&(r=new URL(s.getAttribute(\"src\")),n=new URL(t.value),c.test(n.protocol))&&n.host===r.host&&l.activeElement===s&&(d.top.location.href=t.value))}},d.addEventListener(\"message\",d.wp.receiveEmbedMessage,!1),l.addEventListener(\"DOMContentLoaded\",function(){for(var e,t,s=l.querySelectorAll(\"iframe.wp-embedded-content\"),r=0;r<s.length;r++)(t=(e=s[r]).getAttribute(\"data-secret\"))||(t=Math.random().toString(36).substring(2,12),e.src+=\"#?secret=\"+t,e.setAttribute(\"data-secret\",t)),e.contentWindow.postMessage({message:\"ready\",secret:t},\"*\")},!1)))}(window,document);\n\/\/# sourceURL=https:\/\/pans.krosno.pl\/biblioteka\/wp-includes\/js\/wp-embed.min.js\n\/* ]]> *\/\n<\/script>\n","description":"W 1952 roku Fulgencio Batista przej\u0105\u0142 w\u0142adz\u0119 na Kubie w wyniku zamachu stanu. Przewrotu dokona\u0142 na trzy miesi\u0105ce przed wyborami prezydenckimi. Re\u017cim Batisty utrzyma\u0142 si\u0119 do 1959 roku, kiedy dyktator zosta\u0142 obalony przez Ruch 26 Lipca, na kt\u00f3rego czele sta\u0142 Fidel Castro."}