{"id":394,"date":"2020-06-02T19:39:39","date_gmt":"2020-06-02T17:39:39","guid":{"rendered":"https:\/\/pans.krosno.pl\/b\/?page_id=394"},"modified":"2025-07-24T13:30:12","modified_gmt":"2025-07-24T11:30:12","slug":"aktualnosci-budownictwo","status":"publish","type":"page","link":"https:\/\/pans.krosno.pl\/b\/aktualnosci-budownictwo\/","title":{"rendered":"Aktualno\u015bci"},"content":{"rendered":"\n<hr class=\"wp-block-separator has-css-opacity is-style-default\" \/>\n\n\n<ul class=\"wp-block-latest-posts__list has-dates wp-block-latest-posts\"><li><div class=\"wp-block-latest-posts__featured-image alignleft\"><img loading=\"lazy\" decoding=\"async\" width=\"150\" height=\"150\" src=\"https:\/\/pans.krosno.pl\/b\/wp-content\/uploads\/sites\/21\/2026\/01\/Spotkanie-z-WCR_Legia-Akademicka_-29.01.2026-150x150.jpg\" class=\"attachment-thumbnail size-thumbnail wp-post-image\" alt=\"\" style=\"max-width:150px;max-height:150px;\" \/><\/div><a class=\"wp-block-latest-posts__post-title\" href=\"https:\/\/pans.krosno.pl\/b\/spotkania-z-przedstawicielami-wcr-jaslo-nt-legii-akademickiej\/\">Spotkanie\u00a0z\u00a0przedstawicielami\u00a0WCR\u00a0Jas\u0142o\u00a0nt.\u00a0Legii akademickiej<\/a><time datetime=\"2026-01-29T00:23:28+01:00\" class=\"wp-block-latest-posts__post-date\">29 stycznia 2026<\/time><div class=\"wp-block-latest-posts__post-excerpt\">W\u00a0dniu\u00a029\u00a0stycznia\u00a02026\u00a0r.\u00a0o\u00a0godz.\u00a011.30 w\u00a0Kampusie\u00a0Techniczno-Sportowym,\u00a0w\u00a0sali\u00a0109\u00a0B odb\u0119dzie si\u0119 spotkanie\u00a0z przedstawicielami WCR Jas\u0142o nt. Legii akademickiej.<\/div><\/li>\n<li><div class=\"wp-block-latest-posts__featured-image alignleft\"><img loading=\"lazy\" decoding=\"async\" width=\"150\" height=\"150\" src=\"https:\/\/pans.krosno.pl\/b\/wp-content\/uploads\/sites\/21\/2025\/12\/Nafto-150x150.jpg\" class=\"attachment-thumbnail size-thumbnail wp-post-image\" alt=\"\" style=\"max-width:150px;max-height:150px;\" \/><\/div><a class=\"wp-block-latest-posts__post-title\" href=\"https:\/\/pans.krosno.pl\/b\/spotkanie-z-firma-naftoremont-naftobudowa-gk-polimex-mostostal\/\">Spotkanie z firm\u0105 Naftoremont-Naftobudowa (GK Polimex Mostostal)<\/a><time datetime=\"2025-12-04T20:06:47+01:00\" class=\"wp-block-latest-posts__post-date\">4 grudnia 2025<\/time><div class=\"wp-block-latest-posts__post-excerpt\">5 grudnia 2025 r. w Auli nr 2 przy ul. Dmochowskiego 12 odb\u0119dzie si\u0119 spotkanie z przedstawicielami Naftoremont-Naftobudowa (GK Polimex Mostostal). To \u015bwietna okazja, aby:\u2013 pozna\u0107 firm\u0119 dzia\u0142aj\u0105c\u0105 w bran\u017cy technicznej,\u2013 dowiedzie\u0107 si\u0119 o aktualnych ofertach pracy, praktyk i sta\u017cy,\u2013 porozmawia\u0107 z dyrektorami i pozna\u0107 realne mo\u017cliwo\u015bci rozwoju zawodowego. Wydarzenie jest skierowane szczeg\u00f3lnie do student\u00f3w [\u2026] <div class=\"clear\"><\/div><a class=\"more_link clearfix\" href=\"https:\/\/pans.krosno.pl\/b\/spotkanie-z-firma-naftoremont-naftobudowa-gk-polimex-mostostal\/\" rel=\"nofollow\">Read More<\/a><\/div><\/li>\n<li><div class=\"wp-block-latest-posts__featured-image alignleft\"><img loading=\"lazy\" decoding=\"async\" width=\"150\" height=\"150\" src=\"https:\/\/pans.krosno.pl\/b\/wp-content\/uploads\/sites\/21\/2024\/02\/Erasmus-1-1-150x150.jpg\" class=\"attachment-thumbnail size-thumbnail wp-post-image\" alt=\"\" style=\"max-width:150px;max-height:150px;\" srcset=\"https:\/\/pans.krosno.pl\/b\/wp-content\/uploads\/sites\/21\/2024\/02\/Erasmus-1-1-150x150.jpg 150w, https:\/\/pans.krosno.pl\/b\/wp-content\/uploads\/sites\/21\/2024\/02\/Erasmus-1-1-80x80.jpg 80w\" sizes=\"auto, (max-width: 150px) 100vw, 150px\" \/><\/div><a class=\"wp-block-latest-posts__post-title\" href=\"https:\/\/pans.krosno.pl\/b\/spotkania-informacyjne-o-studiach-w-ramach-programu-erasmus-zaproszenie-dla-studentow\/\">Spotkania informacyjne o studiach w ramach programu ERASMUS &#8211; zaproszenie dla student\u00f3w<\/a><time datetime=\"2025-10-23T19:42:31+02:00\" class=\"wp-block-latest-posts__post-date\">23 pa\u017adziernika 2025<\/time><div class=\"wp-block-latest-posts__post-excerpt\">W\u00a0odpowiedzi\u00a0na\u00a0zapotrzebowanie\u00a0student\u00f3w,\u00a0kt\u00f3rzy\u00a0nie\u00a0byli\u00a0dost\u0119pni\u00a0we wcze\u015bniejszych\u00a0terminach,\u00a0zapraszamy\u00a0na\u00a0informacyjne\u00a0spotkanie online dotycz\u0105ce mo\u017cliwo\u015bci wyjazdu na studia zagraniczne w ramach programu ERASMUS.\u00a0 Spotkanie\u00a0odb\u0119dzie\u00a0si\u0119\u00a0w\u00a0najbli\u017cszy\u00a0poniedzia\u0142ek\u00a027.10.2025 r.\u00a0o godz. 18:00\u00a0na\u00a0platformie\u00a0MS\u00a0Teams. Spotkanie\u00a0jest\u00a0kierowane\u00a0do\u00a0student\u00f3w,\u00a0kt\u00f3rzy\u00a0chc\u0105\u00a0wyjecha\u0107\u00a0na studia\u00a0zagraniczne\u00a0w\u00a0ramach\u00a0programu\u00a0ERASMUS\u00a0w\u00a0semestrze\u00a0letnim2025\/2026\u00a0(luty\u00a0&#8211;\u00a0czerwiec). Link do spotkania Dodatkowe informacje mo\u017cna uzyska\u0107 pod linkiem<\/div><\/li>\n<li><div class=\"wp-block-latest-posts__featured-image alignleft\"><img loading=\"lazy\" decoding=\"async\" width=\"150\" height=\"150\" src=\"https:\/\/pans.krosno.pl\/b\/wp-content\/uploads\/sites\/21\/2024\/02\/Erasmus-1-1-150x150.jpg\" class=\"attachment-thumbnail size-thumbnail wp-post-image\" alt=\"\" style=\"max-width:150px;max-height:150px;\" srcset=\"https:\/\/pans.krosno.pl\/b\/wp-content\/uploads\/sites\/21\/2024\/02\/Erasmus-1-1-150x150.jpg 150w, https:\/\/pans.krosno.pl\/b\/wp-content\/uploads\/sites\/21\/2024\/02\/Erasmus-1-1-80x80.jpg 80w\" sizes=\"auto, (max-width: 150px) 100vw, 150px\" \/><\/div><a class=\"wp-block-latest-posts__post-title\" href=\"https:\/\/pans.krosno.pl\/b\/nabor-na-studia-zagraniczne-semestr-letni-2025-2026\/\">Nab\u00f3r na studia zagraniczne! Semestr letni 2025-2026<\/a><time datetime=\"2025-10-02T22:56:59+02:00\" class=\"wp-block-latest-posts__post-date\">2 pa\u017adziernika 2025<\/time><div class=\"wp-block-latest-posts__post-excerpt\">Zapraszamy student\u00f3w Pa\u0144stwowej Akademii Nauk Stosowanych w Kro\u015bnie do sk\u0142adania wniosk\u00f3w o przyznanie stypendium na realizacj\u0119 mobilno\u015bci w ramach programu Erasmus+. W ramach wniosku mo\u017cna wybra\u0107 maksymalnie 3 uczelnie. Zach\u0119camy do wyboru r\u00f3\u017cnych instytucji, ze wzgl\u0119du na mo\u017cliwe limity w przyj\u0119tej liczbie student\u00f3w w niekt\u00f3rych instytucjach. Kolejno\u015b\u0107 wyboru uczelni ma znaczenie. Kto mo\u017ce wyjecha\u0107? Ka\u017cdy [\u2026] <div class=\"clear\"><\/div><a class=\"more_link clearfix\" href=\"https:\/\/pans.krosno.pl\/b\/nabor-na-studia-zagraniczne-semestr-letni-2025-2026\/\" rel=\"nofollow\">Read More<\/a><\/div><\/li>\n<li><div class=\"wp-block-latest-posts__featured-image alignleft\"><img loading=\"lazy\" decoding=\"async\" width=\"150\" height=\"143\" src=\"https:\/\/pans.krosno.pl\/b\/wp-content\/uploads\/sites\/21\/2025\/01\/Uwaga-wazne-150x143.jpg\" class=\"attachment-thumbnail size-thumbnail wp-post-image\" alt=\"\" style=\"max-width:150px;max-height:150px;\" \/><\/div><a class=\"wp-block-latest-posts__post-title\" href=\"https:\/\/pans.krosno.pl\/b\/wazna-informacja-dla-studentow-i-roku-studiow-dotyczaca-wykladu-z-matematyki\/\">Wa\u017cna informacja dla student\u00f3w I roku studi\u00f3w dotycz\u0105ca wyk\u0142adu z matematyki<\/a><time datetime=\"2025-09-30T20:21:50+02:00\" class=\"wp-block-latest-posts__post-date\">30 wrze\u015bnia 2025<\/time><div class=\"wp-block-latest-posts__post-excerpt\">Informujemy, \u017ce wyk\u0142ad z matematyki zaplanowany na 3 pa\u017adziernika 2025 r. zostaje odwo\u0142any. Nowy termin zaj\u0119\u0107 zostanie og\u0142oszony w p\u00f3\u017aniejszym terminie.<\/div><\/li>\n<li><div class=\"wp-block-latest-posts__featured-image alignleft\"><img loading=\"lazy\" decoding=\"async\" width=\"109\" height=\"87\" src=\"https:\/\/pans.krosno.pl\/b\/wp-content\/uploads\/sites\/21\/2025\/09\/Zrzut-ekranu-2025-09-30-200319.png\" class=\"attachment-thumbnail size-thumbnail wp-post-image\" alt=\"\" style=\"max-width:150px;max-height:150px;\" \/><\/div><a class=\"wp-block-latest-posts__post-title\" href=\"https:\/\/pans.krosno.pl\/b\/harmonogram-dni-adaptacyjnych-2\/\">Harmonogram dni adaptacyjnych<\/a><time datetime=\"2025-09-30T20:12:19+02:00\" class=\"wp-block-latest-posts__post-date\">30 wrze\u015bnia 2025<\/time><div class=\"wp-block-latest-posts__post-excerpt\">Drodzy Studenci I roku studi\u00f3w zapraszamy na Dni Adaptacyjne! Harmonogram dla kierunku Budownictwo: Budownictwo \u2013 studia popo\u0142udniowe 26+ 04.10.2025 (sobota)9.00 \u2013 10.30 Spotkanie z kierownikiem zak\u0142adu i opiekunem roku \u2013 Krosno, ul. Dmochowskiego 12, s. 11, budynek A11.00 \u2013 12.30 Pedagogika studiowania \u2013 Krosno, ul. Dmochowskiego 12, AULA13.00 \u2013 14.30 Spotkanie z samorz\u0105dem studenckim oraz [\u2026] <div class=\"clear\"><\/div><a class=\"more_link clearfix\" href=\"https:\/\/pans.krosno.pl\/b\/harmonogram-dni-adaptacyjnych-2\/\" rel=\"nofollow\">Read More<\/a><\/div><\/li>\n<li><div class=\"wp-block-latest-posts__featured-image alignleft\"><img loading=\"lazy\" decoding=\"async\" width=\"150\" height=\"150\" src=\"https:\/\/pans.krosno.pl\/b\/wp-content\/uploads\/sites\/21\/2025\/03\/Biuletyn-150x150.jpg\" class=\"attachment-thumbnail size-thumbnail wp-post-image\" alt=\"\" style=\"max-width:150px;max-height:150px;\" srcset=\"https:\/\/pans.krosno.pl\/b\/wp-content\/uploads\/sites\/21\/2025\/03\/Biuletyn-150x150.jpg 150w, https:\/\/pans.krosno.pl\/b\/wp-content\/uploads\/sites\/21\/2025\/03\/Biuletyn-80x80.jpg 80w, https:\/\/pans.krosno.pl\/b\/wp-content\/uploads\/sites\/21\/2025\/03\/Biuletyn.jpg 225w\" sizes=\"auto, (max-width: 150px) 100vw, 150px\" \/><\/div><a class=\"wp-block-latest-posts__post-title\" href=\"https:\/\/pans.krosno.pl\/b\/moje-miasto-krosno-palac-w-polance-czesc-ii-oraz-nowe-oblicze-centrum-komunikacji-i-jezykow-obcych-pans-w-krosnie-artykuly-w-biuletynie-informacyjnym-podkarpackiej-okregowej-izbie-inzynier\/\">Moje Miasto Krosno Pa\u0142ac w Polance &#8211; cz\u0119\u015b\u0107 II oraz Nowe oblicze Centrum Komunikacji i J\u0119zyk\u00f3w Obcych PANS w Kro\u015bnie \u2013 artyku\u0142y w Biuletynie Informacyjnym Podkarpackiej Okr\u0119gowej Izbie In\u017cynier\u00f3w Budownictwa<\/a><time datetime=\"2025-09-14T19:11:21+02:00\" class=\"wp-block-latest-posts__post-date\">14 wrze\u015bnia 2025<\/time><div class=\"wp-block-latest-posts__post-excerpt\">W trzecim numerze Biuletynu Informacyjnego Podkarpackiej Okr\u0119gowej Izby In\u017cynier\u00f3w Budownictwa z 2025 roku opublikowane zosta\u0142y dwa artyku\u0142y autorstwa pracownik\u00f3w Zak\u0142adu Budownictwa Pa\u0144stwowej Akademii Nauk Stosowanych w Kro\u015bnie. Pierwszy z nich, zatytu\u0142owany \u201eMoje Miasto Krosno Pa\u0142ac w Polance \u2013 cz\u0119\u015b\u0107 II\u201d, napisa\u0142 dr in\u017c. arch. Marek Gransicki. W artykule przedstawiono histori\u0119 Pa\u0142acu w Polance. Drugi artyku\u0142, [\u2026] <div class=\"clear\"><\/div><a class=\"more_link clearfix\" href=\"https:\/\/pans.krosno.pl\/b\/moje-miasto-krosno-palac-w-polance-czesc-ii-oraz-nowe-oblicze-centrum-komunikacji-i-jezykow-obcych-pans-w-krosnie-artykuly-w-biuletynie-informacyjnym-podkarpackiej-okregowej-izbie-inzynier\/\" rel=\"nofollow\">Read More<\/a><\/div><\/li>\n<li><div class=\"wp-block-latest-posts__featured-image alignleft\"><img loading=\"lazy\" decoding=\"async\" width=\"150\" height=\"150\" src=\"https:\/\/pans.krosno.pl\/b\/wp-content\/uploads\/sites\/21\/2025\/06\/1-150x150.jpg\" class=\"attachment-thumbnail size-thumbnail wp-post-image\" alt=\"\" style=\"max-width:150px;max-height:150px;\" srcset=\"https:\/\/pans.krosno.pl\/b\/wp-content\/uploads\/sites\/21\/2025\/06\/1-150x150.jpg 150w, https:\/\/pans.krosno.pl\/b\/wp-content\/uploads\/sites\/21\/2025\/06\/1-80x80.jpg 80w\" sizes=\"auto, (max-width: 150px) 100vw, 150px\" \/><\/div><a class=\"wp-block-latest-posts__post-title\" href=\"https:\/\/pans.krosno.pl\/b\/uroczyste-wreczenie-dyplomow-inzynierskich-2025\/\">Uroczyste wr\u0119czenie dyplom\u00f3w in\u017cynierskich 2025!<\/a><time datetime=\"2025-06-27T14:13:32+02:00\" class=\"wp-block-latest-posts__post-date\">27 czerwca 2025<\/time><div class=\"wp-block-latest-posts__post-excerpt\">W dniu 12 czerwca 2025 r. mia\u0142o miejsce uroczyste wr\u0119czenie dyplom\u00f3w uko\u0144czenia studi\u00f3w in\u017cynierskich w Instytucie Politechnicznym. Dyplomy otrzymali r\u00f3wnie\u017c absolwenci kierunku budownictwo! In\u017cynierom gratulujemy i \u017cyczymy dalszych sukces\u00f3w w \u017cyciu prywatnym i zawodowym!! Wi\u0119cej zdj\u0119\u0107 pod linkiem: https:\/\/pans.krosno.pl\/galeria\/nggallery\/album\/uroczyste-wreczenie-dyplomow-absolwentom-studiow-inzynierskich-w-instytucie-politechnicznym-pans-w-krosnie-2021-2025<\/div><\/li>\n<li><div class=\"wp-block-latest-posts__featured-image alignleft\"><img loading=\"lazy\" decoding=\"async\" width=\"150\" height=\"150\" src=\"https:\/\/pans.krosno.pl\/b\/wp-content\/uploads\/sites\/21\/2025\/06\/SP-Bogumil-Wrana-2-cb-150x150.png\" class=\"attachment-thumbnail size-thumbnail wp-post-image\" alt=\"\" style=\"max-width:150px;max-height:150px;\" srcset=\"https:\/\/pans.krosno.pl\/b\/wp-content\/uploads\/sites\/21\/2025\/06\/SP-Bogumil-Wrana-2-cb-150x150.png 150w, https:\/\/pans.krosno.pl\/b\/wp-content\/uploads\/sites\/21\/2025\/06\/SP-Bogumil-Wrana-2-cb-80x80.png 80w, https:\/\/pans.krosno.pl\/b\/wp-content\/uploads\/sites\/21\/2025\/06\/SP-Bogumil-Wrana-2-cb.png 200w\" sizes=\"auto, (max-width: 150px) 100vw, 150px\" \/><\/div><a class=\"wp-block-latest-posts__post-title\" href=\"https:\/\/pans.krosno.pl\/b\/z-glebokim-smutkiem-zawiadamiamy\/\">Z g\u0142\u0119bokim smutkiem zawiadamiamy\u2026<\/a><time datetime=\"2025-06-04T09:23:00+02:00\" class=\"wp-block-latest-posts__post-date\">4 czerwca 2025<\/time><div class=\"wp-block-latest-posts__post-excerpt\">W dniu 3 czerwca 2025 roku dotar\u0142a do nas smutna wiadomo\u015b\u0107, \u017ce odszed\u0142 od nas wybitny in\u017cynier, naukowiec i nauczyciel akademicki \u2013 Profesor Bogumi\u0142 Wrana, kt\u00f3rego dorobek i postawa na zawsze pozostan\u0105 w pami\u0119ci wielu pokole\u0144 student\u00f3w, wsp\u00f3\u0142pracownik\u00f3w i przyjaci\u00f3\u0142. Profesor Bogumi\u0142 Wrana by\u0142 autorem 8 ksi\u0105\u017cek oraz ponad 130 publikacji naukowych, w kt\u00f3rych dzieli\u0142 [\u2026] <div class=\"clear\"><\/div><a class=\"more_link clearfix\" href=\"https:\/\/pans.krosno.pl\/b\/z-glebokim-smutkiem-zawiadamiamy\/\" rel=\"nofollow\">Read More<\/a><\/div><\/li>\n<li><div class=\"wp-block-latest-posts__featured-image alignleft\"><img loading=\"lazy\" decoding=\"async\" width=\"150\" height=\"150\" src=\"https:\/\/pans.krosno.pl\/b\/wp-content\/uploads\/sites\/21\/2022\/01\/Logotyp-skrocony-150x150.jpg\" class=\"attachment-thumbnail size-thumbnail wp-post-image\" alt=\"\" style=\"max-width:150px;max-height:150px;\" srcset=\"https:\/\/pans.krosno.pl\/b\/wp-content\/uploads\/sites\/21\/2022\/01\/Logotyp-skrocony-150x150.jpg 150w, https:\/\/pans.krosno.pl\/b\/wp-content\/uploads\/sites\/21\/2022\/01\/Logotyp-skrocony-80x80.jpg 80w\" sizes=\"auto, (max-width: 150px) 100vw, 150px\" \/><\/div><a class=\"wp-block-latest-posts__post-title\" href=\"https:\/\/pans.krosno.pl\/b\/relacja-ze-szkolenia\/\">Relacja ze szkolenia<\/a><time datetime=\"2025-04-23T10:08:22+02:00\" class=\"wp-block-latest-posts__post-date\">23 kwietnia 2025<\/time><div class=\"wp-block-latest-posts__post-excerpt\">Relacja filmowa ze szkolenia student\u00f3w PANS w Kro\u015bnie z kierunku Budownictwa<\/div><\/li>\n<li><div class=\"wp-block-latest-posts__featured-image alignleft\"><img loading=\"lazy\" decoding=\"async\" width=\"150\" height=\"150\" src=\"https:\/\/pans.krosno.pl\/b\/wp-content\/uploads\/sites\/21\/2025\/04\/IMG_20250402_131738_1-150x150.jpg\" class=\"attachment-thumbnail size-thumbnail wp-post-image\" alt=\"\" style=\"max-width:150px;max-height:150px;\" srcset=\"https:\/\/pans.krosno.pl\/b\/wp-content\/uploads\/sites\/21\/2025\/04\/IMG_20250402_131738_1-150x150.jpg 150w, https:\/\/pans.krosno.pl\/b\/wp-content\/uploads\/sites\/21\/2025\/04\/IMG_20250402_131738_1-80x80.jpg 80w\" sizes=\"auto, (max-width: 150px) 100vw, 150px\" \/><\/div><a class=\"wp-block-latest-posts__post-title\" href=\"https:\/\/pans.krosno.pl\/b\/lekcja-pokazowa-dla-klas-technikum-z-zespolu-szkol-architektoniczno-budowlanych-w-krosnie\/\">Lekcja pokazowa dla klas technikum z Zespo\u0142u Szk\u00f3\u0142 Architektoniczno-Budowlanych w Kro\u015bnie<\/a><time datetime=\"2025-04-08T23:57:02+02:00\" class=\"wp-block-latest-posts__post-date\">8 kwietnia 2025<\/time><div class=\"wp-block-latest-posts__post-excerpt\">W dniu 2.04.2025 r. uczniowie technikum z Zespo\u0142u Szk\u00f3\u0142 Architektoniczno-Budowlanych w Kro\u015bnie mieli okazj\u0119 uczestniczy\u0107 w wyj\u0105tkowej lekcji pokazowej, kt\u00f3ra odby\u0142a si\u0119 w nowoczesnych laboratoriach Zak\u0142adu Budownictwa, zlokalizowanych przy ul. Dmochowskiego 12 w Kampusie Technicznym Pa\u0144stwowej Akademii Nauk Stosowanych w Kro\u015bnie. Zaj\u0119cia mia\u0142y na celu przybli\u017cenie uczniom praktycznych aspekt\u00f3w pracy z jednym z najwa\u017cniejszych materia\u0142\u00f3w [\u2026] <div class=\"clear\"><\/div><a class=\"more_link clearfix\" href=\"https:\/\/pans.krosno.pl\/b\/lekcja-pokazowa-dla-klas-technikum-z-zespolu-szkol-architektoniczno-budowlanych-w-krosnie\/\" rel=\"nofollow\">Read More<\/a><\/div><\/li>\n<li><div class=\"wp-block-latest-posts__featured-image alignleft\"><img loading=\"lazy\" decoding=\"async\" width=\"150\" height=\"150\" src=\"https:\/\/pans.krosno.pl\/b\/wp-content\/uploads\/sites\/21\/2025\/03\/Biuletyn-150x150.jpg\" class=\"attachment-thumbnail size-thumbnail wp-post-image\" alt=\"\" style=\"max-width:150px;max-height:150px;\" srcset=\"https:\/\/pans.krosno.pl\/b\/wp-content\/uploads\/sites\/21\/2025\/03\/Biuletyn-150x150.jpg 150w, https:\/\/pans.krosno.pl\/b\/wp-content\/uploads\/sites\/21\/2025\/03\/Biuletyn-80x80.jpg 80w, https:\/\/pans.krosno.pl\/b\/wp-content\/uploads\/sites\/21\/2025\/03\/Biuletyn.jpg 225w\" sizes=\"auto, (max-width: 150px) 100vw, 150px\" \/><\/div><a class=\"wp-block-latest-posts__post-title\" href=\"https:\/\/pans.krosno.pl\/b\/nowoczesne-laboratoria-inzynierskie-w-panstwowej-akademii-nauk-stosowanych-w-krosnie-artykul-w-biuletynie-informacyjnym-podkarpackiej-okregowej-izbie-inzynierow-budownictwa\/\">Nowoczesne laboratoria in\u017cynierskie w Pa\u0144stwowej Akademii Nauk Stosowanych w Kro\u015bnie &#8211; artyku\u0142 w Biuletynie Informacyjnym Podkarpackiej Okr\u0119gowej Izbie In\u017cynier\u00f3w Budownictwa<\/a><time datetime=\"2025-03-07T00:59:08+01:00\" class=\"wp-block-latest-posts__post-date\">7 marca 2025<\/time><div class=\"wp-block-latest-posts__post-excerpt\">W pierwszym numerze Biuletynu Informacyjnego Podkarpackiej Okr\u0119gowej Izby In\u017cynier\u00f3w Budownictwa z 2025 r. ukaza\u0142 si\u0119 artyku\u0142 pt. &#8222;Nowoczesne laboratoria in\u017cynierskie w Pa\u0144stwowej Akademii Nauk Stosowanych w Kro\u015bnie&#8221;. Autorami artyku\u0142u s\u0105 dr in\u017c. Tomasz Pytlowany &#8211; kierownik Zak\u0142adu Budownictwa i dr in\u017c. Bernadeta Rajchel &#8211; kierownik Zak\u0142ad In\u017cynierii Produkcji i \u015arodowiska. W artykule przedstawiono baz\u0119 laboratoryjn\u0105, [\u2026] <div class=\"clear\"><\/div><a class=\"more_link clearfix\" href=\"https:\/\/pans.krosno.pl\/b\/nowoczesne-laboratoria-inzynierskie-w-panstwowej-akademii-nauk-stosowanych-w-krosnie-artykul-w-biuletynie-informacyjnym-podkarpackiej-okregowej-izbie-inzynierow-budownictwa\/\" rel=\"nofollow\">Read More<\/a><\/div><\/li>\n<li><div class=\"wp-block-latest-posts__featured-image alignleft\"><img loading=\"lazy\" decoding=\"async\" width=\"150\" height=\"150\" src=\"https:\/\/pans.krosno.pl\/b\/wp-content\/uploads\/sites\/21\/2025\/03\/Nabor-ERASMUS-2025-informacje-150x150.png\" class=\"attachment-thumbnail size-thumbnail wp-post-image\" alt=\"\" style=\"max-width:150px;max-height:150px;\" srcset=\"https:\/\/pans.krosno.pl\/b\/wp-content\/uploads\/sites\/21\/2025\/03\/Nabor-ERASMUS-2025-informacje-150x150.png 150w, https:\/\/pans.krosno.pl\/b\/wp-content\/uploads\/sites\/21\/2025\/03\/Nabor-ERASMUS-2025-informacje-300x300.png 300w, https:\/\/pans.krosno.pl\/b\/wp-content\/uploads\/sites\/21\/2025\/03\/Nabor-ERASMUS-2025-informacje-1024x1020.png 1024w, https:\/\/pans.krosno.pl\/b\/wp-content\/uploads\/sites\/21\/2025\/03\/Nabor-ERASMUS-2025-informacje-768x765.png 768w, https:\/\/pans.krosno.pl\/b\/wp-content\/uploads\/sites\/21\/2025\/03\/Nabor-ERASMUS-2025-informacje-800x797.png 800w, https:\/\/pans.krosno.pl\/b\/wp-content\/uploads\/sites\/21\/2025\/03\/Nabor-ERASMUS-2025-informacje-580x578.png 580w, https:\/\/pans.krosno.pl\/b\/wp-content\/uploads\/sites\/21\/2025\/03\/Nabor-ERASMUS-2025-informacje-80x80.png 80w, https:\/\/pans.krosno.pl\/b\/wp-content\/uploads\/sites\/21\/2025\/03\/Nabor-ERASMUS-2025-informacje.png 1414w\" sizes=\"auto, (max-width: 150px) 100vw, 150px\" \/><\/div><a class=\"wp-block-latest-posts__post-title\" href=\"https:\/\/pans.krosno.pl\/b\/praktyki-zagraniczne-w-ramach-programu-erasmus\/\">Praktyki zagraniczne w ramach programu ERASMUS<\/a><time datetime=\"2025-03-05T09:08:23+01:00\" class=\"wp-block-latest-posts__post-date\">5 marca 2025<\/time><div class=\"wp-block-latest-posts__post-excerpt\">Uprzejmie\u00a0informujemy\u00a0o\u00a0rozpocz\u0119ciu\u00a0naboru\u00a0na\u00a0studia\u00a0i\u00a0praktyki zagraniczne w ramach programu ERASMUS.\u00a0Wyjazdy\u00a0na\u00a0studia\u00a0mo\u017cna\u00a0b\u0119dzie odbywa\u0107 w semestrze zimowym roku akademickiego 2025\/2026, a wyjazd celem praktyk podczas przerwy wakacyjnej w obecnym semestrze. Wszystkie\u00a0niezb\u0119dne\u00a0informacje\u00a0znajduj\u0105\u00a0si\u0119\u00a0pod\u00a0adresem:https:\/\/pans.krosno.pl\/iro\/nabor-na-studia-i-praktyki-erasmus-lato-2024-5\/<\/div><\/li>\n<li><div class=\"wp-block-latest-posts__featured-image alignleft\"><img loading=\"lazy\" decoding=\"async\" width=\"150\" height=\"143\" src=\"https:\/\/pans.krosno.pl\/b\/wp-content\/uploads\/sites\/21\/2025\/01\/Uwaga-wazne-150x143.jpg\" class=\"attachment-thumbnail size-thumbnail wp-post-image\" alt=\"\" style=\"max-width:150px;max-height:150px;\" \/><\/div><a class=\"wp-block-latest-posts__post-title\" href=\"https:\/\/pans.krosno.pl\/b\/zajecia-w-dniach-22-28-i-30-stycznia\/\">Zaj\u0119cia w dniach 22, 28 i 30 stycznia<\/a><time datetime=\"2025-01-15T13:04:06+01:00\" class=\"wp-block-latest-posts__post-date\">15 stycznia 2025<\/time><div class=\"wp-block-latest-posts__post-excerpt\">Zgodnie z kalendarzem akademickim na rok akademicki 2024\/2025 i zarz\u0105dzeniem rektora nr 41\/24 z dnia 27 czerwca 2024 roku w sprawie organizacji roku akademickiego 2024\/2025 zaj\u0119cia na studiach stacjonarnych w dniach: 22 oraz 28 stycznia b\u0119d\u0105 zaj\u0119ciami poniedzia\u0142kowymi (w przypadku organizacji zaj\u0119\u0107 w systemie dwutygodniowym realizowane b\u0119d\u0105 zaj\u0119cia z tygodnia A). 30 stycznia b\u0119d\u0105 zaj\u0119ciami [\u2026] <div class=\"clear\"><\/div><a class=\"more_link clearfix\" href=\"https:\/\/pans.krosno.pl\/b\/zajecia-w-dniach-22-28-i-30-stycznia\/\" rel=\"nofollow\">Read More<\/a><\/div><\/li>\n<li><div class=\"wp-block-latest-posts__featured-image alignleft\"><img loading=\"lazy\" decoding=\"async\" width=\"150\" height=\"150\" src=\"https:\/\/pans.krosno.pl\/b\/wp-content\/uploads\/sites\/21\/2024\/10\/Zrzut-ekranu-2024-10-21-125859-150x150.png\" class=\"attachment-thumbnail size-thumbnail wp-post-image\" alt=\"\" style=\"max-width:150px;max-height:150px;\" srcset=\"https:\/\/pans.krosno.pl\/b\/wp-content\/uploads\/sites\/21\/2024\/10\/Zrzut-ekranu-2024-10-21-125859-150x150.png 150w, https:\/\/pans.krosno.pl\/b\/wp-content\/uploads\/sites\/21\/2024\/10\/Zrzut-ekranu-2024-10-21-125859-300x297.png 300w, https:\/\/pans.krosno.pl\/b\/wp-content\/uploads\/sites\/21\/2024\/10\/Zrzut-ekranu-2024-10-21-125859-80x80.png 80w, https:\/\/pans.krosno.pl\/b\/wp-content\/uploads\/sites\/21\/2024\/10\/Zrzut-ekranu-2024-10-21-125859.png 527w\" sizes=\"auto, (max-width: 150px) 100vw, 150px\" \/><\/div><a class=\"wp-block-latest-posts__post-title\" href=\"https:\/\/pans.krosno.pl\/b\/spotkanie-informacyjne-w-sprawie-praktyk-erasmus\/\">Spotkanie informacyjne w sprawie praktyk ERASMUS<\/a><time datetime=\"2025-01-14T21:59:23+01:00\" class=\"wp-block-latest-posts__post-date\">14 stycznia 2025<\/time><div class=\"wp-block-latest-posts__post-excerpt\">Serdecznie\u00a0zapraszamy\u00a0na\u00a0spotkanie\u00a0zdalne\u00a0w\u00a0sprawie\u00a0realizacji\u00a0praktyk\u00a0wramach\u00a0programu\u00a0ERASMUS+ \u00a0\u00a0\u00a0\u00a0\u00a0*\u00a0Kiedy\u00a0aplikowa\u0107?\u00a0\u00a0\u00a0\u00a0\u00a0*\u00a0Gdzie\u00a0mog\u0119\u00a0wyjecha\u0107?\u00a0\u00a0\u00a0\u00a0\u00a0*\u00a0Jak\u00a0wysokie\u00a0jest\u00a0stypendium? Na\u00a0te\u00a0i\u00a0wiele\u00a0innych\u00a0pyta\u0144\u00a0odpowiemy\u00a0ju\u017c\u00a016.01.2025\u00a0o\u00a016:00\u00a0naplatformie\u00a0ZOOM Opr\u00f3cz\u00a0og\u00f3lnych\u00a0zasad\u00a0realizacji\u00a0praktyk\u00a0ERASMUS,\u00a0w\u00a0spotkaniu\u00a0we\u017amier\u00f3wnie\u017c\u00a0udzia\u0142\u00a0przedstawiciel\u00a0organizacji\u00a0Animafest\u00a0Experience,kt\u00f3ra\u00a0pomaga\u00a0w\u00a0znalezieniu\u00a0miejsca\u00a0na\u00a0odbycie\u00a0praktyki Link\u00a0do\u00a0spotkania: https:\/\/us02web.zoom.us\/j\/82475521072?pwd=tvciIuT34FMkheS4j9xDbTPIO15dry.1 Identyfikator\u00a0spotkania:\u00a0824\u00a07552\u00a01072 Kod\u00a0dost\u0119pu:\u00a0127862<\/div><\/li>\n<li><div class=\"wp-block-latest-posts__featured-image alignleft\"><img loading=\"lazy\" decoding=\"async\" width=\"150\" height=\"150\" src=\"https:\/\/pans.krosno.pl\/b\/wp-content\/uploads\/sites\/21\/2022\/01\/Logotyp-skrocony-150x150.jpg\" class=\"attachment-thumbnail size-thumbnail wp-post-image\" alt=\"\" style=\"max-width:150px;max-height:150px;\" srcset=\"https:\/\/pans.krosno.pl\/b\/wp-content\/uploads\/sites\/21\/2022\/01\/Logotyp-skrocony-150x150.jpg 150w, https:\/\/pans.krosno.pl\/b\/wp-content\/uploads\/sites\/21\/2022\/01\/Logotyp-skrocony-80x80.jpg 80w\" sizes=\"auto, (max-width: 150px) 100vw, 150px\" \/><\/div><a class=\"wp-block-latest-posts__post-title\" href=\"https:\/\/pans.krosno.pl\/b\/kurs-wyrownawczy-z-jezyka-angielskiego\/\">Kurs wyr\u00f3wnawczy z j\u0119zyka angielskiego<\/a><time datetime=\"2024-12-19T19:57:00+01:00\" class=\"wp-block-latest-posts__post-date\">19 grudnia 2024<\/time><div class=\"wp-block-latest-posts__post-excerpt\">Studium Je\u017cyk\u00f3w Obcych Pa\u0144stwowej Akademii Nauk Stosowanych w Kro\u015bnie organizuje dla student\u00f3w kurs wyr\u00f3wnawczy z j\u0119zyka angielskiego. Szczeg\u00f3\u0142y w linku poni\u017cej.<\/div><\/li>\n<li><div class=\"wp-block-latest-posts__featured-image alignleft\"><img loading=\"lazy\" decoding=\"async\" width=\"150\" height=\"150\" src=\"https:\/\/pans.krosno.pl\/b\/wp-content\/uploads\/sites\/21\/2024\/10\/Zrzut-ekranu-2024-10-21-125859-150x150.png\" class=\"attachment-thumbnail size-thumbnail wp-post-image\" alt=\"\" style=\"max-width:150px;max-height:150px;\" srcset=\"https:\/\/pans.krosno.pl\/b\/wp-content\/uploads\/sites\/21\/2024\/10\/Zrzut-ekranu-2024-10-21-125859-150x150.png 150w, https:\/\/pans.krosno.pl\/b\/wp-content\/uploads\/sites\/21\/2024\/10\/Zrzut-ekranu-2024-10-21-125859-300x297.png 300w, https:\/\/pans.krosno.pl\/b\/wp-content\/uploads\/sites\/21\/2024\/10\/Zrzut-ekranu-2024-10-21-125859-80x80.png 80w, https:\/\/pans.krosno.pl\/b\/wp-content\/uploads\/sites\/21\/2024\/10\/Zrzut-ekranu-2024-10-21-125859.png 527w\" sizes=\"auto, (max-width: 150px) 100vw, 150px\" \/><\/div><a class=\"wp-block-latest-posts__post-title\" href=\"https:\/\/pans.krosno.pl\/b\/zdalne-spotkanie-w-sprawie-praktyk-erasmus-organizowane-przez-firme-algoos\/\">Zdalne spotkanie w sprawie praktyk ERASMUS organizowane przez firm\u0119 Algoos<\/a><time datetime=\"2024-11-28T19:13:16+01:00\" class=\"wp-block-latest-posts__post-date\">28 listopada 2024<\/time><div class=\"wp-block-latest-posts__post-excerpt\">Chcesz&nbsp;wyjecha\u0107&nbsp;na&nbsp;praktyki&nbsp;zagraniczne?&nbsp;\ud83e\udd14 Zapraszamy&nbsp;na&nbsp;spotkanie&nbsp;ONLINE&nbsp;z&nbsp;firm\u0105&nbsp;Algoos,&nbsp;czyli&nbsp;po\u015brednikiempraktyk&nbsp;zagranicznych&nbsp;\ud83e\udd1d\ud83c\udf0d Spotkanie&nbsp;zaplanowane&nbsp;jest&nbsp;w&nbsp;pi\u0105tek,&nbsp;29.11.2024&nbsp;o&nbsp;16:00,&nbsp;zatem&nbsp;porajest&nbsp;odpowiednia&nbsp;na&nbsp;popo\u0142udniowe&nbsp;planowanie&nbsp;swojej&nbsp;kariery&nbsp;\ud83d\udcc8Spotkanie&nbsp;b\u0119dzie&nbsp;prowadzone&nbsp;w&nbsp;j\u0119zyku&nbsp;polskim&nbsp;\ud83c\uddf5\ud83c\uddf1 Dane&nbsp;dost\u0119powe&nbsp;do&nbsp;spotkania&nbsp;poni\u017cej&nbsp;\ud83d\udc47\ud83d\udc47 Join&nbsp;Zoom&nbsp;Meeting https:\/\/us05web.zoom.us\/j\/89723739001?pwd=3JTiVHjKuuBFnHB0yuEwDnjMxyf0LC.1 Meeting&nbsp;ID:&nbsp;897&nbsp;2373&nbsp;9001 Passcode:&nbsp;7uU9jr<\/div><\/li>\n<li><div class=\"wp-block-latest-posts__featured-image alignleft\"><img loading=\"lazy\" decoding=\"async\" width=\"150\" height=\"150\" src=\"https:\/\/pans.krosno.pl\/b\/wp-content\/uploads\/sites\/21\/2024\/10\/Zrzut-ekranu-2024-10-21-130742-150x150.png\" class=\"attachment-thumbnail size-thumbnail wp-post-image\" alt=\"\" style=\"max-width:150px;max-height:150px;\" srcset=\"https:\/\/pans.krosno.pl\/b\/wp-content\/uploads\/sites\/21\/2024\/10\/Zrzut-ekranu-2024-10-21-130742-150x150.png 150w, https:\/\/pans.krosno.pl\/b\/wp-content\/uploads\/sites\/21\/2024\/10\/Zrzut-ekranu-2024-10-21-130742-80x80.png 80w\" sizes=\"auto, (max-width: 150px) 100vw, 150px\" \/><\/div><a class=\"wp-block-latest-posts__post-title\" href=\"https:\/\/pans.krosno.pl\/b\/xii-rajd-integracyjny-studentow-i-roku\/\">XII Rajd integracyjny student\u00f3w I roku<\/a><time datetime=\"2024-10-21T13:04:55+02:00\" class=\"wp-block-latest-posts__post-date\">21 pa\u017adziernika 2024<\/time><div class=\"wp-block-latest-posts__post-excerpt\">Wszystkich student\u00f3w pierwszych rocznik\u00f3w serdecznie zapraszamy do wzi\u0119cia udzia\u0142u w XII Rajdzie integracyjnym student\u00f3w I roku Pa\u0144stwowej Akademii Nauk Stosowanych w Kro\u015bnie Termin: 23 pa\u017adziernika 2024 (\u015broda) Informacje organizacyjneRajd b\u0119dzie mia\u0142 charakter gwia\u017adzisty, grupy student\u00f3w wyrusz\u0105 z kilku punkt\u00f3w by oko\u0142o godz. 12-tej spotka\u0107 si\u0119 na dziedzi\u0144cu Zamku Kamieniec w Odrzykoniu przy wsp\u00f3lnym ognisku. Po [\u2026] <div class=\"clear\"><\/div><a class=\"more_link clearfix\" href=\"https:\/\/pans.krosno.pl\/b\/xii-rajd-integracyjny-studentow-i-roku\/\" rel=\"nofollow\">Read More<\/a><\/div><\/li>\n<li><div class=\"wp-block-latest-posts__featured-image alignleft\"><img loading=\"lazy\" decoding=\"async\" width=\"150\" height=\"150\" src=\"https:\/\/pans.krosno.pl\/b\/wp-content\/uploads\/sites\/21\/2024\/10\/Zrzut-ekranu-2024-10-21-125859-150x150.png\" class=\"attachment-thumbnail size-thumbnail wp-post-image\" alt=\"\" style=\"max-width:150px;max-height:150px;\" srcset=\"https:\/\/pans.krosno.pl\/b\/wp-content\/uploads\/sites\/21\/2024\/10\/Zrzut-ekranu-2024-10-21-125859-150x150.png 150w, https:\/\/pans.krosno.pl\/b\/wp-content\/uploads\/sites\/21\/2024\/10\/Zrzut-ekranu-2024-10-21-125859-300x297.png 300w, https:\/\/pans.krosno.pl\/b\/wp-content\/uploads\/sites\/21\/2024\/10\/Zrzut-ekranu-2024-10-21-125859-80x80.png 80w, https:\/\/pans.krosno.pl\/b\/wp-content\/uploads\/sites\/21\/2024\/10\/Zrzut-ekranu-2024-10-21-125859.png 527w\" sizes=\"auto, (max-width: 150px) 100vw, 150px\" \/><\/div><a class=\"wp-block-latest-posts__post-title\" href=\"https:\/\/pans.krosno.pl\/b\/nabor-wnioskow-na-studia-erasmus-semestr-letni-2024-25\/\">Nab\u00f3r wniosk\u00f3w na studia ERASMUS semestr letni 2024\/25<\/a><time datetime=\"2024-10-21T13:00:34+02:00\" class=\"wp-block-latest-posts__post-date\">21 pa\u017adziernika 2024<\/time><div class=\"wp-block-latest-posts__post-excerpt\">Wyjazdy na studia semestr letni 2024\/2025 ze stypendium programu Erasmus+ \ud83c\udf0d\ud83d\udd25 Zapraszamy student\u00f3w Pa\u0144stwowej Akademii Nauk Stosowanych w Kro\u015bnie do sk\u0142adania wniosk\u00f3w o przyznanie stypendium na realizacj\u0119 mobilno\u015bci w ramach programu Erasmus+ \ud83c\uddea\ud83c\uddfa Wnioski nale\u017cy sk\u0142ada\u0107 w formie ELEKTRONICZNEJ za po\u015brednictwem portalu USOS. Szczeg\u00f3\u0142y i niezb\u0119dne informacje w linku poni\u017cej. Szczeg\u00f3\u0142y i niezb\u0119dne informacje<\/div><\/li>\n<li><div class=\"wp-block-latest-posts__featured-image alignleft\"><img loading=\"lazy\" decoding=\"async\" width=\"150\" height=\"150\" src=\"https:\/\/pans.krosno.pl\/b\/wp-content\/uploads\/sites\/21\/2024\/09\/Zrzut-ekranu-2024-09-18-174534-150x150.png\" class=\"attachment-thumbnail size-thumbnail wp-post-image\" alt=\"\" style=\"max-width:150px;max-height:150px;\" srcset=\"https:\/\/pans.krosno.pl\/b\/wp-content\/uploads\/sites\/21\/2024\/09\/Zrzut-ekranu-2024-09-18-174534-150x150.png 150w, https:\/\/pans.krosno.pl\/b\/wp-content\/uploads\/sites\/21\/2024\/09\/Zrzut-ekranu-2024-09-18-174534-80x80.png 80w\" sizes=\"auto, (max-width: 150px) 100vw, 150px\" \/><\/div><a class=\"wp-block-latest-posts__post-title\" href=\"https:\/\/pans.krosno.pl\/b\/sylwetki-i-bryly-alfred-jan-kolder-krosno-i-architekci-1-pol-xx-wieku-spotkanie-historyczne\/\">Sylwetki i bry\u0142y. Alfred Jan Ko\u0142der, Krosno i architekci 1 po\u0142. XX wieku \u2013 spotkanie historyczne<\/a><time datetime=\"2024-09-18T17:51:32+02:00\" class=\"wp-block-latest-posts__post-date\">18 wrze\u015bnia 2024<\/time><div class=\"wp-block-latest-posts__post-excerpt\">Sylwetki i bry\u0142y. Alfred Jan Ko\u0142der, Krosno i architekci 1 po\u0142. XX wieku \u2013 spotkanie historyczne.Prezentacja efekt\u00f3w projektu badawczego Katarzyny Soli\u0144skiej i spotkanie wok\u00f3\u0142 zbior\u00f3w rodziny Ko\u0142der\u00f3w.24 wrze\u015bnia 2024 roku (wtorek), godz. 17.00Aula Pa\u0144stwowej Akademii Nauk Stosowanych w Kro\u015bnie, ul. Kazimierza Wielkiego 4-8, Krosno Spotkanie b\u0119dzie pierwsz\u0105 w historii, ca\u0142o\u015bciow\u0105 pr\u00f3b\u0105 nakre\u015blenia sylwetki Alfreda Jana [\u2026] <div class=\"clear\"><\/div><a class=\"more_link clearfix\" href=\"https:\/\/pans.krosno.pl\/b\/sylwetki-i-bryly-alfred-jan-kolder-krosno-i-architekci-1-pol-xx-wieku-spotkanie-historyczne\/\" rel=\"nofollow\">Read More<\/a><\/div><\/li>\n<li><div class=\"wp-block-latest-posts__featured-image alignleft\"><img loading=\"lazy\" decoding=\"async\" width=\"150\" height=\"150\" src=\"https:\/\/pans.krosno.pl\/b\/wp-content\/uploads\/sites\/21\/2024\/05\/Zjazd-150x150.jpg\" class=\"attachment-thumbnail size-thumbnail wp-post-image\" alt=\"\" style=\"max-width:150px;max-height:150px;\" srcset=\"https:\/\/pans.krosno.pl\/b\/wp-content\/uploads\/sites\/21\/2024\/05\/Zjazd-150x150.jpg 150w, https:\/\/pans.krosno.pl\/b\/wp-content\/uploads\/sites\/21\/2024\/05\/Zjazd-80x80.jpg 80w\" sizes=\"auto, (max-width: 150px) 100vw, 150px\" \/><\/div><a class=\"wp-block-latest-posts__post-title\" href=\"https:\/\/pans.krosno.pl\/b\/ii-jubileuszowy-zjazd-absolwentow\/\">II\u00a0Jubileuszowy\u00a0Zjazd Absolwent\u00f3w<\/a><time datetime=\"2024-05-11T10:31:36+02:00\" class=\"wp-block-latest-posts__post-date\">11 maja 2024<\/time><div class=\"wp-block-latest-posts__post-excerpt\">Z&nbsp;wielk\u0105&nbsp;przyjemno\u015bci\u0105&nbsp;informujemy,&nbsp;\u017ce&nbsp;zbli\u017ca&nbsp;si\u0119&nbsp;wyj\u0105tkowewydarzenie&nbsp;\u2013&nbsp;II&nbsp;Zjazd&nbsp;Absolwent\u00f3w&nbsp;Pa\u0144stwowej&nbsp;Akademii&nbsp;NaukStosowanych&nbsp;w&nbsp;Kro\u015bnie,&nbsp;zorganizowany&nbsp;z&nbsp;okazji&nbsp;obchod\u00f3w&nbsp;25-lecia&nbsp;naszejuczelni&nbsp;oraz&nbsp;35&nbsp;lat&nbsp;kszta\u0142cenia&nbsp;na&nbsp;studiach&nbsp;wy\u017cszych&nbsp;w&nbsp;Kro\u015bnie. Serdecznie&nbsp;zapraszamy&nbsp;Pa\u0144stwa&nbsp;do&nbsp;uczestnictwa&nbsp;w&nbsp;tym&nbsp;wyj\u0105tkowymwydarzeniu,&nbsp;kt\u00f3re&nbsp;odb\u0119dzie&nbsp;si\u0119&nbsp;w&nbsp;dniu&nbsp;7&nbsp;czerwca&nbsp;2024&nbsp;roku. B\u0119dzie&nbsp;to&nbsp;doskona\u0142a&nbsp;okazja&nbsp;do&nbsp;ponownego&nbsp;spotkania&nbsp;si\u0119,&nbsp;wspomnie\u0144&nbsp;zczas\u00f3w&nbsp;studenckich&nbsp;oraz&nbsp;wymiany&nbsp;do\u015bwiadcze\u0144&nbsp;zwi\u0105zanych&nbsp;z&nbsp;\u017cyciemzawodowym&nbsp;po&nbsp;uko\u0144czeniu&nbsp;nauki. Wszelkie\u00a0informacje\u00a0dotycz\u0105ce\u00a0organizacji\u00a0Zjazdu\u00a0Absolwent\u00f3w\u00a0dost\u0119pnes\u0105\u00a0na\u00a0stronie:https:\/\/pans.krosno.pl\/zapraszamy-na-ii-zjazd-absolwentow\/ Zg\u0142oszenia\u00a0prosimy\u00a0nadsy\u0142a\u0107\u00a0do\u00a0dnia\u00a020\u00a0maja\u00a02024\u00a0r.\u00a0za\u00a0po\u015brednictwemformularza\u00a0elektronicznego:https:\/\/pans.krosno.pl\/rejestracja-zjazd-absolwentow-panskrosno-2024<\/div><\/li>\n<li><div class=\"wp-block-latest-posts__featured-image alignleft\"><img loading=\"lazy\" decoding=\"async\" width=\"150\" height=\"150\" src=\"https:\/\/pans.krosno.pl\/b\/wp-content\/uploads\/sites\/21\/2024\/04\/Wieczorek-Karaoke-19.04.2024-w-klubie-studenta-o-1800.-Przewidziane-nagrody.-Miedzynarodowy-Wieczor-Karaoke-SING-with-PANS-przyjdz-i-porwij-tlum-150x150.png\" class=\"attachment-thumbnail size-thumbnail wp-post-image\" alt=\"\" style=\"max-width:150px;max-height:150px;\" srcset=\"https:\/\/pans.krosno.pl\/b\/wp-content\/uploads\/sites\/21\/2024\/04\/Wieczorek-Karaoke-19.04.2024-w-klubie-studenta-o-1800.-Przewidziane-nagrody.-Miedzynarodowy-Wieczor-Karaoke-SING-with-PANS-przyjdz-i-porwij-tlum-150x150.png 150w, https:\/\/pans.krosno.pl\/b\/wp-content\/uploads\/sites\/21\/2024\/04\/Wieczorek-Karaoke-19.04.2024-w-klubie-studenta-o-1800.-Przewidziane-nagrody.-Miedzynarodowy-Wieczor-Karaoke-SING-with-PANS-przyjdz-i-porwij-tlum-80x80.png 80w\" sizes=\"auto, (max-width: 150px) 100vw, 150px\" \/><\/div><a class=\"wp-block-latest-posts__post-title\" href=\"https:\/\/pans.krosno.pl\/b\/wieczorek-karaoke\/\">WIECZOREK KARAOKE<\/a><time datetime=\"2024-04-16T14:08:50+02:00\" class=\"wp-block-latest-posts__post-date\">16 kwietnia 2024<\/time><div class=\"wp-block-latest-posts__post-excerpt\">Sekcja\u00a0ds.\u00a0Wsp\u00f3\u0142pracy\u00a0Mi\u0119dzynarodowej\u00a0Pa\u0144stwowej\u00a0Akademii\u00a0NaukStosowanych\u00a0w\u00a0Kro\u015bnie\u00a0organizuje\u00a0Wieczorek\u00a0Karaoke\u00a0w\u00a0Klubie\u00a0Studenta\u00a0wnajbli\u017cszy\u00a0czwartek\u00a018.04.2024\u00a0o\u00a018:00.<\/div><\/li>\n<li><div class=\"wp-block-latest-posts__featured-image alignleft\"><img loading=\"lazy\" decoding=\"async\" width=\"150\" height=\"150\" src=\"https:\/\/pans.krosno.pl\/b\/wp-content\/uploads\/sites\/21\/2024\/02\/Erasmus-1-1-150x150.jpg\" class=\"attachment-thumbnail size-thumbnail wp-post-image\" alt=\"\" style=\"max-width:150px;max-height:150px;\" srcset=\"https:\/\/pans.krosno.pl\/b\/wp-content\/uploads\/sites\/21\/2024\/02\/Erasmus-1-1-150x150.jpg 150w, https:\/\/pans.krosno.pl\/b\/wp-content\/uploads\/sites\/21\/2024\/02\/Erasmus-1-1-80x80.jpg 80w\" sizes=\"auto, (max-width: 150px) 100vw, 150px\" \/><\/div><a class=\"wp-block-latest-posts__post-title\" href=\"https:\/\/pans.krosno.pl\/b\/praktyki-zagraniczne-w-ramach-programu-erasmus-przedluzenie-konkursu\/\">Praktyki zagraniczne w ramach Programu Erasmus+ \u2013 Przed\u0142u\u017cenie konkursu<\/a><time datetime=\"2024-02-17T11:14:40+01:00\" class=\"wp-block-latest-posts__post-date\">17 lutego 2024<\/time><div class=\"wp-block-latest-posts__post-excerpt\">Zapraszamy wszystkich student\u00f3w zainteresowanych wyjazdem na praktyki zagraniczne w ramach programu Erasmus+ w semestrze letnim 2023\/2024, do sk\u0142adania wniosk\u00f3w o przyznanie mobilno\u015bci. W programie Erasmus+ na praktyk\u0119 studenck\u0105 mo\u017cna wyjecha\u0107 do zagranicznego przedsi\u0119biorstwa\/firmy, plac\u00f3wki naukowo-badawczej, organizacji non-profit i do innych instytucji (jednostki administracji pa\u0144stwowej, muzea, biblioteki, szpitale itp.), nie mo\u017cna natomiast odby\u0107 praktyk w instytucjach [\u2026] <div class=\"clear\"><\/div><a class=\"more_link clearfix\" href=\"https:\/\/pans.krosno.pl\/b\/praktyki-zagraniczne-w-ramach-programu-erasmus-przedluzenie-konkursu\/\" rel=\"nofollow\">Read More<\/a><\/div><\/li>\n<li><div class=\"wp-block-latest-posts__featured-image alignleft\"><img loading=\"lazy\" decoding=\"async\" width=\"150\" height=\"150\" src=\"https:\/\/pans.krosno.pl\/b\/wp-content\/uploads\/sites\/21\/2023\/10\/RobON-1-150x150.jpg\" class=\"attachment-thumbnail size-thumbnail wp-post-image\" alt=\"\" style=\"max-width:150px;max-height:150px;\" srcset=\"https:\/\/pans.krosno.pl\/b\/wp-content\/uploads\/sites\/21\/2023\/10\/RobON-1-150x150.jpg 150w, https:\/\/pans.krosno.pl\/b\/wp-content\/uploads\/sites\/21\/2023\/10\/RobON-1-80x80.jpg 80w\" sizes=\"auto, (max-width: 150px) 100vw, 150px\" \/><\/div><a class=\"wp-block-latest-posts__post-title\" href=\"https:\/\/pans.krosno.pl\/b\/konkurs-robotyczny-robon\/\">Konkurs\u00a0robotyczny\u00a0RobON<\/a><time datetime=\"2023-10-25T12:02:23+02:00\" class=\"wp-block-latest-posts__post-date\">25 pa\u017adziernika 2023<\/time><div class=\"wp-block-latest-posts__post-excerpt\">Konkurs\u00a0robotyczny\u00a0RobON\u00a0to\u00a0doskona\u0142a\u00a0okazja,\u00a0aby\u00a0uczniowie\u00a0i\u00a0studenciwykazali\u00a0si\u0119\u00a0w\u00a0dziedzinie\u00a0robotyki\u00a0i\u00a0zaprezentowali\u00a0swoje umiej\u0119tno\u015bci. Data:\u00a025\u00a0listopada\u00a02023\u00a0rokuMiejsce:\u00a0Kampus\u00a0Techniczno-sportowy\u00a0PANS\u00a0w\u00a0Kro\u015bnie,\u00a0ul.\u00a0Wyspia\u0144skiego20 &#8222;RobON&#8221;&nbsp;to&nbsp;innowacyjne&nbsp;wydarzenie&nbsp;skierowane&nbsp;do&nbsp;uczni\u00f3w&nbsp;szk\u00f3\u0142ponadpodstawowych&nbsp;oraz&nbsp;student\u00f3w,&nbsp;kt\u00f3re&nbsp;oferuje&nbsp;cztery&nbsp;ekscytuj\u0105cekategorie: \ud83e\udd4a&nbsp;SUMO:&nbsp;Wykorzystajcie&nbsp;swoje&nbsp;umiej\u0119tno\u015bci&nbsp;in\u017cynieryjne&nbsp;iprogramistyczne,&nbsp;aby&nbsp;stworzy\u0107&nbsp;robota&nbsp;zdolnego&nbsp;do&nbsp;walki&nbsp;na&nbsp;ringu&nbsp;SUMO, \ud83d\udca5&nbsp;Freestyle:&nbsp;Dajcie&nbsp;upust&nbsp;kreatywno\u015bci&nbsp;i&nbsp;zaprezentujcie&nbsp;dowolnyprojekt&nbsp;robotyczny,&nbsp;kt\u00f3ry&nbsp;zachwyci&nbsp;jury&nbsp;i&nbsp;publiczno\u015b\u0107, \ud83e\udde9&nbsp;LEGO&nbsp;SUMO:&nbsp;Wykorzystajcie&nbsp;zestaw&nbsp;LEGO,&nbsp;aby&nbsp;skonstruowa\u0107&nbsp;izaprogramowa\u0107&nbsp;robota,&nbsp;kt\u00f3ry&nbsp;zmierzy&nbsp;si\u0119&nbsp;z&nbsp;innymi&nbsp;na&nbsp;ringu&nbsp;SUMO, \ud83d\ude97&nbsp;Line&nbsp;Follower:&nbsp;Stw\u00f3rzcie&nbsp;robota,&nbsp;kt\u00f3ry&nbsp;precyzyjnie&nbsp;b\u0119dziepod\u0105\u017ca\u0142&nbsp;za&nbsp;lini\u0105&nbsp;i&nbsp;osi\u0105gnie&nbsp;jak&nbsp;najlepszy&nbsp;czas. Rejestracja\u00a0trwa\u00a0do\u00a010\u00a0listopada.Szczeg\u00f3\u0142owe\u00a0informacje\u00a0dotycz\u0105ce\u00a0konkursu,\u00a0regulaminu\u00a0oraz\u00a0procesurejestracji\u00a0znajduj\u0105\u00a0si\u0119\u00a0na\u00a0naszej\u00a0stronie\u00a0internetowej:https:\/\/pans.krosno.pl\/robon\/.<\/div><\/li>\n<li><div class=\"wp-block-latest-posts__featured-image alignleft\"><img loading=\"lazy\" decoding=\"async\" width=\"150\" height=\"150\" src=\"https:\/\/pans.krosno.pl\/b\/wp-content\/uploads\/sites\/21\/2023\/10\/Konf-150x150.jpg\" class=\"attachment-thumbnail size-thumbnail wp-post-image\" alt=\"\" style=\"max-width:150px;max-height:150px;\" srcset=\"https:\/\/pans.krosno.pl\/b\/wp-content\/uploads\/sites\/21\/2023\/10\/Konf-150x150.jpg 150w, https:\/\/pans.krosno.pl\/b\/wp-content\/uploads\/sites\/21\/2023\/10\/Konf-80x80.jpg 80w\" sizes=\"auto, (max-width: 150px) 100vw, 150px\" \/><\/div><a class=\"wp-block-latest-posts__post-title\" href=\"https:\/\/pans.krosno.pl\/b\/xii-konferencja-naukowa-polaczenia-i-wezly-w-konstrukcjach-metalowych-i-zespolonych\/\">XII Konferencja Naukowa Po\u0142\u0105czenia i W\u0119z\u0142y w Konstrukcjach Metalowych i Zespolonych<\/a><time datetime=\"2023-10-16T20:03:19+02:00\" class=\"wp-block-latest-posts__post-date\">16 pa\u017adziernika 2023<\/time><div class=\"wp-block-latest-posts__post-excerpt\">W dniach 12-14 pa\u017adziernika 2023 roku w Bezmiechowej G\u00f3rnej ko\u0142o Leska odby\u0142a si\u0119 XII Konferencja Naukowa Po\u0142\u0105czenia i W\u0119z\u0142y w Konstrukcjach Metalowych i Zespolonych. Organizatorem konferencji by\u0142a Katedra Konstrukcji Budowlanych Wydzia\u0142u Budownictwa In\u017cynierii \u015arodowiska i Architektury Politechniki Rzeszowskiej. Wydarzenie odby\u0142o si\u0119 pod patronatem Podkarpackiej Izby In\u017cynier\u00f3w Budownictwa, Sekcji Konstrukcji Metalowych Komitetu In\u017cynierii L\u0105dowej i Wodnej [\u2026] <div class=\"clear\"><\/div><a class=\"more_link clearfix\" href=\"https:\/\/pans.krosno.pl\/b\/xii-konferencja-naukowa-polaczenia-i-wezly-w-konstrukcjach-metalowych-i-zespolonych\/\" rel=\"nofollow\">Read More<\/a><\/div><\/li>\n<li><div class=\"wp-block-latest-posts__featured-image alignleft\"><img loading=\"lazy\" decoding=\"async\" width=\"150\" height=\"150\" src=\"https:\/\/pans.krosno.pl\/b\/wp-content\/uploads\/sites\/21\/2023\/09\/Bez-tytulu-150x150.jpg\" class=\"attachment-thumbnail size-thumbnail wp-post-image\" alt=\"\" style=\"max-width:150px;max-height:150px;\" srcset=\"https:\/\/pans.krosno.pl\/b\/wp-content\/uploads\/sites\/21\/2023\/09\/Bez-tytulu-150x150.jpg 150w, https:\/\/pans.krosno.pl\/b\/wp-content\/uploads\/sites\/21\/2023\/09\/Bez-tytulu-300x300.jpg 300w, https:\/\/pans.krosno.pl\/b\/wp-content\/uploads\/sites\/21\/2023\/09\/Bez-tytulu-80x80.jpg 80w, https:\/\/pans.krosno.pl\/b\/wp-content\/uploads\/sites\/21\/2023\/09\/Bez-tytulu.jpg 375w\" sizes=\"auto, (max-width: 150px) 100vw, 150px\" \/><\/div><a class=\"wp-block-latest-posts__post-title\" href=\"https:\/\/pans.krosno.pl\/b\/68-krynicka-konferencja-naukowa\/\">68. Krynicka Konferencja Naukowa<\/a><time datetime=\"2023-09-30T13:55:57+02:00\" class=\"wp-block-latest-posts__post-date\">30 wrze\u015bnia 2023<\/time><div class=\"wp-block-latest-posts__post-excerpt\">W dniach 24-28 wrze\u015bnia 2023 roku w Gliwicach odby\u0142a si\u0119 68. Krynicka Konferencja Naukowa Komitetu In\u017cynierii L\u0105dowej i Wodnej PAN oraz Komitetu Nauki PZITB. Gospodarzem tegorocznego wydarzenia by\u0142 Wydzia\u0142 Budownictwa Politechniki \u015al\u0105skiej. Konferencja tradycyjnie podzielona zosta\u0142a na cz\u0119\u015b\u0107 problemow\u0105 i cz\u0119\u015b\u0107 og\u00f3ln\u0105. Tematem przewodnim cz\u0119\u015bci problemowej by\u0142y wyzwania budownictwa na terenach g\u00f3rniczych, pog\u00f3rniczych i zdegradowanych. [\u2026] <div class=\"clear\"><\/div><a class=\"more_link clearfix\" href=\"https:\/\/pans.krosno.pl\/b\/68-krynicka-konferencja-naukowa\/\" rel=\"nofollow\">Read More<\/a><\/div><\/li>\n<li><div class=\"wp-block-latest-posts__featured-image alignleft\"><img loading=\"lazy\" decoding=\"async\" width=\"150\" height=\"150\" src=\"https:\/\/pans.krosno.pl\/b\/wp-content\/uploads\/sites\/21\/2022\/01\/Logotyp-skrocony-150x150.jpg\" class=\"attachment-thumbnail size-thumbnail wp-post-image\" alt=\"Logotyp skr\u00f3cony\" style=\"max-width:150px;max-height:150px;\" srcset=\"https:\/\/pans.krosno.pl\/b\/wp-content\/uploads\/sites\/21\/2022\/01\/Logotyp-skrocony-150x150.jpg 150w, https:\/\/pans.krosno.pl\/b\/wp-content\/uploads\/sites\/21\/2022\/01\/Logotyp-skrocony-80x80.jpg 80w\" sizes=\"auto, (max-width: 150px) 100vw, 150px\" \/><\/div><a class=\"wp-block-latest-posts__post-title\" href=\"https:\/\/pans.krosno.pl\/b\/harmonogram-dni-adaptacyjnych\/\">Harmonogram\u00a0dni\u00a0adaptacyjnych<\/a><time datetime=\"2023-09-25T09:09:54+02:00\" class=\"wp-block-latest-posts__post-date\">25 wrze\u015bnia 2023<\/time><div class=\"wp-block-latest-posts__post-excerpt\">2.10.2023\u00a0(poniedzia\u0142ek) 16.30 \u2013 18.00 Spotkanie z samorz\u0105dem studenckim oraz spotkanie w sprawie zaj\u0119\u0107 WF \u2013 Suchod\u00f3\u0142, ul. Dmochowskiego 12, Budynek A, s. 11 3.10.2023\u00a0(wtorek) 15.00 \u2013 17.15 Spotkanie z kierownikiem zak\u0142adu i opiekunem roku \u2013 Suchod\u00f3\u0142, ul. Dmochowskiego 12, Budynek D, s. 2 17.30 \u2013 19.45 Pedagogika studiowania \u2013 Suchod\u00f3\u0142, ul. Dmochowskiego 12, AULA<\/div><\/li>\n<li><div class=\"wp-block-latest-posts__featured-image alignleft\"><img loading=\"lazy\" decoding=\"async\" width=\"150\" height=\"137\" src=\"https:\/\/pans.krosno.pl\/b\/wp-content\/uploads\/sites\/21\/2023\/05\/Bez-tytulu-150x137.jpg\" class=\"attachment-thumbnail size-thumbnail wp-post-image\" alt=\"\" style=\"max-width:150px;max-height:150px;\" \/><\/div><a class=\"wp-block-latest-posts__post-title\" href=\"https:\/\/pans.krosno.pl\/b\/oferta-pracy-dla-studentow-i-absolwentow-kierunku-budownictwo\/\">Oferta pracy dla student\u00f3w i absolwent\u00f3w kierunku Budownictwo<\/a><time datetime=\"2023-05-19T21:49:01+02:00\" class=\"wp-block-latest-posts__post-date\">19 maja 2023<\/time><div class=\"wp-block-latest-posts__post-excerpt\">Praca\u00a0In\u017cynier\u00a0Budowy\u00a0STRABAG Zakres\u00a0obowi\u0105zk\u00f3w:&#8211; nadzorowanie\u00a0\/\u00a0koordynacja\u00a0brygad\u00a0roboczych\u00a0i\u00a0rob\u00f3t\u00a0budowlanych&#8211; przygotowywanie\u00a0zam\u00f3wie\u0144\u00a0na\u00a0materia\u0142y,\u00a0sprz\u0119t\u00a0i\u00a0us\u0142ugi&#8211; opracowywanie\u00a0raport\u00f3w\u00a0z\u00a0post\u0119pu\u00a0prac&#8211; raportowanie\u00a0do\u00a0prze\u0142o\u017conego\u00a0o\u00a0post\u0119pie\u00a0rob\u00f3t&#8211; obs\u0142uga\u00a0bie\u017c\u0105cych\u00a0potrzeb\u00a0budowy Nasze\u00a0Oczekiwania:&#8211; wykszta\u0142cenie\u00a0techniczne&#8211; umiej\u0119tno\u015b\u0107\u00a0organizacji\u00a0pracy&#8211; komunikatywno\u015b\u0107\u00a0i\u00a0umiej\u0119tno\u015b\u0107\u00a0pracy\u00a0w\u00a0zespole&#8211; umiej\u0119tno\u015b\u0107\u00a0pracy\u00a0pod\u00a0presj\u0105\u00a0czasu&#8211; do\u015bwiadczenie zawodowe\u00a0w\u00a0bran\u017cy\u00a0budowlanej\u00a0b\u0119dzie\u00a0atutem&#8211; dobra\u00a0znajomo\u015b\u0107\u00a0MS\u00a0Office Dodatkowe\u00a0Benefity:&#8211; mo\u017cliwo\u015b\u0107\u00a0wykupu\u00a0prywatnej\u00a0opieki\u00a0zdrowotnej\u00a0po\u00a0atrakcyjnej\u00a0cenie&#8211; dofinansowanie\u00a0nauki\u00a0j\u0119zyk\u00f3w\u00a0obcych&#8211; pakiety\u00a0multi-sport&#8211; spotkania \/ wyjazdy\u00a0integracyjne&#8211; mo\u017cliwo\u015b\u0107\u00a0uzyskania\u00a0uprawnie\u0144&#8211; jeden\u00a0kr\u00f3tszy\u00a0dzie\u0144\u00a0pracy Osoby\u00a0ch\u0119tne\u00a0proszone\u00a0s\u0105 o\u00a0wysy\u0142anie CV\u00a0na\u00a0adres:\u00a0lukasz.kolodziej@strabag.com<\/div><\/li>\n<li><div class=\"wp-block-latest-posts__featured-image alignleft\"><img loading=\"lazy\" decoding=\"async\" width=\"118\" height=\"122\" src=\"https:\/\/pans.krosno.pl\/b\/wp-content\/uploads\/sites\/21\/2023\/04\/Bez-tytulu.jpg\" class=\"attachment-thumbnail size-thumbnail wp-post-image\" alt=\"\" style=\"max-width:150px;max-height:150px;\" \/><\/div><a class=\"wp-block-latest-posts__post-title\" href=\"https:\/\/pans.krosno.pl\/b\/certyfikaty-it-academy-microsoft-dla-studentow-ii-roku-budownictwa\/\">Certyfikaty It Academy Microsoft dla student\u00f3w II roku Budownictwa<\/a><time datetime=\"2023-04-27T08:54:41+02:00\" class=\"wp-block-latest-posts__post-date\">27 kwietnia 2023<\/time><div class=\"wp-block-latest-posts__post-excerpt\">W dniu 24.04.2023 r. studenci II roku Budownictwa odebrali certyfikaty It Academy Microsoft. Uroczystego wr\u0119czenia certyfikat\u00f3w dokona\u0142 pan dr in\u017c. Tomasz Pytlowany &#8211; Kierownik Zak\u0142adu Budownictwa PANS w Kro\u015bnie w towarzystwie mgr Roberta Rajsa &#8211; koordynatora przedmiotu Technologia informacyjna i It Academy Microsoft PANS w Kro\u015bnie. Relacja z wydarzenia<\/div><\/li>\n<li><div class=\"wp-block-latest-posts__featured-image alignleft\"><img loading=\"lazy\" decoding=\"async\" width=\"150\" height=\"150\" src=\"https:\/\/pans.krosno.pl\/b\/wp-content\/uploads\/sites\/21\/2022\/01\/Logotyp-skrocony-150x150.jpg\" class=\"attachment-thumbnail size-thumbnail wp-post-image\" alt=\"Logotyp skr\u00f3cony\" style=\"max-width:150px;max-height:150px;\" srcset=\"https:\/\/pans.krosno.pl\/b\/wp-content\/uploads\/sites\/21\/2022\/01\/Logotyp-skrocony-150x150.jpg 150w, https:\/\/pans.krosno.pl\/b\/wp-content\/uploads\/sites\/21\/2022\/01\/Logotyp-skrocony-80x80.jpg 80w\" sizes=\"auto, (max-width: 150px) 100vw, 150px\" \/><\/div><a class=\"wp-block-latest-posts__post-title\" href=\"https:\/\/pans.krosno.pl\/b\/wyklady-dla-uczniow-z-zespolu-szkol-naftowo-gazowniczych-im-ignacego-lukasiewicza-w-krosnie\/\">Wyk\u0142ady dla uczni\u00f3w z Zespo\u0142u Szk\u00f3\u0142 Naftowo-Gazowniczych im. Ignacego \u0141ukasiewicza w Kro\u015bnie<\/a><time datetime=\"2023-01-11T16:58:56+01:00\" class=\"wp-block-latest-posts__post-date\">11 stycznia 2023<\/time><div class=\"wp-block-latest-posts__post-excerpt\">We wtorek w Kampusie Humanistycznym przy ul. Kazimierza Wielkiego mieli\u015bmy przyjemno\u015b\u0107 go\u015bci\u0107 uczni\u00f3w z Zespo\u0142u Szk\u00f3\u0142 Naftowo &#8211; Gazowniczych im. Ignacego \u0141ukasiewicza w Kro\u015bnie &#8211; Naft\u00f3wka. Uczniowie wzi\u0119li udzia\u0142 w zaj\u0119ciach prowadzonych przez pracownik\u00f3w Zak\u0142adu Budownictwa PANS w Kro\u015bnie. O deformacjach konstrukcji in\u017cynierskich opowiedzia\u0142a dr hab. in\u017c. Izabela Skrzypczak, prof. PANS, natomiast wyk\u0142ad pt. &#8222;Nowoczesna [\u2026] <div class=\"clear\"><\/div><a class=\"more_link clearfix\" href=\"https:\/\/pans.krosno.pl\/b\/wyklady-dla-uczniow-z-zespolu-szkol-naftowo-gazowniczych-im-ignacego-lukasiewicza-w-krosnie\/\" rel=\"nofollow\">Read More<\/a><\/div><\/li>\n<li><div class=\"wp-block-latest-posts__featured-image alignleft\"><img loading=\"lazy\" decoding=\"async\" width=\"107\" height=\"114\" src=\"https:\/\/pans.krosno.pl\/b\/wp-content\/uploads\/sites\/21\/2022\/12\/Bez-tytulu.jpg\" class=\"attachment-thumbnail size-thumbnail wp-post-image\" alt=\"\" style=\"max-width:150px;max-height:150px;\" \/><\/div><a class=\"wp-block-latest-posts__post-title\" href=\"https:\/\/pans.krosno.pl\/b\/prezentacja-katedry-drog-i-mostow-politechniki-rzeszowskiej\/\">Prezentacja Katedry Dr\u00f3g i Most\u00f3w Politechniki Rzeszowskiej<\/a><time datetime=\"2022-12-02T15:40:23+01:00\" class=\"wp-block-latest-posts__post-date\">2 grudnia 2022<\/time><div class=\"wp-block-latest-posts__post-excerpt\">Zapraszamy&nbsp;na&nbsp;prezentacj\u0119, b\u0119d\u0105c\u0105 wprowadzeniem do studiowania na PRz w specjalno\u015bciach drogowej i mostowej (II stopie\u0144 studi\u00f3w). Spotkanie kierowane jest do student\u00f3w 1, 2, 3 i 4 roku studi\u00f3w in\u017cynierskich. Przewidywany czas spotkania ok. 45-60 min. Miejsce i termin spotkania:Wtorek 06.12.2022 r., godz.\u00a011.00Aula\u00a02,\u00a0ul.\u00a0Dmochowskiego\u00a012<\/div><\/li>\n<li><div class=\"wp-block-latest-posts__featured-image alignleft\"><img loading=\"lazy\" decoding=\"async\" width=\"150\" height=\"150\" src=\"https:\/\/pans.krosno.pl\/b\/wp-content\/uploads\/sites\/21\/2020\/03\/l3uW3JumZVWqkYlkZAlogo-polskiej-izby-inzynierow-budownictwa-275x275-1-150x150.jpg\" class=\"attachment-thumbnail size-thumbnail wp-post-image\" alt=\"\" style=\"max-width:150px;max-height:150px;\" srcset=\"https:\/\/pans.krosno.pl\/b\/wp-content\/uploads\/sites\/21\/2020\/03\/l3uW3JumZVWqkYlkZAlogo-polskiej-izby-inzynierow-budownictwa-275x275-1-150x150.jpg 150w, https:\/\/pans.krosno.pl\/b\/wp-content\/uploads\/sites\/21\/2020\/03\/l3uW3JumZVWqkYlkZAlogo-polskiej-izby-inzynierow-budownictwa-275x275-1-80x80.jpg 80w, https:\/\/pans.krosno.pl\/b\/wp-content\/uploads\/sites\/21\/2020\/03\/l3uW3JumZVWqkYlkZAlogo-polskiej-izby-inzynierow-budownictwa-275x275-1.jpg 275w\" sizes=\"auto, (max-width: 150px) 100vw, 150px\" \/><\/div><a class=\"wp-block-latest-posts__post-title\" href=\"https:\/\/pans.krosno.pl\/b\/spotkanie-informacyjno-integracyjne-czlonkow-pdk-oiib-z-terenu-powiatu-krosnienskiego\/\">Spotkanie informacyjno-integracyjne cz\u0142onk\u00f3w PDK OIIB z terenu powiatu kro\u015bnie\u0144skiego<\/a><time datetime=\"2022-12-02T15:30:44+01:00\" class=\"wp-block-latest-posts__post-date\">2 grudnia 2022<\/time><div class=\"wp-block-latest-posts__post-excerpt\">W dniu 25 listopada 2022 roku odby\u0142o si\u0119 spotkanie informacyjno &#8211; integracyjne cz\u0142onk\u00f3w naszej Izby z terenu powiatu kro\u015bnie\u0144skiego. Spotkanie rozpocz\u0119\u0142o si\u0119 o godz. 16.30 wizyt\u0105 w Muzeum Podkarpackim przy ul. J. Pi\u0142sudskiego 16 w Kro\u015bnie. Uczestnicy mieli mo\u017cliwo\u015b\u0107 zwiedzenia dw\u00f3ch interesuj\u0105cych wystaw: \u201ePrzesz\u0142o\u015b\u0107 o\u017cywiona\u201d &#8211; przedstawiaj\u0105c\u0105 histori\u0119 osadnictwa na terenie Podkarpacia od pierwszych \u015blad\u00f3w [\u2026] <div class=\"clear\"><\/div><a class=\"more_link clearfix\" href=\"https:\/\/pans.krosno.pl\/b\/spotkanie-informacyjno-integracyjne-czlonkow-pdk-oiib-z-terenu-powiatu-krosnienskiego\/\" rel=\"nofollow\">Read More<\/a><\/div><\/li>\n<li><div class=\"wp-block-latest-posts__featured-image alignleft\"><img loading=\"lazy\" decoding=\"async\" width=\"150\" height=\"149\" src=\"https:\/\/pans.krosno.pl\/b\/wp-content\/uploads\/sites\/21\/2021\/09\/Wazne-150x149.jpg\" class=\"attachment-thumbnail size-thumbnail wp-post-image\" alt=\"\" style=\"max-width:150px;max-height:150px;\" srcset=\"https:\/\/pans.krosno.pl\/b\/wp-content\/uploads\/sites\/21\/2021\/09\/Wazne-150x149.jpg 150w, https:\/\/pans.krosno.pl\/b\/wp-content\/uploads\/sites\/21\/2021\/09\/Wazne-80x80.jpg 80w\" sizes=\"auto, (max-width: 150px) 100vw, 150px\" \/><\/div><a class=\"wp-block-latest-posts__post-title\" href=\"https:\/\/pans.krosno.pl\/b\/szkolenie-bhp-dla-studentow-i-roku-studiow\/\">Szkolenie BHP dla student\u00f3w I roku studi\u00f3w<\/a><time datetime=\"2022-10-17T10:50:12+02:00\" class=\"wp-block-latest-posts__post-date\">17 pa\u017adziernika 2022<\/time><div class=\"wp-block-latest-posts__post-excerpt\">Obowi\u0105zkowe szkolenie BHP dla student\u00f3w I roku studi\u00f3w kierunku Budownictwo odb\u0119dzie si\u0119 w dniu: 23 listopada (\u015broda) godz. 15.30 do 18.30, ul. Dmochowskiego 12, AULA<\/div><\/li>\n<li><div class=\"wp-block-latest-posts__featured-image alignleft\"><img loading=\"lazy\" decoding=\"async\" width=\"150\" height=\"149\" src=\"https:\/\/pans.krosno.pl\/b\/wp-content\/uploads\/sites\/21\/2021\/09\/Wazne-150x149.jpg\" class=\"attachment-thumbnail size-thumbnail wp-post-image\" alt=\"\" style=\"max-width:150px;max-height:150px;\" srcset=\"https:\/\/pans.krosno.pl\/b\/wp-content\/uploads\/sites\/21\/2021\/09\/Wazne-150x149.jpg 150w, https:\/\/pans.krosno.pl\/b\/wp-content\/uploads\/sites\/21\/2021\/09\/Wazne-80x80.jpg 80w\" sizes=\"auto, (max-width: 150px) 100vw, 150px\" \/><\/div><a class=\"wp-block-latest-posts__post-title\" href=\"https:\/\/pans.krosno.pl\/b\/x-rajd-integracyjny-studentow-i-roku\/\">X Rajd integracyjny student\u00f3w I roku<\/a><time datetime=\"2022-10-13T21:12:25+02:00\" class=\"wp-block-latest-posts__post-date\">13 pa\u017adziernika 2022<\/time><div class=\"wp-block-latest-posts__post-excerpt\">W \u015brod\u0119 19 pa\u017adziernika 2022 r. odb\u0119dzie si\u0119 X Rajd integracyjny student\u00f3w I roku studi\u00f3w. Rajd b\u0119dzie mia\u0142 charakter gwia\u017adzisty, grupy student\u00f3w wyrusz\u0105 z kilku punkt\u00f3w by oko\u0142o godz. 12-tej spotka\u0107 si\u0119 na dziedzi\u0144cu Zamku Kamieniec w Odrzykoniu przy wsp\u00f3lnym ognisku. Po zako\u0144czeniu Rajdu, ok. godz. 13.00 powr\u00f3t autobusami do Krosna. Celem rajdu jest integracja [\u2026] <div class=\"clear\"><\/div><a class=\"more_link clearfix\" href=\"https:\/\/pans.krosno.pl\/b\/x-rajd-integracyjny-studentow-i-roku\/\" rel=\"nofollow\">Read More<\/a><\/div><\/li>\n<li><div class=\"wp-block-latest-posts__featured-image alignleft\"><img loading=\"lazy\" decoding=\"async\" width=\"150\" height=\"149\" src=\"https:\/\/pans.krosno.pl\/b\/wp-content\/uploads\/sites\/21\/2021\/09\/Wazne-150x149.jpg\" class=\"attachment-thumbnail size-thumbnail wp-post-image\" alt=\"\" style=\"max-width:150px;max-height:150px;\" srcset=\"https:\/\/pans.krosno.pl\/b\/wp-content\/uploads\/sites\/21\/2021\/09\/Wazne-150x149.jpg 150w, https:\/\/pans.krosno.pl\/b\/wp-content\/uploads\/sites\/21\/2021\/09\/Wazne-80x80.jpg 80w\" sizes=\"auto, (max-width: 150px) 100vw, 150px\" \/><\/div><a class=\"wp-block-latest-posts__post-title\" href=\"https:\/\/pans.krosno.pl\/b\/harmonogram-dni-adaptacyjnych-dla-studentow-i-roku-studiow\/\">Harmonogram\u00a0dni\u00a0adaptacyjnych dla student\u00f3w I roku studi\u00f3w<\/a><time datetime=\"2022-09-28T22:45:45+02:00\" class=\"wp-block-latest-posts__post-date\">28 wrze\u015bnia 2022<\/time><div class=\"wp-block-latest-posts__post-excerpt\">Szczeg\u00f3\u0142owy plan dni adaptacyjnych dla kierunku Budownictwo 30.09.2022&nbsp;(pi\u0105tek) 16.30 \u2013 18.00 Spotkanie z samorz\u0105dem studenckim oraz spotkanie w sprawie zaj\u0119\u0107 WF \u2013 Suchod\u00f3\u0142, ul. Dmochowskiego 12, Budynek A, Sala 11 (Zmiana) 1.10.2022&nbsp;(sobota) 9.00 \u2013 11.15 Pedagogika studiowania \u2013 Suchod\u00f3\u0142, ul. Dmochowskiego 12, AULA11.30 \u2013 13.45 Spotkanie z kierownikiem zak\u0142adu i opiekunem roku \u2013 Suchod\u00f3\u0142, ul. [\u2026] <div class=\"clear\"><\/div><a class=\"more_link clearfix\" href=\"https:\/\/pans.krosno.pl\/b\/harmonogram-dni-adaptacyjnych-dla-studentow-i-roku-studiow\/\" rel=\"nofollow\">Read More<\/a><\/div><\/li>\n<li><div class=\"wp-block-latest-posts__featured-image alignleft\"><img loading=\"lazy\" decoding=\"async\" width=\"150\" height=\"149\" src=\"https:\/\/pans.krosno.pl\/b\/wp-content\/uploads\/sites\/21\/2021\/09\/Wazne-150x149.jpg\" class=\"attachment-thumbnail size-thumbnail wp-post-image\" alt=\"\" style=\"max-width:150px;max-height:150px;\" srcset=\"https:\/\/pans.krosno.pl\/b\/wp-content\/uploads\/sites\/21\/2021\/09\/Wazne-150x149.jpg 150w, https:\/\/pans.krosno.pl\/b\/wp-content\/uploads\/sites\/21\/2021\/09\/Wazne-80x80.jpg 80w\" sizes=\"auto, (max-width: 150px) 100vw, 150px\" \/><\/div><a class=\"wp-block-latest-posts__post-title\" href=\"https:\/\/pans.krosno.pl\/b\/terminy-konsultacji-i-zaliczen-w-sesji-poprawkowej-2021-2022\/\">Terminy egzamin\u00f3w, konsultacji i zalicze\u0144 w sesji poprawkowej 2021\/2022<\/a><time datetime=\"2022-09-12T10:19:01+02:00\" class=\"wp-block-latest-posts__post-date\">12 wrze\u015bnia 2022<\/time><div class=\"wp-block-latest-posts__post-excerpt\">Terminy egzamin\u00f3w Terminy zalicze\u0144 i konsultacji prof. dr hab. in\u017c. Aleksander Koz\u0142owski zaliczenie \u0107wicze\u0144 projektowych z Konstrukcji Metalowych &#8211;&nbsp;poniedzia\u0142ek&nbsp;19.09&nbsp;o&nbsp;godz.&nbsp;10.00 &#8211;&nbsp;pi\u0105tek&nbsp;23.09&nbsp;o&nbsp;godz.&nbsp;10.00 dr in\u017c. Kazimierz Piszczek II&nbsp;rok,&nbsp;studia&nbsp;STACJONARNE:a) zaliczenie&nbsp;projekt\u00f3w&nbsp;z&nbsp;Konstrukcji&nbsp;Betonowych&nbsp;I:23&nbsp;wrze\u015bnia&nbsp;(pi\u0105tek)&nbsp;godz.&nbsp;10.00-16.00,&nbsp;kampus&nbsp;przy&nbsp;ul.&nbsp;Dmochowskiego(dodatkowo&nbsp;24&nbsp;i&nbsp;25&nbsp;wrze\u015bnia&nbsp;jak&nbsp;ni\u017cej); II&nbsp;rok,&nbsp;studia&nbsp;NIESTACJONARNE:a)&nbsp;egzamin&nbsp;z&nbsp;Mechaniki&nbsp;Budowli&nbsp;II:24&nbsp;wrze\u015bnia&nbsp;(sobota)&nbsp;godz.&nbsp;09.00-12.00,&nbsp;kampus&nbsp;przy&nbsp;ul.&nbsp;Dmochowskiegob)&nbsp;zaliczenie&nbsp;projekt\u00f3w&nbsp;z&nbsp;Konstrukcji&nbsp;Betonowych&nbsp;I:24&nbsp;wrze\u015bnia&nbsp;(sobota)&nbsp;godz.&nbsp;09.00-18.00,&nbsp;kampus&nbsp;przy&nbsp;ul.&nbsp;Dmochowskiego25&nbsp;wrze\u015bnia&nbsp;(niedziela)&nbsp;godz.&nbsp;09.00-15.00,&nbsp;kampus&nbsp;przy&nbsp;ul.&nbsp;Dmochowskiego III&nbsp;rok,&nbsp;studia&nbsp;NIESTACJONARNE:a)&nbsp;zaliczenie&nbsp;projekt\u00f3w&nbsp;z&nbsp;Konstrukcji&nbsp;Murowych&nbsp;(1&nbsp;Student):24&nbsp;wrze\u015bnia&nbsp;(sobota)&nbsp;godz.&nbsp;09.00-18.00,&nbsp;kampus&nbsp;przy&nbsp;ul.&nbsp;Dmochowskiego25&nbsp;wrze\u015bnia&nbsp;(niedziela)&nbsp;godz.&nbsp;09.00-15.00,&nbsp;kampus&nbsp;przy&nbsp;ul.&nbsp;Dmochowskiego dr in\u017c. Dariusz Le\u0144 III rok, studia STACJONARNE a) kolokwium poprawkowe z Konstrukcji Murowych 20 wrze\u015bnia (wtorek) godz. 11.00-12.00, kampus przy ul. Dmochowskiego b) zaliczenie projekt\u00f3w z [\u2026] <div class=\"clear\"><\/div><a class=\"more_link clearfix\" href=\"https:\/\/pans.krosno.pl\/b\/terminy-konsultacji-i-zaliczen-w-sesji-poprawkowej-2021-2022\/\" rel=\"nofollow\">Read More<\/a><\/div><\/li>\n<li><div class=\"wp-block-latest-posts__featured-image alignleft\"><img loading=\"lazy\" decoding=\"async\" width=\"150\" height=\"88\" src=\"https:\/\/pans.krosno.pl\/b\/wp-content\/uploads\/sites\/21\/2022\/03\/image003-150x88.png\" class=\"attachment-thumbnail size-thumbnail wp-post-image\" alt=\"\" style=\"max-width:150px;max-height:150px;\" \/><\/div><a class=\"wp-block-latest-posts__post-title\" href=\"https:\/\/pans.krosno.pl\/b\/ankieta-budimex\/\">Ankieta Budimex<\/a><time datetime=\"2022-03-16T11:44:02+01:00\" class=\"wp-block-latest-posts__post-date\">16 marca 2022<\/time><div class=\"wp-block-latest-posts__post-excerpt\">Drodzy Studenci, Serdecznie zapraszamy do wype\u0142nienia kr\u00f3tkiej ankiety na temat bran\u017cy budowlanej. Zale\u017cy nam na Waszej zbiorowej opinii, kt\u00f3ra b\u0119dzie przekazana osobom decyzyjnym w tej bran\u017cy.Wype\u0142nienie ankiety zajmie kilka minut, a pozwoli Wam wyrazi\u0107 swoje opinie na temat tej bran\u017cy, kierunk\u00f3w jej rozwoju. Link do ankiety Dzi\u0119kujemy! Badanie jest jednym z element\u00f3w przygotowuj\u0105cych do Kongresu [\u2026] <div class=\"clear\"><\/div><a class=\"more_link clearfix\" href=\"https:\/\/pans.krosno.pl\/b\/ankieta-budimex\/\" rel=\"nofollow\">Read More<\/a><\/div><\/li>\n<li><div class=\"wp-block-latest-posts__featured-image alignleft\"><img loading=\"lazy\" decoding=\"async\" width=\"150\" height=\"150\" src=\"https:\/\/pans.krosno.pl\/b\/wp-content\/uploads\/sites\/21\/2022\/03\/Rzut-3-150x150.jpg\" class=\"attachment-thumbnail size-thumbnail wp-post-image\" alt=\"\" style=\"max-width:150px;max-height:150px;\" srcset=\"https:\/\/pans.krosno.pl\/b\/wp-content\/uploads\/sites\/21\/2022\/03\/Rzut-3-150x150.jpg 150w, https:\/\/pans.krosno.pl\/b\/wp-content\/uploads\/sites\/21\/2022\/03\/Rzut-3-80x80.jpg 80w\" sizes=\"auto, (max-width: 150px) 100vw, 150px\" \/><\/div><a class=\"wp-block-latest-posts__post-title\" href=\"https:\/\/pans.krosno.pl\/b\/cykl-webinariow-srody-z-arcadia\/\">Cykl webinari\u00f3w &#8222;\u015arody z ArCADi\u0105&#8221;<\/a><time datetime=\"2022-03-14T19:50:44+01:00\" class=\"wp-block-latest-posts__post-date\">14 marca 2022<\/time><div class=\"wp-block-latest-posts__post-excerpt\">W\u00a0najbli\u017csz\u0105\u00a0\u015brod\u0119\u00a0rozpocznie si\u0119\u00a0cykl\u00a0webinari\u00f3w\u00a0pn.\u00a0&#8222;\u015arody\u00a0z ArCADi\u0105&#8221;.\u00a0B\u0119dzie\u00a0w\u00a0nich\u00a0omawiana\u00a0praca\u00a0z\u00a0systemem\u00a0ArCADia\u00a0BIM\u00a0iinnymi\u00a0modu\u0142ami\u00a0bran\u017cowymi. Najbli\u017csze\u00a0webinarium\u00a0odb\u0119dzie si\u0119 w \u015brod\u0119 16.03.2022 r., godz.\u00a010:30\u00a0&#8211;\u00a011:10. Program webinarium: *\u00a0Om\u00f3wienie\u00a0programu\u00a0ArCADia\u00a0BIM\u00a014\u00a0i\u00a0jego\u00a0g\u0142\u00f3wnych\u00a0cz\u0119\u015bci.*\u00a0Pokazanie\u00a0funkcjonalno\u015bci\u00a0zawartych\u00a0w\u00a0licencji\u00a0ArCADii\u00a0BIM\u00a0i funkcjonalno\u015bci\u00a0modu\u0142\u00f3w\u00a0bran\u017cowych.*\u00a0Informacje\u00a0o\u00a0wersjach\u00a0demo\u00a0i\u00a0licencjach\u00a0sieciowych. Link\u00a0do\u00a0transmisji:\u00a0https:\/\/www.youtube.com\/watch?v=6IdnzNdD2vE Mo\u017cna\u00a0tak\u017ce\u00a0zapisa\u0107\u00a0si\u0119\u00a0przez\u00a0kalendarz:https:\/\/www.intersoft.pl\/calendar\/calendar.php?month=1646089200&amp;date=2022-03-16 Webinarium kierowane jest do projektant\u00f3w oraz innych\u00a0potencjalnie\u00a0zainteresowanychuczestnik\u00f3w\u00a0&#8211;\u00a0wyk\u0142adowc\u00f3w\u00a0i\u00a0student\u00f3w.<\/div><\/li>\n<li><div class=\"wp-block-latest-posts__featured-image alignleft\"><img loading=\"lazy\" decoding=\"async\" width=\"150\" height=\"150\" src=\"https:\/\/pans.krosno.pl\/b\/wp-content\/uploads\/sites\/21\/2022\/01\/Logotyp-skrocony-150x150.jpg\" class=\"attachment-thumbnail size-thumbnail wp-post-image\" alt=\"Logotyp skr\u00f3cony\" style=\"max-width:150px;max-height:150px;\" srcset=\"https:\/\/pans.krosno.pl\/b\/wp-content\/uploads\/sites\/21\/2022\/01\/Logotyp-skrocony-150x150.jpg 150w, https:\/\/pans.krosno.pl\/b\/wp-content\/uploads\/sites\/21\/2022\/01\/Logotyp-skrocony-80x80.jpg 80w\" sizes=\"auto, (max-width: 150px) 100vw, 150px\" \/><\/div><a class=\"wp-block-latest-posts__post-title\" href=\"https:\/\/pans.krosno.pl\/b\/zajecia-pozaprogramowe-dla-studentow-zapisy\/\">Zaj\u0119cia pozaprogramowe dla student\u00f3w \u2013 zapisy<\/a><time datetime=\"2022-03-13T20:56:05+01:00\" class=\"wp-block-latest-posts__post-date\">13 marca 2022<\/time><div class=\"wp-block-latest-posts__post-excerpt\">Uwaga Studenci! Ruszy\u0142y zapisy na zaj\u0119cia pozaprogramowe. Tematyka zaj\u0119\u0107: Bezpiecze\u0144stwo w sieci. Dietetyka i zdrowy styl \u017cycia. Filozofia poznania, logika, etyka. Media, weryfikacja fakt\u00f3w i bezpiecze\u0144stwo informacyjne. Mikroekonomia. Pierwsza pomoc przedmedyczna. Podstawy analizy danych (podstawy statystyki). Podstawy projektowania w programie AutoCad. Tworzenie tre\u015bci na potrzeby medi\u00f3w internetowych. Walory krajoznawcze regionu Podkarpacia. Rejestracja na zaj\u0119cia b\u0119dzie [\u2026] <div class=\"clear\"><\/div><a class=\"more_link clearfix\" href=\"https:\/\/pans.krosno.pl\/b\/zajecia-pozaprogramowe-dla-studentow-zapisy\/\" rel=\"nofollow\">Read More<\/a><\/div><\/li>\n<li><div class=\"wp-block-latest-posts__featured-image alignleft\"><img loading=\"lazy\" decoding=\"async\" width=\"150\" height=\"150\" src=\"https:\/\/pans.krosno.pl\/b\/wp-content\/uploads\/sites\/21\/2022\/03\/P1100902-150x150.jpg\" class=\"attachment-thumbnail size-thumbnail wp-post-image\" alt=\"\" style=\"max-width:150px;max-height:150px;\" srcset=\"https:\/\/pans.krosno.pl\/b\/wp-content\/uploads\/sites\/21\/2022\/03\/P1100902-150x150.jpg 150w, https:\/\/pans.krosno.pl\/b\/wp-content\/uploads\/sites\/21\/2022\/03\/P1100902-scaled-80x80.jpg 80w\" sizes=\"auto, (max-width: 150px) 100vw, 150px\" \/><\/div><a class=\"wp-block-latest-posts__post-title\" href=\"https:\/\/pans.krosno.pl\/b\/seminarium-regionalne-nt-identyfikacji-i-prognozowania-potrzeb-kwalifikacyjno-zawodowych-w-budownictwie\/\">Seminarium regionalne nt. identyfikacji i prognozowania potrzeb kwalifikacyjno-zawodowych w budownictwie<\/a><time datetime=\"2022-03-04T12:19:44+01:00\" class=\"wp-block-latest-posts__post-date\">4 marca 2022<\/time><div class=\"wp-block-latest-posts__post-excerpt\">Zapraszamy do udzia\u0142u w seminarium regionalnym nt. identyfikacji i prognozowania potrzeb kwalifikacyjno-zawodwych w budownictwie, kt\u00f3re odb\u0119dzie si\u0119 18 marca 2022 roku na terenie Kampusu Politechnicznego KPU w Kro\u015bnie. Cel: wymiana do\u015bwiadcze\u0144 w zakresie identyfikowania i prognozowania potrzeb kwalifikacyjno-zawodowych na rynku pracy w budownictwie w kr\u00f3tkiej i d\u0142ugiej perspektywie czasowej w oparciu&nbsp; o dane pozyskiwane z [\u2026] <div class=\"clear\"><\/div><a class=\"more_link clearfix\" href=\"https:\/\/pans.krosno.pl\/b\/seminarium-regionalne-nt-identyfikacji-i-prognozowania-potrzeb-kwalifikacyjno-zawodowych-w-budownictwie\/\" rel=\"nofollow\">Read More<\/a><\/div><\/li>\n<li><div class=\"wp-block-latest-posts__featured-image alignleft\"><img loading=\"lazy\" decoding=\"async\" width=\"150\" height=\"149\" src=\"https:\/\/pans.krosno.pl\/b\/wp-content\/uploads\/sites\/21\/2021\/09\/Wazne-150x149.jpg\" class=\"attachment-thumbnail size-thumbnail wp-post-image\" alt=\"\" style=\"max-width:150px;max-height:150px;\" srcset=\"https:\/\/pans.krosno.pl\/b\/wp-content\/uploads\/sites\/21\/2021\/09\/Wazne-150x149.jpg 150w, https:\/\/pans.krosno.pl\/b\/wp-content\/uploads\/sites\/21\/2021\/09\/Wazne-80x80.jpg 80w\" sizes=\"auto, (max-width: 150px) 100vw, 150px\" \/><\/div><a class=\"wp-block-latest-posts__post-title\" href=\"https:\/\/pans.krosno.pl\/b\/organizacja-semestru-letniego-2021-2022\/\">Organizacja semestru letniego 2021\/2022<\/a><time datetime=\"2022-02-18T12:15:55+01:00\" class=\"wp-block-latest-posts__post-date\">18 lutego 2022<\/time><div class=\"wp-block-latest-posts__post-excerpt\">Zaj\u0119cia dydaktyczne w Karpackiej Pa\u0144stwowej Uczelni w Kro\u015bnie w terminie od 19 do 27.02.2022 b\u0119d\u0105 odbywa\u0107 si\u0119 zdalnie, zgodnie z trybem okre\u015blonym w Komunikacie Rektora nr 9\/21 z dnia 3 grudnia 2021 roku.Od 28 lutego br. zaj\u0119cia w semestrze letnim na studiach stacjonarnych odbywaj\u0105 si\u0119 w trybie tradycyjnym jako podstawowym. Zaj\u0119cia na studiach niestacjonarnych oraz [\u2026] <div class=\"clear\"><\/div><a class=\"more_link clearfix\" href=\"https:\/\/pans.krosno.pl\/b\/organizacja-semestru-letniego-2021-2022\/\" rel=\"nofollow\">Read More<\/a><\/div><\/li>\n<li><div class=\"wp-block-latest-posts__featured-image alignleft\"><img loading=\"lazy\" decoding=\"async\" width=\"150\" height=\"150\" src=\"https:\/\/pans.krosno.pl\/b\/wp-content\/uploads\/sites\/21\/2022\/01\/61dc3df69592-150x150.jpg\" class=\"attachment-thumbnail size-thumbnail wp-post-image\" alt=\"\" style=\"max-width:150px;max-height:150px;\" srcset=\"https:\/\/pans.krosno.pl\/b\/wp-content\/uploads\/sites\/21\/2022\/01\/61dc3df69592-150x150.jpg 150w, https:\/\/pans.krosno.pl\/b\/wp-content\/uploads\/sites\/21\/2022\/01\/61dc3df69592-80x80.jpg 80w\" sizes=\"auto, (max-width: 150px) 100vw, 150px\" \/><\/div><a class=\"wp-block-latest-posts__post-title\" href=\"https:\/\/pans.krosno.pl\/b\/i-edycja-konkursu-architektoniczno-inzynierskiego-pt-dwa-oblicza-jedna-przyszlosc\/\">I Edycja Konkursu architektoniczno-in\u017cynierskiego pt. \u201eDWA OBLICZA JEDNA PRZYSZ\u0141O\u015a\u0106\u201d.<\/a><time datetime=\"2022-01-24T10:36:19+01:00\" class=\"wp-block-latest-posts__post-date\">24 stycznia 2022<\/time><div class=\"wp-block-latest-posts__post-excerpt\">Miesi\u0119cznik Builder oraz Stowarzyszenie Producent\u00f3w Beton\u00f3w zapraszaj\u0105 do udzia\u0142u w I EDYCJI KONKURSU ARCHITEKTONICZNO-IN\u017bYNIERSKIEGO PT. \u201eDWA OBLICZA JEDNA PRZYSZ\u0141O\u015a\u0106\u201d Zadanie konkursowe Zadaniem uczestnik\u00f3w Konkursu \u201eDWA OBLICZA JEDNA PRZYSZ\u0141O\u015a\u0106\u201d jest \u201eProjekt koncepcyjny architektoniczno-in\u017cynierski wsp\u00f3\u0142czesnego akademika marze\u0144 w wybranej lokalizacji\u201d, uwzgl\u0119dniaj\u0105cy zastosowanie dw\u00f3ch podstawowych technologii: prefabrykacji betonowej oraz autoklawizowanego betonu kom\u00f3rkowego (ABK). Jednym z element\u00f3w edukacyjnych konkursu [\u2026] <div class=\"clear\"><\/div><a class=\"more_link clearfix\" href=\"https:\/\/pans.krosno.pl\/b\/i-edycja-konkursu-architektoniczno-inzynierskiego-pt-dwa-oblicza-jedna-przyszlosc\/\" rel=\"nofollow\">Read More<\/a><\/div><\/li>\n<li><div class=\"wp-block-latest-posts__featured-image alignleft\"><img loading=\"lazy\" decoding=\"async\" width=\"150\" height=\"149\" src=\"https:\/\/pans.krosno.pl\/b\/wp-content\/uploads\/sites\/21\/2021\/09\/Wazne-150x149.jpg\" class=\"attachment-thumbnail size-thumbnail wp-post-image\" alt=\"\" style=\"max-width:150px;max-height:150px;\" srcset=\"https:\/\/pans.krosno.pl\/b\/wp-content\/uploads\/sites\/21\/2021\/09\/Wazne-150x149.jpg 150w, https:\/\/pans.krosno.pl\/b\/wp-content\/uploads\/sites\/21\/2021\/09\/Wazne-80x80.jpg 80w\" sizes=\"auto, (max-width: 150px) 100vw, 150px\" \/><\/div><a class=\"wp-block-latest-posts__post-title\" href=\"https:\/\/pans.krosno.pl\/b\/ix-rajd-integracyjny-studentow-i-roku-karpackiej-panstwowej-uczelni-w-krosnie\/\">IX Rajd Integracyjny Student\u00f3w I Roku Karpackiej Pa\u0144stwowej Uczelni w Kro\u015bnie<\/a><time datetime=\"2021-10-06T11:26:15+02:00\" class=\"wp-block-latest-posts__post-date\">6 pa\u017adziernika 2021<\/time><div class=\"wp-block-latest-posts__post-excerpt\">13 pa\u017adziernika 2021 r. odb\u0119dzie si\u0119 IX Rajd Integracyjny Student\u00f3w I Roku Karpackiej Pa\u0144stwowej Uczelni w Kro\u015bnie. Celem rajdu jest integracja student\u00f3w pierwszych rocznik\u00f3w oraz zwr\u00f3cenie ich uwagi na bogactwo przyrodnicze i kulturowe najbli\u017cszych okolic Krosna, Pog\u00f3rza Strzy\u017cowsko-Dynowskiego oraz Czarnorzecko-Strzy\u017cowskiego Parku Krajobrazowego. Rajd ma charakter obowi\u0105zkowy realizowany w ramach zaj\u0119\u0107 dydaktycznych. Szczeg\u00f3\u0142owe informacje dotycz\u0105ce Rajdu [\u2026] <div class=\"clear\"><\/div><a class=\"more_link clearfix\" href=\"https:\/\/pans.krosno.pl\/b\/ix-rajd-integracyjny-studentow-i-roku-karpackiej-panstwowej-uczelni-w-krosnie\/\" rel=\"nofollow\">Read More<\/a><\/div><\/li>\n<li><div class=\"wp-block-latest-posts__featured-image alignleft\"><img loading=\"lazy\" decoding=\"async\" width=\"150\" height=\"149\" src=\"https:\/\/pans.krosno.pl\/b\/wp-content\/uploads\/sites\/21\/2021\/09\/Wazne-150x149.jpg\" class=\"attachment-thumbnail size-thumbnail wp-post-image\" alt=\"\" style=\"max-width:150px;max-height:150px;\" srcset=\"https:\/\/pans.krosno.pl\/b\/wp-content\/uploads\/sites\/21\/2021\/09\/Wazne-150x149.jpg 150w, https:\/\/pans.krosno.pl\/b\/wp-content\/uploads\/sites\/21\/2021\/09\/Wazne-80x80.jpg 80w\" sizes=\"auto, (max-width: 150px) 100vw, 150px\" \/><\/div><a class=\"wp-block-latest-posts__post-title\" href=\"https:\/\/pans.krosno.pl\/b\/dni-adaptacyjne-dla-studentow-i-rocznikow\/\">Dni adaptacyjne dla student\u00f3w I rocznik\u00f3w<\/a><time datetime=\"2021-09-25T12:25:40+02:00\" class=\"wp-block-latest-posts__post-date\">25 wrze\u015bnia 2021<\/time><div class=\"wp-block-latest-posts__post-excerpt\">Uwaga Studenci przyj\u0119ci na I rok studi\u00f3w stacjonarnych I stopnia Poni\u017cej znajduje si\u0119 link do harmonogramu dni adaptacyjnych w Karpackiej Pa\u0144stwowej Uczelni w Kro\u015bnie w dniach 30 wrze\u015bnia \u2013 1 pa\u017adziernika 2021 roku.Udzia\u0142 w dniach jest obowi\u0105zkowy. Serdecznie zapraszamy! https:\/\/pans.krosno.pl\/dni-adaptacyjne-dla-studentow-i-rocznikow\/<\/div><\/li>\n<li><div class=\"wp-block-latest-posts__featured-image alignleft\"><img loading=\"lazy\" decoding=\"async\" width=\"150\" height=\"150\" src=\"https:\/\/pans.krosno.pl\/b\/wp-content\/uploads\/sites\/21\/2021\/06\/Bez-tytulu-150x150.jpg\" class=\"attachment-thumbnail size-thumbnail wp-post-image\" alt=\"\" style=\"max-width:150px;max-height:150px;\" srcset=\"https:\/\/pans.krosno.pl\/b\/wp-content\/uploads\/sites\/21\/2021\/06\/Bez-tytulu-150x150.jpg 150w, https:\/\/pans.krosno.pl\/b\/wp-content\/uploads\/sites\/21\/2021\/06\/Bez-tytulu-80x80.jpg 80w\" sizes=\"auto, (max-width: 150px) 100vw, 150px\" \/><\/div><a class=\"wp-block-latest-posts__post-title\" href=\"https:\/\/pans.krosno.pl\/b\/zachecamy-do-studiowania-na-kierunku-budownictwo-w-karpackiej-panstwowej-uczelni-w-krosnie\/\">Zach\u0119camy do studiowania na kierunku Budownictwo w Karpackiej Pa\u0144stwowej Uczelni w Kro\u015bnie<\/a><time datetime=\"2021-06-10T14:16:21+02:00\" class=\"wp-block-latest-posts__post-date\">10 czerwca 2021<\/time><div class=\"wp-block-latest-posts__post-excerpt\"><\/div><\/li>\n<li><div class=\"wp-block-latest-posts__featured-image alignleft\"><img loading=\"lazy\" decoding=\"async\" width=\"150\" height=\"150\" src=\"https:\/\/pans.krosno.pl\/b\/wp-content\/uploads\/sites\/21\/2020\/09\/Uwaga-wa\u017cne-150x150.jpg\" class=\"attachment-thumbnail size-thumbnail wp-post-image\" alt=\"\" style=\"max-width:150px;max-height:150px;\" srcset=\"https:\/\/pans.krosno.pl\/b\/wp-content\/uploads\/sites\/21\/2020\/09\/Uwaga-wa\u017cne-150x150.jpg 150w, https:\/\/pans.krosno.pl\/b\/wp-content\/uploads\/sites\/21\/2020\/09\/Uwaga-wa\u017cne-80x80.jpg 80w\" sizes=\"auto, (max-width: 150px) 100vw, 150px\" \/><\/div><a class=\"wp-block-latest-posts__post-title\" href=\"https:\/\/pans.krosno.pl\/b\/praktyki-studenckie-zmiana-regulaminu-praktyk\/\">Praktyki studenckie &#8211; zmiana regulaminu praktyk<\/a><time datetime=\"2021-03-27T13:09:10+01:00\" class=\"wp-block-latest-posts__post-date\">27 marca 2021<\/time><div class=\"wp-block-latest-posts__post-excerpt\">W dniu 23.03.2021 r. nast\u0105pi\u0142a zmiana Regulaminu praktyk studenckich. Aktualny regulamin znajduje si\u0119 w zak\u0142adce &#8222;Praktyki zawodowe&#8221; na stronie internetowej Zak\u0142adu Budownictwa.<\/div><\/li>\n<li><div class=\"wp-block-latest-posts__featured-image alignleft\"><img loading=\"lazy\" decoding=\"async\" width=\"150\" height=\"150\" src=\"https:\/\/pans.krosno.pl\/b\/wp-content\/uploads\/sites\/21\/2021\/02\/Most-150x150.jpg\" class=\"attachment-thumbnail size-thumbnail wp-post-image\" alt=\"\" style=\"max-width:150px;max-height:150px;\" srcset=\"https:\/\/pans.krosno.pl\/b\/wp-content\/uploads\/sites\/21\/2021\/02\/Most-150x150.jpg 150w, https:\/\/pans.krosno.pl\/b\/wp-content\/uploads\/sites\/21\/2021\/02\/Most-80x80.jpg 80w\" sizes=\"auto, (max-width: 150px) 100vw, 150px\" \/><\/div><a class=\"wp-block-latest-posts__post-title\" href=\"https:\/\/pans.krosno.pl\/b\/spotkanie-z-katedra-drog-i-mostow-politechniki-rzeszowskiej\/\">Spotkanie z Katedr\u0105 Dr\u00f3g i Most\u00f3w Politechniki Rzeszowskiej<\/a><time datetime=\"2021-02-09T20:07:44+01:00\" class=\"wp-block-latest-posts__post-date\">9 lutego 2021<\/time><div class=\"wp-block-latest-posts__post-excerpt\">W dniu 12.02.2021 r. (pi\u0105tek) o godz. 13.00 odb\u0119dzie si\u0119 spotkanie z pracownikami Katedry Dr\u00f3g i Most\u00f3w Politechniki Rzeszowskiej. Zapraszamy do udzia\u0142u w nim student\u00f3w kierunku Budownictwo. Spotkanie odb\u0119dzie si\u0119 za po\u015brednictwem platformy ZOOM. Link do spotkania: https:\/\/us02web.zoom.us\/j\/82669863336?pwd=KzljekZYVUNEOStINlF3LzNobStMZz09<\/div><\/li>\n<li><div class=\"wp-block-latest-posts__featured-image alignleft\"><img loading=\"lazy\" decoding=\"async\" width=\"150\" height=\"150\" src=\"https:\/\/pans.krosno.pl\/b\/wp-content\/uploads\/sites\/21\/2020\/12\/Bez-tytulu-2-150x150.jpg\" class=\"attachment-thumbnail size-thumbnail wp-post-image\" alt=\"\" style=\"max-width:150px;max-height:150px;\" \/><\/div><a class=\"wp-block-latest-posts__post-title\" href=\"https:\/\/pans.krosno.pl\/b\/spotkanie-on-line-dla-studentow-z-woj-podkarpackiego-organizowane-przez-parp\/\">Spotkanie on-line dla student\u00f3w z woj. podkarpackiego organizowane przez PARP<\/a><time datetime=\"2020-12-12T15:01:13+01:00\" class=\"wp-block-latest-posts__post-date\">12 grudnia 2020<\/time><div class=\"wp-block-latest-posts__post-excerpt\">W czwartek 17.12.2020, godz. 9:00-11:00 w formie online odb\u0119dzie si\u0119 spotkanie dla student\u00f3w z wojew\u00f3dztwo podkarpackiego, organizowane przez Polsk\u0105 Agencj\u0119 Rozwoju Przedsi\u0119biorczo\u015bci.Spotkanie jest kierowane dla student\u00f3w, kt\u00f3rzy s\u0105 zainteresowani procesem inkubacji (prac\u0105 nad rozwini\u0119ciem swojego pomys\u0142u do fazy MVP). W planie spotkania: Platformy Startowe Czym jest inkubacja Mo\u017cliwo\u015bci uzyskania wsparcia Jak wybra\u0107 Platform\u0119 do swojego [\u2026] <div class=\"clear\"><\/div><a class=\"more_link clearfix\" href=\"https:\/\/pans.krosno.pl\/b\/spotkanie-on-line-dla-studentow-z-woj-podkarpackiego-organizowane-przez-parp\/\" rel=\"nofollow\">Read More<\/a><\/div><\/li>\n<li><div class=\"wp-block-latest-posts__featured-image alignleft\"><img loading=\"lazy\" decoding=\"async\" width=\"150\" height=\"150\" src=\"https:\/\/pans.krosno.pl\/b\/wp-content\/uploads\/sites\/21\/2020\/10\/praca-zdalnie-ilustracja-koncepcja_114360-2763-150x150.jpg\" class=\"attachment-thumbnail size-thumbnail wp-post-image\" alt=\"\" style=\"max-width:150px;max-height:150px;\" srcset=\"https:\/\/pans.krosno.pl\/b\/wp-content\/uploads\/sites\/21\/2020\/10\/praca-zdalnie-ilustracja-koncepcja_114360-2763-150x150.jpg 150w, https:\/\/pans.krosno.pl\/b\/wp-content\/uploads\/sites\/21\/2020\/10\/praca-zdalnie-ilustracja-koncepcja_114360-2763-300x300.jpg 300w, https:\/\/pans.krosno.pl\/b\/wp-content\/uploads\/sites\/21\/2020\/10\/praca-zdalnie-ilustracja-koncepcja_114360-2763-580x580.jpg 580w, https:\/\/pans.krosno.pl\/b\/wp-content\/uploads\/sites\/21\/2020\/10\/praca-zdalnie-ilustracja-koncepcja_114360-2763.jpg 626w\" sizes=\"auto, (max-width: 150px) 100vw, 150px\" \/><\/div><a class=\"wp-block-latest-posts__post-title\" href=\"https:\/\/pans.krosno.pl\/b\/nauka-zdalna\/\">Nauka zdalna<\/a><time datetime=\"2020-10-25T16:11:15+01:00\" class=\"wp-block-latest-posts__post-date\">25 pa\u017adziernika 2020<\/time><div class=\"wp-block-latest-posts__post-excerpt\">Studenci Od dnia 24 do 30 pa\u017adziernika br. zaj\u0119cia dydaktyczne na studiach stacjonarnych i niestacjonarnych na kierunku budownictwo b\u0119d\u0105 realizowane zdalnie, wg rozk\u0142ad\u00f3w zaj\u0119\u0107. Wyj\u0105tek stanowi\u0105 zaj\u0119cia praktyczne, kt\u00f3rych charakter nie pozwala na ich realizacj\u0119 w spos\u00f3b zdalny i zaj\u0119cia przewidziane do realizacji na ostatnim roku studi\u00f3w,W dniach od 31 pa\u017adziernika do 8 listopada br. [\u2026] <div class=\"clear\"><\/div><a class=\"more_link clearfix\" href=\"https:\/\/pans.krosno.pl\/b\/nauka-zdalna\/\" rel=\"nofollow\">Read More<\/a><\/div><\/li>\n<li><div class=\"wp-block-latest-posts__featured-image alignleft\"><img loading=\"lazy\" decoding=\"async\" width=\"150\" height=\"150\" src=\"https:\/\/pans.krosno.pl\/b\/wp-content\/uploads\/sites\/21\/2020\/09\/Uwaga-wa\u017cne-150x150.jpg\" class=\"attachment-thumbnail size-thumbnail wp-post-image\" alt=\"\" style=\"max-width:150px;max-height:150px;\" srcset=\"https:\/\/pans.krosno.pl\/b\/wp-content\/uploads\/sites\/21\/2020\/09\/Uwaga-wa\u017cne-150x150.jpg 150w, https:\/\/pans.krosno.pl\/b\/wp-content\/uploads\/sites\/21\/2020\/09\/Uwaga-wa\u017cne-80x80.jpg 80w\" sizes=\"auto, (max-width: 150px) 100vw, 150px\" \/><\/div><a class=\"wp-block-latest-posts__post-title\" href=\"https:\/\/pans.krosno.pl\/b\/zajecia-i-bn-w-dniu-24-10-2020-r\/\">Zaj\u0119cia dla I BN w dniu 24.10.2020 r.<\/a><time datetime=\"2020-10-23T18:50:32+02:00\" class=\"wp-block-latest-posts__post-date\">23 pa\u017adziernika 2020<\/time><div class=\"wp-block-latest-posts__post-excerpt\">Informujemy, \u017ce zaj\u0119cia przewidziane na 24.10 (sobota) zostan\u0105 zaplanowane zdalnie na platformie ZOOM &nbsp;w&nbsp;godzinach od&nbsp;8:00 &nbsp;do&nbsp;13:00. Prosz\u0119&nbsp;o&nbsp;pod\u0142\u0105czenie&nbsp;si\u0119&nbsp;nie&nbsp;wcze\u015bniej&nbsp;ni\u017c&nbsp;10&nbsp;minut&nbsp;przed spotkaniem oraz zako\u0144czenie spotkania o zaplanowanej godzinie. Link:https:\/\/us02web.zoom.us\/j\/84007583836?pwd=WTFKZnJEaFFEdnd4ZHdBMWtDOWRhZz09<\/div><\/li>\n<li><div class=\"wp-block-latest-posts__featured-image alignleft\"><img loading=\"lazy\" decoding=\"async\" width=\"150\" height=\"150\" src=\"https:\/\/pans.krosno.pl\/b\/wp-content\/uploads\/sites\/21\/2020\/09\/Uwaga-wa\u017cne-150x150.jpg\" class=\"attachment-thumbnail size-thumbnail wp-post-image\" alt=\"\" style=\"max-width:150px;max-height:150px;\" srcset=\"https:\/\/pans.krosno.pl\/b\/wp-content\/uploads\/sites\/21\/2020\/09\/Uwaga-wa\u017cne-150x150.jpg 150w, https:\/\/pans.krosno.pl\/b\/wp-content\/uploads\/sites\/21\/2020\/09\/Uwaga-wa\u017cne-80x80.jpg 80w\" sizes=\"auto, (max-width: 150px) 100vw, 150px\" \/><\/div><a class=\"wp-block-latest-posts__post-title\" href=\"https:\/\/pans.krosno.pl\/b\/organizacja-zajec-od-24-do-30-pazdziernika\/\">Organizacja zaj\u0119\u0107 od 24 do 30 pa\u017adziernika<\/a><time datetime=\"2020-10-23T18:41:38+02:00\" class=\"wp-block-latest-posts__post-date\">23 pa\u017adziernika 2020<\/time><div class=\"wp-block-latest-posts__post-excerpt\">Od dnia 24 do 30 pa\u017adziernika br. zaj\u0119cia dydaktyczne na studiach stacjonarnych i niestacjonarnych realizowane s\u0105 zdalnie, wg rozk\u0142ad\u00f3w zaj\u0119\u0107. Wyj\u0105tek stanowi\u0105 zaj\u0119cia praktyczne, kt\u00f3rych charakter nie pozwala na ich realizacj\u0119 w spos\u00f3b zdalny i zaj\u0119cia przewidziane do realizacji na ostatnim roku studi\u00f3w. Prosz\u0119 o \u015bledzenie harmonogramu zaj\u0119\u0107.<\/div><\/li>\n<li><div class=\"wp-block-latest-posts__featured-image alignleft\"><img loading=\"lazy\" decoding=\"async\" width=\"150\" height=\"150\" src=\"https:\/\/pans.krosno.pl\/b\/wp-content\/uploads\/sites\/21\/2020\/09\/Uwaga-wa\u017cne-150x150.jpg\" class=\"attachment-thumbnail size-thumbnail wp-post-image\" alt=\"\" style=\"max-width:150px;max-height:150px;\" srcset=\"https:\/\/pans.krosno.pl\/b\/wp-content\/uploads\/sites\/21\/2020\/09\/Uwaga-wa\u017cne-150x150.jpg 150w, https:\/\/pans.krosno.pl\/b\/wp-content\/uploads\/sites\/21\/2020\/09\/Uwaga-wa\u017cne-80x80.jpg 80w\" sizes=\"auto, (max-width: 150px) 100vw, 150px\" \/><\/div><a class=\"wp-block-latest-posts__post-title\" href=\"https:\/\/pans.krosno.pl\/b\/rozpoczecie-zajec-dla-studentow-1-roku-budownictwa\/\">Rozpocz\u0119cie zaj\u0119\u0107 dla student\u00f3w 1 roku budownictwa<\/a><time datetime=\"2020-09-29T17:20:00+02:00\" class=\"wp-block-latest-posts__post-date\">29 wrze\u015bnia 2020<\/time><div class=\"wp-block-latest-posts__post-excerpt\">Termin: 1 pa\u017adziernika 2020 r., godz. 9.45 Miejsce zaj\u0119\u0107: Kampus Politechniczny, ul. \u017bwirki i Wigury 9a, sala 23A Przedmiot: Fizyka<\/div><\/li>\n<li><div class=\"wp-block-latest-posts__featured-image alignleft\"><img loading=\"lazy\" decoding=\"async\" width=\"150\" height=\"150\" src=\"https:\/\/pans.krosno.pl\/b\/wp-content\/uploads\/sites\/21\/2019\/12\/l3uW3JumZVWqkYlkZA2019_12_16_spotk_pwsz_krosno-6-150x150.jpg\" class=\"attachment-thumbnail size-thumbnail wp-post-image\" alt=\"\" style=\"max-width:150px;max-height:150px;\" \/><\/div><a class=\"wp-block-latest-posts__post-title\" href=\"https:\/\/pans.krosno.pl\/b\/podpisanie-listu-intencyjnego-w-siedzibie-pdk-oiib\/\">Podpisanie listu intencyjnego w siedzibie PDK OIIB<\/a><time datetime=\"2019-12-20T08:45:00+01:00\" class=\"wp-block-latest-posts__post-date\">20 grudnia 2019<\/time><div class=\"wp-block-latest-posts__post-excerpt\">W dniu 16 grudnia 2019 r. w siedzibie PDK OIIB zosta\u0142 podpisany list intencyjny pomi\u0119dzy: Podkarpack\u0105 Okr\u0119gow\u0105 Izb\u0105 In\u017cynier\u00f3w Budownictwa reprezentowan\u0105 przez przewodnicz\u0105cego Rady Grzegorza Dubika i Pa\u0144stwow\u0105 Wy\u017csz\u0105 Szko\u0142\u0105 Zawodow\u0105 w Kro\u015bnie reprezentowan\u0105 przez prof. nadzw. dr hab. Zbigniewa Barabasza &#8211; prorektora ds. rozwoju.&nbsp;W uroczysto\u015bci uczestniczyli &#8211; ze strony Izby &#8211; przewodnicz\u0105cy Rady Grzegorz [\u2026] <div class=\"clear\"><\/div><a class=\"more_link clearfix\" href=\"https:\/\/pans.krosno.pl\/b\/podpisanie-listu-intencyjnego-w-siedzibie-pdk-oiib\/\" rel=\"nofollow\">Read More<\/a><\/div><\/li>\n<li><div class=\"wp-block-latest-posts__featured-image alignleft\"><img loading=\"lazy\" decoding=\"async\" width=\"150\" height=\"150\" src=\"https:\/\/pans.krosno.pl\/b\/wp-content\/uploads\/sites\/21\/2020\/03\/l3uW3JumZVWqkYlkZAbim-150x150.jpg\" class=\"attachment-thumbnail size-thumbnail wp-post-image\" alt=\"\" style=\"max-width:150px;max-height:150px;\" \/><\/div><a class=\"wp-block-latest-posts__post-title\" href=\"https:\/\/pans.krosno.pl\/b\/bim-26-11-2019-r\/\">BIM 26. 11. 2019 r.<\/a><time datetime=\"2019-11-20T08:49:00+01:00\" class=\"wp-block-latest-posts__post-date\">20 listopada 2019<\/time><div class=\"wp-block-latest-posts__post-excerpt\">W dniu&nbsp;26 listopada 2019 r. o godz. 16.00 w auli PWSZ w Kro\u015bnie, przy ul. Dmochowskiego 12, odb\u0119dzie si\u0119 seminarium&nbsp;\u201eTechnologia modelowania informacji o budowlach (BIM \u2013 Building Information Modelling) &#8211; narz\u0119dzia i zastosowanie w bran\u017cy instalacyjnej, budowlanej oraz w procesach wytwarzania\u201d, organizowane przez PWSZ w Kro\u015bnie oraz firm\u0119&nbsp;Tech Data Polska Sp. z o.o. Seminarium w [\u2026] <div class=\"clear\"><\/div><a class=\"more_link clearfix\" href=\"https:\/\/pans.krosno.pl\/b\/bim-26-11-2019-r\/\" rel=\"nofollow\">Read More<\/a><\/div><\/li>\n<li><div class=\"wp-block-latest-posts__featured-image alignleft\"><img loading=\"lazy\" decoding=\"async\" width=\"150\" height=\"150\" src=\"https:\/\/pans.krosno.pl\/b\/wp-content\/uploads\/sites\/21\/2019\/09\/l3uW3JumZVWqkYlkZA2019-05-14_09-41-29_6d_4292-150x150.jpg\" class=\"attachment-thumbnail size-thumbnail wp-post-image\" alt=\"\" style=\"max-width:150px;max-height:150px;\" \/><\/div><a class=\"wp-block-latest-posts__post-title\" href=\"https:\/\/pans.krosno.pl\/b\/dni-adaptacyjne-1-rok\/\">Dni adaptacyjne 1 rok<\/a><time datetime=\"2019-09-24T08:49:00+02:00\" class=\"wp-block-latest-posts__post-date\">24 wrze\u015bnia 2019<\/time><div class=\"wp-block-latest-posts__post-excerpt\">Harmonogram dni adaptacyjnych w w dniach 26-27 wrze\u015bnia 2019 Budownictwo (studia stacjonarne) 26.09.2019&nbsp;(czwartek) 8.30&nbsp;\u2013 szkolenie BHP oraz spotkanie w sprawie zaj\u0119\u0107 WF \u2013 ul. Kazimierza Wielkiego 8, s. 13) 11.50&nbsp;\u2013 Prawa i obowi\u0105zki studenta \u2013 ul. Kazimierza Wielkiego 4, AULA 13.30&nbsp;\u2013 Pedagogika studiowania \u2013 ul. Kazimierza Wielkiego 4, AULA 27.09.2019&nbsp;(pi\u0105tek) 10.10&nbsp;\u2013 spotkanie z kierownikiem zak\u0142adu [\u2026] <div class=\"clear\"><\/div><a class=\"more_link clearfix\" href=\"https:\/\/pans.krosno.pl\/b\/dni-adaptacyjne-1-rok\/\" rel=\"nofollow\">Read More<\/a><\/div><\/li>\n<li><div class=\"wp-block-latest-posts__featured-image alignleft\"><img loading=\"lazy\" decoding=\"async\" width=\"150\" height=\"150\" src=\"https:\/\/pans.krosno.pl\/b\/wp-content\/uploads\/sites\/21\/2019\/11\/l3uW3JumZVWqkYlkZA64061945_2487054471329368_9111605189537693696_o-150x150.jpg\" class=\"attachment-thumbnail size-thumbnail wp-post-image\" alt=\"\" style=\"max-width:150px;max-height:150px;\" \/><\/div><a class=\"wp-block-latest-posts__post-title\" href=\"https:\/\/pans.krosno.pl\/b\/spotkania-z-budownictwem\/\">SPOTKANIA Z BUDOWNICTWEM<\/a><time datetime=\"2019-06-10T08:52:00+02:00\" class=\"wp-block-latest-posts__post-date\">10 czerwca 2019<\/time><div class=\"wp-block-latest-posts__post-excerpt\">ZAPROSZENIEZAK\u0141AD BUDOWNICTWA PA\u0143STWOWEJ WYZSZEJ SZKO\u0141Y ZAWODOWEJ IM. ST. PIGONIA W KRO\u015aNIEoraz Ko\u0142o Naukowe Zak\u0142adu Budownictwa\u201eAkademia Budownictwa Regionalnego\u201dMA ZASZCZYT ZAPROSI\u0106 NA ROZPOCZECIE CYKLU WYK\u0141AD\u00d3Wpt. \u201eSPOTKANIA Z BUDOWNICTWEM\u201d &nbsp; &nbsp;Na naszych spotkaniach b\u0119dziemy starali si\u0119 Pa\u0144stwu zaprezentowa\u0107 zar\u00f3wno histori\u0119 budownictwa w regionie podkarpackim jak i najnowsze rozwi\u0105zania technologiczne oraz sztuk\u0119 budowania \u0142\u0105cz\u0105c\u0105 nowoczesno\u015b\u0107 z tradycj\u0105 architektury.&nbsp; &nbsp;B\u0119dziemy [\u2026] <div class=\"clear\"><\/div><a class=\"more_link clearfix\" href=\"https:\/\/pans.krosno.pl\/b\/spotkania-z-budownictwem\/\" rel=\"nofollow\">Read More<\/a><\/div><\/li>\n<li><div class=\"wp-block-latest-posts__featured-image alignleft\"><img loading=\"lazy\" decoding=\"async\" width=\"150\" height=\"150\" src=\"https:\/\/pans.krosno.pl\/b\/wp-content\/uploads\/sites\/21\/2020\/03\/l3uW3JumZVWqkYlkZA2019-05-14_12-55-10_6d_4393-150x150.jpg\" class=\"attachment-thumbnail size-thumbnail wp-post-image\" alt=\"\" style=\"max-width:150px;max-height:150px;\" \/><\/div><a class=\"wp-block-latest-posts__post-title\" href=\"https:\/\/pans.krosno.pl\/b\/wycieczka-naukowa-maj-2019\/\">Wycieczka naukowa maj 2019<\/a><time datetime=\"2019-05-28T09:31:00+02:00\" class=\"wp-block-latest-posts__post-date\">28 maja 2019<\/time><div class=\"wp-block-latest-posts__post-excerpt\">W dniach 14-15 maja 2019 odby\u0142a si\u0119 wycieczka naukowa student\u00f3w PWSZ w Kro\u015bnie do O\u017carowa, Sandomierza i Kazimierza Dolnego. Wzi\u0119li w niej udzia\u0142 studenci 1-go, 2-go i 3-go roku kierunku Budownictwo. Celem g\u0142\u00f3wnym wyjazdu by\u0142y odwiedziny w zak\u0142adzie produkcyjnym w O\u017carowie, gdzie w ramach wsp\u00f3\u0142pracy z przedsi\u0119biorstwem Cement O\u017car\u00f3w, studenci mieli mo\u017cliwo\u015b\u0107 zapozna\u0107 si\u0119 szczeg\u00f3\u0142owo [\u2026] <div class=\"clear\"><\/div><a class=\"more_link clearfix\" href=\"https:\/\/pans.krosno.pl\/b\/wycieczka-naukowa-maj-2019\/\" rel=\"nofollow\">Read More<\/a><\/div><\/li>\n<li><div class=\"wp-block-latest-posts__featured-image alignleft\"><img loading=\"lazy\" decoding=\"async\" width=\"150\" height=\"150\" src=\"https:\/\/pans.krosno.pl\/b\/wp-content\/uploads\/sites\/21\/2019\/01\/l3uW3JumZVWqkYlkZA2019-05-15_12-58-25_6d_4485-150x150.jpg\" class=\"attachment-thumbnail size-thumbnail wp-post-image\" alt=\"\" style=\"max-width:150px;max-height:150px;\" \/><\/div><a class=\"wp-block-latest-posts__post-title\" href=\"https:\/\/pans.krosno.pl\/b\/euroinzynier-2019\/\">EUROIN\u017bYNIER 2019<\/a><time datetime=\"2019-01-05T09:32:00+01:00\" class=\"wp-block-latest-posts__post-date\">5 stycznia 2019<\/time><div class=\"wp-block-latest-posts__post-excerpt\">Kolejna edycja IX Og\u00f3lnopolskiej Konferencji Budowlanej Student\u00f3w i Doktorant\u00f3w&nbsp;EUROIN\u017bYNIER 2019&nbsp;odb\u0119dzie si\u0119 na Politechnice Krakowskiej mi\u0119dzy&nbsp;11-13 kwietnia 2019&nbsp;roku. Serdecznie zapraszamy wszystkich student\u00f3w i doktorant\u00f3w do zg\u0142aszania referat\u00f3w, szczeg\u00f3\u0142y i formularz zg\u0142oszeniowy dost\u0119pne w zak\u0142adce\u00a0Informacje. Zapraszamy!<\/div><\/li>\n<li><div class=\"wp-block-latest-posts__featured-image alignleft\"><img loading=\"lazy\" decoding=\"async\" width=\"150\" height=\"150\" src=\"https:\/\/pans.krosno.pl\/b\/wp-content\/uploads\/sites\/21\/2020\/03\/l3uW3JumZVWqkYlkZAlogo-polskiej-izby-inzynierow-budownictwa-275x275-1-150x150.jpg\" class=\"attachment-thumbnail size-thumbnail wp-post-image\" alt=\"\" style=\"max-width:150px;max-height:150px;\" srcset=\"https:\/\/pans.krosno.pl\/b\/wp-content\/uploads\/sites\/21\/2020\/03\/l3uW3JumZVWqkYlkZAlogo-polskiej-izby-inzynierow-budownictwa-275x275-1-150x150.jpg 150w, https:\/\/pans.krosno.pl\/b\/wp-content\/uploads\/sites\/21\/2020\/03\/l3uW3JumZVWqkYlkZAlogo-polskiej-izby-inzynierow-budownictwa-275x275-1-80x80.jpg 80w, https:\/\/pans.krosno.pl\/b\/wp-content\/uploads\/sites\/21\/2020\/03\/l3uW3JumZVWqkYlkZAlogo-polskiej-izby-inzynierow-budownictwa-275x275-1.jpg 275w\" sizes=\"auto, (max-width: 150px) 100vw, 150px\" \/><\/div><a class=\"wp-block-latest-posts__post-title\" href=\"https:\/\/pans.krosno.pl\/b\/szkolenie-w-ramach-wspolpracy-z-poiib\/\">Szkolenie w ramach wsp\u00f3\u0142pracy z POIIB<\/a><time datetime=\"2018-10-12T12:28:00+02:00\" class=\"wp-block-latest-posts__post-date\">12 pa\u017adziernika 2018<\/time><div class=\"wp-block-latest-posts__post-excerpt\">Zapraszamy student\u00f3w kierunku budownictwo, inzynieria \u015brodowiska, energetyka zainteresowanych tematyk\u0105 szkolenia z zakresu zapewnienia mo\u017cliwo\u015bci prowadzenia dzia\u0142a\u0144 ratowniczych i ewakuacji&nbsp; w rozumieniu przepis\u00f3w przeciwpo\u017carowych Program warsztat\u00f3w: 1. Wymagane d\u0142ugo\u015bci doj\u015b\u0107 i przej\u015b\u0107 ewakuacyjnych dla budynk\u00f3w projektowanych oraz istniej\u0105cych. Aktualne wymogi formalne dla Instrukcji Bezpiecze\u0144stwa Po\u017carowego.2. Rozwi\u0105zania techniczne zabezpieczenia przed zadymieniem poziomych i pionowych dr\u00f3g ewakuacyjnych.3. Wymagania [\u2026] <div class=\"clear\"><\/div><a class=\"more_link clearfix\" href=\"https:\/\/pans.krosno.pl\/b\/szkolenie-w-ramach-wspolpracy-z-poiib\/\" rel=\"nofollow\">Read More<\/a><\/div><\/li>\n<\/ul>","protected":false},"excerpt":{"rendered":"","protected":false},"author":27,"featured_media":0,"parent":0,"menu_order":0,"comment_status":"closed","ping_status":"closed","template":"page-templates\/template-full-width.php","meta":{"ngg_post_thumbnail":0,"footnotes":""},"class_list":["post-394","page","type-page","status-publish","hentry"],"yoast_head":"<!-- This site is optimized with the Yoast SEO Premium plugin v27.4 (Yoast SEO v27.4) - https:\/\/yoast.com\/product\/yoast-seo-premium-wordpress\/ -->\n<title>Aktualno\u015bci - Budownictwo PANS w Kro\u015bnie<\/title>\n<meta name=\"description\" content=\"KPU w Kro\u015bnie\" \/>\n<meta name=\"robots\" content=\"index, follow, max-snippet:-1, max-image-preview:large, max-video-preview:-1\" \/>\n<link rel=\"canonical\" href=\"https:\/\/pans.krosno.pl\/b\/aktualnosci-budownictwo\/\" \/>\n<meta property=\"og:locale\" content=\"pl_PL\" \/>\n<meta property=\"og:type\" content=\"article\" \/>\n<meta property=\"og:title\" content=\"Aktualno\u015bci\" \/>\n<meta property=\"og:description\" content=\"KPU w Kro\u015bnie\" \/>\n<meta property=\"og:url\" content=\"https:\/\/pans.krosno.pl\/b\/aktualnosci-budownictwo\/\" \/>\n<meta property=\"og:site_name\" content=\"Budownictwo PANS w Kro\u015bnie\" \/>\n<meta property=\"article:modified_time\" content=\"2025-07-24T11:30:12+00:00\" \/>\n<meta name=\"twitter:card\" content=\"summary_large_image\" \/>\n<script type=\"application\/ld+json\" class=\"yoast-schema-graph\">{\"@context\":\"https:\\\/\\\/schema.org\",\"@graph\":[{\"@type\":\"WebPage\",\"@id\":\"https:\\\/\\\/pans.krosno.pl\\\/b\\\/aktualnosci-budownictwo\\\/\",\"url\":\"https:\\\/\\\/pans.krosno.pl\\\/b\\\/aktualnosci-budownictwo\\\/\",\"name\":\"Aktualno\u015bci - Budownictwo PANS w Kro\u015bnie\",\"isPartOf\":{\"@id\":\"https:\\\/\\\/pans.krosno.pl\\\/b\\\/#website\"},\"datePublished\":\"2020-06-02T17:39:39+00:00\",\"dateModified\":\"2025-07-24T11:30:12+00:00\",\"description\":\"KPU w Kro\u015bnie\",\"breadcrumb\":{\"@id\":\"https:\\\/\\\/pans.krosno.pl\\\/b\\\/aktualnosci-budownictwo\\\/#breadcrumb\"},\"inLanguage\":\"pl-PL\",\"potentialAction\":[{\"@type\":\"ReadAction\",\"target\":[\"https:\\\/\\\/pans.krosno.pl\\\/b\\\/aktualnosci-budownictwo\\\/\"]}]},{\"@type\":\"BreadcrumbList\",\"@id\":\"https:\\\/\\\/pans.krosno.pl\\\/b\\\/aktualnosci-budownictwo\\\/#breadcrumb\",\"itemListElement\":[{\"@type\":\"ListItem\",\"position\":1,\"name\":\"Strona g\u0142\u00f3wna\",\"item\":\"https:\\\/\\\/pans.krosno.pl\\\/b\\\/\"},{\"@type\":\"ListItem\",\"position\":2,\"name\":\"Aktualno\u015bci\"}]},{\"@type\":\"WebSite\",\"@id\":\"https:\\\/\\\/pans.krosno.pl\\\/b\\\/#website\",\"url\":\"https:\\\/\\\/pans.krosno.pl\\\/b\\\/\",\"name\":\"Budownictwo PANS w Kro\u015bnie\",\"description\":\"Budownictwo - Pa\u0144stwowa Akademia Nauk Stosowanych\",\"publisher\":{\"@id\":\"https:\\\/\\\/pans.krosno.pl\\\/b\\\/#organization\"},\"potentialAction\":[{\"@type\":\"SearchAction\",\"target\":{\"@type\":\"EntryPoint\",\"urlTemplate\":\"https:\\\/\\\/pans.krosno.pl\\\/b\\\/?s={search_term_string}\"},\"query-input\":{\"@type\":\"PropertyValueSpecification\",\"valueRequired\":true,\"valueName\":\"search_term_string\"}}],\"inLanguage\":\"pl-PL\"},{\"@type\":\"Organization\",\"@id\":\"https:\\\/\\\/pans.krosno.pl\\\/b\\\/#organization\",\"name\":\"Budownictwo PANS w Kro\u015bnie\",\"url\":\"https:\\\/\\\/pans.krosno.pl\\\/b\\\/\",\"logo\":{\"@type\":\"ImageObject\",\"inLanguage\":\"pl-PL\",\"@id\":\"https:\\\/\\\/pans.krosno.pl\\\/b\\\/#\\\/schema\\\/logo\\\/image\\\/\",\"url\":\"https:\\\/\\\/pans.krosno.pl\\\/b\\\/wp-content\\\/uploads\\\/sites\\\/21\\\/2023\\\/01\\\/Logo-PANS-2022-pelne.png\",\"contentUrl\":\"https:\\\/\\\/pans.krosno.pl\\\/b\\\/wp-content\\\/uploads\\\/sites\\\/21\\\/2023\\\/01\\\/Logo-PANS-2022-pelne.png\",\"width\":3096,\"height\":696,\"caption\":\"Budownictwo PANS w Kro\u015bnie\"},\"image\":{\"@id\":\"https:\\\/\\\/pans.krosno.pl\\\/b\\\/#\\\/schema\\\/logo\\\/image\\\/\"}}]}<\/script>\n<!-- \/ Yoast SEO Premium plugin. -->","yoast_head_json":{"title":"Aktualno\u015bci - Budownictwo PANS w Kro\u015bnie","description":"KPU w Kro\u015bnie","robots":{"index":"index","follow":"follow","max-snippet":"max-snippet:-1","max-image-preview":"max-image-preview:large","max-video-preview":"max-video-preview:-1"},"canonical":"https:\/\/pans.krosno.pl\/b\/aktualnosci-budownictwo\/","og_locale":"pl_PL","og_type":"article","og_title":"Aktualno\u015bci","og_description":"KPU w Kro\u015bnie","og_url":"https:\/\/pans.krosno.pl\/b\/aktualnosci-budownictwo\/","og_site_name":"Budownictwo PANS w Kro\u015bnie","article_modified_time":"2025-07-24T11:30:12+00:00","twitter_card":"summary_large_image","schema":{"@context":"https:\/\/schema.org","@graph":[{"@type":"WebPage","@id":"https:\/\/pans.krosno.pl\/b\/aktualnosci-budownictwo\/","url":"https:\/\/pans.krosno.pl\/b\/aktualnosci-budownictwo\/","name":"Aktualno\u015bci - Budownictwo PANS w Kro\u015bnie","isPartOf":{"@id":"https:\/\/pans.krosno.pl\/b\/#website"},"datePublished":"2020-06-02T17:39:39+00:00","dateModified":"2025-07-24T11:30:12+00:00","description":"KPU w Kro\u015bnie","breadcrumb":{"@id":"https:\/\/pans.krosno.pl\/b\/aktualnosci-budownictwo\/#breadcrumb"},"inLanguage":"pl-PL","potentialAction":[{"@type":"ReadAction","target":["https:\/\/pans.krosno.pl\/b\/aktualnosci-budownictwo\/"]}]},{"@type":"BreadcrumbList","@id":"https:\/\/pans.krosno.pl\/b\/aktualnosci-budownictwo\/#breadcrumb","itemListElement":[{"@type":"ListItem","position":1,"name":"Strona g\u0142\u00f3wna","item":"https:\/\/pans.krosno.pl\/b\/"},{"@type":"ListItem","position":2,"name":"Aktualno\u015bci"}]},{"@type":"WebSite","@id":"https:\/\/pans.krosno.pl\/b\/#website","url":"https:\/\/pans.krosno.pl\/b\/","name":"Budownictwo PANS w Kro\u015bnie","description":"Budownictwo - Pa\u0144stwowa Akademia Nauk Stosowanych","publisher":{"@id":"https:\/\/pans.krosno.pl\/b\/#organization"},"potentialAction":[{"@type":"SearchAction","target":{"@type":"EntryPoint","urlTemplate":"https:\/\/pans.krosno.pl\/b\/?s={search_term_string}"},"query-input":{"@type":"PropertyValueSpecification","valueRequired":true,"valueName":"search_term_string"}}],"inLanguage":"pl-PL"},{"@type":"Organization","@id":"https:\/\/pans.krosno.pl\/b\/#organization","name":"Budownictwo PANS w Kro\u015bnie","url":"https:\/\/pans.krosno.pl\/b\/","logo":{"@type":"ImageObject","inLanguage":"pl-PL","@id":"https:\/\/pans.krosno.pl\/b\/#\/schema\/logo\/image\/","url":"https:\/\/pans.krosno.pl\/b\/wp-content\/uploads\/sites\/21\/2023\/01\/Logo-PANS-2022-pelne.png","contentUrl":"https:\/\/pans.krosno.pl\/b\/wp-content\/uploads\/sites\/21\/2023\/01\/Logo-PANS-2022-pelne.png","width":3096,"height":696,"caption":"Budownictwo PANS w Kro\u015bnie"},"image":{"@id":"https:\/\/pans.krosno.pl\/b\/#\/schema\/logo\/image\/"}}]}},"_links":{"self":[{"href":"https:\/\/pans.krosno.pl\/b\/wp-json\/wp\/v2\/pages\/394","targetHints":{"allow":["GET"]}}],"collection":[{"href":"https:\/\/pans.krosno.pl\/b\/wp-json\/wp\/v2\/pages"}],"about":[{"href":"https:\/\/pans.krosno.pl\/b\/wp-json\/wp\/v2\/types\/page"}],"author":[{"embeddable":true,"href":"https:\/\/pans.krosno.pl\/b\/wp-json\/wp\/v2\/users\/27"}],"replies":[{"embeddable":true,"href":"https:\/\/pans.krosno.pl\/b\/wp-json\/wp\/v2\/comments?post=394"}],"version-history":[{"count":2,"href":"https:\/\/pans.krosno.pl\/b\/wp-json\/wp\/v2\/pages\/394\/revisions"}],"predecessor-version":[{"id":1763,"href":"https:\/\/pans.krosno.pl\/b\/wp-json\/wp\/v2\/pages\/394\/revisions\/1763"}],"wp:attachment":[{"href":"https:\/\/pans.krosno.pl\/b\/wp-json\/wp\/v2\/media?parent=394"}],"curies":[{"name":"wp","href":"https:\/\/api.w.org\/{rel}","templated":true}]}}