{"id":142,"date":"2020-01-17T12:10:19","date_gmt":"2020-01-17T11:10:19","guid":{"rendered":"https:\/\/pans.krosno.pl\/b\/?page_id=142"},"modified":"2026-02-12T14:09:03","modified_gmt":"2026-02-12T13:09:03","slug":"sesja-egzaminacyjna-2","status":"publish","type":"page","link":"https:\/\/pans.krosno.pl\/b\/sesja-egzaminacyjna-2\/","title":{"rendered":"Sesja egzaminacyjna"},"content":{"rendered":"\n<p><strong>HARMONOGRAM SESJI EGZAMINACYJNEJ<\/strong><\/p>\n\n\n\n<p><strong>Budownictwo&nbsp; (studia stacjonarne)<\/strong><\/p>\n\n\n\n<p><strong>ROK I<\/strong><\/p>\n\n\n\n<figure class=\"wp-block-table\"><table class=\"has-fixed-layout\"><tbody><tr><td><strong>Lp.<\/strong><\/td><td><strong>Nazwa przedmiotu<\/strong><\/td><td><strong>Prowadz\u0105cy<\/strong><\/td><td><strong>Data egzaminu<\/strong><\/td><td><strong>Godzina egzaminu<\/strong><\/td><td><strong>Ulica<\/strong> <strong>Nr sali<\/strong><\/td><\/tr><tr><td>1.<\/td><td>Matematyka<\/td><td>mgr J. Borcz<\/td><td>&#8212;&#8212;&#8211;<\/td><td>&#8212;&#8212;-<\/td><td>&#8212;-<\/td><\/tr><tr><td>2.<\/td><td>Chemia budowlana<\/td><td>dr M. Hakim<\/td><td>20.02.2026<\/td><td>12.00<\/td><td>DM B, s. 2<\/td><\/tr><tr><td>3.<\/td><td>Mechanika teoretyczna<\/td><td>dr in\u017c. K. Piszczek<\/td><td>21.02.2026<\/td><td>12.00<\/td><td>DM, aula 1<\/td><\/tr><\/tbody><\/table><\/figure>\n\n\n\n<p><\/p>\n\n\n\n<p><strong>ROK II<\/strong><\/p>\n\n\n\n<figure class=\"wp-block-table\"><table class=\"has-fixed-layout\"><tbody><tr><td><strong>Lp.<\/strong><\/td><td><strong>Nazwa przedmiotu<\/strong><\/td><td><strong>Prowadz\u0105cy<\/strong><\/td><td><strong>Data egzaminu<\/strong><\/td><td><strong>Godzina egzaminu<\/strong><\/td><td><strong>Ulica<\/strong> <strong>Nr sali<\/strong><\/td><\/tr><tr><td>1.<\/td><td>Materia\u0142y budowlane &nbsp;<\/td><td>prof. ndzw. dr hab. in\u017c. I. Skrzypczak<\/td><td>\u00a0&#8212;&#8212;&#8212;&#8212;<\/td><td>\u00a0&#8212;&#8212;&#8212;&#8212;<\/td><td>\u00a0&#8212;&#8212;&#8212;-<\/td><\/tr><tr><td>2.<\/td><td>Wytrzyma\u0142o\u015b\u0107 materia\u0142\u00f3w<\/td><td>dr in\u017c. Z. Kie\u0142basa<\/td><td>21.02.2026<\/td><td>9.00<\/td><td>DM, aula 2<\/td><\/tr><tr><td>3.<\/td><td>Fundamentowanie<\/td><td>dr in\u017c. B. Czado<\/td><td>&nbsp;<\/td><td>&nbsp;<\/td><td>&nbsp;<\/td><\/tr><\/tbody><\/table><\/figure>\n\n\n\n<p><strong>ROK III<\/strong><\/p>\n\n\n\n<figure class=\"wp-block-table\"><table class=\"has-fixed-layout\"><tbody><tr><td><strong>Lp.<\/strong><\/td><td><strong>Nazwa przedmiotu<\/strong><\/td><td><strong>Prowadz\u0105cy<\/strong><\/td><td><strong>Data egzaminu<\/strong><\/td><td><strong>Godzina egzaminu<\/strong><\/td><td><strong>Ulica<\/strong> <strong>Nr sali<\/strong><\/td><\/tr><tr><td>1.<\/td><td>Konstrukcje betonowe<\/td><td>dr in\u017c. K. Piszczek<\/td><td>22.02.2026<\/td><td>10.00-14.-00<\/td><td>DM, aula 1<\/td><\/tr><tr><td>2.<\/td><td>Konstrukcje metalowe<\/td><td>prof. nadzw. dr hab. in\u017c. A. Koz\u0142owski<\/td><td>&nbsp;<\/td><td>&nbsp;<\/td><td>&nbsp;<\/td><\/tr><tr><td>3.<\/td><td>Ekonomika<\/td><td>dr in\u017c. W. Radwa\u0144ski<\/td><td>19.02.2026<\/td><td>8.00<\/td><td>DM, aula 11<\/td><\/tr><tr><td>4a.<\/td><td>Projektowanie dr\u00f3g, ulic i skrzy\u017cowa\u0144 (BD)<\/td><td>dr in\u017c. W. Radwa\u0144ski<\/td><td>19.02.2026<\/td><td>10.00<\/td><td>DM, aula 11<\/td><\/tr><tr><td>4b.<\/td><td>Budowa dr\u00f3g, most\u00f3w (IPB)<\/td><td>dr in\u017c. B. Czado &nbsp;<\/td><td>&nbsp;<\/td><td>&nbsp;<\/td><td>&nbsp;<\/td><\/tr><\/tbody><\/table><\/figure>\n\n\n\n<p><strong>ROK IV<\/strong><\/p>\n\n\n\n<figure class=\"wp-block-table\"><table class=\"has-fixed-layout\"><tbody><tr><td><strong><br><\/strong> <strong>Lp.<\/strong><\/td><td><strong>Nazwa przedmiotu<\/strong><\/td><td><strong>Prowadz\u0105cy<\/strong><\/td><td><strong>Data egzaminu<\/strong><\/td><td><strong>Godzina egzaminu<\/strong><\/td><td><strong>Ulica<\/strong> <strong>Nr sali<\/strong><\/td><\/tr><tr><td>1a.<\/td><td>Technologia napraw i wzmocnie\u0144 konstrukcji budowlanych (KB)<\/td><td>&nbsp; dr in\u017c. R. Zimka<\/td><td>&nbsp;<\/td><td>&nbsp;<\/td><td>DM B, s.6<\/td><\/tr><tr><td>1b.<\/td><td>In\u017cynieria ruchu (BD)<\/td><td>dr in\u017c. W. Radwa\u0144ski<\/td><td>19.02.2026<\/td><td>12.00<\/td><td>DM, aula 11<\/td><\/tr><tr><td>1c.<\/td><td>Modelowanie i zarz\u0105dzanie informacj\u0105 o obiektach infrastrukturalnych i procesach budowlanych (IPB)<\/td><td>dr in\u017c. M. Gransicki<\/td><td>&nbsp;<\/td><td>&nbsp;<\/td><td>DM E, s.3<\/td><\/tr><\/tbody><\/table><\/figure>\n","protected":false},"excerpt":{"rendered":"<p>HARMONOGRAM SESJI EGZAMINACYJNEJ Budownictwo&nbsp; (studia stacjonarne) ROK I Lp. Nazwa przedmiotu Prowadz\u0105cy Data egzaminu Godzina egzaminu Ulica Nr sali 1. Matematyka mgr J. Borcz &#8212;&#8212;&#8211; &#8212;&#8212;- &#8212;- 2. Chemia budowlana dr M. Hakim 20.02.2026 12.00 DM B, s. 2 3. Mechanika teoretyczna dr in\u017c. K. Piszczek 21.02.2026 12.00 DM, aula [\u2026] <\/p>\n<div class=\"clear\"><\/div>\n<p><a class=\"more_link clearfix\" href=\"https:\/\/pans.krosno.pl\/b\/sesja-egzaminacyjna-2\/\" rel=\"nofollow\">Read More<\/a><\/p>\n","protected":false},"author":1,"featured_media":0,"parent":0,"menu_order":0,"comment_status":"closed","ping_status":"closed","template":"page-templates\/template-full-width.php","meta":{"ngg_post_thumbnail":0,"footnotes":""},"class_list":["post-142","page","type-page","status-publish","hentry"],"yoast_head":"<!-- This site is optimized with the Yoast SEO Premium plugin v27.4 (Yoast SEO v27.4) - https:\/\/yoast.com\/product\/yoast-seo-premium-wordpress\/ -->\n<title>Sesja egzaminacyjna - Budownictwo PANS w Kro\u015bnie<\/title>\n<meta name=\"description\" content=\"Harmonogram poprawkowej sesji egzaminacyjnej w semestrze zimowym 2019\/2020\" \/>\n<meta name=\"robots\" content=\"index, follow, max-snippet:-1, max-image-preview:large, max-video-preview:-1\" \/>\n<link rel=\"canonical\" href=\"https:\/\/pans.krosno.pl\/b\/sesja-egzaminacyjna-2\/\" \/>\n<meta property=\"og:locale\" content=\"pl_PL\" \/>\n<meta property=\"og:type\" content=\"article\" \/>\n<meta property=\"og:title\" content=\"Sesja egzaminacyjna\" \/>\n<meta property=\"og:description\" content=\"Harmonogram poprawkowej sesji egzaminacyjnej w semestrze zimowym 2019\/2020\" \/>\n<meta property=\"og:url\" content=\"https:\/\/pans.krosno.pl\/b\/sesja-egzaminacyjna-2\/\" \/>\n<meta property=\"og:site_name\" content=\"Budownictwo PANS w Kro\u015bnie\" \/>\n<meta property=\"article:modified_time\" content=\"2026-02-12T13:09:03+00:00\" \/>\n<meta name=\"twitter:card\" content=\"summary_large_image\" \/>\n<meta name=\"twitter:label1\" content=\"Szacowany czas czytania\" \/>\n\t<meta name=\"twitter:data1\" content=\"2 minuty\" \/>\n<script type=\"application\/ld+json\" class=\"yoast-schema-graph\">{\"@context\":\"https:\\\/\\\/schema.org\",\"@graph\":[{\"@type\":\"WebPage\",\"@id\":\"https:\\\/\\\/pans.krosno.pl\\\/b\\\/sesja-egzaminacyjna-2\\\/\",\"url\":\"https:\\\/\\\/pans.krosno.pl\\\/b\\\/sesja-egzaminacyjna-2\\\/\",\"name\":\"Sesja egzaminacyjna - Budownictwo PANS w Kro\u015bnie\",\"isPartOf\":{\"@id\":\"https:\\\/\\\/pans.krosno.pl\\\/b\\\/#website\"},\"datePublished\":\"2020-01-17T11:10:19+00:00\",\"dateModified\":\"2026-02-12T13:09:03+00:00\",\"description\":\"Harmonogram poprawkowej sesji egzaminacyjnej w semestrze zimowym 2019\\\/2020\",\"breadcrumb\":{\"@id\":\"https:\\\/\\\/pans.krosno.pl\\\/b\\\/sesja-egzaminacyjna-2\\\/#breadcrumb\"},\"inLanguage\":\"pl-PL\",\"potentialAction\":[{\"@type\":\"ReadAction\",\"target\":[\"https:\\\/\\\/pans.krosno.pl\\\/b\\\/sesja-egzaminacyjna-2\\\/\"]}]},{\"@type\":\"BreadcrumbList\",\"@id\":\"https:\\\/\\\/pans.krosno.pl\\\/b\\\/sesja-egzaminacyjna-2\\\/#breadcrumb\",\"itemListElement\":[{\"@type\":\"ListItem\",\"position\":1,\"name\":\"Strona g\u0142\u00f3wna\",\"item\":\"https:\\\/\\\/pans.krosno.pl\\\/b\\\/\"},{\"@type\":\"ListItem\",\"position\":2,\"name\":\"Sesja egzaminacyjna\"}]},{\"@type\":\"WebSite\",\"@id\":\"https:\\\/\\\/pans.krosno.pl\\\/b\\\/#website\",\"url\":\"https:\\\/\\\/pans.krosno.pl\\\/b\\\/\",\"name\":\"Budownictwo PANS w Kro\u015bnie\",\"description\":\"Budownictwo - Pa\u0144stwowa Akademia Nauk Stosowanych\",\"publisher\":{\"@id\":\"https:\\\/\\\/pans.krosno.pl\\\/b\\\/#organization\"},\"potentialAction\":[{\"@type\":\"SearchAction\",\"target\":{\"@type\":\"EntryPoint\",\"urlTemplate\":\"https:\\\/\\\/pans.krosno.pl\\\/b\\\/?s={search_term_string}\"},\"query-input\":{\"@type\":\"PropertyValueSpecification\",\"valueRequired\":true,\"valueName\":\"search_term_string\"}}],\"inLanguage\":\"pl-PL\"},{\"@type\":\"Organization\",\"@id\":\"https:\\\/\\\/pans.krosno.pl\\\/b\\\/#organization\",\"name\":\"Budownictwo PANS w Kro\u015bnie\",\"url\":\"https:\\\/\\\/pans.krosno.pl\\\/b\\\/\",\"logo\":{\"@type\":\"ImageObject\",\"inLanguage\":\"pl-PL\",\"@id\":\"https:\\\/\\\/pans.krosno.pl\\\/b\\\/#\\\/schema\\\/logo\\\/image\\\/\",\"url\":\"https:\\\/\\\/pans.krosno.pl\\\/b\\\/wp-content\\\/uploads\\\/sites\\\/21\\\/2023\\\/01\\\/Logo-PANS-2022-pelne.png\",\"contentUrl\":\"https:\\\/\\\/pans.krosno.pl\\\/b\\\/wp-content\\\/uploads\\\/sites\\\/21\\\/2023\\\/01\\\/Logo-PANS-2022-pelne.png\",\"width\":3096,\"height\":696,\"caption\":\"Budownictwo PANS w Kro\u015bnie\"},\"image\":{\"@id\":\"https:\\\/\\\/pans.krosno.pl\\\/b\\\/#\\\/schema\\\/logo\\\/image\\\/\"}}]}<\/script>\n<!-- \/ Yoast SEO Premium plugin. -->","yoast_head_json":{"title":"Sesja egzaminacyjna - Budownictwo PANS w Kro\u015bnie","description":"Harmonogram poprawkowej sesji egzaminacyjnej w semestrze zimowym 2019\/2020","robots":{"index":"index","follow":"follow","max-snippet":"max-snippet:-1","max-image-preview":"max-image-preview:large","max-video-preview":"max-video-preview:-1"},"canonical":"https:\/\/pans.krosno.pl\/b\/sesja-egzaminacyjna-2\/","og_locale":"pl_PL","og_type":"article","og_title":"Sesja egzaminacyjna","og_description":"Harmonogram poprawkowej sesji egzaminacyjnej w semestrze zimowym 2019\/2020","og_url":"https:\/\/pans.krosno.pl\/b\/sesja-egzaminacyjna-2\/","og_site_name":"Budownictwo PANS w Kro\u015bnie","article_modified_time":"2026-02-12T13:09:03+00:00","twitter_card":"summary_large_image","twitter_misc":{"Szacowany czas czytania":"2 minuty"},"schema":{"@context":"https:\/\/schema.org","@graph":[{"@type":"WebPage","@id":"https:\/\/pans.krosno.pl\/b\/sesja-egzaminacyjna-2\/","url":"https:\/\/pans.krosno.pl\/b\/sesja-egzaminacyjna-2\/","name":"Sesja egzaminacyjna - Budownictwo PANS w Kro\u015bnie","isPartOf":{"@id":"https:\/\/pans.krosno.pl\/b\/#website"},"datePublished":"2020-01-17T11:10:19+00:00","dateModified":"2026-02-12T13:09:03+00:00","description":"Harmonogram poprawkowej sesji egzaminacyjnej w semestrze zimowym 2019\/2020","breadcrumb":{"@id":"https:\/\/pans.krosno.pl\/b\/sesja-egzaminacyjna-2\/#breadcrumb"},"inLanguage":"pl-PL","potentialAction":[{"@type":"ReadAction","target":["https:\/\/pans.krosno.pl\/b\/sesja-egzaminacyjna-2\/"]}]},{"@type":"BreadcrumbList","@id":"https:\/\/pans.krosno.pl\/b\/sesja-egzaminacyjna-2\/#breadcrumb","itemListElement":[{"@type":"ListItem","position":1,"name":"Strona g\u0142\u00f3wna","item":"https:\/\/pans.krosno.pl\/b\/"},{"@type":"ListItem","position":2,"name":"Sesja egzaminacyjna"}]},{"@type":"WebSite","@id":"https:\/\/pans.krosno.pl\/b\/#website","url":"https:\/\/pans.krosno.pl\/b\/","name":"Budownictwo PANS w Kro\u015bnie","description":"Budownictwo - Pa\u0144stwowa Akademia Nauk Stosowanych","publisher":{"@id":"https:\/\/pans.krosno.pl\/b\/#organization"},"potentialAction":[{"@type":"SearchAction","target":{"@type":"EntryPoint","urlTemplate":"https:\/\/pans.krosno.pl\/b\/?s={search_term_string}"},"query-input":{"@type":"PropertyValueSpecification","valueRequired":true,"valueName":"search_term_string"}}],"inLanguage":"pl-PL"},{"@type":"Organization","@id":"https:\/\/pans.krosno.pl\/b\/#organization","name":"Budownictwo PANS w Kro\u015bnie","url":"https:\/\/pans.krosno.pl\/b\/","logo":{"@type":"ImageObject","inLanguage":"pl-PL","@id":"https:\/\/pans.krosno.pl\/b\/#\/schema\/logo\/image\/","url":"https:\/\/pans.krosno.pl\/b\/wp-content\/uploads\/sites\/21\/2023\/01\/Logo-PANS-2022-pelne.png","contentUrl":"https:\/\/pans.krosno.pl\/b\/wp-content\/uploads\/sites\/21\/2023\/01\/Logo-PANS-2022-pelne.png","width":3096,"height":696,"caption":"Budownictwo PANS w Kro\u015bnie"},"image":{"@id":"https:\/\/pans.krosno.pl\/b\/#\/schema\/logo\/image\/"}}]}},"_links":{"self":[{"href":"https:\/\/pans.krosno.pl\/b\/wp-json\/wp\/v2\/pages\/142","targetHints":{"allow":["GET"]}}],"collection":[{"href":"https:\/\/pans.krosno.pl\/b\/wp-json\/wp\/v2\/pages"}],"about":[{"href":"https:\/\/pans.krosno.pl\/b\/wp-json\/wp\/v2\/types\/page"}],"author":[{"embeddable":true,"href":"https:\/\/pans.krosno.pl\/b\/wp-json\/wp\/v2\/users\/1"}],"replies":[{"embeddable":true,"href":"https:\/\/pans.krosno.pl\/b\/wp-json\/wp\/v2\/comments?post=142"}],"version-history":[{"count":124,"href":"https:\/\/pans.krosno.pl\/b\/wp-json\/wp\/v2\/pages\/142\/revisions"}],"predecessor-version":[{"id":1903,"href":"https:\/\/pans.krosno.pl\/b\/wp-json\/wp\/v2\/pages\/142\/revisions\/1903"}],"wp:attachment":[{"href":"https:\/\/pans.krosno.pl\/b\/wp-json\/wp\/v2\/media?parent=142"}],"curies":[{"name":"wp","href":"https:\/\/api.w.org\/{rel}","templated":true}]}}