{"id":2427,"date":"2021-06-17T12:48:45","date_gmt":"2021-06-17T10:48:45","guid":{"rendered":"https:\/\/pans.krosno.pl\/azs\/?page_id=2427"},"modified":"2021-06-18T09:14:17","modified_gmt":"2021-06-18T07:14:17","slug":"bieg-tropem-wilczym-aktualnosci","status":"publish","type":"page","link":"https:\/\/pans.krosno.pl\/azs\/bieg-tropem-wilczym\/bieg-tropem-wilczym-aktualnosci\/","title":{"rendered":"Bieg Tropem Wilczym &#8211; aktualno\u015bci"},"content":{"rendered":"\n<hr class=\"wp-block-separator\" \/>\n\n\n<ul class=\"wp-block-latest-posts__list has-dates wp-block-latest-posts\"><li><div class=\"wp-block-latest-posts__featured-image alignleft\"><img loading=\"lazy\" decoding=\"async\" width=\"150\" height=\"150\" src=\"https:\/\/pans.krosno.pl\/azs\/wp-content\/uploads\/sites\/47\/2023\/02\/Tropem-Wilczym-plakat-1-150x150.png\" class=\"attachment-thumbnail size-thumbnail wp-post-image\" alt=\"\" style=\"\" \/><\/div><a class=\"wp-block-latest-posts__post-title\" href=\"https:\/\/pans.krosno.pl\/azs\/iv-bieg-pamieci-zolnierzy-wykletych-tropem-wilczym\/\">IV Bieg Pami\u0119ci \u017bo\u0142nierzy Wykl\u0119tych \u201eTropem Wilczym\u201d<\/a><time datetime=\"2023-02-06T09:54:07+01:00\" class=\"wp-block-latest-posts__post-date\">6 lutego 2023<\/time><div class=\"wp-block-latest-posts__post-excerpt\">Przed Nami IV Bieg Pami\u0119ci \u017bo\u0142nierzy Wykl\u0119tych \u201eTropem Wilczym\u201d, kt\u00f3ry odb\u0119dzie si\u0119 ju\u017c 5 marca na Kro\u015bnie\u0144skim Rynku! Ka\u017cdy uczestnik, po uko\u0144czeniu Biegu otrzymuje okoliczno\u015bciowy medal i dyplom, kt\u00f3ry wydawany b\u0119dzie w biurze zawod\u00f3w po Biegu. Zawodnicy, kt\u00f3rzy zg\u0142osz\u0105 si\u0119 w terminie do 2 marca 2023 r. otrzymaj\u0105 koszulk\u0119 Biegu. ( Ilo\u015b\u0107 pakiet\u00f3w ograniczona 150 [\u2026] <div class=\"clear\"><\/div><a class=\"more_link clearfix\" href=\"https:\/\/pans.krosno.pl\/azs\/iv-bieg-pamieci-zolnierzy-wykletych-tropem-wilczym\/\" rel=\"nofollow\">Read More<\/a><\/div><\/li>\n<li><div class=\"wp-block-latest-posts__featured-image alignleft\"><img loading=\"lazy\" decoding=\"async\" width=\"150\" height=\"150\" src=\"https:\/\/pans.krosno.pl\/azs\/wp-content\/uploads\/sites\/47\/2022\/02\/cover_z_data-2-e1645520194882-150x150.png\" class=\"attachment-thumbnail size-thumbnail wp-post-image\" alt=\"\" style=\"\" \/><\/div><a class=\"wp-block-latest-posts__post-title\" href=\"https:\/\/pans.krosno.pl\/azs\/iii-bieg-pamieci-zolnierzy-wykletych-tropem-wilczym-2\/\">III Bieg Pami\u0119ci \u017bo\u0142nierzy Wykl\u0119tych \u201eTropem Wilczym\u201d<\/a><time datetime=\"2022-02-22T09:58:59+01:00\" class=\"wp-block-latest-posts__post-date\">22 lutego 2022<\/time><div class=\"wp-block-latest-posts__post-excerpt\">Przed Nami III Bieg Pami\u0119ci \u017bo\u0142nierzy Wykl\u0119tych \u201eTropem Wilczym\u201d, kt\u00f3ry odb\u0119dzie si\u0119 ju\u017c 6 marca na Kro\u015bnie\u0144skim Rynku! Zapiszcie si\u0119 i otrzymajcie pakiet startowy! Po uko\u0144czeniu Biegu otrzymuje si\u0119 medal, kt\u00f3ry mo\u017cna po\u0142\u0105czy\u0107 z medalami z wcze\u015bniejszych edycji Rejestracja na bieg: https:\/\/ankiety.pwsz.krosno.pl\/index.php?r=survey\/index&amp;sid=761866&amp;lang=pldo 3 marca 2022 roku. Op\u0142ata startowa w wysoko\u015bci 15 z\u0142 na konto: Karpacka [\u2026] <div class=\"clear\"><\/div><a class=\"more_link clearfix\" href=\"https:\/\/pans.krosno.pl\/azs\/iii-bieg-pamieci-zolnierzy-wykletych-tropem-wilczym-2\/\" rel=\"nofollow\">Read More<\/a><\/div><\/li>\n<li><div class=\"wp-block-latest-posts__featured-image alignleft\"><img loading=\"lazy\" decoding=\"async\" width=\"150\" height=\"150\" src=\"https:\/\/pans.krosno.pl\/azs\/wp-content\/uploads\/sites\/47\/2022\/02\/Bieg-Tropem-Wilczym-150x150.jpg\" class=\"attachment-thumbnail size-thumbnail wp-post-image\" alt=\"\" style=\"\" \/><\/div><a class=\"wp-block-latest-posts__post-title\" href=\"https:\/\/pans.krosno.pl\/azs\/iii-bieg-pamieci-zolnierzy-wykletych-tropem-wilczym\/\">III Bieg Pami\u0119ci \u017bo\u0142nierzy Wykl\u0119tych \u201eTropem Wilczym\u201d<\/a><time datetime=\"2022-02-11T13:08:55+01:00\" class=\"wp-block-latest-posts__post-date\">11 lutego 2022<\/time><div class=\"wp-block-latest-posts__post-excerpt\">Ju\u017c 6 marca o 10.30 na Kro\u015bnie\u0144skim Rynku odb\u0119dzie si\u0119 III Edycja organizowanego przez Karpack\u0105 Pa\u0144stwow\u0105 Uczelni\u0119 w Kro\u015bnie Biegu Pami\u0119ci \u017bo\u0142nierzy Niez\u0142omnych na symbolicznym dystansie 1963 metr\u00f3w. Rejestracja na bieg http:\/\/www.pans.krosno.pl\/zapisy\/bieg_tropem_wilczym do 3 marca 2022 roku. Op\u0142ata startowa w wysoko\u015bci 15 z\u0142 na konto: Karpacka Pa\u0144stwowa Uczelnia w Kro\u015bnie ul. Rynek 1, 38-400 Krosno. [\u2026] <div class=\"clear\"><\/div><a class=\"more_link clearfix\" href=\"https:\/\/pans.krosno.pl\/azs\/iii-bieg-pamieci-zolnierzy-wykletych-tropem-wilczym\/\" rel=\"nofollow\">Read More<\/a><\/div><\/li>\n<li><div class=\"wp-block-latest-posts__featured-image alignleft\"><img loading=\"lazy\" decoding=\"async\" width=\"150\" height=\"150\" src=\"https:\/\/pans.krosno.pl\/azs\/wp-content\/uploads\/sites\/47\/2021\/09\/242254183_4587195067981831_8140646044716994610_n-150x150.jpg\" class=\"attachment-thumbnail size-thumbnail wp-post-image\" alt=\"\" style=\"\" \/><\/div><a class=\"wp-block-latest-posts__post-title\" href=\"https:\/\/pans.krosno.pl\/azs\/ii-bieg-pamieci-zolnierzy-wykletych-tropem-wilczym\/\">II Bieg Pami\u0119ci \u017bo\u0142nierzy Wykl\u0119tych \u201eTropem Wilczym\u201d<\/a><time datetime=\"2021-09-20T09:44:35+02:00\" class=\"wp-block-latest-posts__post-date\">20 wrze\u015bnia 2021<\/time><div class=\"wp-block-latest-posts__post-excerpt\">Karpacka Pa\u0144stwowa Uczelnia w Kro\u015bnie, w tym roku do\u0142\u0105czy\u0142a do IX edycji Biegu Tropem Wilczym organizuj\u0105c wraz z Klubem Uczelnianym Akademickiego Zwi\u0105zku Sportowego KPU Krosno, II Bieg Pami\u0119ci \u017bo\u0142nierzy Wykl\u0119tych \u201eTropem Wilczym\u201d. Bieg upami\u0119tnia \u017bo\u0142nierzy Niez\u0142omnych walcz\u0105cych w najwi\u0119kszym powstaniu antykomunistycznym w powojennej Polsce. Jest okazj\u0105 do wspomnie\u0144 i wsp\u00f3lnego oddania szacunku Bohaterom. To w\u0142a\u015bnie [\u2026] <div class=\"clear\"><\/div><a class=\"more_link clearfix\" href=\"https:\/\/pans.krosno.pl\/azs\/ii-bieg-pamieci-zolnierzy-wykletych-tropem-wilczym\/\" rel=\"nofollow\">Read More<\/a><\/div><\/li>\n<li><div class=\"wp-block-latest-posts__featured-image alignleft\"><img loading=\"lazy\" decoding=\"async\" width=\"150\" height=\"150\" src=\"https:\/\/pans.krosno.pl\/azs\/wp-content\/uploads\/sites\/47\/2021\/07\/20210726_123206-150x150.jpg\" class=\"attachment-thumbnail size-thumbnail wp-post-image\" alt=\"\" style=\"\" \/><\/div><a class=\"wp-block-latest-posts__post-title\" href=\"https:\/\/pans.krosno.pl\/azs\/juz-niebawem\/\">Ju\u017c niebawem!<\/a><time datetime=\"2021-07-26T12:45:56+02:00\" class=\"wp-block-latest-posts__post-date\">26 lipca 2021<\/time><div class=\"wp-block-latest-posts__post-excerpt\">Przed Nami II Bieg Pami\u0119ci \u017bo\u0142nierzy Wykl\u0119tych \u201eTropem Wilczym\u201d, na kt\u00f3ry ju\u017c niebawem wystartuj\u0105 ZAPISY! \u015aled\u017acie na bie\u017c\u0105co stron\u0119 Biegu, zapiszcie si\u0119 i otrzymajcie pakiet startowy! \ud83d\ude09 Po uko\u0144czeniu Biegu otrzymuje si\u0119 medal, kt\u00f3ry mo\u017cna po\u0142\u0105czy\u0107 z medalem z wcze\u015bniejszej edycji \ud83d\ude42<\/div><\/li>\n<li><div class=\"wp-block-latest-posts__featured-image alignleft\"><img loading=\"lazy\" decoding=\"async\" width=\"134\" height=\"90\" src=\"https:\/\/pans.krosno.pl\/azs\/wp-content\/uploads\/sites\/47\/2021\/06\/knqa3J6iVpelk9VUl5bAu5WmvH2dkJqkbmBkXJpfZWeGolhmlQbieg-tropem-wilczym-2.jpg\" class=\"attachment-thumbnail size-thumbnail wp-post-image\" alt=\"\" style=\"\" \/><\/div><a class=\"wp-block-latest-posts__post-title\" href=\"https:\/\/pans.krosno.pl\/azs\/i-bieg-pamieci-zolnierzy-wykletych-tropem-wilczym\/\">I Bieg Pami\u0119ci \u017bo\u0142nierzy Wykl\u0119tych &#8222;Tropem Wilczym&#8221;<\/a><time datetime=\"2020-03-01T09:03:51+01:00\" class=\"wp-block-latest-posts__post-date\">1 marca 2020<\/time><div class=\"wp-block-latest-posts__post-excerpt\">W 2011 roku dzie\u0144 1 marca zosta\u0142 ustanowiony \u015bwi\u0119tem pa\u0144stwowym \u2013 Narodowym Dniem Pami\u0119ci \u201e\u017bo\u0142nierzy Wykl\u0119tych\u201d. Jest to \u015bwi\u0119to, honoruj\u0105ce i upami\u0119tniaj\u0105ce \u017co\u0142nierzy polskiego podziemia antykomunistycznego i antysowieckiego dzia\u0142aj\u0105cego w latach 1944 \u2013 1963 w obr\u0119bie przedwojennych granic RP. Pa\u0144stwowa Wy\u017csza Szko\u0142a Zawodowa im. Stanis\u0142awa Pigonia w Kro\u015bnie do\u0142\u0105cza do 10 ju\u017c edycji og\u00f3lnopolskiego projektu [\u2026] <div class=\"clear\"><\/div><a class=\"more_link clearfix\" href=\"https:\/\/pans.krosno.pl\/azs\/i-bieg-pamieci-zolnierzy-wykletych-tropem-wilczym\/\" rel=\"nofollow\">Read More<\/a><\/div><\/li>\n<li><div class=\"wp-block-latest-posts__featured-image alignleft\"><img loading=\"lazy\" decoding=\"async\" width=\"134\" height=\"90\" src=\"https:\/\/pans.krosno.pl\/azs\/wp-content\/uploads\/sites\/47\/2021\/06\/knqa3J6iVpelk9VXZWYpakiety.jpg\" class=\"attachment-thumbnail size-thumbnail wp-post-image\" alt=\"\" style=\"\" \/><\/div><a class=\"wp-block-latest-posts__post-title\" href=\"https:\/\/pans.krosno.pl\/azs\/pakiety-startowe\/\">Pakiety startowe<\/a><time datetime=\"2020-03-01T07:06:16+01:00\" class=\"wp-block-latest-posts__post-date\">1 marca 2020<\/time><div class=\"wp-block-latest-posts__post-excerpt\">I Bieg Pami\u0119ci \u017bo\u0142nierzy Wykl\u0119tych &#8222;Tropem Wilczym&#8221;&nbsp; Pakiety startowe, sk\u0142adaj\u0105ce si\u0119 m.in. z koszulki i opaski na r\u0119k\u0119, otrzymaj\u0105: wszyscy, kt\u00f3rzy w terminie zarejestrowali si\u0119 elektronicznie oraz dokonali op\u0142aty startowej za udzia\u0142 w bieguoraz&nbsp; 50 os\u00f3b, kt\u00f3re jako pierwsze zarejestruj\u0105 si\u0119 w biurze zawod\u00f3w&nbsp; w dniu biegu.&nbsp; Pami\u0105tkowe medale&nbsp;otrzyma pierwszych 120 os\u00f3b, kt\u00f3re uko\u0144cz\u0105 bieg.&nbsp;<\/div><\/li>\n<li><div class=\"wp-block-latest-posts__featured-image alignleft\"><img loading=\"lazy\" decoding=\"async\" width=\"134\" height=\"90\" src=\"https:\/\/pans.krosno.pl\/azs\/wp-content\/uploads\/sites\/47\/2021\/06\/knqa3J6iVpelk9VXZWYbieg-tropem-wilczym-2.jpg\" class=\"attachment-thumbnail size-thumbnail wp-post-image\" alt=\"\" style=\"\" \/><\/div><a class=\"wp-block-latest-posts__post-title\" href=\"https:\/\/pans.krosno.pl\/azs\/i-bieg-pamieci-zolnierzy-wykletych-tropem-wilczym-2\/\">I Bieg Pami\u0119ci \u017bo\u0142nierzy Wykl\u0119tych &#8221; Tropem Wilczym&#8221;<\/a><time datetime=\"2020-03-01T06:08:30+01:00\" class=\"wp-block-latest-posts__post-date\">1 marca 2020<\/time><div class=\"wp-block-latest-posts__post-excerpt\">Pa\u0144stwowa Wy\u017csza Szko\u0142a Zawodowa im. Stanis\u0142awa Pigonia w Kro\u015bnie do\u0142\u0105czy&nbsp;w 2020 roku do kolejnej ju\u017c edycji og\u00f3lnopolskiego projektu uczczenia Pami\u0119ci \u017bo\u0142nierzy Wykl\u0119tych. Szczeg\u00f3\u0142y dotycz\u0105ce og\u00f3lnopolskiej idei dost\u0119pne s\u0105 na stronie:&nbsp;Tropem Wilczym<\/div><\/li>\n<\/ul>","protected":false},"excerpt":{"rendered":"","protected":false},"author":27,"featured_media":0,"parent":2425,"menu_order":0,"comment_status":"closed","ping_status":"closed","template":"page-templates\/template-full-width.php","meta":{"ngg_post_thumbnail":0,"footnotes":""},"class_list":["post-2427","page","type-page","status-publish","hentry"],"yoast_head":"<!-- This site is optimized with the Yoast SEO Premium plugin v27.4 (Yoast SEO v27.4) - https:\/\/yoast.com\/product\/yoast-seo-premium-wordpress\/ -->\n<title>Bieg Tropem Wilczym - aktualno\u015bci - Sport, turystyka, AZS PANS w Kro\u015bnie<\/title>\n<meta name=\"robots\" content=\"index, follow, max-snippet:-1, max-image-preview:large, max-video-preview:-1\" \/>\n<link rel=\"canonical\" href=\"https:\/\/pans.krosno.pl\/azs\/bieg-tropem-wilczym\/bieg-tropem-wilczym-aktualnosci\/\" \/>\n<meta property=\"og:locale\" content=\"pl_PL\" \/>\n<meta property=\"og:type\" content=\"article\" \/>\n<meta property=\"og:title\" content=\"Bieg Tropem Wilczym - aktualno\u015bci\" \/>\n<meta property=\"og:url\" content=\"https:\/\/pans.krosno.pl\/azs\/bieg-tropem-wilczym\/bieg-tropem-wilczym-aktualnosci\/\" \/>\n<meta property=\"og:site_name\" content=\"Sport, turystyka, AZS PANS w Kro\u015bnie\" \/>\n<meta property=\"article:modified_time\" content=\"2021-06-18T07:14:17+00:00\" \/>\n<meta name=\"twitter:card\" content=\"summary_large_image\" \/>\n<script type=\"application\/ld+json\" class=\"yoast-schema-graph\">{\"@context\":\"https:\\\/\\\/schema.org\",\"@graph\":[{\"@type\":\"WebPage\",\"@id\":\"https:\\\/\\\/pans.krosno.pl\\\/azs\\\/bieg-tropem-wilczym\\\/bieg-tropem-wilczym-aktualnosci\\\/\",\"url\":\"https:\\\/\\\/pans.krosno.pl\\\/azs\\\/bieg-tropem-wilczym\\\/bieg-tropem-wilczym-aktualnosci\\\/\",\"name\":\"Bieg Tropem Wilczym - aktualno\u015bci - Sport, turystyka, AZS PANS w Kro\u015bnie\",\"isPartOf\":{\"@id\":\"https:\\\/\\\/pans.krosno.pl\\\/azs\\\/#website\"},\"datePublished\":\"2021-06-17T10:48:45+00:00\",\"dateModified\":\"2021-06-18T07:14:17+00:00\",\"breadcrumb\":{\"@id\":\"https:\\\/\\\/pans.krosno.pl\\\/azs\\\/bieg-tropem-wilczym\\\/bieg-tropem-wilczym-aktualnosci\\\/#breadcrumb\"},\"inLanguage\":\"pl-PL\",\"potentialAction\":[{\"@type\":\"ReadAction\",\"target\":[\"https:\\\/\\\/pans.krosno.pl\\\/azs\\\/bieg-tropem-wilczym\\\/bieg-tropem-wilczym-aktualnosci\\\/\"]}]},{\"@type\":\"BreadcrumbList\",\"@id\":\"https:\\\/\\\/pans.krosno.pl\\\/azs\\\/bieg-tropem-wilczym\\\/bieg-tropem-wilczym-aktualnosci\\\/#breadcrumb\",\"itemListElement\":[{\"@type\":\"ListItem\",\"position\":1,\"name\":\"Strona g\u0142\u00f3wna\",\"item\":\"https:\\\/\\\/pans.krosno.pl\\\/azs\\\/\"},{\"@type\":\"ListItem\",\"position\":2,\"name\":\"Bieg Tropem Wilczym\",\"item\":\"https:\\\/\\\/pans.krosno.pl\\\/azs\\\/bieg-tropem-wilczym\\\/\"},{\"@type\":\"ListItem\",\"position\":3,\"name\":\"Bieg Tropem Wilczym &#8211; aktualno\u015bci\"}]},{\"@type\":\"WebSite\",\"@id\":\"https:\\\/\\\/pans.krosno.pl\\\/azs\\\/#website\",\"url\":\"https:\\\/\\\/pans.krosno.pl\\\/azs\\\/\",\"name\":\"Sport, turystyka, AZS PANS w Kro\u015bnie\",\"description\":\"Sport, turystyka, AZS PANS - Pa\u0144stwowa Akademia Nauk Stosowanych\",\"publisher\":{\"@id\":\"https:\\\/\\\/pans.krosno.pl\\\/azs\\\/#organization\"},\"potentialAction\":[{\"@type\":\"SearchAction\",\"target\":{\"@type\":\"EntryPoint\",\"urlTemplate\":\"https:\\\/\\\/pans.krosno.pl\\\/azs\\\/?s={search_term_string}\"},\"query-input\":{\"@type\":\"PropertyValueSpecification\",\"valueRequired\":true,\"valueName\":\"search_term_string\"}}],\"inLanguage\":\"pl-PL\"},{\"@type\":\"Organization\",\"@id\":\"https:\\\/\\\/pans.krosno.pl\\\/azs\\\/#organization\",\"name\":\"Sport, turystyka, AZS PANS w Kro\u015bnie\",\"url\":\"https:\\\/\\\/pans.krosno.pl\\\/azs\\\/\",\"logo\":{\"@type\":\"ImageObject\",\"inLanguage\":\"pl-PL\",\"@id\":\"https:\\\/\\\/pans.krosno.pl\\\/azs\\\/#\\\/schema\\\/logo\\\/image\\\/\",\"url\":\"https:\\\/\\\/pans.krosno.pl\\\/azs\\\/wp-content\\\/uploads\\\/sites\\\/47\\\/2023\\\/01\\\/Logo-PANS-2022-pelne.png\",\"contentUrl\":\"https:\\\/\\\/pans.krosno.pl\\\/azs\\\/wp-content\\\/uploads\\\/sites\\\/47\\\/2023\\\/01\\\/Logo-PANS-2022-pelne.png\",\"width\":3096,\"height\":696,\"caption\":\"Sport, turystyka, AZS PANS w Kro\u015bnie\"},\"image\":{\"@id\":\"https:\\\/\\\/pans.krosno.pl\\\/azs\\\/#\\\/schema\\\/logo\\\/image\\\/\"}}]}<\/script>\n<!-- \/ Yoast SEO Premium plugin. -->","yoast_head_json":{"title":"Bieg Tropem Wilczym - aktualno\u015bci - Sport, turystyka, AZS PANS w Kro\u015bnie","robots":{"index":"index","follow":"follow","max-snippet":"max-snippet:-1","max-image-preview":"max-image-preview:large","max-video-preview":"max-video-preview:-1"},"canonical":"https:\/\/pans.krosno.pl\/azs\/bieg-tropem-wilczym\/bieg-tropem-wilczym-aktualnosci\/","og_locale":"pl_PL","og_type":"article","og_title":"Bieg Tropem Wilczym - aktualno\u015bci","og_url":"https:\/\/pans.krosno.pl\/azs\/bieg-tropem-wilczym\/bieg-tropem-wilczym-aktualnosci\/","og_site_name":"Sport, turystyka, AZS PANS w Kro\u015bnie","article_modified_time":"2021-06-18T07:14:17+00:00","twitter_card":"summary_large_image","schema":{"@context":"https:\/\/schema.org","@graph":[{"@type":"WebPage","@id":"https:\/\/pans.krosno.pl\/azs\/bieg-tropem-wilczym\/bieg-tropem-wilczym-aktualnosci\/","url":"https:\/\/pans.krosno.pl\/azs\/bieg-tropem-wilczym\/bieg-tropem-wilczym-aktualnosci\/","name":"Bieg Tropem Wilczym - aktualno\u015bci - Sport, turystyka, AZS PANS w Kro\u015bnie","isPartOf":{"@id":"https:\/\/pans.krosno.pl\/azs\/#website"},"datePublished":"2021-06-17T10:48:45+00:00","dateModified":"2021-06-18T07:14:17+00:00","breadcrumb":{"@id":"https:\/\/pans.krosno.pl\/azs\/bieg-tropem-wilczym\/bieg-tropem-wilczym-aktualnosci\/#breadcrumb"},"inLanguage":"pl-PL","potentialAction":[{"@type":"ReadAction","target":["https:\/\/pans.krosno.pl\/azs\/bieg-tropem-wilczym\/bieg-tropem-wilczym-aktualnosci\/"]}]},{"@type":"BreadcrumbList","@id":"https:\/\/pans.krosno.pl\/azs\/bieg-tropem-wilczym\/bieg-tropem-wilczym-aktualnosci\/#breadcrumb","itemListElement":[{"@type":"ListItem","position":1,"name":"Strona g\u0142\u00f3wna","item":"https:\/\/pans.krosno.pl\/azs\/"},{"@type":"ListItem","position":2,"name":"Bieg Tropem Wilczym","item":"https:\/\/pans.krosno.pl\/azs\/bieg-tropem-wilczym\/"},{"@type":"ListItem","position":3,"name":"Bieg Tropem Wilczym &#8211; aktualno\u015bci"}]},{"@type":"WebSite","@id":"https:\/\/pans.krosno.pl\/azs\/#website","url":"https:\/\/pans.krosno.pl\/azs\/","name":"Sport, turystyka, AZS PANS w Kro\u015bnie","description":"Sport, turystyka, AZS PANS - Pa\u0144stwowa Akademia Nauk Stosowanych","publisher":{"@id":"https:\/\/pans.krosno.pl\/azs\/#organization"},"potentialAction":[{"@type":"SearchAction","target":{"@type":"EntryPoint","urlTemplate":"https:\/\/pans.krosno.pl\/azs\/?s={search_term_string}"},"query-input":{"@type":"PropertyValueSpecification","valueRequired":true,"valueName":"search_term_string"}}],"inLanguage":"pl-PL"},{"@type":"Organization","@id":"https:\/\/pans.krosno.pl\/azs\/#organization","name":"Sport, turystyka, AZS PANS w Kro\u015bnie","url":"https:\/\/pans.krosno.pl\/azs\/","logo":{"@type":"ImageObject","inLanguage":"pl-PL","@id":"https:\/\/pans.krosno.pl\/azs\/#\/schema\/logo\/image\/","url":"https:\/\/pans.krosno.pl\/azs\/wp-content\/uploads\/sites\/47\/2023\/01\/Logo-PANS-2022-pelne.png","contentUrl":"https:\/\/pans.krosno.pl\/azs\/wp-content\/uploads\/sites\/47\/2023\/01\/Logo-PANS-2022-pelne.png","width":3096,"height":696,"caption":"Sport, turystyka, AZS PANS w Kro\u015bnie"},"image":{"@id":"https:\/\/pans.krosno.pl\/azs\/#\/schema\/logo\/image\/"}}]}},"_links":{"self":[{"href":"https:\/\/pans.krosno.pl\/azs\/wp-json\/wp\/v2\/pages\/2427","targetHints":{"allow":["GET"]}}],"collection":[{"href":"https:\/\/pans.krosno.pl\/azs\/wp-json\/wp\/v2\/pages"}],"about":[{"href":"https:\/\/pans.krosno.pl\/azs\/wp-json\/wp\/v2\/types\/page"}],"author":[{"embeddable":true,"href":"https:\/\/pans.krosno.pl\/azs\/wp-json\/wp\/v2\/users\/27"}],"replies":[{"embeddable":true,"href":"https:\/\/pans.krosno.pl\/azs\/wp-json\/wp\/v2\/comments?post=2427"}],"version-history":[{"count":1,"href":"https:\/\/pans.krosno.pl\/azs\/wp-json\/wp\/v2\/pages\/2427\/revisions"}],"predecessor-version":[{"id":2429,"href":"https:\/\/pans.krosno.pl\/azs\/wp-json\/wp\/v2\/pages\/2427\/revisions\/2429"}],"up":[{"embeddable":true,"href":"https:\/\/pans.krosno.pl\/azs\/wp-json\/wp\/v2\/pages\/2425"}],"wp:attachment":[{"href":"https:\/\/pans.krosno.pl\/azs\/wp-json\/wp\/v2\/media?parent=2427"}],"curies":[{"name":"wp","href":"https:\/\/api.w.org\/{rel}","templated":true}]}}