{"id":128,"date":"2025-07-02T10:57:01","date_gmt":"2025-07-02T09:57:01","guid":{"rendered":"https:\/\/pans.krosno.pl\/5glab\/?page_id=128"},"modified":"2025-07-05T12:52:56","modified_gmt":"2025-07-05T11:52:56","slug":"aktualnosci","status":"publish","type":"page","link":"https:\/\/pans.krosno.pl\/5glab\/aktualnosci\/","title":{"rendered":"Aktualno\u015bci"},"content":{"rendered":"<ul class=\"wp-block-latest-posts__list has-dates wp-block-latest-posts\"><li><div class=\"wp-block-latest-posts__featured-image alignleft\"><img loading=\"lazy\" decoding=\"async\" width=\"150\" height=\"150\" src=\"https:\/\/pans.krosno.pl\/5glab\/wp-content\/uploads\/sites\/66\/2026\/01\/image-150x150.png\" class=\"attachment-thumbnail size-thumbnail wp-post-image\" alt=\"\" style=\"\" \/><\/div><a class=\"wp-block-latest-posts__post-title\" href=\"https:\/\/pans.krosno.pl\/5glab\/2026\/01\/26\/pans-krosno-zaprezentowal-mon-i-wat-gotowy-plan-pilotazu-uav-i-5g\/\">PANS Krosno zaprezentowa\u0142 MON i WAT gotowy plan pilota\u017cu UAV i 5G<\/a><time datetime=\"2026-01-26T19:00:00+00:00\" class=\"wp-block-latest-posts__post-date\">26 stycznia 2026<\/time><div class=\"wp-block-latest-posts__post-excerpt\">W Ministerstwie Obrony Narodowej odby\u0142o si\u0119 spotkanie robocze, podczas kt\u00f3rego zesp\u00f3\u0142 Pa\u0144stwowej Akademii Nauk Stosowanych w Kro\u015bnie (PANS), reprezentowany przez JM Rektora dra hab. Zbigniewa Barabasza, prof. PANS, Dyrektora Instytutu Politechnicznego dra in\u017c. Piotra Waisa oraz mgra in\u017c. Daniela Bia\u0142ego \u2013 badacza w Laboratorium Sieci i Us\u0142ug 5G \u2013 zaprezentowa\u0142 w\u0142asny, gotowy plan pilota\u017cu technologii [\u2026] <div class=\"clear\"><\/div><a class=\"more_link clearfix\" href=\"https:\/\/pans.krosno.pl\/5glab\/2026\/01\/26\/pans-krosno-zaprezentowal-mon-i-wat-gotowy-plan-pilotazu-uav-i-5g\/\" rel=\"nofollow\">Read More<\/a><\/div><\/li>\n<li><div class=\"wp-block-latest-posts__featured-image alignleft\"><img loading=\"lazy\" decoding=\"async\" width=\"150\" height=\"150\" src=\"https:\/\/pans.krosno.pl\/5glab\/wp-content\/uploads\/sites\/66\/2026\/01\/image-1-150x150.png\" class=\"attachment-thumbnail size-thumbnail wp-post-image\" alt=\"\" style=\"\" \/><\/div><a class=\"wp-block-latest-posts__post-title\" href=\"https:\/\/pans.krosno.pl\/5glab\/2025\/12\/08\/pans-krosno-i-ekolot-aerospace-defence-zaciesniaja-wspolprace-podpisano-ramowa-umowe-o-partnerstwie\/\">PANS Krosno i Ekolot Aerospace &amp; Defence zacie\u015bniaj\u0105 wsp\u00f3\u0142prac\u0119. Podpisano ramow\u0105 umow\u0119 o partnerstwie<\/a><time datetime=\"2025-12-08T19:00:00+00:00\" class=\"wp-block-latest-posts__post-date\">8 grudnia 2025<\/time><div class=\"wp-block-latest-posts__post-excerpt\">Pa\u0144stwowa Akademia Nauk Stosowanych w Kro\u015bnie oraz firma\u00a0Ekolot Aerospace &amp; Defence\u00a0podpisa\u0142y ramow\u0105 umow\u0119 o wsp\u00f3\u0142pracy, obejmuj\u0105c\u0105 wsp\u00f3lne dzia\u0142ania w obszarze nowoczesnych technologii lotniczych, dronowych oraz system\u00f3w \u0142\u0105czno\u015bci i sztucznej inteligencji. Wsp\u00f3\u0142praca mi\u0119dzy obiema instytucjami rozpocz\u0119\u0142a si\u0119 jeszcze zanim podpisano dokument. Ju\u017c wcze\u015bniej PANS aktywnie wspiera\u0142a Ekolot w poszukiwaniu wykwalifikowanych pracownik\u00f3w w\u015br\u00f3d obecnych oraz by\u0142ych student\u00f3w [\u2026] <div class=\"clear\"><\/div><a class=\"more_link clearfix\" href=\"https:\/\/pans.krosno.pl\/5glab\/2025\/12\/08\/pans-krosno-i-ekolot-aerospace-defence-zaciesniaja-wspolprace-podpisano-ramowa-umowe-o-partnerstwie\/\" rel=\"nofollow\">Read More<\/a><\/div><\/li>\n<li><div class=\"wp-block-latest-posts__featured-image alignleft\"><img loading=\"lazy\" decoding=\"async\" width=\"150\" height=\"150\" src=\"https:\/\/pans.krosno.pl\/5glab\/wp-content\/uploads\/sites\/66\/2025\/09\/20250826_110041-150x150.jpg\" class=\"attachment-thumbnail size-thumbnail wp-post-image\" alt=\"\" style=\"\" \/><\/div><a class=\"wp-block-latest-posts__post-title\" href=\"https:\/\/pans.krosno.pl\/5glab\/2025\/08\/26\/wizyta-studentow-z-universitea-din-oradea\/\">Wizyta student\u00f3w z\u00a0Universitea din Oradea oraz Pavol Jozef \u0160af\u00e1rik University<\/a><time datetime=\"2025-08-26T18:00:00+01:00\" class=\"wp-block-latest-posts__post-date\">26 sierpnia 2025<\/time><div class=\"wp-block-latest-posts__post-excerpt\">W dniu 26.08.2025 w naszym Laboratorium Sieci i Us\u0142ug 5G go\u015bcili studenci ze S\u0142owacji \ud83c\uddf8\ud83c\uddf0 i Rumunii \ud83c\uddf7\ud83c\uddf4. Studenci Universitea din Oradea i Pavol Jozef \u0160af\u00e1rik University odwiedzili Pa\u0144stwow\u0105 Akademi\u0119 Nauk Stosowanych w ramach uczestnictwa w pierwszym Mieszanym Programie Intensywnym w Pa\u0144stwowej Akademii Nauk Stosowanych w Kro\u015bnie organizowanym przez Zak\u0142ad Wychowania Fizycznego. Grupa s\u0142uchaczy sk\u0142ada\u0142a [\u2026] <div class=\"clear\"><\/div><a class=\"more_link clearfix\" href=\"https:\/\/pans.krosno.pl\/5glab\/2025\/08\/26\/wizyta-studentow-z-universitea-din-oradea\/\" rel=\"nofollow\">Read More<\/a><\/div><\/li>\n<li><div class=\"wp-block-latest-posts__featured-image alignleft\"><img loading=\"lazy\" decoding=\"async\" width=\"150\" height=\"150\" src=\"https:\/\/pans.krosno.pl\/5glab\/wp-content\/uploads\/sites\/66\/2025\/07\/506793311_1339153014884070_1372050260726397482_n-1024x683-1-150x150.jpg\" class=\"attachment-thumbnail size-thumbnail wp-post-image\" alt=\"\" style=\"\" \/><\/div><a class=\"wp-block-latest-posts__post-title\" href=\"https:\/\/pans.krosno.pl\/5glab\/2025\/06\/13\/przedstawiciele-podkarpackiego-centrum-innowacji-z-wizyta-w-laboratorium-pans-5g-lab\/\">Przedstawiciele Podkarpackiego Centrum Innowacji z wizyt\u0105 w laboratorium PANS 5G LAB<\/a><time datetime=\"2025-06-13T15:00:49+01:00\" class=\"wp-block-latest-posts__post-date\">13 czerwca 2025<\/time><div class=\"wp-block-latest-posts__post-excerpt\">12 czerwca nasze laboratorium PANS 5G LAB mia\u0142o zaszczyt go\u015bci\u0107 przedstawicieli Podkarpackiej Sieci Laboratori\u00f3w Badawczych i Wzorcuj\u0105cych, dzia\u0142aj\u0105cej w ramach Podkarpackiego Centrum Innowacji. Wizyta studyjna zgromadzi\u0142a ekspert\u00f3w i reprezentant\u00f3w instytucji naukowych, w tym z laboratorium wzorcuj\u0105cego Tabor D\u0119bica, Pa\u0144stwowej Akademii Nauk Stosowanych w Jaros\u0142awiu, Uniwersytetu Rzeszowskiego oraz Politechniki Rzeszowskiej. Podczas spotkania zaprezentowali\u015bmy nowoczesn\u0105 infrastruktur\u0119 PANS [\u2026] <div class=\"clear\"><\/div><a class=\"more_link clearfix\" href=\"https:\/\/pans.krosno.pl\/5glab\/2025\/06\/13\/przedstawiciele-podkarpackiego-centrum-innowacji-z-wizyta-w-laboratorium-pans-5g-lab\/\" rel=\"nofollow\">Read More<\/a><\/div><\/li>\n<li><div class=\"wp-block-latest-posts__featured-image alignleft\"><img loading=\"lazy\" decoding=\"async\" width=\"150\" height=\"150\" src=\"https:\/\/pans.krosno.pl\/5glab\/wp-content\/uploads\/sites\/66\/2025\/09\/DSCF9143-150x150.jpg\" class=\"attachment-thumbnail size-thumbnail wp-post-image\" alt=\"\" style=\"\" \/><\/div><a class=\"wp-block-latest-posts__post-title\" href=\"https:\/\/pans.krosno.pl\/5glab\/2025\/06\/11\/wizyta-prof-marka-gzika-wiceministra-nauki-i-szkolnictwa-wyzszego-w-pans-w-krosnie\/\">Wizyta prof. Marka Gzika Wiceministra Nauki i Szkolnictwa Wy\u017cszego w PANS w Kro\u015bnie<\/a><time datetime=\"2025-06-11T18:00:00+01:00\" class=\"wp-block-latest-posts__post-date\">11 czerwca 2025<\/time><div class=\"wp-block-latest-posts__post-excerpt\">Pa\u0144stwowa Akademia Nauk Stosowanych w Kro\u015bnie mia\u0142a zaszczyt go\u015bci\u0107 prof. dr. hab. in\u017c. Marka Gzika, Wiceministra Nauki i Szkolnictwa Wy\u017cszego oraz Pani\u0105 Joann\u0119 Frydrych Pos\u0142ank\u0119 na Sejm RP, w ramach og\u00f3lnopolskiego cyklu spotka\u0144 pn.&nbsp;\u201ePorozmawiajmy o polskiej nauce\u201d. By\u0142o to ju\u017c trzynaste wydarzenie w ramach tej inicjatywy, a zarazem pierwsze zorganizowane na uczelni zawodowej. W spotkaniu, [\u2026] <div class=\"clear\"><\/div><a class=\"more_link clearfix\" href=\"https:\/\/pans.krosno.pl\/5glab\/2025\/06\/11\/wizyta-prof-marka-gzika-wiceministra-nauki-i-szkolnictwa-wyzszego-w-pans-w-krosnie\/\" rel=\"nofollow\">Read More<\/a><\/div><\/li>\n<li><div class=\"wp-block-latest-posts__featured-image alignleft\"><img loading=\"lazy\" decoding=\"async\" width=\"150\" height=\"150\" src=\"https:\/\/pans.krosno.pl\/5glab\/wp-content\/uploads\/sites\/66\/2025\/08\/DSCF3469-scaled-1-150x150.jpg\" class=\"attachment-thumbnail size-thumbnail wp-post-image\" alt=\"\" style=\"\" \/><\/div><a class=\"wp-block-latest-posts__post-title\" href=\"https:\/\/pans.krosno.pl\/5glab\/2025\/04\/17\/wizyta-ministra-andrzeja-szeptyckiego-w-pans-w-krosnie\/\">Wizyta Ministra Andrzeja Szeptyckiego w PANS w Kro\u015bnie<\/a><time datetime=\"2025-04-17T13:30:00+01:00\" class=\"wp-block-latest-posts__post-date\">17 kwietnia 2025<\/time><div class=\"wp-block-latest-posts__post-excerpt\">17 kwietnia 2025 roku&nbsp;Profesor dr hab. Andrzej Szeptycki \u2013 Wiceminister Nauki i Szkolnictwa Wy\u017cszego, odwiedzi\u0142 Pa\u0144stwow\u0105 Akademi\u0119 Nauk Stosowanych w Kro\u015bnie. Celem wizyty by\u0142o zaprezentowanie Pa\u0144stwowej Akademii Nauk Stosowanych w Kro\u015bnie jako wa\u017cnego o\u015brodka akademickiego w regionie, om\u00f3wienie perspektyw rozwoju Uczelni oraz dyskusja dotycz\u0105ca plan\u00f3w dalszej wsp\u00f3\u0142pracy z MNiSW.&nbsp;W trakcie wizyty Panu Ministrowi towarzyszy\u0142 Pan [\u2026] <div class=\"clear\"><\/div><a class=\"more_link clearfix\" href=\"https:\/\/pans.krosno.pl\/5glab\/2025\/04\/17\/wizyta-ministra-andrzeja-szeptyckiego-w-pans-w-krosnie\/\" rel=\"nofollow\">Read More<\/a><\/div><\/li>\n<li><div class=\"wp-block-latest-posts__featured-image alignleft\"><img loading=\"lazy\" decoding=\"async\" width=\"150\" height=\"150\" src=\"https:\/\/pans.krosno.pl\/5glab\/wp-content\/uploads\/sites\/66\/2025\/04\/biuletyn5g-150x150.jpg\" class=\"attachment-thumbnail size-thumbnail wp-post-image\" alt=\"\" style=\"\" \/><\/div><a class=\"wp-block-latest-posts__post-title\" href=\"https:\/\/pans.krosno.pl\/5glab\/2025\/04\/02\/nowoczesne-laboratoria-inzynierskie-w-pans-w-krosnie\/\">Nowoczesne laboratoria in\u017cynierskie w PANS w Kro\u015bnie<\/a><time datetime=\"2025-04-02T14:00:00+01:00\" class=\"wp-block-latest-posts__post-date\">2 kwietnia 2025<\/time><div class=\"wp-block-latest-posts__post-excerpt\">W pierwszym numerze Biuletynu Informacyjnego Podkarpackiej Okr\u0119gowej Izby In\u017cynier\u00f3w Budownictwa z 2025 r. ukaza\u0142 si\u0119 artyku\u0142 pt. \u201eNowoczesne laboratoria in\u017cynierskie w Pa\u0144stwowej Akademii Nauk Stosowanych w Kro\u015bnie\u201d. Autorami artyku\u0142u s\u0105 dr in\u017c. Tomasz Pytlowany \u2013 kierownik Zak\u0142adu Budownictwa i dr in\u017c. Bernadeta Rajchel \u2013 kierownik Zak\u0142adu In\u017cynierii Produkcji i \u015arodowiska. W artykule przedstawiono baz\u0119 laboratoryjn\u0105, [\u2026] <div class=\"clear\"><\/div><a class=\"more_link clearfix\" href=\"https:\/\/pans.krosno.pl\/5glab\/2025\/04\/02\/nowoczesne-laboratoria-inzynierskie-w-pans-w-krosnie\/\" rel=\"nofollow\">Read More<\/a><\/div><\/li>\n<li><div class=\"wp-block-latest-posts__featured-image alignleft\"><img loading=\"lazy\" decoding=\"async\" width=\"150\" height=\"150\" src=\"https:\/\/pans.krosno.pl\/5glab\/wp-content\/uploads\/sites\/66\/2025\/09\/Bez-nazwy-1-150x150.png\" class=\"attachment-thumbnail size-thumbnail wp-post-image\" alt=\"\" style=\"\" \/><\/div><a class=\"wp-block-latest-posts__post-title\" href=\"https:\/\/pans.krosno.pl\/5glab\/2025\/03\/19\/udzial-pans-w-krosnie-w-walnym-zgromadzeniu-klastra-technologii-kosmicznej\/\">Udzia\u0142 PANS w Kro\u015bnie w Walnym Zgromadzeniu Klastra Technologii Kosmicznej<\/a><time datetime=\"2025-03-19T19:00:00+00:00\" class=\"wp-block-latest-posts__post-date\">19 marca 2025<\/time><div class=\"wp-block-latest-posts__post-excerpt\">W dniu 18 marca 2025 r. odby\u0142o si\u0119 Walne Zgromadzenie Klastra Technologii Kosmicznych, podczas kt\u00f3rego Pa\u0144stwow\u0105 Akademi\u0119 Nauk Stosowanych w Kro\u015bnie reprezentowa\u0142a dr Agnieszka Wo\u017aniak, prorektor ds. rozwoju. Uczelnia jest cz\u0142onkiem Klastra Technologii Kosmicznych od roku 2021 roku. Klaster Technologii Kosmicznych to inicjatywa maj\u0105ca na celu integracj\u0119 i rozw\u00f3j polskiego sektora kosmicznego. Powsta\u0142 z inicjatywy [\u2026] <div class=\"clear\"><\/div><a class=\"more_link clearfix\" href=\"https:\/\/pans.krosno.pl\/5glab\/2025\/03\/19\/udzial-pans-w-krosnie-w-walnym-zgromadzeniu-klastra-technologii-kosmicznej\/\" rel=\"nofollow\">Read More<\/a><\/div><\/li>\n<\/ul>\n\n\n<p><\/p>\n","protected":false},"excerpt":{"rendered":"","protected":false},"author":100,"featured_media":0,"parent":0,"menu_order":0,"comment_status":"closed","ping_status":"closed","template":"page-templates\/template-full-width.php","meta":{"ngg_post_thumbnail":0,"footnotes":""},"class_list":["post-128","page","type-page","status-publish","hentry"],"yoast_head":"<!-- This site is optimized with the Yoast SEO Premium plugin v27.4 (Yoast SEO v27.4) - https:\/\/yoast.com\/product\/yoast-seo-premium-wordpress\/ -->\n<title>Aktualno\u015bci - 5glab<\/title>\n<meta name=\"robots\" content=\"index, follow, max-snippet:-1, max-image-preview:large, max-video-preview:-1\" \/>\n<link rel=\"canonical\" href=\"https:\/\/pans.krosno.pl\/5glab\/aktualnosci\/\" \/>\n<meta property=\"og:locale\" content=\"pl_PL\" \/>\n<meta property=\"og:type\" content=\"article\" \/>\n<meta property=\"og:title\" content=\"Aktualno\u015bci\" \/>\n<meta property=\"og:url\" content=\"https:\/\/pans.krosno.pl\/5glab\/aktualnosci\/\" \/>\n<meta property=\"og:site_name\" content=\"5glab\" \/>\n<meta property=\"article:publisher\" content=\"https:\/\/www.facebook.com\/StudiaKrosno\/\" \/>\n<meta property=\"article:modified_time\" content=\"2025-07-05T11:52:56+00:00\" \/>\n<meta name=\"twitter:card\" content=\"summary_large_image\" \/>\n<script type=\"application\/ld+json\" class=\"yoast-schema-graph\">{\"@context\":\"https:\\\/\\\/schema.org\",\"@graph\":[{\"@type\":\"WebPage\",\"@id\":\"https:\\\/\\\/pans.krosno.pl\\\/5glab\\\/aktualnosci\\\/\",\"url\":\"https:\\\/\\\/pans.krosno.pl\\\/5glab\\\/aktualnosci\\\/\",\"name\":\"Aktualno\u015bci - 5glab\",\"isPartOf\":{\"@id\":\"https:\\\/\\\/pans.krosno.pl\\\/5glab\\\/#website\"},\"datePublished\":\"2025-07-02T09:57:01+00:00\",\"dateModified\":\"2025-07-05T11:52:56+00:00\",\"breadcrumb\":{\"@id\":\"https:\\\/\\\/pans.krosno.pl\\\/5glab\\\/aktualnosci\\\/#breadcrumb\"},\"inLanguage\":\"pl-PL\",\"potentialAction\":[{\"@type\":\"ReadAction\",\"target\":[\"https:\\\/\\\/pans.krosno.pl\\\/5glab\\\/aktualnosci\\\/\"]}]},{\"@type\":\"BreadcrumbList\",\"@id\":\"https:\\\/\\\/pans.krosno.pl\\\/5glab\\\/aktualnosci\\\/#breadcrumb\",\"itemListElement\":[{\"@type\":\"ListItem\",\"position\":1,\"name\":\"Strona g\u0142\u00f3wna\",\"item\":\"https:\\\/\\\/pans.krosno.pl\\\/5glab\\\/\"},{\"@type\":\"ListItem\",\"position\":2,\"name\":\"Aktualno\u015bci\"}]},{\"@type\":\"WebSite\",\"@id\":\"https:\\\/\\\/pans.krosno.pl\\\/5glab\\\/#website\",\"url\":\"https:\\\/\\\/pans.krosno.pl\\\/5glab\\\/\",\"name\":\"PANS w Kro\u015bnie\",\"description\":\"\",\"publisher\":{\"@id\":\"https:\\\/\\\/pans.krosno.pl\\\/5glab\\\/#organization\"},\"alternateName\":\"PANS Krosno\",\"potentialAction\":[{\"@type\":\"SearchAction\",\"target\":{\"@type\":\"EntryPoint\",\"urlTemplate\":\"https:\\\/\\\/pans.krosno.pl\\\/5glab\\\/?s={search_term_string}\"},\"query-input\":{\"@type\":\"PropertyValueSpecification\",\"valueRequired\":true,\"valueName\":\"search_term_string\"}}],\"inLanguage\":\"pl-PL\"},{\"@type\":\"Organization\",\"@id\":\"https:\\\/\\\/pans.krosno.pl\\\/5glab\\\/#organization\",\"name\":\"Pa\u0144stwowa Akademia Nauk Stosowanych w Kro\u015bnie\",\"alternateName\":\"PANS Krosno\",\"url\":\"https:\\\/\\\/pans.krosno.pl\\\/5glab\\\/\",\"logo\":{\"@type\":\"ImageObject\",\"inLanguage\":\"pl-PL\",\"@id\":\"https:\\\/\\\/pans.krosno.pl\\\/5glab\\\/#\\\/schema\\\/logo\\\/image\\\/\",\"url\":\"https:\\\/\\\/pans.krosno.pl\\\/wp-content\\\/uploads\\\/2023\\\/01\\\/Logo-PANS-2022-pelne-2-scaled.jpg\",\"contentUrl\":\"https:\\\/\\\/pans.krosno.pl\\\/wp-content\\\/uploads\\\/2023\\\/01\\\/Logo-PANS-2022-pelne-2-scaled.jpg\",\"width\":2560,\"height\":576,\"caption\":\"Pa\u0144stwowa Akademia Nauk Stosowanych w Kro\u015bnie\"},\"image\":{\"@id\":\"https:\\\/\\\/pans.krosno.pl\\\/5glab\\\/#\\\/schema\\\/logo\\\/image\\\/\"},\"sameAs\":[\"https:\\\/\\\/www.facebook.com\\\/StudiaKrosno\\\/\",\"https:\\\/\\\/www.instagram.com\\\/pans.krosno\\\/\",\"https:\\\/\\\/pl.linkedin.com\\\/company\\\/pwsz-krosno\",\"https:\\\/\\\/www.youtube.com\\\/user\\\/pwszkrosno\\\/\",\"https:\\\/\\\/pl.wikipedia.org\\\/wiki\\\/Pa\u0144stwowa_Wy\u017csza_Szko\u0142a_Zawodowa_im._Stanis\u0142awa_Pigonia_w_Kro\u015bnie\"]}]}<\/script>\n<!-- \/ Yoast SEO Premium plugin. -->","yoast_head_json":{"title":"Aktualno\u015bci - 5glab","robots":{"index":"index","follow":"follow","max-snippet":"max-snippet:-1","max-image-preview":"max-image-preview:large","max-video-preview":"max-video-preview:-1"},"canonical":"https:\/\/pans.krosno.pl\/5glab\/aktualnosci\/","og_locale":"pl_PL","og_type":"article","og_title":"Aktualno\u015bci","og_url":"https:\/\/pans.krosno.pl\/5glab\/aktualnosci\/","og_site_name":"5glab","article_publisher":"https:\/\/www.facebook.com\/StudiaKrosno\/","article_modified_time":"2025-07-05T11:52:56+00:00","twitter_card":"summary_large_image","schema":{"@context":"https:\/\/schema.org","@graph":[{"@type":"WebPage","@id":"https:\/\/pans.krosno.pl\/5glab\/aktualnosci\/","url":"https:\/\/pans.krosno.pl\/5glab\/aktualnosci\/","name":"Aktualno\u015bci - 5glab","isPartOf":{"@id":"https:\/\/pans.krosno.pl\/5glab\/#website"},"datePublished":"2025-07-02T09:57:01+00:00","dateModified":"2025-07-05T11:52:56+00:00","breadcrumb":{"@id":"https:\/\/pans.krosno.pl\/5glab\/aktualnosci\/#breadcrumb"},"inLanguage":"pl-PL","potentialAction":[{"@type":"ReadAction","target":["https:\/\/pans.krosno.pl\/5glab\/aktualnosci\/"]}]},{"@type":"BreadcrumbList","@id":"https:\/\/pans.krosno.pl\/5glab\/aktualnosci\/#breadcrumb","itemListElement":[{"@type":"ListItem","position":1,"name":"Strona g\u0142\u00f3wna","item":"https:\/\/pans.krosno.pl\/5glab\/"},{"@type":"ListItem","position":2,"name":"Aktualno\u015bci"}]},{"@type":"WebSite","@id":"https:\/\/pans.krosno.pl\/5glab\/#website","url":"https:\/\/pans.krosno.pl\/5glab\/","name":"PANS w Kro\u015bnie","description":"","publisher":{"@id":"https:\/\/pans.krosno.pl\/5glab\/#organization"},"alternateName":"PANS Krosno","potentialAction":[{"@type":"SearchAction","target":{"@type":"EntryPoint","urlTemplate":"https:\/\/pans.krosno.pl\/5glab\/?s={search_term_string}"},"query-input":{"@type":"PropertyValueSpecification","valueRequired":true,"valueName":"search_term_string"}}],"inLanguage":"pl-PL"},{"@type":"Organization","@id":"https:\/\/pans.krosno.pl\/5glab\/#organization","name":"Pa\u0144stwowa Akademia Nauk Stosowanych w Kro\u015bnie","alternateName":"PANS Krosno","url":"https:\/\/pans.krosno.pl\/5glab\/","logo":{"@type":"ImageObject","inLanguage":"pl-PL","@id":"https:\/\/pans.krosno.pl\/5glab\/#\/schema\/logo\/image\/","url":"https:\/\/pans.krosno.pl\/wp-content\/uploads\/2023\/01\/Logo-PANS-2022-pelne-2-scaled.jpg","contentUrl":"https:\/\/pans.krosno.pl\/wp-content\/uploads\/2023\/01\/Logo-PANS-2022-pelne-2-scaled.jpg","width":2560,"height":576,"caption":"Pa\u0144stwowa Akademia Nauk Stosowanych w Kro\u015bnie"},"image":{"@id":"https:\/\/pans.krosno.pl\/5glab\/#\/schema\/logo\/image\/"},"sameAs":["https:\/\/www.facebook.com\/StudiaKrosno\/","https:\/\/www.instagram.com\/pans.krosno\/","https:\/\/pl.linkedin.com\/company\/pwsz-krosno","https:\/\/www.youtube.com\/user\/pwszkrosno\/","https:\/\/pl.wikipedia.org\/wiki\/Pa\u0144stwowa_Wy\u017csza_Szko\u0142a_Zawodowa_im._Stanis\u0142awa_Pigonia_w_Kro\u015bnie"]}]}},"_links":{"self":[{"href":"https:\/\/pans.krosno.pl\/5glab\/wp-json\/wp\/v2\/pages\/128","targetHints":{"allow":["GET"]}}],"collection":[{"href":"https:\/\/pans.krosno.pl\/5glab\/wp-json\/wp\/v2\/pages"}],"about":[{"href":"https:\/\/pans.krosno.pl\/5glab\/wp-json\/wp\/v2\/types\/page"}],"author":[{"embeddable":true,"href":"https:\/\/pans.krosno.pl\/5glab\/wp-json\/wp\/v2\/users\/100"}],"replies":[{"embeddable":true,"href":"https:\/\/pans.krosno.pl\/5glab\/wp-json\/wp\/v2\/comments?post=128"}],"version-history":[{"count":6,"href":"https:\/\/pans.krosno.pl\/5glab\/wp-json\/wp\/v2\/pages\/128\/revisions"}],"predecessor-version":[{"id":247,"href":"https:\/\/pans.krosno.pl\/5glab\/wp-json\/wp\/v2\/pages\/128\/revisions\/247"}],"wp:attachment":[{"href":"https:\/\/pans.krosno.pl\/5glab\/wp-json\/wp\/v2\/media?parent=128"}],"curies":[{"name":"wp","href":"https:\/\/api.w.org\/{rel}","templated":true}]}}